
{"id":194279,"date":"2026-04-30T15:01:29","date_gmt":"2026-04-30T15:01:29","guid":{"rendered":"https:\/\/www.santanyi.net\/property\/beautiful-rustic-home-on-the-outskirts-of-santanyi-with-touristic-license\/"},"modified":"2026-05-01T06:04:12","modified_gmt":"2026-05-01T06:04:12","slug":"beautiful-rustic-home-on-the-outskirts-of-santanyi-with-touristic-license-2","status":"publish","type":"property","link":"https:\/\/www.santanyi.net\/en\/property\/beautiful-rustic-home-on-the-outskirts-of-santanyi-with-touristic-license-2\/","title":{"rendered":"Beautiful rustic home on the outskirts of Santany\u00ed with touristic license"},"content":{"rendered":"<p>Located just a few minutes&#8217; walk from the charming old town of Santany\u00ed \u2014with its iconic market, restaurants and traditional stone architecture\u2014, this magnificent rustic finca represents an exceptional opportunity for those seeking privacy, authentic Mallorcan character and tourist rental returns in one of the most sought-after municipalities in the southeast of Mallorca.<\/p>\n<p>On the ground floor, the generous open-plan living and dining room is flooded with natural light, creating a warm and welcoming atmosphere perfect for long Mediterranean evenings. The fully equipped kitchen complements this space with everything needed to make every stay a truly effortless experience.<br \/>The property sits on a completely private plot of 3,550 m\u00b2, with a main house of 492 m\u00b2 spread over two floors that seamlessly blends the island&#8217;s traditional materials with modern comforts. Its 5 spacious double bedrooms and 4 full bathrooms can comfortably accommodate family, friends or tourist guests \u2014up to 8 people in accordance with the current ETV licence.<\/p>\n<p>The exterior is, without doubt, the soul of the finca. Spacious terraces, a covered porch with an outdoor dining area, sun loungers and a barbecue create an outdoor living space truly designed for relaxation and enjoyment in good company. All of this is set within a landscaped garden that frames a 10 x 4 m saltwater pool with hydromassage, ideal for the long, sun-drenched Mallorcan summers. The property also includes a garage for 2 vehicles and a separate storage room.<\/p>\n<p>In terms of infrastructure, the finca benefits from a legalised private well, oil-fired heating, air conditioning with heat pump in all rooms, and full connections for water, electricity and internet, ensuring comfort and self-sufficiency throughout the year.<\/p>\n<p>Santany\u00ed, just a few kilometres from the most exclusive coves in the southeast \u2014Cala Figuera, Cala Llombards, Mondrag\u00f3\u2014, offers a quality of life that is hard to match anywhere in Mallorca. This finca, with a valid ETV tourist licence for 8 guests, also represents a sound investment with guaranteed returns in an area of exceptionally high holiday demand.<\/p>\n","protected":false},"excerpt":{"rendered":"<p>Located just a few minutes&#8217; walk from the charming old town of Santany\u00ed \u2014with its iconic market, restaurants and traditional stone architecture\u2014, this magnificent rustic finca represents an exceptional opportunity for those seeking privacy, authentic Mallorcan character and tourist rental returns in one of the most sought-after municipalities in the southeast of Mallorca. On the [&hellip;]<\/p>\n","protected":false},"author":1,"featured_media":194275,"parent":0,"menu_order":0,"template":"","property_type":[2129],"property_status":[2100,2096],"property_feature":[],"property_label":[],"property_country":[],"property_state":[],"property_city":[635],"property_area":[636],"class_list":["post-194279","property","type-property","status-publish","has-post-thumbnail","hentry","property_type-casa-en","property_status-venta-en","property_status-venta","property_city-santanyi","property_area-santanyi"],"acf":[],"property_meta":{"_apg_property_user_edited":["1"],"fave_property_id":["DRAC-CR1498SB"],"fave_property_location":["39.353290313848,3.1219874352082,15"],"houzez_geolocation_lat":["39.353290313848"],"houzez_geolocation_long":["3.1219874352082"],"fave_property_price":["2200000"],"fave_property_rent_or_sale":["sale"],"fave_property_year":[null],"fave_property_size_prefix":["m2"],"fave_property_land_postfix":["m2"],"fave_property_size":["492"],"fave_property_land":["3550"],"fave_property_bedrooms":["5"],"fave_property_bathrooms":["4"],"fave_property_map_address":["Santany\u00ed, 07650 Santany\u00ed"],"fave_property_address":[" , Santany\u00ed 07650"],"fave_property_zip":["07650"],"fave_property_postal_code":["07650"],"fave_property_map":["1"],"apg_is_using_remote_image_url":["1"],"apg_using_remote_image_urls":["[{\"multimedia_type\":\"Picture\",\"picture_url\":\"https:\/\/fotos15.inmovilla.com\/12732\/24621038\/39-1.jpg\",\"position\":1,\"picture_id\":1,\"media_id\":143410,\"post_id\":194274,\"id\":1,\"attachment_id\":0,\"url\":\"https:\/\/fotos15.inmovilla.com\/12732\/24621038\/39-1.jpg\",\"basename\":\"39-1.jpg\",\"created_date\":\"2026-04-30 15:01:30\",\"is_downloaded\":0,\"is_using_remote\":0},{\"multimedia_type\":\"Picture\",\"picture_url\":\"https:\/\/fotos15.inmovilla.com\/12732\/24621038\/39-2.jpg\",\"position\":2,\"picture_id\":2,\"media_id\":143411,\"post_id\":194274,\"id\":2,\"attachment_id\":0,\"url\":\"https:\/\/fotos15.inmovilla.com\/12732\/24621038\/39-2.jpg\",\"basename\":\"39-2.jpg\",\"created_date\":\"2026-04-30 15:01:30\",\"is_downloaded\":0,\"is_using_remote\":1},{\"multimedia_type\":\"Picture\",\"picture_url\":\"https:\/\/fotos15.inmovilla.com\/12732\/24621038\/39-3.jpg\",\"position\":3,\"picture_id\":3,\"media_id\":143412,\"post_id\":194274,\"id\":3,\"attachment_id\":0,\"url\":\"https:\/\/fotos15.inmovilla.com\/12732\/24621038\/39-3.jpg\",\"basename\":\"39-3.jpg\",\"created_date\":\"2026-04-30 15:01:30\",\"is_downloaded\":0,\"is_using_remote\":1},{\"multimedia_type\":\"Picture\",\"picture_url\":\"https:\/\/fotos15.inmovilla.com\/12732\/24621038\/39-4.jpg\",\"position\":4,\"picture_id\":4,\"media_id\":143413,\"post_id\":194274,\"id\":4,\"attachment_id\":0,\"url\":\"https:\/\/fotos15.inmovilla.com\/12732\/24621038\/39-4.jpg\",\"basename\":\"39-4.jpg\",\"created_date\":\"2026-04-30 15:01:30\",\"is_downloaded\":0,\"is_using_remote\":1},{\"multimedia_type\":\"Picture\",\"picture_url\":\"https:\/\/fotos15.inmovilla.com\/12732\/24621038\/39-5.jpg\",\"position\":5,\"picture_id\":5,\"media_id\":143414,\"post_id\":194274,\"id\":5,\"attachment_id\":0,\"url\":\"https:\/\/fotos15.inmovilla.com\/12732\/24621038\/39-5.jpg\",\"basename\":\"39-5.jpg\",\"created_date\":\"2026-04-30 15:01:30\",\"is_downloaded\":0,\"is_using_remote\":1},{\"multimedia_type\":\"Picture\",\"picture_url\":\"https:\/\/fotos15.inmovilla.com\/12732\/24621038\/39-6.jpg\",\"position\":6,\"picture_id\":6,\"media_id\":143415,\"post_id\":194274,\"id\":6,\"attachment_id\":0,\"url\":\"https:\/\/fotos15.inmovilla.com\/12732\/24621038\/39-6.jpg\",\"basename\":\"39-6.jpg\",\"created_date\":\"2026-04-30 15:01:30\",\"is_downloaded\":0,\"is_using_remote\":1},{\"multimedia_type\":\"Picture\",\"picture_url\":\"https:\/\/fotos15.inmovilla.com\/12732\/24621038\/39-7.jpg\",\"position\":7,\"picture_id\":7,\"media_id\":143416,\"post_id\":194274,\"id\":7,\"attachment_id\":0,\"url\":\"https:\/\/fotos15.inmovilla.com\/12732\/24621038\/39-7.jpg\",\"basename\":\"39-7.jpg\",\"created_date\":\"2026-04-30 15:01:30\",\"is_downloaded\":0,\"is_using_remote\":1},{\"multimedia_type\":\"Picture\",\"picture_url\":\"https:\/\/fotos15.inmovilla.com\/12732\/24621038\/39-8.jpg\",\"position\":8,\"picture_id\":8,\"media_id\":143417,\"post_id\":194274,\"id\":8,\"attachment_id\":0,\"url\":\"https:\/\/fotos15.inmovilla.com\/12732\/24621038\/39-8.jpg\",\"basename\":\"39-8.jpg\",\"created_date\":\"2026-04-30 15:01:30\",\"is_downloaded\":0,\"is_using_remote\":1},{\"multimedia_type\":\"Picture\",\"picture_url\":\"https:\/\/fotos15.inmovilla.com\/12732\/24621038\/39-9.jpg\",\"position\":9,\"picture_id\":9,\"media_id\":143418,\"post_id\":194274,\"id\":9,\"attachment_id\":0,\"url\":\"https:\/\/fotos15.inmovilla.com\/12732\/24621038\/39-9.jpg\",\"basename\":\"39-9.jpg\",\"created_date\":\"2026-04-30 15:01:30\",\"is_downloaded\":0,\"is_using_remote\":1},{\"multimedia_type\":\"Picture\",\"picture_url\":\"https:\/\/fotos15.inmovilla.com\/12732\/24621038\/39-10.jpg\",\"position\":10,\"picture_id\":10,\"media_id\":143419,\"post_id\":194274,\"id\":10,\"attachment_id\":0,\"url\":\"https:\/\/fotos15.inmovilla.com\/12732\/24621038\/39-10.jpg\",\"basename\":\"39-10.jpg\",\"created_date\":\"2026-04-30 15:01:30\",\"is_downloaded\":0,\"is_using_remote\":1},{\"multimedia_type\":\"Picture\",\"picture_url\":\"https:\/\/fotos15.inmovilla.com\/12732\/24621038\/39-11.jpg\",\"position\":11,\"picture_id\":11,\"media_id\":143420,\"post_id\":194274,\"id\":11,\"attachment_id\":0,\"url\":\"https:\/\/fotos15.inmovilla.com\/12732\/24621038\/39-11.jpg\",\"basename\":\"39-11.jpg\",\"created_date\":\"2026-04-30 15:01:30\",\"is_downloaded\":0,\"is_using_remote\":1},{\"multimedia_type\":\"Picture\",\"picture_url\":\"https:\/\/fotos15.inmovilla.com\/12732\/24621038\/39-12.jpg\",\"position\":12,\"picture_id\":12,\"media_id\":143421,\"post_id\":194274,\"id\":12,\"attachment_id\":0,\"url\":\"https:\/\/fotos15.inmovilla.com\/12732\/24621038\/39-12.jpg\",\"basename\":\"39-12.jpg\",\"created_date\":\"2026-04-30 15:01:30\",\"is_downloaded\":0,\"is_using_remote\":1},{\"multimedia_type\":\"Picture\",\"picture_url\":\"https:\/\/fotos15.inmovilla.com\/12732\/24621038\/39-13.jpg\",\"position\":13,\"picture_id\":13,\"media_id\":143422,\"post_id\":194274,\"id\":13,\"attachment_id\":0,\"url\":\"https:\/\/fotos15.inmovilla.com\/12732\/24621038\/39-13.jpg\",\"basename\":\"39-13.jpg\",\"created_date\":\"2026-04-30 15:01:30\",\"is_downloaded\":0,\"is_using_remote\":1},{\"multimedia_type\":\"Picture\",\"picture_url\":\"https:\/\/fotos15.inmovilla.com\/12732\/24621038\/39-14.jpg\",\"position\":14,\"picture_id\":14,\"media_id\":143423,\"post_id\":194274,\"id\":14,\"attachment_id\":0,\"url\":\"https:\/\/fotos15.inmovilla.com\/12732\/24621038\/39-14.jpg\",\"basename\":\"39-14.jpg\",\"created_date\":\"2026-04-30 15:01:30\",\"is_downloaded\":0,\"is_using_remote\":1},{\"multimedia_type\":\"Picture\",\"picture_url\":\"https:\/\/fotos15.inmovilla.com\/12732\/24621038\/39-15.jpg\",\"position\":15,\"picture_id\":15,\"media_id\":143424,\"post_id\":194274,\"id\":15,\"attachment_id\":0,\"url\":\"https:\/\/fotos15.inmovilla.com\/12732\/24621038\/39-15.jpg\",\"basename\":\"39-15.jpg\",\"created_date\":\"2026-04-30 15:01:30\",\"is_downloaded\":0,\"is_using_remote\":1},{\"multimedia_type\":\"Picture\",\"picture_url\":\"https:\/\/fotos15.inmovilla.com\/12732\/24621038\/39-16.jpg\",\"position\":16,\"picture_id\":16,\"media_id\":143425,\"post_id\":194274,\"id\":16,\"attachment_id\":0,\"url\":\"https:\/\/fotos15.inmovilla.com\/12732\/24621038\/39-16.jpg\",\"basename\":\"39-16.jpg\",\"created_date\":\"2026-04-30 15:01:30\",\"is_downloaded\":0,\"is_using_remote\":1},{\"multimedia_type\":\"Picture\",\"picture_url\":\"https:\/\/fotos15.inmovilla.com\/12732\/24621038\/39-17.jpg\",\"position\":17,\"picture_id\":17,\"media_id\":143426,\"post_id\":194274,\"id\":17,\"attachment_id\":0,\"url\":\"https:\/\/fotos15.inmovilla.com\/12732\/24621038\/39-17.jpg\",\"basename\":\"39-17.jpg\",\"created_date\":\"2026-04-30 15:01:30\",\"is_downloaded\":0,\"is_using_remote\":1},{\"multimedia_type\":\"Picture\",\"picture_url\":\"https:\/\/fotos15.inmovilla.com\/12732\/24621038\/39-18.jpg\",\"position\":18,\"picture_id\":18,\"media_id\":143427,\"post_id\":194274,\"id\":18,\"attachment_id\":0,\"url\":\"https:\/\/fotos15.inmovilla.com\/12732\/24621038\/39-18.jpg\",\"basename\":\"39-18.jpg\",\"created_date\":\"2026-04-30 15:01:30\",\"is_downloaded\":0,\"is_using_remote\":1},{\"multimedia_type\":\"Picture\",\"picture_url\":\"https:\/\/fotos15.inmovilla.com\/12732\/24621038\/39-19.jpg\",\"position\":19,\"picture_id\":19,\"media_id\":143428,\"post_id\":194274,\"id\":19,\"attachment_id\":0,\"url\":\"https:\/\/fotos15.inmovilla.com\/12732\/24621038\/39-19.jpg\",\"basename\":\"39-19.jpg\",\"created_date\":\"2026-04-30 15:01:30\",\"is_downloaded\":0,\"is_using_remote\":1},{\"multimedia_type\":\"Picture\",\"picture_url\":\"https:\/\/fotos15.inmovilla.com\/12732\/24621038\/39-20.jpg\",\"position\":20,\"picture_id\":20,\"media_id\":143429,\"post_id\":194274,\"id\":20,\"attachment_id\":0,\"url\":\"https:\/\/fotos15.inmovilla.com\/12732\/24621038\/39-20.jpg\",\"basename\":\"39-20.jpg\",\"created_date\":\"2026-04-30 15:01:30\",\"is_downloaded\":0,\"is_using_remote\":1},{\"multimedia_type\":\"Picture\",\"picture_url\":\"https:\/\/fotos15.inmovilla.com\/12732\/24621038\/39-21.jpg\",\"position\":21,\"picture_id\":21,\"media_id\":143430,\"post_id\":194274,\"id\":21,\"attachment_id\":0,\"url\":\"https:\/\/fotos15.inmovilla.com\/12732\/24621038\/39-21.jpg\",\"basename\":\"39-21.jpg\",\"created_date\":\"2026-04-30 15:01:30\",\"is_downloaded\":0,\"is_using_remote\":1},{\"multimedia_type\":\"Picture\",\"picture_url\":\"https:\/\/fotos15.inmovilla.com\/12732\/24621038\/39-22.jpg\",\"position\":22,\"picture_id\":22,\"media_id\":143431,\"post_id\":194274,\"id\":22,\"attachment_id\":0,\"url\":\"https:\/\/fotos15.inmovilla.com\/12732\/24621038\/39-22.jpg\",\"basename\":\"39-22.jpg\",\"created_date\":\"2026-04-30 15:01:30\",\"is_downloaded\":0,\"is_using_remote\":1},{\"multimedia_type\":\"Picture\",\"picture_url\":\"https:\/\/fotos15.inmovilla.com\/12732\/24621038\/39-23.jpg\",\"position\":23,\"picture_id\":23,\"media_id\":143432,\"post_id\":194274,\"id\":23,\"attachment_id\":0,\"url\":\"https:\/\/fotos15.inmovilla.com\/12732\/24621038\/39-23.jpg\",\"basename\":\"39-23.jpg\",\"created_date\":\"2026-04-30 15:01:30\",\"is_downloaded\":0,\"is_using_remote\":1},{\"multimedia_type\":\"Picture\",\"picture_url\":\"https:\/\/fotos15.inmovilla.com\/12732\/24621038\/39-24.jpg\",\"position\":24,\"picture_id\":24,\"media_id\":143433,\"post_id\":194274,\"id\":24,\"attachment_id\":0,\"url\":\"https:\/\/fotos15.inmovilla.com\/12732\/24621038\/39-24.jpg\",\"basename\":\"39-24.jpg\",\"created_date\":\"2026-04-30 15:01:30\",\"is_downloaded\":0,\"is_using_remote\":1},{\"multimedia_type\":\"Picture\",\"picture_url\":\"https:\/\/fotos15.inmovilla.com\/12732\/24621038\/39-25.jpg\",\"position\":25,\"picture_id\":25,\"media_id\":143434,\"post_id\":194274,\"id\":25,\"attachment_id\":0,\"url\":\"https:\/\/fotos15.inmovilla.com\/12732\/24621038\/39-25.jpg\",\"basename\":\"39-25.jpg\",\"created_date\":\"2026-04-30 15:01:30\",\"is_downloaded\":0,\"is_using_remote\":1},{\"multimedia_type\":\"Picture\",\"picture_url\":\"https:\/\/fotos15.inmovilla.com\/12732\/24621038\/39-26.jpg\",\"position\":26,\"picture_id\":26,\"media_id\":143435,\"post_id\":194274,\"id\":26,\"attachment_id\":0,\"url\":\"https:\/\/fotos15.inmovilla.com\/12732\/24621038\/39-26.jpg\",\"basename\":\"39-26.jpg\",\"created_date\":\"2026-04-30 15:01:30\",\"is_downloaded\":0,\"is_using_remote\":1},{\"multimedia_type\":\"Picture\",\"picture_url\":\"https:\/\/fotos15.inmovilla.com\/12732\/24621038\/39-27.jpg\",\"position\":27,\"picture_id\":27,\"media_id\":143436,\"post_id\":194274,\"id\":27,\"attachment_id\":0,\"url\":\"https:\/\/fotos15.inmovilla.com\/12732\/24621038\/39-27.jpg\",\"basename\":\"39-27.jpg\",\"created_date\":\"2026-04-30 15:01:30\",\"is_downloaded\":0,\"is_using_remote\":1},{\"multimedia_type\":\"Picture\",\"picture_url\":\"https:\/\/fotos15.inmovilla.com\/12732\/24621038\/39-28.jpg\",\"position\":28,\"picture_id\":28,\"media_id\":143437,\"post_id\":194274,\"id\":28,\"attachment_id\":0,\"url\":\"https:\/\/fotos15.inmovilla.com\/12732\/24621038\/39-28.jpg\",\"basename\":\"39-28.jpg\",\"created_date\":\"2026-04-30 15:01:30\",\"is_downloaded\":0,\"is_using_remote\":1},{\"multimedia_type\":\"Picture\",\"picture_url\":\"https:\/\/fotos15.inmovilla.com\/12732\/24621038\/39-29.jpg\",\"position\":29,\"picture_id\":29,\"media_id\":143438,\"post_id\":194274,\"id\":29,\"attachment_id\":0,\"url\":\"https:\/\/fotos15.inmovilla.com\/12732\/24621038\/39-29.jpg\",\"basename\":\"39-29.jpg\",\"created_date\":\"2026-04-30 15:01:30\",\"is_downloaded\":0,\"is_using_remote\":1},{\"multimedia_type\":\"Picture\",\"picture_url\":\"https:\/\/fotos15.inmovilla.com\/12732\/24621038\/39-30.jpg\",\"position\":30,\"picture_id\":30,\"media_id\":143439,\"post_id\":194274,\"id\":30,\"attachment_id\":0,\"url\":\"https:\/\/fotos15.inmovilla.com\/12732\/24621038\/39-30.jpg\",\"basename\":\"39-30.jpg\",\"created_date\":\"2026-04-30 15:01:30\",\"is_downloaded\":0,\"is_using_remote\":1},{\"multimedia_type\":\"Picture\",\"picture_url\":\"https:\/\/fotos15.inmovilla.com\/12732\/24621038\/39-31.jpg\",\"position\":31,\"picture_id\":31,\"media_id\":143440,\"post_id\":194274,\"id\":31,\"attachment_id\":0,\"url\":\"https:\/\/fotos15.inmovilla.com\/12732\/24621038\/39-31.jpg\",\"basename\":\"39-31.jpg\",\"created_date\":\"2026-04-30 15:01:30\",\"is_downloaded\":0,\"is_using_remote\":1},{\"multimedia_type\":\"Picture\",\"picture_url\":\"https:\/\/fotos15.inmovilla.com\/12732\/24621038\/39-32.jpg\",\"position\":32,\"picture_id\":32,\"media_id\":143441,\"post_id\":194274,\"id\":32,\"attachment_id\":0,\"url\":\"https:\/\/fotos15.inmovilla.com\/12732\/24621038\/39-32.jpg\",\"basename\":\"39-32.jpg\",\"created_date\":\"2026-04-30 15:01:30\",\"is_downloaded\":0,\"is_using_remote\":1},{\"multimedia_type\":\"Picture\",\"picture_url\":\"https:\/\/fotos15.inmovilla.com\/12732\/24621038\/39-33.jpg\",\"position\":33,\"picture_id\":33,\"media_id\":143442,\"post_id\":194274,\"id\":33,\"attachment_id\":0,\"url\":\"https:\/\/fotos15.inmovilla.com\/12732\/24621038\/39-33.jpg\",\"basename\":\"39-33.jpg\",\"created_date\":\"2026-04-30 15:01:30\",\"is_downloaded\":0,\"is_using_remote\":1},{\"multimedia_type\":\"Picture\",\"picture_url\":\"https:\/\/fotos15.inmovilla.com\/12732\/24621038\/39-34.jpg\",\"position\":34,\"picture_id\":34,\"media_id\":143443,\"post_id\":194274,\"id\":34,\"attachment_id\":0,\"url\":\"https:\/\/fotos15.inmovilla.com\/12732\/24621038\/39-34.jpg\",\"basename\":\"39-34.jpg\",\"created_date\":\"2026-04-30 15:01:30\",\"is_downloaded\":0,\"is_using_remote\":1},{\"multimedia_type\":\"Picture\",\"picture_url\":\"https:\/\/fotos15.inmovilla.com\/12732\/24621038\/39-35.jpg\",\"position\":35,\"picture_id\":35,\"media_id\":143444,\"post_id\":194274,\"id\":35,\"attachment_id\":0,\"url\":\"https:\/\/fotos15.inmovilla.com\/12732\/24621038\/39-35.jpg\",\"basename\":\"39-35.jpg\",\"created_date\":\"2026-04-30 15:01:30\",\"is_downloaded\":0,\"is_using_remote\":1},{\"multimedia_type\":\"Picture\",\"picture_url\":\"https:\/\/fotos15.inmovilla.com\/12732\/24621038\/39-36.jpg\",\"position\":36,\"picture_id\":36,\"media_id\":143445,\"post_id\":194274,\"id\":36,\"attachment_id\":0,\"url\":\"https:\/\/fotos15.inmovilla.com\/12732\/24621038\/39-36.jpg\",\"basename\":\"39-36.jpg\",\"created_date\":\"2026-04-30 15:01:30\",\"is_downloaded\":0,\"is_using_remote\":1},{\"multimedia_type\":\"Picture\",\"picture_url\":\"https:\/\/fotos15.inmovilla.com\/12732\/24621038\/39-37.jpg\",\"position\":37,\"picture_id\":37,\"media_id\":143446,\"post_id\":194274,\"id\":37,\"attachment_id\":0,\"url\":\"https:\/\/fotos15.inmovilla.com\/12732\/24621038\/39-37.jpg\",\"basename\":\"39-37.jpg\",\"created_date\":\"2026-04-30 15:01:30\",\"is_downloaded\":0,\"is_using_remote\":1},{\"multimedia_type\":\"Picture\",\"picture_url\":\"https:\/\/fotos15.inmovilla.com\/12732\/24621038\/39-38.jpg\",\"position\":38,\"picture_id\":38,\"media_id\":143447,\"post_id\":194274,\"id\":38,\"attachment_id\":0,\"url\":\"https:\/\/fotos15.inmovilla.com\/12732\/24621038\/39-38.jpg\",\"basename\":\"39-38.jpg\",\"created_date\":\"2026-04-30 15:01:30\",\"is_downloaded\":0,\"is_using_remote\":1},{\"multimedia_type\":\"Picture\",\"picture_url\":\"https:\/\/fotos15.inmovilla.com\/12732\/24621038\/39-39.jpg\",\"position\":39,\"picture_id\":39,\"media_id\":143448,\"post_id\":194274,\"id\":39,\"attachment_id\":0,\"url\":\"https:\/\/fotos15.inmovilla.com\/12732\/24621038\/39-39.jpg\",\"basename\":\"39-39.jpg\",\"created_date\":\"2026-04-30 15:01:30\",\"is_downloaded\":0,\"is_using_remote\":1},{\"multimedia_type\":\"Picture\",\"picture_url\":\"https:\/\/fotos15.inmovilla.com\/12732\/24621038\/39-40.jpg\",\"position\":40,\"picture_id\":40,\"media_id\":143449,\"post_id\":194274,\"id\":40,\"attachment_id\":0,\"url\":\"https:\/\/fotos15.inmovilla.com\/12732\/24621038\/39-40.jpg\",\"basename\":\"39-40.jpg\",\"created_date\":\"2026-04-30 15:01:30\",\"is_downloaded\":0,\"is_using_remote\":1},{\"multimedia_type\":\"Picture\",\"picture_url\":\"https:\/\/fotos15.inmovilla.com\/12732\/24621038\/39-41.jpg\",\"position\":41,\"picture_id\":41,\"media_id\":143450,\"post_id\":194274,\"id\":41,\"attachment_id\":0,\"url\":\"https:\/\/fotos15.inmovilla.com\/12732\/24621038\/39-41.jpg\",\"basename\":\"39-41.jpg\",\"created_date\":\"2026-04-30 15:01:30\",\"is_downloaded\":0,\"is_using_remote\":1},{\"multimedia_type\":\"Picture\",\"picture_url\":\"https:\/\/fotos15.inmovilla.com\/12732\/24621038\/39-42.jpg\",\"position\":42,\"picture_id\":42,\"media_id\":143451,\"post_id\":194274,\"id\":42,\"attachment_id\":0,\"url\":\"https:\/\/fotos15.inmovilla.com\/12732\/24621038\/39-42.jpg\",\"basename\":\"39-42.jpg\",\"created_date\":\"2026-04-30 15:01:30\",\"is_downloaded\":0,\"is_using_remote\":1},{\"multimedia_type\":\"Picture\",\"picture_url\":\"https:\/\/fotos15.inmovilla.com\/12732\/24621038\/39-43.jpg\",\"position\":43,\"picture_id\":43,\"media_id\":143452,\"post_id\":194274,\"id\":43,\"attachment_id\":0,\"url\":\"https:\/\/fotos15.inmovilla.com\/12732\/24621038\/39-43.jpg\",\"basename\":\"39-43.jpg\",\"created_date\":\"2026-04-30 15:01:30\",\"is_downloaded\":0,\"is_using_remote\":1},{\"multimedia_type\":\"Picture\",\"picture_url\":\"https:\/\/fotos15.inmovilla.com\/12732\/24621038\/39-44.jpg\",\"position\":44,\"picture_id\":44,\"media_id\":143453,\"post_id\":194274,\"id\":44,\"attachment_id\":0,\"url\":\"https:\/\/fotos15.inmovilla.com\/12732\/24621038\/39-44.jpg\",\"basename\":\"39-44.jpg\",\"created_date\":\"2026-04-30 15:01:30\",\"is_downloaded\":0,\"is_using_remote\":1},{\"multimedia_type\":\"Picture\",\"picture_url\":\"https:\/\/fotos15.inmovilla.com\/12732\/24621038\/39-45.jpg\",\"position\":45,\"picture_id\":45,\"media_id\":143454,\"post_id\":194274,\"id\":45,\"attachment_id\":0,\"url\":\"https:\/\/fotos15.inmovilla.com\/12732\/24621038\/39-45.jpg\",\"basename\":\"39-45.jpg\",\"created_date\":\"2026-04-30 15:01:30\",\"is_downloaded\":0,\"is_using_remote\":1},{\"multimedia_type\":\"Picture\",\"picture_url\":\"https:\/\/fotos15.inmovilla.com\/12732\/24621038\/39-46.jpg\",\"position\":46,\"picture_id\":46,\"media_id\":143455,\"post_id\":194274,\"id\":46,\"attachment_id\":0,\"url\":\"https:\/\/fotos15.inmovilla.com\/12732\/24621038\/39-46.jpg\",\"basename\":\"39-46.jpg\",\"created_date\":\"2026-04-30 15:01:30\",\"is_downloaded\":0,\"is_using_remote\":1},{\"multimedia_type\":\"Picture\",\"picture_url\":\"https:\/\/fotos15.inmovilla.com\/12732\/24621038\/39-47.jpg\",\"position\":47,\"picture_id\":47,\"media_id\":143456,\"post_id\":194274,\"id\":47,\"attachment_id\":0,\"url\":\"https:\/\/fotos15.inmovilla.com\/12732\/24621038\/39-47.jpg\",\"basename\":\"39-47.jpg\",\"created_date\":\"2026-04-30 15:01:30\",\"is_downloaded\":0,\"is_using_remote\":1},{\"multimedia_type\":\"Picture\",\"picture_url\":\"https:\/\/fotos15.inmovilla.com\/12732\/24621038\/39-48.jpg\",\"position\":48,\"picture_id\":48,\"media_id\":143457,\"post_id\":194274,\"id\":48,\"attachment_id\":0,\"url\":\"https:\/\/fotos15.inmovilla.com\/12732\/24621038\/39-48.jpg\",\"basename\":\"39-48.jpg\",\"created_date\":\"2026-04-30 15:01:30\",\"is_downloaded\":0,\"is_using_remote\":1},{\"multimedia_type\":\"Picture\",\"picture_url\":\"https:\/\/fotos15.inmovilla.com\/12732\/24621038\/39-49.jpg\",\"position\":49,\"picture_id\":49,\"media_id\":143458,\"post_id\":194274,\"id\":49,\"attachment_id\":0,\"url\":\"https:\/\/fotos15.inmovilla.com\/12732\/24621038\/39-49.jpg\",\"basename\":\"39-49.jpg\",\"created_date\":\"2026-04-30 15:01:30\",\"is_downloaded\":0,\"is_using_remote\":1},{\"multimedia_type\":\"Picture\",\"picture_url\":\"https:\/\/fotos15.inmovilla.com\/12732\/24621038\/39-50.jpg\",\"position\":50,\"picture_id\":50,\"media_id\":143459,\"post_id\":194274,\"id\":50,\"attachment_id\":0,\"url\":\"https:\/\/fotos15.inmovilla.com\/12732\/24621038\/39-50.jpg\",\"basename\":\"39-50.jpg\",\"created_date\":\"2026-04-30 15:01:30\",\"is_downloaded\":0,\"is_using_remote\":1},{\"multimedia_type\":\"Picture\",\"picture_url\":\"https:\/\/fotos15.inmovilla.com\/12732\/24621038\/39-51.jpg\",\"position\":51,\"picture_id\":51,\"media_id\":143460,\"post_id\":194274,\"id\":51,\"attachment_id\":0,\"url\":\"https:\/\/fotos15.inmovilla.com\/12732\/24621038\/39-51.jpg\",\"basename\":\"39-51.jpg\",\"created_date\":\"2026-04-30 15:01:30\",\"is_downloaded\":0,\"is_using_remote\":1},{\"multimedia_type\":\"Picture\",\"picture_url\":\"https:\/\/fotos15.inmovilla.com\/12732\/24621038\/39-52.jpg\",\"position\":52,\"picture_id\":52,\"media_id\":143461,\"post_id\":194274,\"id\":52,\"attachment_id\":0,\"url\":\"https:\/\/fotos15.inmovilla.com\/12732\/24621038\/39-52.jpg\",\"basename\":\"39-52.jpg\",\"created_date\":\"2026-04-30 15:01:30\",\"is_downloaded\":0,\"is_using_remote\":1},{\"multimedia_type\":\"Picture\",\"picture_url\":\"https:\/\/fotos15.inmovilla.com\/12732\/24621038\/39-53.jpg\",\"position\":53,\"picture_id\":53,\"media_id\":143462,\"post_id\":194274,\"id\":53,\"attachment_id\":0,\"url\":\"https:\/\/fotos15.inmovilla.com\/12732\/24621038\/39-53.jpg\",\"basename\":\"39-53.jpg\",\"created_date\":\"2026-04-30 15:01:30\",\"is_downloaded\":0,\"is_using_remote\":1},{\"multimedia_type\":\"Picture\",\"picture_url\":\"https:\/\/fotos15.inmovilla.com\/12732\/24621038\/39-54.jpg\",\"position\":54,\"picture_id\":54,\"media_id\":143463,\"post_id\":194274,\"id\":54,\"attachment_id\":0,\"url\":\"https:\/\/fotos15.inmovilla.com\/12732\/24621038\/39-54.jpg\",\"basename\":\"39-54.jpg\",\"created_date\":\"2026-04-30 15:01:30\",\"is_downloaded\":0,\"is_using_remote\":1},{\"multimedia_type\":\"Picture\",\"picture_url\":\"https:\/\/fotos15.inmovilla.com\/12732\/24621038\/39-55.jpg\",\"position\":55,\"picture_id\":55,\"media_id\":143464,\"post_id\":194274,\"id\":55,\"attachment_id\":0,\"url\":\"https:\/\/fotos15.inmovilla.com\/12732\/24621038\/39-55.jpg\",\"basename\":\"39-55.jpg\",\"created_date\":\"2026-04-30 15:01:30\",\"is_downloaded\":0,\"is_using_remote\":1},{\"multimedia_type\":\"Picture\",\"picture_url\":\"https:\/\/fotos15.inmovilla.com\/12732\/24621038\/39-56.jpg\",\"position\":56,\"picture_id\":56,\"media_id\":143465,\"post_id\":194274,\"id\":56,\"attachment_id\":0,\"url\":\"https:\/\/fotos15.inmovilla.com\/12732\/24621038\/39-56.jpg\",\"basename\":\"39-56.jpg\",\"created_date\":\"2026-04-30 15:01:30\",\"is_downloaded\":0,\"is_using_remote\":1},{\"multimedia_type\":\"Picture\",\"picture_url\":\"https:\/\/fotos15.inmovilla.com\/12732\/24621038\/39-57.jpg\",\"position\":57,\"picture_id\":57,\"media_id\":143466,\"post_id\":194274,\"id\":57,\"attachment_id\":0,\"url\":\"https:\/\/fotos15.inmovilla.com\/12732\/24621038\/39-57.jpg\",\"basename\":\"39-57.jpg\",\"created_date\":\"2026-04-30 15:01:30\",\"is_downloaded\":0,\"is_using_remote\":1},{\"multimedia_type\":\"Picture\",\"picture_url\":\"https:\/\/fotos15.inmovilla.com\/12732\/24621038\/39-58.jpg\",\"position\":58,\"picture_id\":58,\"media_id\":143467,\"post_id\":194274,\"id\":58,\"attachment_id\":0,\"url\":\"https:\/\/fotos15.inmovilla.com\/12732\/24621038\/39-58.jpg\",\"basename\":\"39-58.jpg\",\"created_date\":\"2026-04-30 15:01:30\",\"is_downloaded\":0,\"is_using_remote\":1},{\"multimedia_type\":\"Picture\",\"picture_url\":\"https:\/\/fotos15.inmovilla.com\/12732\/24621038\/39-59.jpg\",\"position\":59,\"picture_id\":59,\"media_id\":143468,\"post_id\":194274,\"id\":59,\"attachment_id\":0,\"url\":\"https:\/\/fotos15.inmovilla.com\/12732\/24621038\/39-59.jpg\",\"basename\":\"39-59.jpg\",\"created_date\":\"2026-04-30 15:01:30\",\"is_downloaded\":0,\"is_using_remote\":1},{\"multimedia_type\":\"Picture\",\"picture_url\":\"https:\/\/fotos15.inmovilla.com\/12732\/24621038\/39-60.jpg\",\"position\":60,\"picture_id\":60,\"media_id\":143469,\"post_id\":194274,\"id\":60,\"attachment_id\":0,\"url\":\"https:\/\/fotos15.inmovilla.com\/12732\/24621038\/39-60.jpg\",\"basename\":\"39-60.jpg\",\"created_date\":\"2026-04-30 15:01:30\",\"is_downloaded\":0,\"is_using_remote\":1},{\"multimedia_type\":\"Picture\",\"picture_url\":\"https:\/\/fotos15.inmovilla.com\/12732\/24621038\/39-61.jpg\",\"position\":61,\"picture_id\":61,\"media_id\":143470,\"post_id\":194274,\"id\":61,\"attachment_id\":0,\"url\":\"https:\/\/fotos15.inmovilla.com\/12732\/24621038\/39-61.jpg\",\"basename\":\"39-61.jpg\",\"created_date\":\"2026-04-30 15:01:30\",\"is_downloaded\":0,\"is_using_remote\":1},{\"multimedia_type\":\"Picture\",\"picture_url\":\"https:\/\/fotos15.inmovilla.com\/12732\/24621038\/39-62.jpg\",\"position\":62,\"picture_id\":62,\"media_id\":143471,\"post_id\":194274,\"id\":62,\"attachment_id\":0,\"url\":\"https:\/\/fotos15.inmovilla.com\/12732\/24621038\/39-62.jpg\",\"basename\":\"39-62.jpg\",\"created_date\":\"2026-04-30 15:01:30\",\"is_downloaded\":0,\"is_using_remote\":1},{\"multimedia_type\":\"Picture\",\"picture_url\":\"https:\/\/fotos15.inmovilla.com\/12732\/24621038\/39-63.jpg\",\"position\":63,\"picture_id\":63,\"media_id\":143472,\"post_id\":194274,\"id\":63,\"attachment_id\":0,\"url\":\"https:\/\/fotos15.inmovilla.com\/12732\/24621038\/39-63.jpg\",\"basename\":\"39-63.jpg\",\"created_date\":\"2026-04-30 15:01:30\",\"is_downloaded\":0,\"is_using_remote\":1},{\"multimedia_type\":\"Picture\",\"picture_url\":\"https:\/\/fotos15.inmovilla.com\/12732\/24621038\/39-64.jpg\",\"position\":64,\"picture_id\":64,\"media_id\":143473,\"post_id\":194274,\"id\":64,\"attachment_id\":0,\"url\":\"https:\/\/fotos15.inmovilla.com\/12732\/24621038\/39-64.jpg\",\"basename\":\"39-64.jpg\",\"created_date\":\"2026-04-30 15:01:30\",\"is_downloaded\":0,\"is_using_remote\":1},{\"multimedia_type\":\"Picture\",\"picture_url\":\"https:\/\/fotos15.inmovilla.com\/12732\/24621038\/39-65.jpg\",\"position\":65,\"picture_id\":65,\"media_id\":143474,\"post_id\":194274,\"id\":65,\"attachment_id\":0,\"url\":\"https:\/\/fotos15.inmovilla.com\/12732\/24621038\/39-65.jpg\",\"basename\":\"39-65.jpg\",\"created_date\":\"2026-04-30 15:01:30\",\"is_downloaded\":0,\"is_using_remote\":1},{\"multimedia_type\":\"Picture\",\"picture_url\":\"https:\/\/fotos15.inmovilla.com\/12732\/24621038\/39-66.jpg\",\"position\":66,\"picture_id\":66,\"media_id\":143475,\"post_id\":194274,\"id\":66,\"attachment_id\":0,\"url\":\"https:\/\/fotos15.inmovilla.com\/12732\/24621038\/39-66.jpg\",\"basename\":\"39-66.jpg\",\"created_date\":\"2026-04-30 15:01:30\",\"is_downloaded\":0,\"is_using_remote\":1},{\"multimedia_type\":\"Picture\",\"picture_url\":\"https:\/\/fotos15.inmovilla.com\/12732\/24621038\/39-67.jpg\",\"position\":67,\"picture_id\":67,\"media_id\":143476,\"post_id\":194274,\"id\":67,\"attachment_id\":0,\"url\":\"https:\/\/fotos15.inmovilla.com\/12732\/24621038\/39-67.jpg\",\"basename\":\"39-67.jpg\",\"created_date\":\"2026-04-30 15:01:30\",\"is_downloaded\":0,\"is_using_remote\":1},{\"multimedia_type\":\"Picture\",\"picture_url\":\"https:\/\/fotos15.inmovilla.com\/12732\/24621038\/39-68.jpg\",\"position\":68,\"picture_id\":68,\"media_id\":143477,\"post_id\":194274,\"id\":68,\"attachment_id\":0,\"url\":\"https:\/\/fotos15.inmovilla.com\/12732\/24621038\/39-68.jpg\",\"basename\":\"39-68.jpg\",\"created_date\":\"2026-04-30 15:01:30\",\"is_downloaded\":0,\"is_using_remote\":1},{\"multimedia_type\":\"Picture\",\"picture_url\":\"https:\/\/fotos15.inmovilla.com\/12732\/24621038\/39-69.jpg\",\"position\":69,\"picture_id\":69,\"media_id\":143478,\"post_id\":194274,\"id\":69,\"attachment_id\":0,\"url\":\"https:\/\/fotos15.inmovilla.com\/12732\/24621038\/39-69.jpg\",\"basename\":\"39-69.jpg\",\"created_date\":\"2026-04-30 15:01:30\",\"is_downloaded\":0,\"is_using_remote\":1}]"],"_thumbnail_id":["194275"],"fave_property_images":["194275"],"apg_property_id":["24621038"],"_wpml_word_count":["373"],"houzez_recently_viewed":["2026-05-01 07:52:34"],"houzez_total_property_views":["2"],"houzez_views_by_date":["a:1:{s:10:\"05-01-2026\";i:2;}"],"_eael_post_view_count":["2"],"_elementor_page_assets":["a:0:{}"]},"yoast_head":"<!-- This site is optimized with the Yoast SEO plugin v27.5 - https:\/\/yoast.com\/product\/yoast-seo-wordpress\/ -->\n<title>Beautiful rustic home on the outskirts of Santany\u00ed with touristic license - RE\/MAX Drac<\/title>\n<meta name=\"robots\" content=\"index, follow, max-snippet:-1, max-image-preview:large, max-video-preview:-1\" \/>\n<link rel=\"canonical\" href=\"https:\/\/www.santanyi.net\/en\/property\/beautiful-rustic-home-on-the-outskirts-of-santanyi-with-touristic-license-2\/\" \/>\n<meta property=\"og:locale\" content=\"en_US\" \/>\n<meta property=\"og:type\" content=\"article\" \/>\n<meta property=\"og:title\" content=\"Beautiful rustic home on the outskirts of Santany\u00ed with touristic license - RE\/MAX Drac\" \/>\n<meta property=\"og:description\" content=\"Located just a few minutes&#8217; walk from the charming old town of Santany\u00ed \u2014with its iconic market, restaurants and traditional stone architecture\u2014, this magnificent rustic finca represents an exceptional opportunity for those seeking privacy, authentic Mallorcan character and tourist rental returns in one of the most sought-after municipalities in the southeast of Mallorca. On the [&hellip;]\" \/>\n<meta property=\"og:url\" content=\"https:\/\/www.santanyi.net\/en\/property\/beautiful-rustic-home-on-the-outskirts-of-santanyi-with-touristic-license-2\/\" \/>\n<meta property=\"og:site_name\" content=\"RE\/MAX Drac\" \/>\n<meta property=\"article:modified_time\" content=\"2026-05-01T06:04:12+00:00\" \/>\n<meta property=\"og:image\" content=\"https:\/\/www.santanyi.net\/wp-content\/uploads\/anaconda_property_media\/24621038-194274\/39-1.jpg\" \/>\n\t<meta property=\"og:image:width\" content=\"1920\" \/>\n\t<meta property=\"og:image:height\" content=\"1440\" \/>\n\t<meta property=\"og:image:type\" content=\"image\/jpeg\" \/>\n<meta name=\"twitter:card\" content=\"summary_large_image\" \/>\n<meta name=\"twitter:label1\" content=\"Est. reading time\" \/>\n\t<meta name=\"twitter:data1\" content=\"2 minutes\" \/>\n<script type=\"application\/ld+json\" class=\"yoast-schema-graph\">{\"@context\":\"https:\\\/\\\/schema.org\",\"@graph\":[{\"@type\":\"WebPage\",\"@id\":\"https:\\\/\\\/www.santanyi.net\\\/en\\\/property\\\/beautiful-rustic-home-on-the-outskirts-of-santanyi-with-touristic-license-2\\\/\",\"url\":\"https:\\\/\\\/www.santanyi.net\\\/en\\\/property\\\/beautiful-rustic-home-on-the-outskirts-of-santanyi-with-touristic-license-2\\\/\",\"name\":\"Beautiful rustic home on the outskirts of Santany\u00ed with touristic license - RE\\\/MAX Drac\",\"isPartOf\":{\"@id\":\"https:\\\/\\\/www.santanyi.net\\\/en\\\/#website\"},\"primaryImageOfPage\":{\"@id\":\"https:\\\/\\\/www.santanyi.net\\\/en\\\/property\\\/beautiful-rustic-home-on-the-outskirts-of-santanyi-with-touristic-license-2\\\/#primaryimage\"},\"image\":{\"@id\":\"https:\\\/\\\/www.santanyi.net\\\/en\\\/property\\\/beautiful-rustic-home-on-the-outskirts-of-santanyi-with-touristic-license-2\\\/#primaryimage\"},\"thumbnailUrl\":\"https:\\\/\\\/www.santanyi.net\\\/wp-content\\\/uploads\\\/anaconda_property_media\\\/24621038-194274\\\/39-1.jpg\",\"datePublished\":\"2026-04-30T15:01:29+00:00\",\"dateModified\":\"2026-05-01T06:04:12+00:00\",\"breadcrumb\":{\"@id\":\"https:\\\/\\\/www.santanyi.net\\\/en\\\/property\\\/beautiful-rustic-home-on-the-outskirts-of-santanyi-with-touristic-license-2\\\/#breadcrumb\"},\"inLanguage\":\"en-US\",\"potentialAction\":[{\"@type\":\"ReadAction\",\"target\":[\"https:\\\/\\\/www.santanyi.net\\\/en\\\/property\\\/beautiful-rustic-home-on-the-outskirts-of-santanyi-with-touristic-license-2\\\/\"]}]},{\"@type\":\"ImageObject\",\"inLanguage\":\"en-US\",\"@id\":\"https:\\\/\\\/www.santanyi.net\\\/en\\\/property\\\/beautiful-rustic-home-on-the-outskirts-of-santanyi-with-touristic-license-2\\\/#primaryimage\",\"url\":\"https:\\\/\\\/www.santanyi.net\\\/wp-content\\\/uploads\\\/anaconda_property_media\\\/24621038-194274\\\/39-1.jpg\",\"contentUrl\":\"https:\\\/\\\/www.santanyi.net\\\/wp-content\\\/uploads\\\/anaconda_property_media\\\/24621038-194274\\\/39-1.jpg\",\"width\":1920,\"height\":1440},{\"@type\":\"BreadcrumbList\",\"@id\":\"https:\\\/\\\/www.santanyi.net\\\/en\\\/property\\\/beautiful-rustic-home-on-the-outskirts-of-santanyi-with-touristic-license-2\\\/#breadcrumb\",\"itemListElement\":[{\"@type\":\"ListItem\",\"position\":1,\"name\":\"Home\",\"item\":\"https:\\\/\\\/www.santanyi.net\\\/en\\\/\"},{\"@type\":\"ListItem\",\"position\":2,\"name\":\"Properties\",\"item\":\"https:\\\/\\\/www.santanyi.net\\\/en\\\/property\\\/\"},{\"@type\":\"ListItem\",\"position\":3,\"name\":\"Beautiful rustic home on the outskirts of Santany\u00ed with touristic license\"}]},{\"@type\":\"WebSite\",\"@id\":\"https:\\\/\\\/www.santanyi.net\\\/en\\\/#website\",\"url\":\"https:\\\/\\\/www.santanyi.net\\\/en\\\/\",\"name\":\"RE\\\/MAX Drac\",\"description\":\"\",\"publisher\":{\"@id\":\"https:\\\/\\\/www.santanyi.net\\\/en\\\/#organization\"},\"potentialAction\":[{\"@type\":\"SearchAction\",\"target\":{\"@type\":\"EntryPoint\",\"urlTemplate\":\"https:\\\/\\\/www.santanyi.net\\\/en\\\/?s={search_term_string}\"},\"query-input\":{\"@type\":\"PropertyValueSpecification\",\"valueRequired\":true,\"valueName\":\"search_term_string\"}}],\"inLanguage\":\"en-US\"},{\"@type\":\"Organization\",\"@id\":\"https:\\\/\\\/www.santanyi.net\\\/en\\\/#organization\",\"name\":\"RE\\\/MAX Drac\",\"url\":\"https:\\\/\\\/www.santanyi.net\\\/en\\\/\",\"logo\":{\"@type\":\"ImageObject\",\"inLanguage\":\"en-US\",\"@id\":\"https:\\\/\\\/www.santanyi.net\\\/en\\\/#\\\/schema\\\/logo\\\/image\\\/\",\"url\":\"https:\\\/\\\/www.santanyi.net\\\/wp-content\\\/uploads\\\/2025\\\/07\\\/logo-nuevo.png\",\"contentUrl\":\"https:\\\/\\\/www.santanyi.net\\\/wp-content\\\/uploads\\\/2025\\\/07\\\/logo-nuevo.png\",\"width\":295,\"height\":165,\"caption\":\"RE\\\/MAX Drac\"},\"image\":{\"@id\":\"https:\\\/\\\/www.santanyi.net\\\/en\\\/#\\\/schema\\\/logo\\\/image\\\/\"}}]}<\/script>\n<!-- \/ Yoast SEO plugin. -->","yoast_head_json":{"title":"Beautiful rustic home on the outskirts of Santany\u00ed with touristic license - RE\/MAX Drac","robots":{"index":"index","follow":"follow","max-snippet":"max-snippet:-1","max-image-preview":"max-image-preview:large","max-video-preview":"max-video-preview:-1"},"canonical":"https:\/\/www.santanyi.net\/en\/property\/beautiful-rustic-home-on-the-outskirts-of-santanyi-with-touristic-license-2\/","og_locale":"en_US","og_type":"article","og_title":"Beautiful rustic home on the outskirts of Santany\u00ed with touristic license - RE\/MAX Drac","og_description":"Located just a few minutes&#8217; walk from the charming old town of Santany\u00ed \u2014with its iconic market, restaurants and traditional stone architecture\u2014, this magnificent rustic finca represents an exceptional opportunity for those seeking privacy, authentic Mallorcan character and tourist rental returns in one of the most sought-after municipalities in the southeast of Mallorca. On the [&hellip;]","og_url":"https:\/\/www.santanyi.net\/en\/property\/beautiful-rustic-home-on-the-outskirts-of-santanyi-with-touristic-license-2\/","og_site_name":"RE\/MAX Drac","article_modified_time":"2026-05-01T06:04:12+00:00","og_image":[{"width":1920,"height":1440,"url":"https:\/\/www.santanyi.net\/wp-content\/uploads\/anaconda_property_media\/24621038-194274\/39-1.jpg","type":"image\/jpeg"}],"twitter_card":"summary_large_image","twitter_misc":{"Est. reading time":"2 minutes"},"schema":{"@context":"https:\/\/schema.org","@graph":[{"@type":"WebPage","@id":"https:\/\/www.santanyi.net\/en\/property\/beautiful-rustic-home-on-the-outskirts-of-santanyi-with-touristic-license-2\/","url":"https:\/\/www.santanyi.net\/en\/property\/beautiful-rustic-home-on-the-outskirts-of-santanyi-with-touristic-license-2\/","name":"Beautiful rustic home on the outskirts of Santany\u00ed with touristic license - RE\/MAX Drac","isPartOf":{"@id":"https:\/\/www.santanyi.net\/en\/#website"},"primaryImageOfPage":{"@id":"https:\/\/www.santanyi.net\/en\/property\/beautiful-rustic-home-on-the-outskirts-of-santanyi-with-touristic-license-2\/#primaryimage"},"image":{"@id":"https:\/\/www.santanyi.net\/en\/property\/beautiful-rustic-home-on-the-outskirts-of-santanyi-with-touristic-license-2\/#primaryimage"},"thumbnailUrl":"https:\/\/www.santanyi.net\/wp-content\/uploads\/anaconda_property_media\/24621038-194274\/39-1.jpg","datePublished":"2026-04-30T15:01:29+00:00","dateModified":"2026-05-01T06:04:12+00:00","breadcrumb":{"@id":"https:\/\/www.santanyi.net\/en\/property\/beautiful-rustic-home-on-the-outskirts-of-santanyi-with-touristic-license-2\/#breadcrumb"},"inLanguage":"en-US","potentialAction":[{"@type":"ReadAction","target":["https:\/\/www.santanyi.net\/en\/property\/beautiful-rustic-home-on-the-outskirts-of-santanyi-with-touristic-license-2\/"]}]},{"@type":"ImageObject","inLanguage":"en-US","@id":"https:\/\/www.santanyi.net\/en\/property\/beautiful-rustic-home-on-the-outskirts-of-santanyi-with-touristic-license-2\/#primaryimage","url":"https:\/\/www.santanyi.net\/wp-content\/uploads\/anaconda_property_media\/24621038-194274\/39-1.jpg","contentUrl":"https:\/\/www.santanyi.net\/wp-content\/uploads\/anaconda_property_media\/24621038-194274\/39-1.jpg","width":1920,"height":1440},{"@type":"BreadcrumbList","@id":"https:\/\/www.santanyi.net\/en\/property\/beautiful-rustic-home-on-the-outskirts-of-santanyi-with-touristic-license-2\/#breadcrumb","itemListElement":[{"@type":"ListItem","position":1,"name":"Home","item":"https:\/\/www.santanyi.net\/en\/"},{"@type":"ListItem","position":2,"name":"Properties","item":"https:\/\/www.santanyi.net\/en\/property\/"},{"@type":"ListItem","position":3,"name":"Beautiful rustic home on the outskirts of Santany\u00ed with touristic license"}]},{"@type":"WebSite","@id":"https:\/\/www.santanyi.net\/en\/#website","url":"https:\/\/www.santanyi.net\/en\/","name":"RE\/MAX Drac","description":"","publisher":{"@id":"https:\/\/www.santanyi.net\/en\/#organization"},"potentialAction":[{"@type":"SearchAction","target":{"@type":"EntryPoint","urlTemplate":"https:\/\/www.santanyi.net\/en\/?s={search_term_string}"},"query-input":{"@type":"PropertyValueSpecification","valueRequired":true,"valueName":"search_term_string"}}],"inLanguage":"en-US"},{"@type":"Organization","@id":"https:\/\/www.santanyi.net\/en\/#organization","name":"RE\/MAX Drac","url":"https:\/\/www.santanyi.net\/en\/","logo":{"@type":"ImageObject","inLanguage":"en-US","@id":"https:\/\/www.santanyi.net\/en\/#\/schema\/logo\/image\/","url":"https:\/\/www.santanyi.net\/wp-content\/uploads\/2025\/07\/logo-nuevo.png","contentUrl":"https:\/\/www.santanyi.net\/wp-content\/uploads\/2025\/07\/logo-nuevo.png","width":295,"height":165,"caption":"RE\/MAX Drac"},"image":{"@id":"https:\/\/www.santanyi.net\/en\/#\/schema\/logo\/image\/"}}]}},"_links":{"self":[{"href":"https:\/\/www.santanyi.net\/en\/wp-json\/wp\/v2\/properties\/194279","targetHints":{"allow":["GET"]}}],"collection":[{"href":"https:\/\/www.santanyi.net\/en\/wp-json\/wp\/v2\/properties"}],"about":[{"href":"https:\/\/www.santanyi.net\/en\/wp-json\/wp\/v2\/types\/property"}],"author":[{"embeddable":true,"href":"https:\/\/www.santanyi.net\/en\/wp-json\/wp\/v2\/users\/1"}],"version-history":[{"count":2,"href":"https:\/\/www.santanyi.net\/en\/wp-json\/wp\/v2\/properties\/194279\/revisions"}],"predecessor-version":[{"id":195764,"href":"https:\/\/www.santanyi.net\/en\/wp-json\/wp\/v2\/properties\/194279\/revisions\/195764"}],"wp:featuredmedia":[{"embeddable":true,"href":"https:\/\/www.santanyi.net\/en\/wp-json\/wp\/v2\/media\/194275"}],"wp:attachment":[{"href":"https:\/\/www.santanyi.net\/en\/wp-json\/wp\/v2\/media?parent=194279"}],"wp:term":[{"taxonomy":"property_type","embeddable":true,"href":"https:\/\/www.santanyi.net\/en\/wp-json\/wp\/v2\/property_type?post=194279"},{"taxonomy":"property_status","embeddable":true,"href":"https:\/\/www.santanyi.net\/en\/wp-json\/wp\/v2\/property_status?post=194279"},{"taxonomy":"property_feature","embeddable":true,"href":"https:\/\/www.santanyi.net\/en\/wp-json\/wp\/v2\/property_feature?post=194279"},{"taxonomy":"property_label","embeddable":true,"href":"https:\/\/www.santanyi.net\/en\/wp-json\/wp\/v2\/property_label?post=194279"},{"taxonomy":"property_country","embeddable":true,"href":"https:\/\/www.santanyi.net\/en\/wp-json\/wp\/v2\/property_country?post=194279"},{"taxonomy":"property_state","embeddable":true,"href":"https:\/\/www.santanyi.net\/en\/wp-json\/wp\/v2\/property_state?post=194279"},{"taxonomy":"property_city","embeddable":true,"href":"https:\/\/www.santanyi.net\/en\/wp-json\/wp\/v2\/property_city?post=194279"},{"taxonomy":"property_area","embeddable":true,"href":"https:\/\/www.santanyi.net\/en\/wp-json\/wp\/v2\/property_area?post=194279"}],"curies":[{"name":"wp","href":"https:\/\/api.w.org\/{rel}","templated":true}]}}