
{"id":194191,"date":"2026-04-30T15:00:52","date_gmt":"2026-04-30T15:00:52","guid":{"rendered":"https:\/\/www.santanyi.net\/property\/only-e-mail-beautiful-first-floor-apartment-with-garage-no-balcony-unfurnished-with-2-bedrooms-and-2-bathrooms-in-a-central-location-in-santanyi\/"},"modified":"2026-04-30T16:47:39","modified_gmt":"2026-04-30T16:47:39","slug":"only-e-mail-beautiful-first-floor-apartment-with-garage-no-balcony-unfurnished-with-2-bedrooms-and-2-bathrooms-in-a-central-location-in-santanyi-2","status":"publish","type":"property","link":"https:\/\/www.santanyi.net\/en\/property\/only-e-mail-beautiful-first-floor-apartment-with-garage-no-balcony-unfurnished-with-2-bedrooms-and-2-bathrooms-in-a-central-location-in-santanyi-2\/","title":{"rendered":"ONLY E-MAIL!!! Beautiful first floor apartment with garage, no balcony, unfurnished, with 2 bedrooms and 2 bathrooms in a central location in Santany\u00ed."},"content":{"rendered":"<p>This charming apartment is located on the first floor in the heart of Santany\u00ed. With a living area of \u200b\u200b103 m\u00b2, it is ready for immediate occupation. The apartment has two bedrooms with fitted wardrobes and two bathrooms with showers. The bright dining room offers direct access to the private garage and is equipped with a fireplace, which provides cozy warmth during the colder months. The American kitchen is equipped with all essential appliances: refrigerator, microwave, oven, ceramic hob and dishwasher. The tilt-and-turn windows allow plenty of natural light to enter, creating a pleasant atmosphere throughout the day. All rooms are also equipped with air conditioning. For more information or to arrange a visit to this beautiful apartment, please send your inquiry by email, including details such as the total number of people (including children or pets), the desired rental period and your current occupation.<\/p>\n","protected":false},"excerpt":{"rendered":"<p>This charming apartment is located on the first floor in the heart of Santany\u00ed. With a living area of \u200b\u200b103 m\u00b2, it is ready for immediate occupation. The apartment has two bedrooms with fitted wardrobes and two bathrooms with showers. The bright dining room offers direct access to the private garage and is equipped with [&hellip;]<\/p>\n","protected":false},"author":1,"featured_media":194187,"parent":0,"menu_order":0,"template":"","property_type":[2172],"property_status":[2135,2138],"property_feature":[1765,1782,1851,1859,1861,1977,2031,2032,1978,1863,1864,1788,1949],"property_label":[],"property_country":[],"property_state":[],"property_city":[635],"property_area":[636],"class_list":["post-194191","property","type-property","status-publish","has-post-thumbnail","hentry","property_type-piso-en","property_status-alquilar","property_status-alquilar-en","property_feature-aire_con","property_feature-aire_con-en","property_feature-arma_empo","property_feature-arma_empo-en","property_feature-autobuses-en","property_feature-bombafriocalor-en","property_feature-cajafuerte","property_feature-cajafuerte-en","property_feature-chimenea-en","property_feature-cocina_inde-en","property_feature-colegios-en","property_feature-electro-en","property_feature-linea_tlf-en","property_city-santanyi","property_area-santanyi"],"acf":[],"property_meta":{"_apg_property_user_edited":["1"],"fave_property_id":["AA1537YK"],"fave_property_location":["39.35236520309,3.1273501864891,15"],"houzez_geolocation_lat":["39.35236520309"],"houzez_geolocation_long":["3.1273501864891"],"fave_property_price":["1400"],"fave_property_rent_or_sale":["rent"],"fave_property_year":[null],"fave_property_size_prefix":["m2"],"fave_property_land_postfix":["m2"],"fave_property_size":["103"],"fave_property_bedrooms":["2"],"fave_property_bathrooms":["2"],"fave_property_garage":["2"],"fave_property_map_address":["Santany\u00ed, 07650 Santany\u00ed"],"fave_property_address":[" , Santany\u00ed 07650"],"fave_property_zip":["07650"],"fave_property_postal_code":["07650"],"fave_property_map":["1"],"apg_is_using_remote_image_url":["1"],"apg_using_remote_image_urls":["[{\"multimedia_type\":\"Picture\",\"picture_url\":\"https:\/\/fotos15.inmovilla.com\/12732\/28845495\/5-1.jpg\",\"position\":1,\"picture_id\":1,\"media_id\":143102,\"post_id\":194186,\"id\":1,\"attachment_id\":0,\"url\":\"https:\/\/fotos15.inmovilla.com\/12732\/28845495\/5-1.jpg\",\"basename\":\"5-1.jpg\",\"created_date\":\"2026-04-30 15:00:53\",\"is_downloaded\":0,\"is_using_remote\":0},{\"multimedia_type\":\"Picture\",\"picture_url\":\"https:\/\/fotos15.inmovilla.com\/12732\/28845495\/5-2.jpg\",\"position\":2,\"picture_id\":2,\"media_id\":143103,\"post_id\":194186,\"id\":2,\"attachment_id\":0,\"url\":\"https:\/\/fotos15.inmovilla.com\/12732\/28845495\/5-2.jpg\",\"basename\":\"5-2.jpg\",\"created_date\":\"2026-04-30 15:00:53\",\"is_downloaded\":0,\"is_using_remote\":1},{\"multimedia_type\":\"Picture\",\"picture_url\":\"https:\/\/fotos15.inmovilla.com\/12732\/28845495\/5-3.jpg\",\"position\":3,\"picture_id\":3,\"media_id\":143104,\"post_id\":194186,\"id\":3,\"attachment_id\":0,\"url\":\"https:\/\/fotos15.inmovilla.com\/12732\/28845495\/5-3.jpg\",\"basename\":\"5-3.jpg\",\"created_date\":\"2026-04-30 15:00:53\",\"is_downloaded\":0,\"is_using_remote\":1},{\"multimedia_type\":\"Picture\",\"picture_url\":\"https:\/\/fotos15.inmovilla.com\/12732\/28845495\/5-4.jpg\",\"position\":4,\"picture_id\":4,\"media_id\":143105,\"post_id\":194186,\"id\":4,\"attachment_id\":0,\"url\":\"https:\/\/fotos15.inmovilla.com\/12732\/28845495\/5-4.jpg\",\"basename\":\"5-4.jpg\",\"created_date\":\"2026-04-30 15:00:53\",\"is_downloaded\":0,\"is_using_remote\":1},{\"multimedia_type\":\"Picture\",\"picture_url\":\"https:\/\/fotos15.inmovilla.com\/12732\/28845495\/5-5.jpg\",\"position\":5,\"picture_id\":5,\"media_id\":143106,\"post_id\":194186,\"id\":5,\"attachment_id\":0,\"url\":\"https:\/\/fotos15.inmovilla.com\/12732\/28845495\/5-5.jpg\",\"basename\":\"5-5.jpg\",\"created_date\":\"2026-04-30 15:00:53\",\"is_downloaded\":0,\"is_using_remote\":1},{\"multimedia_type\":\"Picture\",\"picture_url\":\"https:\/\/fotos15.inmovilla.com\/12732\/28845495\/5-6.jpg\",\"position\":6,\"picture_id\":6,\"media_id\":143107,\"post_id\":194186,\"id\":6,\"attachment_id\":0,\"url\":\"https:\/\/fotos15.inmovilla.com\/12732\/28845495\/5-6.jpg\",\"basename\":\"5-6.jpg\",\"created_date\":\"2026-04-30 15:00:53\",\"is_downloaded\":0,\"is_using_remote\":1},{\"multimedia_type\":\"Picture\",\"picture_url\":\"https:\/\/fotos15.inmovilla.com\/12732\/28845495\/5-7.jpg\",\"position\":7,\"picture_id\":7,\"media_id\":143108,\"post_id\":194186,\"id\":7,\"attachment_id\":0,\"url\":\"https:\/\/fotos15.inmovilla.com\/12732\/28845495\/5-7.jpg\",\"basename\":\"5-7.jpg\",\"created_date\":\"2026-04-30 15:00:53\",\"is_downloaded\":0,\"is_using_remote\":1},{\"multimedia_type\":\"Picture\",\"picture_url\":\"https:\/\/fotos15.inmovilla.com\/12732\/28845495\/5-8.jpg\",\"position\":8,\"picture_id\":8,\"media_id\":143109,\"post_id\":194186,\"id\":8,\"attachment_id\":0,\"url\":\"https:\/\/fotos15.inmovilla.com\/12732\/28845495\/5-8.jpg\",\"basename\":\"5-8.jpg\",\"created_date\":\"2026-04-30 15:00:53\",\"is_downloaded\":0,\"is_using_remote\":1},{\"multimedia_type\":\"Picture\",\"picture_url\":\"https:\/\/fotos15.inmovilla.com\/12732\/28845495\/5-9.jpg\",\"position\":9,\"picture_id\":9,\"media_id\":143110,\"post_id\":194186,\"id\":9,\"attachment_id\":0,\"url\":\"https:\/\/fotos15.inmovilla.com\/12732\/28845495\/5-9.jpg\",\"basename\":\"5-9.jpg\",\"created_date\":\"2026-04-30 15:00:53\",\"is_downloaded\":0,\"is_using_remote\":1},{\"multimedia_type\":\"Picture\",\"picture_url\":\"https:\/\/fotos15.inmovilla.com\/12732\/28845495\/5-10.jpg\",\"position\":10,\"picture_id\":10,\"media_id\":143111,\"post_id\":194186,\"id\":10,\"attachment_id\":0,\"url\":\"https:\/\/fotos15.inmovilla.com\/12732\/28845495\/5-10.jpg\",\"basename\":\"5-10.jpg\",\"created_date\":\"2026-04-30 15:00:53\",\"is_downloaded\":0,\"is_using_remote\":1},{\"multimedia_type\":\"Picture\",\"picture_url\":\"https:\/\/fotos15.inmovilla.com\/12732\/28845495\/5-11.jpg\",\"position\":11,\"picture_id\":11,\"media_id\":143112,\"post_id\":194186,\"id\":11,\"attachment_id\":0,\"url\":\"https:\/\/fotos15.inmovilla.com\/12732\/28845495\/5-11.jpg\",\"basename\":\"5-11.jpg\",\"created_date\":\"2026-04-30 15:00:53\",\"is_downloaded\":0,\"is_using_remote\":1},{\"multimedia_type\":\"Picture\",\"picture_url\":\"https:\/\/fotos15.inmovilla.com\/12732\/28845495\/5-12.jpg\",\"position\":12,\"picture_id\":12,\"media_id\":143113,\"post_id\":194186,\"id\":12,\"attachment_id\":0,\"url\":\"https:\/\/fotos15.inmovilla.com\/12732\/28845495\/5-12.jpg\",\"basename\":\"5-12.jpg\",\"created_date\":\"2026-04-30 15:00:53\",\"is_downloaded\":0,\"is_using_remote\":1},{\"multimedia_type\":\"Picture\",\"picture_url\":\"https:\/\/fotos15.inmovilla.com\/12732\/28845495\/5-13.jpg\",\"position\":13,\"picture_id\":13,\"media_id\":143114,\"post_id\":194186,\"id\":13,\"attachment_id\":0,\"url\":\"https:\/\/fotos15.inmovilla.com\/12732\/28845495\/5-13.jpg\",\"basename\":\"5-13.jpg\",\"created_date\":\"2026-04-30 15:00:53\",\"is_downloaded\":0,\"is_using_remote\":1},{\"multimedia_type\":\"Picture\",\"picture_url\":\"https:\/\/fotos15.inmovilla.com\/12732\/28845495\/5-14.jpg\",\"position\":14,\"picture_id\":14,\"media_id\":143115,\"post_id\":194186,\"id\":14,\"attachment_id\":0,\"url\":\"https:\/\/fotos15.inmovilla.com\/12732\/28845495\/5-14.jpg\",\"basename\":\"5-14.jpg\",\"created_date\":\"2026-04-30 15:00:53\",\"is_downloaded\":0,\"is_using_remote\":1},{\"multimedia_type\":\"Picture\",\"picture_url\":\"https:\/\/fotos15.inmovilla.com\/12732\/28845495\/5-15.jpg\",\"position\":15,\"picture_id\":15,\"media_id\":143116,\"post_id\":194186,\"id\":15,\"attachment_id\":0,\"url\":\"https:\/\/fotos15.inmovilla.com\/12732\/28845495\/5-15.jpg\",\"basename\":\"5-15.jpg\",\"created_date\":\"2026-04-30 15:00:53\",\"is_downloaded\":0,\"is_using_remote\":1},{\"multimedia_type\":\"Picture\",\"picture_url\":\"https:\/\/fotos15.inmovilla.com\/12732\/28845495\/5-16.jpg\",\"position\":16,\"picture_id\":16,\"media_id\":143117,\"post_id\":194186,\"id\":16,\"attachment_id\":0,\"url\":\"https:\/\/fotos15.inmovilla.com\/12732\/28845495\/5-16.jpg\",\"basename\":\"5-16.jpg\",\"created_date\":\"2026-04-30 15:00:53\",\"is_downloaded\":0,\"is_using_remote\":1},{\"multimedia_type\":\"Picture\",\"picture_url\":\"https:\/\/fotos15.inmovilla.com\/12732\/28845495\/5-17.jpg\",\"position\":17,\"picture_id\":17,\"media_id\":143118,\"post_id\":194186,\"id\":17,\"attachment_id\":0,\"url\":\"https:\/\/fotos15.inmovilla.com\/12732\/28845495\/5-17.jpg\",\"basename\":\"5-17.jpg\",\"created_date\":\"2026-04-30 15:00:53\",\"is_downloaded\":0,\"is_using_remote\":1},{\"multimedia_type\":\"Picture\",\"picture_url\":\"https:\/\/fotos15.inmovilla.com\/12732\/28845495\/5-18.jpg\",\"position\":18,\"picture_id\":18,\"media_id\":143119,\"post_id\":194186,\"id\":18,\"attachment_id\":0,\"url\":\"https:\/\/fotos15.inmovilla.com\/12732\/28845495\/5-18.jpg\",\"basename\":\"5-18.jpg\",\"created_date\":\"2026-04-30 15:00:53\",\"is_downloaded\":0,\"is_using_remote\":1},{\"multimedia_type\":\"Picture\",\"picture_url\":\"https:\/\/fotos15.inmovilla.com\/12732\/28845495\/5-19.jpg\",\"position\":19,\"picture_id\":19,\"media_id\":143120,\"post_id\":194186,\"id\":19,\"attachment_id\":0,\"url\":\"https:\/\/fotos15.inmovilla.com\/12732\/28845495\/5-19.jpg\",\"basename\":\"5-19.jpg\",\"created_date\":\"2026-04-30 15:00:53\",\"is_downloaded\":0,\"is_using_remote\":1},{\"multimedia_type\":\"Picture\",\"picture_url\":\"https:\/\/fotos15.inmovilla.com\/12732\/28845495\/5-20.jpg\",\"position\":20,\"picture_id\":20,\"media_id\":143121,\"post_id\":194186,\"id\":20,\"attachment_id\":0,\"url\":\"https:\/\/fotos15.inmovilla.com\/12732\/28845495\/5-20.jpg\",\"basename\":\"5-20.jpg\",\"created_date\":\"2026-04-30 15:00:53\",\"is_downloaded\":0,\"is_using_remote\":1},{\"multimedia_type\":\"Picture\",\"picture_url\":\"https:\/\/fotos15.inmovilla.com\/12732\/28845495\/5-21.jpg\",\"position\":21,\"picture_id\":21,\"media_id\":143122,\"post_id\":194186,\"id\":21,\"attachment_id\":0,\"url\":\"https:\/\/fotos15.inmovilla.com\/12732\/28845495\/5-21.jpg\",\"basename\":\"5-21.jpg\",\"created_date\":\"2026-04-30 15:00:53\",\"is_downloaded\":0,\"is_using_remote\":1},{\"multimedia_type\":\"Picture\",\"picture_url\":\"https:\/\/fotos15.inmovilla.com\/12732\/28845495\/5-22.jpg\",\"position\":22,\"picture_id\":22,\"media_id\":143123,\"post_id\":194186,\"id\":22,\"attachment_id\":0,\"url\":\"https:\/\/fotos15.inmovilla.com\/12732\/28845495\/5-22.jpg\",\"basename\":\"5-22.jpg\",\"created_date\":\"2026-04-30 15:00:53\",\"is_downloaded\":0,\"is_using_remote\":1},{\"multimedia_type\":\"Picture\",\"picture_url\":\"https:\/\/fotos15.inmovilla.com\/12732\/28845495\/5-23.jpg\",\"position\":23,\"picture_id\":23,\"media_id\":143124,\"post_id\":194186,\"id\":23,\"attachment_id\":0,\"url\":\"https:\/\/fotos15.inmovilla.com\/12732\/28845495\/5-23.jpg\",\"basename\":\"5-23.jpg\",\"created_date\":\"2026-04-30 15:00:53\",\"is_downloaded\":0,\"is_using_remote\":1},{\"multimedia_type\":\"Picture\",\"picture_url\":\"https:\/\/fotos15.inmovilla.com\/12732\/28845495\/5-24.jpg\",\"position\":24,\"picture_id\":24,\"media_id\":143125,\"post_id\":194186,\"id\":24,\"attachment_id\":0,\"url\":\"https:\/\/fotos15.inmovilla.com\/12732\/28845495\/5-24.jpg\",\"basename\":\"5-24.jpg\",\"created_date\":\"2026-04-30 15:00:53\",\"is_downloaded\":0,\"is_using_remote\":1},{\"multimedia_type\":\"Picture\",\"picture_url\":\"https:\/\/fotos15.inmovilla.com\/12732\/28845495\/5-25.jpg\",\"position\":25,\"picture_id\":25,\"media_id\":143126,\"post_id\":194186,\"id\":25,\"attachment_id\":0,\"url\":\"https:\/\/fotos15.inmovilla.com\/12732\/28845495\/5-25.jpg\",\"basename\":\"5-25.jpg\",\"created_date\":\"2026-04-30 15:00:53\",\"is_downloaded\":0,\"is_using_remote\":1},{\"multimedia_type\":\"Picture\",\"picture_url\":\"https:\/\/fotos15.inmovilla.com\/12732\/28845495\/5-26.jpg\",\"position\":26,\"picture_id\":26,\"media_id\":143127,\"post_id\":194186,\"id\":26,\"attachment_id\":0,\"url\":\"https:\/\/fotos15.inmovilla.com\/12732\/28845495\/5-26.jpg\",\"basename\":\"5-26.jpg\",\"created_date\":\"2026-04-30 15:00:53\",\"is_downloaded\":0,\"is_using_remote\":1},{\"multimedia_type\":\"Picture\",\"picture_url\":\"https:\/\/fotos15.inmovilla.com\/12732\/28845495\/5-27.jpg\",\"position\":27,\"picture_id\":27,\"media_id\":143128,\"post_id\":194186,\"id\":27,\"attachment_id\":0,\"url\":\"https:\/\/fotos15.inmovilla.com\/12732\/28845495\/5-27.jpg\",\"basename\":\"5-27.jpg\",\"created_date\":\"2026-04-30 15:00:53\",\"is_downloaded\":0,\"is_using_remote\":1},{\"multimedia_type\":\"Picture\",\"picture_url\":\"https:\/\/fotos15.inmovilla.com\/12732\/28845495\/5-28.jpg\",\"position\":28,\"picture_id\":28,\"media_id\":143129,\"post_id\":194186,\"id\":28,\"attachment_id\":0,\"url\":\"https:\/\/fotos15.inmovilla.com\/12732\/28845495\/5-28.jpg\",\"basename\":\"5-28.jpg\",\"created_date\":\"2026-04-30 15:00:53\",\"is_downloaded\":0,\"is_using_remote\":1},{\"multimedia_type\":\"Picture\",\"picture_url\":\"https:\/\/fotos15.inmovilla.com\/12732\/28845495\/5-29.jpg\",\"position\":29,\"picture_id\":29,\"media_id\":143130,\"post_id\":194186,\"id\":29,\"attachment_id\":0,\"url\":\"https:\/\/fotos15.inmovilla.com\/12732\/28845495\/5-29.jpg\",\"basename\":\"5-29.jpg\",\"created_date\":\"2026-04-30 15:00:53\",\"is_downloaded\":0,\"is_using_remote\":1},{\"multimedia_type\":\"Picture\",\"picture_url\":\"https:\/\/fotos15.inmovilla.com\/12732\/28845495\/5-30.jpg\",\"position\":30,\"picture_id\":30,\"media_id\":143131,\"post_id\":194186,\"id\":30,\"attachment_id\":0,\"url\":\"https:\/\/fotos15.inmovilla.com\/12732\/28845495\/5-30.jpg\",\"basename\":\"5-30.jpg\",\"created_date\":\"2026-04-30 15:00:53\",\"is_downloaded\":0,\"is_using_remote\":1}]"],"_thumbnail_id":["194187"],"fave_property_images":["194187"],"apg_property_id":["28845495"],"_wpml_word_count":["182"],"_eael_post_view_count":["1"],"houzez_total_property_views":["1"],"houzez_views_by_date":["a:1:{s:10:\"04-30-2026\";i:1;}"],"houzez_recently_viewed":["2026-04-30 20:21:49"],"_elementor_page_assets":["a:0:{}"]},"yoast_head":"<!-- This site is optimized with the Yoast SEO plugin v27.5 - https:\/\/yoast.com\/product\/yoast-seo-wordpress\/ -->\n<title>ONLY E-MAIL!!! Beautiful first floor apartment with garage, no balcony, unfurnished, with 2 bedrooms and 2 bathrooms in a central location in Santany\u00ed. - RE\/MAX Drac<\/title>\n<meta name=\"robots\" content=\"index, follow, max-snippet:-1, max-image-preview:large, max-video-preview:-1\" \/>\n<link rel=\"canonical\" href=\"https:\/\/www.santanyi.net\/en\/property\/only-e-mail-beautiful-first-floor-apartment-with-garage-no-balcony-unfurnished-with-2-bedrooms-and-2-bathrooms-in-a-central-location-in-santanyi-2\/\" \/>\n<meta property=\"og:locale\" content=\"en_US\" \/>\n<meta property=\"og:type\" content=\"article\" \/>\n<meta property=\"og:title\" content=\"ONLY E-MAIL!!! Beautiful first floor apartment with garage, no balcony, unfurnished, with 2 bedrooms and 2 bathrooms in a central location in Santany\u00ed. - RE\/MAX Drac\" \/>\n<meta property=\"og:description\" content=\"This charming apartment is located on the first floor in the heart of Santany\u00ed. With a living area of \u200b\u200b103 m\u00b2, it is ready for immediate occupation. The apartment has two bedrooms with fitted wardrobes and two bathrooms with showers. The bright dining room offers direct access to the private garage and is equipped with [&hellip;]\" \/>\n<meta property=\"og:url\" content=\"https:\/\/www.santanyi.net\/en\/property\/only-e-mail-beautiful-first-floor-apartment-with-garage-no-balcony-unfurnished-with-2-bedrooms-and-2-bathrooms-in-a-central-location-in-santanyi-2\/\" \/>\n<meta property=\"og:site_name\" content=\"RE\/MAX Drac\" \/>\n<meta property=\"article:modified_time\" content=\"2026-04-30T16:47:39+00:00\" \/>\n<meta property=\"og:image\" content=\"https:\/\/www.santanyi.net\/wp-content\/uploads\/anaconda_property_media\/28845495-194186\/5-1.jpg\" \/>\n\t<meta property=\"og:image:width\" content=\"1024\" \/>\n\t<meta property=\"og:image:height\" content=\"768\" \/>\n\t<meta property=\"og:image:type\" content=\"image\/jpeg\" \/>\n<meta name=\"twitter:card\" content=\"summary_large_image\" \/>\n<meta name=\"twitter:label1\" content=\"Est. reading time\" \/>\n\t<meta name=\"twitter:data1\" content=\"1 minute\" \/>\n<script type=\"application\/ld+json\" class=\"yoast-schema-graph\">{\"@context\":\"https:\\\/\\\/schema.org\",\"@graph\":[{\"@type\":\"WebPage\",\"@id\":\"https:\\\/\\\/www.santanyi.net\\\/en\\\/property\\\/only-e-mail-beautiful-first-floor-apartment-with-garage-no-balcony-unfurnished-with-2-bedrooms-and-2-bathrooms-in-a-central-location-in-santanyi-2\\\/\",\"url\":\"https:\\\/\\\/www.santanyi.net\\\/en\\\/property\\\/only-e-mail-beautiful-first-floor-apartment-with-garage-no-balcony-unfurnished-with-2-bedrooms-and-2-bathrooms-in-a-central-location-in-santanyi-2\\\/\",\"name\":\"ONLY E-MAIL!!! Beautiful first floor apartment with garage, no balcony, unfurnished, with 2 bedrooms and 2 bathrooms in a central location in Santany\u00ed. - RE\\\/MAX Drac\",\"isPartOf\":{\"@id\":\"https:\\\/\\\/www.santanyi.net\\\/en\\\/#website\"},\"primaryImageOfPage\":{\"@id\":\"https:\\\/\\\/www.santanyi.net\\\/en\\\/property\\\/only-e-mail-beautiful-first-floor-apartment-with-garage-no-balcony-unfurnished-with-2-bedrooms-and-2-bathrooms-in-a-central-location-in-santanyi-2\\\/#primaryimage\"},\"image\":{\"@id\":\"https:\\\/\\\/www.santanyi.net\\\/en\\\/property\\\/only-e-mail-beautiful-first-floor-apartment-with-garage-no-balcony-unfurnished-with-2-bedrooms-and-2-bathrooms-in-a-central-location-in-santanyi-2\\\/#primaryimage\"},\"thumbnailUrl\":\"https:\\\/\\\/www.santanyi.net\\\/wp-content\\\/uploads\\\/anaconda_property_media\\\/28845495-194186\\\/5-1.jpg\",\"datePublished\":\"2026-04-30T15:00:52+00:00\",\"dateModified\":\"2026-04-30T16:47:39+00:00\",\"breadcrumb\":{\"@id\":\"https:\\\/\\\/www.santanyi.net\\\/en\\\/property\\\/only-e-mail-beautiful-first-floor-apartment-with-garage-no-balcony-unfurnished-with-2-bedrooms-and-2-bathrooms-in-a-central-location-in-santanyi-2\\\/#breadcrumb\"},\"inLanguage\":\"en-US\",\"potentialAction\":[{\"@type\":\"ReadAction\",\"target\":[\"https:\\\/\\\/www.santanyi.net\\\/en\\\/property\\\/only-e-mail-beautiful-first-floor-apartment-with-garage-no-balcony-unfurnished-with-2-bedrooms-and-2-bathrooms-in-a-central-location-in-santanyi-2\\\/\"]}]},{\"@type\":\"ImageObject\",\"inLanguage\":\"en-US\",\"@id\":\"https:\\\/\\\/www.santanyi.net\\\/en\\\/property\\\/only-e-mail-beautiful-first-floor-apartment-with-garage-no-balcony-unfurnished-with-2-bedrooms-and-2-bathrooms-in-a-central-location-in-santanyi-2\\\/#primaryimage\",\"url\":\"https:\\\/\\\/www.santanyi.net\\\/wp-content\\\/uploads\\\/anaconda_property_media\\\/28845495-194186\\\/5-1.jpg\",\"contentUrl\":\"https:\\\/\\\/www.santanyi.net\\\/wp-content\\\/uploads\\\/anaconda_property_media\\\/28845495-194186\\\/5-1.jpg\",\"width\":1024,\"height\":768},{\"@type\":\"BreadcrumbList\",\"@id\":\"https:\\\/\\\/www.santanyi.net\\\/en\\\/property\\\/only-e-mail-beautiful-first-floor-apartment-with-garage-no-balcony-unfurnished-with-2-bedrooms-and-2-bathrooms-in-a-central-location-in-santanyi-2\\\/#breadcrumb\",\"itemListElement\":[{\"@type\":\"ListItem\",\"position\":1,\"name\":\"Home\",\"item\":\"https:\\\/\\\/www.santanyi.net\\\/en\\\/\"},{\"@type\":\"ListItem\",\"position\":2,\"name\":\"Properties\",\"item\":\"https:\\\/\\\/www.santanyi.net\\\/en\\\/property\\\/\"},{\"@type\":\"ListItem\",\"position\":3,\"name\":\"ONLY E-MAIL!!! Beautiful first floor apartment with garage, no balcony, unfurnished, with 2 bedrooms and 2 bathrooms in a central location in Santany\u00ed.\"}]},{\"@type\":\"WebSite\",\"@id\":\"https:\\\/\\\/www.santanyi.net\\\/en\\\/#website\",\"url\":\"https:\\\/\\\/www.santanyi.net\\\/en\\\/\",\"name\":\"RE\\\/MAX Drac\",\"description\":\"\",\"publisher\":{\"@id\":\"https:\\\/\\\/www.santanyi.net\\\/en\\\/#organization\"},\"potentialAction\":[{\"@type\":\"SearchAction\",\"target\":{\"@type\":\"EntryPoint\",\"urlTemplate\":\"https:\\\/\\\/www.santanyi.net\\\/en\\\/?s={search_term_string}\"},\"query-input\":{\"@type\":\"PropertyValueSpecification\",\"valueRequired\":true,\"valueName\":\"search_term_string\"}}],\"inLanguage\":\"en-US\"},{\"@type\":\"Organization\",\"@id\":\"https:\\\/\\\/www.santanyi.net\\\/en\\\/#organization\",\"name\":\"RE\\\/MAX Drac\",\"url\":\"https:\\\/\\\/www.santanyi.net\\\/en\\\/\",\"logo\":{\"@type\":\"ImageObject\",\"inLanguage\":\"en-US\",\"@id\":\"https:\\\/\\\/www.santanyi.net\\\/en\\\/#\\\/schema\\\/logo\\\/image\\\/\",\"url\":\"https:\\\/\\\/www.santanyi.net\\\/wp-content\\\/uploads\\\/2025\\\/07\\\/logo-nuevo.png\",\"contentUrl\":\"https:\\\/\\\/www.santanyi.net\\\/wp-content\\\/uploads\\\/2025\\\/07\\\/logo-nuevo.png\",\"width\":295,\"height\":165,\"caption\":\"RE\\\/MAX Drac\"},\"image\":{\"@id\":\"https:\\\/\\\/www.santanyi.net\\\/en\\\/#\\\/schema\\\/logo\\\/image\\\/\"}}]}<\/script>\n<!-- \/ Yoast SEO plugin. -->","yoast_head_json":{"title":"ONLY E-MAIL!!! Beautiful first floor apartment with garage, no balcony, unfurnished, with 2 bedrooms and 2 bathrooms in a central location in Santany\u00ed. - RE\/MAX Drac","robots":{"index":"index","follow":"follow","max-snippet":"max-snippet:-1","max-image-preview":"max-image-preview:large","max-video-preview":"max-video-preview:-1"},"canonical":"https:\/\/www.santanyi.net\/en\/property\/only-e-mail-beautiful-first-floor-apartment-with-garage-no-balcony-unfurnished-with-2-bedrooms-and-2-bathrooms-in-a-central-location-in-santanyi-2\/","og_locale":"en_US","og_type":"article","og_title":"ONLY E-MAIL!!! Beautiful first floor apartment with garage, no balcony, unfurnished, with 2 bedrooms and 2 bathrooms in a central location in Santany\u00ed. - RE\/MAX Drac","og_description":"This charming apartment is located on the first floor in the heart of Santany\u00ed. With a living area of \u200b\u200b103 m\u00b2, it is ready for immediate occupation. The apartment has two bedrooms with fitted wardrobes and two bathrooms with showers. The bright dining room offers direct access to the private garage and is equipped with [&hellip;]","og_url":"https:\/\/www.santanyi.net\/en\/property\/only-e-mail-beautiful-first-floor-apartment-with-garage-no-balcony-unfurnished-with-2-bedrooms-and-2-bathrooms-in-a-central-location-in-santanyi-2\/","og_site_name":"RE\/MAX Drac","article_modified_time":"2026-04-30T16:47:39+00:00","og_image":[{"width":1024,"height":768,"url":"https:\/\/www.santanyi.net\/wp-content\/uploads\/anaconda_property_media\/28845495-194186\/5-1.jpg","type":"image\/jpeg"}],"twitter_card":"summary_large_image","twitter_misc":{"Est. reading time":"1 minute"},"schema":{"@context":"https:\/\/schema.org","@graph":[{"@type":"WebPage","@id":"https:\/\/www.santanyi.net\/en\/property\/only-e-mail-beautiful-first-floor-apartment-with-garage-no-balcony-unfurnished-with-2-bedrooms-and-2-bathrooms-in-a-central-location-in-santanyi-2\/","url":"https:\/\/www.santanyi.net\/en\/property\/only-e-mail-beautiful-first-floor-apartment-with-garage-no-balcony-unfurnished-with-2-bedrooms-and-2-bathrooms-in-a-central-location-in-santanyi-2\/","name":"ONLY E-MAIL!!! Beautiful first floor apartment with garage, no balcony, unfurnished, with 2 bedrooms and 2 bathrooms in a central location in Santany\u00ed. - RE\/MAX Drac","isPartOf":{"@id":"https:\/\/www.santanyi.net\/en\/#website"},"primaryImageOfPage":{"@id":"https:\/\/www.santanyi.net\/en\/property\/only-e-mail-beautiful-first-floor-apartment-with-garage-no-balcony-unfurnished-with-2-bedrooms-and-2-bathrooms-in-a-central-location-in-santanyi-2\/#primaryimage"},"image":{"@id":"https:\/\/www.santanyi.net\/en\/property\/only-e-mail-beautiful-first-floor-apartment-with-garage-no-balcony-unfurnished-with-2-bedrooms-and-2-bathrooms-in-a-central-location-in-santanyi-2\/#primaryimage"},"thumbnailUrl":"https:\/\/www.santanyi.net\/wp-content\/uploads\/anaconda_property_media\/28845495-194186\/5-1.jpg","datePublished":"2026-04-30T15:00:52+00:00","dateModified":"2026-04-30T16:47:39+00:00","breadcrumb":{"@id":"https:\/\/www.santanyi.net\/en\/property\/only-e-mail-beautiful-first-floor-apartment-with-garage-no-balcony-unfurnished-with-2-bedrooms-and-2-bathrooms-in-a-central-location-in-santanyi-2\/#breadcrumb"},"inLanguage":"en-US","potentialAction":[{"@type":"ReadAction","target":["https:\/\/www.santanyi.net\/en\/property\/only-e-mail-beautiful-first-floor-apartment-with-garage-no-balcony-unfurnished-with-2-bedrooms-and-2-bathrooms-in-a-central-location-in-santanyi-2\/"]}]},{"@type":"ImageObject","inLanguage":"en-US","@id":"https:\/\/www.santanyi.net\/en\/property\/only-e-mail-beautiful-first-floor-apartment-with-garage-no-balcony-unfurnished-with-2-bedrooms-and-2-bathrooms-in-a-central-location-in-santanyi-2\/#primaryimage","url":"https:\/\/www.santanyi.net\/wp-content\/uploads\/anaconda_property_media\/28845495-194186\/5-1.jpg","contentUrl":"https:\/\/www.santanyi.net\/wp-content\/uploads\/anaconda_property_media\/28845495-194186\/5-1.jpg","width":1024,"height":768},{"@type":"BreadcrumbList","@id":"https:\/\/www.santanyi.net\/en\/property\/only-e-mail-beautiful-first-floor-apartment-with-garage-no-balcony-unfurnished-with-2-bedrooms-and-2-bathrooms-in-a-central-location-in-santanyi-2\/#breadcrumb","itemListElement":[{"@type":"ListItem","position":1,"name":"Home","item":"https:\/\/www.santanyi.net\/en\/"},{"@type":"ListItem","position":2,"name":"Properties","item":"https:\/\/www.santanyi.net\/en\/property\/"},{"@type":"ListItem","position":3,"name":"ONLY E-MAIL!!! Beautiful first floor apartment with garage, no balcony, unfurnished, with 2 bedrooms and 2 bathrooms in a central location in Santany\u00ed."}]},{"@type":"WebSite","@id":"https:\/\/www.santanyi.net\/en\/#website","url":"https:\/\/www.santanyi.net\/en\/","name":"RE\/MAX Drac","description":"","publisher":{"@id":"https:\/\/www.santanyi.net\/en\/#organization"},"potentialAction":[{"@type":"SearchAction","target":{"@type":"EntryPoint","urlTemplate":"https:\/\/www.santanyi.net\/en\/?s={search_term_string}"},"query-input":{"@type":"PropertyValueSpecification","valueRequired":true,"valueName":"search_term_string"}}],"inLanguage":"en-US"},{"@type":"Organization","@id":"https:\/\/www.santanyi.net\/en\/#organization","name":"RE\/MAX Drac","url":"https:\/\/www.santanyi.net\/en\/","logo":{"@type":"ImageObject","inLanguage":"en-US","@id":"https:\/\/www.santanyi.net\/en\/#\/schema\/logo\/image\/","url":"https:\/\/www.santanyi.net\/wp-content\/uploads\/2025\/07\/logo-nuevo.png","contentUrl":"https:\/\/www.santanyi.net\/wp-content\/uploads\/2025\/07\/logo-nuevo.png","width":295,"height":165,"caption":"RE\/MAX Drac"},"image":{"@id":"https:\/\/www.santanyi.net\/en\/#\/schema\/logo\/image\/"}}]}},"_links":{"self":[{"href":"https:\/\/www.santanyi.net\/en\/wp-json\/wp\/v2\/properties\/194191","targetHints":{"allow":["GET"]}}],"collection":[{"href":"https:\/\/www.santanyi.net\/en\/wp-json\/wp\/v2\/properties"}],"about":[{"href":"https:\/\/www.santanyi.net\/en\/wp-json\/wp\/v2\/types\/property"}],"author":[{"embeddable":true,"href":"https:\/\/www.santanyi.net\/en\/wp-json\/wp\/v2\/users\/1"}],"version-history":[{"count":1,"href":"https:\/\/www.santanyi.net\/en\/wp-json\/wp\/v2\/properties\/194191\/revisions"}],"predecessor-version":[{"id":195223,"href":"https:\/\/www.santanyi.net\/en\/wp-json\/wp\/v2\/properties\/194191\/revisions\/195223"}],"wp:featuredmedia":[{"embeddable":true,"href":"https:\/\/www.santanyi.net\/en\/wp-json\/wp\/v2\/media\/194187"}],"wp:attachment":[{"href":"https:\/\/www.santanyi.net\/en\/wp-json\/wp\/v2\/media?parent=194191"}],"wp:term":[{"taxonomy":"property_type","embeddable":true,"href":"https:\/\/www.santanyi.net\/en\/wp-json\/wp\/v2\/property_type?post=194191"},{"taxonomy":"property_status","embeddable":true,"href":"https:\/\/www.santanyi.net\/en\/wp-json\/wp\/v2\/property_status?post=194191"},{"taxonomy":"property_feature","embeddable":true,"href":"https:\/\/www.santanyi.net\/en\/wp-json\/wp\/v2\/property_feature?post=194191"},{"taxonomy":"property_label","embeddable":true,"href":"https:\/\/www.santanyi.net\/en\/wp-json\/wp\/v2\/property_label?post=194191"},{"taxonomy":"property_country","embeddable":true,"href":"https:\/\/www.santanyi.net\/en\/wp-json\/wp\/v2\/property_country?post=194191"},{"taxonomy":"property_state","embeddable":true,"href":"https:\/\/www.santanyi.net\/en\/wp-json\/wp\/v2\/property_state?post=194191"},{"taxonomy":"property_city","embeddable":true,"href":"https:\/\/www.santanyi.net\/en\/wp-json\/wp\/v2\/property_city?post=194191"},{"taxonomy":"property_area","embeddable":true,"href":"https:\/\/www.santanyi.net\/en\/wp-json\/wp\/v2\/property_area?post=194191"}],"curies":[{"name":"wp","href":"https:\/\/api.w.org\/{rel}","templated":true}]}}