
{"id":195069,"date":"2026-04-30T15:07:25","date_gmt":"2026-04-30T15:07:25","guid":{"rendered":"https:\/\/www.santanyi.net\/property\/finca-mit-schoner-aussicht-in-der-nahe-von-palma\/"},"modified":"2026-04-30T16:52:24","modified_gmt":"2026-04-30T16:52:24","slug":"finca-mit-schoner-aussicht-in-der-nahe-von-palma-2","status":"publish","type":"property","link":"https:\/\/www.santanyi.net\/de\/property\/finca-mit-schoner-aussicht-in-der-nahe-von-palma-2\/","title":{"rendered":"Finca mit sch\u00f6ner Aussicht, in der N\u00e4he von Palma."},"content":{"rendered":"<p>Finca in mediterran Stil mit sehr sch\u00f6nem Blick auf die Bucht von Palma und wenige Minuten vom Flughafen entfernt.<\/p>\n","protected":false},"excerpt":{"rendered":"<p>Finca in mediterran Stil mit sehr sch\u00f6nem Blick auf die Bucht von Palma und wenige Minuten vom Flughafen entfernt.<\/p>\n","protected":false},"author":1,"featured_media":195063,"parent":0,"menu_order":0,"template":"","property_type":[2133],"property_status":[2096,2106],"property_feature":[],"property_label":[],"property_country":[],"property_state":[],"property_city":[638],"property_area":[639],"class_list":["post-195069","property","type-property","status-publish","has-post-thumbnail","hentry","property_type-casa-de","property_status-venta","property_status-venta-de","property_city-palma-de-mallorca","property_area-la-bonanova"],"acf":[],"property_meta":{"_apg_property_user_edited":["1"],"fave_property_id":["DRAC-CV1204DB"],"fave_property_location":["39.56944912,2.64994026,15"],"houzez_geolocation_lat":["39.56944912"],"houzez_geolocation_long":["2.64994026"],"fave_property_price":["1890000"],"fave_property_rent_or_sale":["sale"],"fave_property_year":[null],"fave_property_size_prefix":["m2"],"fave_property_land_postfix":["m2"],"fave_property_size":["500"],"fave_property_land":["8000"],"fave_property_bedrooms":["6"],"fave_property_map_address":["La Bonanova,  Palma de Mallorca"],"fave_property_address":[" , Palma De Mallorca "],"fave_property_zip":[""],"fave_property_postal_code":[""],"fave_property_map":["1"],"apg_is_using_remote_image_url":["1"],"apg_using_remote_image_urls":["[{\"multimedia_type\":\"Picture\",\"picture_url\":\"https:\/\/fotos15.inmovilla.com\/12732\/24620666\/1-1.jpg\",\"position\":1,\"picture_id\":1,\"media_id\":145128,\"post_id\":195062,\"id\":1,\"attachment_id\":0,\"url\":\"https:\/\/fotos15.inmovilla.com\/12732\/24620666\/1-1.jpg\",\"basename\":\"1-1.jpg\",\"created_date\":\"2026-04-30 15:07:25\",\"is_downloaded\":0,\"is_using_remote\":0},{\"multimedia_type\":\"Picture\",\"picture_url\":\"https:\/\/fotos15.inmovilla.com\/12732\/24620666\/1-2.jpg\",\"position\":2,\"picture_id\":2,\"media_id\":145129,\"post_id\":195062,\"id\":2,\"attachment_id\":0,\"url\":\"https:\/\/fotos15.inmovilla.com\/12732\/24620666\/1-2.jpg\",\"basename\":\"1-2.jpg\",\"created_date\":\"2026-04-30 15:07:25\",\"is_downloaded\":0,\"is_using_remote\":1},{\"multimedia_type\":\"Picture\",\"picture_url\":\"https:\/\/fotos15.inmovilla.com\/12732\/24620666\/1-3.jpg\",\"position\":3,\"picture_id\":3,\"media_id\":145130,\"post_id\":195062,\"id\":3,\"attachment_id\":0,\"url\":\"https:\/\/fotos15.inmovilla.com\/12732\/24620666\/1-3.jpg\",\"basename\":\"1-3.jpg\",\"created_date\":\"2026-04-30 15:07:25\",\"is_downloaded\":0,\"is_using_remote\":1},{\"multimedia_type\":\"Picture\",\"picture_url\":\"https:\/\/fotos15.inmovilla.com\/12732\/24620666\/1-4.jpg\",\"position\":4,\"picture_id\":4,\"media_id\":145131,\"post_id\":195062,\"id\":4,\"attachment_id\":0,\"url\":\"https:\/\/fotos15.inmovilla.com\/12732\/24620666\/1-4.jpg\",\"basename\":\"1-4.jpg\",\"created_date\":\"2026-04-30 15:07:25\",\"is_downloaded\":0,\"is_using_remote\":1},{\"multimedia_type\":\"Picture\",\"picture_url\":\"https:\/\/fotos15.inmovilla.com\/12732\/24620666\/1-5.jpg\",\"position\":5,\"picture_id\":5,\"media_id\":145132,\"post_id\":195062,\"id\":5,\"attachment_id\":0,\"url\":\"https:\/\/fotos15.inmovilla.com\/12732\/24620666\/1-5.jpg\",\"basename\":\"1-5.jpg\",\"created_date\":\"2026-04-30 15:07:26\",\"is_downloaded\":0,\"is_using_remote\":1},{\"multimedia_type\":\"Picture\",\"picture_url\":\"https:\/\/fotos15.inmovilla.com\/12732\/24620666\/1-6.jpg\",\"position\":6,\"picture_id\":6,\"media_id\":145133,\"post_id\":195062,\"id\":6,\"attachment_id\":0,\"url\":\"https:\/\/fotos15.inmovilla.com\/12732\/24620666\/1-6.jpg\",\"basename\":\"1-6.jpg\",\"created_date\":\"2026-04-30 15:07:26\",\"is_downloaded\":0,\"is_using_remote\":1},{\"multimedia_type\":\"Picture\",\"picture_url\":\"https:\/\/fotos15.inmovilla.com\/12732\/24620666\/1-7.jpg\",\"position\":7,\"picture_id\":7,\"media_id\":145134,\"post_id\":195062,\"id\":7,\"attachment_id\":0,\"url\":\"https:\/\/fotos15.inmovilla.com\/12732\/24620666\/1-7.jpg\",\"basename\":\"1-7.jpg\",\"created_date\":\"2026-04-30 15:07:26\",\"is_downloaded\":0,\"is_using_remote\":1},{\"multimedia_type\":\"Picture\",\"picture_url\":\"https:\/\/fotos15.inmovilla.com\/12732\/24620666\/1-8.jpg\",\"position\":8,\"picture_id\":8,\"media_id\":145135,\"post_id\":195062,\"id\":8,\"attachment_id\":0,\"url\":\"https:\/\/fotos15.inmovilla.com\/12732\/24620666\/1-8.jpg\",\"basename\":\"1-8.jpg\",\"created_date\":\"2026-04-30 15:07:26\",\"is_downloaded\":0,\"is_using_remote\":1},{\"multimedia_type\":\"Picture\",\"picture_url\":\"https:\/\/fotos15.inmovilla.com\/12732\/24620666\/1-9.jpg\",\"position\":9,\"picture_id\":9,\"media_id\":145136,\"post_id\":195062,\"id\":9,\"attachment_id\":0,\"url\":\"https:\/\/fotos15.inmovilla.com\/12732\/24620666\/1-9.jpg\",\"basename\":\"1-9.jpg\",\"created_date\":\"2026-04-30 15:07:26\",\"is_downloaded\":0,\"is_using_remote\":1},{\"multimedia_type\":\"Picture\",\"picture_url\":\"https:\/\/fotos15.inmovilla.com\/12732\/24620666\/1-10.jpg\",\"position\":10,\"picture_id\":10,\"media_id\":145137,\"post_id\":195062,\"id\":10,\"attachment_id\":0,\"url\":\"https:\/\/fotos15.inmovilla.com\/12732\/24620666\/1-10.jpg\",\"basename\":\"1-10.jpg\",\"created_date\":\"2026-04-30 15:07:26\",\"is_downloaded\":0,\"is_using_remote\":1},{\"multimedia_type\":\"Picture\",\"picture_url\":\"https:\/\/fotos15.inmovilla.com\/12732\/24620666\/1-11.jpg\",\"position\":11,\"picture_id\":11,\"media_id\":145138,\"post_id\":195062,\"id\":11,\"attachment_id\":0,\"url\":\"https:\/\/fotos15.inmovilla.com\/12732\/24620666\/1-11.jpg\",\"basename\":\"1-11.jpg\",\"created_date\":\"2026-04-30 15:07:26\",\"is_downloaded\":0,\"is_using_remote\":1},{\"multimedia_type\":\"Picture\",\"picture_url\":\"https:\/\/fotos15.inmovilla.com\/12732\/24620666\/1-12.jpg\",\"position\":12,\"picture_id\":12,\"media_id\":145139,\"post_id\":195062,\"id\":12,\"attachment_id\":0,\"url\":\"https:\/\/fotos15.inmovilla.com\/12732\/24620666\/1-12.jpg\",\"basename\":\"1-12.jpg\",\"created_date\":\"2026-04-30 15:07:26\",\"is_downloaded\":0,\"is_using_remote\":1},{\"multimedia_type\":\"Picture\",\"picture_url\":\"https:\/\/fotos15.inmovilla.com\/12732\/24620666\/1-13.jpg\",\"position\":13,\"picture_id\":13,\"media_id\":145140,\"post_id\":195062,\"id\":13,\"attachment_id\":0,\"url\":\"https:\/\/fotos15.inmovilla.com\/12732\/24620666\/1-13.jpg\",\"basename\":\"1-13.jpg\",\"created_date\":\"2026-04-30 15:07:26\",\"is_downloaded\":0,\"is_using_remote\":1},{\"multimedia_type\":\"Picture\",\"picture_url\":\"https:\/\/fotos15.inmovilla.com\/12732\/24620666\/1-14.jpg\",\"position\":14,\"picture_id\":14,\"media_id\":145141,\"post_id\":195062,\"id\":14,\"attachment_id\":0,\"url\":\"https:\/\/fotos15.inmovilla.com\/12732\/24620666\/1-14.jpg\",\"basename\":\"1-14.jpg\",\"created_date\":\"2026-04-30 15:07:26\",\"is_downloaded\":0,\"is_using_remote\":1},{\"multimedia_type\":\"Picture\",\"picture_url\":\"https:\/\/fotos15.inmovilla.com\/12732\/24620666\/1-15.jpg\",\"position\":15,\"picture_id\":15,\"media_id\":145142,\"post_id\":195062,\"id\":15,\"attachment_id\":0,\"url\":\"https:\/\/fotos15.inmovilla.com\/12732\/24620666\/1-15.jpg\",\"basename\":\"1-15.jpg\",\"created_date\":\"2026-04-30 15:07:26\",\"is_downloaded\":0,\"is_using_remote\":1},{\"multimedia_type\":\"Picture\",\"picture_url\":\"https:\/\/fotos15.inmovilla.com\/12732\/24620666\/1-16.jpg\",\"position\":16,\"picture_id\":16,\"media_id\":145143,\"post_id\":195062,\"id\":16,\"attachment_id\":0,\"url\":\"https:\/\/fotos15.inmovilla.com\/12732\/24620666\/1-16.jpg\",\"basename\":\"1-16.jpg\",\"created_date\":\"2026-04-30 15:07:26\",\"is_downloaded\":0,\"is_using_remote\":1},{\"multimedia_type\":\"Picture\",\"picture_url\":\"https:\/\/fotos15.inmovilla.com\/12732\/24620666\/1-17.jpg\",\"position\":17,\"picture_id\":17,\"media_id\":145144,\"post_id\":195062,\"id\":17,\"attachment_id\":0,\"url\":\"https:\/\/fotos15.inmovilla.com\/12732\/24620666\/1-17.jpg\",\"basename\":\"1-17.jpg\",\"created_date\":\"2026-04-30 15:07:26\",\"is_downloaded\":0,\"is_using_remote\":1},{\"multimedia_type\":\"Picture\",\"picture_url\":\"https:\/\/fotos15.inmovilla.com\/12732\/24620666\/1-18.jpg\",\"position\":18,\"picture_id\":18,\"media_id\":145145,\"post_id\":195062,\"id\":18,\"attachment_id\":0,\"url\":\"https:\/\/fotos15.inmovilla.com\/12732\/24620666\/1-18.jpg\",\"basename\":\"1-18.jpg\",\"created_date\":\"2026-04-30 15:07:26\",\"is_downloaded\":0,\"is_using_remote\":1},{\"multimedia_type\":\"Picture\",\"picture_url\":\"https:\/\/fotos15.inmovilla.com\/12732\/24620666\/1-19.jpg\",\"position\":19,\"picture_id\":19,\"media_id\":145146,\"post_id\":195062,\"id\":19,\"attachment_id\":0,\"url\":\"https:\/\/fotos15.inmovilla.com\/12732\/24620666\/1-19.jpg\",\"basename\":\"1-19.jpg\",\"created_date\":\"2026-04-30 15:07:26\",\"is_downloaded\":0,\"is_using_remote\":1},{\"multimedia_type\":\"Picture\",\"picture_url\":\"https:\/\/fotos15.inmovilla.com\/12732\/24620666\/1-20.jpg\",\"position\":20,\"picture_id\":20,\"media_id\":145147,\"post_id\":195062,\"id\":20,\"attachment_id\":0,\"url\":\"https:\/\/fotos15.inmovilla.com\/12732\/24620666\/1-20.jpg\",\"basename\":\"1-20.jpg\",\"created_date\":\"2026-04-30 15:07:26\",\"is_downloaded\":0,\"is_using_remote\":1},{\"multimedia_type\":\"Picture\",\"picture_url\":\"https:\/\/fotos15.inmovilla.com\/12732\/24620666\/1-21.jpg\",\"position\":21,\"picture_id\":21,\"media_id\":145148,\"post_id\":195062,\"id\":21,\"attachment_id\":0,\"url\":\"https:\/\/fotos15.inmovilla.com\/12732\/24620666\/1-21.jpg\",\"basename\":\"1-21.jpg\",\"created_date\":\"2026-04-30 15:07:26\",\"is_downloaded\":0,\"is_using_remote\":1},{\"multimedia_type\":\"Picture\",\"picture_url\":\"https:\/\/fotos15.inmovilla.com\/12732\/24620666\/1-22.jpg\",\"position\":22,\"picture_id\":22,\"media_id\":145149,\"post_id\":195062,\"id\":22,\"attachment_id\":0,\"url\":\"https:\/\/fotos15.inmovilla.com\/12732\/24620666\/1-22.jpg\",\"basename\":\"1-22.jpg\",\"created_date\":\"2026-04-30 15:07:26\",\"is_downloaded\":0,\"is_using_remote\":1},{\"multimedia_type\":\"Picture\",\"picture_url\":\"https:\/\/fotos15.inmovilla.com\/12732\/24620666\/1-23.jpg\",\"position\":23,\"picture_id\":23,\"media_id\":145150,\"post_id\":195062,\"id\":23,\"attachment_id\":0,\"url\":\"https:\/\/fotos15.inmovilla.com\/12732\/24620666\/1-23.jpg\",\"basename\":\"1-23.jpg\",\"created_date\":\"2026-04-30 15:07:26\",\"is_downloaded\":0,\"is_using_remote\":1},{\"multimedia_type\":\"Picture\",\"picture_url\":\"https:\/\/fotos15.inmovilla.com\/12732\/24620666\/1-24.jpg\",\"position\":24,\"picture_id\":24,\"media_id\":145151,\"post_id\":195062,\"id\":24,\"attachment_id\":0,\"url\":\"https:\/\/fotos15.inmovilla.com\/12732\/24620666\/1-24.jpg\",\"basename\":\"1-24.jpg\",\"created_date\":\"2026-04-30 15:07:26\",\"is_downloaded\":0,\"is_using_remote\":1},{\"multimedia_type\":\"Picture\",\"picture_url\":\"https:\/\/fotos15.inmovilla.com\/12732\/24620666\/1-25.jpg\",\"position\":25,\"picture_id\":25,\"media_id\":145152,\"post_id\":195062,\"id\":25,\"attachment_id\":0,\"url\":\"https:\/\/fotos15.inmovilla.com\/12732\/24620666\/1-25.jpg\",\"basename\":\"1-25.jpg\",\"created_date\":\"2026-04-30 15:07:26\",\"is_downloaded\":0,\"is_using_remote\":1},{\"multimedia_type\":\"Picture\",\"picture_url\":\"https:\/\/fotos15.inmovilla.com\/12732\/24620666\/1-26.jpg\",\"position\":26,\"picture_id\":26,\"media_id\":145153,\"post_id\":195062,\"id\":26,\"attachment_id\":0,\"url\":\"https:\/\/fotos15.inmovilla.com\/12732\/24620666\/1-26.jpg\",\"basename\":\"1-26.jpg\",\"created_date\":\"2026-04-30 15:07:26\",\"is_downloaded\":0,\"is_using_remote\":1},{\"multimedia_type\":\"Picture\",\"picture_url\":\"https:\/\/fotos15.inmovilla.com\/12732\/24620666\/1-27.jpg\",\"position\":27,\"picture_id\":27,\"media_id\":145154,\"post_id\":195062,\"id\":27,\"attachment_id\":0,\"url\":\"https:\/\/fotos15.inmovilla.com\/12732\/24620666\/1-27.jpg\",\"basename\":\"1-27.jpg\",\"created_date\":\"2026-04-30 15:07:26\",\"is_downloaded\":0,\"is_using_remote\":1},{\"multimedia_type\":\"Picture\",\"picture_url\":\"https:\/\/fotos15.inmovilla.com\/12732\/24620666\/1-28.jpg\",\"position\":28,\"picture_id\":28,\"media_id\":145155,\"post_id\":195062,\"id\":28,\"attachment_id\":0,\"url\":\"https:\/\/fotos15.inmovilla.com\/12732\/24620666\/1-28.jpg\",\"basename\":\"1-28.jpg\",\"created_date\":\"2026-04-30 15:07:26\",\"is_downloaded\":0,\"is_using_remote\":1},{\"multimedia_type\":\"Picture\",\"picture_url\":\"https:\/\/fotos15.inmovilla.com\/12732\/24620666\/1-29.jpg\",\"position\":29,\"picture_id\":29,\"media_id\":145156,\"post_id\":195062,\"id\":29,\"attachment_id\":0,\"url\":\"https:\/\/fotos15.inmovilla.com\/12732\/24620666\/1-29.jpg\",\"basename\":\"1-29.jpg\",\"created_date\":\"2026-04-30 15:07:26\",\"is_downloaded\":0,\"is_using_remote\":1}]"],"_thumbnail_id":["195063"],"fave_property_images":["195063"],"apg_property_id":["24620666"],"_wpml_word_count":["28"],"_eael_post_view_count":["2"],"houzez_total_property_views":["2"],"houzez_views_by_date":["a:2:{s:10:\"04-30-2026\";i:1;s:10:\"05-01-2026\";i:1;}"],"houzez_recently_viewed":["2026-05-01 01:12:32"],"_elementor_page_assets":["a:0:{}"]},"yoast_head":"<!-- This site is optimized with the Yoast SEO plugin v27.5 - https:\/\/yoast.com\/product\/yoast-seo-wordpress\/ -->\n<title>Finca mit sch\u00f6ner Aussicht, in der N\u00e4he von Palma. - RE\/MAX Drac<\/title>\n<meta name=\"robots\" content=\"index, follow, max-snippet:-1, max-image-preview:large, max-video-preview:-1\" \/>\n<link rel=\"canonical\" href=\"https:\/\/www.santanyi.net\/de\/property\/finca-mit-schoner-aussicht-in-der-nahe-von-palma-2\/\" \/>\n<meta property=\"og:locale\" content=\"de_DE\" \/>\n<meta property=\"og:type\" content=\"article\" \/>\n<meta property=\"og:title\" content=\"Finca mit sch\u00f6ner Aussicht, in der N\u00e4he von Palma. - RE\/MAX Drac\" \/>\n<meta property=\"og:description\" content=\"Finca in mediterran Stil mit sehr sch\u00f6nem Blick auf die Bucht von Palma und wenige Minuten vom Flughafen entfernt.\" \/>\n<meta property=\"og:url\" content=\"https:\/\/www.santanyi.net\/de\/property\/finca-mit-schoner-aussicht-in-der-nahe-von-palma-2\/\" \/>\n<meta property=\"og:site_name\" content=\"RE\/MAX Drac\" \/>\n<meta property=\"article:modified_time\" content=\"2026-04-30T16:52:24+00:00\" \/>\n<meta property=\"og:image\" content=\"https:\/\/www.santanyi.net\/wp-content\/uploads\/anaconda_property_media\/24620666-195062\/1-1.jpg\" \/>\n\t<meta property=\"og:image:width\" content=\"1600\" \/>\n\t<meta property=\"og:image:height\" content=\"1200\" \/>\n\t<meta property=\"og:image:type\" content=\"image\/jpeg\" \/>\n<meta name=\"twitter:card\" content=\"summary_large_image\" \/>\n<script type=\"application\/ld+json\" class=\"yoast-schema-graph\">{\"@context\":\"https:\\\/\\\/schema.org\",\"@graph\":[{\"@type\":\"WebPage\",\"@id\":\"https:\\\/\\\/www.santanyi.net\\\/de\\\/property\\\/finca-mit-schoner-aussicht-in-der-nahe-von-palma-2\\\/\",\"url\":\"https:\\\/\\\/www.santanyi.net\\\/de\\\/property\\\/finca-mit-schoner-aussicht-in-der-nahe-von-palma-2\\\/\",\"name\":\"Finca mit sch\u00f6ner Aussicht, in der N\u00e4he von Palma. - RE\\\/MAX Drac\",\"isPartOf\":{\"@id\":\"https:\\\/\\\/www.santanyi.net\\\/de\\\/#website\"},\"primaryImageOfPage\":{\"@id\":\"https:\\\/\\\/www.santanyi.net\\\/de\\\/property\\\/finca-mit-schoner-aussicht-in-der-nahe-von-palma-2\\\/#primaryimage\"},\"image\":{\"@id\":\"https:\\\/\\\/www.santanyi.net\\\/de\\\/property\\\/finca-mit-schoner-aussicht-in-der-nahe-von-palma-2\\\/#primaryimage\"},\"thumbnailUrl\":\"https:\\\/\\\/www.santanyi.net\\\/wp-content\\\/uploads\\\/anaconda_property_media\\\/24620666-195062\\\/1-1.jpg\",\"datePublished\":\"2026-04-30T15:07:25+00:00\",\"dateModified\":\"2026-04-30T16:52:24+00:00\",\"breadcrumb\":{\"@id\":\"https:\\\/\\\/www.santanyi.net\\\/de\\\/property\\\/finca-mit-schoner-aussicht-in-der-nahe-von-palma-2\\\/#breadcrumb\"},\"inLanguage\":\"de\",\"potentialAction\":[{\"@type\":\"ReadAction\",\"target\":[\"https:\\\/\\\/www.santanyi.net\\\/de\\\/property\\\/finca-mit-schoner-aussicht-in-der-nahe-von-palma-2\\\/\"]}]},{\"@type\":\"ImageObject\",\"inLanguage\":\"de\",\"@id\":\"https:\\\/\\\/www.santanyi.net\\\/de\\\/property\\\/finca-mit-schoner-aussicht-in-der-nahe-von-palma-2\\\/#primaryimage\",\"url\":\"https:\\\/\\\/www.santanyi.net\\\/wp-content\\\/uploads\\\/anaconda_property_media\\\/24620666-195062\\\/1-1.jpg\",\"contentUrl\":\"https:\\\/\\\/www.santanyi.net\\\/wp-content\\\/uploads\\\/anaconda_property_media\\\/24620666-195062\\\/1-1.jpg\",\"width\":1600,\"height\":1200},{\"@type\":\"BreadcrumbList\",\"@id\":\"https:\\\/\\\/www.santanyi.net\\\/de\\\/property\\\/finca-mit-schoner-aussicht-in-der-nahe-von-palma-2\\\/#breadcrumb\",\"itemListElement\":[{\"@type\":\"ListItem\",\"position\":1,\"name\":\"Home\",\"item\":\"https:\\\/\\\/www.santanyi.net\\\/de\\\/\"},{\"@type\":\"ListItem\",\"position\":2,\"name\":\"Eigenschaften\",\"item\":\"https:\\\/\\\/www.santanyi.net\\\/de\\\/property\\\/\"},{\"@type\":\"ListItem\",\"position\":3,\"name\":\"Finca mit sch\u00f6ner Aussicht, in der N\u00e4he von Palma.\"}]},{\"@type\":\"WebSite\",\"@id\":\"https:\\\/\\\/www.santanyi.net\\\/de\\\/#website\",\"url\":\"https:\\\/\\\/www.santanyi.net\\\/de\\\/\",\"name\":\"RE\\\/MAX Drac\",\"description\":\"\",\"publisher\":{\"@id\":\"https:\\\/\\\/www.santanyi.net\\\/de\\\/#organization\"},\"potentialAction\":[{\"@type\":\"SearchAction\",\"target\":{\"@type\":\"EntryPoint\",\"urlTemplate\":\"https:\\\/\\\/www.santanyi.net\\\/de\\\/?s={search_term_string}\"},\"query-input\":{\"@type\":\"PropertyValueSpecification\",\"valueRequired\":true,\"valueName\":\"search_term_string\"}}],\"inLanguage\":\"de\"},{\"@type\":\"Organization\",\"@id\":\"https:\\\/\\\/www.santanyi.net\\\/de\\\/#organization\",\"name\":\"RE\\\/MAX Drac\",\"url\":\"https:\\\/\\\/www.santanyi.net\\\/de\\\/\",\"logo\":{\"@type\":\"ImageObject\",\"inLanguage\":\"de\",\"@id\":\"https:\\\/\\\/www.santanyi.net\\\/de\\\/#\\\/schema\\\/logo\\\/image\\\/\",\"url\":\"https:\\\/\\\/www.santanyi.net\\\/wp-content\\\/uploads\\\/2025\\\/07\\\/logo-nuevo.png\",\"contentUrl\":\"https:\\\/\\\/www.santanyi.net\\\/wp-content\\\/uploads\\\/2025\\\/07\\\/logo-nuevo.png\",\"width\":295,\"height\":165,\"caption\":\"RE\\\/MAX Drac\"},\"image\":{\"@id\":\"https:\\\/\\\/www.santanyi.net\\\/de\\\/#\\\/schema\\\/logo\\\/image\\\/\"}}]}<\/script>\n<!-- \/ Yoast SEO plugin. -->","yoast_head_json":{"title":"Finca mit sch\u00f6ner Aussicht, in der N\u00e4he von Palma. - RE\/MAX Drac","robots":{"index":"index","follow":"follow","max-snippet":"max-snippet:-1","max-image-preview":"max-image-preview:large","max-video-preview":"max-video-preview:-1"},"canonical":"https:\/\/www.santanyi.net\/de\/property\/finca-mit-schoner-aussicht-in-der-nahe-von-palma-2\/","og_locale":"de_DE","og_type":"article","og_title":"Finca mit sch\u00f6ner Aussicht, in der N\u00e4he von Palma. - RE\/MAX Drac","og_description":"Finca in mediterran Stil mit sehr sch\u00f6nem Blick auf die Bucht von Palma und wenige Minuten vom Flughafen entfernt.","og_url":"https:\/\/www.santanyi.net\/de\/property\/finca-mit-schoner-aussicht-in-der-nahe-von-palma-2\/","og_site_name":"RE\/MAX Drac","article_modified_time":"2026-04-30T16:52:24+00:00","og_image":[{"width":1600,"height":1200,"url":"https:\/\/www.santanyi.net\/wp-content\/uploads\/anaconda_property_media\/24620666-195062\/1-1.jpg","type":"image\/jpeg"}],"twitter_card":"summary_large_image","schema":{"@context":"https:\/\/schema.org","@graph":[{"@type":"WebPage","@id":"https:\/\/www.santanyi.net\/de\/property\/finca-mit-schoner-aussicht-in-der-nahe-von-palma-2\/","url":"https:\/\/www.santanyi.net\/de\/property\/finca-mit-schoner-aussicht-in-der-nahe-von-palma-2\/","name":"Finca mit sch\u00f6ner Aussicht, in der N\u00e4he von Palma. - RE\/MAX Drac","isPartOf":{"@id":"https:\/\/www.santanyi.net\/de\/#website"},"primaryImageOfPage":{"@id":"https:\/\/www.santanyi.net\/de\/property\/finca-mit-schoner-aussicht-in-der-nahe-von-palma-2\/#primaryimage"},"image":{"@id":"https:\/\/www.santanyi.net\/de\/property\/finca-mit-schoner-aussicht-in-der-nahe-von-palma-2\/#primaryimage"},"thumbnailUrl":"https:\/\/www.santanyi.net\/wp-content\/uploads\/anaconda_property_media\/24620666-195062\/1-1.jpg","datePublished":"2026-04-30T15:07:25+00:00","dateModified":"2026-04-30T16:52:24+00:00","breadcrumb":{"@id":"https:\/\/www.santanyi.net\/de\/property\/finca-mit-schoner-aussicht-in-der-nahe-von-palma-2\/#breadcrumb"},"inLanguage":"de","potentialAction":[{"@type":"ReadAction","target":["https:\/\/www.santanyi.net\/de\/property\/finca-mit-schoner-aussicht-in-der-nahe-von-palma-2\/"]}]},{"@type":"ImageObject","inLanguage":"de","@id":"https:\/\/www.santanyi.net\/de\/property\/finca-mit-schoner-aussicht-in-der-nahe-von-palma-2\/#primaryimage","url":"https:\/\/www.santanyi.net\/wp-content\/uploads\/anaconda_property_media\/24620666-195062\/1-1.jpg","contentUrl":"https:\/\/www.santanyi.net\/wp-content\/uploads\/anaconda_property_media\/24620666-195062\/1-1.jpg","width":1600,"height":1200},{"@type":"BreadcrumbList","@id":"https:\/\/www.santanyi.net\/de\/property\/finca-mit-schoner-aussicht-in-der-nahe-von-palma-2\/#breadcrumb","itemListElement":[{"@type":"ListItem","position":1,"name":"Home","item":"https:\/\/www.santanyi.net\/de\/"},{"@type":"ListItem","position":2,"name":"Eigenschaften","item":"https:\/\/www.santanyi.net\/de\/property\/"},{"@type":"ListItem","position":3,"name":"Finca mit sch\u00f6ner Aussicht, in der N\u00e4he von Palma."}]},{"@type":"WebSite","@id":"https:\/\/www.santanyi.net\/de\/#website","url":"https:\/\/www.santanyi.net\/de\/","name":"RE\/MAX Drac","description":"","publisher":{"@id":"https:\/\/www.santanyi.net\/de\/#organization"},"potentialAction":[{"@type":"SearchAction","target":{"@type":"EntryPoint","urlTemplate":"https:\/\/www.santanyi.net\/de\/?s={search_term_string}"},"query-input":{"@type":"PropertyValueSpecification","valueRequired":true,"valueName":"search_term_string"}}],"inLanguage":"de"},{"@type":"Organization","@id":"https:\/\/www.santanyi.net\/de\/#organization","name":"RE\/MAX Drac","url":"https:\/\/www.santanyi.net\/de\/","logo":{"@type":"ImageObject","inLanguage":"de","@id":"https:\/\/www.santanyi.net\/de\/#\/schema\/logo\/image\/","url":"https:\/\/www.santanyi.net\/wp-content\/uploads\/2025\/07\/logo-nuevo.png","contentUrl":"https:\/\/www.santanyi.net\/wp-content\/uploads\/2025\/07\/logo-nuevo.png","width":295,"height":165,"caption":"RE\/MAX Drac"},"image":{"@id":"https:\/\/www.santanyi.net\/de\/#\/schema\/logo\/image\/"}}]}},"_links":{"self":[{"href":"https:\/\/www.santanyi.net\/de\/wp-json\/wp\/v2\/properties\/195069","targetHints":{"allow":["GET"]}}],"collection":[{"href":"https:\/\/www.santanyi.net\/de\/wp-json\/wp\/v2\/properties"}],"about":[{"href":"https:\/\/www.santanyi.net\/de\/wp-json\/wp\/v2\/types\/property"}],"author":[{"embeddable":true,"href":"https:\/\/www.santanyi.net\/de\/wp-json\/wp\/v2\/users\/1"}],"version-history":[{"count":1,"href":"https:\/\/www.santanyi.net\/de\/wp-json\/wp\/v2\/properties\/195069\/revisions"}],"predecessor-version":[{"id":195661,"href":"https:\/\/www.santanyi.net\/de\/wp-json\/wp\/v2\/properties\/195069\/revisions\/195661"}],"wp:featuredmedia":[{"embeddable":true,"href":"https:\/\/www.santanyi.net\/de\/wp-json\/wp\/v2\/media\/195063"}],"wp:attachment":[{"href":"https:\/\/www.santanyi.net\/de\/wp-json\/wp\/v2\/media?parent=195069"}],"wp:term":[{"taxonomy":"property_type","embeddable":true,"href":"https:\/\/www.santanyi.net\/de\/wp-json\/wp\/v2\/property_type?post=195069"},{"taxonomy":"property_status","embeddable":true,"href":"https:\/\/www.santanyi.net\/de\/wp-json\/wp\/v2\/property_status?post=195069"},{"taxonomy":"property_feature","embeddable":true,"href":"https:\/\/www.santanyi.net\/de\/wp-json\/wp\/v2\/property_feature?post=195069"},{"taxonomy":"property_label","embeddable":true,"href":"https:\/\/www.santanyi.net\/de\/wp-json\/wp\/v2\/property_label?post=195069"},{"taxonomy":"property_country","embeddable":true,"href":"https:\/\/www.santanyi.net\/de\/wp-json\/wp\/v2\/property_country?post=195069"},{"taxonomy":"property_state","embeddable":true,"href":"https:\/\/www.santanyi.net\/de\/wp-json\/wp\/v2\/property_state?post=195069"},{"taxonomy":"property_city","embeddable":true,"href":"https:\/\/www.santanyi.net\/de\/wp-json\/wp\/v2\/property_city?post=195069"},{"taxonomy":"property_area","embeddable":true,"href":"https:\/\/www.santanyi.net\/de\/wp-json\/wp\/v2\/property_area?post=195069"}],"curies":[{"name":"wp","href":"https:\/\/api.w.org\/{rel}","templated":true}]}}