
{"id":194957,"date":"2026-04-30T15:06:31","date_gmt":"2026-04-30T15:06:31","guid":{"rendered":"https:\/\/www.santanyi.net\/property\/exklusives-renoviertes-haus-in-zweiter-meereslinie-santanyi\/"},"modified":"2026-05-01T06:05:57","modified_gmt":"2026-05-01T06:05:57","slug":"exklusives-renoviertes-haus-in-zweiter-meereslinie-santanyi-2","status":"publish","type":"property","link":"https:\/\/www.santanyi.net\/de\/property\/exklusives-renoviertes-haus-in-zweiter-meereslinie-santanyi-2\/","title":{"rendered":"EXKLUSIVES, RENOVIERTES HAUS IN ZWEITER MEERESLINIE, SANTANY\u00cd"},"content":{"rendered":"<p>Erwerben Sie eine Meisterinvestition an der S\u00fcdk\u00fcste Mallorcas. Dieses unabh\u00e4ngige Haus, 2019 komplett mit modernem Design und hochwertigster Ausstattung saniert, liegt strategisch g\u00fcnstig in zweiter Meereslinie in der begehrten Cala Llombards. Es ist nicht nur ein stilvolles Refugium, sondern auch ein bew\u00e4hrter finanzieller Verm\u00f6genswert, da es \u00fcber die g\u00fcltige Touristische Vermietungslizenz (ETV) verf\u00fcgt.<\/p>\n<p>Die Wohnung bietet 83 m\u00b2 Nutzfl\u00e4che in einem offenen Konzept, das Wohn-Esszimmer und K\u00fcche integriert \u2013 letztere wurde von einem lokalen Spezialisten aus Santany\u00ed gefertigt. Es verf\u00fcgt \u00fcber zwei ger\u00e4umige Doppelschlafzimmer, beide mit Bad en Suite, was maximale Privatsph\u00e4re gew\u00e4hrleistet. F\u00fcr ganzj\u00e4hrigen Komfort ist das Haus mit Klimaanlage und hochwertigen elektrischen Heizk\u00f6rpern in allen R\u00e4umen ausgestattet.<\/p>\n<p>Die Au\u00dfenbereiche sind ein wahres privates Paradies. Das Kronjuwel ist der beheizte &#8220;Swim Spa&#8221; (4,5 m x 2,5 m), ein ger\u00e4umiger Jacuzzi mit Gegenstromanlage zum Schwimmen und Massaged\u00fcsen zur Entspannung. Der gro\u00dfe Au\u00dfenbereich beherbergt zudem eine Au\u00dfenk\u00fcche und mehrere Chill-out-Ecken sowie einen hellen &#8220;Wintergarten&#8221; (Invernadero), ideal f\u00fcr k\u00fchlere Tage. Eine praktische Garage vervollst\u00e4ndigt das Anwesen. Die Entspannung gipfelt auf der gro\u00dfen Dachterrasse mit Loungebereich und Beschattung, von wo aus Sie sehr gute Meerblicke genie\u00dfen k\u00f6nnen.<\/p>\n<p>Dies ist eine \u201eschl\u00fcsselfertige\u201c Investition: Es wird komplett ausgestattet und m\u00f6bliert verkauft, wobei die bestehenden Buchungen f\u00fcr 2026 \u00fcbernommen werden k\u00f6nnen. Dar\u00fcber hinaus besteht die M\u00f6glichkeit, den effizienten &#8220;Finca Service&#8221; beizubehalten, der Wartung, Reinigung und G\u00e4steempfang verwaltet. Das Anwesen liegt nur 80 Meter vom Meer entfernt. Der wundersch\u00f6ne Strand von Cala Llombards (wei\u00dfer Sand und t\u00fcrkisfarbenes Wasser) ist in wenigen Gehminuten erreichbar, und das Dorf Santany\u00ed mit allen Dienstleistungen ist 5 Autominuten entfernt.<\/p>\n<p>Sichern Sie sich Ihre Investition und Ihr Urlaubsdomizil im exklusivsten Enklave von Santany\u00ed.<\/p>\n","protected":false},"excerpt":{"rendered":"<p>Erwerben Sie eine Meisterinvestition an der S\u00fcdk\u00fcste Mallorcas. Dieses unabh\u00e4ngige Haus, 2019 komplett mit modernem Design und hochwertigster Ausstattung saniert, liegt strategisch g\u00fcnstig in zweiter Meereslinie in der begehrten Cala Llombards. Es ist nicht nur ein stilvolles Refugium, sondern auch ein bew\u00e4hrter finanzieller Verm\u00f6genswert, da es \u00fcber die g\u00fcltige Touristische Vermietungslizenz (ETV) verf\u00fcgt. Die Wohnung [&hellip;]<\/p>\n","protected":false},"author":1,"featured_media":194951,"parent":0,"menu_order":0,"template":"","property_type":[2170],"property_status":[2096,2106],"property_feature":[1765,1816,1851,1875,1975,1987,1820,1879,1937,1822,1944,1956,1826,1828,1900,1901,2000,2006,1942,1830,1902],"property_label":[],"property_country":[],"property_state":[],"property_city":[635],"property_area":[2240],"class_list":["post-194957","property","type-property","status-publish","has-post-thumbnail","hentry","property_type-adosado-de","property_status-venta","property_status-venta-de","property_feature-aire_con","property_feature-aire_con-de","property_feature-arma_empo","property_feature-arma_empo-de","property_feature-bombafriocalor","property_feature-bombafriocalor-de","property_feature-calefaccion-de","property_feature-cocina_inde-de","property_feature-costa-de","property_feature-electro-de","property_feature-jacuzzi","property_feature-jacuzzi-de","property_feature-muebles-de","property_feature-piscina_prop-de","property_feature-primera_line-de","property_feature-terraza-de","property_feature-tv","property_feature-tv-de","property_feature-urbanizacion-de","property_feature-vallado-de","property_feature-vistasalmar-de","property_city-santanyi","property_area-cala-llombards"],"acf":[],"property_meta":{"_apg_property_user_edited":["1"],"fave_property_id":["DRAC-CV1560GE"],"fave_property_location":["39.317862507,3.136009674,15"],"houzez_geolocation_lat":["39.317862507"],"houzez_geolocation_long":["3.136009674"],"fave_property_price":["699000"],"fave_property_rent_or_sale":["sale"],"fave_property_year":[null],"fave_property_size_prefix":["m2"],"fave_property_land_postfix":["m2"],"fave_property_size":["83"],"fave_property_land":["152"],"fave_property_bedrooms":["2"],"fave_property_bathrooms":["2"],"fave_property_garage":["2"],"fave_property_map_address":["Cala Llombards, 07690 Santany\u00ed"],"fave_property_address":[" , Santany\u00ed 07690"],"fave_property_zip":["07690"],"fave_property_postal_code":["07690"],"fave_property_map":["1"],"apg_is_using_remote_image_url":["1"],"apg_using_remote_image_urls":["[{\"multimedia_type\":\"Picture\",\"picture_url\":\"https:\/\/fotos15.inmovilla.com\/12732\/26998101\/11-1.jpg\",\"position\":1,\"picture_id\":1,\"media_id\":144986,\"post_id\":194950,\"id\":1,\"attachment_id\":0,\"url\":\"https:\/\/fotos15.inmovilla.com\/12732\/26998101\/11-1.jpg\",\"basename\":\"11-1.jpg\",\"created_date\":\"2026-04-30 15:06:31\",\"is_downloaded\":0,\"is_using_remote\":0},{\"multimedia_type\":\"Picture\",\"picture_url\":\"https:\/\/fotos15.inmovilla.com\/12732\/26998101\/11-2.jpg\",\"position\":2,\"picture_id\":2,\"media_id\":144987,\"post_id\":194950,\"id\":2,\"attachment_id\":0,\"url\":\"https:\/\/fotos15.inmovilla.com\/12732\/26998101\/11-2.jpg\",\"basename\":\"11-2.jpg\",\"created_date\":\"2026-04-30 15:06:31\",\"is_downloaded\":0,\"is_using_remote\":1},{\"multimedia_type\":\"Picture\",\"picture_url\":\"https:\/\/fotos15.inmovilla.com\/12732\/26998101\/11-3.jpg\",\"position\":3,\"picture_id\":3,\"media_id\":144988,\"post_id\":194950,\"id\":3,\"attachment_id\":0,\"url\":\"https:\/\/fotos15.inmovilla.com\/12732\/26998101\/11-3.jpg\",\"basename\":\"11-3.jpg\",\"created_date\":\"2026-04-30 15:06:31\",\"is_downloaded\":0,\"is_using_remote\":1},{\"multimedia_type\":\"Picture\",\"picture_url\":\"https:\/\/fotos15.inmovilla.com\/12732\/26998101\/11-4.jpg\",\"position\":4,\"picture_id\":4,\"media_id\":144989,\"post_id\":194950,\"id\":4,\"attachment_id\":0,\"url\":\"https:\/\/fotos15.inmovilla.com\/12732\/26998101\/11-4.jpg\",\"basename\":\"11-4.jpg\",\"created_date\":\"2026-04-30 15:06:31\",\"is_downloaded\":0,\"is_using_remote\":1},{\"multimedia_type\":\"Picture\",\"picture_url\":\"https:\/\/fotos15.inmovilla.com\/12732\/26998101\/11-5.jpg\",\"position\":5,\"picture_id\":5,\"media_id\":144990,\"post_id\":194950,\"id\":5,\"attachment_id\":0,\"url\":\"https:\/\/fotos15.inmovilla.com\/12732\/26998101\/11-5.jpg\",\"basename\":\"11-5.jpg\",\"created_date\":\"2026-04-30 15:06:31\",\"is_downloaded\":0,\"is_using_remote\":1},{\"multimedia_type\":\"Picture\",\"picture_url\":\"https:\/\/fotos15.inmovilla.com\/12732\/26998101\/11-6.jpg\",\"position\":6,\"picture_id\":6,\"media_id\":144991,\"post_id\":194950,\"id\":6,\"attachment_id\":0,\"url\":\"https:\/\/fotos15.inmovilla.com\/12732\/26998101\/11-6.jpg\",\"basename\":\"11-6.jpg\",\"created_date\":\"2026-04-30 15:06:31\",\"is_downloaded\":0,\"is_using_remote\":1},{\"multimedia_type\":\"Picture\",\"picture_url\":\"https:\/\/fotos15.inmovilla.com\/12732\/26998101\/11-7.jpg\",\"position\":7,\"picture_id\":7,\"media_id\":144992,\"post_id\":194950,\"id\":7,\"attachment_id\":0,\"url\":\"https:\/\/fotos15.inmovilla.com\/12732\/26998101\/11-7.jpg\",\"basename\":\"11-7.jpg\",\"created_date\":\"2026-04-30 15:06:31\",\"is_downloaded\":0,\"is_using_remote\":1},{\"multimedia_type\":\"Picture\",\"picture_url\":\"https:\/\/fotos15.inmovilla.com\/12732\/26998101\/11-8.jpg\",\"position\":8,\"picture_id\":8,\"media_id\":144993,\"post_id\":194950,\"id\":8,\"attachment_id\":0,\"url\":\"https:\/\/fotos15.inmovilla.com\/12732\/26998101\/11-8.jpg\",\"basename\":\"11-8.jpg\",\"created_date\":\"2026-04-30 15:06:31\",\"is_downloaded\":0,\"is_using_remote\":1},{\"multimedia_type\":\"Picture\",\"picture_url\":\"https:\/\/fotos15.inmovilla.com\/12732\/26998101\/11-9.jpg\",\"position\":9,\"picture_id\":9,\"media_id\":144994,\"post_id\":194950,\"id\":9,\"attachment_id\":0,\"url\":\"https:\/\/fotos15.inmovilla.com\/12732\/26998101\/11-9.jpg\",\"basename\":\"11-9.jpg\",\"created_date\":\"2026-04-30 15:06:31\",\"is_downloaded\":0,\"is_using_remote\":1},{\"multimedia_type\":\"Picture\",\"picture_url\":\"https:\/\/fotos15.inmovilla.com\/12732\/26998101\/11-10.jpg\",\"position\":10,\"picture_id\":10,\"media_id\":144995,\"post_id\":194950,\"id\":10,\"attachment_id\":0,\"url\":\"https:\/\/fotos15.inmovilla.com\/12732\/26998101\/11-10.jpg\",\"basename\":\"11-10.jpg\",\"created_date\":\"2026-04-30 15:06:31\",\"is_downloaded\":0,\"is_using_remote\":1},{\"multimedia_type\":\"Picture\",\"picture_url\":\"https:\/\/fotos15.inmovilla.com\/12732\/26998101\/11-11.jpg\",\"position\":11,\"picture_id\":11,\"media_id\":144996,\"post_id\":194950,\"id\":11,\"attachment_id\":0,\"url\":\"https:\/\/fotos15.inmovilla.com\/12732\/26998101\/11-11.jpg\",\"basename\":\"11-11.jpg\",\"created_date\":\"2026-04-30 15:06:31\",\"is_downloaded\":0,\"is_using_remote\":1},{\"multimedia_type\":\"Picture\",\"picture_url\":\"https:\/\/fotos15.inmovilla.com\/12732\/26998101\/11-12.jpg\",\"position\":12,\"picture_id\":12,\"media_id\":144997,\"post_id\":194950,\"id\":12,\"attachment_id\":0,\"url\":\"https:\/\/fotos15.inmovilla.com\/12732\/26998101\/11-12.jpg\",\"basename\":\"11-12.jpg\",\"created_date\":\"2026-04-30 15:06:31\",\"is_downloaded\":0,\"is_using_remote\":1},{\"multimedia_type\":\"Picture\",\"picture_url\":\"https:\/\/fotos15.inmovilla.com\/12732\/26998101\/11-13.jpg\",\"position\":13,\"picture_id\":13,\"media_id\":144998,\"post_id\":194950,\"id\":13,\"attachment_id\":0,\"url\":\"https:\/\/fotos15.inmovilla.com\/12732\/26998101\/11-13.jpg\",\"basename\":\"11-13.jpg\",\"created_date\":\"2026-04-30 15:06:31\",\"is_downloaded\":0,\"is_using_remote\":1},{\"multimedia_type\":\"Picture\",\"picture_url\":\"https:\/\/fotos15.inmovilla.com\/12732\/26998101\/11-14.jpg\",\"position\":14,\"picture_id\":14,\"media_id\":144999,\"post_id\":194950,\"id\":14,\"attachment_id\":0,\"url\":\"https:\/\/fotos15.inmovilla.com\/12732\/26998101\/11-14.jpg\",\"basename\":\"11-14.jpg\",\"created_date\":\"2026-04-30 15:06:31\",\"is_downloaded\":0,\"is_using_remote\":1},{\"multimedia_type\":\"Picture\",\"picture_url\":\"https:\/\/fotos15.inmovilla.com\/12732\/26998101\/11-15.jpg\",\"position\":15,\"picture_id\":15,\"media_id\":145000,\"post_id\":194950,\"id\":15,\"attachment_id\":0,\"url\":\"https:\/\/fotos15.inmovilla.com\/12732\/26998101\/11-15.jpg\",\"basename\":\"11-15.jpg\",\"created_date\":\"2026-04-30 15:06:31\",\"is_downloaded\":0,\"is_using_remote\":1},{\"multimedia_type\":\"Picture\",\"picture_url\":\"https:\/\/fotos15.inmovilla.com\/12732\/26998101\/11-16.jpg\",\"position\":16,\"picture_id\":16,\"media_id\":145001,\"post_id\":194950,\"id\":16,\"attachment_id\":0,\"url\":\"https:\/\/fotos15.inmovilla.com\/12732\/26998101\/11-16.jpg\",\"basename\":\"11-16.jpg\",\"created_date\":\"2026-04-30 15:06:31\",\"is_downloaded\":0,\"is_using_remote\":1},{\"multimedia_type\":\"Picture\",\"picture_url\":\"https:\/\/fotos15.inmovilla.com\/12732\/26998101\/11-17.jpg\",\"position\":17,\"picture_id\":17,\"media_id\":145002,\"post_id\":194950,\"id\":17,\"attachment_id\":0,\"url\":\"https:\/\/fotos15.inmovilla.com\/12732\/26998101\/11-17.jpg\",\"basename\":\"11-17.jpg\",\"created_date\":\"2026-04-30 15:06:31\",\"is_downloaded\":0,\"is_using_remote\":1}]"],"_thumbnail_id":["194951"],"fave_property_images":["194951"],"apg_property_id":["26998101"],"_wpml_word_count":["370"],"_eael_post_view_count":["3"],"houzez_total_property_views":["3"],"houzez_views_by_date":["a:2:{s:10:\"04-30-2026\";i:1;s:10:\"05-01-2026\";i:2;}"],"houzez_recently_viewed":["2026-05-01 07:33:58"],"_elementor_page_assets":["a:0:{}"]},"yoast_head":"<!-- This site is optimized with the Yoast SEO plugin v27.5 - https:\/\/yoast.com\/product\/yoast-seo-wordpress\/ -->\n<title>EXKLUSIVES, RENOVIERTES HAUS IN ZWEITER MEERESLINIE, SANTANY\u00cd - RE\/MAX Drac<\/title>\n<meta name=\"robots\" content=\"index, follow, max-snippet:-1, max-image-preview:large, max-video-preview:-1\" \/>\n<link rel=\"canonical\" href=\"https:\/\/www.santanyi.net\/de\/property\/exklusives-renoviertes-haus-in-zweiter-meereslinie-santanyi-2\/\" \/>\n<meta property=\"og:locale\" content=\"de_DE\" \/>\n<meta property=\"og:type\" content=\"article\" \/>\n<meta property=\"og:title\" content=\"EXKLUSIVES, RENOVIERTES HAUS IN ZWEITER MEERESLINIE, SANTANY\u00cd - RE\/MAX Drac\" \/>\n<meta property=\"og:description\" content=\"Erwerben Sie eine Meisterinvestition an der S\u00fcdk\u00fcste Mallorcas. Dieses unabh\u00e4ngige Haus, 2019 komplett mit modernem Design und hochwertigster Ausstattung saniert, liegt strategisch g\u00fcnstig in zweiter Meereslinie in der begehrten Cala Llombards. Es ist nicht nur ein stilvolles Refugium, sondern auch ein bew\u00e4hrter finanzieller Verm\u00f6genswert, da es \u00fcber die g\u00fcltige Touristische Vermietungslizenz (ETV) verf\u00fcgt. Die Wohnung [&hellip;]\" \/>\n<meta property=\"og:url\" content=\"https:\/\/www.santanyi.net\/de\/property\/exklusives-renoviertes-haus-in-zweiter-meereslinie-santanyi-2\/\" \/>\n<meta property=\"og:site_name\" content=\"RE\/MAX Drac\" \/>\n<meta property=\"article:modified_time\" content=\"2026-05-01T06:05:57+00:00\" \/>\n<meta property=\"og:image\" content=\"https:\/\/www.santanyi.net\/wp-content\/uploads\/anaconda_property_media\/26998101-194950\/11-1.jpg\" \/>\n\t<meta property=\"og:image:width\" content=\"1920\" \/>\n\t<meta property=\"og:image:height\" content=\"1080\" \/>\n\t<meta property=\"og:image:type\" content=\"image\/jpeg\" \/>\n<meta name=\"twitter:card\" content=\"summary_large_image\" \/>\n<meta name=\"twitter:label1\" content=\"Gesch\u00e4tzte Lesezeit\" \/>\n\t<meta name=\"twitter:data1\" content=\"2\u00a0Minuten\" \/>\n<script type=\"application\/ld+json\" class=\"yoast-schema-graph\">{\"@context\":\"https:\\\/\\\/schema.org\",\"@graph\":[{\"@type\":\"WebPage\",\"@id\":\"https:\\\/\\\/www.santanyi.net\\\/de\\\/property\\\/exklusives-renoviertes-haus-in-zweiter-meereslinie-santanyi-2\\\/\",\"url\":\"https:\\\/\\\/www.santanyi.net\\\/de\\\/property\\\/exklusives-renoviertes-haus-in-zweiter-meereslinie-santanyi-2\\\/\",\"name\":\"EXKLUSIVES, RENOVIERTES HAUS IN ZWEITER MEERESLINIE, SANTANY\u00cd - RE\\\/MAX Drac\",\"isPartOf\":{\"@id\":\"https:\\\/\\\/www.santanyi.net\\\/de\\\/#website\"},\"primaryImageOfPage\":{\"@id\":\"https:\\\/\\\/www.santanyi.net\\\/de\\\/property\\\/exklusives-renoviertes-haus-in-zweiter-meereslinie-santanyi-2\\\/#primaryimage\"},\"image\":{\"@id\":\"https:\\\/\\\/www.santanyi.net\\\/de\\\/property\\\/exklusives-renoviertes-haus-in-zweiter-meereslinie-santanyi-2\\\/#primaryimage\"},\"thumbnailUrl\":\"https:\\\/\\\/www.santanyi.net\\\/wp-content\\\/uploads\\\/anaconda_property_media\\\/26998101-194950\\\/11-1.jpg\",\"datePublished\":\"2026-04-30T15:06:31+00:00\",\"dateModified\":\"2026-05-01T06:05:57+00:00\",\"breadcrumb\":{\"@id\":\"https:\\\/\\\/www.santanyi.net\\\/de\\\/property\\\/exklusives-renoviertes-haus-in-zweiter-meereslinie-santanyi-2\\\/#breadcrumb\"},\"inLanguage\":\"de\",\"potentialAction\":[{\"@type\":\"ReadAction\",\"target\":[\"https:\\\/\\\/www.santanyi.net\\\/de\\\/property\\\/exklusives-renoviertes-haus-in-zweiter-meereslinie-santanyi-2\\\/\"]}]},{\"@type\":\"ImageObject\",\"inLanguage\":\"de\",\"@id\":\"https:\\\/\\\/www.santanyi.net\\\/de\\\/property\\\/exklusives-renoviertes-haus-in-zweiter-meereslinie-santanyi-2\\\/#primaryimage\",\"url\":\"https:\\\/\\\/www.santanyi.net\\\/wp-content\\\/uploads\\\/anaconda_property_media\\\/26998101-194950\\\/11-1.jpg\",\"contentUrl\":\"https:\\\/\\\/www.santanyi.net\\\/wp-content\\\/uploads\\\/anaconda_property_media\\\/26998101-194950\\\/11-1.jpg\",\"width\":1920,\"height\":1080},{\"@type\":\"BreadcrumbList\",\"@id\":\"https:\\\/\\\/www.santanyi.net\\\/de\\\/property\\\/exklusives-renoviertes-haus-in-zweiter-meereslinie-santanyi-2\\\/#breadcrumb\",\"itemListElement\":[{\"@type\":\"ListItem\",\"position\":1,\"name\":\"Home\",\"item\":\"https:\\\/\\\/www.santanyi.net\\\/de\\\/\"},{\"@type\":\"ListItem\",\"position\":2,\"name\":\"Eigenschaften\",\"item\":\"https:\\\/\\\/www.santanyi.net\\\/de\\\/property\\\/\"},{\"@type\":\"ListItem\",\"position\":3,\"name\":\"EXKLUSIVES, RENOVIERTES HAUS IN ZWEITER MEERESLINIE, SANTANY\u00cd\"}]},{\"@type\":\"WebSite\",\"@id\":\"https:\\\/\\\/www.santanyi.net\\\/de\\\/#website\",\"url\":\"https:\\\/\\\/www.santanyi.net\\\/de\\\/\",\"name\":\"RE\\\/MAX Drac\",\"description\":\"\",\"publisher\":{\"@id\":\"https:\\\/\\\/www.santanyi.net\\\/de\\\/#organization\"},\"potentialAction\":[{\"@type\":\"SearchAction\",\"target\":{\"@type\":\"EntryPoint\",\"urlTemplate\":\"https:\\\/\\\/www.santanyi.net\\\/de\\\/?s={search_term_string}\"},\"query-input\":{\"@type\":\"PropertyValueSpecification\",\"valueRequired\":true,\"valueName\":\"search_term_string\"}}],\"inLanguage\":\"de\"},{\"@type\":\"Organization\",\"@id\":\"https:\\\/\\\/www.santanyi.net\\\/de\\\/#organization\",\"name\":\"RE\\\/MAX Drac\",\"url\":\"https:\\\/\\\/www.santanyi.net\\\/de\\\/\",\"logo\":{\"@type\":\"ImageObject\",\"inLanguage\":\"de\",\"@id\":\"https:\\\/\\\/www.santanyi.net\\\/de\\\/#\\\/schema\\\/logo\\\/image\\\/\",\"url\":\"https:\\\/\\\/www.santanyi.net\\\/wp-content\\\/uploads\\\/2025\\\/07\\\/logo-nuevo.png\",\"contentUrl\":\"https:\\\/\\\/www.santanyi.net\\\/wp-content\\\/uploads\\\/2025\\\/07\\\/logo-nuevo.png\",\"width\":295,\"height\":165,\"caption\":\"RE\\\/MAX Drac\"},\"image\":{\"@id\":\"https:\\\/\\\/www.santanyi.net\\\/de\\\/#\\\/schema\\\/logo\\\/image\\\/\"}}]}<\/script>\n<!-- \/ Yoast SEO plugin. -->","yoast_head_json":{"title":"EXKLUSIVES, RENOVIERTES HAUS IN ZWEITER MEERESLINIE, SANTANY\u00cd - RE\/MAX Drac","robots":{"index":"index","follow":"follow","max-snippet":"max-snippet:-1","max-image-preview":"max-image-preview:large","max-video-preview":"max-video-preview:-1"},"canonical":"https:\/\/www.santanyi.net\/de\/property\/exklusives-renoviertes-haus-in-zweiter-meereslinie-santanyi-2\/","og_locale":"de_DE","og_type":"article","og_title":"EXKLUSIVES, RENOVIERTES HAUS IN ZWEITER MEERESLINIE, SANTANY\u00cd - RE\/MAX Drac","og_description":"Erwerben Sie eine Meisterinvestition an der S\u00fcdk\u00fcste Mallorcas. Dieses unabh\u00e4ngige Haus, 2019 komplett mit modernem Design und hochwertigster Ausstattung saniert, liegt strategisch g\u00fcnstig in zweiter Meereslinie in der begehrten Cala Llombards. Es ist nicht nur ein stilvolles Refugium, sondern auch ein bew\u00e4hrter finanzieller Verm\u00f6genswert, da es \u00fcber die g\u00fcltige Touristische Vermietungslizenz (ETV) verf\u00fcgt. Die Wohnung [&hellip;]","og_url":"https:\/\/www.santanyi.net\/de\/property\/exklusives-renoviertes-haus-in-zweiter-meereslinie-santanyi-2\/","og_site_name":"RE\/MAX Drac","article_modified_time":"2026-05-01T06:05:57+00:00","og_image":[{"width":1920,"height":1080,"url":"https:\/\/www.santanyi.net\/wp-content\/uploads\/anaconda_property_media\/26998101-194950\/11-1.jpg","type":"image\/jpeg"}],"twitter_card":"summary_large_image","twitter_misc":{"Gesch\u00e4tzte Lesezeit":"2\u00a0Minuten"},"schema":{"@context":"https:\/\/schema.org","@graph":[{"@type":"WebPage","@id":"https:\/\/www.santanyi.net\/de\/property\/exklusives-renoviertes-haus-in-zweiter-meereslinie-santanyi-2\/","url":"https:\/\/www.santanyi.net\/de\/property\/exklusives-renoviertes-haus-in-zweiter-meereslinie-santanyi-2\/","name":"EXKLUSIVES, RENOVIERTES HAUS IN ZWEITER MEERESLINIE, SANTANY\u00cd - RE\/MAX Drac","isPartOf":{"@id":"https:\/\/www.santanyi.net\/de\/#website"},"primaryImageOfPage":{"@id":"https:\/\/www.santanyi.net\/de\/property\/exklusives-renoviertes-haus-in-zweiter-meereslinie-santanyi-2\/#primaryimage"},"image":{"@id":"https:\/\/www.santanyi.net\/de\/property\/exklusives-renoviertes-haus-in-zweiter-meereslinie-santanyi-2\/#primaryimage"},"thumbnailUrl":"https:\/\/www.santanyi.net\/wp-content\/uploads\/anaconda_property_media\/26998101-194950\/11-1.jpg","datePublished":"2026-04-30T15:06:31+00:00","dateModified":"2026-05-01T06:05:57+00:00","breadcrumb":{"@id":"https:\/\/www.santanyi.net\/de\/property\/exklusives-renoviertes-haus-in-zweiter-meereslinie-santanyi-2\/#breadcrumb"},"inLanguage":"de","potentialAction":[{"@type":"ReadAction","target":["https:\/\/www.santanyi.net\/de\/property\/exklusives-renoviertes-haus-in-zweiter-meereslinie-santanyi-2\/"]}]},{"@type":"ImageObject","inLanguage":"de","@id":"https:\/\/www.santanyi.net\/de\/property\/exklusives-renoviertes-haus-in-zweiter-meereslinie-santanyi-2\/#primaryimage","url":"https:\/\/www.santanyi.net\/wp-content\/uploads\/anaconda_property_media\/26998101-194950\/11-1.jpg","contentUrl":"https:\/\/www.santanyi.net\/wp-content\/uploads\/anaconda_property_media\/26998101-194950\/11-1.jpg","width":1920,"height":1080},{"@type":"BreadcrumbList","@id":"https:\/\/www.santanyi.net\/de\/property\/exklusives-renoviertes-haus-in-zweiter-meereslinie-santanyi-2\/#breadcrumb","itemListElement":[{"@type":"ListItem","position":1,"name":"Home","item":"https:\/\/www.santanyi.net\/de\/"},{"@type":"ListItem","position":2,"name":"Eigenschaften","item":"https:\/\/www.santanyi.net\/de\/property\/"},{"@type":"ListItem","position":3,"name":"EXKLUSIVES, RENOVIERTES HAUS IN ZWEITER MEERESLINIE, SANTANY\u00cd"}]},{"@type":"WebSite","@id":"https:\/\/www.santanyi.net\/de\/#website","url":"https:\/\/www.santanyi.net\/de\/","name":"RE\/MAX Drac","description":"","publisher":{"@id":"https:\/\/www.santanyi.net\/de\/#organization"},"potentialAction":[{"@type":"SearchAction","target":{"@type":"EntryPoint","urlTemplate":"https:\/\/www.santanyi.net\/de\/?s={search_term_string}"},"query-input":{"@type":"PropertyValueSpecification","valueRequired":true,"valueName":"search_term_string"}}],"inLanguage":"de"},{"@type":"Organization","@id":"https:\/\/www.santanyi.net\/de\/#organization","name":"RE\/MAX Drac","url":"https:\/\/www.santanyi.net\/de\/","logo":{"@type":"ImageObject","inLanguage":"de","@id":"https:\/\/www.santanyi.net\/de\/#\/schema\/logo\/image\/","url":"https:\/\/www.santanyi.net\/wp-content\/uploads\/2025\/07\/logo-nuevo.png","contentUrl":"https:\/\/www.santanyi.net\/wp-content\/uploads\/2025\/07\/logo-nuevo.png","width":295,"height":165,"caption":"RE\/MAX Drac"},"image":{"@id":"https:\/\/www.santanyi.net\/de\/#\/schema\/logo\/image\/"}}]}},"_links":{"self":[{"href":"https:\/\/www.santanyi.net\/de\/wp-json\/wp\/v2\/properties\/194957","targetHints":{"allow":["GET"]}}],"collection":[{"href":"https:\/\/www.santanyi.net\/de\/wp-json\/wp\/v2\/properties"}],"about":[{"href":"https:\/\/www.santanyi.net\/de\/wp-json\/wp\/v2\/types\/property"}],"author":[{"embeddable":true,"href":"https:\/\/www.santanyi.net\/de\/wp-json\/wp\/v2\/users\/1"}],"version-history":[{"count":2,"href":"https:\/\/www.santanyi.net\/de\/wp-json\/wp\/v2\/properties\/194957\/revisions"}],"predecessor-version":[{"id":195997,"href":"https:\/\/www.santanyi.net\/de\/wp-json\/wp\/v2\/properties\/194957\/revisions\/195997"}],"wp:featuredmedia":[{"embeddable":true,"href":"https:\/\/www.santanyi.net\/de\/wp-json\/wp\/v2\/media\/194951"}],"wp:attachment":[{"href":"https:\/\/www.santanyi.net\/de\/wp-json\/wp\/v2\/media?parent=194957"}],"wp:term":[{"taxonomy":"property_type","embeddable":true,"href":"https:\/\/www.santanyi.net\/de\/wp-json\/wp\/v2\/property_type?post=194957"},{"taxonomy":"property_status","embeddable":true,"href":"https:\/\/www.santanyi.net\/de\/wp-json\/wp\/v2\/property_status?post=194957"},{"taxonomy":"property_feature","embeddable":true,"href":"https:\/\/www.santanyi.net\/de\/wp-json\/wp\/v2\/property_feature?post=194957"},{"taxonomy":"property_label","embeddable":true,"href":"https:\/\/www.santanyi.net\/de\/wp-json\/wp\/v2\/property_label?post=194957"},{"taxonomy":"property_country","embeddable":true,"href":"https:\/\/www.santanyi.net\/de\/wp-json\/wp\/v2\/property_country?post=194957"},{"taxonomy":"property_state","embeddable":true,"href":"https:\/\/www.santanyi.net\/de\/wp-json\/wp\/v2\/property_state?post=194957"},{"taxonomy":"property_city","embeddable":true,"href":"https:\/\/www.santanyi.net\/de\/wp-json\/wp\/v2\/property_city?post=194957"},{"taxonomy":"property_area","embeddable":true,"href":"https:\/\/www.santanyi.net\/de\/wp-json\/wp\/v2\/property_area?post=194957"}],"curies":[{"name":"wp","href":"https:\/\/api.w.org\/{rel}","templated":true}]}}