
{"id":194941,"date":"2026-04-30T15:06:24","date_gmt":"2026-04-30T15:06:24","guid":{"rendered":"https:\/\/www.santanyi.net\/property\/chalet-mit-lizenz-zur-ferinvermietung-in-santanyi-die-perfekte-fusion-aus-architektur-und-ruhe\/"},"modified":"2026-05-01T06:05:52","modified_gmt":"2026-05-01T06:05:52","slug":"chalet-mit-lizenz-zur-ferinvermietung-in-santanyi-die-perfekte-fusion-aus-architektur-und-ruhe-2","status":"publish","type":"property","link":"https:\/\/www.santanyi.net\/de\/property\/chalet-mit-lizenz-zur-ferinvermietung-in-santanyi-die-perfekte-fusion-aus-architektur-und-ruhe-2\/","title":{"rendered":"Chalet mit Lizenz zur Ferinvermietung in Santany\u00ed: Die perfekte Fusion aus Architektur und Ruhe"},"content":{"rendered":"<p>Chalet mit Touristenlizenz in Santany\u00ed: Die perfekte Fusion aus Architektur und Ruhe<\/p>\n<p>Dieses interessante, architektonisch einzigartige Chalet, erbaut 1985, liegt in der ruhigen Urbanisation Son Mojer in Santany\u00ed. Das Anwesen ist ideal f\u00fcr diejenigen, die eine Zweitresidenz oder eine renditestarke Investition suchen, da es \u00fcber eine wertvolle Touristenlizenz verf\u00fcgt.<\/p>\n<p>Die Lage ist unschlagbar: nur 3 Autominuten oder ein angenehmer 15-min\u00fctiger Spaziergang (weniger als 1 km) vom Strand von Cala Santany\u00ed mit seinem charakteristischen feinen Sand entfernt. Die Ruhe der Gegend, auf halbem Weg zwischen dem Charme des Dorfes Santany\u00ed und der Sch\u00f6nheit der K\u00fcste, bietet das Beste aus beiden Welten.<\/p>\n<p>Auf einem 364 m\u00b2 gro\u00dfen Eckgrundst\u00fcck gelegen, hat das Haus eine bebaute Fl\u00e4che von 164 m\u00b2. Der Hauptwohnbereich befindet sich im ersten Stock. \u00dcber die Treppe vom Garten aus gelangt man in einen sehr funktionalen und hellen Innenraum. Sie finden drei ger\u00e4umige Doppelzimmer, ein Badezimmer mit Dusche und eine voll ausgestattete K\u00fcche. Von einem Schlafzimmer und der Terrasse im ersten Stock hat man Meerblick. Das von Tageslicht durchflutete Wohn- und Esszimmer ist mit einer \u00fcberdachten Terrasse verbunden, die sich \u00fcber zwei Seiten des Hauses erstreckt \u2013 eine perfekte Ecke, um die Natur zu genie\u00dfen. Um maximalen Komfort zu gew\u00e4hrleisten, sind sowohl das Wohnzimmer als auch alle Schlafzimmer mit Klimaanlage ausgestattet.<\/p>\n<p>Das Erdgeschoss \u00fcberrascht durch seine Vielseitigkeit. Hier befindet sich ein weiteres komplettes Badezimmer mit Dusche und ein praktischer Abstellraum mit Waschbereich. Dar\u00fcber hinaus wurde der verbleibende Raum unter dem Haus in eine zus\u00e4tzliche \u00fcberdachte Terrasse umgewandelt, die sich perfekt als Essbereich im Freien eignet, mit einem nahegelegenen Grillplatz und einem Entspannungsbereich mit Sonnenliegen, ideal, um der Sommerhitze zu entfliehen. Der private Garten ist eine Oase der Ruhe, bereit f\u00fcr Treffen mit Familie und Freunden.<\/p>\n<p>Dieses Chalet ist mehr als nur ein einfaches Haus; es ist ein Design-R\u00fcckzugsort, der Funktionalit\u00e4t, Ruhe und die N\u00e4he zum Meer vereint, mit dem gro\u00dfen Mehrwert seiner Ferienvermietungslizenz. Verpassen Sie nicht die Gelegenheit, es kennenzulernen.<\/p>\n","protected":false},"excerpt":{"rendered":"<p>Chalet mit Touristenlizenz in Santany\u00ed: Die perfekte Fusion aus Architektur und Ruhe Dieses interessante, architektonisch einzigartige Chalet, erbaut 1985, liegt in der ruhigen Urbanisation Son Mojer in Santany\u00ed. Das Anwesen ist ideal f\u00fcr diejenigen, die eine Zweitresidenz oder eine renditestarke Investition suchen, da es \u00fcber eine wertvolle Touristenlizenz verf\u00fcgt. Die Lage ist unschlagbar: nur 3 [&hellip;]<\/p>\n","protected":false},"author":1,"featured_media":194935,"parent":0,"menu_order":0,"template":"","property_type":[2133],"property_status":[2096,2106],"property_feature":[1765,1816,1818,1875,1851,1878,1853,1819,1975,1987,1879,1937,1822,1823,1824,1901,2000,2006,1830],"property_label":[],"property_country":[],"property_state":[],"property_city":[635],"property_area":[2225],"class_list":["post-194941","property","type-property","status-publish","has-post-thumbnail","hentry","property_type-casa-de","property_status-venta","property_status-venta-de","property_feature-aire_con","property_feature-aire_con-de","property_feature-arboles-de","property_feature-arma_empo-de","property_feature-arma_empo","property_feature-balcon-de","property_feature-balcon","property_feature-barbacoa-de","property_feature-bombafriocalor","property_feature-bombafriocalor-de","property_feature-cocina_inde-de","property_feature-costa-de","property_feature-electro-de","property_feature-jardin-de","property_feature-lavanderia-de","property_feature-terraza-de","property_feature-tv","property_feature-tv-de","property_feature-vallado-de","property_city-santanyi","property_area-son-moja"],"acf":[],"property_meta":{"_apg_property_user_edited":["1"],"fave_property_id":["DRAC-CV1555GE"],"fave_property_location":["39.335392569753,3.1420676224156,15"],"houzez_geolocation_lat":["39.335392569753"],"houzez_geolocation_long":["3.1420676224156"],"fave_property_price":["650000"],"fave_property_rent_or_sale":["sale"],"fave_property_year":[null],"fave_property_size_prefix":["m2"],"fave_property_land_postfix":["m2"],"fave_property_size":["164"],"fave_property_land":["364"],"fave_property_bedrooms":["3"],"fave_property_bathrooms":["2"],"fave_property_map_address":["Son moja, 07690 Santany\u00ed"],"fave_property_address":[" , Santany\u00ed 07690"],"fave_property_zip":["07690"],"fave_property_postal_code":["07690"],"fave_property_map":["1"],"apg_is_using_remote_image_url":["1"],"apg_using_remote_image_urls":["[{\"multimedia_type\":\"Picture\",\"picture_url\":\"https:\/\/fotos15.inmovilla.com\/12732\/26446533\/10-1.jpg\",\"position\":1,\"picture_id\":1,\"media_id\":144912,\"post_id\":194934,\"id\":1,\"attachment_id\":0,\"url\":\"https:\/\/fotos15.inmovilla.com\/12732\/26446533\/10-1.jpg\",\"basename\":\"10-1.jpg\",\"created_date\":\"2026-04-30 15:06:24\",\"is_downloaded\":0,\"is_using_remote\":0},{\"multimedia_type\":\"Picture\",\"picture_url\":\"https:\/\/fotos15.inmovilla.com\/12732\/26446533\/10-2.jpg\",\"position\":2,\"picture_id\":2,\"media_id\":144913,\"post_id\":194934,\"id\":2,\"attachment_id\":0,\"url\":\"https:\/\/fotos15.inmovilla.com\/12732\/26446533\/10-2.jpg\",\"basename\":\"10-2.jpg\",\"created_date\":\"2026-04-30 15:06:24\",\"is_downloaded\":0,\"is_using_remote\":1},{\"multimedia_type\":\"Picture\",\"picture_url\":\"https:\/\/fotos15.inmovilla.com\/12732\/26446533\/10-3.jpg\",\"position\":3,\"picture_id\":3,\"media_id\":144914,\"post_id\":194934,\"id\":3,\"attachment_id\":0,\"url\":\"https:\/\/fotos15.inmovilla.com\/12732\/26446533\/10-3.jpg\",\"basename\":\"10-3.jpg\",\"created_date\":\"2026-04-30 15:06:24\",\"is_downloaded\":0,\"is_using_remote\":1},{\"multimedia_type\":\"Picture\",\"picture_url\":\"https:\/\/fotos15.inmovilla.com\/12732\/26446533\/10-4.jpg\",\"position\":4,\"picture_id\":4,\"media_id\":144915,\"post_id\":194934,\"id\":4,\"attachment_id\":0,\"url\":\"https:\/\/fotos15.inmovilla.com\/12732\/26446533\/10-4.jpg\",\"basename\":\"10-4.jpg\",\"created_date\":\"2026-04-30 15:06:24\",\"is_downloaded\":0,\"is_using_remote\":1},{\"multimedia_type\":\"Picture\",\"picture_url\":\"https:\/\/fotos15.inmovilla.com\/12732\/26446533\/10-5.jpg\",\"position\":5,\"picture_id\":5,\"media_id\":144916,\"post_id\":194934,\"id\":5,\"attachment_id\":0,\"url\":\"https:\/\/fotos15.inmovilla.com\/12732\/26446533\/10-5.jpg\",\"basename\":\"10-5.jpg\",\"created_date\":\"2026-04-30 15:06:24\",\"is_downloaded\":0,\"is_using_remote\":1},{\"multimedia_type\":\"Picture\",\"picture_url\":\"https:\/\/fotos15.inmovilla.com\/12732\/26446533\/10-6.jpg\",\"position\":6,\"picture_id\":6,\"media_id\":144917,\"post_id\":194934,\"id\":6,\"attachment_id\":0,\"url\":\"https:\/\/fotos15.inmovilla.com\/12732\/26446533\/10-6.jpg\",\"basename\":\"10-6.jpg\",\"created_date\":\"2026-04-30 15:06:24\",\"is_downloaded\":0,\"is_using_remote\":1},{\"multimedia_type\":\"Picture\",\"picture_url\":\"https:\/\/fotos15.inmovilla.com\/12732\/26446533\/10-7.jpg\",\"position\":7,\"picture_id\":7,\"media_id\":144918,\"post_id\":194934,\"id\":7,\"attachment_id\":0,\"url\":\"https:\/\/fotos15.inmovilla.com\/12732\/26446533\/10-7.jpg\",\"basename\":\"10-7.jpg\",\"created_date\":\"2026-04-30 15:06:24\",\"is_downloaded\":0,\"is_using_remote\":1},{\"multimedia_type\":\"Picture\",\"picture_url\":\"https:\/\/fotos15.inmovilla.com\/12732\/26446533\/10-8.jpg\",\"position\":8,\"picture_id\":8,\"media_id\":144919,\"post_id\":194934,\"id\":8,\"attachment_id\":0,\"url\":\"https:\/\/fotos15.inmovilla.com\/12732\/26446533\/10-8.jpg\",\"basename\":\"10-8.jpg\",\"created_date\":\"2026-04-30 15:06:24\",\"is_downloaded\":0,\"is_using_remote\":1},{\"multimedia_type\":\"Picture\",\"picture_url\":\"https:\/\/fotos15.inmovilla.com\/12732\/26446533\/10-9.jpg\",\"position\":9,\"picture_id\":9,\"media_id\":144920,\"post_id\":194934,\"id\":9,\"attachment_id\":0,\"url\":\"https:\/\/fotos15.inmovilla.com\/12732\/26446533\/10-9.jpg\",\"basename\":\"10-9.jpg\",\"created_date\":\"2026-04-30 15:06:24\",\"is_downloaded\":0,\"is_using_remote\":1},{\"multimedia_type\":\"Picture\",\"picture_url\":\"https:\/\/fotos15.inmovilla.com\/12732\/26446533\/10-10.jpg\",\"position\":10,\"picture_id\":10,\"media_id\":144921,\"post_id\":194934,\"id\":10,\"attachment_id\":0,\"url\":\"https:\/\/fotos15.inmovilla.com\/12732\/26446533\/10-10.jpg\",\"basename\":\"10-10.jpg\",\"created_date\":\"2026-04-30 15:06:24\",\"is_downloaded\":0,\"is_using_remote\":1},{\"multimedia_type\":\"Picture\",\"picture_url\":\"https:\/\/fotos15.inmovilla.com\/12732\/26446533\/10-11.jpg\",\"position\":11,\"picture_id\":11,\"media_id\":144922,\"post_id\":194934,\"id\":11,\"attachment_id\":0,\"url\":\"https:\/\/fotos15.inmovilla.com\/12732\/26446533\/10-11.jpg\",\"basename\":\"10-11.jpg\",\"created_date\":\"2026-04-30 15:06:24\",\"is_downloaded\":0,\"is_using_remote\":1},{\"multimedia_type\":\"Picture\",\"picture_url\":\"https:\/\/fotos15.inmovilla.com\/12732\/26446533\/10-12.jpg\",\"position\":12,\"picture_id\":12,\"media_id\":144923,\"post_id\":194934,\"id\":12,\"attachment_id\":0,\"url\":\"https:\/\/fotos15.inmovilla.com\/12732\/26446533\/10-12.jpg\",\"basename\":\"10-12.jpg\",\"created_date\":\"2026-04-30 15:06:24\",\"is_downloaded\":0,\"is_using_remote\":1},{\"multimedia_type\":\"Picture\",\"picture_url\":\"https:\/\/fotos15.inmovilla.com\/12732\/26446533\/10-13.jpg\",\"position\":13,\"picture_id\":13,\"media_id\":144924,\"post_id\":194934,\"id\":13,\"attachment_id\":0,\"url\":\"https:\/\/fotos15.inmovilla.com\/12732\/26446533\/10-13.jpg\",\"basename\":\"10-13.jpg\",\"created_date\":\"2026-04-30 15:06:24\",\"is_downloaded\":0,\"is_using_remote\":1},{\"multimedia_type\":\"Picture\",\"picture_url\":\"https:\/\/fotos15.inmovilla.com\/12732\/26446533\/10-14.jpg\",\"position\":14,\"picture_id\":14,\"media_id\":144925,\"post_id\":194934,\"id\":14,\"attachment_id\":0,\"url\":\"https:\/\/fotos15.inmovilla.com\/12732\/26446533\/10-14.jpg\",\"basename\":\"10-14.jpg\",\"created_date\":\"2026-04-30 15:06:24\",\"is_downloaded\":0,\"is_using_remote\":1},{\"multimedia_type\":\"Picture\",\"picture_url\":\"https:\/\/fotos15.inmovilla.com\/12732\/26446533\/10-15.jpg\",\"position\":15,\"picture_id\":15,\"media_id\":144926,\"post_id\":194934,\"id\":15,\"attachment_id\":0,\"url\":\"https:\/\/fotos15.inmovilla.com\/12732\/26446533\/10-15.jpg\",\"basename\":\"10-15.jpg\",\"created_date\":\"2026-04-30 15:06:24\",\"is_downloaded\":0,\"is_using_remote\":1},{\"multimedia_type\":\"Picture\",\"picture_url\":\"https:\/\/fotos15.inmovilla.com\/12732\/26446533\/10-16.jpg\",\"position\":16,\"picture_id\":16,\"media_id\":144927,\"post_id\":194934,\"id\":16,\"attachment_id\":0,\"url\":\"https:\/\/fotos15.inmovilla.com\/12732\/26446533\/10-16.jpg\",\"basename\":\"10-16.jpg\",\"created_date\":\"2026-04-30 15:06:24\",\"is_downloaded\":0,\"is_using_remote\":1},{\"multimedia_type\":\"Picture\",\"picture_url\":\"https:\/\/fotos15.inmovilla.com\/12732\/26446533\/10-17.jpg\",\"position\":17,\"picture_id\":17,\"media_id\":144928,\"post_id\":194934,\"id\":17,\"attachment_id\":0,\"url\":\"https:\/\/fotos15.inmovilla.com\/12732\/26446533\/10-17.jpg\",\"basename\":\"10-17.jpg\",\"created_date\":\"2026-04-30 15:06:24\",\"is_downloaded\":0,\"is_using_remote\":1},{\"multimedia_type\":\"Picture\",\"picture_url\":\"https:\/\/fotos15.inmovilla.com\/12732\/26446533\/10-18.jpg\",\"position\":18,\"picture_id\":18,\"media_id\":144929,\"post_id\":194934,\"id\":18,\"attachment_id\":0,\"url\":\"https:\/\/fotos15.inmovilla.com\/12732\/26446533\/10-18.jpg\",\"basename\":\"10-18.jpg\",\"created_date\":\"2026-04-30 15:06:24\",\"is_downloaded\":0,\"is_using_remote\":1},{\"multimedia_type\":\"Picture\",\"picture_url\":\"https:\/\/fotos15.inmovilla.com\/12732\/26446533\/10-19.jpg\",\"position\":19,\"picture_id\":19,\"media_id\":144930,\"post_id\":194934,\"id\":19,\"attachment_id\":0,\"url\":\"https:\/\/fotos15.inmovilla.com\/12732\/26446533\/10-19.jpg\",\"basename\":\"10-19.jpg\",\"created_date\":\"2026-04-30 15:06:24\",\"is_downloaded\":0,\"is_using_remote\":1},{\"multimedia_type\":\"Picture\",\"picture_url\":\"https:\/\/fotos15.inmovilla.com\/12732\/26446533\/10-20.jpg\",\"position\":20,\"picture_id\":20,\"media_id\":144931,\"post_id\":194934,\"id\":20,\"attachment_id\":0,\"url\":\"https:\/\/fotos15.inmovilla.com\/12732\/26446533\/10-20.jpg\",\"basename\":\"10-20.jpg\",\"created_date\":\"2026-04-30 15:06:24\",\"is_downloaded\":0,\"is_using_remote\":1},{\"multimedia_type\":\"Picture\",\"picture_url\":\"https:\/\/fotos15.inmovilla.com\/12732\/26446533\/10-21.jpg\",\"position\":21,\"picture_id\":21,\"media_id\":144932,\"post_id\":194934,\"id\":21,\"attachment_id\":0,\"url\":\"https:\/\/fotos15.inmovilla.com\/12732\/26446533\/10-21.jpg\",\"basename\":\"10-21.jpg\",\"created_date\":\"2026-04-30 15:06:24\",\"is_downloaded\":0,\"is_using_remote\":1},{\"multimedia_type\":\"Picture\",\"picture_url\":\"https:\/\/fotos15.inmovilla.com\/12732\/26446533\/10-22.jpg\",\"position\":22,\"picture_id\":22,\"media_id\":144933,\"post_id\":194934,\"id\":22,\"attachment_id\":0,\"url\":\"https:\/\/fotos15.inmovilla.com\/12732\/26446533\/10-22.jpg\",\"basename\":\"10-22.jpg\",\"created_date\":\"2026-04-30 15:06:24\",\"is_downloaded\":0,\"is_using_remote\":1},{\"multimedia_type\":\"Picture\",\"picture_url\":\"https:\/\/fotos15.inmovilla.com\/12732\/26446533\/10-23.jpg\",\"position\":23,\"picture_id\":23,\"media_id\":144934,\"post_id\":194934,\"id\":23,\"attachment_id\":0,\"url\":\"https:\/\/fotos15.inmovilla.com\/12732\/26446533\/10-23.jpg\",\"basename\":\"10-23.jpg\",\"created_date\":\"2026-04-30 15:06:24\",\"is_downloaded\":0,\"is_using_remote\":1},{\"multimedia_type\":\"Picture\",\"picture_url\":\"https:\/\/fotos15.inmovilla.com\/12732\/26446533\/10-24.jpg\",\"position\":24,\"picture_id\":24,\"media_id\":144935,\"post_id\":194934,\"id\":24,\"attachment_id\":0,\"url\":\"https:\/\/fotos15.inmovilla.com\/12732\/26446533\/10-24.jpg\",\"basename\":\"10-24.jpg\",\"created_date\":\"2026-04-30 15:06:24\",\"is_downloaded\":0,\"is_using_remote\":1},{\"multimedia_type\":\"Picture\",\"picture_url\":\"https:\/\/fotos15.inmovilla.com\/12732\/26446533\/10-25.jpg\",\"position\":25,\"picture_id\":25,\"media_id\":144936,\"post_id\":194934,\"id\":25,\"attachment_id\":0,\"url\":\"https:\/\/fotos15.inmovilla.com\/12732\/26446533\/10-25.jpg\",\"basename\":\"10-25.jpg\",\"created_date\":\"2026-04-30 15:06:24\",\"is_downloaded\":0,\"is_using_remote\":1},{\"multimedia_type\":\"Picture\",\"picture_url\":\"https:\/\/fotos15.inmovilla.com\/12732\/26446533\/10-26.jpg\",\"position\":26,\"picture_id\":26,\"media_id\":144937,\"post_id\":194934,\"id\":26,\"attachment_id\":0,\"url\":\"https:\/\/fotos15.inmovilla.com\/12732\/26446533\/10-26.jpg\",\"basename\":\"10-26.jpg\",\"created_date\":\"2026-04-30 15:06:24\",\"is_downloaded\":0,\"is_using_remote\":1},{\"multimedia_type\":\"Picture\",\"picture_url\":\"https:\/\/fotos15.inmovilla.com\/12732\/26446533\/10-27.jpg\",\"position\":27,\"picture_id\":27,\"media_id\":144938,\"post_id\":194934,\"id\":27,\"attachment_id\":0,\"url\":\"https:\/\/fotos15.inmovilla.com\/12732\/26446533\/10-27.jpg\",\"basename\":\"10-27.jpg\",\"created_date\":\"2026-04-30 15:06:24\",\"is_downloaded\":0,\"is_using_remote\":1},{\"multimedia_type\":\"Picture\",\"picture_url\":\"https:\/\/fotos15.inmovilla.com\/12732\/26446533\/10-28.jpg\",\"position\":28,\"picture_id\":28,\"media_id\":144939,\"post_id\":194934,\"id\":28,\"attachment_id\":0,\"url\":\"https:\/\/fotos15.inmovilla.com\/12732\/26446533\/10-28.jpg\",\"basename\":\"10-28.jpg\",\"created_date\":\"2026-04-30 15:06:24\",\"is_downloaded\":0,\"is_using_remote\":1},{\"multimedia_type\":\"Picture\",\"picture_url\":\"https:\/\/fotos15.inmovilla.com\/12732\/26446533\/10-29.jpg\",\"position\":29,\"picture_id\":29,\"media_id\":144940,\"post_id\":194934,\"id\":29,\"attachment_id\":0,\"url\":\"https:\/\/fotos15.inmovilla.com\/12732\/26446533\/10-29.jpg\",\"basename\":\"10-29.jpg\",\"created_date\":\"2026-04-30 15:06:24\",\"is_downloaded\":0,\"is_using_remote\":1},{\"multimedia_type\":\"Picture\",\"picture_url\":\"https:\/\/fotos15.inmovilla.com\/12732\/26446533\/10-30.jpg\",\"position\":30,\"picture_id\":30,\"media_id\":144941,\"post_id\":194934,\"id\":30,\"attachment_id\":0,\"url\":\"https:\/\/fotos15.inmovilla.com\/12732\/26446533\/10-30.jpg\",\"basename\":\"10-30.jpg\",\"created_date\":\"2026-04-30 15:06:24\",\"is_downloaded\":0,\"is_using_remote\":1},{\"multimedia_type\":\"Picture\",\"picture_url\":\"https:\/\/fotos15.inmovilla.com\/12732\/26446533\/10-31.jpg\",\"position\":31,\"picture_id\":31,\"media_id\":144942,\"post_id\":194934,\"id\":31,\"attachment_id\":0,\"url\":\"https:\/\/fotos15.inmovilla.com\/12732\/26446533\/10-31.jpg\",\"basename\":\"10-31.jpg\",\"created_date\":\"2026-04-30 15:06:24\",\"is_downloaded\":0,\"is_using_remote\":1},{\"multimedia_type\":\"Picture\",\"picture_url\":\"https:\/\/fotos15.inmovilla.com\/12732\/26446533\/10-32.jpg\",\"position\":32,\"picture_id\":32,\"media_id\":144943,\"post_id\":194934,\"id\":32,\"attachment_id\":0,\"url\":\"https:\/\/fotos15.inmovilla.com\/12732\/26446533\/10-32.jpg\",\"basename\":\"10-32.jpg\",\"created_date\":\"2026-04-30 15:06:24\",\"is_downloaded\":0,\"is_using_remote\":1},{\"multimedia_type\":\"Picture\",\"picture_url\":\"https:\/\/fotos15.inmovilla.com\/12732\/26446533\/10-33.jpg\",\"position\":33,\"picture_id\":33,\"media_id\":144944,\"post_id\":194934,\"id\":33,\"attachment_id\":0,\"url\":\"https:\/\/fotos15.inmovilla.com\/12732\/26446533\/10-33.jpg\",\"basename\":\"10-33.jpg\",\"created_date\":\"2026-04-30 15:06:24\",\"is_downloaded\":0,\"is_using_remote\":1},{\"multimedia_type\":\"Picture\",\"picture_url\":\"https:\/\/fotos15.inmovilla.com\/12732\/26446533\/10-34.jpg\",\"position\":34,\"picture_id\":34,\"media_id\":144945,\"post_id\":194934,\"id\":34,\"attachment_id\":0,\"url\":\"https:\/\/fotos15.inmovilla.com\/12732\/26446533\/10-34.jpg\",\"basename\":\"10-34.jpg\",\"created_date\":\"2026-04-30 15:06:24\",\"is_downloaded\":0,\"is_using_remote\":1},{\"multimedia_type\":\"Picture\",\"picture_url\":\"https:\/\/fotos15.inmovilla.com\/12732\/26446533\/10-35.jpg\",\"position\":35,\"picture_id\":35,\"media_id\":144946,\"post_id\":194934,\"id\":35,\"attachment_id\":0,\"url\":\"https:\/\/fotos15.inmovilla.com\/12732\/26446533\/10-35.jpg\",\"basename\":\"10-35.jpg\",\"created_date\":\"2026-04-30 15:06:24\",\"is_downloaded\":0,\"is_using_remote\":1},{\"multimedia_type\":\"Picture\",\"picture_url\":\"https:\/\/fotos15.inmovilla.com\/12732\/26446533\/10-36.jpg\",\"position\":36,\"picture_id\":36,\"media_id\":144947,\"post_id\":194934,\"id\":36,\"attachment_id\":0,\"url\":\"https:\/\/fotos15.inmovilla.com\/12732\/26446533\/10-36.jpg\",\"basename\":\"10-36.jpg\",\"created_date\":\"2026-04-30 15:06:24\",\"is_downloaded\":0,\"is_using_remote\":1},{\"multimedia_type\":\"Picture\",\"picture_url\":\"https:\/\/fotos15.inmovilla.com\/12732\/26446533\/10-37.jpg\",\"position\":37,\"picture_id\":37,\"media_id\":144948,\"post_id\":194934,\"id\":37,\"attachment_id\":0,\"url\":\"https:\/\/fotos15.inmovilla.com\/12732\/26446533\/10-37.jpg\",\"basename\":\"10-37.jpg\",\"created_date\":\"2026-04-30 15:06:24\",\"is_downloaded\":0,\"is_using_remote\":1},{\"multimedia_type\":\"Picture\",\"picture_url\":\"https:\/\/fotos15.inmovilla.com\/12732\/26446533\/10-38.jpg\",\"position\":38,\"picture_id\":38,\"media_id\":144949,\"post_id\":194934,\"id\":38,\"attachment_id\":0,\"url\":\"https:\/\/fotos15.inmovilla.com\/12732\/26446533\/10-38.jpg\",\"basename\":\"10-38.jpg\",\"created_date\":\"2026-04-30 15:06:24\",\"is_downloaded\":0,\"is_using_remote\":1},{\"multimedia_type\":\"Picture\",\"picture_url\":\"https:\/\/fotos15.inmovilla.com\/12732\/26446533\/10-39.jpg\",\"position\":39,\"picture_id\":39,\"media_id\":144950,\"post_id\":194934,\"id\":39,\"attachment_id\":0,\"url\":\"https:\/\/fotos15.inmovilla.com\/12732\/26446533\/10-39.jpg\",\"basename\":\"10-39.jpg\",\"created_date\":\"2026-04-30 15:06:24\",\"is_downloaded\":0,\"is_using_remote\":1},{\"multimedia_type\":\"Picture\",\"picture_url\":\"https:\/\/fotos15.inmovilla.com\/12732\/26446533\/10-40.jpg\",\"position\":40,\"picture_id\":40,\"media_id\":144951,\"post_id\":194934,\"id\":40,\"attachment_id\":0,\"url\":\"https:\/\/fotos15.inmovilla.com\/12732\/26446533\/10-40.jpg\",\"basename\":\"10-40.jpg\",\"created_date\":\"2026-04-30 15:06:24\",\"is_downloaded\":0,\"is_using_remote\":1}]"],"_thumbnail_id":["194935"],"fave_property_images":["194935"],"apg_property_id":["26446533"],"_wpml_word_count":["401"],"_eael_post_view_count":["5"],"houzez_recently_viewed":["2026-05-01 12:32:12"],"houzez_total_property_views":["5"],"houzez_views_by_date":["a:2:{s:10:\"04-30-2026\";i:1;s:10:\"05-01-2026\";i:4;}"],"_elementor_page_assets":["a:0:{}"]},"yoast_head":"<!-- This site is optimized with the Yoast SEO plugin v27.5 - https:\/\/yoast.com\/product\/yoast-seo-wordpress\/ -->\n<title>Chalet mit Lizenz zur Ferinvermietung in Santany\u00ed: Die perfekte Fusion aus Architektur und Ruhe - RE\/MAX Drac<\/title>\n<meta name=\"robots\" content=\"index, follow, max-snippet:-1, max-image-preview:large, max-video-preview:-1\" \/>\n<link rel=\"canonical\" href=\"https:\/\/www.santanyi.net\/de\/property\/chalet-mit-lizenz-zur-ferinvermietung-in-santanyi-die-perfekte-fusion-aus-architektur-und-ruhe-2\/\" \/>\n<meta property=\"og:locale\" content=\"de_DE\" \/>\n<meta property=\"og:type\" content=\"article\" \/>\n<meta property=\"og:title\" content=\"Chalet mit Lizenz zur Ferinvermietung in Santany\u00ed: Die perfekte Fusion aus Architektur und Ruhe - RE\/MAX Drac\" \/>\n<meta property=\"og:description\" content=\"Chalet mit Touristenlizenz in Santany\u00ed: Die perfekte Fusion aus Architektur und Ruhe Dieses interessante, architektonisch einzigartige Chalet, erbaut 1985, liegt in der ruhigen Urbanisation Son Mojer in Santany\u00ed. Das Anwesen ist ideal f\u00fcr diejenigen, die eine Zweitresidenz oder eine renditestarke Investition suchen, da es \u00fcber eine wertvolle Touristenlizenz verf\u00fcgt. Die Lage ist unschlagbar: nur 3 [&hellip;]\" \/>\n<meta property=\"og:url\" content=\"https:\/\/www.santanyi.net\/de\/property\/chalet-mit-lizenz-zur-ferinvermietung-in-santanyi-die-perfekte-fusion-aus-architektur-und-ruhe-2\/\" \/>\n<meta property=\"og:site_name\" content=\"RE\/MAX Drac\" \/>\n<meta property=\"article:modified_time\" content=\"2026-05-01T06:05:52+00:00\" \/>\n<meta property=\"og:image\" content=\"https:\/\/www.santanyi.net\/wp-content\/uploads\/anaconda_property_media\/26446533-194934\/10-1.jpg\" \/>\n\t<meta property=\"og:image:width\" content=\"1920\" \/>\n\t<meta property=\"og:image:height\" content=\"1080\" \/>\n\t<meta property=\"og:image:type\" content=\"image\/jpeg\" \/>\n<meta name=\"twitter:card\" content=\"summary_large_image\" \/>\n<meta name=\"twitter:label1\" content=\"Gesch\u00e4tzte Lesezeit\" \/>\n\t<meta name=\"twitter:data1\" content=\"2\u00a0Minuten\" \/>\n<script type=\"application\/ld+json\" class=\"yoast-schema-graph\">{\"@context\":\"https:\\\/\\\/schema.org\",\"@graph\":[{\"@type\":\"WebPage\",\"@id\":\"https:\\\/\\\/www.santanyi.net\\\/de\\\/property\\\/chalet-mit-lizenz-zur-ferinvermietung-in-santanyi-die-perfekte-fusion-aus-architektur-und-ruhe-2\\\/\",\"url\":\"https:\\\/\\\/www.santanyi.net\\\/de\\\/property\\\/chalet-mit-lizenz-zur-ferinvermietung-in-santanyi-die-perfekte-fusion-aus-architektur-und-ruhe-2\\\/\",\"name\":\"Chalet mit Lizenz zur Ferinvermietung in Santany\u00ed: Die perfekte Fusion aus Architektur und Ruhe - RE\\\/MAX Drac\",\"isPartOf\":{\"@id\":\"https:\\\/\\\/www.santanyi.net\\\/de\\\/#website\"},\"primaryImageOfPage\":{\"@id\":\"https:\\\/\\\/www.santanyi.net\\\/de\\\/property\\\/chalet-mit-lizenz-zur-ferinvermietung-in-santanyi-die-perfekte-fusion-aus-architektur-und-ruhe-2\\\/#primaryimage\"},\"image\":{\"@id\":\"https:\\\/\\\/www.santanyi.net\\\/de\\\/property\\\/chalet-mit-lizenz-zur-ferinvermietung-in-santanyi-die-perfekte-fusion-aus-architektur-und-ruhe-2\\\/#primaryimage\"},\"thumbnailUrl\":\"https:\\\/\\\/www.santanyi.net\\\/wp-content\\\/uploads\\\/anaconda_property_media\\\/26446533-194934\\\/10-1.jpg\",\"datePublished\":\"2026-04-30T15:06:24+00:00\",\"dateModified\":\"2026-05-01T06:05:52+00:00\",\"breadcrumb\":{\"@id\":\"https:\\\/\\\/www.santanyi.net\\\/de\\\/property\\\/chalet-mit-lizenz-zur-ferinvermietung-in-santanyi-die-perfekte-fusion-aus-architektur-und-ruhe-2\\\/#breadcrumb\"},\"inLanguage\":\"de\",\"potentialAction\":[{\"@type\":\"ReadAction\",\"target\":[\"https:\\\/\\\/www.santanyi.net\\\/de\\\/property\\\/chalet-mit-lizenz-zur-ferinvermietung-in-santanyi-die-perfekte-fusion-aus-architektur-und-ruhe-2\\\/\"]}]},{\"@type\":\"ImageObject\",\"inLanguage\":\"de\",\"@id\":\"https:\\\/\\\/www.santanyi.net\\\/de\\\/property\\\/chalet-mit-lizenz-zur-ferinvermietung-in-santanyi-die-perfekte-fusion-aus-architektur-und-ruhe-2\\\/#primaryimage\",\"url\":\"https:\\\/\\\/www.santanyi.net\\\/wp-content\\\/uploads\\\/anaconda_property_media\\\/26446533-194934\\\/10-1.jpg\",\"contentUrl\":\"https:\\\/\\\/www.santanyi.net\\\/wp-content\\\/uploads\\\/anaconda_property_media\\\/26446533-194934\\\/10-1.jpg\",\"width\":1920,\"height\":1080},{\"@type\":\"BreadcrumbList\",\"@id\":\"https:\\\/\\\/www.santanyi.net\\\/de\\\/property\\\/chalet-mit-lizenz-zur-ferinvermietung-in-santanyi-die-perfekte-fusion-aus-architektur-und-ruhe-2\\\/#breadcrumb\",\"itemListElement\":[{\"@type\":\"ListItem\",\"position\":1,\"name\":\"Home\",\"item\":\"https:\\\/\\\/www.santanyi.net\\\/de\\\/\"},{\"@type\":\"ListItem\",\"position\":2,\"name\":\"Eigenschaften\",\"item\":\"https:\\\/\\\/www.santanyi.net\\\/de\\\/property\\\/\"},{\"@type\":\"ListItem\",\"position\":3,\"name\":\"Chalet mit Lizenz zur Ferinvermietung in Santany\u00ed: Die perfekte Fusion aus Architektur und Ruhe\"}]},{\"@type\":\"WebSite\",\"@id\":\"https:\\\/\\\/www.santanyi.net\\\/de\\\/#website\",\"url\":\"https:\\\/\\\/www.santanyi.net\\\/de\\\/\",\"name\":\"RE\\\/MAX Drac\",\"description\":\"\",\"publisher\":{\"@id\":\"https:\\\/\\\/www.santanyi.net\\\/de\\\/#organization\"},\"potentialAction\":[{\"@type\":\"SearchAction\",\"target\":{\"@type\":\"EntryPoint\",\"urlTemplate\":\"https:\\\/\\\/www.santanyi.net\\\/de\\\/?s={search_term_string}\"},\"query-input\":{\"@type\":\"PropertyValueSpecification\",\"valueRequired\":true,\"valueName\":\"search_term_string\"}}],\"inLanguage\":\"de\"},{\"@type\":\"Organization\",\"@id\":\"https:\\\/\\\/www.santanyi.net\\\/de\\\/#organization\",\"name\":\"RE\\\/MAX Drac\",\"url\":\"https:\\\/\\\/www.santanyi.net\\\/de\\\/\",\"logo\":{\"@type\":\"ImageObject\",\"inLanguage\":\"de\",\"@id\":\"https:\\\/\\\/www.santanyi.net\\\/de\\\/#\\\/schema\\\/logo\\\/image\\\/\",\"url\":\"https:\\\/\\\/www.santanyi.net\\\/wp-content\\\/uploads\\\/2025\\\/07\\\/logo-nuevo.png\",\"contentUrl\":\"https:\\\/\\\/www.santanyi.net\\\/wp-content\\\/uploads\\\/2025\\\/07\\\/logo-nuevo.png\",\"width\":295,\"height\":165,\"caption\":\"RE\\\/MAX Drac\"},\"image\":{\"@id\":\"https:\\\/\\\/www.santanyi.net\\\/de\\\/#\\\/schema\\\/logo\\\/image\\\/\"}}]}<\/script>\n<!-- \/ Yoast SEO plugin. -->","yoast_head_json":{"title":"Chalet mit Lizenz zur Ferinvermietung in Santany\u00ed: Die perfekte Fusion aus Architektur und Ruhe - RE\/MAX Drac","robots":{"index":"index","follow":"follow","max-snippet":"max-snippet:-1","max-image-preview":"max-image-preview:large","max-video-preview":"max-video-preview:-1"},"canonical":"https:\/\/www.santanyi.net\/de\/property\/chalet-mit-lizenz-zur-ferinvermietung-in-santanyi-die-perfekte-fusion-aus-architektur-und-ruhe-2\/","og_locale":"de_DE","og_type":"article","og_title":"Chalet mit Lizenz zur Ferinvermietung in Santany\u00ed: Die perfekte Fusion aus Architektur und Ruhe - RE\/MAX Drac","og_description":"Chalet mit Touristenlizenz in Santany\u00ed: Die perfekte Fusion aus Architektur und Ruhe Dieses interessante, architektonisch einzigartige Chalet, erbaut 1985, liegt in der ruhigen Urbanisation Son Mojer in Santany\u00ed. Das Anwesen ist ideal f\u00fcr diejenigen, die eine Zweitresidenz oder eine renditestarke Investition suchen, da es \u00fcber eine wertvolle Touristenlizenz verf\u00fcgt. Die Lage ist unschlagbar: nur 3 [&hellip;]","og_url":"https:\/\/www.santanyi.net\/de\/property\/chalet-mit-lizenz-zur-ferinvermietung-in-santanyi-die-perfekte-fusion-aus-architektur-und-ruhe-2\/","og_site_name":"RE\/MAX Drac","article_modified_time":"2026-05-01T06:05:52+00:00","og_image":[{"width":1920,"height":1080,"url":"https:\/\/www.santanyi.net\/wp-content\/uploads\/anaconda_property_media\/26446533-194934\/10-1.jpg","type":"image\/jpeg"}],"twitter_card":"summary_large_image","twitter_misc":{"Gesch\u00e4tzte Lesezeit":"2\u00a0Minuten"},"schema":{"@context":"https:\/\/schema.org","@graph":[{"@type":"WebPage","@id":"https:\/\/www.santanyi.net\/de\/property\/chalet-mit-lizenz-zur-ferinvermietung-in-santanyi-die-perfekte-fusion-aus-architektur-und-ruhe-2\/","url":"https:\/\/www.santanyi.net\/de\/property\/chalet-mit-lizenz-zur-ferinvermietung-in-santanyi-die-perfekte-fusion-aus-architektur-und-ruhe-2\/","name":"Chalet mit Lizenz zur Ferinvermietung in Santany\u00ed: Die perfekte Fusion aus Architektur und Ruhe - RE\/MAX Drac","isPartOf":{"@id":"https:\/\/www.santanyi.net\/de\/#website"},"primaryImageOfPage":{"@id":"https:\/\/www.santanyi.net\/de\/property\/chalet-mit-lizenz-zur-ferinvermietung-in-santanyi-die-perfekte-fusion-aus-architektur-und-ruhe-2\/#primaryimage"},"image":{"@id":"https:\/\/www.santanyi.net\/de\/property\/chalet-mit-lizenz-zur-ferinvermietung-in-santanyi-die-perfekte-fusion-aus-architektur-und-ruhe-2\/#primaryimage"},"thumbnailUrl":"https:\/\/www.santanyi.net\/wp-content\/uploads\/anaconda_property_media\/26446533-194934\/10-1.jpg","datePublished":"2026-04-30T15:06:24+00:00","dateModified":"2026-05-01T06:05:52+00:00","breadcrumb":{"@id":"https:\/\/www.santanyi.net\/de\/property\/chalet-mit-lizenz-zur-ferinvermietung-in-santanyi-die-perfekte-fusion-aus-architektur-und-ruhe-2\/#breadcrumb"},"inLanguage":"de","potentialAction":[{"@type":"ReadAction","target":["https:\/\/www.santanyi.net\/de\/property\/chalet-mit-lizenz-zur-ferinvermietung-in-santanyi-die-perfekte-fusion-aus-architektur-und-ruhe-2\/"]}]},{"@type":"ImageObject","inLanguage":"de","@id":"https:\/\/www.santanyi.net\/de\/property\/chalet-mit-lizenz-zur-ferinvermietung-in-santanyi-die-perfekte-fusion-aus-architektur-und-ruhe-2\/#primaryimage","url":"https:\/\/www.santanyi.net\/wp-content\/uploads\/anaconda_property_media\/26446533-194934\/10-1.jpg","contentUrl":"https:\/\/www.santanyi.net\/wp-content\/uploads\/anaconda_property_media\/26446533-194934\/10-1.jpg","width":1920,"height":1080},{"@type":"BreadcrumbList","@id":"https:\/\/www.santanyi.net\/de\/property\/chalet-mit-lizenz-zur-ferinvermietung-in-santanyi-die-perfekte-fusion-aus-architektur-und-ruhe-2\/#breadcrumb","itemListElement":[{"@type":"ListItem","position":1,"name":"Home","item":"https:\/\/www.santanyi.net\/de\/"},{"@type":"ListItem","position":2,"name":"Eigenschaften","item":"https:\/\/www.santanyi.net\/de\/property\/"},{"@type":"ListItem","position":3,"name":"Chalet mit Lizenz zur Ferinvermietung in Santany\u00ed: Die perfekte Fusion aus Architektur und Ruhe"}]},{"@type":"WebSite","@id":"https:\/\/www.santanyi.net\/de\/#website","url":"https:\/\/www.santanyi.net\/de\/","name":"RE\/MAX Drac","description":"","publisher":{"@id":"https:\/\/www.santanyi.net\/de\/#organization"},"potentialAction":[{"@type":"SearchAction","target":{"@type":"EntryPoint","urlTemplate":"https:\/\/www.santanyi.net\/de\/?s={search_term_string}"},"query-input":{"@type":"PropertyValueSpecification","valueRequired":true,"valueName":"search_term_string"}}],"inLanguage":"de"},{"@type":"Organization","@id":"https:\/\/www.santanyi.net\/de\/#organization","name":"RE\/MAX Drac","url":"https:\/\/www.santanyi.net\/de\/","logo":{"@type":"ImageObject","inLanguage":"de","@id":"https:\/\/www.santanyi.net\/de\/#\/schema\/logo\/image\/","url":"https:\/\/www.santanyi.net\/wp-content\/uploads\/2025\/07\/logo-nuevo.png","contentUrl":"https:\/\/www.santanyi.net\/wp-content\/uploads\/2025\/07\/logo-nuevo.png","width":295,"height":165,"caption":"RE\/MAX Drac"},"image":{"@id":"https:\/\/www.santanyi.net\/de\/#\/schema\/logo\/image\/"}}]}},"_links":{"self":[{"href":"https:\/\/www.santanyi.net\/de\/wp-json\/wp\/v2\/properties\/194941","targetHints":{"allow":["GET"]}}],"collection":[{"href":"https:\/\/www.santanyi.net\/de\/wp-json\/wp\/v2\/properties"}],"about":[{"href":"https:\/\/www.santanyi.net\/de\/wp-json\/wp\/v2\/types\/property"}],"author":[{"embeddable":true,"href":"https:\/\/www.santanyi.net\/de\/wp-json\/wp\/v2\/users\/1"}],"version-history":[{"count":2,"href":"https:\/\/www.santanyi.net\/de\/wp-json\/wp\/v2\/properties\/194941\/revisions"}],"predecessor-version":[{"id":195988,"href":"https:\/\/www.santanyi.net\/de\/wp-json\/wp\/v2\/properties\/194941\/revisions\/195988"}],"wp:featuredmedia":[{"embeddable":true,"href":"https:\/\/www.santanyi.net\/de\/wp-json\/wp\/v2\/media\/194935"}],"wp:attachment":[{"href":"https:\/\/www.santanyi.net\/de\/wp-json\/wp\/v2\/media?parent=194941"}],"wp:term":[{"taxonomy":"property_type","embeddable":true,"href":"https:\/\/www.santanyi.net\/de\/wp-json\/wp\/v2\/property_type?post=194941"},{"taxonomy":"property_status","embeddable":true,"href":"https:\/\/www.santanyi.net\/de\/wp-json\/wp\/v2\/property_status?post=194941"},{"taxonomy":"property_feature","embeddable":true,"href":"https:\/\/www.santanyi.net\/de\/wp-json\/wp\/v2\/property_feature?post=194941"},{"taxonomy":"property_label","embeddable":true,"href":"https:\/\/www.santanyi.net\/de\/wp-json\/wp\/v2\/property_label?post=194941"},{"taxonomy":"property_country","embeddable":true,"href":"https:\/\/www.santanyi.net\/de\/wp-json\/wp\/v2\/property_country?post=194941"},{"taxonomy":"property_state","embeddable":true,"href":"https:\/\/www.santanyi.net\/de\/wp-json\/wp\/v2\/property_state?post=194941"},{"taxonomy":"property_city","embeddable":true,"href":"https:\/\/www.santanyi.net\/de\/wp-json\/wp\/v2\/property_city?post=194941"},{"taxonomy":"property_area","embeddable":true,"href":"https:\/\/www.santanyi.net\/de\/wp-json\/wp\/v2\/property_area?post=194941"}],"curies":[{"name":"wp","href":"https:\/\/api.w.org\/{rel}","templated":true}]}}