
{"id":194829,"date":"2026-04-30T15:05:26","date_gmt":"2026-04-30T15:05:26","guid":{"rendered":"https:\/\/www.santanyi.net\/property\/eine-oase-der-ruhe-mit-meerblick-in-santanyi\/"},"modified":"2026-05-01T06:05:31","modified_gmt":"2026-05-01T06:05:31","slug":"eine-oase-der-ruhe-mit-meerblick-in-santanyi","status":"publish","type":"property","link":"https:\/\/www.santanyi.net\/de\/property\/eine-oase-der-ruhe-mit-meerblick-in-santanyi\/","title":{"rendered":"Eine Oase der Ruhe mit Meerblick in Santany\u00ed!"},"content":{"rendered":"<p>Eine Oase der Ruhe mit Meerblick in Santany\u00ed!<br \/>Willkommen in Ihrem zuk\u00fcnftigen Zuhause im Herzen der idyllischen Landschaft von Santany\u00ed! Gestatten Sie mir, Ihnen eine au\u00dfergew\u00f6hnliche Immobilie vorzustellen, die im Jahr 2000 erbaut wurde und l\u00e4ndliche Ruhe mit modernem Komfort und Luxus verbindet, dabei einen unverbaubaren Blick bis zum Mittelmeer erlaubt. <br \/>Beim Betreten dieses charmanten Hauses werden Sie von einem ger\u00e4umigen und hellen offenen Wohn- und Essbereich empfangen, der durch hohe Decken besticht, die das Gef\u00fchl von Weite und Helligkeit verst\u00e4rken. Der Kamin und die Zentralheizung im Haus versprechen behagliche und warme Abende in den Wintermonaten. Von hier aus \u00f6ffnen sich gro\u00dfz\u00fcgige Fenstert\u00fcren, die auf eine \u00fcberdachte Terrasse f\u00fchren, die das perfekte Ambiente zum Genie\u00dfen des Pools, der \u00fcppigen mediterranen Landschaft und den Blick auf das nicht unweit gelegene Meer bietet.<br \/>Im Erdgeschoss finden Sie zwei komfortable Schlafzimmer, beide mit Bad en suite, die Privatsph\u00e4re und Komfort f\u00fcr Ihre Familie oder G\u00e4ste garantieren. Dar\u00fcber hinaus vervollst\u00e4ndigt ein extra G\u00e4ste-WC diese Etage. Die funktionale K\u00fcche verf\u00fcgt \u00fcber einen praktischen Vorratsraum und einen gro\u00dfz\u00fcgigen Hauswirtschaftsraum.  Alle Fenster, T\u00fcren und Einbauschr\u00e4nke sind aus L\u00e4rchenholz gefertigt, was bis in jeden Winkel   Eleganz und W\u00e4rme verbreitet, und pflegeleichte mallorquinische Fensterl\u00e4den klassische Insel-\u00c4sthetik vermitteln.<br \/>In der ersten Etage entdecken Sie das lichtdurchflutete Turmzimmer, das sich an Ihre Bed\u00fcrfnisse anpassen l\u00e4sst als drittes Schlafzimmer, als zus\u00e4tzliches Wohnzimmer, oder als Atelier.  Dieser Raum \u00f6ffnet sich auf eine private Terrasse mit atemberaubendem Blick, von der eine Treppe direkt in den Garten und zum pr\u00e4chtigen Pool f\u00fchrt.<br \/>Der Au\u00dfenbereich des Anwesens ist ein wahres Paradies. Der fast 45 m\u00b2 gro\u00dfe Pool und die weitr\u00e4umigen Terrassen um den Pool bieten reichlich Platz f\u00fcr Liegest\u00fchle und Sonnenschirme. Ein Grillbereich erg\u00e4nzt den perfekten Ort zur Entspannung f\u00fcr Freunde und Familie. Das Anwesen ist an das \u00f6ffentliche Wasser &#8211; und Stromnetz angeschlossen und vollst\u00e4ndig mit einer typisch mallorquinischen Steinmauer umgeben, was Privatsph\u00e4re und Sicherheit gew\u00e4hrleistet. F\u00fcr Ihren Komfort verf\u00fcgt die Immobilie \u00fcber einen \u00fcberdachten Auto-Parkplatz, ein antikes Steinh\u00e4uschen f\u00fcr Gartenger\u00e4te. Das automatische Bew\u00e4sserungssystem vereinfacht die Landschaftspflege.<br \/>Am Ende des Weges angekommen, sichert Ihnen diese nach S\u00fcdwesten ausgerichtete Immobilie absolute Ruhe und eine perfekte Traum-Kulisse, um Ihr neues Leben im Paradies zu beginnen.<br \/>Verpassen Sie nicht die Gelegenheit, diesen mallorquinischen R\u00fcckzugsort zu Ihrem Zuhause zu machen! Kontaktieren Sie uns, um einen Besichtigungstermin zu vereinbaren und jedes Detail dieses Juwels in Santany\u00ed zu entdecken.<\/p>\n","protected":false},"excerpt":{"rendered":"<p>Eine Oase der Ruhe mit Meerblick in Santany\u00ed!Willkommen in Ihrem zuk\u00fcnftigen Zuhause im Herzen der idyllischen Landschaft von Santany\u00ed! Gestatten Sie mir, Ihnen eine au\u00dfergew\u00f6hnliche Immobilie vorzustellen, die im Jahr 2000 erbaut wurde und l\u00e4ndliche Ruhe mit modernem Komfort und Luxus verbindet, dabei einen unverbaubaren Blick bis zum Mittelmeer erlaubt. Beim Betreten dieses charmanten Hauses [&hellip;]<\/p>\n","protected":false},"author":1,"featured_media":194823,"parent":0,"menu_order":0,"template":"","property_type":[2133],"property_status":[2096,2106],"property_feature":[1818,1851,1875,1819,1879,1903,1906,1822,1824,1826,1827,1901,1830,1902],"property_label":[],"property_country":[],"property_state":[],"property_city":[635],"property_area":[641],"class_list":["post-194829","property","type-property","status-publish","has-post-thumbnail","hentry","property_type-casa-de","property_status-venta","property_status-venta-de","property_feature-arboles-de","property_feature-arma_empo","property_feature-arma_empo-de","property_feature-barbacoa-de","property_feature-cocina_inde-de","property_feature-despensa","property_feature-despensa-de","property_feature-electro-de","property_feature-lavanderia-de","property_feature-muebles-de","property_feature-parking-de","property_feature-terraza-de","property_feature-vallado-de","property_feature-vistasalmar-de","property_city-santanyi","property_area-cala-santanyi"],"acf":[],"property_meta":{"_apg_property_user_edited":["1"],"fave_property_id":["DRAC-CR1507GE"],"fave_property_location":["39.343246987516,3.1338224507611,15"],"houzez_geolocation_lat":["39.343246987516"],"houzez_geolocation_long":["3.1338224507611"],"fave_property_price":["1550000"],"fave_property_rent_or_sale":["sale"],"fave_property_year":[null],"fave_property_size_prefix":["m2"],"fave_property_land_postfix":["m2"],"fave_property_size":["356"],"fave_property_land":["7236"],"fave_property_bedrooms":["3"],"fave_property_bathrooms":["3"],"fave_property_map_address":["Cala Santany\u00ed, 07650 Santany\u00ed"],"fave_property_address":[" , Santany\u00ed 07650"],"fave_property_zip":["07650"],"fave_property_postal_code":["07650"],"fave_property_map":["1"],"apg_is_using_remote_image_url":["1"],"apg_using_remote_image_urls":["[{\"multimedia_type\":\"Picture\",\"picture_url\":\"https:\/\/fotos15.inmovilla.com\/12732\/25898115\/20-1.jpg\",\"position\":1,\"picture_id\":1,\"media_id\":144591,\"post_id\":194822,\"id\":1,\"attachment_id\":0,\"url\":\"https:\/\/fotos15.inmovilla.com\/12732\/25898115\/20-1.jpg\",\"basename\":\"20-1.jpg\",\"created_date\":\"2026-04-30 15:05:26\",\"is_downloaded\":0,\"is_using_remote\":0},{\"multimedia_type\":\"Picture\",\"picture_url\":\"https:\/\/fotos15.inmovilla.com\/12732\/25898115\/20-2.jpg\",\"position\":2,\"picture_id\":2,\"media_id\":144592,\"post_id\":194822,\"id\":2,\"attachment_id\":0,\"url\":\"https:\/\/fotos15.inmovilla.com\/12732\/25898115\/20-2.jpg\",\"basename\":\"20-2.jpg\",\"created_date\":\"2026-04-30 15:05:26\",\"is_downloaded\":0,\"is_using_remote\":1},{\"multimedia_type\":\"Picture\",\"picture_url\":\"https:\/\/fotos15.inmovilla.com\/12732\/25898115\/20-3.jpg\",\"position\":3,\"picture_id\":3,\"media_id\":144593,\"post_id\":194822,\"id\":3,\"attachment_id\":0,\"url\":\"https:\/\/fotos15.inmovilla.com\/12732\/25898115\/20-3.jpg\",\"basename\":\"20-3.jpg\",\"created_date\":\"2026-04-30 15:05:26\",\"is_downloaded\":0,\"is_using_remote\":1},{\"multimedia_type\":\"Picture\",\"picture_url\":\"https:\/\/fotos15.inmovilla.com\/12732\/25898115\/20-4.jpg\",\"position\":4,\"picture_id\":4,\"media_id\":144594,\"post_id\":194822,\"id\":4,\"attachment_id\":0,\"url\":\"https:\/\/fotos15.inmovilla.com\/12732\/25898115\/20-4.jpg\",\"basename\":\"20-4.jpg\",\"created_date\":\"2026-04-30 15:05:26\",\"is_downloaded\":0,\"is_using_remote\":1},{\"multimedia_type\":\"Picture\",\"picture_url\":\"https:\/\/fotos15.inmovilla.com\/12732\/25898115\/20-5.jpg\",\"position\":5,\"picture_id\":5,\"media_id\":144595,\"post_id\":194822,\"id\":5,\"attachment_id\":0,\"url\":\"https:\/\/fotos15.inmovilla.com\/12732\/25898115\/20-5.jpg\",\"basename\":\"20-5.jpg\",\"created_date\":\"2026-04-30 15:05:26\",\"is_downloaded\":0,\"is_using_remote\":1},{\"multimedia_type\":\"Picture\",\"picture_url\":\"https:\/\/fotos15.inmovilla.com\/12732\/25898115\/20-6.jpg\",\"position\":6,\"picture_id\":6,\"media_id\":144596,\"post_id\":194822,\"id\":6,\"attachment_id\":0,\"url\":\"https:\/\/fotos15.inmovilla.com\/12732\/25898115\/20-6.jpg\",\"basename\":\"20-6.jpg\",\"created_date\":\"2026-04-30 15:05:26\",\"is_downloaded\":0,\"is_using_remote\":1},{\"multimedia_type\":\"Picture\",\"picture_url\":\"https:\/\/fotos15.inmovilla.com\/12732\/25898115\/20-7.jpg\",\"position\":7,\"picture_id\":7,\"media_id\":144597,\"post_id\":194822,\"id\":7,\"attachment_id\":0,\"url\":\"https:\/\/fotos15.inmovilla.com\/12732\/25898115\/20-7.jpg\",\"basename\":\"20-7.jpg\",\"created_date\":\"2026-04-30 15:05:26\",\"is_downloaded\":0,\"is_using_remote\":1},{\"multimedia_type\":\"Picture\",\"picture_url\":\"https:\/\/fotos15.inmovilla.com\/12732\/25898115\/20-8.jpg\",\"position\":8,\"picture_id\":8,\"media_id\":144598,\"post_id\":194822,\"id\":8,\"attachment_id\":0,\"url\":\"https:\/\/fotos15.inmovilla.com\/12732\/25898115\/20-8.jpg\",\"basename\":\"20-8.jpg\",\"created_date\":\"2026-04-30 15:05:26\",\"is_downloaded\":0,\"is_using_remote\":1},{\"multimedia_type\":\"Picture\",\"picture_url\":\"https:\/\/fotos15.inmovilla.com\/12732\/25898115\/20-9.jpg\",\"position\":9,\"picture_id\":9,\"media_id\":144599,\"post_id\":194822,\"id\":9,\"attachment_id\":0,\"url\":\"https:\/\/fotos15.inmovilla.com\/12732\/25898115\/20-9.jpg\",\"basename\":\"20-9.jpg\",\"created_date\":\"2026-04-30 15:05:26\",\"is_downloaded\":0,\"is_using_remote\":1},{\"multimedia_type\":\"Picture\",\"picture_url\":\"https:\/\/fotos15.inmovilla.com\/12732\/25898115\/20-10.jpg\",\"position\":10,\"picture_id\":10,\"media_id\":144600,\"post_id\":194822,\"id\":10,\"attachment_id\":0,\"url\":\"https:\/\/fotos15.inmovilla.com\/12732\/25898115\/20-10.jpg\",\"basename\":\"20-10.jpg\",\"created_date\":\"2026-04-30 15:05:26\",\"is_downloaded\":0,\"is_using_remote\":1},{\"multimedia_type\":\"Picture\",\"picture_url\":\"https:\/\/fotos15.inmovilla.com\/12732\/25898115\/20-11.jpg\",\"position\":11,\"picture_id\":11,\"media_id\":144601,\"post_id\":194822,\"id\":11,\"attachment_id\":0,\"url\":\"https:\/\/fotos15.inmovilla.com\/12732\/25898115\/20-11.jpg\",\"basename\":\"20-11.jpg\",\"created_date\":\"2026-04-30 15:05:26\",\"is_downloaded\":0,\"is_using_remote\":1},{\"multimedia_type\":\"Picture\",\"picture_url\":\"https:\/\/fotos15.inmovilla.com\/12732\/25898115\/20-12.jpg\",\"position\":12,\"picture_id\":12,\"media_id\":144602,\"post_id\":194822,\"id\":12,\"attachment_id\":0,\"url\":\"https:\/\/fotos15.inmovilla.com\/12732\/25898115\/20-12.jpg\",\"basename\":\"20-12.jpg\",\"created_date\":\"2026-04-30 15:05:26\",\"is_downloaded\":0,\"is_using_remote\":1},{\"multimedia_type\":\"Picture\",\"picture_url\":\"https:\/\/fotos15.inmovilla.com\/12732\/25898115\/20-13.jpg\",\"position\":13,\"picture_id\":13,\"media_id\":144603,\"post_id\":194822,\"id\":13,\"attachment_id\":0,\"url\":\"https:\/\/fotos15.inmovilla.com\/12732\/25898115\/20-13.jpg\",\"basename\":\"20-13.jpg\",\"created_date\":\"2026-04-30 15:05:26\",\"is_downloaded\":0,\"is_using_remote\":1},{\"multimedia_type\":\"Picture\",\"picture_url\":\"https:\/\/fotos15.inmovilla.com\/12732\/25898115\/20-14.jpg\",\"position\":14,\"picture_id\":14,\"media_id\":144604,\"post_id\":194822,\"id\":14,\"attachment_id\":0,\"url\":\"https:\/\/fotos15.inmovilla.com\/12732\/25898115\/20-14.jpg\",\"basename\":\"20-14.jpg\",\"created_date\":\"2026-04-30 15:05:26\",\"is_downloaded\":0,\"is_using_remote\":1},{\"multimedia_type\":\"Picture\",\"picture_url\":\"https:\/\/fotos15.inmovilla.com\/12732\/25898115\/20-15.jpg\",\"position\":15,\"picture_id\":15,\"media_id\":144605,\"post_id\":194822,\"id\":15,\"attachment_id\":0,\"url\":\"https:\/\/fotos15.inmovilla.com\/12732\/25898115\/20-15.jpg\",\"basename\":\"20-15.jpg\",\"created_date\":\"2026-04-30 15:05:26\",\"is_downloaded\":0,\"is_using_remote\":1},{\"multimedia_type\":\"Picture\",\"picture_url\":\"https:\/\/fotos15.inmovilla.com\/12732\/25898115\/20-16.jpg\",\"position\":16,\"picture_id\":16,\"media_id\":144606,\"post_id\":194822,\"id\":16,\"attachment_id\":0,\"url\":\"https:\/\/fotos15.inmovilla.com\/12732\/25898115\/20-16.jpg\",\"basename\":\"20-16.jpg\",\"created_date\":\"2026-04-30 15:05:26\",\"is_downloaded\":0,\"is_using_remote\":1},{\"multimedia_type\":\"Picture\",\"picture_url\":\"https:\/\/fotos15.inmovilla.com\/12732\/25898115\/20-17.jpg\",\"position\":17,\"picture_id\":17,\"media_id\":144607,\"post_id\":194822,\"id\":17,\"attachment_id\":0,\"url\":\"https:\/\/fotos15.inmovilla.com\/12732\/25898115\/20-17.jpg\",\"basename\":\"20-17.jpg\",\"created_date\":\"2026-04-30 15:05:26\",\"is_downloaded\":0,\"is_using_remote\":1},{\"multimedia_type\":\"Picture\",\"picture_url\":\"https:\/\/fotos15.inmovilla.com\/12732\/25898115\/20-18.jpg\",\"position\":18,\"picture_id\":18,\"media_id\":144608,\"post_id\":194822,\"id\":18,\"attachment_id\":0,\"url\":\"https:\/\/fotos15.inmovilla.com\/12732\/25898115\/20-18.jpg\",\"basename\":\"20-18.jpg\",\"created_date\":\"2026-04-30 15:05:26\",\"is_downloaded\":0,\"is_using_remote\":1},{\"multimedia_type\":\"Picture\",\"picture_url\":\"https:\/\/fotos15.inmovilla.com\/12732\/25898115\/20-19.jpg\",\"position\":19,\"picture_id\":19,\"media_id\":144609,\"post_id\":194822,\"id\":19,\"attachment_id\":0,\"url\":\"https:\/\/fotos15.inmovilla.com\/12732\/25898115\/20-19.jpg\",\"basename\":\"20-19.jpg\",\"created_date\":\"2026-04-30 15:05:26\",\"is_downloaded\":0,\"is_using_remote\":1},{\"multimedia_type\":\"Picture\",\"picture_url\":\"https:\/\/fotos15.inmovilla.com\/12732\/25898115\/20-20.jpg\",\"position\":20,\"picture_id\":20,\"media_id\":144610,\"post_id\":194822,\"id\":20,\"attachment_id\":0,\"url\":\"https:\/\/fotos15.inmovilla.com\/12732\/25898115\/20-20.jpg\",\"basename\":\"20-20.jpg\",\"created_date\":\"2026-04-30 15:05:26\",\"is_downloaded\":0,\"is_using_remote\":1},{\"multimedia_type\":\"Picture\",\"picture_url\":\"https:\/\/fotos15.inmovilla.com\/12732\/25898115\/20-21.jpg\",\"position\":21,\"picture_id\":21,\"media_id\":144611,\"post_id\":194822,\"id\":21,\"attachment_id\":0,\"url\":\"https:\/\/fotos15.inmovilla.com\/12732\/25898115\/20-21.jpg\",\"basename\":\"20-21.jpg\",\"created_date\":\"2026-04-30 15:05:26\",\"is_downloaded\":0,\"is_using_remote\":1},{\"multimedia_type\":\"Picture\",\"picture_url\":\"https:\/\/fotos15.inmovilla.com\/12732\/25898115\/20-22.jpg\",\"position\":22,\"picture_id\":22,\"media_id\":144612,\"post_id\":194822,\"id\":22,\"attachment_id\":0,\"url\":\"https:\/\/fotos15.inmovilla.com\/12732\/25898115\/20-22.jpg\",\"basename\":\"20-22.jpg\",\"created_date\":\"2026-04-30 15:05:26\",\"is_downloaded\":0,\"is_using_remote\":1},{\"multimedia_type\":\"Picture\",\"picture_url\":\"https:\/\/fotos15.inmovilla.com\/12732\/25898115\/20-23.jpg\",\"position\":23,\"picture_id\":23,\"media_id\":144613,\"post_id\":194822,\"id\":23,\"attachment_id\":0,\"url\":\"https:\/\/fotos15.inmovilla.com\/12732\/25898115\/20-23.jpg\",\"basename\":\"20-23.jpg\",\"created_date\":\"2026-04-30 15:05:26\",\"is_downloaded\":0,\"is_using_remote\":1},{\"multimedia_type\":\"Picture\",\"picture_url\":\"https:\/\/fotos15.inmovilla.com\/12732\/25898115\/20-24.jpg\",\"position\":24,\"picture_id\":24,\"media_id\":144614,\"post_id\":194822,\"id\":24,\"attachment_id\":0,\"url\":\"https:\/\/fotos15.inmovilla.com\/12732\/25898115\/20-24.jpg\",\"basename\":\"20-24.jpg\",\"created_date\":\"2026-04-30 15:05:26\",\"is_downloaded\":0,\"is_using_remote\":1},{\"multimedia_type\":\"Picture\",\"picture_url\":\"https:\/\/fotos15.inmovilla.com\/12732\/25898115\/20-25.jpg\",\"position\":25,\"picture_id\":25,\"media_id\":144615,\"post_id\":194822,\"id\":25,\"attachment_id\":0,\"url\":\"https:\/\/fotos15.inmovilla.com\/12732\/25898115\/20-25.jpg\",\"basename\":\"20-25.jpg\",\"created_date\":\"2026-04-30 15:05:26\",\"is_downloaded\":0,\"is_using_remote\":1},{\"multimedia_type\":\"Picture\",\"picture_url\":\"https:\/\/fotos15.inmovilla.com\/12732\/25898115\/20-26.jpg\",\"position\":26,\"picture_id\":26,\"media_id\":144616,\"post_id\":194822,\"id\":26,\"attachment_id\":0,\"url\":\"https:\/\/fotos15.inmovilla.com\/12732\/25898115\/20-26.jpg\",\"basename\":\"20-26.jpg\",\"created_date\":\"2026-04-30 15:05:26\",\"is_downloaded\":0,\"is_using_remote\":1},{\"multimedia_type\":\"Picture\",\"picture_url\":\"https:\/\/fotos15.inmovilla.com\/12732\/25898115\/20-27.jpg\",\"position\":27,\"picture_id\":27,\"media_id\":144617,\"post_id\":194822,\"id\":27,\"attachment_id\":0,\"url\":\"https:\/\/fotos15.inmovilla.com\/12732\/25898115\/20-27.jpg\",\"basename\":\"20-27.jpg\",\"created_date\":\"2026-04-30 15:05:26\",\"is_downloaded\":0,\"is_using_remote\":1},{\"multimedia_type\":\"Picture\",\"picture_url\":\"https:\/\/fotos15.inmovilla.com\/12732\/25898115\/20-28.jpg\",\"position\":28,\"picture_id\":28,\"media_id\":144618,\"post_id\":194822,\"id\":28,\"attachment_id\":0,\"url\":\"https:\/\/fotos15.inmovilla.com\/12732\/25898115\/20-28.jpg\",\"basename\":\"20-28.jpg\",\"created_date\":\"2026-04-30 15:05:26\",\"is_downloaded\":0,\"is_using_remote\":1},{\"multimedia_type\":\"Picture\",\"picture_url\":\"https:\/\/fotos15.inmovilla.com\/12732\/25898115\/20-29.jpg\",\"position\":29,\"picture_id\":29,\"media_id\":144619,\"post_id\":194822,\"id\":29,\"attachment_id\":0,\"url\":\"https:\/\/fotos15.inmovilla.com\/12732\/25898115\/20-29.jpg\",\"basename\":\"20-29.jpg\",\"created_date\":\"2026-04-30 15:05:26\",\"is_downloaded\":0,\"is_using_remote\":1},{\"multimedia_type\":\"Picture\",\"picture_url\":\"https:\/\/fotos15.inmovilla.com\/12732\/25898115\/20-30.jpg\",\"position\":30,\"picture_id\":30,\"media_id\":144620,\"post_id\":194822,\"id\":30,\"attachment_id\":0,\"url\":\"https:\/\/fotos15.inmovilla.com\/12732\/25898115\/20-30.jpg\",\"basename\":\"20-30.jpg\",\"created_date\":\"2026-04-30 15:05:26\",\"is_downloaded\":0,\"is_using_remote\":1},{\"multimedia_type\":\"Picture\",\"picture_url\":\"https:\/\/fotos15.inmovilla.com\/12732\/25898115\/20-31.jpg\",\"position\":31,\"picture_id\":31,\"media_id\":144621,\"post_id\":194822,\"id\":31,\"attachment_id\":0,\"url\":\"https:\/\/fotos15.inmovilla.com\/12732\/25898115\/20-31.jpg\",\"basename\":\"20-31.jpg\",\"created_date\":\"2026-04-30 15:05:26\",\"is_downloaded\":0,\"is_using_remote\":1},{\"multimedia_type\":\"Picture\",\"picture_url\":\"https:\/\/fotos15.inmovilla.com\/12732\/25898115\/20-32.jpg\",\"position\":32,\"picture_id\":32,\"media_id\":144622,\"post_id\":194822,\"id\":32,\"attachment_id\":0,\"url\":\"https:\/\/fotos15.inmovilla.com\/12732\/25898115\/20-32.jpg\",\"basename\":\"20-32.jpg\",\"created_date\":\"2026-04-30 15:05:26\",\"is_downloaded\":0,\"is_using_remote\":1},{\"multimedia_type\":\"Picture\",\"picture_url\":\"https:\/\/fotos15.inmovilla.com\/12732\/25898115\/20-33.jpg\",\"position\":33,\"picture_id\":33,\"media_id\":144623,\"post_id\":194822,\"id\":33,\"attachment_id\":0,\"url\":\"https:\/\/fotos15.inmovilla.com\/12732\/25898115\/20-33.jpg\",\"basename\":\"20-33.jpg\",\"created_date\":\"2026-04-30 15:05:26\",\"is_downloaded\":0,\"is_using_remote\":1},{\"multimedia_type\":\"Picture\",\"picture_url\":\"https:\/\/fotos15.inmovilla.com\/12732\/25898115\/20-34.jpg\",\"position\":34,\"picture_id\":34,\"media_id\":144624,\"post_id\":194822,\"id\":34,\"attachment_id\":0,\"url\":\"https:\/\/fotos15.inmovilla.com\/12732\/25898115\/20-34.jpg\",\"basename\":\"20-34.jpg\",\"created_date\":\"2026-04-30 15:05:26\",\"is_downloaded\":0,\"is_using_remote\":1},{\"multimedia_type\":\"Picture\",\"picture_url\":\"https:\/\/fotos15.inmovilla.com\/12732\/25898115\/20-35.jpg\",\"position\":35,\"picture_id\":35,\"media_id\":144625,\"post_id\":194822,\"id\":35,\"attachment_id\":0,\"url\":\"https:\/\/fotos15.inmovilla.com\/12732\/25898115\/20-35.jpg\",\"basename\":\"20-35.jpg\",\"created_date\":\"2026-04-30 15:05:26\",\"is_downloaded\":0,\"is_using_remote\":1},{\"multimedia_type\":\"Picture\",\"picture_url\":\"https:\/\/fotos15.inmovilla.com\/12732\/25898115\/20-36.jpg\",\"position\":36,\"picture_id\":36,\"media_id\":144626,\"post_id\":194822,\"id\":36,\"attachment_id\":0,\"url\":\"https:\/\/fotos15.inmovilla.com\/12732\/25898115\/20-36.jpg\",\"basename\":\"20-36.jpg\",\"created_date\":\"2026-04-30 15:05:26\",\"is_downloaded\":0,\"is_using_remote\":1},{\"multimedia_type\":\"Picture\",\"picture_url\":\"https:\/\/fotos15.inmovilla.com\/12732\/25898115\/20-37.jpg\",\"position\":37,\"picture_id\":37,\"media_id\":144627,\"post_id\":194822,\"id\":37,\"attachment_id\":0,\"url\":\"https:\/\/fotos15.inmovilla.com\/12732\/25898115\/20-37.jpg\",\"basename\":\"20-37.jpg\",\"created_date\":\"2026-04-30 15:05:26\",\"is_downloaded\":0,\"is_using_remote\":1},{\"multimedia_type\":\"Picture\",\"picture_url\":\"https:\/\/fotos15.inmovilla.com\/12732\/25898115\/20-38.jpg\",\"position\":38,\"picture_id\":38,\"media_id\":144628,\"post_id\":194822,\"id\":38,\"attachment_id\":0,\"url\":\"https:\/\/fotos15.inmovilla.com\/12732\/25898115\/20-38.jpg\",\"basename\":\"20-38.jpg\",\"created_date\":\"2026-04-30 15:05:26\",\"is_downloaded\":0,\"is_using_remote\":1},{\"multimedia_type\":\"Picture\",\"picture_url\":\"https:\/\/fotos15.inmovilla.com\/12732\/25898115\/20-39.jpg\",\"position\":39,\"picture_id\":39,\"media_id\":144629,\"post_id\":194822,\"id\":39,\"attachment_id\":0,\"url\":\"https:\/\/fotos15.inmovilla.com\/12732\/25898115\/20-39.jpg\",\"basename\":\"20-39.jpg\",\"created_date\":\"2026-04-30 15:05:26\",\"is_downloaded\":0,\"is_using_remote\":1},{\"multimedia_type\":\"Picture\",\"picture_url\":\"https:\/\/fotos15.inmovilla.com\/12732\/25898115\/20-40.jpg\",\"position\":40,\"picture_id\":40,\"media_id\":144630,\"post_id\":194822,\"id\":40,\"attachment_id\":0,\"url\":\"https:\/\/fotos15.inmovilla.com\/12732\/25898115\/20-40.jpg\",\"basename\":\"20-40.jpg\",\"created_date\":\"2026-04-30 15:05:26\",\"is_downloaded\":0,\"is_using_remote\":1},{\"multimedia_type\":\"Picture\",\"picture_url\":\"https:\/\/fotos15.inmovilla.com\/12732\/25898115\/20-41.jpg\",\"position\":41,\"picture_id\":41,\"media_id\":144631,\"post_id\":194822,\"id\":41,\"attachment_id\":0,\"url\":\"https:\/\/fotos15.inmovilla.com\/12732\/25898115\/20-41.jpg\",\"basename\":\"20-41.jpg\",\"created_date\":\"2026-04-30 15:05:26\",\"is_downloaded\":0,\"is_using_remote\":1},{\"multimedia_type\":\"Picture\",\"picture_url\":\"https:\/\/fotos15.inmovilla.com\/12732\/25898115\/20-42.jpg\",\"position\":42,\"picture_id\":42,\"media_id\":144632,\"post_id\":194822,\"id\":42,\"attachment_id\":0,\"url\":\"https:\/\/fotos15.inmovilla.com\/12732\/25898115\/20-42.jpg\",\"basename\":\"20-42.jpg\",\"created_date\":\"2026-04-30 15:05:26\",\"is_downloaded\":0,\"is_using_remote\":1},{\"multimedia_type\":\"Picture\",\"picture_url\":\"https:\/\/fotos15.inmovilla.com\/12732\/25898115\/20-43.jpg\",\"position\":43,\"picture_id\":43,\"media_id\":144633,\"post_id\":194822,\"id\":43,\"attachment_id\":0,\"url\":\"https:\/\/fotos15.inmovilla.com\/12732\/25898115\/20-43.jpg\",\"basename\":\"20-43.jpg\",\"created_date\":\"2026-04-30 15:05:26\",\"is_downloaded\":0,\"is_using_remote\":1},{\"multimedia_type\":\"Picture\",\"picture_url\":\"https:\/\/fotos15.inmovilla.com\/12732\/25898115\/20-44.jpg\",\"position\":44,\"picture_id\":44,\"media_id\":144634,\"post_id\":194822,\"id\":44,\"attachment_id\":0,\"url\":\"https:\/\/fotos15.inmovilla.com\/12732\/25898115\/20-44.jpg\",\"basename\":\"20-44.jpg\",\"created_date\":\"2026-04-30 15:05:26\",\"is_downloaded\":0,\"is_using_remote\":1}]"],"_thumbnail_id":["194823"],"fave_property_images":["194823"],"apg_property_id":["25898115"],"_wpml_word_count":["506"],"_eael_post_view_count":["7"],"houzez_recently_viewed":["2026-05-01 12:15:38"],"houzez_total_property_views":["6"],"houzez_views_by_date":["a:2:{s:10:\"04-30-2026\";i:2;s:10:\"05-01-2026\";i:4;}"],"_elementor_page_assets":["a:0:{}"]},"yoast_head":"<!-- This site is optimized with the Yoast SEO plugin v27.5 - https:\/\/yoast.com\/product\/yoast-seo-wordpress\/ -->\n<title>Eine Oase der Ruhe mit Meerblick in Santany\u00ed! - RE\/MAX Drac<\/title>\n<meta name=\"robots\" content=\"index, follow, max-snippet:-1, max-image-preview:large, max-video-preview:-1\" \/>\n<link rel=\"canonical\" href=\"https:\/\/www.santanyi.net\/de\/property\/eine-oase-der-ruhe-mit-meerblick-in-santanyi\/\" \/>\n<meta property=\"og:locale\" content=\"de_DE\" \/>\n<meta property=\"og:type\" content=\"article\" \/>\n<meta property=\"og:title\" content=\"Eine Oase der Ruhe mit Meerblick in Santany\u00ed! - RE\/MAX Drac\" \/>\n<meta property=\"og:description\" content=\"Eine Oase der Ruhe mit Meerblick in Santany\u00ed!Willkommen in Ihrem zuk\u00fcnftigen Zuhause im Herzen der idyllischen Landschaft von Santany\u00ed! Gestatten Sie mir, Ihnen eine au\u00dfergew\u00f6hnliche Immobilie vorzustellen, die im Jahr 2000 erbaut wurde und l\u00e4ndliche Ruhe mit modernem Komfort und Luxus verbindet, dabei einen unverbaubaren Blick bis zum Mittelmeer erlaubt. Beim Betreten dieses charmanten Hauses [&hellip;]\" \/>\n<meta property=\"og:url\" content=\"https:\/\/www.santanyi.net\/de\/property\/eine-oase-der-ruhe-mit-meerblick-in-santanyi\/\" \/>\n<meta property=\"og:site_name\" content=\"RE\/MAX Drac\" \/>\n<meta property=\"article:modified_time\" content=\"2026-05-01T06:05:31+00:00\" \/>\n<meta property=\"og:image\" content=\"https:\/\/www.santanyi.net\/wp-content\/uploads\/anaconda_property_media\/25898115-194822\/20-1.jpg\" \/>\n\t<meta property=\"og:image:width\" content=\"780\" \/>\n\t<meta property=\"og:image:height\" content=\"587\" \/>\n\t<meta property=\"og:image:type\" content=\"image\/jpeg\" \/>\n<meta name=\"twitter:card\" content=\"summary_large_image\" \/>\n<meta name=\"twitter:label1\" content=\"Gesch\u00e4tzte Lesezeit\" \/>\n\t<meta name=\"twitter:data1\" content=\"2\u00a0Minuten\" \/>\n<script type=\"application\/ld+json\" class=\"yoast-schema-graph\">{\"@context\":\"https:\\\/\\\/schema.org\",\"@graph\":[{\"@type\":\"WebPage\",\"@id\":\"https:\\\/\\\/www.santanyi.net\\\/de\\\/property\\\/eine-oase-der-ruhe-mit-meerblick-in-santanyi\\\/\",\"url\":\"https:\\\/\\\/www.santanyi.net\\\/de\\\/property\\\/eine-oase-der-ruhe-mit-meerblick-in-santanyi\\\/\",\"name\":\"Eine Oase der Ruhe mit Meerblick in Santany\u00ed! - RE\\\/MAX Drac\",\"isPartOf\":{\"@id\":\"https:\\\/\\\/www.santanyi.net\\\/de\\\/#website\"},\"primaryImageOfPage\":{\"@id\":\"https:\\\/\\\/www.santanyi.net\\\/de\\\/property\\\/eine-oase-der-ruhe-mit-meerblick-in-santanyi\\\/#primaryimage\"},\"image\":{\"@id\":\"https:\\\/\\\/www.santanyi.net\\\/de\\\/property\\\/eine-oase-der-ruhe-mit-meerblick-in-santanyi\\\/#primaryimage\"},\"thumbnailUrl\":\"https:\\\/\\\/www.santanyi.net\\\/wp-content\\\/uploads\\\/anaconda_property_media\\\/25898115-194822\\\/20-1.jpg\",\"datePublished\":\"2026-04-30T15:05:26+00:00\",\"dateModified\":\"2026-05-01T06:05:31+00:00\",\"breadcrumb\":{\"@id\":\"https:\\\/\\\/www.santanyi.net\\\/de\\\/property\\\/eine-oase-der-ruhe-mit-meerblick-in-santanyi\\\/#breadcrumb\"},\"inLanguage\":\"de\",\"potentialAction\":[{\"@type\":\"ReadAction\",\"target\":[\"https:\\\/\\\/www.santanyi.net\\\/de\\\/property\\\/eine-oase-der-ruhe-mit-meerblick-in-santanyi\\\/\"]}]},{\"@type\":\"ImageObject\",\"inLanguage\":\"de\",\"@id\":\"https:\\\/\\\/www.santanyi.net\\\/de\\\/property\\\/eine-oase-der-ruhe-mit-meerblick-in-santanyi\\\/#primaryimage\",\"url\":\"https:\\\/\\\/www.santanyi.net\\\/wp-content\\\/uploads\\\/anaconda_property_media\\\/25898115-194822\\\/20-1.jpg\",\"contentUrl\":\"https:\\\/\\\/www.santanyi.net\\\/wp-content\\\/uploads\\\/anaconda_property_media\\\/25898115-194822\\\/20-1.jpg\",\"width\":780,\"height\":587},{\"@type\":\"BreadcrumbList\",\"@id\":\"https:\\\/\\\/www.santanyi.net\\\/de\\\/property\\\/eine-oase-der-ruhe-mit-meerblick-in-santanyi\\\/#breadcrumb\",\"itemListElement\":[{\"@type\":\"ListItem\",\"position\":1,\"name\":\"Home\",\"item\":\"https:\\\/\\\/www.santanyi.net\\\/de\\\/\"},{\"@type\":\"ListItem\",\"position\":2,\"name\":\"Eigenschaften\",\"item\":\"https:\\\/\\\/www.santanyi.net\\\/de\\\/property\\\/\"},{\"@type\":\"ListItem\",\"position\":3,\"name\":\"Eine Oase der Ruhe mit Meerblick in Santany\u00ed!\"}]},{\"@type\":\"WebSite\",\"@id\":\"https:\\\/\\\/www.santanyi.net\\\/de\\\/#website\",\"url\":\"https:\\\/\\\/www.santanyi.net\\\/de\\\/\",\"name\":\"RE\\\/MAX Drac\",\"description\":\"\",\"publisher\":{\"@id\":\"https:\\\/\\\/www.santanyi.net\\\/de\\\/#organization\"},\"potentialAction\":[{\"@type\":\"SearchAction\",\"target\":{\"@type\":\"EntryPoint\",\"urlTemplate\":\"https:\\\/\\\/www.santanyi.net\\\/de\\\/?s={search_term_string}\"},\"query-input\":{\"@type\":\"PropertyValueSpecification\",\"valueRequired\":true,\"valueName\":\"search_term_string\"}}],\"inLanguage\":\"de\"},{\"@type\":\"Organization\",\"@id\":\"https:\\\/\\\/www.santanyi.net\\\/de\\\/#organization\",\"name\":\"RE\\\/MAX Drac\",\"url\":\"https:\\\/\\\/www.santanyi.net\\\/de\\\/\",\"logo\":{\"@type\":\"ImageObject\",\"inLanguage\":\"de\",\"@id\":\"https:\\\/\\\/www.santanyi.net\\\/de\\\/#\\\/schema\\\/logo\\\/image\\\/\",\"url\":\"https:\\\/\\\/www.santanyi.net\\\/wp-content\\\/uploads\\\/2025\\\/07\\\/logo-nuevo.png\",\"contentUrl\":\"https:\\\/\\\/www.santanyi.net\\\/wp-content\\\/uploads\\\/2025\\\/07\\\/logo-nuevo.png\",\"width\":295,\"height\":165,\"caption\":\"RE\\\/MAX Drac\"},\"image\":{\"@id\":\"https:\\\/\\\/www.santanyi.net\\\/de\\\/#\\\/schema\\\/logo\\\/image\\\/\"}}]}<\/script>\n<!-- \/ Yoast SEO plugin. -->","yoast_head_json":{"title":"Eine Oase der Ruhe mit Meerblick in Santany\u00ed! - RE\/MAX Drac","robots":{"index":"index","follow":"follow","max-snippet":"max-snippet:-1","max-image-preview":"max-image-preview:large","max-video-preview":"max-video-preview:-1"},"canonical":"https:\/\/www.santanyi.net\/de\/property\/eine-oase-der-ruhe-mit-meerblick-in-santanyi\/","og_locale":"de_DE","og_type":"article","og_title":"Eine Oase der Ruhe mit Meerblick in Santany\u00ed! - RE\/MAX Drac","og_description":"Eine Oase der Ruhe mit Meerblick in Santany\u00ed!Willkommen in Ihrem zuk\u00fcnftigen Zuhause im Herzen der idyllischen Landschaft von Santany\u00ed! Gestatten Sie mir, Ihnen eine au\u00dfergew\u00f6hnliche Immobilie vorzustellen, die im Jahr 2000 erbaut wurde und l\u00e4ndliche Ruhe mit modernem Komfort und Luxus verbindet, dabei einen unverbaubaren Blick bis zum Mittelmeer erlaubt. Beim Betreten dieses charmanten Hauses [&hellip;]","og_url":"https:\/\/www.santanyi.net\/de\/property\/eine-oase-der-ruhe-mit-meerblick-in-santanyi\/","og_site_name":"RE\/MAX Drac","article_modified_time":"2026-05-01T06:05:31+00:00","og_image":[{"width":780,"height":587,"url":"https:\/\/www.santanyi.net\/wp-content\/uploads\/anaconda_property_media\/25898115-194822\/20-1.jpg","type":"image\/jpeg"}],"twitter_card":"summary_large_image","twitter_misc":{"Gesch\u00e4tzte Lesezeit":"2\u00a0Minuten"},"schema":{"@context":"https:\/\/schema.org","@graph":[{"@type":"WebPage","@id":"https:\/\/www.santanyi.net\/de\/property\/eine-oase-der-ruhe-mit-meerblick-in-santanyi\/","url":"https:\/\/www.santanyi.net\/de\/property\/eine-oase-der-ruhe-mit-meerblick-in-santanyi\/","name":"Eine Oase der Ruhe mit Meerblick in Santany\u00ed! - RE\/MAX Drac","isPartOf":{"@id":"https:\/\/www.santanyi.net\/de\/#website"},"primaryImageOfPage":{"@id":"https:\/\/www.santanyi.net\/de\/property\/eine-oase-der-ruhe-mit-meerblick-in-santanyi\/#primaryimage"},"image":{"@id":"https:\/\/www.santanyi.net\/de\/property\/eine-oase-der-ruhe-mit-meerblick-in-santanyi\/#primaryimage"},"thumbnailUrl":"https:\/\/www.santanyi.net\/wp-content\/uploads\/anaconda_property_media\/25898115-194822\/20-1.jpg","datePublished":"2026-04-30T15:05:26+00:00","dateModified":"2026-05-01T06:05:31+00:00","breadcrumb":{"@id":"https:\/\/www.santanyi.net\/de\/property\/eine-oase-der-ruhe-mit-meerblick-in-santanyi\/#breadcrumb"},"inLanguage":"de","potentialAction":[{"@type":"ReadAction","target":["https:\/\/www.santanyi.net\/de\/property\/eine-oase-der-ruhe-mit-meerblick-in-santanyi\/"]}]},{"@type":"ImageObject","inLanguage":"de","@id":"https:\/\/www.santanyi.net\/de\/property\/eine-oase-der-ruhe-mit-meerblick-in-santanyi\/#primaryimage","url":"https:\/\/www.santanyi.net\/wp-content\/uploads\/anaconda_property_media\/25898115-194822\/20-1.jpg","contentUrl":"https:\/\/www.santanyi.net\/wp-content\/uploads\/anaconda_property_media\/25898115-194822\/20-1.jpg","width":780,"height":587},{"@type":"BreadcrumbList","@id":"https:\/\/www.santanyi.net\/de\/property\/eine-oase-der-ruhe-mit-meerblick-in-santanyi\/#breadcrumb","itemListElement":[{"@type":"ListItem","position":1,"name":"Home","item":"https:\/\/www.santanyi.net\/de\/"},{"@type":"ListItem","position":2,"name":"Eigenschaften","item":"https:\/\/www.santanyi.net\/de\/property\/"},{"@type":"ListItem","position":3,"name":"Eine Oase der Ruhe mit Meerblick in Santany\u00ed!"}]},{"@type":"WebSite","@id":"https:\/\/www.santanyi.net\/de\/#website","url":"https:\/\/www.santanyi.net\/de\/","name":"RE\/MAX Drac","description":"","publisher":{"@id":"https:\/\/www.santanyi.net\/de\/#organization"},"potentialAction":[{"@type":"SearchAction","target":{"@type":"EntryPoint","urlTemplate":"https:\/\/www.santanyi.net\/de\/?s={search_term_string}"},"query-input":{"@type":"PropertyValueSpecification","valueRequired":true,"valueName":"search_term_string"}}],"inLanguage":"de"},{"@type":"Organization","@id":"https:\/\/www.santanyi.net\/de\/#organization","name":"RE\/MAX Drac","url":"https:\/\/www.santanyi.net\/de\/","logo":{"@type":"ImageObject","inLanguage":"de","@id":"https:\/\/www.santanyi.net\/de\/#\/schema\/logo\/image\/","url":"https:\/\/www.santanyi.net\/wp-content\/uploads\/2025\/07\/logo-nuevo.png","contentUrl":"https:\/\/www.santanyi.net\/wp-content\/uploads\/2025\/07\/logo-nuevo.png","width":295,"height":165,"caption":"RE\/MAX Drac"},"image":{"@id":"https:\/\/www.santanyi.net\/de\/#\/schema\/logo\/image\/"}}]}},"_links":{"self":[{"href":"https:\/\/www.santanyi.net\/de\/wp-json\/wp\/v2\/properties\/194829","targetHints":{"allow":["GET"]}}],"collection":[{"href":"https:\/\/www.santanyi.net\/de\/wp-json\/wp\/v2\/properties"}],"about":[{"href":"https:\/\/www.santanyi.net\/de\/wp-json\/wp\/v2\/types\/property"}],"author":[{"embeddable":true,"href":"https:\/\/www.santanyi.net\/de\/wp-json\/wp\/v2\/users\/1"}],"version-history":[{"count":2,"href":"https:\/\/www.santanyi.net\/de\/wp-json\/wp\/v2\/properties\/194829\/revisions"}],"predecessor-version":[{"id":195964,"href":"https:\/\/www.santanyi.net\/de\/wp-json\/wp\/v2\/properties\/194829\/revisions\/195964"}],"wp:featuredmedia":[{"embeddable":true,"href":"https:\/\/www.santanyi.net\/de\/wp-json\/wp\/v2\/media\/194823"}],"wp:attachment":[{"href":"https:\/\/www.santanyi.net\/de\/wp-json\/wp\/v2\/media?parent=194829"}],"wp:term":[{"taxonomy":"property_type","embeddable":true,"href":"https:\/\/www.santanyi.net\/de\/wp-json\/wp\/v2\/property_type?post=194829"},{"taxonomy":"property_status","embeddable":true,"href":"https:\/\/www.santanyi.net\/de\/wp-json\/wp\/v2\/property_status?post=194829"},{"taxonomy":"property_feature","embeddable":true,"href":"https:\/\/www.santanyi.net\/de\/wp-json\/wp\/v2\/property_feature?post=194829"},{"taxonomy":"property_label","embeddable":true,"href":"https:\/\/www.santanyi.net\/de\/wp-json\/wp\/v2\/property_label?post=194829"},{"taxonomy":"property_country","embeddable":true,"href":"https:\/\/www.santanyi.net\/de\/wp-json\/wp\/v2\/property_country?post=194829"},{"taxonomy":"property_state","embeddable":true,"href":"https:\/\/www.santanyi.net\/de\/wp-json\/wp\/v2\/property_state?post=194829"},{"taxonomy":"property_city","embeddable":true,"href":"https:\/\/www.santanyi.net\/de\/wp-json\/wp\/v2\/property_city?post=194829"},{"taxonomy":"property_area","embeddable":true,"href":"https:\/\/www.santanyi.net\/de\/wp-json\/wp\/v2\/property_area?post=194829"}],"curies":[{"name":"wp","href":"https:\/\/api.w.org\/{rel}","templated":true}]}}