
{"id":194733,"date":"2026-04-30T15:04:41","date_gmt":"2026-04-30T15:04:41","guid":{"rendered":"https:\/\/www.santanyi.net\/property\/zentral-gelegenes-haus-in-einer-sehr-ruhigen-gegend-von-santanyi\/"},"modified":"2026-05-01T06:05:06","modified_gmt":"2026-05-01T06:05:06","slug":"zentral-gelegenes-haus-in-einer-sehr-ruhigen-gegend-von-santanyi-2","status":"publish","type":"property","link":"https:\/\/www.santanyi.net\/de\/property\/zentral-gelegenes-haus-in-einer-sehr-ruhigen-gegend-von-santanyi-2\/","title":{"rendered":"Zentral gelegenes Haus in einer sehr ruhigen Gegend von Santany\u00ed"},"content":{"rendered":"<p>Wundersch\u00f6nes, brandneues Haus, erbaut Ende der 1990er Jahre, in einer ruhigen Stra\u00dfe in Santany\u00ed auf einem gro\u00dfz\u00fcgigen 880 m\u00b2 gro\u00dfen Grundst\u00fcck.<\/p>\n<p>Das Haus erstreckt sich vollst\u00e4ndig \u00fcber das Erdgeschoss und bietet einen gro\u00dfz\u00fcgigen Wohnbereich mit drei Doppelschlafzimmern (je nach Nutzung kann ein viertes Schlafzimmer hinzugef\u00fcgt werden), einer K\u00fcche, einem Esszimmer, einem gro\u00dfen Wohnzimmer und einem Badezimmer. Alle R\u00e4ume sind gro\u00dfz\u00fcgig bemessen. Es verf\u00fcgt au\u00dferdem \u00fcber eine praktische Garage und eine vorinstallierte Heizung.<\/p>\n<p>Im weitl\u00e4ufigen Garten hinter dem Haus befindet sich ein traditioneller Steinschuppen mit gro\u00dfem Erweiterungspotenzial. Im Preis inbegriffen ist ein Projekt f\u00fcr den Bau eines Swimmingpools. Die Bauvorschriften erlauben den Bau eines zus\u00e4tzlichen Stockwerks und eine Vergr\u00f6\u00dferung der bebauten Fl\u00e4che.<\/p>\n","protected":false},"excerpt":{"rendered":"<p>Wundersch\u00f6nes, brandneues Haus, erbaut Ende der 1990er Jahre, in einer ruhigen Stra\u00dfe in Santany\u00ed auf einem gro\u00dfz\u00fcgigen 880 m\u00b2 gro\u00dfen Grundst\u00fcck. Das Haus erstreckt sich vollst\u00e4ndig \u00fcber das Erdgeschoss und bietet einen gro\u00dfz\u00fcgigen Wohnbereich mit drei Doppelschlafzimmern (je nach Nutzung kann ein viertes Schlafzimmer hinzugef\u00fcgt werden), einer K\u00fcche, einem Esszimmer, einem gro\u00dfen Wohnzimmer und einem [&hellip;]<\/p>\n","protected":false},"author":1,"featured_media":194727,"parent":0,"menu_order":0,"template":"","property_type":[2133],"property_status":[2096,2106],"property_feature":[1774,1827],"property_label":[],"property_country":[],"property_state":[],"property_city":[635],"property_area":[636],"class_list":["post-194733","property","type-property","status-publish","has-post-thumbnail","hentry","property_type-casa-de","property_status-venta","property_status-venta-de","property_feature-parking","property_feature-parking-de","property_city-santanyi","property_area-santanyi"],"acf":[],"property_meta":{"_apg_property_user_edited":["1"],"fave_property_id":["DRAC-CP2075SB"],"fave_property_location":["39.35408868,3.132775739,15"],"houzez_geolocation_lat":["39.35408868"],"houzez_geolocation_long":["3.132775739"],"fave_property_price":["1290000"],"fave_property_rent_or_sale":["sale"],"fave_property_year":[null],"fave_property_size_prefix":["m2"],"fave_property_land_postfix":["m2"],"fave_property_size":["175"],"fave_property_land":["880"],"fave_property_bedrooms":["3"],"fave_property_bathrooms":["1"],"fave_property_garage":["2"],"fave_property_map_address":["Santany\u00ed, 07650 Santany\u00ed"],"fave_property_address":[" , Santany\u00ed 07650"],"fave_property_zip":["07650"],"fave_property_postal_code":["07650"],"fave_property_map":["1"],"apg_is_using_remote_image_url":["1"],"apg_using_remote_image_urls":["[{\"multimedia_type\":\"Picture\",\"picture_url\":\"https:\/\/fotos15.inmovilla.com\/12732\/24620965\/1-1.jpg\",\"position\":1,\"picture_id\":1,\"media_id\":144321,\"post_id\":194726,\"id\":1,\"attachment_id\":0,\"url\":\"https:\/\/fotos15.inmovilla.com\/12732\/24620965\/1-1.jpg\",\"basename\":\"1-1.jpg\",\"created_date\":\"2026-04-30 15:04:41\",\"is_downloaded\":0,\"is_using_remote\":0},{\"multimedia_type\":\"Picture\",\"picture_url\":\"https:\/\/fotos15.inmovilla.com\/12732\/24620965\/1-2.jpg\",\"position\":2,\"picture_id\":2,\"media_id\":144322,\"post_id\":194726,\"id\":2,\"attachment_id\":0,\"url\":\"https:\/\/fotos15.inmovilla.com\/12732\/24620965\/1-2.jpg\",\"basename\":\"1-2.jpg\",\"created_date\":\"2026-04-30 15:04:41\",\"is_downloaded\":0,\"is_using_remote\":1},{\"multimedia_type\":\"Picture\",\"picture_url\":\"https:\/\/fotos15.inmovilla.com\/12732\/24620965\/1-3.jpg\",\"position\":3,\"picture_id\":3,\"media_id\":144323,\"post_id\":194726,\"id\":3,\"attachment_id\":0,\"url\":\"https:\/\/fotos15.inmovilla.com\/12732\/24620965\/1-3.jpg\",\"basename\":\"1-3.jpg\",\"created_date\":\"2026-04-30 15:04:41\",\"is_downloaded\":0,\"is_using_remote\":1},{\"multimedia_type\":\"Picture\",\"picture_url\":\"https:\/\/fotos15.inmovilla.com\/12732\/24620965\/1-4.jpg\",\"position\":4,\"picture_id\":4,\"media_id\":144324,\"post_id\":194726,\"id\":4,\"attachment_id\":0,\"url\":\"https:\/\/fotos15.inmovilla.com\/12732\/24620965\/1-4.jpg\",\"basename\":\"1-4.jpg\",\"created_date\":\"2026-04-30 15:04:41\",\"is_downloaded\":0,\"is_using_remote\":1},{\"multimedia_type\":\"Picture\",\"picture_url\":\"https:\/\/fotos15.inmovilla.com\/12732\/24620965\/1-5.jpg\",\"position\":5,\"picture_id\":5,\"media_id\":144325,\"post_id\":194726,\"id\":5,\"attachment_id\":0,\"url\":\"https:\/\/fotos15.inmovilla.com\/12732\/24620965\/1-5.jpg\",\"basename\":\"1-5.jpg\",\"created_date\":\"2026-04-30 15:04:41\",\"is_downloaded\":0,\"is_using_remote\":1},{\"multimedia_type\":\"Picture\",\"picture_url\":\"https:\/\/fotos15.inmovilla.com\/12732\/24620965\/1-6.jpg\",\"position\":6,\"picture_id\":6,\"media_id\":144326,\"post_id\":194726,\"id\":6,\"attachment_id\":0,\"url\":\"https:\/\/fotos15.inmovilla.com\/12732\/24620965\/1-6.jpg\",\"basename\":\"1-6.jpg\",\"created_date\":\"2026-04-30 15:04:41\",\"is_downloaded\":0,\"is_using_remote\":1},{\"multimedia_type\":\"Picture\",\"picture_url\":\"https:\/\/fotos15.inmovilla.com\/12732\/24620965\/1-7.jpg\",\"position\":7,\"picture_id\":7,\"media_id\":144327,\"post_id\":194726,\"id\":7,\"attachment_id\":0,\"url\":\"https:\/\/fotos15.inmovilla.com\/12732\/24620965\/1-7.jpg\",\"basename\":\"1-7.jpg\",\"created_date\":\"2026-04-30 15:04:41\",\"is_downloaded\":0,\"is_using_remote\":1},{\"multimedia_type\":\"Picture\",\"picture_url\":\"https:\/\/fotos15.inmovilla.com\/12732\/24620965\/1-8.jpg\",\"position\":8,\"picture_id\":8,\"media_id\":144328,\"post_id\":194726,\"id\":8,\"attachment_id\":0,\"url\":\"https:\/\/fotos15.inmovilla.com\/12732\/24620965\/1-8.jpg\",\"basename\":\"1-8.jpg\",\"created_date\":\"2026-04-30 15:04:41\",\"is_downloaded\":0,\"is_using_remote\":1},{\"multimedia_type\":\"Picture\",\"picture_url\":\"https:\/\/fotos15.inmovilla.com\/12732\/24620965\/1-9.jpg\",\"position\":9,\"picture_id\":9,\"media_id\":144329,\"post_id\":194726,\"id\":9,\"attachment_id\":0,\"url\":\"https:\/\/fotos15.inmovilla.com\/12732\/24620965\/1-9.jpg\",\"basename\":\"1-9.jpg\",\"created_date\":\"2026-04-30 15:04:41\",\"is_downloaded\":0,\"is_using_remote\":1},{\"multimedia_type\":\"Picture\",\"picture_url\":\"https:\/\/fotos15.inmovilla.com\/12732\/24620965\/1-10.jpg\",\"position\":10,\"picture_id\":10,\"media_id\":144330,\"post_id\":194726,\"id\":10,\"attachment_id\":0,\"url\":\"https:\/\/fotos15.inmovilla.com\/12732\/24620965\/1-10.jpg\",\"basename\":\"1-10.jpg\",\"created_date\":\"2026-04-30 15:04:41\",\"is_downloaded\":0,\"is_using_remote\":1},{\"multimedia_type\":\"Picture\",\"picture_url\":\"https:\/\/fotos15.inmovilla.com\/12732\/24620965\/1-11.jpg\",\"position\":11,\"picture_id\":11,\"media_id\":144331,\"post_id\":194726,\"id\":11,\"attachment_id\":0,\"url\":\"https:\/\/fotos15.inmovilla.com\/12732\/24620965\/1-11.jpg\",\"basename\":\"1-11.jpg\",\"created_date\":\"2026-04-30 15:04:41\",\"is_downloaded\":0,\"is_using_remote\":1},{\"multimedia_type\":\"Picture\",\"picture_url\":\"https:\/\/fotos15.inmovilla.com\/12732\/24620965\/1-12.jpg\",\"position\":12,\"picture_id\":12,\"media_id\":144332,\"post_id\":194726,\"id\":12,\"attachment_id\":0,\"url\":\"https:\/\/fotos15.inmovilla.com\/12732\/24620965\/1-12.jpg\",\"basename\":\"1-12.jpg\",\"created_date\":\"2026-04-30 15:04:41\",\"is_downloaded\":0,\"is_using_remote\":1},{\"multimedia_type\":\"Picture\",\"picture_url\":\"https:\/\/fotos15.inmovilla.com\/12732\/24620965\/1-13.jpg\",\"position\":13,\"picture_id\":13,\"media_id\":144333,\"post_id\":194726,\"id\":13,\"attachment_id\":0,\"url\":\"https:\/\/fotos15.inmovilla.com\/12732\/24620965\/1-13.jpg\",\"basename\":\"1-13.jpg\",\"created_date\":\"2026-04-30 15:04:41\",\"is_downloaded\":0,\"is_using_remote\":1},{\"multimedia_type\":\"Picture\",\"picture_url\":\"https:\/\/fotos15.inmovilla.com\/12732\/24620965\/1-14.jpg\",\"position\":14,\"picture_id\":14,\"media_id\":144334,\"post_id\":194726,\"id\":14,\"attachment_id\":0,\"url\":\"https:\/\/fotos15.inmovilla.com\/12732\/24620965\/1-14.jpg\",\"basename\":\"1-14.jpg\",\"created_date\":\"2026-04-30 15:04:41\",\"is_downloaded\":0,\"is_using_remote\":1},{\"multimedia_type\":\"Picture\",\"picture_url\":\"https:\/\/fotos15.inmovilla.com\/12732\/24620965\/1-15.jpg\",\"position\":15,\"picture_id\":15,\"media_id\":144335,\"post_id\":194726,\"id\":15,\"attachment_id\":0,\"url\":\"https:\/\/fotos15.inmovilla.com\/12732\/24620965\/1-15.jpg\",\"basename\":\"1-15.jpg\",\"created_date\":\"2026-04-30 15:04:41\",\"is_downloaded\":0,\"is_using_remote\":1},{\"multimedia_type\":\"Picture\",\"picture_url\":\"https:\/\/fotos15.inmovilla.com\/12732\/24620965\/1-16.jpg\",\"position\":16,\"picture_id\":16,\"media_id\":144336,\"post_id\":194726,\"id\":16,\"attachment_id\":0,\"url\":\"https:\/\/fotos15.inmovilla.com\/12732\/24620965\/1-16.jpg\",\"basename\":\"1-16.jpg\",\"created_date\":\"2026-04-30 15:04:41\",\"is_downloaded\":0,\"is_using_remote\":1},{\"multimedia_type\":\"Picture\",\"picture_url\":\"https:\/\/fotos15.inmovilla.com\/12732\/24620965\/1-17.jpg\",\"position\":17,\"picture_id\":17,\"media_id\":144337,\"post_id\":194726,\"id\":17,\"attachment_id\":0,\"url\":\"https:\/\/fotos15.inmovilla.com\/12732\/24620965\/1-17.jpg\",\"basename\":\"1-17.jpg\",\"created_date\":\"2026-04-30 15:04:41\",\"is_downloaded\":0,\"is_using_remote\":1},{\"multimedia_type\":\"Picture\",\"picture_url\":\"https:\/\/fotos15.inmovilla.com\/12732\/24620965\/1-18.jpg\",\"position\":18,\"picture_id\":18,\"media_id\":144338,\"post_id\":194726,\"id\":18,\"attachment_id\":0,\"url\":\"https:\/\/fotos15.inmovilla.com\/12732\/24620965\/1-18.jpg\",\"basename\":\"1-18.jpg\",\"created_date\":\"2026-04-30 15:04:41\",\"is_downloaded\":0,\"is_using_remote\":1},{\"multimedia_type\":\"Picture\",\"picture_url\":\"https:\/\/fotos15.inmovilla.com\/12732\/24620965\/1-19.jpg\",\"position\":19,\"picture_id\":19,\"media_id\":144339,\"post_id\":194726,\"id\":19,\"attachment_id\":0,\"url\":\"https:\/\/fotos15.inmovilla.com\/12732\/24620965\/1-19.jpg\",\"basename\":\"1-19.jpg\",\"created_date\":\"2026-04-30 15:04:41\",\"is_downloaded\":0,\"is_using_remote\":1},{\"multimedia_type\":\"Picture\",\"picture_url\":\"https:\/\/fotos15.inmovilla.com\/12732\/24620965\/1-20.jpg\",\"position\":20,\"picture_id\":20,\"media_id\":144340,\"post_id\":194726,\"id\":20,\"attachment_id\":0,\"url\":\"https:\/\/fotos15.inmovilla.com\/12732\/24620965\/1-20.jpg\",\"basename\":\"1-20.jpg\",\"created_date\":\"2026-04-30 15:04:41\",\"is_downloaded\":0,\"is_using_remote\":1},{\"multimedia_type\":\"Picture\",\"picture_url\":\"https:\/\/fotos15.inmovilla.com\/12732\/24620965\/1-21.jpg\",\"position\":21,\"picture_id\":21,\"media_id\":144341,\"post_id\":194726,\"id\":21,\"attachment_id\":0,\"url\":\"https:\/\/fotos15.inmovilla.com\/12732\/24620965\/1-21.jpg\",\"basename\":\"1-21.jpg\",\"created_date\":\"2026-04-30 15:04:41\",\"is_downloaded\":0,\"is_using_remote\":1},{\"multimedia_type\":\"Picture\",\"picture_url\":\"https:\/\/fotos15.inmovilla.com\/12732\/24620965\/1-22.jpg\",\"position\":22,\"picture_id\":22,\"media_id\":144342,\"post_id\":194726,\"id\":22,\"attachment_id\":0,\"url\":\"https:\/\/fotos15.inmovilla.com\/12732\/24620965\/1-22.jpg\",\"basename\":\"1-22.jpg\",\"created_date\":\"2026-04-30 15:04:41\",\"is_downloaded\":0,\"is_using_remote\":1},{\"multimedia_type\":\"Picture\",\"picture_url\":\"https:\/\/fotos15.inmovilla.com\/12732\/24620965\/1-23.jpg\",\"position\":23,\"picture_id\":23,\"media_id\":144343,\"post_id\":194726,\"id\":23,\"attachment_id\":0,\"url\":\"https:\/\/fotos15.inmovilla.com\/12732\/24620965\/1-23.jpg\",\"basename\":\"1-23.jpg\",\"created_date\":\"2026-04-30 15:04:41\",\"is_downloaded\":0,\"is_using_remote\":1},{\"multimedia_type\":\"Picture\",\"picture_url\":\"https:\/\/fotos15.inmovilla.com\/12732\/24620965\/1-24.jpg\",\"position\":24,\"picture_id\":24,\"media_id\":144344,\"post_id\":194726,\"id\":24,\"attachment_id\":0,\"url\":\"https:\/\/fotos15.inmovilla.com\/12732\/24620965\/1-24.jpg\",\"basename\":\"1-24.jpg\",\"created_date\":\"2026-04-30 15:04:41\",\"is_downloaded\":0,\"is_using_remote\":1},{\"multimedia_type\":\"Picture\",\"picture_url\":\"https:\/\/fotos15.inmovilla.com\/12732\/24620965\/1-25.jpg\",\"position\":25,\"picture_id\":25,\"media_id\":144345,\"post_id\":194726,\"id\":25,\"attachment_id\":0,\"url\":\"https:\/\/fotos15.inmovilla.com\/12732\/24620965\/1-25.jpg\",\"basename\":\"1-25.jpg\",\"created_date\":\"2026-04-30 15:04:41\",\"is_downloaded\":0,\"is_using_remote\":1},{\"multimedia_type\":\"Picture\",\"picture_url\":\"https:\/\/fotos15.inmovilla.com\/12732\/24620965\/1-26.jpg\",\"position\":26,\"picture_id\":26,\"media_id\":144346,\"post_id\":194726,\"id\":26,\"attachment_id\":0,\"url\":\"https:\/\/fotos15.inmovilla.com\/12732\/24620965\/1-26.jpg\",\"basename\":\"1-26.jpg\",\"created_date\":\"2026-04-30 15:04:41\",\"is_downloaded\":0,\"is_using_remote\":1}]"],"_thumbnail_id":["194727"],"fave_property_images":["194727"],"fave_property_sec_price":["1595000"],"apg_property_id":["24620965"],"_wpml_word_count":["160"],"houzez_recently_viewed":["2026-05-01 09:08:12"],"houzez_total_property_views":["3"],"houzez_views_by_date":["a:1:{s:10:\"05-01-2026\";i:3;}"],"_eael_post_view_count":["3"],"_elementor_page_assets":["a:0:{}"]},"yoast_head":"<!-- This site is optimized with the Yoast SEO plugin v27.5 - https:\/\/yoast.com\/product\/yoast-seo-wordpress\/ -->\n<title>Zentral gelegenes Haus in einer sehr ruhigen Gegend von Santany\u00ed - RE\/MAX Drac<\/title>\n<meta name=\"robots\" content=\"index, follow, max-snippet:-1, max-image-preview:large, max-video-preview:-1\" \/>\n<link rel=\"canonical\" href=\"https:\/\/www.santanyi.net\/de\/property\/zentral-gelegenes-haus-in-einer-sehr-ruhigen-gegend-von-santanyi-2\/\" \/>\n<meta property=\"og:locale\" content=\"de_DE\" \/>\n<meta property=\"og:type\" content=\"article\" \/>\n<meta property=\"og:title\" content=\"Zentral gelegenes Haus in einer sehr ruhigen Gegend von Santany\u00ed - RE\/MAX Drac\" \/>\n<meta property=\"og:description\" content=\"Wundersch\u00f6nes, brandneues Haus, erbaut Ende der 1990er Jahre, in einer ruhigen Stra\u00dfe in Santany\u00ed auf einem gro\u00dfz\u00fcgigen 880 m\u00b2 gro\u00dfen Grundst\u00fcck. Das Haus erstreckt sich vollst\u00e4ndig \u00fcber das Erdgeschoss und bietet einen gro\u00dfz\u00fcgigen Wohnbereich mit drei Doppelschlafzimmern (je nach Nutzung kann ein viertes Schlafzimmer hinzugef\u00fcgt werden), einer K\u00fcche, einem Esszimmer, einem gro\u00dfen Wohnzimmer und einem [&hellip;]\" \/>\n<meta property=\"og:url\" content=\"https:\/\/www.santanyi.net\/de\/property\/zentral-gelegenes-haus-in-einer-sehr-ruhigen-gegend-von-santanyi-2\/\" \/>\n<meta property=\"og:site_name\" content=\"RE\/MAX Drac\" \/>\n<meta property=\"article:modified_time\" content=\"2026-05-01T06:05:06+00:00\" \/>\n<meta property=\"og:image\" content=\"https:\/\/www.santanyi.net\/wp-content\/uploads\/anaconda_property_media\/24620965-194726\/1-1.jpg\" \/>\n\t<meta property=\"og:image:width\" content=\"1920\" \/>\n\t<meta property=\"og:image:height\" content=\"1440\" \/>\n\t<meta property=\"og:image:type\" content=\"image\/jpeg\" \/>\n<meta name=\"twitter:card\" content=\"summary_large_image\" \/>\n<meta name=\"twitter:label1\" content=\"Gesch\u00e4tzte Lesezeit\" \/>\n\t<meta name=\"twitter:data1\" content=\"1\u00a0Minute\" \/>\n<script type=\"application\/ld+json\" class=\"yoast-schema-graph\">{\"@context\":\"https:\\\/\\\/schema.org\",\"@graph\":[{\"@type\":\"WebPage\",\"@id\":\"https:\\\/\\\/www.santanyi.net\\\/de\\\/property\\\/zentral-gelegenes-haus-in-einer-sehr-ruhigen-gegend-von-santanyi-2\\\/\",\"url\":\"https:\\\/\\\/www.santanyi.net\\\/de\\\/property\\\/zentral-gelegenes-haus-in-einer-sehr-ruhigen-gegend-von-santanyi-2\\\/\",\"name\":\"Zentral gelegenes Haus in einer sehr ruhigen Gegend von Santany\u00ed - RE\\\/MAX Drac\",\"isPartOf\":{\"@id\":\"https:\\\/\\\/www.santanyi.net\\\/de\\\/#website\"},\"primaryImageOfPage\":{\"@id\":\"https:\\\/\\\/www.santanyi.net\\\/de\\\/property\\\/zentral-gelegenes-haus-in-einer-sehr-ruhigen-gegend-von-santanyi-2\\\/#primaryimage\"},\"image\":{\"@id\":\"https:\\\/\\\/www.santanyi.net\\\/de\\\/property\\\/zentral-gelegenes-haus-in-einer-sehr-ruhigen-gegend-von-santanyi-2\\\/#primaryimage\"},\"thumbnailUrl\":\"https:\\\/\\\/www.santanyi.net\\\/wp-content\\\/uploads\\\/anaconda_property_media\\\/24620965-194726\\\/1-1.jpg\",\"datePublished\":\"2026-04-30T15:04:41+00:00\",\"dateModified\":\"2026-05-01T06:05:06+00:00\",\"breadcrumb\":{\"@id\":\"https:\\\/\\\/www.santanyi.net\\\/de\\\/property\\\/zentral-gelegenes-haus-in-einer-sehr-ruhigen-gegend-von-santanyi-2\\\/#breadcrumb\"},\"inLanguage\":\"de\",\"potentialAction\":[{\"@type\":\"ReadAction\",\"target\":[\"https:\\\/\\\/www.santanyi.net\\\/de\\\/property\\\/zentral-gelegenes-haus-in-einer-sehr-ruhigen-gegend-von-santanyi-2\\\/\"]}]},{\"@type\":\"ImageObject\",\"inLanguage\":\"de\",\"@id\":\"https:\\\/\\\/www.santanyi.net\\\/de\\\/property\\\/zentral-gelegenes-haus-in-einer-sehr-ruhigen-gegend-von-santanyi-2\\\/#primaryimage\",\"url\":\"https:\\\/\\\/www.santanyi.net\\\/wp-content\\\/uploads\\\/anaconda_property_media\\\/24620965-194726\\\/1-1.jpg\",\"contentUrl\":\"https:\\\/\\\/www.santanyi.net\\\/wp-content\\\/uploads\\\/anaconda_property_media\\\/24620965-194726\\\/1-1.jpg\",\"width\":1920,\"height\":1440},{\"@type\":\"BreadcrumbList\",\"@id\":\"https:\\\/\\\/www.santanyi.net\\\/de\\\/property\\\/zentral-gelegenes-haus-in-einer-sehr-ruhigen-gegend-von-santanyi-2\\\/#breadcrumb\",\"itemListElement\":[{\"@type\":\"ListItem\",\"position\":1,\"name\":\"Home\",\"item\":\"https:\\\/\\\/www.santanyi.net\\\/de\\\/\"},{\"@type\":\"ListItem\",\"position\":2,\"name\":\"Eigenschaften\",\"item\":\"https:\\\/\\\/www.santanyi.net\\\/de\\\/property\\\/\"},{\"@type\":\"ListItem\",\"position\":3,\"name\":\"Zentral gelegenes Haus in einer sehr ruhigen Gegend von Santany\u00ed\"}]},{\"@type\":\"WebSite\",\"@id\":\"https:\\\/\\\/www.santanyi.net\\\/de\\\/#website\",\"url\":\"https:\\\/\\\/www.santanyi.net\\\/de\\\/\",\"name\":\"RE\\\/MAX Drac\",\"description\":\"\",\"publisher\":{\"@id\":\"https:\\\/\\\/www.santanyi.net\\\/de\\\/#organization\"},\"potentialAction\":[{\"@type\":\"SearchAction\",\"target\":{\"@type\":\"EntryPoint\",\"urlTemplate\":\"https:\\\/\\\/www.santanyi.net\\\/de\\\/?s={search_term_string}\"},\"query-input\":{\"@type\":\"PropertyValueSpecification\",\"valueRequired\":true,\"valueName\":\"search_term_string\"}}],\"inLanguage\":\"de\"},{\"@type\":\"Organization\",\"@id\":\"https:\\\/\\\/www.santanyi.net\\\/de\\\/#organization\",\"name\":\"RE\\\/MAX Drac\",\"url\":\"https:\\\/\\\/www.santanyi.net\\\/de\\\/\",\"logo\":{\"@type\":\"ImageObject\",\"inLanguage\":\"de\",\"@id\":\"https:\\\/\\\/www.santanyi.net\\\/de\\\/#\\\/schema\\\/logo\\\/image\\\/\",\"url\":\"https:\\\/\\\/www.santanyi.net\\\/wp-content\\\/uploads\\\/2025\\\/07\\\/logo-nuevo.png\",\"contentUrl\":\"https:\\\/\\\/www.santanyi.net\\\/wp-content\\\/uploads\\\/2025\\\/07\\\/logo-nuevo.png\",\"width\":295,\"height\":165,\"caption\":\"RE\\\/MAX Drac\"},\"image\":{\"@id\":\"https:\\\/\\\/www.santanyi.net\\\/de\\\/#\\\/schema\\\/logo\\\/image\\\/\"}}]}<\/script>\n<!-- \/ Yoast SEO plugin. -->","yoast_head_json":{"title":"Zentral gelegenes Haus in einer sehr ruhigen Gegend von Santany\u00ed - RE\/MAX Drac","robots":{"index":"index","follow":"follow","max-snippet":"max-snippet:-1","max-image-preview":"max-image-preview:large","max-video-preview":"max-video-preview:-1"},"canonical":"https:\/\/www.santanyi.net\/de\/property\/zentral-gelegenes-haus-in-einer-sehr-ruhigen-gegend-von-santanyi-2\/","og_locale":"de_DE","og_type":"article","og_title":"Zentral gelegenes Haus in einer sehr ruhigen Gegend von Santany\u00ed - RE\/MAX Drac","og_description":"Wundersch\u00f6nes, brandneues Haus, erbaut Ende der 1990er Jahre, in einer ruhigen Stra\u00dfe in Santany\u00ed auf einem gro\u00dfz\u00fcgigen 880 m\u00b2 gro\u00dfen Grundst\u00fcck. Das Haus erstreckt sich vollst\u00e4ndig \u00fcber das Erdgeschoss und bietet einen gro\u00dfz\u00fcgigen Wohnbereich mit drei Doppelschlafzimmern (je nach Nutzung kann ein viertes Schlafzimmer hinzugef\u00fcgt werden), einer K\u00fcche, einem Esszimmer, einem gro\u00dfen Wohnzimmer und einem [&hellip;]","og_url":"https:\/\/www.santanyi.net\/de\/property\/zentral-gelegenes-haus-in-einer-sehr-ruhigen-gegend-von-santanyi-2\/","og_site_name":"RE\/MAX Drac","article_modified_time":"2026-05-01T06:05:06+00:00","og_image":[{"width":1920,"height":1440,"url":"https:\/\/www.santanyi.net\/wp-content\/uploads\/anaconda_property_media\/24620965-194726\/1-1.jpg","type":"image\/jpeg"}],"twitter_card":"summary_large_image","twitter_misc":{"Gesch\u00e4tzte Lesezeit":"1\u00a0Minute"},"schema":{"@context":"https:\/\/schema.org","@graph":[{"@type":"WebPage","@id":"https:\/\/www.santanyi.net\/de\/property\/zentral-gelegenes-haus-in-einer-sehr-ruhigen-gegend-von-santanyi-2\/","url":"https:\/\/www.santanyi.net\/de\/property\/zentral-gelegenes-haus-in-einer-sehr-ruhigen-gegend-von-santanyi-2\/","name":"Zentral gelegenes Haus in einer sehr ruhigen Gegend von Santany\u00ed - RE\/MAX Drac","isPartOf":{"@id":"https:\/\/www.santanyi.net\/de\/#website"},"primaryImageOfPage":{"@id":"https:\/\/www.santanyi.net\/de\/property\/zentral-gelegenes-haus-in-einer-sehr-ruhigen-gegend-von-santanyi-2\/#primaryimage"},"image":{"@id":"https:\/\/www.santanyi.net\/de\/property\/zentral-gelegenes-haus-in-einer-sehr-ruhigen-gegend-von-santanyi-2\/#primaryimage"},"thumbnailUrl":"https:\/\/www.santanyi.net\/wp-content\/uploads\/anaconda_property_media\/24620965-194726\/1-1.jpg","datePublished":"2026-04-30T15:04:41+00:00","dateModified":"2026-05-01T06:05:06+00:00","breadcrumb":{"@id":"https:\/\/www.santanyi.net\/de\/property\/zentral-gelegenes-haus-in-einer-sehr-ruhigen-gegend-von-santanyi-2\/#breadcrumb"},"inLanguage":"de","potentialAction":[{"@type":"ReadAction","target":["https:\/\/www.santanyi.net\/de\/property\/zentral-gelegenes-haus-in-einer-sehr-ruhigen-gegend-von-santanyi-2\/"]}]},{"@type":"ImageObject","inLanguage":"de","@id":"https:\/\/www.santanyi.net\/de\/property\/zentral-gelegenes-haus-in-einer-sehr-ruhigen-gegend-von-santanyi-2\/#primaryimage","url":"https:\/\/www.santanyi.net\/wp-content\/uploads\/anaconda_property_media\/24620965-194726\/1-1.jpg","contentUrl":"https:\/\/www.santanyi.net\/wp-content\/uploads\/anaconda_property_media\/24620965-194726\/1-1.jpg","width":1920,"height":1440},{"@type":"BreadcrumbList","@id":"https:\/\/www.santanyi.net\/de\/property\/zentral-gelegenes-haus-in-einer-sehr-ruhigen-gegend-von-santanyi-2\/#breadcrumb","itemListElement":[{"@type":"ListItem","position":1,"name":"Home","item":"https:\/\/www.santanyi.net\/de\/"},{"@type":"ListItem","position":2,"name":"Eigenschaften","item":"https:\/\/www.santanyi.net\/de\/property\/"},{"@type":"ListItem","position":3,"name":"Zentral gelegenes Haus in einer sehr ruhigen Gegend von Santany\u00ed"}]},{"@type":"WebSite","@id":"https:\/\/www.santanyi.net\/de\/#website","url":"https:\/\/www.santanyi.net\/de\/","name":"RE\/MAX Drac","description":"","publisher":{"@id":"https:\/\/www.santanyi.net\/de\/#organization"},"potentialAction":[{"@type":"SearchAction","target":{"@type":"EntryPoint","urlTemplate":"https:\/\/www.santanyi.net\/de\/?s={search_term_string}"},"query-input":{"@type":"PropertyValueSpecification","valueRequired":true,"valueName":"search_term_string"}}],"inLanguage":"de"},{"@type":"Organization","@id":"https:\/\/www.santanyi.net\/de\/#organization","name":"RE\/MAX Drac","url":"https:\/\/www.santanyi.net\/de\/","logo":{"@type":"ImageObject","inLanguage":"de","@id":"https:\/\/www.santanyi.net\/de\/#\/schema\/logo\/image\/","url":"https:\/\/www.santanyi.net\/wp-content\/uploads\/2025\/07\/logo-nuevo.png","contentUrl":"https:\/\/www.santanyi.net\/wp-content\/uploads\/2025\/07\/logo-nuevo.png","width":295,"height":165,"caption":"RE\/MAX Drac"},"image":{"@id":"https:\/\/www.santanyi.net\/de\/#\/schema\/logo\/image\/"}}]}},"_links":{"self":[{"href":"https:\/\/www.santanyi.net\/de\/wp-json\/wp\/v2\/properties\/194733","targetHints":{"allow":["GET"]}}],"collection":[{"href":"https:\/\/www.santanyi.net\/de\/wp-json\/wp\/v2\/properties"}],"about":[{"href":"https:\/\/www.santanyi.net\/de\/wp-json\/wp\/v2\/types\/property"}],"author":[{"embeddable":true,"href":"https:\/\/www.santanyi.net\/de\/wp-json\/wp\/v2\/users\/1"}],"version-history":[{"count":2,"href":"https:\/\/www.santanyi.net\/de\/wp-json\/wp\/v2\/properties\/194733\/revisions"}],"predecessor-version":[{"id":195882,"href":"https:\/\/www.santanyi.net\/de\/wp-json\/wp\/v2\/properties\/194733\/revisions\/195882"}],"wp:featuredmedia":[{"embeddable":true,"href":"https:\/\/www.santanyi.net\/de\/wp-json\/wp\/v2\/media\/194727"}],"wp:attachment":[{"href":"https:\/\/www.santanyi.net\/de\/wp-json\/wp\/v2\/media?parent=194733"}],"wp:term":[{"taxonomy":"property_type","embeddable":true,"href":"https:\/\/www.santanyi.net\/de\/wp-json\/wp\/v2\/property_type?post=194733"},{"taxonomy":"property_status","embeddable":true,"href":"https:\/\/www.santanyi.net\/de\/wp-json\/wp\/v2\/property_status?post=194733"},{"taxonomy":"property_feature","embeddable":true,"href":"https:\/\/www.santanyi.net\/de\/wp-json\/wp\/v2\/property_feature?post=194733"},{"taxonomy":"property_label","embeddable":true,"href":"https:\/\/www.santanyi.net\/de\/wp-json\/wp\/v2\/property_label?post=194733"},{"taxonomy":"property_country","embeddable":true,"href":"https:\/\/www.santanyi.net\/de\/wp-json\/wp\/v2\/property_country?post=194733"},{"taxonomy":"property_state","embeddable":true,"href":"https:\/\/www.santanyi.net\/de\/wp-json\/wp\/v2\/property_state?post=194733"},{"taxonomy":"property_city","embeddable":true,"href":"https:\/\/www.santanyi.net\/de\/wp-json\/wp\/v2\/property_city?post=194733"},{"taxonomy":"property_area","embeddable":true,"href":"https:\/\/www.santanyi.net\/de\/wp-json\/wp\/v2\/property_area?post=194733"}],"curies":[{"name":"wp","href":"https:\/\/api.w.org\/{rel}","templated":true}]}}