
{"id":194693,"date":"2026-04-30T15:04:22","date_gmt":"2026-04-30T15:04:22","guid":{"rendered":"https:\/\/www.santanyi.net\/property\/grundstuck-mit-genehmigtem-einfamilienhausprojekt-in-cap-des-moro-bei-samarador\/"},"modified":"2026-05-01T06:05:27","modified_gmt":"2026-05-01T06:05:27","slug":"grundstuck-mit-genehmigtem-einfamilienhausprojekt-in-cap-des-moro-bei-samarador-2","status":"publish","type":"property","link":"https:\/\/www.santanyi.net\/de\/property\/grundstuck-mit-genehmigtem-einfamilienhausprojekt-in-cap-des-moro-bei-samarador-2\/","title":{"rendered":"Grundst\u00fcck mit genehmigtem Einfamilienhausprojekt in Cap des Moro bei S&#8217;Amarador"},"content":{"rendered":"<p>Gro\u00dfartige Gelegenheit! Grundst\u00fcck mit ca. 350 m\u00b2 in bester Lage in Cap des Moro, mit g\u00fcltiger Baugenehmigung und laufendem Projekt. Das genehmigte Projekt umfasst ein ca. 150 m\u00b2 gro\u00dfes Einfamilienhaus mit 3 Schlafzimmern und 3 B\u00e4dern sowie einem 22 m\u00b2 gro\u00dfen Pool. Keller und Plattenboden sind bereits fertiggestellt, sodass ein z\u00fcgiger Baubeginn m\u00f6glich ist.<\/p>\n<p>Das Grundst\u00fcck liegt in einer ruhigen Stra\u00dfe, nur wenige Gehminuten vom Meer und weniger als 10 Gehminuten vom herrlichen Strand von S&#8217;Amarador entfernt. Das malerische St\u00e4dtchen Santany\u00ed ist mit dem Auto in nur 10 Minuten erreichbar. Strom und Wasser sind vorhanden. Der perfekte Ausgangspunkt f\u00fcr Ihre zuk\u00fcnftige individuelle Villa.<\/p>\n","protected":false},"excerpt":{"rendered":"<p>Gro\u00dfartige Gelegenheit! Grundst\u00fcck mit ca. 350 m\u00b2 in bester Lage in Cap des Moro, mit g\u00fcltiger Baugenehmigung und laufendem Projekt. Das genehmigte Projekt umfasst ein ca. 150 m\u00b2 gro\u00dfes Einfamilienhaus mit 3 Schlafzimmern und 3 B\u00e4dern sowie einem 22 m\u00b2 gro\u00dfen Pool. Keller und Plattenboden sind bereits fertiggestellt, sodass ein z\u00fcgiger Baubeginn m\u00f6glich ist. Das [&hellip;]<\/p>\n","protected":false},"author":1,"featured_media":194687,"parent":0,"menu_order":0,"template":"","property_type":[],"property_status":[2096,2106],"property_feature":[],"property_label":[],"property_country":[],"property_state":[],"property_city":[635],"property_area":[637],"class_list":["post-194693","property","type-property","status-publish","has-post-thumbnail","hentry","property_status-venta","property_status-venta-de","property_city-santanyi","property_area-cala-figuera"],"acf":[],"property_meta":{"_apg_property_user_edited":["1"],"fave_property_id":["DRAC-UR2051DB"],"fave_property_location":["39.343139593166,3.1850097781382,15"],"houzez_geolocation_lat":["39.343139593166"],"houzez_geolocation_long":["3.1850097781382"],"fave_property_price":["445000"],"fave_property_rent_or_sale":["sale"],"fave_property_year":[null],"fave_property_size_prefix":["m2"],"fave_property_land_postfix":["m2"],"fave_property_land":["354"],"fave_property_size":["354"],"fave_property_map_address":["Cala Figuera, 07690 Santany\u00ed"],"fave_property_address":[" , Santany\u00ed 07690"],"fave_property_zip":["07690"],"fave_property_postal_code":["07690"],"fave_property_map":["1"],"apg_is_using_remote_image_url":["1"],"apg_using_remote_image_urls":["[{\"multimedia_type\":\"Picture\",\"picture_url\":\"https:\/\/fotos15.inmovilla.com\/12732\/26253871\/9-1.jpg\",\"position\":1,\"picture_id\":1,\"media_id\":144291,\"post_id\":194686,\"id\":1,\"attachment_id\":0,\"url\":\"https:\/\/fotos15.inmovilla.com\/12732\/26253871\/9-1.jpg\",\"basename\":\"9-1.jpg\",\"created_date\":\"2026-04-30 15:04:22\",\"is_downloaded\":0,\"is_using_remote\":0},{\"multimedia_type\":\"Picture\",\"picture_url\":\"https:\/\/fotos15.inmovilla.com\/12732\/26253871\/9-2.jpg\",\"position\":2,\"picture_id\":2,\"media_id\":144292,\"post_id\":194686,\"id\":2,\"attachment_id\":0,\"url\":\"https:\/\/fotos15.inmovilla.com\/12732\/26253871\/9-2.jpg\",\"basename\":\"9-2.jpg\",\"created_date\":\"2026-04-30 15:04:22\",\"is_downloaded\":0,\"is_using_remote\":1},{\"multimedia_type\":\"Picture\",\"picture_url\":\"https:\/\/fotos15.inmovilla.com\/12732\/26253871\/9-3.jpg\",\"position\":3,\"picture_id\":3,\"media_id\":144293,\"post_id\":194686,\"id\":3,\"attachment_id\":0,\"url\":\"https:\/\/fotos15.inmovilla.com\/12732\/26253871\/9-3.jpg\",\"basename\":\"9-3.jpg\",\"created_date\":\"2026-04-30 15:04:22\",\"is_downloaded\":0,\"is_using_remote\":1},{\"multimedia_type\":\"Picture\",\"picture_url\":\"https:\/\/fotos15.inmovilla.com\/12732\/26253871\/9-4.jpg\",\"position\":4,\"picture_id\":4,\"media_id\":144294,\"post_id\":194686,\"id\":4,\"attachment_id\":0,\"url\":\"https:\/\/fotos15.inmovilla.com\/12732\/26253871\/9-4.jpg\",\"basename\":\"9-4.jpg\",\"created_date\":\"2026-04-30 15:04:22\",\"is_downloaded\":0,\"is_using_remote\":1},{\"multimedia_type\":\"Picture\",\"picture_url\":\"https:\/\/fotos15.inmovilla.com\/12732\/26253871\/9-5.jpg\",\"position\":5,\"picture_id\":5,\"media_id\":144295,\"post_id\":194686,\"id\":5,\"attachment_id\":0,\"url\":\"https:\/\/fotos15.inmovilla.com\/12732\/26253871\/9-5.jpg\",\"basename\":\"9-5.jpg\",\"created_date\":\"2026-04-30 15:04:22\",\"is_downloaded\":0,\"is_using_remote\":1},{\"multimedia_type\":\"Picture\",\"picture_url\":\"https:\/\/fotos15.inmovilla.com\/12732\/26253871\/9-6.jpg\",\"position\":6,\"picture_id\":6,\"media_id\":144296,\"post_id\":194686,\"id\":6,\"attachment_id\":0,\"url\":\"https:\/\/fotos15.inmovilla.com\/12732\/26253871\/9-6.jpg\",\"basename\":\"9-6.jpg\",\"created_date\":\"2026-04-30 15:04:22\",\"is_downloaded\":0,\"is_using_remote\":1}]"],"_thumbnail_id":["194687"],"fave_property_images":["194687"],"fave_property_sec_price":["495000"],"apg_property_id":["26253871"],"_wpml_word_count":["134"],"houzez_recently_viewed":["2026-05-01 12:10:09"],"houzez_total_property_views":["3"],"houzez_views_by_date":["a:1:{s:10:\"05-01-2026\";i:3;}"],"_eael_post_view_count":["3"],"_elementor_page_assets":["a:0:{}"]},"yoast_head":"<!-- This site is optimized with the Yoast SEO plugin v27.5 - https:\/\/yoast.com\/product\/yoast-seo-wordpress\/ -->\n<title>Grundst\u00fcck mit genehmigtem Einfamilienhausprojekt in Cap des Moro bei S&#039;Amarador - RE\/MAX Drac<\/title>\n<meta name=\"robots\" content=\"index, follow, max-snippet:-1, max-image-preview:large, max-video-preview:-1\" \/>\n<link rel=\"canonical\" href=\"https:\/\/www.santanyi.net\/de\/property\/grundstuck-mit-genehmigtem-einfamilienhausprojekt-in-cap-des-moro-bei-samarador-2\/\" \/>\n<meta property=\"og:locale\" content=\"de_DE\" \/>\n<meta property=\"og:type\" content=\"article\" \/>\n<meta property=\"og:title\" content=\"Grundst\u00fcck mit genehmigtem Einfamilienhausprojekt in Cap des Moro bei S&#039;Amarador - RE\/MAX Drac\" \/>\n<meta property=\"og:description\" content=\"Gro\u00dfartige Gelegenheit! Grundst\u00fcck mit ca. 350 m\u00b2 in bester Lage in Cap des Moro, mit g\u00fcltiger Baugenehmigung und laufendem Projekt. Das genehmigte Projekt umfasst ein ca. 150 m\u00b2 gro\u00dfes Einfamilienhaus mit 3 Schlafzimmern und 3 B\u00e4dern sowie einem 22 m\u00b2 gro\u00dfen Pool. Keller und Plattenboden sind bereits fertiggestellt, sodass ein z\u00fcgiger Baubeginn m\u00f6glich ist. Das [&hellip;]\" \/>\n<meta property=\"og:url\" content=\"https:\/\/www.santanyi.net\/de\/property\/grundstuck-mit-genehmigtem-einfamilienhausprojekt-in-cap-des-moro-bei-samarador-2\/\" \/>\n<meta property=\"og:site_name\" content=\"RE\/MAX Drac\" \/>\n<meta property=\"article:modified_time\" content=\"2026-05-01T06:05:27+00:00\" \/>\n<meta property=\"og:image\" content=\"https:\/\/www.santanyi.net\/wp-content\/uploads\/anaconda_property_media\/26253871-194686\/9-1.jpg\" \/>\n\t<meta property=\"og:image:width\" content=\"950\" \/>\n\t<meta property=\"og:image:height\" content=\"628\" \/>\n\t<meta property=\"og:image:type\" content=\"image\/jpeg\" \/>\n<meta name=\"twitter:card\" content=\"summary_large_image\" \/>\n<meta name=\"twitter:label1\" content=\"Gesch\u00e4tzte Lesezeit\" \/>\n\t<meta name=\"twitter:data1\" content=\"1\u00a0Minute\" \/>\n<script type=\"application\/ld+json\" class=\"yoast-schema-graph\">{\"@context\":\"https:\\\/\\\/schema.org\",\"@graph\":[{\"@type\":\"WebPage\",\"@id\":\"https:\\\/\\\/www.santanyi.net\\\/de\\\/property\\\/grundstuck-mit-genehmigtem-einfamilienhausprojekt-in-cap-des-moro-bei-samarador-2\\\/\",\"url\":\"https:\\\/\\\/www.santanyi.net\\\/de\\\/property\\\/grundstuck-mit-genehmigtem-einfamilienhausprojekt-in-cap-des-moro-bei-samarador-2\\\/\",\"name\":\"Grundst\u00fcck mit genehmigtem Einfamilienhausprojekt in Cap des Moro bei S'Amarador - RE\\\/MAX Drac\",\"isPartOf\":{\"@id\":\"https:\\\/\\\/www.santanyi.net\\\/de\\\/#website\"},\"primaryImageOfPage\":{\"@id\":\"https:\\\/\\\/www.santanyi.net\\\/de\\\/property\\\/grundstuck-mit-genehmigtem-einfamilienhausprojekt-in-cap-des-moro-bei-samarador-2\\\/#primaryimage\"},\"image\":{\"@id\":\"https:\\\/\\\/www.santanyi.net\\\/de\\\/property\\\/grundstuck-mit-genehmigtem-einfamilienhausprojekt-in-cap-des-moro-bei-samarador-2\\\/#primaryimage\"},\"thumbnailUrl\":\"https:\\\/\\\/www.santanyi.net\\\/wp-content\\\/uploads\\\/anaconda_property_media\\\/26253871-194686\\\/9-1.jpg\",\"datePublished\":\"2026-04-30T15:04:22+00:00\",\"dateModified\":\"2026-05-01T06:05:27+00:00\",\"breadcrumb\":{\"@id\":\"https:\\\/\\\/www.santanyi.net\\\/de\\\/property\\\/grundstuck-mit-genehmigtem-einfamilienhausprojekt-in-cap-des-moro-bei-samarador-2\\\/#breadcrumb\"},\"inLanguage\":\"de\",\"potentialAction\":[{\"@type\":\"ReadAction\",\"target\":[\"https:\\\/\\\/www.santanyi.net\\\/de\\\/property\\\/grundstuck-mit-genehmigtem-einfamilienhausprojekt-in-cap-des-moro-bei-samarador-2\\\/\"]}]},{\"@type\":\"ImageObject\",\"inLanguage\":\"de\",\"@id\":\"https:\\\/\\\/www.santanyi.net\\\/de\\\/property\\\/grundstuck-mit-genehmigtem-einfamilienhausprojekt-in-cap-des-moro-bei-samarador-2\\\/#primaryimage\",\"url\":\"https:\\\/\\\/www.santanyi.net\\\/wp-content\\\/uploads\\\/anaconda_property_media\\\/26253871-194686\\\/9-1.jpg\",\"contentUrl\":\"https:\\\/\\\/www.santanyi.net\\\/wp-content\\\/uploads\\\/anaconda_property_media\\\/26253871-194686\\\/9-1.jpg\",\"width\":950,\"height\":628},{\"@type\":\"BreadcrumbList\",\"@id\":\"https:\\\/\\\/www.santanyi.net\\\/de\\\/property\\\/grundstuck-mit-genehmigtem-einfamilienhausprojekt-in-cap-des-moro-bei-samarador-2\\\/#breadcrumb\",\"itemListElement\":[{\"@type\":\"ListItem\",\"position\":1,\"name\":\"Home\",\"item\":\"https:\\\/\\\/www.santanyi.net\\\/de\\\/\"},{\"@type\":\"ListItem\",\"position\":2,\"name\":\"Eigenschaften\",\"item\":\"https:\\\/\\\/www.santanyi.net\\\/de\\\/property\\\/\"},{\"@type\":\"ListItem\",\"position\":3,\"name\":\"Grundst\u00fcck mit genehmigtem Einfamilienhausprojekt in Cap des Moro bei S&#8217;Amarador\"}]},{\"@type\":\"WebSite\",\"@id\":\"https:\\\/\\\/www.santanyi.net\\\/de\\\/#website\",\"url\":\"https:\\\/\\\/www.santanyi.net\\\/de\\\/\",\"name\":\"RE\\\/MAX Drac\",\"description\":\"\",\"publisher\":{\"@id\":\"https:\\\/\\\/www.santanyi.net\\\/de\\\/#organization\"},\"potentialAction\":[{\"@type\":\"SearchAction\",\"target\":{\"@type\":\"EntryPoint\",\"urlTemplate\":\"https:\\\/\\\/www.santanyi.net\\\/de\\\/?s={search_term_string}\"},\"query-input\":{\"@type\":\"PropertyValueSpecification\",\"valueRequired\":true,\"valueName\":\"search_term_string\"}}],\"inLanguage\":\"de\"},{\"@type\":\"Organization\",\"@id\":\"https:\\\/\\\/www.santanyi.net\\\/de\\\/#organization\",\"name\":\"RE\\\/MAX Drac\",\"url\":\"https:\\\/\\\/www.santanyi.net\\\/de\\\/\",\"logo\":{\"@type\":\"ImageObject\",\"inLanguage\":\"de\",\"@id\":\"https:\\\/\\\/www.santanyi.net\\\/de\\\/#\\\/schema\\\/logo\\\/image\\\/\",\"url\":\"https:\\\/\\\/www.santanyi.net\\\/wp-content\\\/uploads\\\/2025\\\/07\\\/logo-nuevo.png\",\"contentUrl\":\"https:\\\/\\\/www.santanyi.net\\\/wp-content\\\/uploads\\\/2025\\\/07\\\/logo-nuevo.png\",\"width\":295,\"height\":165,\"caption\":\"RE\\\/MAX Drac\"},\"image\":{\"@id\":\"https:\\\/\\\/www.santanyi.net\\\/de\\\/#\\\/schema\\\/logo\\\/image\\\/\"}}]}<\/script>\n<!-- \/ Yoast SEO plugin. -->","yoast_head_json":{"title":"Grundst\u00fcck mit genehmigtem Einfamilienhausprojekt in Cap des Moro bei S'Amarador - RE\/MAX Drac","robots":{"index":"index","follow":"follow","max-snippet":"max-snippet:-1","max-image-preview":"max-image-preview:large","max-video-preview":"max-video-preview:-1"},"canonical":"https:\/\/www.santanyi.net\/de\/property\/grundstuck-mit-genehmigtem-einfamilienhausprojekt-in-cap-des-moro-bei-samarador-2\/","og_locale":"de_DE","og_type":"article","og_title":"Grundst\u00fcck mit genehmigtem Einfamilienhausprojekt in Cap des Moro bei S'Amarador - RE\/MAX Drac","og_description":"Gro\u00dfartige Gelegenheit! Grundst\u00fcck mit ca. 350 m\u00b2 in bester Lage in Cap des Moro, mit g\u00fcltiger Baugenehmigung und laufendem Projekt. Das genehmigte Projekt umfasst ein ca. 150 m\u00b2 gro\u00dfes Einfamilienhaus mit 3 Schlafzimmern und 3 B\u00e4dern sowie einem 22 m\u00b2 gro\u00dfen Pool. Keller und Plattenboden sind bereits fertiggestellt, sodass ein z\u00fcgiger Baubeginn m\u00f6glich ist. Das [&hellip;]","og_url":"https:\/\/www.santanyi.net\/de\/property\/grundstuck-mit-genehmigtem-einfamilienhausprojekt-in-cap-des-moro-bei-samarador-2\/","og_site_name":"RE\/MAX Drac","article_modified_time":"2026-05-01T06:05:27+00:00","og_image":[{"width":950,"height":628,"url":"https:\/\/www.santanyi.net\/wp-content\/uploads\/anaconda_property_media\/26253871-194686\/9-1.jpg","type":"image\/jpeg"}],"twitter_card":"summary_large_image","twitter_misc":{"Gesch\u00e4tzte Lesezeit":"1\u00a0Minute"},"schema":{"@context":"https:\/\/schema.org","@graph":[{"@type":"WebPage","@id":"https:\/\/www.santanyi.net\/de\/property\/grundstuck-mit-genehmigtem-einfamilienhausprojekt-in-cap-des-moro-bei-samarador-2\/","url":"https:\/\/www.santanyi.net\/de\/property\/grundstuck-mit-genehmigtem-einfamilienhausprojekt-in-cap-des-moro-bei-samarador-2\/","name":"Grundst\u00fcck mit genehmigtem Einfamilienhausprojekt in Cap des Moro bei S'Amarador - RE\/MAX Drac","isPartOf":{"@id":"https:\/\/www.santanyi.net\/de\/#website"},"primaryImageOfPage":{"@id":"https:\/\/www.santanyi.net\/de\/property\/grundstuck-mit-genehmigtem-einfamilienhausprojekt-in-cap-des-moro-bei-samarador-2\/#primaryimage"},"image":{"@id":"https:\/\/www.santanyi.net\/de\/property\/grundstuck-mit-genehmigtem-einfamilienhausprojekt-in-cap-des-moro-bei-samarador-2\/#primaryimage"},"thumbnailUrl":"https:\/\/www.santanyi.net\/wp-content\/uploads\/anaconda_property_media\/26253871-194686\/9-1.jpg","datePublished":"2026-04-30T15:04:22+00:00","dateModified":"2026-05-01T06:05:27+00:00","breadcrumb":{"@id":"https:\/\/www.santanyi.net\/de\/property\/grundstuck-mit-genehmigtem-einfamilienhausprojekt-in-cap-des-moro-bei-samarador-2\/#breadcrumb"},"inLanguage":"de","potentialAction":[{"@type":"ReadAction","target":["https:\/\/www.santanyi.net\/de\/property\/grundstuck-mit-genehmigtem-einfamilienhausprojekt-in-cap-des-moro-bei-samarador-2\/"]}]},{"@type":"ImageObject","inLanguage":"de","@id":"https:\/\/www.santanyi.net\/de\/property\/grundstuck-mit-genehmigtem-einfamilienhausprojekt-in-cap-des-moro-bei-samarador-2\/#primaryimage","url":"https:\/\/www.santanyi.net\/wp-content\/uploads\/anaconda_property_media\/26253871-194686\/9-1.jpg","contentUrl":"https:\/\/www.santanyi.net\/wp-content\/uploads\/anaconda_property_media\/26253871-194686\/9-1.jpg","width":950,"height":628},{"@type":"BreadcrumbList","@id":"https:\/\/www.santanyi.net\/de\/property\/grundstuck-mit-genehmigtem-einfamilienhausprojekt-in-cap-des-moro-bei-samarador-2\/#breadcrumb","itemListElement":[{"@type":"ListItem","position":1,"name":"Home","item":"https:\/\/www.santanyi.net\/de\/"},{"@type":"ListItem","position":2,"name":"Eigenschaften","item":"https:\/\/www.santanyi.net\/de\/property\/"},{"@type":"ListItem","position":3,"name":"Grundst\u00fcck mit genehmigtem Einfamilienhausprojekt in Cap des Moro bei S&#8217;Amarador"}]},{"@type":"WebSite","@id":"https:\/\/www.santanyi.net\/de\/#website","url":"https:\/\/www.santanyi.net\/de\/","name":"RE\/MAX Drac","description":"","publisher":{"@id":"https:\/\/www.santanyi.net\/de\/#organization"},"potentialAction":[{"@type":"SearchAction","target":{"@type":"EntryPoint","urlTemplate":"https:\/\/www.santanyi.net\/de\/?s={search_term_string}"},"query-input":{"@type":"PropertyValueSpecification","valueRequired":true,"valueName":"search_term_string"}}],"inLanguage":"de"},{"@type":"Organization","@id":"https:\/\/www.santanyi.net\/de\/#organization","name":"RE\/MAX Drac","url":"https:\/\/www.santanyi.net\/de\/","logo":{"@type":"ImageObject","inLanguage":"de","@id":"https:\/\/www.santanyi.net\/de\/#\/schema\/logo\/image\/","url":"https:\/\/www.santanyi.net\/wp-content\/uploads\/2025\/07\/logo-nuevo.png","contentUrl":"https:\/\/www.santanyi.net\/wp-content\/uploads\/2025\/07\/logo-nuevo.png","width":295,"height":165,"caption":"RE\/MAX Drac"},"image":{"@id":"https:\/\/www.santanyi.net\/de\/#\/schema\/logo\/image\/"}}]}},"_links":{"self":[{"href":"https:\/\/www.santanyi.net\/de\/wp-json\/wp\/v2\/properties\/194693","targetHints":{"allow":["GET"]}}],"collection":[{"href":"https:\/\/www.santanyi.net\/de\/wp-json\/wp\/v2\/properties"}],"about":[{"href":"https:\/\/www.santanyi.net\/de\/wp-json\/wp\/v2\/types\/property"}],"author":[{"embeddable":true,"href":"https:\/\/www.santanyi.net\/de\/wp-json\/wp\/v2\/users\/1"}],"version-history":[{"count":2,"href":"https:\/\/www.santanyi.net\/de\/wp-json\/wp\/v2\/properties\/194693\/revisions"}],"predecessor-version":[{"id":195956,"href":"https:\/\/www.santanyi.net\/de\/wp-json\/wp\/v2\/properties\/194693\/revisions\/195956"}],"wp:featuredmedia":[{"embeddable":true,"href":"https:\/\/www.santanyi.net\/de\/wp-json\/wp\/v2\/media\/194687"}],"wp:attachment":[{"href":"https:\/\/www.santanyi.net\/de\/wp-json\/wp\/v2\/media?parent=194693"}],"wp:term":[{"taxonomy":"property_type","embeddable":true,"href":"https:\/\/www.santanyi.net\/de\/wp-json\/wp\/v2\/property_type?post=194693"},{"taxonomy":"property_status","embeddable":true,"href":"https:\/\/www.santanyi.net\/de\/wp-json\/wp\/v2\/property_status?post=194693"},{"taxonomy":"property_feature","embeddable":true,"href":"https:\/\/www.santanyi.net\/de\/wp-json\/wp\/v2\/property_feature?post=194693"},{"taxonomy":"property_label","embeddable":true,"href":"https:\/\/www.santanyi.net\/de\/wp-json\/wp\/v2\/property_label?post=194693"},{"taxonomy":"property_country","embeddable":true,"href":"https:\/\/www.santanyi.net\/de\/wp-json\/wp\/v2\/property_country?post=194693"},{"taxonomy":"property_state","embeddable":true,"href":"https:\/\/www.santanyi.net\/de\/wp-json\/wp\/v2\/property_state?post=194693"},{"taxonomy":"property_city","embeddable":true,"href":"https:\/\/www.santanyi.net\/de\/wp-json\/wp\/v2\/property_city?post=194693"},{"taxonomy":"property_area","embeddable":true,"href":"https:\/\/www.santanyi.net\/de\/wp-json\/wp\/v2\/property_area?post=194693"}],"curies":[{"name":"wp","href":"https:\/\/api.w.org\/{rel}","templated":true}]}}