
{"id":194653,"date":"2026-04-30T15:04:06","date_gmt":"2026-04-30T15:04:06","guid":{"rendered":"https:\/\/www.santanyi.net\/property\/grundstuck-mit-projekt-in-der-nahe-von-felanitx\/"},"modified":"2026-05-01T06:05:17","modified_gmt":"2026-05-01T06:05:17","slug":"grundstuck-mit-projekt-in-der-nahe-von-felanitx-2","status":"publish","type":"property","link":"https:\/\/www.santanyi.net\/de\/property\/grundstuck-mit-projekt-in-der-nahe-von-felanitx-2\/","title":{"rendered":"Grundst\u00fcck mit Projekt in der N\u00e4he von Felanitx"},"content":{"rendered":"<p>Grundst\u00fcck mit Projekt und sehr klarem Blick auf die Einsiedelei von Sant Salvador. Das Projekt kann ge\u00e4ndert werden. Genehmigte Lizenz f\u00fcr einen Wasserbrunnen.<\/p>\n","protected":false},"excerpt":{"rendered":"<p>Grundst\u00fcck mit Projekt und sehr klarem Blick auf die Einsiedelei von Sant Salvador. Das Projekt kann ge\u00e4ndert werden. Genehmigte Lizenz f\u00fcr einen Wasserbrunnen.<\/p>\n","protected":false},"author":1,"featured_media":194647,"parent":0,"menu_order":0,"template":"","property_type":[],"property_status":[2096,2106],"property_feature":[],"property_label":[],"property_country":[],"property_state":[],"property_city":[653],"property_area":[662],"class_list":["post-194653","property","type-property","status-publish","has-post-thumbnail","hentry","property_status-venta","property_status-venta-de","property_city-felanitx","property_area-felanitx-centro"],"acf":[],"property_meta":{"_apg_property_user_edited":["1"],"fave_property_id":["DRAC-RU1183JO"],"fave_property_location":["39.49972832374,3.1673063737545,15"],"houzez_geolocation_lat":["39.49972832374"],"houzez_geolocation_long":["3.1673063737545"],"fave_property_price":["148000"],"fave_property_rent_or_sale":["sale"],"fave_property_year":[null],"fave_property_size_prefix":["m2"],"fave_property_land_postfix":["m2"],"fave_property_land":["17830"],"fave_property_size":["17830"],"fave_property_map_address":["Felanitx centro, 07200 Felanitx"],"fave_property_address":[" , Felanitx 07200"],"fave_property_zip":["07200"],"fave_property_postal_code":["07200"],"fave_property_map":["1"],"apg_is_using_remote_image_url":["1"],"apg_using_remote_image_urls":["[{\"multimedia_type\":\"Picture\",\"picture_url\":\"https:\/\/fotos15.inmovilla.com\/12732\/24620977\/13-1.jpg\",\"position\":1,\"picture_id\":1,\"media_id\":144233,\"post_id\":194646,\"id\":1,\"attachment_id\":0,\"url\":\"https:\/\/fotos15.inmovilla.com\/12732\/24620977\/13-1.jpg\",\"basename\":\"13-1.jpg\",\"created_date\":\"2026-04-30 15:04:06\",\"is_downloaded\":0,\"is_using_remote\":0},{\"multimedia_type\":\"Picture\",\"picture_url\":\"https:\/\/fotos15.inmovilla.com\/12732\/24620977\/13-2.jpg\",\"position\":2,\"picture_id\":2,\"media_id\":144234,\"post_id\":194646,\"id\":2,\"attachment_id\":0,\"url\":\"https:\/\/fotos15.inmovilla.com\/12732\/24620977\/13-2.jpg\",\"basename\":\"13-2.jpg\",\"created_date\":\"2026-04-30 15:04:06\",\"is_downloaded\":0,\"is_using_remote\":1},{\"multimedia_type\":\"Picture\",\"picture_url\":\"https:\/\/fotos15.inmovilla.com\/12732\/24620977\/13-3.jpg\",\"position\":3,\"picture_id\":3,\"media_id\":144235,\"post_id\":194646,\"id\":3,\"attachment_id\":0,\"url\":\"https:\/\/fotos15.inmovilla.com\/12732\/24620977\/13-3.jpg\",\"basename\":\"13-3.jpg\",\"created_date\":\"2026-04-30 15:04:06\",\"is_downloaded\":0,\"is_using_remote\":1},{\"multimedia_type\":\"Picture\",\"picture_url\":\"https:\/\/fotos15.inmovilla.com\/12732\/24620977\/13-4.jpg\",\"position\":4,\"picture_id\":4,\"media_id\":144236,\"post_id\":194646,\"id\":4,\"attachment_id\":0,\"url\":\"https:\/\/fotos15.inmovilla.com\/12732\/24620977\/13-4.jpg\",\"basename\":\"13-4.jpg\",\"created_date\":\"2026-04-30 15:04:06\",\"is_downloaded\":0,\"is_using_remote\":1},{\"multimedia_type\":\"Picture\",\"picture_url\":\"https:\/\/fotos15.inmovilla.com\/12732\/24620977\/13-5.jpg\",\"position\":5,\"picture_id\":5,\"media_id\":144237,\"post_id\":194646,\"id\":5,\"attachment_id\":0,\"url\":\"https:\/\/fotos15.inmovilla.com\/12732\/24620977\/13-5.jpg\",\"basename\":\"13-5.jpg\",\"created_date\":\"2026-04-30 15:04:06\",\"is_downloaded\":0,\"is_using_remote\":1},{\"multimedia_type\":\"Picture\",\"picture_url\":\"https:\/\/fotos15.inmovilla.com\/12732\/24620977\/13-6.jpg\",\"position\":6,\"picture_id\":6,\"media_id\":144238,\"post_id\":194646,\"id\":6,\"attachment_id\":0,\"url\":\"https:\/\/fotos15.inmovilla.com\/12732\/24620977\/13-6.jpg\",\"basename\":\"13-6.jpg\",\"created_date\":\"2026-04-30 15:04:06\",\"is_downloaded\":0,\"is_using_remote\":1}]"],"_thumbnail_id":["194647"],"fave_property_images":["194647"],"fave_property_sec_price":["168000"],"apg_property_id":["24620977"],"_wpml_word_count":["37"],"_eael_post_view_count":["5"],"houzez_recently_viewed":["2026-05-01 13:35:43"],"houzez_total_property_views":["5"],"houzez_views_by_date":["a:2:{s:10:\"04-30-2026\";i:1;s:10:\"05-01-2026\";i:4;}"],"_elementor_page_assets":["a:0:{}"]},"yoast_head":"<!-- This site is optimized with the Yoast SEO plugin v27.5 - https:\/\/yoast.com\/product\/yoast-seo-wordpress\/ -->\n<title>Grundst\u00fcck mit Projekt in der N\u00e4he von Felanitx - RE\/MAX Drac<\/title>\n<meta name=\"robots\" content=\"index, follow, max-snippet:-1, max-image-preview:large, max-video-preview:-1\" \/>\n<link rel=\"canonical\" href=\"https:\/\/www.santanyi.net\/de\/property\/grundstuck-mit-projekt-in-der-nahe-von-felanitx-2\/\" \/>\n<meta property=\"og:locale\" content=\"de_DE\" \/>\n<meta property=\"og:type\" content=\"article\" \/>\n<meta property=\"og:title\" content=\"Grundst\u00fcck mit Projekt in der N\u00e4he von Felanitx - RE\/MAX Drac\" \/>\n<meta property=\"og:description\" content=\"Grundst\u00fcck mit Projekt und sehr klarem Blick auf die Einsiedelei von Sant Salvador. Das Projekt kann ge\u00e4ndert werden. Genehmigte Lizenz f\u00fcr einen Wasserbrunnen.\" \/>\n<meta property=\"og:url\" content=\"https:\/\/www.santanyi.net\/de\/property\/grundstuck-mit-projekt-in-der-nahe-von-felanitx-2\/\" \/>\n<meta property=\"og:site_name\" content=\"RE\/MAX Drac\" \/>\n<meta property=\"article:modified_time\" content=\"2026-05-01T06:05:17+00:00\" \/>\n<meta property=\"og:image\" content=\"https:\/\/www.santanyi.net\/wp-content\/uploads\/anaconda_property_media\/24620977-194646\/13-1.jpg\" \/>\n\t<meta property=\"og:image:width\" content=\"1920\" \/>\n\t<meta property=\"og:image:height\" content=\"1080\" \/>\n\t<meta property=\"og:image:type\" content=\"image\/jpeg\" \/>\n<meta name=\"twitter:card\" content=\"summary_large_image\" \/>\n<script type=\"application\/ld+json\" class=\"yoast-schema-graph\">{\"@context\":\"https:\\\/\\\/schema.org\",\"@graph\":[{\"@type\":\"WebPage\",\"@id\":\"https:\\\/\\\/www.santanyi.net\\\/de\\\/property\\\/grundstuck-mit-projekt-in-der-nahe-von-felanitx-2\\\/\",\"url\":\"https:\\\/\\\/www.santanyi.net\\\/de\\\/property\\\/grundstuck-mit-projekt-in-der-nahe-von-felanitx-2\\\/\",\"name\":\"Grundst\u00fcck mit Projekt in der N\u00e4he von Felanitx - RE\\\/MAX Drac\",\"isPartOf\":{\"@id\":\"https:\\\/\\\/www.santanyi.net\\\/de\\\/#website\"},\"primaryImageOfPage\":{\"@id\":\"https:\\\/\\\/www.santanyi.net\\\/de\\\/property\\\/grundstuck-mit-projekt-in-der-nahe-von-felanitx-2\\\/#primaryimage\"},\"image\":{\"@id\":\"https:\\\/\\\/www.santanyi.net\\\/de\\\/property\\\/grundstuck-mit-projekt-in-der-nahe-von-felanitx-2\\\/#primaryimage\"},\"thumbnailUrl\":\"https:\\\/\\\/www.santanyi.net\\\/wp-content\\\/uploads\\\/anaconda_property_media\\\/24620977-194646\\\/13-1.jpg\",\"datePublished\":\"2026-04-30T15:04:06+00:00\",\"dateModified\":\"2026-05-01T06:05:17+00:00\",\"breadcrumb\":{\"@id\":\"https:\\\/\\\/www.santanyi.net\\\/de\\\/property\\\/grundstuck-mit-projekt-in-der-nahe-von-felanitx-2\\\/#breadcrumb\"},\"inLanguage\":\"de\",\"potentialAction\":[{\"@type\":\"ReadAction\",\"target\":[\"https:\\\/\\\/www.santanyi.net\\\/de\\\/property\\\/grundstuck-mit-projekt-in-der-nahe-von-felanitx-2\\\/\"]}]},{\"@type\":\"ImageObject\",\"inLanguage\":\"de\",\"@id\":\"https:\\\/\\\/www.santanyi.net\\\/de\\\/property\\\/grundstuck-mit-projekt-in-der-nahe-von-felanitx-2\\\/#primaryimage\",\"url\":\"https:\\\/\\\/www.santanyi.net\\\/wp-content\\\/uploads\\\/anaconda_property_media\\\/24620977-194646\\\/13-1.jpg\",\"contentUrl\":\"https:\\\/\\\/www.santanyi.net\\\/wp-content\\\/uploads\\\/anaconda_property_media\\\/24620977-194646\\\/13-1.jpg\",\"width\":1920,\"height\":1080},{\"@type\":\"BreadcrumbList\",\"@id\":\"https:\\\/\\\/www.santanyi.net\\\/de\\\/property\\\/grundstuck-mit-projekt-in-der-nahe-von-felanitx-2\\\/#breadcrumb\",\"itemListElement\":[{\"@type\":\"ListItem\",\"position\":1,\"name\":\"Home\",\"item\":\"https:\\\/\\\/www.santanyi.net\\\/de\\\/\"},{\"@type\":\"ListItem\",\"position\":2,\"name\":\"Eigenschaften\",\"item\":\"https:\\\/\\\/www.santanyi.net\\\/de\\\/property\\\/\"},{\"@type\":\"ListItem\",\"position\":3,\"name\":\"Grundst\u00fcck mit Projekt in der N\u00e4he von Felanitx\"}]},{\"@type\":\"WebSite\",\"@id\":\"https:\\\/\\\/www.santanyi.net\\\/de\\\/#website\",\"url\":\"https:\\\/\\\/www.santanyi.net\\\/de\\\/\",\"name\":\"RE\\\/MAX Drac\",\"description\":\"\",\"publisher\":{\"@id\":\"https:\\\/\\\/www.santanyi.net\\\/de\\\/#organization\"},\"potentialAction\":[{\"@type\":\"SearchAction\",\"target\":{\"@type\":\"EntryPoint\",\"urlTemplate\":\"https:\\\/\\\/www.santanyi.net\\\/de\\\/?s={search_term_string}\"},\"query-input\":{\"@type\":\"PropertyValueSpecification\",\"valueRequired\":true,\"valueName\":\"search_term_string\"}}],\"inLanguage\":\"de\"},{\"@type\":\"Organization\",\"@id\":\"https:\\\/\\\/www.santanyi.net\\\/de\\\/#organization\",\"name\":\"RE\\\/MAX Drac\",\"url\":\"https:\\\/\\\/www.santanyi.net\\\/de\\\/\",\"logo\":{\"@type\":\"ImageObject\",\"inLanguage\":\"de\",\"@id\":\"https:\\\/\\\/www.santanyi.net\\\/de\\\/#\\\/schema\\\/logo\\\/image\\\/\",\"url\":\"https:\\\/\\\/www.santanyi.net\\\/wp-content\\\/uploads\\\/2025\\\/07\\\/logo-nuevo.png\",\"contentUrl\":\"https:\\\/\\\/www.santanyi.net\\\/wp-content\\\/uploads\\\/2025\\\/07\\\/logo-nuevo.png\",\"width\":295,\"height\":165,\"caption\":\"RE\\\/MAX Drac\"},\"image\":{\"@id\":\"https:\\\/\\\/www.santanyi.net\\\/de\\\/#\\\/schema\\\/logo\\\/image\\\/\"}}]}<\/script>\n<!-- \/ Yoast SEO plugin. -->","yoast_head_json":{"title":"Grundst\u00fcck mit Projekt in der N\u00e4he von Felanitx - RE\/MAX Drac","robots":{"index":"index","follow":"follow","max-snippet":"max-snippet:-1","max-image-preview":"max-image-preview:large","max-video-preview":"max-video-preview:-1"},"canonical":"https:\/\/www.santanyi.net\/de\/property\/grundstuck-mit-projekt-in-der-nahe-von-felanitx-2\/","og_locale":"de_DE","og_type":"article","og_title":"Grundst\u00fcck mit Projekt in der N\u00e4he von Felanitx - RE\/MAX Drac","og_description":"Grundst\u00fcck mit Projekt und sehr klarem Blick auf die Einsiedelei von Sant Salvador. Das Projekt kann ge\u00e4ndert werden. Genehmigte Lizenz f\u00fcr einen Wasserbrunnen.","og_url":"https:\/\/www.santanyi.net\/de\/property\/grundstuck-mit-projekt-in-der-nahe-von-felanitx-2\/","og_site_name":"RE\/MAX Drac","article_modified_time":"2026-05-01T06:05:17+00:00","og_image":[{"width":1920,"height":1080,"url":"https:\/\/www.santanyi.net\/wp-content\/uploads\/anaconda_property_media\/24620977-194646\/13-1.jpg","type":"image\/jpeg"}],"twitter_card":"summary_large_image","schema":{"@context":"https:\/\/schema.org","@graph":[{"@type":"WebPage","@id":"https:\/\/www.santanyi.net\/de\/property\/grundstuck-mit-projekt-in-der-nahe-von-felanitx-2\/","url":"https:\/\/www.santanyi.net\/de\/property\/grundstuck-mit-projekt-in-der-nahe-von-felanitx-2\/","name":"Grundst\u00fcck mit Projekt in der N\u00e4he von Felanitx - RE\/MAX Drac","isPartOf":{"@id":"https:\/\/www.santanyi.net\/de\/#website"},"primaryImageOfPage":{"@id":"https:\/\/www.santanyi.net\/de\/property\/grundstuck-mit-projekt-in-der-nahe-von-felanitx-2\/#primaryimage"},"image":{"@id":"https:\/\/www.santanyi.net\/de\/property\/grundstuck-mit-projekt-in-der-nahe-von-felanitx-2\/#primaryimage"},"thumbnailUrl":"https:\/\/www.santanyi.net\/wp-content\/uploads\/anaconda_property_media\/24620977-194646\/13-1.jpg","datePublished":"2026-04-30T15:04:06+00:00","dateModified":"2026-05-01T06:05:17+00:00","breadcrumb":{"@id":"https:\/\/www.santanyi.net\/de\/property\/grundstuck-mit-projekt-in-der-nahe-von-felanitx-2\/#breadcrumb"},"inLanguage":"de","potentialAction":[{"@type":"ReadAction","target":["https:\/\/www.santanyi.net\/de\/property\/grundstuck-mit-projekt-in-der-nahe-von-felanitx-2\/"]}]},{"@type":"ImageObject","inLanguage":"de","@id":"https:\/\/www.santanyi.net\/de\/property\/grundstuck-mit-projekt-in-der-nahe-von-felanitx-2\/#primaryimage","url":"https:\/\/www.santanyi.net\/wp-content\/uploads\/anaconda_property_media\/24620977-194646\/13-1.jpg","contentUrl":"https:\/\/www.santanyi.net\/wp-content\/uploads\/anaconda_property_media\/24620977-194646\/13-1.jpg","width":1920,"height":1080},{"@type":"BreadcrumbList","@id":"https:\/\/www.santanyi.net\/de\/property\/grundstuck-mit-projekt-in-der-nahe-von-felanitx-2\/#breadcrumb","itemListElement":[{"@type":"ListItem","position":1,"name":"Home","item":"https:\/\/www.santanyi.net\/de\/"},{"@type":"ListItem","position":2,"name":"Eigenschaften","item":"https:\/\/www.santanyi.net\/de\/property\/"},{"@type":"ListItem","position":3,"name":"Grundst\u00fcck mit Projekt in der N\u00e4he von Felanitx"}]},{"@type":"WebSite","@id":"https:\/\/www.santanyi.net\/de\/#website","url":"https:\/\/www.santanyi.net\/de\/","name":"RE\/MAX Drac","description":"","publisher":{"@id":"https:\/\/www.santanyi.net\/de\/#organization"},"potentialAction":[{"@type":"SearchAction","target":{"@type":"EntryPoint","urlTemplate":"https:\/\/www.santanyi.net\/de\/?s={search_term_string}"},"query-input":{"@type":"PropertyValueSpecification","valueRequired":true,"valueName":"search_term_string"}}],"inLanguage":"de"},{"@type":"Organization","@id":"https:\/\/www.santanyi.net\/de\/#organization","name":"RE\/MAX Drac","url":"https:\/\/www.santanyi.net\/de\/","logo":{"@type":"ImageObject","inLanguage":"de","@id":"https:\/\/www.santanyi.net\/de\/#\/schema\/logo\/image\/","url":"https:\/\/www.santanyi.net\/wp-content\/uploads\/2025\/07\/logo-nuevo.png","contentUrl":"https:\/\/www.santanyi.net\/wp-content\/uploads\/2025\/07\/logo-nuevo.png","width":295,"height":165,"caption":"RE\/MAX Drac"},"image":{"@id":"https:\/\/www.santanyi.net\/de\/#\/schema\/logo\/image\/"}}]}},"_links":{"self":[{"href":"https:\/\/www.santanyi.net\/de\/wp-json\/wp\/v2\/properties\/194653","targetHints":{"allow":["GET"]}}],"collection":[{"href":"https:\/\/www.santanyi.net\/de\/wp-json\/wp\/v2\/properties"}],"about":[{"href":"https:\/\/www.santanyi.net\/de\/wp-json\/wp\/v2\/types\/property"}],"author":[{"embeddable":true,"href":"https:\/\/www.santanyi.net\/de\/wp-json\/wp\/v2\/users\/1"}],"version-history":[{"count":1,"href":"https:\/\/www.santanyi.net\/de\/wp-json\/wp\/v2\/properties\/194653\/revisions"}],"predecessor-version":[{"id":195453,"href":"https:\/\/www.santanyi.net\/de\/wp-json\/wp\/v2\/properties\/194653\/revisions\/195453"}],"wp:featuredmedia":[{"embeddable":true,"href":"https:\/\/www.santanyi.net\/de\/wp-json\/wp\/v2\/media\/194647"}],"wp:attachment":[{"href":"https:\/\/www.santanyi.net\/de\/wp-json\/wp\/v2\/media?parent=194653"}],"wp:term":[{"taxonomy":"property_type","embeddable":true,"href":"https:\/\/www.santanyi.net\/de\/wp-json\/wp\/v2\/property_type?post=194653"},{"taxonomy":"property_status","embeddable":true,"href":"https:\/\/www.santanyi.net\/de\/wp-json\/wp\/v2\/property_status?post=194653"},{"taxonomy":"property_feature","embeddable":true,"href":"https:\/\/www.santanyi.net\/de\/wp-json\/wp\/v2\/property_feature?post=194653"},{"taxonomy":"property_label","embeddable":true,"href":"https:\/\/www.santanyi.net\/de\/wp-json\/wp\/v2\/property_label?post=194653"},{"taxonomy":"property_country","embeddable":true,"href":"https:\/\/www.santanyi.net\/de\/wp-json\/wp\/v2\/property_country?post=194653"},{"taxonomy":"property_state","embeddable":true,"href":"https:\/\/www.santanyi.net\/de\/wp-json\/wp\/v2\/property_state?post=194653"},{"taxonomy":"property_city","embeddable":true,"href":"https:\/\/www.santanyi.net\/de\/wp-json\/wp\/v2\/property_city?post=194653"},{"taxonomy":"property_area","embeddable":true,"href":"https:\/\/www.santanyi.net\/de\/wp-json\/wp\/v2\/property_area?post=194653"}],"curies":[{"name":"wp","href":"https:\/\/api.w.org\/{rel}","templated":true}]}}