
{"id":194501,"date":"2026-04-30T15:03:06","date_gmt":"2026-04-30T15:03:06","guid":{"rendered":"https:\/\/www.santanyi.net\/property\/haus-in-port-de-pollenca\/"},"modified":"2026-05-01T06:05:09","modified_gmt":"2026-05-01T06:05:09","slug":"haus-in-port-de-pollenca-2","status":"publish","type":"property","link":"https:\/\/www.santanyi.net\/de\/property\/haus-in-port-de-pollenca-2\/","title":{"rendered":"Haus in Port de Pollen\u00e7a"},"content":{"rendered":"<p>Haus mit 295 m2 Wohnfl\u00e4che auf einem 692 m2 grossen Grundst\u00fcck in Port de Pollen\u00e7a, k\u00fcrzlich renoviert und bezugsfertig. Vier Schlafzimmer, drei B\u00e4der, Garten, eigener Pool, Terrasse, Grillbereich, Abstellraum, Waschk\u00fcche und Garage mit Platz f\u00fcr vier Fahrzeuge.<\/p>\n<p>Die k\u00fcrzliche Renovierung ist ein relevantes Detail. Es ist kein Haus aus dem Jahr 1984, das aktualisiert werden m\u00fcsste, sondern ein Haus mit der Solidit\u00e4t einer Konstruktion aus jener Zeit, aber mit modernen Ausstattungen, Installationen und aktuellen Massst\u00e4ben. Man zieht ein, ohne weitere Entscheidungen treffen zu m\u00fcssen.<\/p>\n<p>Das 692 m2 grosse Grundst\u00fcck bietet echten Spielraum. Garten, Pool und Grillbereich bilden einen Aussenbereich mit eigenem Charakter, kein Restbereich. Die Aussicht ist frei mit Blick auf K\u00fcste und Berge, eine f\u00fcr den Norden Mallorcas typische Kombination.<\/p>\n<p>Port de Pollen\u00e7a ist eines der begehrtesten Ziele der Insel. Ein Ort mit Charakter, einem etablierten gastronomischen Angebot, einem Sporthafen und direktem Zugang zu einigen der sch\u00f6nsten Naturgebiete Mallorcas wie Kap Formentor oder der Serra de Tramuntana. Das Meer ist in wenigen Minuten mit dem Auto erreichbar.<\/p>\n","protected":false},"excerpt":{"rendered":"<p>Haus mit 295 m2 Wohnfl\u00e4che auf einem 692 m2 grossen Grundst\u00fcck in Port de Pollen\u00e7a, k\u00fcrzlich renoviert und bezugsfertig. Vier Schlafzimmer, drei B\u00e4der, Garten, eigener Pool, Terrasse, Grillbereich, Abstellraum, Waschk\u00fcche und Garage mit Platz f\u00fcr vier Fahrzeuge. Die k\u00fcrzliche Renovierung ist ein relevantes Detail. Es ist kein Haus aus dem Jahr 1984, das aktualisiert werden [&hellip;]<\/p>\n","protected":false},"author":1,"featured_media":194495,"parent":0,"menu_order":0,"template":"","property_type":[2162],"property_status":[2096,2106],"property_feature":[1816,1765,1766,1817,1878,1853,1819,1937,1903,1906,1823,1824,1825,1827,1899,1828,1901,1946,1958],"property_label":[],"property_country":[],"property_state":[],"property_city":[677],"property_area":[678],"class_list":["post-194501","property","type-property","status-publish","has-post-thumbnail","hentry","property_type-chalet-de","property_status-venta","property_status-venta-de","property_feature-aire_con-de","property_feature-aire_con","property_feature-alarmarobo","property_feature-alarmarobo-de","property_feature-balcon-de","property_feature-balcon","property_feature-barbacoa-de","property_feature-costa-de","property_feature-despensa","property_feature-despensa-de","property_feature-jardin-de","property_feature-lavanderia-de","property_feature-montana-de","property_feature-parking-de","property_feature-patio-de","property_feature-piscina_prop-de","property_feature-terraza-de","property_feature-trastero","property_feature-trastero-de","property_city-pollenca","property_area-port-de-pollenca"],"acf":[],"property_meta":{"_apg_property_user_edited":["1"],"fave_property_id":["DRAC-CV1565JO"],"fave_property_location":["39.904292484,3.069929601,15"],"houzez_geolocation_lat":["39.904292484"],"houzez_geolocation_long":["3.069929601"],"fave_property_price":["1395000"],"fave_property_rent_or_sale":["sale"],"fave_property_year":[null],"fave_property_size_prefix":["m2"],"fave_property_land_postfix":["m2"],"fave_property_size":["295"],"fave_property_land":["692"],"fave_property_bedrooms":["4"],"fave_property_bathrooms":["3"],"fave_property_garage":["2"],"fave_property_map_address":["Port de Pollen\u00e7a, 07470 Pollen\u00e7a"],"fave_property_address":[" , Pollen\u00e7a 07470"],"fave_property_zip":["07470"],"fave_property_postal_code":["07470"],"fave_property_map":["1"],"apg_is_using_remote_image_url":["1"],"apg_using_remote_image_urls":["[{\"multimedia_type\":\"Picture\",\"picture_url\":\"https:\/\/fotos15.inmovilla.com\/12732\/28353264\/2-1.jpg\",\"position\":1,\"picture_id\":1,\"media_id\":143987,\"post_id\":194494,\"id\":1,\"attachment_id\":0,\"url\":\"https:\/\/fotos15.inmovilla.com\/12732\/28353264\/2-1.jpg\",\"basename\":\"2-1.jpg\",\"created_date\":\"2026-04-30 15:03:07\",\"is_downloaded\":0,\"is_using_remote\":0},{\"multimedia_type\":\"Picture\",\"picture_url\":\"https:\/\/fotos15.inmovilla.com\/12732\/28353264\/2-2.jpg\",\"position\":2,\"picture_id\":2,\"media_id\":143988,\"post_id\":194494,\"id\":2,\"attachment_id\":0,\"url\":\"https:\/\/fotos15.inmovilla.com\/12732\/28353264\/2-2.jpg\",\"basename\":\"2-2.jpg\",\"created_date\":\"2026-04-30 15:03:07\",\"is_downloaded\":0,\"is_using_remote\":1},{\"multimedia_type\":\"Picture\",\"picture_url\":\"https:\/\/fotos15.inmovilla.com\/12732\/28353264\/2-3.jpg\",\"position\":3,\"picture_id\":3,\"media_id\":143989,\"post_id\":194494,\"id\":3,\"attachment_id\":0,\"url\":\"https:\/\/fotos15.inmovilla.com\/12732\/28353264\/2-3.jpg\",\"basename\":\"2-3.jpg\",\"created_date\":\"2026-04-30 15:03:07\",\"is_downloaded\":0,\"is_using_remote\":1},{\"multimedia_type\":\"Picture\",\"picture_url\":\"https:\/\/fotos15.inmovilla.com\/12732\/28353264\/2-4.jpg\",\"position\":4,\"picture_id\":4,\"media_id\":143990,\"post_id\":194494,\"id\":4,\"attachment_id\":0,\"url\":\"https:\/\/fotos15.inmovilla.com\/12732\/28353264\/2-4.jpg\",\"basename\":\"2-4.jpg\",\"created_date\":\"2026-04-30 15:03:07\",\"is_downloaded\":0,\"is_using_remote\":1},{\"multimedia_type\":\"Picture\",\"picture_url\":\"https:\/\/fotos15.inmovilla.com\/12732\/28353264\/2-5.jpg\",\"position\":5,\"picture_id\":5,\"media_id\":143991,\"post_id\":194494,\"id\":5,\"attachment_id\":0,\"url\":\"https:\/\/fotos15.inmovilla.com\/12732\/28353264\/2-5.jpg\",\"basename\":\"2-5.jpg\",\"created_date\":\"2026-04-30 15:03:07\",\"is_downloaded\":0,\"is_using_remote\":1},{\"multimedia_type\":\"Picture\",\"picture_url\":\"https:\/\/fotos15.inmovilla.com\/12732\/28353264\/2-6.jpg\",\"position\":6,\"picture_id\":6,\"media_id\":143992,\"post_id\":194494,\"id\":6,\"attachment_id\":0,\"url\":\"https:\/\/fotos15.inmovilla.com\/12732\/28353264\/2-6.jpg\",\"basename\":\"2-6.jpg\",\"created_date\":\"2026-04-30 15:03:07\",\"is_downloaded\":0,\"is_using_remote\":1},{\"multimedia_type\":\"Picture\",\"picture_url\":\"https:\/\/fotos15.inmovilla.com\/12732\/28353264\/2-7.jpg\",\"position\":7,\"picture_id\":7,\"media_id\":143993,\"post_id\":194494,\"id\":7,\"attachment_id\":0,\"url\":\"https:\/\/fotos15.inmovilla.com\/12732\/28353264\/2-7.jpg\",\"basename\":\"2-7.jpg\",\"created_date\":\"2026-04-30 15:03:07\",\"is_downloaded\":0,\"is_using_remote\":1},{\"multimedia_type\":\"Picture\",\"picture_url\":\"https:\/\/fotos15.inmovilla.com\/12732\/28353264\/2-8.jpg\",\"position\":8,\"picture_id\":8,\"media_id\":143994,\"post_id\":194494,\"id\":8,\"attachment_id\":0,\"url\":\"https:\/\/fotos15.inmovilla.com\/12732\/28353264\/2-8.jpg\",\"basename\":\"2-8.jpg\",\"created_date\":\"2026-04-30 15:03:07\",\"is_downloaded\":0,\"is_using_remote\":1},{\"multimedia_type\":\"Picture\",\"picture_url\":\"https:\/\/fotos15.inmovilla.com\/12732\/28353264\/2-9.jpg\",\"position\":9,\"picture_id\":9,\"media_id\":143995,\"post_id\":194494,\"id\":9,\"attachment_id\":0,\"url\":\"https:\/\/fotos15.inmovilla.com\/12732\/28353264\/2-9.jpg\",\"basename\":\"2-9.jpg\",\"created_date\":\"2026-04-30 15:03:07\",\"is_downloaded\":0,\"is_using_remote\":1},{\"multimedia_type\":\"Picture\",\"picture_url\":\"https:\/\/fotos15.inmovilla.com\/12732\/28353264\/2-10.jpg\",\"position\":10,\"picture_id\":10,\"media_id\":143996,\"post_id\":194494,\"id\":10,\"attachment_id\":0,\"url\":\"https:\/\/fotos15.inmovilla.com\/12732\/28353264\/2-10.jpg\",\"basename\":\"2-10.jpg\",\"created_date\":\"2026-04-30 15:03:07\",\"is_downloaded\":0,\"is_using_remote\":1},{\"multimedia_type\":\"Picture\",\"picture_url\":\"https:\/\/fotos15.inmovilla.com\/12732\/28353264\/2-11.jpg\",\"position\":11,\"picture_id\":11,\"media_id\":143997,\"post_id\":194494,\"id\":11,\"attachment_id\":0,\"url\":\"https:\/\/fotos15.inmovilla.com\/12732\/28353264\/2-11.jpg\",\"basename\":\"2-11.jpg\",\"created_date\":\"2026-04-30 15:03:07\",\"is_downloaded\":0,\"is_using_remote\":1},{\"multimedia_type\":\"Picture\",\"picture_url\":\"https:\/\/fotos15.inmovilla.com\/12732\/28353264\/2-12.jpg\",\"position\":12,\"picture_id\":12,\"media_id\":143998,\"post_id\":194494,\"id\":12,\"attachment_id\":0,\"url\":\"https:\/\/fotos15.inmovilla.com\/12732\/28353264\/2-12.jpg\",\"basename\":\"2-12.jpg\",\"created_date\":\"2026-04-30 15:03:07\",\"is_downloaded\":0,\"is_using_remote\":1}]"],"_thumbnail_id":["194495"],"fave_property_images":["194495"],"apg_property_id":["28353264"],"_wpml_word_count":["204"],"_eael_post_view_count":["4"],"houzez_total_property_views":["4"],"houzez_views_by_date":["a:2:{s:10:\"04-30-2026\";i:1;s:10:\"05-01-2026\";i:3;}"],"houzez_recently_viewed":["2026-05-01 14:47:26"],"_elementor_page_assets":["a:0:{}"]},"yoast_head":"<!-- This site is optimized with the Yoast SEO plugin v27.5 - https:\/\/yoast.com\/product\/yoast-seo-wordpress\/ -->\n<title>Haus in Port de Pollen\u00e7a - RE\/MAX Drac<\/title>\n<meta name=\"robots\" content=\"index, follow, max-snippet:-1, max-image-preview:large, max-video-preview:-1\" \/>\n<link rel=\"canonical\" href=\"https:\/\/www.santanyi.net\/de\/property\/haus-in-port-de-pollenca-2\/\" \/>\n<meta property=\"og:locale\" content=\"de_DE\" \/>\n<meta property=\"og:type\" content=\"article\" \/>\n<meta property=\"og:title\" content=\"Haus in Port de Pollen\u00e7a - RE\/MAX Drac\" \/>\n<meta property=\"og:description\" content=\"Haus mit 295 m2 Wohnfl\u00e4che auf einem 692 m2 grossen Grundst\u00fcck in Port de Pollen\u00e7a, k\u00fcrzlich renoviert und bezugsfertig. Vier Schlafzimmer, drei B\u00e4der, Garten, eigener Pool, Terrasse, Grillbereich, Abstellraum, Waschk\u00fcche und Garage mit Platz f\u00fcr vier Fahrzeuge. Die k\u00fcrzliche Renovierung ist ein relevantes Detail. Es ist kein Haus aus dem Jahr 1984, das aktualisiert werden [&hellip;]\" \/>\n<meta property=\"og:url\" content=\"https:\/\/www.santanyi.net\/de\/property\/haus-in-port-de-pollenca-2\/\" \/>\n<meta property=\"og:site_name\" content=\"RE\/MAX Drac\" \/>\n<meta property=\"article:modified_time\" content=\"2026-05-01T06:05:09+00:00\" \/>\n<meta property=\"og:image\" content=\"https:\/\/www.santanyi.net\/wp-content\/uploads\/anaconda_property_media\/28353264-194494\/2-1.jpg\" \/>\n\t<meta property=\"og:image:width\" content=\"1920\" \/>\n\t<meta property=\"og:image:height\" content=\"1281\" \/>\n\t<meta property=\"og:image:type\" content=\"image\/jpeg\" \/>\n<meta name=\"twitter:card\" content=\"summary_large_image\" \/>\n<meta name=\"twitter:label1\" content=\"Gesch\u00e4tzte Lesezeit\" \/>\n\t<meta name=\"twitter:data1\" content=\"1\u00a0Minute\" \/>\n<script type=\"application\/ld+json\" class=\"yoast-schema-graph\">{\"@context\":\"https:\\\/\\\/schema.org\",\"@graph\":[{\"@type\":\"WebPage\",\"@id\":\"https:\\\/\\\/www.santanyi.net\\\/de\\\/property\\\/haus-in-port-de-pollenca-2\\\/\",\"url\":\"https:\\\/\\\/www.santanyi.net\\\/de\\\/property\\\/haus-in-port-de-pollenca-2\\\/\",\"name\":\"Haus in Port de Pollen\u00e7a - RE\\\/MAX Drac\",\"isPartOf\":{\"@id\":\"https:\\\/\\\/www.santanyi.net\\\/de\\\/#website\"},\"primaryImageOfPage\":{\"@id\":\"https:\\\/\\\/www.santanyi.net\\\/de\\\/property\\\/haus-in-port-de-pollenca-2\\\/#primaryimage\"},\"image\":{\"@id\":\"https:\\\/\\\/www.santanyi.net\\\/de\\\/property\\\/haus-in-port-de-pollenca-2\\\/#primaryimage\"},\"thumbnailUrl\":\"https:\\\/\\\/www.santanyi.net\\\/wp-content\\\/uploads\\\/anaconda_property_media\\\/28353264-194494\\\/2-1.jpg\",\"datePublished\":\"2026-04-30T15:03:06+00:00\",\"dateModified\":\"2026-05-01T06:05:09+00:00\",\"breadcrumb\":{\"@id\":\"https:\\\/\\\/www.santanyi.net\\\/de\\\/property\\\/haus-in-port-de-pollenca-2\\\/#breadcrumb\"},\"inLanguage\":\"de\",\"potentialAction\":[{\"@type\":\"ReadAction\",\"target\":[\"https:\\\/\\\/www.santanyi.net\\\/de\\\/property\\\/haus-in-port-de-pollenca-2\\\/\"]}]},{\"@type\":\"ImageObject\",\"inLanguage\":\"de\",\"@id\":\"https:\\\/\\\/www.santanyi.net\\\/de\\\/property\\\/haus-in-port-de-pollenca-2\\\/#primaryimage\",\"url\":\"https:\\\/\\\/www.santanyi.net\\\/wp-content\\\/uploads\\\/anaconda_property_media\\\/28353264-194494\\\/2-1.jpg\",\"contentUrl\":\"https:\\\/\\\/www.santanyi.net\\\/wp-content\\\/uploads\\\/anaconda_property_media\\\/28353264-194494\\\/2-1.jpg\",\"width\":1920,\"height\":1281},{\"@type\":\"BreadcrumbList\",\"@id\":\"https:\\\/\\\/www.santanyi.net\\\/de\\\/property\\\/haus-in-port-de-pollenca-2\\\/#breadcrumb\",\"itemListElement\":[{\"@type\":\"ListItem\",\"position\":1,\"name\":\"Home\",\"item\":\"https:\\\/\\\/www.santanyi.net\\\/de\\\/\"},{\"@type\":\"ListItem\",\"position\":2,\"name\":\"Eigenschaften\",\"item\":\"https:\\\/\\\/www.santanyi.net\\\/de\\\/property\\\/\"},{\"@type\":\"ListItem\",\"position\":3,\"name\":\"Haus in Port de Pollen\u00e7a\"}]},{\"@type\":\"WebSite\",\"@id\":\"https:\\\/\\\/www.santanyi.net\\\/de\\\/#website\",\"url\":\"https:\\\/\\\/www.santanyi.net\\\/de\\\/\",\"name\":\"RE\\\/MAX Drac\",\"description\":\"\",\"publisher\":{\"@id\":\"https:\\\/\\\/www.santanyi.net\\\/de\\\/#organization\"},\"potentialAction\":[{\"@type\":\"SearchAction\",\"target\":{\"@type\":\"EntryPoint\",\"urlTemplate\":\"https:\\\/\\\/www.santanyi.net\\\/de\\\/?s={search_term_string}\"},\"query-input\":{\"@type\":\"PropertyValueSpecification\",\"valueRequired\":true,\"valueName\":\"search_term_string\"}}],\"inLanguage\":\"de\"},{\"@type\":\"Organization\",\"@id\":\"https:\\\/\\\/www.santanyi.net\\\/de\\\/#organization\",\"name\":\"RE\\\/MAX Drac\",\"url\":\"https:\\\/\\\/www.santanyi.net\\\/de\\\/\",\"logo\":{\"@type\":\"ImageObject\",\"inLanguage\":\"de\",\"@id\":\"https:\\\/\\\/www.santanyi.net\\\/de\\\/#\\\/schema\\\/logo\\\/image\\\/\",\"url\":\"https:\\\/\\\/www.santanyi.net\\\/wp-content\\\/uploads\\\/2025\\\/07\\\/logo-nuevo.png\",\"contentUrl\":\"https:\\\/\\\/www.santanyi.net\\\/wp-content\\\/uploads\\\/2025\\\/07\\\/logo-nuevo.png\",\"width\":295,\"height\":165,\"caption\":\"RE\\\/MAX Drac\"},\"image\":{\"@id\":\"https:\\\/\\\/www.santanyi.net\\\/de\\\/#\\\/schema\\\/logo\\\/image\\\/\"}}]}<\/script>\n<!-- \/ Yoast SEO plugin. -->","yoast_head_json":{"title":"Haus in Port de Pollen\u00e7a - RE\/MAX Drac","robots":{"index":"index","follow":"follow","max-snippet":"max-snippet:-1","max-image-preview":"max-image-preview:large","max-video-preview":"max-video-preview:-1"},"canonical":"https:\/\/www.santanyi.net\/de\/property\/haus-in-port-de-pollenca-2\/","og_locale":"de_DE","og_type":"article","og_title":"Haus in Port de Pollen\u00e7a - RE\/MAX Drac","og_description":"Haus mit 295 m2 Wohnfl\u00e4che auf einem 692 m2 grossen Grundst\u00fcck in Port de Pollen\u00e7a, k\u00fcrzlich renoviert und bezugsfertig. Vier Schlafzimmer, drei B\u00e4der, Garten, eigener Pool, Terrasse, Grillbereich, Abstellraum, Waschk\u00fcche und Garage mit Platz f\u00fcr vier Fahrzeuge. Die k\u00fcrzliche Renovierung ist ein relevantes Detail. Es ist kein Haus aus dem Jahr 1984, das aktualisiert werden [&hellip;]","og_url":"https:\/\/www.santanyi.net\/de\/property\/haus-in-port-de-pollenca-2\/","og_site_name":"RE\/MAX Drac","article_modified_time":"2026-05-01T06:05:09+00:00","og_image":[{"width":1920,"height":1281,"url":"https:\/\/www.santanyi.net\/wp-content\/uploads\/anaconda_property_media\/28353264-194494\/2-1.jpg","type":"image\/jpeg"}],"twitter_card":"summary_large_image","twitter_misc":{"Gesch\u00e4tzte Lesezeit":"1\u00a0Minute"},"schema":{"@context":"https:\/\/schema.org","@graph":[{"@type":"WebPage","@id":"https:\/\/www.santanyi.net\/de\/property\/haus-in-port-de-pollenca-2\/","url":"https:\/\/www.santanyi.net\/de\/property\/haus-in-port-de-pollenca-2\/","name":"Haus in Port de Pollen\u00e7a - RE\/MAX Drac","isPartOf":{"@id":"https:\/\/www.santanyi.net\/de\/#website"},"primaryImageOfPage":{"@id":"https:\/\/www.santanyi.net\/de\/property\/haus-in-port-de-pollenca-2\/#primaryimage"},"image":{"@id":"https:\/\/www.santanyi.net\/de\/property\/haus-in-port-de-pollenca-2\/#primaryimage"},"thumbnailUrl":"https:\/\/www.santanyi.net\/wp-content\/uploads\/anaconda_property_media\/28353264-194494\/2-1.jpg","datePublished":"2026-04-30T15:03:06+00:00","dateModified":"2026-05-01T06:05:09+00:00","breadcrumb":{"@id":"https:\/\/www.santanyi.net\/de\/property\/haus-in-port-de-pollenca-2\/#breadcrumb"},"inLanguage":"de","potentialAction":[{"@type":"ReadAction","target":["https:\/\/www.santanyi.net\/de\/property\/haus-in-port-de-pollenca-2\/"]}]},{"@type":"ImageObject","inLanguage":"de","@id":"https:\/\/www.santanyi.net\/de\/property\/haus-in-port-de-pollenca-2\/#primaryimage","url":"https:\/\/www.santanyi.net\/wp-content\/uploads\/anaconda_property_media\/28353264-194494\/2-1.jpg","contentUrl":"https:\/\/www.santanyi.net\/wp-content\/uploads\/anaconda_property_media\/28353264-194494\/2-1.jpg","width":1920,"height":1281},{"@type":"BreadcrumbList","@id":"https:\/\/www.santanyi.net\/de\/property\/haus-in-port-de-pollenca-2\/#breadcrumb","itemListElement":[{"@type":"ListItem","position":1,"name":"Home","item":"https:\/\/www.santanyi.net\/de\/"},{"@type":"ListItem","position":2,"name":"Eigenschaften","item":"https:\/\/www.santanyi.net\/de\/property\/"},{"@type":"ListItem","position":3,"name":"Haus in Port de Pollen\u00e7a"}]},{"@type":"WebSite","@id":"https:\/\/www.santanyi.net\/de\/#website","url":"https:\/\/www.santanyi.net\/de\/","name":"RE\/MAX Drac","description":"","publisher":{"@id":"https:\/\/www.santanyi.net\/de\/#organization"},"potentialAction":[{"@type":"SearchAction","target":{"@type":"EntryPoint","urlTemplate":"https:\/\/www.santanyi.net\/de\/?s={search_term_string}"},"query-input":{"@type":"PropertyValueSpecification","valueRequired":true,"valueName":"search_term_string"}}],"inLanguage":"de"},{"@type":"Organization","@id":"https:\/\/www.santanyi.net\/de\/#organization","name":"RE\/MAX Drac","url":"https:\/\/www.santanyi.net\/de\/","logo":{"@type":"ImageObject","inLanguage":"de","@id":"https:\/\/www.santanyi.net\/de\/#\/schema\/logo\/image\/","url":"https:\/\/www.santanyi.net\/wp-content\/uploads\/2025\/07\/logo-nuevo.png","contentUrl":"https:\/\/www.santanyi.net\/wp-content\/uploads\/2025\/07\/logo-nuevo.png","width":295,"height":165,"caption":"RE\/MAX Drac"},"image":{"@id":"https:\/\/www.santanyi.net\/de\/#\/schema\/logo\/image\/"}}]}},"_links":{"self":[{"href":"https:\/\/www.santanyi.net\/de\/wp-json\/wp\/v2\/properties\/194501","targetHints":{"allow":["GET"]}}],"collection":[{"href":"https:\/\/www.santanyi.net\/de\/wp-json\/wp\/v2\/properties"}],"about":[{"href":"https:\/\/www.santanyi.net\/de\/wp-json\/wp\/v2\/types\/property"}],"author":[{"embeddable":true,"href":"https:\/\/www.santanyi.net\/de\/wp-json\/wp\/v2\/users\/1"}],"version-history":[{"count":2,"href":"https:\/\/www.santanyi.net\/de\/wp-json\/wp\/v2\/properties\/194501\/revisions"}],"predecessor-version":[{"id":195893,"href":"https:\/\/www.santanyi.net\/de\/wp-json\/wp\/v2\/properties\/194501\/revisions\/195893"}],"wp:featuredmedia":[{"embeddable":true,"href":"https:\/\/www.santanyi.net\/de\/wp-json\/wp\/v2\/media\/194495"}],"wp:attachment":[{"href":"https:\/\/www.santanyi.net\/de\/wp-json\/wp\/v2\/media?parent=194501"}],"wp:term":[{"taxonomy":"property_type","embeddable":true,"href":"https:\/\/www.santanyi.net\/de\/wp-json\/wp\/v2\/property_type?post=194501"},{"taxonomy":"property_status","embeddable":true,"href":"https:\/\/www.santanyi.net\/de\/wp-json\/wp\/v2\/property_status?post=194501"},{"taxonomy":"property_feature","embeddable":true,"href":"https:\/\/www.santanyi.net\/de\/wp-json\/wp\/v2\/property_feature?post=194501"},{"taxonomy":"property_label","embeddable":true,"href":"https:\/\/www.santanyi.net\/de\/wp-json\/wp\/v2\/property_label?post=194501"},{"taxonomy":"property_country","embeddable":true,"href":"https:\/\/www.santanyi.net\/de\/wp-json\/wp\/v2\/property_country?post=194501"},{"taxonomy":"property_state","embeddable":true,"href":"https:\/\/www.santanyi.net\/de\/wp-json\/wp\/v2\/property_state?post=194501"},{"taxonomy":"property_city","embeddable":true,"href":"https:\/\/www.santanyi.net\/de\/wp-json\/wp\/v2\/property_city?post=194501"},{"taxonomy":"property_area","embeddable":true,"href":"https:\/\/www.santanyi.net\/de\/wp-json\/wp\/v2\/property_area?post=194501"}],"curies":[{"name":"wp","href":"https:\/\/api.w.org\/{rel}","templated":true}]}}