
{"id":194477,"date":"2026-04-30T15:02:57","date_gmt":"2026-04-30T15:02:57","guid":{"rendered":"https:\/\/www.santanyi.net\/property\/wunderschone-geschmackvoll-eingerichtete-finca-mit-heizung-klima-pool-uberdachter-terrasse-im-naturschutz-gebiet-5-minuten-bis-zum-strand\/"},"modified":"2026-05-01T06:05:02","modified_gmt":"2026-05-01T06:05:02","slug":"wunderschone-geschmackvoll-eingerichtete-finca-mit-heizung-klima-pool-uberdachter-terrasse-im-naturschutz-gebiet-5-minuten-bis-zum-strand-2","status":"publish","type":"property","link":"https:\/\/www.santanyi.net\/de\/property\/wunderschone-geschmackvoll-eingerichtete-finca-mit-heizung-klima-pool-uberdachter-terrasse-im-naturschutz-gebiet-5-minuten-bis-zum-strand-2\/","title":{"rendered":"Wundersch\u00f6ne geschmackvoll eingerichtete Finca mit Heizung, Klima, Pool, \u00fcberdachter Terrasse, im Naturschutz Gebiet, 5 Minuten bis zum Strand."},"content":{"rendered":"<p>AB OKTOBER 2026 F\u00dcR 1 JAHR MIETBAR!!! Dieses charmante Haus befindet sich in einer ruhigen Wohngegend, nur 5 Minuten vom Strand entfernt. Frisch dekoriert und geschmackvoll eingerichtet, ist es mit einer \u00d6L Zentralheizung und Klimaanlage ausgestattet und somit ganzj\u00e4hrig bewohnbar.Es bietet  drei Schlafzimmer, jedes mit eigenem Badezimmer, eine voll ausgestattete offene K\u00fcche mit einer Theke zum ger\u00e4umigen, hellen Esszimmer und ein Wohnzimmer mit einem gro\u00dfen geschlossenen-Kamin. Die teilweise \u00fcberdachte Terrasse l\u00e4dt zum Entspannen ein, ebenso wie der Pool mit Blick in die Natur. Die Bedingungen umfassen eine Kaution in H\u00f6he von zwei Monatsmieten, die Miete des laufenden Monats sowie Wasser, Strom, Internet, M\u00fcll und Poolwartung, die separat zu zahlen sind.<\/p>\n","protected":false},"excerpt":{"rendered":"<p>AB OKTOBER 2026 F\u00dcR 1 JAHR MIETBAR!!! Dieses charmante Haus befindet sich in einer ruhigen Wohngegend, nur 5 Minuten vom Strand entfernt. Frisch dekoriert und geschmackvoll eingerichtet, ist es mit einer \u00d6L Zentralheizung und Klimaanlage ausgestattet und somit ganzj\u00e4hrig bewohnbar.Es bietet drei Schlafzimmer, jedes mit eigenem Badezimmer, eine voll ausgestattete offene K\u00fcche mit einer Theke [&hellip;]<\/p>\n","protected":false},"author":1,"featured_media":194471,"parent":0,"menu_order":0,"template":"","property_type":[2133],"property_status":[2135,2142],"property_feature":[1816,1765,1818,1875,1851,1819,1820,1912,1936,1988,1972,1879,1822,1823,1824,1957,1826,1899,1938,1828,1940,1990,1973,1901,1942],"property_label":[],"property_country":[],"property_state":[],"property_city":[635],"property_area":[637],"class_list":["post-194477","property","type-property","status-publish","has-post-thumbnail","hentry","property_type-casa-de","property_status-alquilar","property_status-alquilar-de","property_feature-aire_con-de","property_feature-aire_con","property_feature-arboles-de","property_feature-arma_empo-de","property_feature-arma_empo","property_feature-barbacoa-de","property_feature-calefaccion-de","property_feature-calefacentral","property_feature-calefacentral-de","property_feature-chimenea-de","property_feature-chimenea","property_feature-cocina_inde-de","property_feature-electro-de","property_feature-jardin-de","property_feature-lavanderia-de","property_feature-linea_tlf-de","property_feature-muebles-de","property_feature-patio-de","property_feature-pergola-de","property_feature-piscina_prop-de","property_feature-satelite-de","property_feature-solarium-de","property_feature-solarium","property_feature-terraza-de","property_feature-urbanizacion-de","property_city-santanyi","property_area-cala-figuera"],"acf":[],"property_meta":{"_apg_property_user_edited":["1"],"fave_property_id":["DRAC-AA1465YK"],"fave_property_location":["39.343231967144,3.1853021525294,15"],"houzez_geolocation_lat":["39.343231967144"],"houzez_geolocation_long":["3.1853021525294"],"fave_property_price":["3900"],"fave_property_rent_or_sale":["rent"],"fave_property_year":[null],"fave_property_size_prefix":["m2"],"fave_property_land_postfix":["m2"],"fave_property_size":["185"],"fave_property_land":["689"],"fave_property_bedrooms":["3"],"fave_property_bathrooms":["3"],"fave_property_garage":["2"],"fave_property_map_address":["Cala Figuera, 07690 Santany\u00ed"],"fave_property_address":[" , Santany\u00ed 07690"],"fave_property_zip":["07690"],"fave_property_postal_code":["07690"],"fave_property_map":["1"],"apg_is_using_remote_image_url":["1"],"apg_using_remote_image_urls":["[{\"multimedia_type\":\"Picture\",\"picture_url\":\"https:\/\/fotos15.inmovilla.com\/12732\/24621013\/1-1.jpg\",\"position\":1,\"picture_id\":1,\"media_id\":143933,\"post_id\":194470,\"id\":1,\"attachment_id\":0,\"url\":\"https:\/\/fotos15.inmovilla.com\/12732\/24621013\/1-1.jpg\",\"basename\":\"1-1.jpg\",\"created_date\":\"2026-04-30 15:02:57\",\"is_downloaded\":0,\"is_using_remote\":0},{\"multimedia_type\":\"Picture\",\"picture_url\":\"https:\/\/fotos15.inmovilla.com\/12732\/24621013\/1-2.jpg\",\"position\":2,\"picture_id\":2,\"media_id\":143934,\"post_id\":194470,\"id\":2,\"attachment_id\":0,\"url\":\"https:\/\/fotos15.inmovilla.com\/12732\/24621013\/1-2.jpg\",\"basename\":\"1-2.jpg\",\"created_date\":\"2026-04-30 15:02:57\",\"is_downloaded\":0,\"is_using_remote\":1},{\"multimedia_type\":\"Picture\",\"picture_url\":\"https:\/\/fotos15.inmovilla.com\/12732\/24621013\/1-3.jpg\",\"position\":3,\"picture_id\":3,\"media_id\":143935,\"post_id\":194470,\"id\":3,\"attachment_id\":0,\"url\":\"https:\/\/fotos15.inmovilla.com\/12732\/24621013\/1-3.jpg\",\"basename\":\"1-3.jpg\",\"created_date\":\"2026-04-30 15:02:57\",\"is_downloaded\":0,\"is_using_remote\":1},{\"multimedia_type\":\"Picture\",\"picture_url\":\"https:\/\/fotos15.inmovilla.com\/12732\/24621013\/1-4.jpg\",\"position\":4,\"picture_id\":4,\"media_id\":143936,\"post_id\":194470,\"id\":4,\"attachment_id\":0,\"url\":\"https:\/\/fotos15.inmovilla.com\/12732\/24621013\/1-4.jpg\",\"basename\":\"1-4.jpg\",\"created_date\":\"2026-04-30 15:02:57\",\"is_downloaded\":0,\"is_using_remote\":1},{\"multimedia_type\":\"Picture\",\"picture_url\":\"https:\/\/fotos15.inmovilla.com\/12732\/24621013\/1-5.jpg\",\"position\":5,\"picture_id\":5,\"media_id\":143937,\"post_id\":194470,\"id\":5,\"attachment_id\":0,\"url\":\"https:\/\/fotos15.inmovilla.com\/12732\/24621013\/1-5.jpg\",\"basename\":\"1-5.jpg\",\"created_date\":\"2026-04-30 15:02:57\",\"is_downloaded\":0,\"is_using_remote\":1},{\"multimedia_type\":\"Picture\",\"picture_url\":\"https:\/\/fotos15.inmovilla.com\/12732\/24621013\/1-6.jpg\",\"position\":6,\"picture_id\":6,\"media_id\":143938,\"post_id\":194470,\"id\":6,\"attachment_id\":0,\"url\":\"https:\/\/fotos15.inmovilla.com\/12732\/24621013\/1-6.jpg\",\"basename\":\"1-6.jpg\",\"created_date\":\"2026-04-30 15:02:57\",\"is_downloaded\":0,\"is_using_remote\":1},{\"multimedia_type\":\"Picture\",\"picture_url\":\"https:\/\/fotos15.inmovilla.com\/12732\/24621013\/1-7.jpg\",\"position\":7,\"picture_id\":7,\"media_id\":143939,\"post_id\":194470,\"id\":7,\"attachment_id\":0,\"url\":\"https:\/\/fotos15.inmovilla.com\/12732\/24621013\/1-7.jpg\",\"basename\":\"1-7.jpg\",\"created_date\":\"2026-04-30 15:02:57\",\"is_downloaded\":0,\"is_using_remote\":1},{\"multimedia_type\":\"Picture\",\"picture_url\":\"https:\/\/fotos15.inmovilla.com\/12732\/24621013\/1-8.jpg\",\"position\":8,\"picture_id\":8,\"media_id\":143940,\"post_id\":194470,\"id\":8,\"attachment_id\":0,\"url\":\"https:\/\/fotos15.inmovilla.com\/12732\/24621013\/1-8.jpg\",\"basename\":\"1-8.jpg\",\"created_date\":\"2026-04-30 15:02:57\",\"is_downloaded\":0,\"is_using_remote\":1},{\"multimedia_type\":\"Picture\",\"picture_url\":\"https:\/\/fotos15.inmovilla.com\/12732\/24621013\/1-9.jpg\",\"position\":9,\"picture_id\":9,\"media_id\":143941,\"post_id\":194470,\"id\":9,\"attachment_id\":0,\"url\":\"https:\/\/fotos15.inmovilla.com\/12732\/24621013\/1-9.jpg\",\"basename\":\"1-9.jpg\",\"created_date\":\"2026-04-30 15:02:57\",\"is_downloaded\":0,\"is_using_remote\":1},{\"multimedia_type\":\"Picture\",\"picture_url\":\"https:\/\/fotos15.inmovilla.com\/12732\/24621013\/1-10.jpg\",\"position\":10,\"picture_id\":10,\"media_id\":143942,\"post_id\":194470,\"id\":10,\"attachment_id\":0,\"url\":\"https:\/\/fotos15.inmovilla.com\/12732\/24621013\/1-10.jpg\",\"basename\":\"1-10.jpg\",\"created_date\":\"2026-04-30 15:02:57\",\"is_downloaded\":0,\"is_using_remote\":1},{\"multimedia_type\":\"Picture\",\"picture_url\":\"https:\/\/fotos15.inmovilla.com\/12732\/24621013\/1-11.jpg\",\"position\":11,\"picture_id\":11,\"media_id\":143943,\"post_id\":194470,\"id\":11,\"attachment_id\":0,\"url\":\"https:\/\/fotos15.inmovilla.com\/12732\/24621013\/1-11.jpg\",\"basename\":\"1-11.jpg\",\"created_date\":\"2026-04-30 15:02:57\",\"is_downloaded\":0,\"is_using_remote\":1},{\"multimedia_type\":\"Picture\",\"picture_url\":\"https:\/\/fotos15.inmovilla.com\/12732\/24621013\/1-12.jpg\",\"position\":12,\"picture_id\":12,\"media_id\":143944,\"post_id\":194470,\"id\":12,\"attachment_id\":0,\"url\":\"https:\/\/fotos15.inmovilla.com\/12732\/24621013\/1-12.jpg\",\"basename\":\"1-12.jpg\",\"created_date\":\"2026-04-30 15:02:57\",\"is_downloaded\":0,\"is_using_remote\":1},{\"multimedia_type\":\"Picture\",\"picture_url\":\"https:\/\/fotos15.inmovilla.com\/12732\/24621013\/1-13.jpg\",\"position\":13,\"picture_id\":13,\"media_id\":143945,\"post_id\":194470,\"id\":13,\"attachment_id\":0,\"url\":\"https:\/\/fotos15.inmovilla.com\/12732\/24621013\/1-13.jpg\",\"basename\":\"1-13.jpg\",\"created_date\":\"2026-04-30 15:02:57\",\"is_downloaded\":0,\"is_using_remote\":1},{\"multimedia_type\":\"Picture\",\"picture_url\":\"https:\/\/fotos15.inmovilla.com\/12732\/24621013\/1-14.jpg\",\"position\":14,\"picture_id\":14,\"media_id\":143946,\"post_id\":194470,\"id\":14,\"attachment_id\":0,\"url\":\"https:\/\/fotos15.inmovilla.com\/12732\/24621013\/1-14.jpg\",\"basename\":\"1-14.jpg\",\"created_date\":\"2026-04-30 15:02:57\",\"is_downloaded\":0,\"is_using_remote\":1},{\"multimedia_type\":\"Picture\",\"picture_url\":\"https:\/\/fotos15.inmovilla.com\/12732\/24621013\/1-15.jpg\",\"position\":15,\"picture_id\":15,\"media_id\":143947,\"post_id\":194470,\"id\":15,\"attachment_id\":0,\"url\":\"https:\/\/fotos15.inmovilla.com\/12732\/24621013\/1-15.jpg\",\"basename\":\"1-15.jpg\",\"created_date\":\"2026-04-30 15:02:57\",\"is_downloaded\":0,\"is_using_remote\":1},{\"multimedia_type\":\"Picture\",\"picture_url\":\"https:\/\/fotos15.inmovilla.com\/12732\/24621013\/1-16.jpg\",\"position\":16,\"picture_id\":16,\"media_id\":143948,\"post_id\":194470,\"id\":16,\"attachment_id\":0,\"url\":\"https:\/\/fotos15.inmovilla.com\/12732\/24621013\/1-16.jpg\",\"basename\":\"1-16.jpg\",\"created_date\":\"2026-04-30 15:02:57\",\"is_downloaded\":0,\"is_using_remote\":1},{\"multimedia_type\":\"Picture\",\"picture_url\":\"https:\/\/fotos15.inmovilla.com\/12732\/24621013\/1-17.jpg\",\"position\":17,\"picture_id\":17,\"media_id\":143949,\"post_id\":194470,\"id\":17,\"attachment_id\":0,\"url\":\"https:\/\/fotos15.inmovilla.com\/12732\/24621013\/1-17.jpg\",\"basename\":\"1-17.jpg\",\"created_date\":\"2026-04-30 15:02:57\",\"is_downloaded\":0,\"is_using_remote\":1},{\"multimedia_type\":\"Picture\",\"picture_url\":\"https:\/\/fotos15.inmovilla.com\/12732\/24621013\/1-18.jpg\",\"position\":18,\"picture_id\":18,\"media_id\":143950,\"post_id\":194470,\"id\":18,\"attachment_id\":0,\"url\":\"https:\/\/fotos15.inmovilla.com\/12732\/24621013\/1-18.jpg\",\"basename\":\"1-18.jpg\",\"created_date\":\"2026-04-30 15:02:57\",\"is_downloaded\":0,\"is_using_remote\":1},{\"multimedia_type\":\"Picture\",\"picture_url\":\"https:\/\/fotos15.inmovilla.com\/12732\/24621013\/1-19.jpg\",\"position\":19,\"picture_id\":19,\"media_id\":143951,\"post_id\":194470,\"id\":19,\"attachment_id\":0,\"url\":\"https:\/\/fotos15.inmovilla.com\/12732\/24621013\/1-19.jpg\",\"basename\":\"1-19.jpg\",\"created_date\":\"2026-04-30 15:02:57\",\"is_downloaded\":0,\"is_using_remote\":1},{\"multimedia_type\":\"Picture\",\"picture_url\":\"https:\/\/fotos15.inmovilla.com\/12732\/24621013\/1-20.jpg\",\"position\":20,\"picture_id\":20,\"media_id\":143952,\"post_id\":194470,\"id\":20,\"attachment_id\":0,\"url\":\"https:\/\/fotos15.inmovilla.com\/12732\/24621013\/1-20.jpg\",\"basename\":\"1-20.jpg\",\"created_date\":\"2026-04-30 15:02:57\",\"is_downloaded\":0,\"is_using_remote\":1},{\"multimedia_type\":\"Picture\",\"picture_url\":\"https:\/\/fotos15.inmovilla.com\/12732\/24621013\/1-21.jpg\",\"position\":21,\"picture_id\":21,\"media_id\":143953,\"post_id\":194470,\"id\":21,\"attachment_id\":0,\"url\":\"https:\/\/fotos15.inmovilla.com\/12732\/24621013\/1-21.jpg\",\"basename\":\"1-21.jpg\",\"created_date\":\"2026-04-30 15:02:57\",\"is_downloaded\":0,\"is_using_remote\":1},{\"multimedia_type\":\"Picture\",\"picture_url\":\"https:\/\/fotos15.inmovilla.com\/12732\/24621013\/1-22.jpg\",\"position\":22,\"picture_id\":22,\"media_id\":143954,\"post_id\":194470,\"id\":22,\"attachment_id\":0,\"url\":\"https:\/\/fotos15.inmovilla.com\/12732\/24621013\/1-22.jpg\",\"basename\":\"1-22.jpg\",\"created_date\":\"2026-04-30 15:02:57\",\"is_downloaded\":0,\"is_using_remote\":1},{\"multimedia_type\":\"Picture\",\"picture_url\":\"https:\/\/fotos15.inmovilla.com\/12732\/24621013\/1-23.jpg\",\"position\":23,\"picture_id\":23,\"media_id\":143955,\"post_id\":194470,\"id\":23,\"attachment_id\":0,\"url\":\"https:\/\/fotos15.inmovilla.com\/12732\/24621013\/1-23.jpg\",\"basename\":\"1-23.jpg\",\"created_date\":\"2026-04-30 15:02:57\",\"is_downloaded\":0,\"is_using_remote\":1},{\"multimedia_type\":\"Picture\",\"picture_url\":\"https:\/\/fotos15.inmovilla.com\/12732\/24621013\/1-24.jpg\",\"position\":24,\"picture_id\":24,\"media_id\":143956,\"post_id\":194470,\"id\":24,\"attachment_id\":0,\"url\":\"https:\/\/fotos15.inmovilla.com\/12732\/24621013\/1-24.jpg\",\"basename\":\"1-24.jpg\",\"created_date\":\"2026-04-30 15:02:57\",\"is_downloaded\":0,\"is_using_remote\":1},{\"multimedia_type\":\"Picture\",\"picture_url\":\"https:\/\/fotos15.inmovilla.com\/12732\/24621013\/1-25.jpg\",\"position\":25,\"picture_id\":25,\"media_id\":143957,\"post_id\":194470,\"id\":25,\"attachment_id\":0,\"url\":\"https:\/\/fotos15.inmovilla.com\/12732\/24621013\/1-25.jpg\",\"basename\":\"1-25.jpg\",\"created_date\":\"2026-04-30 15:02:57\",\"is_downloaded\":0,\"is_using_remote\":1},{\"multimedia_type\":\"Picture\",\"picture_url\":\"https:\/\/fotos15.inmovilla.com\/12732\/24621013\/1-26.jpg\",\"position\":26,\"picture_id\":26,\"media_id\":143958,\"post_id\":194470,\"id\":26,\"attachment_id\":0,\"url\":\"https:\/\/fotos15.inmovilla.com\/12732\/24621013\/1-26.jpg\",\"basename\":\"1-26.jpg\",\"created_date\":\"2026-04-30 15:02:57\",\"is_downloaded\":0,\"is_using_remote\":1},{\"multimedia_type\":\"Picture\",\"picture_url\":\"https:\/\/fotos15.inmovilla.com\/12732\/24621013\/1-27.jpg\",\"position\":27,\"picture_id\":27,\"media_id\":143959,\"post_id\":194470,\"id\":27,\"attachment_id\":0,\"url\":\"https:\/\/fotos15.inmovilla.com\/12732\/24621013\/1-27.jpg\",\"basename\":\"1-27.jpg\",\"created_date\":\"2026-04-30 15:02:57\",\"is_downloaded\":0,\"is_using_remote\":1},{\"multimedia_type\":\"Picture\",\"picture_url\":\"https:\/\/fotos15.inmovilla.com\/12732\/24621013\/1-28.jpg\",\"position\":28,\"picture_id\":28,\"media_id\":143960,\"post_id\":194470,\"id\":28,\"attachment_id\":0,\"url\":\"https:\/\/fotos15.inmovilla.com\/12732\/24621013\/1-28.jpg\",\"basename\":\"1-28.jpg\",\"created_date\":\"2026-04-30 15:02:57\",\"is_downloaded\":0,\"is_using_remote\":1},{\"multimedia_type\":\"Picture\",\"picture_url\":\"https:\/\/fotos15.inmovilla.com\/12732\/24621013\/1-29.jpg\",\"position\":29,\"picture_id\":29,\"media_id\":143961,\"post_id\":194470,\"id\":29,\"attachment_id\":0,\"url\":\"https:\/\/fotos15.inmovilla.com\/12732\/24621013\/1-29.jpg\",\"basename\":\"1-29.jpg\",\"created_date\":\"2026-04-30 15:02:57\",\"is_downloaded\":0,\"is_using_remote\":1}]"],"_thumbnail_id":["194471"],"fave_property_images":["194471"],"apg_property_id":["24621013"],"_wpml_word_count":["158"],"_eael_post_view_count":["5"],"houzez_recently_viewed":["2026-05-01 08:45:56"],"houzez_total_property_views":["5"],"houzez_views_by_date":["a:2:{s:10:\"04-30-2026\";i:3;s:10:\"05-01-2026\";i:2;}"],"_elementor_page_assets":["a:0:{}"]},"yoast_head":"<!-- This site is optimized with the Yoast SEO plugin v27.5 - https:\/\/yoast.com\/product\/yoast-seo-wordpress\/ -->\n<title>Wundersch\u00f6ne geschmackvoll eingerichtete Finca mit Heizung, Klima, Pool, \u00fcberdachter Terrasse, im Naturschutz Gebiet, 5 Minuten bis zum Strand. - RE\/MAX Drac<\/title>\n<meta name=\"robots\" content=\"index, follow, max-snippet:-1, max-image-preview:large, max-video-preview:-1\" \/>\n<link rel=\"canonical\" href=\"https:\/\/www.santanyi.net\/de\/property\/wunderschone-geschmackvoll-eingerichtete-finca-mit-heizung-klima-pool-uberdachter-terrasse-im-naturschutz-gebiet-5-minuten-bis-zum-strand-2\/\" \/>\n<meta property=\"og:locale\" content=\"de_DE\" \/>\n<meta property=\"og:type\" content=\"article\" \/>\n<meta property=\"og:title\" content=\"Wundersch\u00f6ne geschmackvoll eingerichtete Finca mit Heizung, Klima, Pool, \u00fcberdachter Terrasse, im Naturschutz Gebiet, 5 Minuten bis zum Strand. - RE\/MAX Drac\" \/>\n<meta property=\"og:description\" content=\"AB OKTOBER 2026 F\u00dcR 1 JAHR MIETBAR!!! Dieses charmante Haus befindet sich in einer ruhigen Wohngegend, nur 5 Minuten vom Strand entfernt. Frisch dekoriert und geschmackvoll eingerichtet, ist es mit einer \u00d6L Zentralheizung und Klimaanlage ausgestattet und somit ganzj\u00e4hrig bewohnbar.Es bietet drei Schlafzimmer, jedes mit eigenem Badezimmer, eine voll ausgestattete offene K\u00fcche mit einer Theke [&hellip;]\" \/>\n<meta property=\"og:url\" content=\"https:\/\/www.santanyi.net\/de\/property\/wunderschone-geschmackvoll-eingerichtete-finca-mit-heizung-klima-pool-uberdachter-terrasse-im-naturschutz-gebiet-5-minuten-bis-zum-strand-2\/\" \/>\n<meta property=\"og:site_name\" content=\"RE\/MAX Drac\" \/>\n<meta property=\"article:modified_time\" content=\"2026-05-01T06:05:02+00:00\" \/>\n<meta property=\"og:image\" content=\"https:\/\/www.santanyi.net\/wp-content\/uploads\/anaconda_property_media\/24621013-194470\/1-1.jpg\" \/>\n\t<meta property=\"og:image:width\" content=\"800\" \/>\n\t<meta property=\"og:image:height\" content=\"600\" \/>\n\t<meta property=\"og:image:type\" content=\"image\/jpeg\" \/>\n<meta name=\"twitter:card\" content=\"summary_large_image\" \/>\n<meta name=\"twitter:label1\" content=\"Gesch\u00e4tzte Lesezeit\" \/>\n\t<meta name=\"twitter:data1\" content=\"1\u00a0Minute\" \/>\n<script type=\"application\/ld+json\" class=\"yoast-schema-graph\">{\"@context\":\"https:\\\/\\\/schema.org\",\"@graph\":[{\"@type\":\"WebPage\",\"@id\":\"https:\\\/\\\/www.santanyi.net\\\/de\\\/property\\\/wunderschone-geschmackvoll-eingerichtete-finca-mit-heizung-klima-pool-uberdachter-terrasse-im-naturschutz-gebiet-5-minuten-bis-zum-strand-2\\\/\",\"url\":\"https:\\\/\\\/www.santanyi.net\\\/de\\\/property\\\/wunderschone-geschmackvoll-eingerichtete-finca-mit-heizung-klima-pool-uberdachter-terrasse-im-naturschutz-gebiet-5-minuten-bis-zum-strand-2\\\/\",\"name\":\"Wundersch\u00f6ne geschmackvoll eingerichtete Finca mit Heizung, Klima, Pool, \u00fcberdachter Terrasse, im Naturschutz Gebiet, 5 Minuten bis zum Strand. - RE\\\/MAX Drac\",\"isPartOf\":{\"@id\":\"https:\\\/\\\/www.santanyi.net\\\/de\\\/#website\"},\"primaryImageOfPage\":{\"@id\":\"https:\\\/\\\/www.santanyi.net\\\/de\\\/property\\\/wunderschone-geschmackvoll-eingerichtete-finca-mit-heizung-klima-pool-uberdachter-terrasse-im-naturschutz-gebiet-5-minuten-bis-zum-strand-2\\\/#primaryimage\"},\"image\":{\"@id\":\"https:\\\/\\\/www.santanyi.net\\\/de\\\/property\\\/wunderschone-geschmackvoll-eingerichtete-finca-mit-heizung-klima-pool-uberdachter-terrasse-im-naturschutz-gebiet-5-minuten-bis-zum-strand-2\\\/#primaryimage\"},\"thumbnailUrl\":\"https:\\\/\\\/www.santanyi.net\\\/wp-content\\\/uploads\\\/anaconda_property_media\\\/24621013-194470\\\/1-1.jpg\",\"datePublished\":\"2026-04-30T15:02:57+00:00\",\"dateModified\":\"2026-05-01T06:05:02+00:00\",\"breadcrumb\":{\"@id\":\"https:\\\/\\\/www.santanyi.net\\\/de\\\/property\\\/wunderschone-geschmackvoll-eingerichtete-finca-mit-heizung-klima-pool-uberdachter-terrasse-im-naturschutz-gebiet-5-minuten-bis-zum-strand-2\\\/#breadcrumb\"},\"inLanguage\":\"de\",\"potentialAction\":[{\"@type\":\"ReadAction\",\"target\":[\"https:\\\/\\\/www.santanyi.net\\\/de\\\/property\\\/wunderschone-geschmackvoll-eingerichtete-finca-mit-heizung-klima-pool-uberdachter-terrasse-im-naturschutz-gebiet-5-minuten-bis-zum-strand-2\\\/\"]}]},{\"@type\":\"ImageObject\",\"inLanguage\":\"de\",\"@id\":\"https:\\\/\\\/www.santanyi.net\\\/de\\\/property\\\/wunderschone-geschmackvoll-eingerichtete-finca-mit-heizung-klima-pool-uberdachter-terrasse-im-naturschutz-gebiet-5-minuten-bis-zum-strand-2\\\/#primaryimage\",\"url\":\"https:\\\/\\\/www.santanyi.net\\\/wp-content\\\/uploads\\\/anaconda_property_media\\\/24621013-194470\\\/1-1.jpg\",\"contentUrl\":\"https:\\\/\\\/www.santanyi.net\\\/wp-content\\\/uploads\\\/anaconda_property_media\\\/24621013-194470\\\/1-1.jpg\",\"width\":800,\"height\":600},{\"@type\":\"BreadcrumbList\",\"@id\":\"https:\\\/\\\/www.santanyi.net\\\/de\\\/property\\\/wunderschone-geschmackvoll-eingerichtete-finca-mit-heizung-klima-pool-uberdachter-terrasse-im-naturschutz-gebiet-5-minuten-bis-zum-strand-2\\\/#breadcrumb\",\"itemListElement\":[{\"@type\":\"ListItem\",\"position\":1,\"name\":\"Home\",\"item\":\"https:\\\/\\\/www.santanyi.net\\\/de\\\/\"},{\"@type\":\"ListItem\",\"position\":2,\"name\":\"Eigenschaften\",\"item\":\"https:\\\/\\\/www.santanyi.net\\\/de\\\/property\\\/\"},{\"@type\":\"ListItem\",\"position\":3,\"name\":\"Wundersch\u00f6ne geschmackvoll eingerichtete Finca mit Heizung, Klima, Pool, \u00fcberdachter Terrasse, im Naturschutz Gebiet, 5 Minuten bis zum Strand.\"}]},{\"@type\":\"WebSite\",\"@id\":\"https:\\\/\\\/www.santanyi.net\\\/de\\\/#website\",\"url\":\"https:\\\/\\\/www.santanyi.net\\\/de\\\/\",\"name\":\"RE\\\/MAX Drac\",\"description\":\"\",\"publisher\":{\"@id\":\"https:\\\/\\\/www.santanyi.net\\\/de\\\/#organization\"},\"potentialAction\":[{\"@type\":\"SearchAction\",\"target\":{\"@type\":\"EntryPoint\",\"urlTemplate\":\"https:\\\/\\\/www.santanyi.net\\\/de\\\/?s={search_term_string}\"},\"query-input\":{\"@type\":\"PropertyValueSpecification\",\"valueRequired\":true,\"valueName\":\"search_term_string\"}}],\"inLanguage\":\"de\"},{\"@type\":\"Organization\",\"@id\":\"https:\\\/\\\/www.santanyi.net\\\/de\\\/#organization\",\"name\":\"RE\\\/MAX Drac\",\"url\":\"https:\\\/\\\/www.santanyi.net\\\/de\\\/\",\"logo\":{\"@type\":\"ImageObject\",\"inLanguage\":\"de\",\"@id\":\"https:\\\/\\\/www.santanyi.net\\\/de\\\/#\\\/schema\\\/logo\\\/image\\\/\",\"url\":\"https:\\\/\\\/www.santanyi.net\\\/wp-content\\\/uploads\\\/2025\\\/07\\\/logo-nuevo.png\",\"contentUrl\":\"https:\\\/\\\/www.santanyi.net\\\/wp-content\\\/uploads\\\/2025\\\/07\\\/logo-nuevo.png\",\"width\":295,\"height\":165,\"caption\":\"RE\\\/MAX Drac\"},\"image\":{\"@id\":\"https:\\\/\\\/www.santanyi.net\\\/de\\\/#\\\/schema\\\/logo\\\/image\\\/\"}}]}<\/script>\n<!-- \/ Yoast SEO plugin. -->","yoast_head_json":{"title":"Wundersch\u00f6ne geschmackvoll eingerichtete Finca mit Heizung, Klima, Pool, \u00fcberdachter Terrasse, im Naturschutz Gebiet, 5 Minuten bis zum Strand. - RE\/MAX Drac","robots":{"index":"index","follow":"follow","max-snippet":"max-snippet:-1","max-image-preview":"max-image-preview:large","max-video-preview":"max-video-preview:-1"},"canonical":"https:\/\/www.santanyi.net\/de\/property\/wunderschone-geschmackvoll-eingerichtete-finca-mit-heizung-klima-pool-uberdachter-terrasse-im-naturschutz-gebiet-5-minuten-bis-zum-strand-2\/","og_locale":"de_DE","og_type":"article","og_title":"Wundersch\u00f6ne geschmackvoll eingerichtete Finca mit Heizung, Klima, Pool, \u00fcberdachter Terrasse, im Naturschutz Gebiet, 5 Minuten bis zum Strand. - RE\/MAX Drac","og_description":"AB OKTOBER 2026 F\u00dcR 1 JAHR MIETBAR!!! Dieses charmante Haus befindet sich in einer ruhigen Wohngegend, nur 5 Minuten vom Strand entfernt. Frisch dekoriert und geschmackvoll eingerichtet, ist es mit einer \u00d6L Zentralheizung und Klimaanlage ausgestattet und somit ganzj\u00e4hrig bewohnbar.Es bietet drei Schlafzimmer, jedes mit eigenem Badezimmer, eine voll ausgestattete offene K\u00fcche mit einer Theke [&hellip;]","og_url":"https:\/\/www.santanyi.net\/de\/property\/wunderschone-geschmackvoll-eingerichtete-finca-mit-heizung-klima-pool-uberdachter-terrasse-im-naturschutz-gebiet-5-minuten-bis-zum-strand-2\/","og_site_name":"RE\/MAX Drac","article_modified_time":"2026-05-01T06:05:02+00:00","og_image":[{"width":800,"height":600,"url":"https:\/\/www.santanyi.net\/wp-content\/uploads\/anaconda_property_media\/24621013-194470\/1-1.jpg","type":"image\/jpeg"}],"twitter_card":"summary_large_image","twitter_misc":{"Gesch\u00e4tzte Lesezeit":"1\u00a0Minute"},"schema":{"@context":"https:\/\/schema.org","@graph":[{"@type":"WebPage","@id":"https:\/\/www.santanyi.net\/de\/property\/wunderschone-geschmackvoll-eingerichtete-finca-mit-heizung-klima-pool-uberdachter-terrasse-im-naturschutz-gebiet-5-minuten-bis-zum-strand-2\/","url":"https:\/\/www.santanyi.net\/de\/property\/wunderschone-geschmackvoll-eingerichtete-finca-mit-heizung-klima-pool-uberdachter-terrasse-im-naturschutz-gebiet-5-minuten-bis-zum-strand-2\/","name":"Wundersch\u00f6ne geschmackvoll eingerichtete Finca mit Heizung, Klima, Pool, \u00fcberdachter Terrasse, im Naturschutz Gebiet, 5 Minuten bis zum Strand. - RE\/MAX Drac","isPartOf":{"@id":"https:\/\/www.santanyi.net\/de\/#website"},"primaryImageOfPage":{"@id":"https:\/\/www.santanyi.net\/de\/property\/wunderschone-geschmackvoll-eingerichtete-finca-mit-heizung-klima-pool-uberdachter-terrasse-im-naturschutz-gebiet-5-minuten-bis-zum-strand-2\/#primaryimage"},"image":{"@id":"https:\/\/www.santanyi.net\/de\/property\/wunderschone-geschmackvoll-eingerichtete-finca-mit-heizung-klima-pool-uberdachter-terrasse-im-naturschutz-gebiet-5-minuten-bis-zum-strand-2\/#primaryimage"},"thumbnailUrl":"https:\/\/www.santanyi.net\/wp-content\/uploads\/anaconda_property_media\/24621013-194470\/1-1.jpg","datePublished":"2026-04-30T15:02:57+00:00","dateModified":"2026-05-01T06:05:02+00:00","breadcrumb":{"@id":"https:\/\/www.santanyi.net\/de\/property\/wunderschone-geschmackvoll-eingerichtete-finca-mit-heizung-klima-pool-uberdachter-terrasse-im-naturschutz-gebiet-5-minuten-bis-zum-strand-2\/#breadcrumb"},"inLanguage":"de","potentialAction":[{"@type":"ReadAction","target":["https:\/\/www.santanyi.net\/de\/property\/wunderschone-geschmackvoll-eingerichtete-finca-mit-heizung-klima-pool-uberdachter-terrasse-im-naturschutz-gebiet-5-minuten-bis-zum-strand-2\/"]}]},{"@type":"ImageObject","inLanguage":"de","@id":"https:\/\/www.santanyi.net\/de\/property\/wunderschone-geschmackvoll-eingerichtete-finca-mit-heizung-klima-pool-uberdachter-terrasse-im-naturschutz-gebiet-5-minuten-bis-zum-strand-2\/#primaryimage","url":"https:\/\/www.santanyi.net\/wp-content\/uploads\/anaconda_property_media\/24621013-194470\/1-1.jpg","contentUrl":"https:\/\/www.santanyi.net\/wp-content\/uploads\/anaconda_property_media\/24621013-194470\/1-1.jpg","width":800,"height":600},{"@type":"BreadcrumbList","@id":"https:\/\/www.santanyi.net\/de\/property\/wunderschone-geschmackvoll-eingerichtete-finca-mit-heizung-klima-pool-uberdachter-terrasse-im-naturschutz-gebiet-5-minuten-bis-zum-strand-2\/#breadcrumb","itemListElement":[{"@type":"ListItem","position":1,"name":"Home","item":"https:\/\/www.santanyi.net\/de\/"},{"@type":"ListItem","position":2,"name":"Eigenschaften","item":"https:\/\/www.santanyi.net\/de\/property\/"},{"@type":"ListItem","position":3,"name":"Wundersch\u00f6ne geschmackvoll eingerichtete Finca mit Heizung, Klima, Pool, \u00fcberdachter Terrasse, im Naturschutz Gebiet, 5 Minuten bis zum Strand."}]},{"@type":"WebSite","@id":"https:\/\/www.santanyi.net\/de\/#website","url":"https:\/\/www.santanyi.net\/de\/","name":"RE\/MAX Drac","description":"","publisher":{"@id":"https:\/\/www.santanyi.net\/de\/#organization"},"potentialAction":[{"@type":"SearchAction","target":{"@type":"EntryPoint","urlTemplate":"https:\/\/www.santanyi.net\/de\/?s={search_term_string}"},"query-input":{"@type":"PropertyValueSpecification","valueRequired":true,"valueName":"search_term_string"}}],"inLanguage":"de"},{"@type":"Organization","@id":"https:\/\/www.santanyi.net\/de\/#organization","name":"RE\/MAX Drac","url":"https:\/\/www.santanyi.net\/de\/","logo":{"@type":"ImageObject","inLanguage":"de","@id":"https:\/\/www.santanyi.net\/de\/#\/schema\/logo\/image\/","url":"https:\/\/www.santanyi.net\/wp-content\/uploads\/2025\/07\/logo-nuevo.png","contentUrl":"https:\/\/www.santanyi.net\/wp-content\/uploads\/2025\/07\/logo-nuevo.png","width":295,"height":165,"caption":"RE\/MAX Drac"},"image":{"@id":"https:\/\/www.santanyi.net\/de\/#\/schema\/logo\/image\/"}}]}},"_links":{"self":[{"href":"https:\/\/www.santanyi.net\/de\/wp-json\/wp\/v2\/properties\/194477","targetHints":{"allow":["GET"]}}],"collection":[{"href":"https:\/\/www.santanyi.net\/de\/wp-json\/wp\/v2\/properties"}],"about":[{"href":"https:\/\/www.santanyi.net\/de\/wp-json\/wp\/v2\/types\/property"}],"author":[{"embeddable":true,"href":"https:\/\/www.santanyi.net\/de\/wp-json\/wp\/v2\/users\/1"}],"version-history":[{"count":1,"href":"https:\/\/www.santanyi.net\/de\/wp-json\/wp\/v2\/properties\/194477\/revisions"}],"predecessor-version":[{"id":195365,"href":"https:\/\/www.santanyi.net\/de\/wp-json\/wp\/v2\/properties\/194477\/revisions\/195365"}],"wp:featuredmedia":[{"embeddable":true,"href":"https:\/\/www.santanyi.net\/de\/wp-json\/wp\/v2\/media\/194471"}],"wp:attachment":[{"href":"https:\/\/www.santanyi.net\/de\/wp-json\/wp\/v2\/media?parent=194477"}],"wp:term":[{"taxonomy":"property_type","embeddable":true,"href":"https:\/\/www.santanyi.net\/de\/wp-json\/wp\/v2\/property_type?post=194477"},{"taxonomy":"property_status","embeddable":true,"href":"https:\/\/www.santanyi.net\/de\/wp-json\/wp\/v2\/property_status?post=194477"},{"taxonomy":"property_feature","embeddable":true,"href":"https:\/\/www.santanyi.net\/de\/wp-json\/wp\/v2\/property_feature?post=194477"},{"taxonomy":"property_label","embeddable":true,"href":"https:\/\/www.santanyi.net\/de\/wp-json\/wp\/v2\/property_label?post=194477"},{"taxonomy":"property_country","embeddable":true,"href":"https:\/\/www.santanyi.net\/de\/wp-json\/wp\/v2\/property_country?post=194477"},{"taxonomy":"property_state","embeddable":true,"href":"https:\/\/www.santanyi.net\/de\/wp-json\/wp\/v2\/property_state?post=194477"},{"taxonomy":"property_city","embeddable":true,"href":"https:\/\/www.santanyi.net\/de\/wp-json\/wp\/v2\/property_city?post=194477"},{"taxonomy":"property_area","embeddable":true,"href":"https:\/\/www.santanyi.net\/de\/wp-json\/wp\/v2\/property_area?post=194477"}],"curies":[{"name":"wp","href":"https:\/\/api.w.org\/{rel}","templated":true}]}}