
{"id":194453,"date":"2026-04-30T15:02:48","date_gmt":"2026-04-30T15:02:48","guid":{"rendered":"https:\/\/www.santanyi.net\/property\/villa-am-meer-nahe-mondrago-mit-erweiterungslizenz-und-panoramablick\/"},"modified":"2026-04-30T16:49:10","modified_gmt":"2026-04-30T16:49:10","slug":"villa-am-meer-nahe-mondrago-mit-erweiterungslizenz-und-panoramablick-2","status":"publish","type":"property","link":"https:\/\/www.santanyi.net\/de\/property\/villa-am-meer-nahe-mondrago-mit-erweiterungslizenz-und-panoramablick-2\/","title":{"rendered":"Villa am Meer nahe Mondrag\u00f3 mit Erweiterungslizenz und Panoramablick."},"content":{"rendered":"<p>Eine Vision in erster Meereslinie:<\/p>\n<p>Diese au\u00dfergew\u00f6hnliche Immobilie im S\u00fcdosten Mallorcas bietet die seltene Gelegenheit, ein Bestandsobjekt in ein modernes Refugium direkt am Meer zu verwandeln. Das Besondere an diesem Angebot: Ein umfassendes Architekturprojekt sowie die g\u00fcltige Baulizenz sind bereits im Kaufpreis enthalten. Dies bietet dem K\u00e4ufer sofortige Rechtssicherheit und einen unsch\u00e4tzbaren Zeitvorteil. Der Erwerb der Immobilie umfasst das Projekt sowie die Lizenz. Die Kosten f\u00fcr die bauliche Ausf\u00fchrung der Renovierung und Erweiterung sind jedoch separat zu tragen.<\/p>\n<p>Der herausragende Mehrwert dieses Projekts liegt in der Genehmigung zur Aufstockung um eine komplette Etage. W\u00e4hrend das Erdgeschoss k\u00fcnftig als privater R\u00fcckzugsort mit drei Schlafzimmern und zwei Badezimmern dient, entsteht durch den neuen ersten Stock ein spektakul\u00e4res gesellschaftliches Zentrum. <\/p>\n<p>Dieser offene Wohn-Essbereich mit integrierter K\u00fcche f\u00fchrt direkt auf eine gro\u00dfz\u00fcgige S\u00fcdterrasse, die erst durch die neue H\u00f6he einen ungest\u00f6rten Panoramablick \u00fcber das Mittelmeer bis hin zum Leuchtturm von Cala Figuera erm\u00f6glicht. <br \/>Das 412 m\u00b2 gro\u00dfe Grundst\u00fcck mit bestehendem Pool und idealer S\u00fcdost-Ausrichtung wird so zu einer luxuri\u00f6sen Oase auf zwei Ebenen. <\/p>\n<p>Ein Einblick in das Gesamtprojekt ist jederzeit gerne m\u00f6glich.<\/p>\n","protected":false},"excerpt":{"rendered":"<p>Eine Vision in erster Meereslinie: Diese au\u00dfergew\u00f6hnliche Immobilie im S\u00fcdosten Mallorcas bietet die seltene Gelegenheit, ein Bestandsobjekt in ein modernes Refugium direkt am Meer zu verwandeln. Das Besondere an diesem Angebot: Ein umfassendes Architekturprojekt sowie die g\u00fcltige Baulizenz sind bereits im Kaufpreis enthalten. Dies bietet dem K\u00e4ufer sofortige Rechtssicherheit und einen unsch\u00e4tzbaren Zeitvorteil. Der Erwerb [&hellip;]<\/p>\n","protected":false},"author":1,"featured_media":194447,"parent":0,"menu_order":0,"template":"","property_type":[2162],"property_status":[2096,2106],"property_feature":[1765,1816,1971,1986,1817,1818,1875,1819,1987,1975,1820,1972,1988,1879,1937,1822,1823,1989,1974,1827,1899,1970,1828,1990,1973,1901,1958,1942,1902],"property_label":[],"property_country":[],"property_state":[],"property_city":[635],"property_area":[637],"class_list":["post-194453","property","type-property","status-publish","has-post-thumbnail","hentry","property_type-chalet-de","property_status-venta","property_status-venta-de","property_feature-aire_con","property_feature-aire_con-de","property_feature-alarma","property_feature-alarma-de","property_feature-alarmarobo-de","property_feature-arboles-de","property_feature-arma_empo-de","property_feature-barbacoa-de","property_feature-bombafriocalor-de","property_feature-bombafriocalor","property_feature-calefaccion-de","property_feature-chimenea","property_feature-chimenea-de","property_feature-cocina_inde-de","property_feature-costa-de","property_feature-electro-de","property_feature-jardin-de","property_feature-mirador-de","property_feature-mirador","property_feature-parking-de","property_feature-patio-de","property_feature-piscina_com-de","property_feature-piscina_prop-de","property_feature-solarium-de","property_feature-solarium","property_feature-terraza-de","property_feature-trastero-de","property_feature-urbanizacion-de","property_feature-vistasalmar-de","property_city-santanyi","property_area-cala-figuera"],"acf":[],"property_meta":{"_apg_property_user_edited":["1"],"fave_property_id":["DRAC-CV1524DB"],"fave_property_location":["39.336219857771,3.183281541037,15"],"houzez_geolocation_lat":["39.336219857771"],"houzez_geolocation_long":["3.183281541037"],"fave_property_price":["895000"],"fave_property_rent_or_sale":["sale"],"fave_property_year":[null],"fave_property_size_prefix":["m2"],"fave_property_land_postfix":["m2"],"fave_property_size":["155"],"fave_property_land":["412"],"fave_property_bedrooms":["3"],"fave_property_bathrooms":["2"],"fave_property_garage":["2"],"fave_property_map_address":["Cala Figuera, 07690 Santany\u00ed"],"fave_property_address":[" , Santany\u00ed 07690"],"fave_property_zip":["07690"],"fave_property_postal_code":["07690"],"fave_property_map":["1"],"apg_is_using_remote_image_url":["1"],"apg_using_remote_image_urls":["[{\"multimedia_type\":\"Picture\",\"picture_url\":\"https:\/\/fotos15.inmovilla.com\/12732\/24620990\/15-1.jpg\",\"position\":1,\"picture_id\":1,\"media_id\":143870,\"post_id\":194446,\"id\":1,\"attachment_id\":0,\"url\":\"https:\/\/fotos15.inmovilla.com\/12732\/24620990\/15-1.jpg\",\"basename\":\"15-1.jpg\",\"created_date\":\"2026-04-30 15:02:48\",\"is_downloaded\":0,\"is_using_remote\":0},{\"multimedia_type\":\"Picture\",\"picture_url\":\"https:\/\/fotos15.inmovilla.com\/12732\/24620990\/15-2.jpg\",\"position\":2,\"picture_id\":2,\"media_id\":143871,\"post_id\":194446,\"id\":2,\"attachment_id\":0,\"url\":\"https:\/\/fotos15.inmovilla.com\/12732\/24620990\/15-2.jpg\",\"basename\":\"15-2.jpg\",\"created_date\":\"2026-04-30 15:02:48\",\"is_downloaded\":0,\"is_using_remote\":1},{\"multimedia_type\":\"Picture\",\"picture_url\":\"https:\/\/fotos15.inmovilla.com\/12732\/24620990\/15-3.jpg\",\"position\":3,\"picture_id\":3,\"media_id\":143872,\"post_id\":194446,\"id\":3,\"attachment_id\":0,\"url\":\"https:\/\/fotos15.inmovilla.com\/12732\/24620990\/15-3.jpg\",\"basename\":\"15-3.jpg\",\"created_date\":\"2026-04-30 15:02:48\",\"is_downloaded\":0,\"is_using_remote\":1},{\"multimedia_type\":\"Picture\",\"picture_url\":\"https:\/\/fotos15.inmovilla.com\/12732\/24620990\/15-4.jpg\",\"position\":4,\"picture_id\":4,\"media_id\":143873,\"post_id\":194446,\"id\":4,\"attachment_id\":0,\"url\":\"https:\/\/fotos15.inmovilla.com\/12732\/24620990\/15-4.jpg\",\"basename\":\"15-4.jpg\",\"created_date\":\"2026-04-30 15:02:48\",\"is_downloaded\":0,\"is_using_remote\":1},{\"multimedia_type\":\"Picture\",\"picture_url\":\"https:\/\/fotos15.inmovilla.com\/12732\/24620990\/15-5.jpg\",\"position\":5,\"picture_id\":5,\"media_id\":143874,\"post_id\":194446,\"id\":5,\"attachment_id\":0,\"url\":\"https:\/\/fotos15.inmovilla.com\/12732\/24620990\/15-5.jpg\",\"basename\":\"15-5.jpg\",\"created_date\":\"2026-04-30 15:02:48\",\"is_downloaded\":0,\"is_using_remote\":1},{\"multimedia_type\":\"Picture\",\"picture_url\":\"https:\/\/fotos15.inmovilla.com\/12732\/24620990\/15-6.jpg\",\"position\":6,\"picture_id\":6,\"media_id\":143875,\"post_id\":194446,\"id\":6,\"attachment_id\":0,\"url\":\"https:\/\/fotos15.inmovilla.com\/12732\/24620990\/15-6.jpg\",\"basename\":\"15-6.jpg\",\"created_date\":\"2026-04-30 15:02:48\",\"is_downloaded\":0,\"is_using_remote\":1},{\"multimedia_type\":\"Picture\",\"picture_url\":\"https:\/\/fotos15.inmovilla.com\/12732\/24620990\/15-7.jpg\",\"position\":7,\"picture_id\":7,\"media_id\":143876,\"post_id\":194446,\"id\":7,\"attachment_id\":0,\"url\":\"https:\/\/fotos15.inmovilla.com\/12732\/24620990\/15-7.jpg\",\"basename\":\"15-7.jpg\",\"created_date\":\"2026-04-30 15:02:48\",\"is_downloaded\":0,\"is_using_remote\":1},{\"multimedia_type\":\"Picture\",\"picture_url\":\"https:\/\/fotos15.inmovilla.com\/12732\/24620990\/15-8.jpg\",\"position\":8,\"picture_id\":8,\"media_id\":143877,\"post_id\":194446,\"id\":8,\"attachment_id\":0,\"url\":\"https:\/\/fotos15.inmovilla.com\/12732\/24620990\/15-8.jpg\",\"basename\":\"15-8.jpg\",\"created_date\":\"2026-04-30 15:02:48\",\"is_downloaded\":0,\"is_using_remote\":1},{\"multimedia_type\":\"Picture\",\"picture_url\":\"https:\/\/fotos15.inmovilla.com\/12732\/24620990\/15-9.jpg\",\"position\":9,\"picture_id\":9,\"media_id\":143878,\"post_id\":194446,\"id\":9,\"attachment_id\":0,\"url\":\"https:\/\/fotos15.inmovilla.com\/12732\/24620990\/15-9.jpg\",\"basename\":\"15-9.jpg\",\"created_date\":\"2026-04-30 15:02:48\",\"is_downloaded\":0,\"is_using_remote\":1},{\"multimedia_type\":\"Picture\",\"picture_url\":\"https:\/\/fotos15.inmovilla.com\/12732\/24620990\/15-10.jpg\",\"position\":10,\"picture_id\":10,\"media_id\":143879,\"post_id\":194446,\"id\":10,\"attachment_id\":0,\"url\":\"https:\/\/fotos15.inmovilla.com\/12732\/24620990\/15-10.jpg\",\"basename\":\"15-10.jpg\",\"created_date\":\"2026-04-30 15:02:48\",\"is_downloaded\":0,\"is_using_remote\":1},{\"multimedia_type\":\"Picture\",\"picture_url\":\"https:\/\/fotos15.inmovilla.com\/12732\/24620990\/15-11.jpg\",\"position\":11,\"picture_id\":11,\"media_id\":143880,\"post_id\":194446,\"id\":11,\"attachment_id\":0,\"url\":\"https:\/\/fotos15.inmovilla.com\/12732\/24620990\/15-11.jpg\",\"basename\":\"15-11.jpg\",\"created_date\":\"2026-04-30 15:02:48\",\"is_downloaded\":0,\"is_using_remote\":1},{\"multimedia_type\":\"Picture\",\"picture_url\":\"https:\/\/fotos15.inmovilla.com\/12732\/24620990\/15-12.jpg\",\"position\":12,\"picture_id\":12,\"media_id\":143881,\"post_id\":194446,\"id\":12,\"attachment_id\":0,\"url\":\"https:\/\/fotos15.inmovilla.com\/12732\/24620990\/15-12.jpg\",\"basename\":\"15-12.jpg\",\"created_date\":\"2026-04-30 15:02:48\",\"is_downloaded\":0,\"is_using_remote\":1},{\"multimedia_type\":\"Picture\",\"picture_url\":\"https:\/\/fotos15.inmovilla.com\/12732\/24620990\/15-13.jpg\",\"position\":13,\"picture_id\":13,\"media_id\":143882,\"post_id\":194446,\"id\":13,\"attachment_id\":0,\"url\":\"https:\/\/fotos15.inmovilla.com\/12732\/24620990\/15-13.jpg\",\"basename\":\"15-13.jpg\",\"created_date\":\"2026-04-30 15:02:48\",\"is_downloaded\":0,\"is_using_remote\":1},{\"multimedia_type\":\"Picture\",\"picture_url\":\"https:\/\/fotos15.inmovilla.com\/12732\/24620990\/15-14.jpg\",\"position\":14,\"picture_id\":14,\"media_id\":143883,\"post_id\":194446,\"id\":14,\"attachment_id\":0,\"url\":\"https:\/\/fotos15.inmovilla.com\/12732\/24620990\/15-14.jpg\",\"basename\":\"15-14.jpg\",\"created_date\":\"2026-04-30 15:02:48\",\"is_downloaded\":0,\"is_using_remote\":1},{\"multimedia_type\":\"Picture\",\"picture_url\":\"https:\/\/fotos15.inmovilla.com\/12732\/24620990\/15-15.jpg\",\"position\":15,\"picture_id\":15,\"media_id\":143884,\"post_id\":194446,\"id\":15,\"attachment_id\":0,\"url\":\"https:\/\/fotos15.inmovilla.com\/12732\/24620990\/15-15.jpg\",\"basename\":\"15-15.jpg\",\"created_date\":\"2026-04-30 15:02:48\",\"is_downloaded\":0,\"is_using_remote\":1},{\"multimedia_type\":\"Picture\",\"picture_url\":\"https:\/\/fotos15.inmovilla.com\/12732\/24620990\/15-16.jpg\",\"position\":16,\"picture_id\":16,\"media_id\":143885,\"post_id\":194446,\"id\":16,\"attachment_id\":0,\"url\":\"https:\/\/fotos15.inmovilla.com\/12732\/24620990\/15-16.jpg\",\"basename\":\"15-16.jpg\",\"created_date\":\"2026-04-30 15:02:48\",\"is_downloaded\":0,\"is_using_remote\":1},{\"multimedia_type\":\"Picture\",\"picture_url\":\"https:\/\/fotos15.inmovilla.com\/12732\/24620990\/15-17.jpg\",\"position\":17,\"picture_id\":17,\"media_id\":143886,\"post_id\":194446,\"id\":17,\"attachment_id\":0,\"url\":\"https:\/\/fotos15.inmovilla.com\/12732\/24620990\/15-17.jpg\",\"basename\":\"15-17.jpg\",\"created_date\":\"2026-04-30 15:02:48\",\"is_downloaded\":0,\"is_using_remote\":1},{\"multimedia_type\":\"Picture\",\"picture_url\":\"https:\/\/fotos15.inmovilla.com\/12732\/24620990\/15-18.jpg\",\"position\":18,\"picture_id\":18,\"media_id\":143887,\"post_id\":194446,\"id\":18,\"attachment_id\":0,\"url\":\"https:\/\/fotos15.inmovilla.com\/12732\/24620990\/15-18.jpg\",\"basename\":\"15-18.jpg\",\"created_date\":\"2026-04-30 15:02:48\",\"is_downloaded\":0,\"is_using_remote\":1},{\"multimedia_type\":\"Picture\",\"picture_url\":\"https:\/\/fotos15.inmovilla.com\/12732\/24620990\/15-19.jpg\",\"position\":19,\"picture_id\":19,\"media_id\":143888,\"post_id\":194446,\"id\":19,\"attachment_id\":0,\"url\":\"https:\/\/fotos15.inmovilla.com\/12732\/24620990\/15-19.jpg\",\"basename\":\"15-19.jpg\",\"created_date\":\"2026-04-30 15:02:48\",\"is_downloaded\":0,\"is_using_remote\":1},{\"multimedia_type\":\"Picture\",\"picture_url\":\"https:\/\/fotos15.inmovilla.com\/12732\/24620990\/15-20.jpg\",\"position\":20,\"picture_id\":20,\"media_id\":143889,\"post_id\":194446,\"id\":20,\"attachment_id\":0,\"url\":\"https:\/\/fotos15.inmovilla.com\/12732\/24620990\/15-20.jpg\",\"basename\":\"15-20.jpg\",\"created_date\":\"2026-04-30 15:02:48\",\"is_downloaded\":0,\"is_using_remote\":1},{\"multimedia_type\":\"Picture\",\"picture_url\":\"https:\/\/fotos15.inmovilla.com\/12732\/24620990\/15-21.jpg\",\"position\":21,\"picture_id\":21,\"media_id\":143890,\"post_id\":194446,\"id\":21,\"attachment_id\":0,\"url\":\"https:\/\/fotos15.inmovilla.com\/12732\/24620990\/15-21.jpg\",\"basename\":\"15-21.jpg\",\"created_date\":\"2026-04-30 15:02:48\",\"is_downloaded\":0,\"is_using_remote\":1},{\"multimedia_type\":\"Picture\",\"picture_url\":\"https:\/\/fotos15.inmovilla.com\/12732\/24620990\/15-22.jpg\",\"position\":22,\"picture_id\":22,\"media_id\":143891,\"post_id\":194446,\"id\":22,\"attachment_id\":0,\"url\":\"https:\/\/fotos15.inmovilla.com\/12732\/24620990\/15-22.jpg\",\"basename\":\"15-22.jpg\",\"created_date\":\"2026-04-30 15:02:48\",\"is_downloaded\":0,\"is_using_remote\":1}]"],"_thumbnail_id":["194447"],"fave_property_images":["194447"],"fave_property_sec_price":["995000"],"apg_property_id":["24620990"],"_wpml_word_count":["243"],"_eael_post_view_count":["2"],"houzez_total_property_views":["2"],"houzez_views_by_date":["a:1:{s:10:\"04-30-2026\";i:2;}"],"houzez_recently_viewed":["2026-04-30 22:29:44"],"_elementor_page_assets":["a:0:{}"]},"yoast_head":"<!-- This site is optimized with the Yoast SEO plugin v27.5 - https:\/\/yoast.com\/product\/yoast-seo-wordpress\/ -->\n<title>Villa am Meer nahe Mondrag\u00f3 mit Erweiterungslizenz und Panoramablick. - RE\/MAX Drac<\/title>\n<meta name=\"robots\" content=\"index, follow, max-snippet:-1, max-image-preview:large, max-video-preview:-1\" \/>\n<link rel=\"canonical\" href=\"https:\/\/www.santanyi.net\/de\/property\/villa-am-meer-nahe-mondrago-mit-erweiterungslizenz-und-panoramablick-2\/\" \/>\n<meta property=\"og:locale\" content=\"de_DE\" \/>\n<meta property=\"og:type\" content=\"article\" \/>\n<meta property=\"og:title\" content=\"Villa am Meer nahe Mondrag\u00f3 mit Erweiterungslizenz und Panoramablick. - RE\/MAX Drac\" \/>\n<meta property=\"og:description\" content=\"Eine Vision in erster Meereslinie: Diese au\u00dfergew\u00f6hnliche Immobilie im S\u00fcdosten Mallorcas bietet die seltene Gelegenheit, ein Bestandsobjekt in ein modernes Refugium direkt am Meer zu verwandeln. Das Besondere an diesem Angebot: Ein umfassendes Architekturprojekt sowie die g\u00fcltige Baulizenz sind bereits im Kaufpreis enthalten. Dies bietet dem K\u00e4ufer sofortige Rechtssicherheit und einen unsch\u00e4tzbaren Zeitvorteil. Der Erwerb [&hellip;]\" \/>\n<meta property=\"og:url\" content=\"https:\/\/www.santanyi.net\/de\/property\/villa-am-meer-nahe-mondrago-mit-erweiterungslizenz-und-panoramablick-2\/\" \/>\n<meta property=\"og:site_name\" content=\"RE\/MAX Drac\" \/>\n<meta property=\"article:modified_time\" content=\"2026-04-30T16:49:10+00:00\" \/>\n<meta property=\"og:image\" content=\"https:\/\/www.santanyi.net\/wp-content\/uploads\/anaconda_property_media\/24620990-194446\/15-1.jpg\" \/>\n\t<meta property=\"og:image:width\" content=\"1920\" \/>\n\t<meta property=\"og:image:height\" content=\"1295\" \/>\n\t<meta property=\"og:image:type\" content=\"image\/jpeg\" \/>\n<meta name=\"twitter:card\" content=\"summary_large_image\" \/>\n<meta name=\"twitter:label1\" content=\"Gesch\u00e4tzte Lesezeit\" \/>\n\t<meta name=\"twitter:data1\" content=\"1\u00a0Minute\" \/>\n<script type=\"application\/ld+json\" class=\"yoast-schema-graph\">{\"@context\":\"https:\\\/\\\/schema.org\",\"@graph\":[{\"@type\":\"WebPage\",\"@id\":\"https:\\\/\\\/www.santanyi.net\\\/de\\\/property\\\/villa-am-meer-nahe-mondrago-mit-erweiterungslizenz-und-panoramablick-2\\\/\",\"url\":\"https:\\\/\\\/www.santanyi.net\\\/de\\\/property\\\/villa-am-meer-nahe-mondrago-mit-erweiterungslizenz-und-panoramablick-2\\\/\",\"name\":\"Villa am Meer nahe Mondrag\u00f3 mit Erweiterungslizenz und Panoramablick. - RE\\\/MAX Drac\",\"isPartOf\":{\"@id\":\"https:\\\/\\\/www.santanyi.net\\\/de\\\/#website\"},\"primaryImageOfPage\":{\"@id\":\"https:\\\/\\\/www.santanyi.net\\\/de\\\/property\\\/villa-am-meer-nahe-mondrago-mit-erweiterungslizenz-und-panoramablick-2\\\/#primaryimage\"},\"image\":{\"@id\":\"https:\\\/\\\/www.santanyi.net\\\/de\\\/property\\\/villa-am-meer-nahe-mondrago-mit-erweiterungslizenz-und-panoramablick-2\\\/#primaryimage\"},\"thumbnailUrl\":\"https:\\\/\\\/www.santanyi.net\\\/wp-content\\\/uploads\\\/anaconda_property_media\\\/24620990-194446\\\/15-1.jpg\",\"datePublished\":\"2026-04-30T15:02:48+00:00\",\"dateModified\":\"2026-04-30T16:49:10+00:00\",\"breadcrumb\":{\"@id\":\"https:\\\/\\\/www.santanyi.net\\\/de\\\/property\\\/villa-am-meer-nahe-mondrago-mit-erweiterungslizenz-und-panoramablick-2\\\/#breadcrumb\"},\"inLanguage\":\"de\",\"potentialAction\":[{\"@type\":\"ReadAction\",\"target\":[\"https:\\\/\\\/www.santanyi.net\\\/de\\\/property\\\/villa-am-meer-nahe-mondrago-mit-erweiterungslizenz-und-panoramablick-2\\\/\"]}]},{\"@type\":\"ImageObject\",\"inLanguage\":\"de\",\"@id\":\"https:\\\/\\\/www.santanyi.net\\\/de\\\/property\\\/villa-am-meer-nahe-mondrago-mit-erweiterungslizenz-und-panoramablick-2\\\/#primaryimage\",\"url\":\"https:\\\/\\\/www.santanyi.net\\\/wp-content\\\/uploads\\\/anaconda_property_media\\\/24620990-194446\\\/15-1.jpg\",\"contentUrl\":\"https:\\\/\\\/www.santanyi.net\\\/wp-content\\\/uploads\\\/anaconda_property_media\\\/24620990-194446\\\/15-1.jpg\",\"width\":1920,\"height\":1295},{\"@type\":\"BreadcrumbList\",\"@id\":\"https:\\\/\\\/www.santanyi.net\\\/de\\\/property\\\/villa-am-meer-nahe-mondrago-mit-erweiterungslizenz-und-panoramablick-2\\\/#breadcrumb\",\"itemListElement\":[{\"@type\":\"ListItem\",\"position\":1,\"name\":\"Home\",\"item\":\"https:\\\/\\\/www.santanyi.net\\\/de\\\/\"},{\"@type\":\"ListItem\",\"position\":2,\"name\":\"Eigenschaften\",\"item\":\"https:\\\/\\\/www.santanyi.net\\\/de\\\/property\\\/\"},{\"@type\":\"ListItem\",\"position\":3,\"name\":\"Villa am Meer nahe Mondrag\u00f3 mit Erweiterungslizenz und Panoramablick.\"}]},{\"@type\":\"WebSite\",\"@id\":\"https:\\\/\\\/www.santanyi.net\\\/de\\\/#website\",\"url\":\"https:\\\/\\\/www.santanyi.net\\\/de\\\/\",\"name\":\"RE\\\/MAX Drac\",\"description\":\"\",\"publisher\":{\"@id\":\"https:\\\/\\\/www.santanyi.net\\\/de\\\/#organization\"},\"potentialAction\":[{\"@type\":\"SearchAction\",\"target\":{\"@type\":\"EntryPoint\",\"urlTemplate\":\"https:\\\/\\\/www.santanyi.net\\\/de\\\/?s={search_term_string}\"},\"query-input\":{\"@type\":\"PropertyValueSpecification\",\"valueRequired\":true,\"valueName\":\"search_term_string\"}}],\"inLanguage\":\"de\"},{\"@type\":\"Organization\",\"@id\":\"https:\\\/\\\/www.santanyi.net\\\/de\\\/#organization\",\"name\":\"RE\\\/MAX Drac\",\"url\":\"https:\\\/\\\/www.santanyi.net\\\/de\\\/\",\"logo\":{\"@type\":\"ImageObject\",\"inLanguage\":\"de\",\"@id\":\"https:\\\/\\\/www.santanyi.net\\\/de\\\/#\\\/schema\\\/logo\\\/image\\\/\",\"url\":\"https:\\\/\\\/www.santanyi.net\\\/wp-content\\\/uploads\\\/2025\\\/07\\\/logo-nuevo.png\",\"contentUrl\":\"https:\\\/\\\/www.santanyi.net\\\/wp-content\\\/uploads\\\/2025\\\/07\\\/logo-nuevo.png\",\"width\":295,\"height\":165,\"caption\":\"RE\\\/MAX Drac\"},\"image\":{\"@id\":\"https:\\\/\\\/www.santanyi.net\\\/de\\\/#\\\/schema\\\/logo\\\/image\\\/\"}}]}<\/script>\n<!-- \/ Yoast SEO plugin. -->","yoast_head_json":{"title":"Villa am Meer nahe Mondrag\u00f3 mit Erweiterungslizenz und Panoramablick. - RE\/MAX Drac","robots":{"index":"index","follow":"follow","max-snippet":"max-snippet:-1","max-image-preview":"max-image-preview:large","max-video-preview":"max-video-preview:-1"},"canonical":"https:\/\/www.santanyi.net\/de\/property\/villa-am-meer-nahe-mondrago-mit-erweiterungslizenz-und-panoramablick-2\/","og_locale":"de_DE","og_type":"article","og_title":"Villa am Meer nahe Mondrag\u00f3 mit Erweiterungslizenz und Panoramablick. - RE\/MAX Drac","og_description":"Eine Vision in erster Meereslinie: Diese au\u00dfergew\u00f6hnliche Immobilie im S\u00fcdosten Mallorcas bietet die seltene Gelegenheit, ein Bestandsobjekt in ein modernes Refugium direkt am Meer zu verwandeln. Das Besondere an diesem Angebot: Ein umfassendes Architekturprojekt sowie die g\u00fcltige Baulizenz sind bereits im Kaufpreis enthalten. Dies bietet dem K\u00e4ufer sofortige Rechtssicherheit und einen unsch\u00e4tzbaren Zeitvorteil. Der Erwerb [&hellip;]","og_url":"https:\/\/www.santanyi.net\/de\/property\/villa-am-meer-nahe-mondrago-mit-erweiterungslizenz-und-panoramablick-2\/","og_site_name":"RE\/MAX Drac","article_modified_time":"2026-04-30T16:49:10+00:00","og_image":[{"width":1920,"height":1295,"url":"https:\/\/www.santanyi.net\/wp-content\/uploads\/anaconda_property_media\/24620990-194446\/15-1.jpg","type":"image\/jpeg"}],"twitter_card":"summary_large_image","twitter_misc":{"Gesch\u00e4tzte Lesezeit":"1\u00a0Minute"},"schema":{"@context":"https:\/\/schema.org","@graph":[{"@type":"WebPage","@id":"https:\/\/www.santanyi.net\/de\/property\/villa-am-meer-nahe-mondrago-mit-erweiterungslizenz-und-panoramablick-2\/","url":"https:\/\/www.santanyi.net\/de\/property\/villa-am-meer-nahe-mondrago-mit-erweiterungslizenz-und-panoramablick-2\/","name":"Villa am Meer nahe Mondrag\u00f3 mit Erweiterungslizenz und Panoramablick. - RE\/MAX Drac","isPartOf":{"@id":"https:\/\/www.santanyi.net\/de\/#website"},"primaryImageOfPage":{"@id":"https:\/\/www.santanyi.net\/de\/property\/villa-am-meer-nahe-mondrago-mit-erweiterungslizenz-und-panoramablick-2\/#primaryimage"},"image":{"@id":"https:\/\/www.santanyi.net\/de\/property\/villa-am-meer-nahe-mondrago-mit-erweiterungslizenz-und-panoramablick-2\/#primaryimage"},"thumbnailUrl":"https:\/\/www.santanyi.net\/wp-content\/uploads\/anaconda_property_media\/24620990-194446\/15-1.jpg","datePublished":"2026-04-30T15:02:48+00:00","dateModified":"2026-04-30T16:49:10+00:00","breadcrumb":{"@id":"https:\/\/www.santanyi.net\/de\/property\/villa-am-meer-nahe-mondrago-mit-erweiterungslizenz-und-panoramablick-2\/#breadcrumb"},"inLanguage":"de","potentialAction":[{"@type":"ReadAction","target":["https:\/\/www.santanyi.net\/de\/property\/villa-am-meer-nahe-mondrago-mit-erweiterungslizenz-und-panoramablick-2\/"]}]},{"@type":"ImageObject","inLanguage":"de","@id":"https:\/\/www.santanyi.net\/de\/property\/villa-am-meer-nahe-mondrago-mit-erweiterungslizenz-und-panoramablick-2\/#primaryimage","url":"https:\/\/www.santanyi.net\/wp-content\/uploads\/anaconda_property_media\/24620990-194446\/15-1.jpg","contentUrl":"https:\/\/www.santanyi.net\/wp-content\/uploads\/anaconda_property_media\/24620990-194446\/15-1.jpg","width":1920,"height":1295},{"@type":"BreadcrumbList","@id":"https:\/\/www.santanyi.net\/de\/property\/villa-am-meer-nahe-mondrago-mit-erweiterungslizenz-und-panoramablick-2\/#breadcrumb","itemListElement":[{"@type":"ListItem","position":1,"name":"Home","item":"https:\/\/www.santanyi.net\/de\/"},{"@type":"ListItem","position":2,"name":"Eigenschaften","item":"https:\/\/www.santanyi.net\/de\/property\/"},{"@type":"ListItem","position":3,"name":"Villa am Meer nahe Mondrag\u00f3 mit Erweiterungslizenz und Panoramablick."}]},{"@type":"WebSite","@id":"https:\/\/www.santanyi.net\/de\/#website","url":"https:\/\/www.santanyi.net\/de\/","name":"RE\/MAX Drac","description":"","publisher":{"@id":"https:\/\/www.santanyi.net\/de\/#organization"},"potentialAction":[{"@type":"SearchAction","target":{"@type":"EntryPoint","urlTemplate":"https:\/\/www.santanyi.net\/de\/?s={search_term_string}"},"query-input":{"@type":"PropertyValueSpecification","valueRequired":true,"valueName":"search_term_string"}}],"inLanguage":"de"},{"@type":"Organization","@id":"https:\/\/www.santanyi.net\/de\/#organization","name":"RE\/MAX Drac","url":"https:\/\/www.santanyi.net\/de\/","logo":{"@type":"ImageObject","inLanguage":"de","@id":"https:\/\/www.santanyi.net\/de\/#\/schema\/logo\/image\/","url":"https:\/\/www.santanyi.net\/wp-content\/uploads\/2025\/07\/logo-nuevo.png","contentUrl":"https:\/\/www.santanyi.net\/wp-content\/uploads\/2025\/07\/logo-nuevo.png","width":295,"height":165,"caption":"RE\/MAX Drac"},"image":{"@id":"https:\/\/www.santanyi.net\/de\/#\/schema\/logo\/image\/"}}]}},"_links":{"self":[{"href":"https:\/\/www.santanyi.net\/de\/wp-json\/wp\/v2\/properties\/194453","targetHints":{"allow":["GET"]}}],"collection":[{"href":"https:\/\/www.santanyi.net\/de\/wp-json\/wp\/v2\/properties"}],"about":[{"href":"https:\/\/www.santanyi.net\/de\/wp-json\/wp\/v2\/types\/property"}],"author":[{"embeddable":true,"href":"https:\/\/www.santanyi.net\/de\/wp-json\/wp\/v2\/users\/1"}],"version-history":[{"count":1,"href":"https:\/\/www.santanyi.net\/de\/wp-json\/wp\/v2\/properties\/194453\/revisions"}],"predecessor-version":[{"id":195353,"href":"https:\/\/www.santanyi.net\/de\/wp-json\/wp\/v2\/properties\/194453\/revisions\/195353"}],"wp:featuredmedia":[{"embeddable":true,"href":"https:\/\/www.santanyi.net\/de\/wp-json\/wp\/v2\/media\/194447"}],"wp:attachment":[{"href":"https:\/\/www.santanyi.net\/de\/wp-json\/wp\/v2\/media?parent=194453"}],"wp:term":[{"taxonomy":"property_type","embeddable":true,"href":"https:\/\/www.santanyi.net\/de\/wp-json\/wp\/v2\/property_type?post=194453"},{"taxonomy":"property_status","embeddable":true,"href":"https:\/\/www.santanyi.net\/de\/wp-json\/wp\/v2\/property_status?post=194453"},{"taxonomy":"property_feature","embeddable":true,"href":"https:\/\/www.santanyi.net\/de\/wp-json\/wp\/v2\/property_feature?post=194453"},{"taxonomy":"property_label","embeddable":true,"href":"https:\/\/www.santanyi.net\/de\/wp-json\/wp\/v2\/property_label?post=194453"},{"taxonomy":"property_country","embeddable":true,"href":"https:\/\/www.santanyi.net\/de\/wp-json\/wp\/v2\/property_country?post=194453"},{"taxonomy":"property_state","embeddable":true,"href":"https:\/\/www.santanyi.net\/de\/wp-json\/wp\/v2\/property_state?post=194453"},{"taxonomy":"property_city","embeddable":true,"href":"https:\/\/www.santanyi.net\/de\/wp-json\/wp\/v2\/property_city?post=194453"},{"taxonomy":"property_area","embeddable":true,"href":"https:\/\/www.santanyi.net\/de\/wp-json\/wp\/v2\/property_area?post=194453"}],"curies":[{"name":"wp","href":"https:\/\/api.w.org\/{rel}","templated":true}]}}