
{"id":194385,"date":"2026-04-30T15:02:13","date_gmt":"2026-04-30T15:02:13","guid":{"rendered":"https:\/\/www.santanyi.net\/property\/komplex-aus-10-apartments-mit-swimmingpool-und-gewerbeflachen-direkt-am-meer-in-cala-serena\/"},"modified":"2026-05-01T06:04:38","modified_gmt":"2026-05-01T06:04:38","slug":"komplex-aus-10-apartments-mit-swimmingpool-und-gewerbeflachen-direkt-am-meer-in-cala-serena-2","status":"publish","type":"property","link":"https:\/\/www.santanyi.net\/de\/property\/komplex-aus-10-apartments-mit-swimmingpool-und-gewerbeflachen-direkt-am-meer-in-cala-serena-2\/","title":{"rendered":"Komplex aus 10 Apartments mit Swimmingpool und Gewerbefl\u00e4chen direkt am Meer in Cala Serena"},"content":{"rendered":"<p>Apartmentanlage mit 10 Wohnungen, Pool und Gewerbefl\u00e4chen direkt am Meer in Cala Serena<\/p>\n<p>Entdecken Sie dieses Juwel in einer der begehrtesten Lagen Mallorcas.<\/p>\n<p>Diese Anlage mit einer Gesamtfl\u00e4che von 1.100 m\u00b2 direkt am Meer stellt eine strategische Investition mit unvergleichlichem Wertsteigerungspotenzial dar.<\/p>\n<p>Die Anlage umfasst 10 Apartments (650 m\u00b2 Wohnfl\u00e4che), die derzeit vermietet sind.<\/p>\n<p>Alle Mietvertr\u00e4ge beinhalten eine Leerstandsklausel f\u00fcr den Fall eines Verkaufs.<\/p>\n<p>Die Wohnungen ben\u00f6tigen eine Modernisierung.<\/p>\n<p>Die Anlage verf\u00fcgt \u00fcber einen 450 m\u00b2 gro\u00dfen Pool und komplett renovierte Terrassen, die einen exklusiven Au\u00dfenbereich zum Genie\u00dfen bieten.<\/p>\n<p>Die Kombination aus erstklassiger Lage, nachgewiesener Rentabilit\u00e4t und dem Potenzial zur Wertsteigerung durch eine Innensanierung macht diese Immobilie zu einem unverzichtbaren Objekt f\u00fcr anspruchsvolle Investoren, die Exklusivit\u00e4t auf Mallorca suchen.<\/p>\n<p>Verpassen Sie nicht die Gelegenheit, eine Immobilie mit Flexibilit\u00e4t und Zukunftspotenzial zu erwerben! Kontaktieren Sie uns, um die vollst\u00e4ndigen Unterlagen zu erhalten.<\/p>\n","protected":false},"excerpt":{"rendered":"<p>Apartmentanlage mit 10 Wohnungen, Pool und Gewerbefl\u00e4chen direkt am Meer in Cala Serena Entdecken Sie dieses Juwel in einer der begehrtesten Lagen Mallorcas. Diese Anlage mit einer Gesamtfl\u00e4che von 1.100 m\u00b2 direkt am Meer stellt eine strategische Investition mit unvergleichlichem Wertsteigerungspotenzial dar. Die Anlage umfasst 10 Apartments (650 m\u00b2 Wohnfl\u00e4che), die derzeit vermietet sind. Alle [&hellip;]<\/p>\n","protected":false},"author":1,"featured_media":194379,"parent":0,"menu_order":0,"template":"","property_type":[],"property_status":[2096,2106],"property_feature":[],"property_label":[],"property_country":[],"property_state":[],"property_city":[653],"property_area":[676],"class_list":["post-194385","property","type-property","status-publish","has-post-thumbnail","hentry","property_status-venta","property_status-venta-de","property_city-felanitx","property_area-cala-ferrera-cala-serena"],"acf":[],"property_meta":{"_apg_property_user_edited":["1"],"fave_property_id":["DRAC-LC09AS"],"fave_property_location":["39.38039712,3.24444531,15"],"houzez_geolocation_lat":["39.38039712"],"houzez_geolocation_long":["3.24444531"],"fave_property_price":["2850000"],"fave_property_rent_or_sale":["sale"],"fave_property_year":[null],"fave_property_size_prefix":["m2"],"fave_property_land_postfix":["m2"],"fave_property_size":["650"],"fave_property_map_address":["Cala Ferrera - Cala Serena, 07669 Felanitx"],"fave_property_address":[" , Felanitx 07669"],"fave_property_zip":["07669"],"fave_property_postal_code":["07669"],"fave_property_map":["1"],"apg_is_using_remote_image_url":["1"],"apg_using_remote_image_urls":["[{\"multimedia_type\":\"Picture\",\"picture_url\":\"https:\/\/fotos15.inmovilla.com\/12732\/24621095\/31-1.jpg\",\"position\":1,\"picture_id\":1,\"media_id\":143778,\"post_id\":194378,\"id\":1,\"attachment_id\":0,\"url\":\"https:\/\/fotos15.inmovilla.com\/12732\/24621095\/31-1.jpg\",\"basename\":\"31-1.jpg\",\"created_date\":\"2026-04-30 15:02:14\",\"is_downloaded\":0,\"is_using_remote\":0},{\"multimedia_type\":\"Picture\",\"picture_url\":\"https:\/\/fotos15.inmovilla.com\/12732\/24621095\/31-2.jpg\",\"position\":2,\"picture_id\":2,\"media_id\":143779,\"post_id\":194378,\"id\":2,\"attachment_id\":0,\"url\":\"https:\/\/fotos15.inmovilla.com\/12732\/24621095\/31-2.jpg\",\"basename\":\"31-2.jpg\",\"created_date\":\"2026-04-30 15:02:14\",\"is_downloaded\":0,\"is_using_remote\":1},{\"multimedia_type\":\"Picture\",\"picture_url\":\"https:\/\/fotos15.inmovilla.com\/12732\/24621095\/31-3.jpg\",\"position\":3,\"picture_id\":3,\"media_id\":143780,\"post_id\":194378,\"id\":3,\"attachment_id\":0,\"url\":\"https:\/\/fotos15.inmovilla.com\/12732\/24621095\/31-3.jpg\",\"basename\":\"31-3.jpg\",\"created_date\":\"2026-04-30 15:02:14\",\"is_downloaded\":0,\"is_using_remote\":1},{\"multimedia_type\":\"Picture\",\"picture_url\":\"https:\/\/fotos15.inmovilla.com\/12732\/24621095\/31-4.jpg\",\"position\":4,\"picture_id\":4,\"media_id\":143781,\"post_id\":194378,\"id\":4,\"attachment_id\":0,\"url\":\"https:\/\/fotos15.inmovilla.com\/12732\/24621095\/31-4.jpg\",\"basename\":\"31-4.jpg\",\"created_date\":\"2026-04-30 15:02:14\",\"is_downloaded\":0,\"is_using_remote\":1},{\"multimedia_type\":\"Picture\",\"picture_url\":\"https:\/\/fotos15.inmovilla.com\/12732\/24621095\/31-5.jpg\",\"position\":5,\"picture_id\":5,\"media_id\":143782,\"post_id\":194378,\"id\":5,\"attachment_id\":0,\"url\":\"https:\/\/fotos15.inmovilla.com\/12732\/24621095\/31-5.jpg\",\"basename\":\"31-5.jpg\",\"created_date\":\"2026-04-30 15:02:14\",\"is_downloaded\":0,\"is_using_remote\":1},{\"multimedia_type\":\"Picture\",\"picture_url\":\"https:\/\/fotos15.inmovilla.com\/12732\/24621095\/31-6.jpg\",\"position\":6,\"picture_id\":6,\"media_id\":143783,\"post_id\":194378,\"id\":6,\"attachment_id\":0,\"url\":\"https:\/\/fotos15.inmovilla.com\/12732\/24621095\/31-6.jpg\",\"basename\":\"31-6.jpg\",\"created_date\":\"2026-04-30 15:02:14\",\"is_downloaded\":0,\"is_using_remote\":1},{\"multimedia_type\":\"Picture\",\"picture_url\":\"https:\/\/fotos15.inmovilla.com\/12732\/24621095\/31-7.jpg\",\"position\":7,\"picture_id\":7,\"media_id\":143784,\"post_id\":194378,\"id\":7,\"attachment_id\":0,\"url\":\"https:\/\/fotos15.inmovilla.com\/12732\/24621095\/31-7.jpg\",\"basename\":\"31-7.jpg\",\"created_date\":\"2026-04-30 15:02:14\",\"is_downloaded\":0,\"is_using_remote\":1},{\"multimedia_type\":\"Picture\",\"picture_url\":\"https:\/\/fotos15.inmovilla.com\/12732\/24621095\/31-8.jpg\",\"position\":8,\"picture_id\":8,\"media_id\":143785,\"post_id\":194378,\"id\":8,\"attachment_id\":0,\"url\":\"https:\/\/fotos15.inmovilla.com\/12732\/24621095\/31-8.jpg\",\"basename\":\"31-8.jpg\",\"created_date\":\"2026-04-30 15:02:14\",\"is_downloaded\":0,\"is_using_remote\":1},{\"multimedia_type\":\"Picture\",\"picture_url\":\"https:\/\/fotos15.inmovilla.com\/12732\/24621095\/31-9.jpg\",\"position\":9,\"picture_id\":9,\"media_id\":143786,\"post_id\":194378,\"id\":9,\"attachment_id\":0,\"url\":\"https:\/\/fotos15.inmovilla.com\/12732\/24621095\/31-9.jpg\",\"basename\":\"31-9.jpg\",\"created_date\":\"2026-04-30 15:02:14\",\"is_downloaded\":0,\"is_using_remote\":1}]"],"_thumbnail_id":["194379"],"fave_property_images":["194379"],"apg_property_id":["24621095"],"_wpml_word_count":["205"],"houzez_recently_viewed":["2026-05-01 12:04:22"],"houzez_total_property_views":["4"],"houzez_views_by_date":["a:1:{s:10:\"05-01-2026\";i:4;}"],"_eael_post_view_count":["4"],"_elementor_page_assets":["a:0:{}"]},"yoast_head":"<!-- This site is optimized with the Yoast SEO plugin v27.5 - https:\/\/yoast.com\/product\/yoast-seo-wordpress\/ -->\n<title>Komplex aus 10 Apartments mit Swimmingpool und Gewerbefl\u00e4chen direkt am Meer in Cala Serena - RE\/MAX Drac<\/title>\n<meta name=\"robots\" content=\"index, follow, max-snippet:-1, max-image-preview:large, max-video-preview:-1\" \/>\n<link rel=\"canonical\" href=\"https:\/\/www.santanyi.net\/de\/property\/komplex-aus-10-apartments-mit-swimmingpool-und-gewerbeflachen-direkt-am-meer-in-cala-serena-2\/\" \/>\n<meta property=\"og:locale\" content=\"de_DE\" \/>\n<meta property=\"og:type\" content=\"article\" \/>\n<meta property=\"og:title\" content=\"Komplex aus 10 Apartments mit Swimmingpool und Gewerbefl\u00e4chen direkt am Meer in Cala Serena - RE\/MAX Drac\" \/>\n<meta property=\"og:description\" content=\"Apartmentanlage mit 10 Wohnungen, Pool und Gewerbefl\u00e4chen direkt am Meer in Cala Serena Entdecken Sie dieses Juwel in einer der begehrtesten Lagen Mallorcas. Diese Anlage mit einer Gesamtfl\u00e4che von 1.100 m\u00b2 direkt am Meer stellt eine strategische Investition mit unvergleichlichem Wertsteigerungspotenzial dar. Die Anlage umfasst 10 Apartments (650 m\u00b2 Wohnfl\u00e4che), die derzeit vermietet sind. Alle [&hellip;]\" \/>\n<meta property=\"og:url\" content=\"https:\/\/www.santanyi.net\/de\/property\/komplex-aus-10-apartments-mit-swimmingpool-und-gewerbeflachen-direkt-am-meer-in-cala-serena-2\/\" \/>\n<meta property=\"og:site_name\" content=\"RE\/MAX Drac\" \/>\n<meta property=\"article:modified_time\" content=\"2026-05-01T06:04:38+00:00\" \/>\n<meta property=\"og:image\" content=\"https:\/\/www.santanyi.net\/wp-content\/uploads\/anaconda_property_media\/24621095-194378\/31-1.jpg\" \/>\n\t<meta property=\"og:image:width\" content=\"1920\" \/>\n\t<meta property=\"og:image:height\" content=\"1066\" \/>\n\t<meta property=\"og:image:type\" content=\"image\/jpeg\" \/>\n<meta name=\"twitter:card\" content=\"summary_large_image\" \/>\n<meta name=\"twitter:label1\" content=\"Gesch\u00e4tzte Lesezeit\" \/>\n\t<meta name=\"twitter:data1\" content=\"1\u00a0Minute\" \/>\n<script type=\"application\/ld+json\" class=\"yoast-schema-graph\">{\"@context\":\"https:\\\/\\\/schema.org\",\"@graph\":[{\"@type\":\"WebPage\",\"@id\":\"https:\\\/\\\/www.santanyi.net\\\/de\\\/property\\\/komplex-aus-10-apartments-mit-swimmingpool-und-gewerbeflachen-direkt-am-meer-in-cala-serena-2\\\/\",\"url\":\"https:\\\/\\\/www.santanyi.net\\\/de\\\/property\\\/komplex-aus-10-apartments-mit-swimmingpool-und-gewerbeflachen-direkt-am-meer-in-cala-serena-2\\\/\",\"name\":\"Komplex aus 10 Apartments mit Swimmingpool und Gewerbefl\u00e4chen direkt am Meer in Cala Serena - RE\\\/MAX Drac\",\"isPartOf\":{\"@id\":\"https:\\\/\\\/www.santanyi.net\\\/de\\\/#website\"},\"primaryImageOfPage\":{\"@id\":\"https:\\\/\\\/www.santanyi.net\\\/de\\\/property\\\/komplex-aus-10-apartments-mit-swimmingpool-und-gewerbeflachen-direkt-am-meer-in-cala-serena-2\\\/#primaryimage\"},\"image\":{\"@id\":\"https:\\\/\\\/www.santanyi.net\\\/de\\\/property\\\/komplex-aus-10-apartments-mit-swimmingpool-und-gewerbeflachen-direkt-am-meer-in-cala-serena-2\\\/#primaryimage\"},\"thumbnailUrl\":\"https:\\\/\\\/www.santanyi.net\\\/wp-content\\\/uploads\\\/anaconda_property_media\\\/24621095-194378\\\/31-1.jpg\",\"datePublished\":\"2026-04-30T15:02:13+00:00\",\"dateModified\":\"2026-05-01T06:04:38+00:00\",\"breadcrumb\":{\"@id\":\"https:\\\/\\\/www.santanyi.net\\\/de\\\/property\\\/komplex-aus-10-apartments-mit-swimmingpool-und-gewerbeflachen-direkt-am-meer-in-cala-serena-2\\\/#breadcrumb\"},\"inLanguage\":\"de\",\"potentialAction\":[{\"@type\":\"ReadAction\",\"target\":[\"https:\\\/\\\/www.santanyi.net\\\/de\\\/property\\\/komplex-aus-10-apartments-mit-swimmingpool-und-gewerbeflachen-direkt-am-meer-in-cala-serena-2\\\/\"]}]},{\"@type\":\"ImageObject\",\"inLanguage\":\"de\",\"@id\":\"https:\\\/\\\/www.santanyi.net\\\/de\\\/property\\\/komplex-aus-10-apartments-mit-swimmingpool-und-gewerbeflachen-direkt-am-meer-in-cala-serena-2\\\/#primaryimage\",\"url\":\"https:\\\/\\\/www.santanyi.net\\\/wp-content\\\/uploads\\\/anaconda_property_media\\\/24621095-194378\\\/31-1.jpg\",\"contentUrl\":\"https:\\\/\\\/www.santanyi.net\\\/wp-content\\\/uploads\\\/anaconda_property_media\\\/24621095-194378\\\/31-1.jpg\",\"width\":1920,\"height\":1066},{\"@type\":\"BreadcrumbList\",\"@id\":\"https:\\\/\\\/www.santanyi.net\\\/de\\\/property\\\/komplex-aus-10-apartments-mit-swimmingpool-und-gewerbeflachen-direkt-am-meer-in-cala-serena-2\\\/#breadcrumb\",\"itemListElement\":[{\"@type\":\"ListItem\",\"position\":1,\"name\":\"Home\",\"item\":\"https:\\\/\\\/www.santanyi.net\\\/de\\\/\"},{\"@type\":\"ListItem\",\"position\":2,\"name\":\"Eigenschaften\",\"item\":\"https:\\\/\\\/www.santanyi.net\\\/de\\\/property\\\/\"},{\"@type\":\"ListItem\",\"position\":3,\"name\":\"Komplex aus 10 Apartments mit Swimmingpool und Gewerbefl\u00e4chen direkt am Meer in Cala Serena\"}]},{\"@type\":\"WebSite\",\"@id\":\"https:\\\/\\\/www.santanyi.net\\\/de\\\/#website\",\"url\":\"https:\\\/\\\/www.santanyi.net\\\/de\\\/\",\"name\":\"RE\\\/MAX Drac\",\"description\":\"\",\"publisher\":{\"@id\":\"https:\\\/\\\/www.santanyi.net\\\/de\\\/#organization\"},\"potentialAction\":[{\"@type\":\"SearchAction\",\"target\":{\"@type\":\"EntryPoint\",\"urlTemplate\":\"https:\\\/\\\/www.santanyi.net\\\/de\\\/?s={search_term_string}\"},\"query-input\":{\"@type\":\"PropertyValueSpecification\",\"valueRequired\":true,\"valueName\":\"search_term_string\"}}],\"inLanguage\":\"de\"},{\"@type\":\"Organization\",\"@id\":\"https:\\\/\\\/www.santanyi.net\\\/de\\\/#organization\",\"name\":\"RE\\\/MAX Drac\",\"url\":\"https:\\\/\\\/www.santanyi.net\\\/de\\\/\",\"logo\":{\"@type\":\"ImageObject\",\"inLanguage\":\"de\",\"@id\":\"https:\\\/\\\/www.santanyi.net\\\/de\\\/#\\\/schema\\\/logo\\\/image\\\/\",\"url\":\"https:\\\/\\\/www.santanyi.net\\\/wp-content\\\/uploads\\\/2025\\\/07\\\/logo-nuevo.png\",\"contentUrl\":\"https:\\\/\\\/www.santanyi.net\\\/wp-content\\\/uploads\\\/2025\\\/07\\\/logo-nuevo.png\",\"width\":295,\"height\":165,\"caption\":\"RE\\\/MAX Drac\"},\"image\":{\"@id\":\"https:\\\/\\\/www.santanyi.net\\\/de\\\/#\\\/schema\\\/logo\\\/image\\\/\"}}]}<\/script>\n<!-- \/ Yoast SEO plugin. -->","yoast_head_json":{"title":"Komplex aus 10 Apartments mit Swimmingpool und Gewerbefl\u00e4chen direkt am Meer in Cala Serena - RE\/MAX Drac","robots":{"index":"index","follow":"follow","max-snippet":"max-snippet:-1","max-image-preview":"max-image-preview:large","max-video-preview":"max-video-preview:-1"},"canonical":"https:\/\/www.santanyi.net\/de\/property\/komplex-aus-10-apartments-mit-swimmingpool-und-gewerbeflachen-direkt-am-meer-in-cala-serena-2\/","og_locale":"de_DE","og_type":"article","og_title":"Komplex aus 10 Apartments mit Swimmingpool und Gewerbefl\u00e4chen direkt am Meer in Cala Serena - RE\/MAX Drac","og_description":"Apartmentanlage mit 10 Wohnungen, Pool und Gewerbefl\u00e4chen direkt am Meer in Cala Serena Entdecken Sie dieses Juwel in einer der begehrtesten Lagen Mallorcas. Diese Anlage mit einer Gesamtfl\u00e4che von 1.100 m\u00b2 direkt am Meer stellt eine strategische Investition mit unvergleichlichem Wertsteigerungspotenzial dar. Die Anlage umfasst 10 Apartments (650 m\u00b2 Wohnfl\u00e4che), die derzeit vermietet sind. Alle [&hellip;]","og_url":"https:\/\/www.santanyi.net\/de\/property\/komplex-aus-10-apartments-mit-swimmingpool-und-gewerbeflachen-direkt-am-meer-in-cala-serena-2\/","og_site_name":"RE\/MAX Drac","article_modified_time":"2026-05-01T06:04:38+00:00","og_image":[{"width":1920,"height":1066,"url":"https:\/\/www.santanyi.net\/wp-content\/uploads\/anaconda_property_media\/24621095-194378\/31-1.jpg","type":"image\/jpeg"}],"twitter_card":"summary_large_image","twitter_misc":{"Gesch\u00e4tzte Lesezeit":"1\u00a0Minute"},"schema":{"@context":"https:\/\/schema.org","@graph":[{"@type":"WebPage","@id":"https:\/\/www.santanyi.net\/de\/property\/komplex-aus-10-apartments-mit-swimmingpool-und-gewerbeflachen-direkt-am-meer-in-cala-serena-2\/","url":"https:\/\/www.santanyi.net\/de\/property\/komplex-aus-10-apartments-mit-swimmingpool-und-gewerbeflachen-direkt-am-meer-in-cala-serena-2\/","name":"Komplex aus 10 Apartments mit Swimmingpool und Gewerbefl\u00e4chen direkt am Meer in Cala Serena - RE\/MAX Drac","isPartOf":{"@id":"https:\/\/www.santanyi.net\/de\/#website"},"primaryImageOfPage":{"@id":"https:\/\/www.santanyi.net\/de\/property\/komplex-aus-10-apartments-mit-swimmingpool-und-gewerbeflachen-direkt-am-meer-in-cala-serena-2\/#primaryimage"},"image":{"@id":"https:\/\/www.santanyi.net\/de\/property\/komplex-aus-10-apartments-mit-swimmingpool-und-gewerbeflachen-direkt-am-meer-in-cala-serena-2\/#primaryimage"},"thumbnailUrl":"https:\/\/www.santanyi.net\/wp-content\/uploads\/anaconda_property_media\/24621095-194378\/31-1.jpg","datePublished":"2026-04-30T15:02:13+00:00","dateModified":"2026-05-01T06:04:38+00:00","breadcrumb":{"@id":"https:\/\/www.santanyi.net\/de\/property\/komplex-aus-10-apartments-mit-swimmingpool-und-gewerbeflachen-direkt-am-meer-in-cala-serena-2\/#breadcrumb"},"inLanguage":"de","potentialAction":[{"@type":"ReadAction","target":["https:\/\/www.santanyi.net\/de\/property\/komplex-aus-10-apartments-mit-swimmingpool-und-gewerbeflachen-direkt-am-meer-in-cala-serena-2\/"]}]},{"@type":"ImageObject","inLanguage":"de","@id":"https:\/\/www.santanyi.net\/de\/property\/komplex-aus-10-apartments-mit-swimmingpool-und-gewerbeflachen-direkt-am-meer-in-cala-serena-2\/#primaryimage","url":"https:\/\/www.santanyi.net\/wp-content\/uploads\/anaconda_property_media\/24621095-194378\/31-1.jpg","contentUrl":"https:\/\/www.santanyi.net\/wp-content\/uploads\/anaconda_property_media\/24621095-194378\/31-1.jpg","width":1920,"height":1066},{"@type":"BreadcrumbList","@id":"https:\/\/www.santanyi.net\/de\/property\/komplex-aus-10-apartments-mit-swimmingpool-und-gewerbeflachen-direkt-am-meer-in-cala-serena-2\/#breadcrumb","itemListElement":[{"@type":"ListItem","position":1,"name":"Home","item":"https:\/\/www.santanyi.net\/de\/"},{"@type":"ListItem","position":2,"name":"Eigenschaften","item":"https:\/\/www.santanyi.net\/de\/property\/"},{"@type":"ListItem","position":3,"name":"Komplex aus 10 Apartments mit Swimmingpool und Gewerbefl\u00e4chen direkt am Meer in Cala Serena"}]},{"@type":"WebSite","@id":"https:\/\/www.santanyi.net\/de\/#website","url":"https:\/\/www.santanyi.net\/de\/","name":"RE\/MAX Drac","description":"","publisher":{"@id":"https:\/\/www.santanyi.net\/de\/#organization"},"potentialAction":[{"@type":"SearchAction","target":{"@type":"EntryPoint","urlTemplate":"https:\/\/www.santanyi.net\/de\/?s={search_term_string}"},"query-input":{"@type":"PropertyValueSpecification","valueRequired":true,"valueName":"search_term_string"}}],"inLanguage":"de"},{"@type":"Organization","@id":"https:\/\/www.santanyi.net\/de\/#organization","name":"RE\/MAX Drac","url":"https:\/\/www.santanyi.net\/de\/","logo":{"@type":"ImageObject","inLanguage":"de","@id":"https:\/\/www.santanyi.net\/de\/#\/schema\/logo\/image\/","url":"https:\/\/www.santanyi.net\/wp-content\/uploads\/2025\/07\/logo-nuevo.png","contentUrl":"https:\/\/www.santanyi.net\/wp-content\/uploads\/2025\/07\/logo-nuevo.png","width":295,"height":165,"caption":"RE\/MAX Drac"},"image":{"@id":"https:\/\/www.santanyi.net\/de\/#\/schema\/logo\/image\/"}}]}},"_links":{"self":[{"href":"https:\/\/www.santanyi.net\/de\/wp-json\/wp\/v2\/properties\/194385","targetHints":{"allow":["GET"]}}],"collection":[{"href":"https:\/\/www.santanyi.net\/de\/wp-json\/wp\/v2\/properties"}],"about":[{"href":"https:\/\/www.santanyi.net\/de\/wp-json\/wp\/v2\/types\/property"}],"author":[{"embeddable":true,"href":"https:\/\/www.santanyi.net\/de\/wp-json\/wp\/v2\/users\/1"}],"version-history":[{"count":2,"href":"https:\/\/www.santanyi.net\/de\/wp-json\/wp\/v2\/properties\/194385\/revisions"}],"predecessor-version":[{"id":195835,"href":"https:\/\/www.santanyi.net\/de\/wp-json\/wp\/v2\/properties\/194385\/revisions\/195835"}],"wp:featuredmedia":[{"embeddable":true,"href":"https:\/\/www.santanyi.net\/de\/wp-json\/wp\/v2\/media\/194379"}],"wp:attachment":[{"href":"https:\/\/www.santanyi.net\/de\/wp-json\/wp\/v2\/media?parent=194385"}],"wp:term":[{"taxonomy":"property_type","embeddable":true,"href":"https:\/\/www.santanyi.net\/de\/wp-json\/wp\/v2\/property_type?post=194385"},{"taxonomy":"property_status","embeddable":true,"href":"https:\/\/www.santanyi.net\/de\/wp-json\/wp\/v2\/property_status?post=194385"},{"taxonomy":"property_feature","embeddable":true,"href":"https:\/\/www.santanyi.net\/de\/wp-json\/wp\/v2\/property_feature?post=194385"},{"taxonomy":"property_label","embeddable":true,"href":"https:\/\/www.santanyi.net\/de\/wp-json\/wp\/v2\/property_label?post=194385"},{"taxonomy":"property_country","embeddable":true,"href":"https:\/\/www.santanyi.net\/de\/wp-json\/wp\/v2\/property_country?post=194385"},{"taxonomy":"property_state","embeddable":true,"href":"https:\/\/www.santanyi.net\/de\/wp-json\/wp\/v2\/property_state?post=194385"},{"taxonomy":"property_city","embeddable":true,"href":"https:\/\/www.santanyi.net\/de\/wp-json\/wp\/v2\/property_city?post=194385"},{"taxonomy":"property_area","embeddable":true,"href":"https:\/\/www.santanyi.net\/de\/wp-json\/wp\/v2\/property_area?post=194385"}],"curies":[{"name":"wp","href":"https:\/\/api.w.org\/{rel}","templated":true}]}}