
{"id":194337,"date":"2026-04-30T15:01:52","date_gmt":"2026-04-30T15:01:52","guid":{"rendered":"https:\/\/www.santanyi.net\/property\/schones-stadthaus-in-santanyi\/"},"modified":"2026-05-01T06:04:26","modified_gmt":"2026-05-01T06:04:26","slug":"schones-stadthaus-in-santanyi-3","status":"publish","type":"property","link":"https:\/\/www.santanyi.net\/de\/property\/schones-stadthaus-in-santanyi-3\/","title":{"rendered":"Sch\u00f6nes Stadthaus in Santany\u00ed"},"content":{"rendered":"<p>Sch\u00f6nes Stadthaus in Santany\u00ed zum Renovieren mit einem 700 m2 gro\u00dfen GartenSantanyi; In den letzten Jahren hat die Popularit\u00e4t und der wohlverdiente Ruhm der Stadt zugenommen und sie zu einer der meistbesuchten St\u00e4dte der Insel gemacht. Ber\u00fchmt f\u00fcr seine 2 Wochenm\u00e4rkte, seine traditionelle Architektur und seine kulturellen Veranstaltungen. Es gibt auch eine K\u00fcste mit paradiesischen Str\u00e4nden aus wei\u00dfem Sand und transparentem Wasser.Das Haus hat viel traditionellen Charakter und besteht aus einem Erdgeschoss, in dem sich eine ger\u00e4umige Garage und auch ein Zimmer mit Bad befinden. Die erste Etage besteht aus 2 Doppelzimmern, einem Badezimmer, einem gro\u00dfen, sonnigen Wohnzimmer und einer Wohnk\u00fcche. Im zweiten Obergeschoss befinden sich gro\u00dfz\u00fcgige R\u00e4ume, die f\u00fcr unterschiedliche Nutzungen genutzt werden k\u00f6nnen, sowie eine gro\u00dfe Terrasse. An dieses Geb\u00e4ude schlie\u00dft sich ein weiterer Bau von ca. 100 m2 auf zwei Etagen an. Es verf\u00fcgt \u00fcber einen weitl\u00e4ufigen Garten von mehr als 700 m2, in dem sich mehrere Geb\u00e4ude sowie eine Garage mit Zugang zu einer anderen Stra\u00dfe befinden.<\/p>\n","protected":false},"excerpt":{"rendered":"<p>Sch\u00f6nes Stadthaus in Santany\u00ed zum Renovieren mit einem 700 m2 gro\u00dfen GartenSantanyi; In den letzten Jahren hat die Popularit\u00e4t und der wohlverdiente Ruhm der Stadt zugenommen und sie zu einer der meistbesuchten St\u00e4dte der Insel gemacht. Ber\u00fchmt f\u00fcr seine 2 Wochenm\u00e4rkte, seine traditionelle Architektur und seine kulturellen Veranstaltungen. Es gibt auch eine K\u00fcste mit paradiesischen [&hellip;]<\/p>\n","protected":false},"author":1,"featured_media":194331,"parent":0,"menu_order":0,"template":"","property_type":[2133],"property_status":[2096,2106],"property_feature":[],"property_label":[],"property_country":[],"property_state":[],"property_city":[635],"property_area":[636],"class_list":["post-194337","property","type-property","status-publish","has-post-thumbnail","hentry","property_type-casa-de","property_status-venta","property_status-venta-de","property_city-santanyi","property_area-santanyi"],"acf":[],"property_meta":{"_apg_property_user_edited":["1"],"fave_property_id":["DRAC-CP2070CR"],"fave_property_location":["39.354542,3.12738585,15"],"houzez_geolocation_lat":["39.354542"],"houzez_geolocation_long":["3.12738585"],"fave_property_price":["1100000"],"fave_property_rent_or_sale":["sale"],"fave_property_year":[null],"fave_property_size_prefix":["m2"],"fave_property_land_postfix":["m2"],"fave_property_size":["477"],"fave_property_land":["872"],"fave_property_bedrooms":["3"],"fave_property_bathrooms":["2"],"fave_property_map_address":["Santany\u00ed, 07650 Santany\u00ed"],"fave_property_address":[" , Santany\u00ed 07650"],"fave_property_zip":["07650"],"fave_property_postal_code":["07650"],"fave_property_map":["1"],"apg_is_using_remote_image_url":["1"],"apg_using_remote_image_urls":["[{\"multimedia_type\":\"Picture\",\"picture_url\":\"https:\/\/fotos15.inmovilla.com\/12732\/24620956\/13-1.jpg\",\"position\":1,\"picture_id\":1,\"media_id\":143613,\"post_id\":194330,\"id\":1,\"attachment_id\":0,\"url\":\"https:\/\/fotos15.inmovilla.com\/12732\/24620956\/13-1.jpg\",\"basename\":\"13-1.jpg\",\"created_date\":\"2026-04-30 15:01:52\",\"is_downloaded\":0,\"is_using_remote\":0},{\"multimedia_type\":\"Picture\",\"picture_url\":\"https:\/\/fotos15.inmovilla.com\/12732\/24620956\/13-2.jpg\",\"position\":2,\"picture_id\":2,\"media_id\":143614,\"post_id\":194330,\"id\":2,\"attachment_id\":0,\"url\":\"https:\/\/fotos15.inmovilla.com\/12732\/24620956\/13-2.jpg\",\"basename\":\"13-2.jpg\",\"created_date\":\"2026-04-30 15:01:52\",\"is_downloaded\":0,\"is_using_remote\":1},{\"multimedia_type\":\"Picture\",\"picture_url\":\"https:\/\/fotos15.inmovilla.com\/12732\/24620956\/13-3.jpg\",\"position\":3,\"picture_id\":3,\"media_id\":143615,\"post_id\":194330,\"id\":3,\"attachment_id\":0,\"url\":\"https:\/\/fotos15.inmovilla.com\/12732\/24620956\/13-3.jpg\",\"basename\":\"13-3.jpg\",\"created_date\":\"2026-04-30 15:01:52\",\"is_downloaded\":0,\"is_using_remote\":1},{\"multimedia_type\":\"Picture\",\"picture_url\":\"https:\/\/fotos15.inmovilla.com\/12732\/24620956\/13-4.jpg\",\"position\":4,\"picture_id\":4,\"media_id\":143616,\"post_id\":194330,\"id\":4,\"attachment_id\":0,\"url\":\"https:\/\/fotos15.inmovilla.com\/12732\/24620956\/13-4.jpg\",\"basename\":\"13-4.jpg\",\"created_date\":\"2026-04-30 15:01:52\",\"is_downloaded\":0,\"is_using_remote\":1},{\"multimedia_type\":\"Picture\",\"picture_url\":\"https:\/\/fotos15.inmovilla.com\/12732\/24620956\/13-5.jpg\",\"position\":5,\"picture_id\":5,\"media_id\":143617,\"post_id\":194330,\"id\":5,\"attachment_id\":0,\"url\":\"https:\/\/fotos15.inmovilla.com\/12732\/24620956\/13-5.jpg\",\"basename\":\"13-5.jpg\",\"created_date\":\"2026-04-30 15:01:52\",\"is_downloaded\":0,\"is_using_remote\":1},{\"multimedia_type\":\"Picture\",\"picture_url\":\"https:\/\/fotos15.inmovilla.com\/12732\/24620956\/13-6.jpg\",\"position\":6,\"picture_id\":6,\"media_id\":143618,\"post_id\":194330,\"id\":6,\"attachment_id\":0,\"url\":\"https:\/\/fotos15.inmovilla.com\/12732\/24620956\/13-6.jpg\",\"basename\":\"13-6.jpg\",\"created_date\":\"2026-04-30 15:01:52\",\"is_downloaded\":0,\"is_using_remote\":1},{\"multimedia_type\":\"Picture\",\"picture_url\":\"https:\/\/fotos15.inmovilla.com\/12732\/24620956\/13-7.jpg\",\"position\":7,\"picture_id\":7,\"media_id\":143619,\"post_id\":194330,\"id\":7,\"attachment_id\":0,\"url\":\"https:\/\/fotos15.inmovilla.com\/12732\/24620956\/13-7.jpg\",\"basename\":\"13-7.jpg\",\"created_date\":\"2026-04-30 15:01:52\",\"is_downloaded\":0,\"is_using_remote\":1},{\"multimedia_type\":\"Picture\",\"picture_url\":\"https:\/\/fotos15.inmovilla.com\/12732\/24620956\/13-8.jpg\",\"position\":8,\"picture_id\":8,\"media_id\":143620,\"post_id\":194330,\"id\":8,\"attachment_id\":0,\"url\":\"https:\/\/fotos15.inmovilla.com\/12732\/24620956\/13-8.jpg\",\"basename\":\"13-8.jpg\",\"created_date\":\"2026-04-30 15:01:52\",\"is_downloaded\":0,\"is_using_remote\":1},{\"multimedia_type\":\"Picture\",\"picture_url\":\"https:\/\/fotos15.inmovilla.com\/12732\/24620956\/13-9.jpg\",\"position\":9,\"picture_id\":9,\"media_id\":143621,\"post_id\":194330,\"id\":9,\"attachment_id\":0,\"url\":\"https:\/\/fotos15.inmovilla.com\/12732\/24620956\/13-9.jpg\",\"basename\":\"13-9.jpg\",\"created_date\":\"2026-04-30 15:01:52\",\"is_downloaded\":0,\"is_using_remote\":1},{\"multimedia_type\":\"Picture\",\"picture_url\":\"https:\/\/fotos15.inmovilla.com\/12732\/24620956\/13-10.jpg\",\"position\":10,\"picture_id\":10,\"media_id\":143622,\"post_id\":194330,\"id\":10,\"attachment_id\":0,\"url\":\"https:\/\/fotos15.inmovilla.com\/12732\/24620956\/13-10.jpg\",\"basename\":\"13-10.jpg\",\"created_date\":\"2026-04-30 15:01:52\",\"is_downloaded\":0,\"is_using_remote\":1},{\"multimedia_type\":\"Picture\",\"picture_url\":\"https:\/\/fotos15.inmovilla.com\/12732\/24620956\/13-11.jpg\",\"position\":11,\"picture_id\":11,\"media_id\":143623,\"post_id\":194330,\"id\":11,\"attachment_id\":0,\"url\":\"https:\/\/fotos15.inmovilla.com\/12732\/24620956\/13-11.jpg\",\"basename\":\"13-11.jpg\",\"created_date\":\"2026-04-30 15:01:52\",\"is_downloaded\":0,\"is_using_remote\":1},{\"multimedia_type\":\"Picture\",\"picture_url\":\"https:\/\/fotos15.inmovilla.com\/12732\/24620956\/13-12.jpg\",\"position\":12,\"picture_id\":12,\"media_id\":143624,\"post_id\":194330,\"id\":12,\"attachment_id\":0,\"url\":\"https:\/\/fotos15.inmovilla.com\/12732\/24620956\/13-12.jpg\",\"basename\":\"13-12.jpg\",\"created_date\":\"2026-04-30 15:01:52\",\"is_downloaded\":0,\"is_using_remote\":1},{\"multimedia_type\":\"Picture\",\"picture_url\":\"https:\/\/fotos15.inmovilla.com\/12732\/24620956\/13-13.jpg\",\"position\":13,\"picture_id\":13,\"media_id\":143625,\"post_id\":194330,\"id\":13,\"attachment_id\":0,\"url\":\"https:\/\/fotos15.inmovilla.com\/12732\/24620956\/13-13.jpg\",\"basename\":\"13-13.jpg\",\"created_date\":\"2026-04-30 15:01:52\",\"is_downloaded\":0,\"is_using_remote\":1},{\"multimedia_type\":\"Picture\",\"picture_url\":\"https:\/\/fotos15.inmovilla.com\/12732\/24620956\/13-14.jpg\",\"position\":14,\"picture_id\":14,\"media_id\":143626,\"post_id\":194330,\"id\":14,\"attachment_id\":0,\"url\":\"https:\/\/fotos15.inmovilla.com\/12732\/24620956\/13-14.jpg\",\"basename\":\"13-14.jpg\",\"created_date\":\"2026-04-30 15:01:52\",\"is_downloaded\":0,\"is_using_remote\":1}]"],"_thumbnail_id":["194331"],"fave_property_images":["194331"],"apg_property_id":["24620956"],"_wpml_word_count":["192"],"_eael_post_view_count":["4"],"houzez_recently_viewed":["2026-05-01 12:37:36"],"houzez_total_property_views":["4"],"houzez_views_by_date":["a:2:{s:10:\"04-30-2026\";i:1;s:10:\"05-01-2026\";i:3;}"],"_elementor_page_assets":["a:0:{}"]},"yoast_head":"<!-- This site is optimized with the Yoast SEO plugin v27.5 - https:\/\/yoast.com\/product\/yoast-seo-wordpress\/ -->\n<title>Sch\u00f6nes Stadthaus in Santany\u00ed - RE\/MAX Drac<\/title>\n<meta name=\"robots\" content=\"index, follow, max-snippet:-1, max-image-preview:large, max-video-preview:-1\" \/>\n<link rel=\"canonical\" href=\"https:\/\/www.santanyi.net\/de\/property\/schones-stadthaus-in-santanyi-3\/\" \/>\n<meta property=\"og:locale\" content=\"de_DE\" \/>\n<meta property=\"og:type\" content=\"article\" \/>\n<meta property=\"og:title\" content=\"Sch\u00f6nes Stadthaus in Santany\u00ed - RE\/MAX Drac\" \/>\n<meta property=\"og:description\" content=\"Sch\u00f6nes Stadthaus in Santany\u00ed zum Renovieren mit einem 700 m2 gro\u00dfen GartenSantanyi; In den letzten Jahren hat die Popularit\u00e4t und der wohlverdiente Ruhm der Stadt zugenommen und sie zu einer der meistbesuchten St\u00e4dte der Insel gemacht. Ber\u00fchmt f\u00fcr seine 2 Wochenm\u00e4rkte, seine traditionelle Architektur und seine kulturellen Veranstaltungen. Es gibt auch eine K\u00fcste mit paradiesischen [&hellip;]\" \/>\n<meta property=\"og:url\" content=\"https:\/\/www.santanyi.net\/de\/property\/schones-stadthaus-in-santanyi-3\/\" \/>\n<meta property=\"og:site_name\" content=\"RE\/MAX Drac\" \/>\n<meta property=\"article:modified_time\" content=\"2026-05-01T06:04:26+00:00\" \/>\n<meta property=\"og:image\" content=\"https:\/\/www.santanyi.net\/wp-content\/uploads\/anaconda_property_media\/24620956-194330\/13-1.jpg\" \/>\n\t<meta property=\"og:image:width\" content=\"1600\" \/>\n\t<meta property=\"og:image:height\" content=\"1205\" \/>\n\t<meta property=\"og:image:type\" content=\"image\/jpeg\" \/>\n<meta name=\"twitter:card\" content=\"summary_large_image\" \/>\n<meta name=\"twitter:label1\" content=\"Gesch\u00e4tzte Lesezeit\" \/>\n\t<meta name=\"twitter:data1\" content=\"1\u00a0Minute\" \/>\n<script type=\"application\/ld+json\" class=\"yoast-schema-graph\">{\"@context\":\"https:\\\/\\\/schema.org\",\"@graph\":[{\"@type\":\"WebPage\",\"@id\":\"https:\\\/\\\/www.santanyi.net\\\/de\\\/property\\\/schones-stadthaus-in-santanyi-3\\\/\",\"url\":\"https:\\\/\\\/www.santanyi.net\\\/de\\\/property\\\/schones-stadthaus-in-santanyi-3\\\/\",\"name\":\"Sch\u00f6nes Stadthaus in Santany\u00ed - RE\\\/MAX Drac\",\"isPartOf\":{\"@id\":\"https:\\\/\\\/www.santanyi.net\\\/de\\\/#website\"},\"primaryImageOfPage\":{\"@id\":\"https:\\\/\\\/www.santanyi.net\\\/de\\\/property\\\/schones-stadthaus-in-santanyi-3\\\/#primaryimage\"},\"image\":{\"@id\":\"https:\\\/\\\/www.santanyi.net\\\/de\\\/property\\\/schones-stadthaus-in-santanyi-3\\\/#primaryimage\"},\"thumbnailUrl\":\"https:\\\/\\\/www.santanyi.net\\\/wp-content\\\/uploads\\\/anaconda_property_media\\\/24620956-194330\\\/13-1.jpg\",\"datePublished\":\"2026-04-30T15:01:52+00:00\",\"dateModified\":\"2026-05-01T06:04:26+00:00\",\"breadcrumb\":{\"@id\":\"https:\\\/\\\/www.santanyi.net\\\/de\\\/property\\\/schones-stadthaus-in-santanyi-3\\\/#breadcrumb\"},\"inLanguage\":\"de\",\"potentialAction\":[{\"@type\":\"ReadAction\",\"target\":[\"https:\\\/\\\/www.santanyi.net\\\/de\\\/property\\\/schones-stadthaus-in-santanyi-3\\\/\"]}]},{\"@type\":\"ImageObject\",\"inLanguage\":\"de\",\"@id\":\"https:\\\/\\\/www.santanyi.net\\\/de\\\/property\\\/schones-stadthaus-in-santanyi-3\\\/#primaryimage\",\"url\":\"https:\\\/\\\/www.santanyi.net\\\/wp-content\\\/uploads\\\/anaconda_property_media\\\/24620956-194330\\\/13-1.jpg\",\"contentUrl\":\"https:\\\/\\\/www.santanyi.net\\\/wp-content\\\/uploads\\\/anaconda_property_media\\\/24620956-194330\\\/13-1.jpg\",\"width\":1600,\"height\":1205},{\"@type\":\"BreadcrumbList\",\"@id\":\"https:\\\/\\\/www.santanyi.net\\\/de\\\/property\\\/schones-stadthaus-in-santanyi-3\\\/#breadcrumb\",\"itemListElement\":[{\"@type\":\"ListItem\",\"position\":1,\"name\":\"Home\",\"item\":\"https:\\\/\\\/www.santanyi.net\\\/de\\\/\"},{\"@type\":\"ListItem\",\"position\":2,\"name\":\"Eigenschaften\",\"item\":\"https:\\\/\\\/www.santanyi.net\\\/de\\\/property\\\/\"},{\"@type\":\"ListItem\",\"position\":3,\"name\":\"Sch\u00f6nes Stadthaus in Santany\u00ed\"}]},{\"@type\":\"WebSite\",\"@id\":\"https:\\\/\\\/www.santanyi.net\\\/de\\\/#website\",\"url\":\"https:\\\/\\\/www.santanyi.net\\\/de\\\/\",\"name\":\"RE\\\/MAX Drac\",\"description\":\"\",\"publisher\":{\"@id\":\"https:\\\/\\\/www.santanyi.net\\\/de\\\/#organization\"},\"potentialAction\":[{\"@type\":\"SearchAction\",\"target\":{\"@type\":\"EntryPoint\",\"urlTemplate\":\"https:\\\/\\\/www.santanyi.net\\\/de\\\/?s={search_term_string}\"},\"query-input\":{\"@type\":\"PropertyValueSpecification\",\"valueRequired\":true,\"valueName\":\"search_term_string\"}}],\"inLanguage\":\"de\"},{\"@type\":\"Organization\",\"@id\":\"https:\\\/\\\/www.santanyi.net\\\/de\\\/#organization\",\"name\":\"RE\\\/MAX Drac\",\"url\":\"https:\\\/\\\/www.santanyi.net\\\/de\\\/\",\"logo\":{\"@type\":\"ImageObject\",\"inLanguage\":\"de\",\"@id\":\"https:\\\/\\\/www.santanyi.net\\\/de\\\/#\\\/schema\\\/logo\\\/image\\\/\",\"url\":\"https:\\\/\\\/www.santanyi.net\\\/wp-content\\\/uploads\\\/2025\\\/07\\\/logo-nuevo.png\",\"contentUrl\":\"https:\\\/\\\/www.santanyi.net\\\/wp-content\\\/uploads\\\/2025\\\/07\\\/logo-nuevo.png\",\"width\":295,\"height\":165,\"caption\":\"RE\\\/MAX Drac\"},\"image\":{\"@id\":\"https:\\\/\\\/www.santanyi.net\\\/de\\\/#\\\/schema\\\/logo\\\/image\\\/\"}}]}<\/script>\n<!-- \/ Yoast SEO plugin. -->","yoast_head_json":{"title":"Sch\u00f6nes Stadthaus in Santany\u00ed - RE\/MAX Drac","robots":{"index":"index","follow":"follow","max-snippet":"max-snippet:-1","max-image-preview":"max-image-preview:large","max-video-preview":"max-video-preview:-1"},"canonical":"https:\/\/www.santanyi.net\/de\/property\/schones-stadthaus-in-santanyi-3\/","og_locale":"de_DE","og_type":"article","og_title":"Sch\u00f6nes Stadthaus in Santany\u00ed - RE\/MAX Drac","og_description":"Sch\u00f6nes Stadthaus in Santany\u00ed zum Renovieren mit einem 700 m2 gro\u00dfen GartenSantanyi; In den letzten Jahren hat die Popularit\u00e4t und der wohlverdiente Ruhm der Stadt zugenommen und sie zu einer der meistbesuchten St\u00e4dte der Insel gemacht. Ber\u00fchmt f\u00fcr seine 2 Wochenm\u00e4rkte, seine traditionelle Architektur und seine kulturellen Veranstaltungen. Es gibt auch eine K\u00fcste mit paradiesischen [&hellip;]","og_url":"https:\/\/www.santanyi.net\/de\/property\/schones-stadthaus-in-santanyi-3\/","og_site_name":"RE\/MAX Drac","article_modified_time":"2026-05-01T06:04:26+00:00","og_image":[{"width":1600,"height":1205,"url":"https:\/\/www.santanyi.net\/wp-content\/uploads\/anaconda_property_media\/24620956-194330\/13-1.jpg","type":"image\/jpeg"}],"twitter_card":"summary_large_image","twitter_misc":{"Gesch\u00e4tzte Lesezeit":"1\u00a0Minute"},"schema":{"@context":"https:\/\/schema.org","@graph":[{"@type":"WebPage","@id":"https:\/\/www.santanyi.net\/de\/property\/schones-stadthaus-in-santanyi-3\/","url":"https:\/\/www.santanyi.net\/de\/property\/schones-stadthaus-in-santanyi-3\/","name":"Sch\u00f6nes Stadthaus in Santany\u00ed - RE\/MAX Drac","isPartOf":{"@id":"https:\/\/www.santanyi.net\/de\/#website"},"primaryImageOfPage":{"@id":"https:\/\/www.santanyi.net\/de\/property\/schones-stadthaus-in-santanyi-3\/#primaryimage"},"image":{"@id":"https:\/\/www.santanyi.net\/de\/property\/schones-stadthaus-in-santanyi-3\/#primaryimage"},"thumbnailUrl":"https:\/\/www.santanyi.net\/wp-content\/uploads\/anaconda_property_media\/24620956-194330\/13-1.jpg","datePublished":"2026-04-30T15:01:52+00:00","dateModified":"2026-05-01T06:04:26+00:00","breadcrumb":{"@id":"https:\/\/www.santanyi.net\/de\/property\/schones-stadthaus-in-santanyi-3\/#breadcrumb"},"inLanguage":"de","potentialAction":[{"@type":"ReadAction","target":["https:\/\/www.santanyi.net\/de\/property\/schones-stadthaus-in-santanyi-3\/"]}]},{"@type":"ImageObject","inLanguage":"de","@id":"https:\/\/www.santanyi.net\/de\/property\/schones-stadthaus-in-santanyi-3\/#primaryimage","url":"https:\/\/www.santanyi.net\/wp-content\/uploads\/anaconda_property_media\/24620956-194330\/13-1.jpg","contentUrl":"https:\/\/www.santanyi.net\/wp-content\/uploads\/anaconda_property_media\/24620956-194330\/13-1.jpg","width":1600,"height":1205},{"@type":"BreadcrumbList","@id":"https:\/\/www.santanyi.net\/de\/property\/schones-stadthaus-in-santanyi-3\/#breadcrumb","itemListElement":[{"@type":"ListItem","position":1,"name":"Home","item":"https:\/\/www.santanyi.net\/de\/"},{"@type":"ListItem","position":2,"name":"Eigenschaften","item":"https:\/\/www.santanyi.net\/de\/property\/"},{"@type":"ListItem","position":3,"name":"Sch\u00f6nes Stadthaus in Santany\u00ed"}]},{"@type":"WebSite","@id":"https:\/\/www.santanyi.net\/de\/#website","url":"https:\/\/www.santanyi.net\/de\/","name":"RE\/MAX Drac","description":"","publisher":{"@id":"https:\/\/www.santanyi.net\/de\/#organization"},"potentialAction":[{"@type":"SearchAction","target":{"@type":"EntryPoint","urlTemplate":"https:\/\/www.santanyi.net\/de\/?s={search_term_string}"},"query-input":{"@type":"PropertyValueSpecification","valueRequired":true,"valueName":"search_term_string"}}],"inLanguage":"de"},{"@type":"Organization","@id":"https:\/\/www.santanyi.net\/de\/#organization","name":"RE\/MAX Drac","url":"https:\/\/www.santanyi.net\/de\/","logo":{"@type":"ImageObject","inLanguage":"de","@id":"https:\/\/www.santanyi.net\/de\/#\/schema\/logo\/image\/","url":"https:\/\/www.santanyi.net\/wp-content\/uploads\/2025\/07\/logo-nuevo.png","contentUrl":"https:\/\/www.santanyi.net\/wp-content\/uploads\/2025\/07\/logo-nuevo.png","width":295,"height":165,"caption":"RE\/MAX Drac"},"image":{"@id":"https:\/\/www.santanyi.net\/de\/#\/schema\/logo\/image\/"}}]}},"_links":{"self":[{"href":"https:\/\/www.santanyi.net\/de\/wp-json\/wp\/v2\/properties\/194337","targetHints":{"allow":["GET"]}}],"collection":[{"href":"https:\/\/www.santanyi.net\/de\/wp-json\/wp\/v2\/properties"}],"about":[{"href":"https:\/\/www.santanyi.net\/de\/wp-json\/wp\/v2\/types\/property"}],"author":[{"embeddable":true,"href":"https:\/\/www.santanyi.net\/de\/wp-json\/wp\/v2\/users\/1"}],"version-history":[{"count":1,"href":"https:\/\/www.santanyi.net\/de\/wp-json\/wp\/v2\/properties\/194337\/revisions"}],"predecessor-version":[{"id":195297,"href":"https:\/\/www.santanyi.net\/de\/wp-json\/wp\/v2\/properties\/194337\/revisions\/195297"}],"wp:featuredmedia":[{"embeddable":true,"href":"https:\/\/www.santanyi.net\/de\/wp-json\/wp\/v2\/media\/194331"}],"wp:attachment":[{"href":"https:\/\/www.santanyi.net\/de\/wp-json\/wp\/v2\/media?parent=194337"}],"wp:term":[{"taxonomy":"property_type","embeddable":true,"href":"https:\/\/www.santanyi.net\/de\/wp-json\/wp\/v2\/property_type?post=194337"},{"taxonomy":"property_status","embeddable":true,"href":"https:\/\/www.santanyi.net\/de\/wp-json\/wp\/v2\/property_status?post=194337"},{"taxonomy":"property_feature","embeddable":true,"href":"https:\/\/www.santanyi.net\/de\/wp-json\/wp\/v2\/property_feature?post=194337"},{"taxonomy":"property_label","embeddable":true,"href":"https:\/\/www.santanyi.net\/de\/wp-json\/wp\/v2\/property_label?post=194337"},{"taxonomy":"property_country","embeddable":true,"href":"https:\/\/www.santanyi.net\/de\/wp-json\/wp\/v2\/property_country?post=194337"},{"taxonomy":"property_state","embeddable":true,"href":"https:\/\/www.santanyi.net\/de\/wp-json\/wp\/v2\/property_state?post=194337"},{"taxonomy":"property_city","embeddable":true,"href":"https:\/\/www.santanyi.net\/de\/wp-json\/wp\/v2\/property_city?post=194337"},{"taxonomy":"property_area","embeddable":true,"href":"https:\/\/www.santanyi.net\/de\/wp-json\/wp\/v2\/property_area?post=194337"}],"curies":[{"name":"wp","href":"https:\/\/api.w.org\/{rel}","templated":true}]}}