
{"id":194265,"date":"2026-04-30T15:01:23","date_gmt":"2026-04-30T15:01:23","guid":{"rendered":"https:\/\/www.santanyi.net\/property\/wunderschone-finca-zwischen-santanyi-cala-figuera-cala-santanyi-mit-pool-garten-uberdachter-terrasse-zentral-heizung-traum-weitblick\/"},"modified":"2026-05-01T06:04:09","modified_gmt":"2026-05-01T06:04:09","slug":"wunderschone-finca-zwischen-santanyi-cala-figuera-cala-santanyi-mit-pool-garten-uberdachter-terrasse-zentral-heizung-traum-weitblick-2","status":"publish","type":"property","link":"https:\/\/www.santanyi.net\/de\/property\/wunderschone-finca-zwischen-santanyi-cala-figuera-cala-santanyi-mit-pool-garten-uberdachter-terrasse-zentral-heizung-traum-weitblick-2\/","title":{"rendered":"Wundersch\u00f6ne Finca zwischen Santanyi, Cala Figuera, Cala Santany\u00ed mit Pool, Garten, \u00fcberdachter Terrasse, Zentral Heizung, Traum Weitblick."},"content":{"rendered":"<p>Nur 5 km von Santany\u00ed entfernt, befindet sich diese beeindruckende Finca in privilegierter Lage auf einem 13.879 m\u00b2 gro\u00dfen Grundst\u00fcck und bietet absolute Privatsph\u00e4re sowie eine wundersch\u00f6ne nat\u00fcrliche Umgebung. Mit einer Wohnfl\u00e4che von 390 m\u00b2 auf zwei Etagen verf\u00fcgt die Immobilie \u00fcber 6 ger\u00e4umige Schlafzimmer und 4 B\u00e4der, ideal f\u00fcr Familien oder Liebhaber gro\u00dfz\u00fcgiger Wohnr\u00e4ume.Im Erdgeschoss erwartet Sie ein gro\u00dfz\u00fcgiges, lichtdurchflutetes Wohn-Esszimmer, das auf eine \u00fcberdachte Terrasse mit herrlichem Blick auf die Natur und den Pool f\u00fchrt. Die voll ausgestattete K\u00fcche bietet direkten Zugang zur ger\u00e4umigen Garage. Au\u00dferdem gibt es ein Schlafzimmer mit eigenem Bad, perfekt f\u00fcr G\u00e4ste oder Hauspersonal.In der ersten Etage befinden sich die weiteren 5 Schlafzimmer, eines davon mit einer privaten Sonnenterrasse, sowie 3 weitere B\u00e4der, die maximalen Komfort garantieren.Zu den Extras geh\u00f6ren eine \u00d6lheizung, die f\u00fcr angenehme Temperaturen das ganze Jahr \u00fcber sorgt. Die erstklassige Lage bietet Ruhe und Natur, ohne auf die N\u00e4he zu Santany\u00ed und dem wundersch\u00f6nen Strand von Cala Santany\u00ed verzichten zu m\u00fcssen \u2013 beides ist in nur 5 Autominuten erreichbar.Wenn Sie eine charmante Immobilie mit gro\u00dfz\u00fcgigen R\u00e4umen in traumhafter Umgebung suchen, ist diese Finca die perfekte Wahl!Kontaktieren Sie uns f\u00fcr weitere Informationen oder eine Besichtigung.<\/p>\n","protected":false},"excerpt":{"rendered":"<p>Nur 5 km von Santany\u00ed entfernt, befindet sich diese beeindruckende Finca in privilegierter Lage auf einem 13.879 m\u00b2 gro\u00dfen Grundst\u00fcck und bietet absolute Privatsph\u00e4re sowie eine wundersch\u00f6ne nat\u00fcrliche Umgebung. Mit einer Wohnfl\u00e4che von 390 m\u00b2 auf zwei Etagen verf\u00fcgt die Immobilie \u00fcber 6 ger\u00e4umige Schlafzimmer und 4 B\u00e4der, ideal f\u00fcr Familien oder Liebhaber gro\u00dfz\u00fcgiger Wohnr\u00e4ume.Im [&hellip;]<\/p>\n","protected":false},"author":1,"featured_media":194259,"parent":0,"menu_order":0,"template":"","property_type":[2162],"property_status":[2096,2106],"property_feature":[1817,2010,2007,1818,1875,1878,1820,1936,1879,1955,1906,1822,1823,1824,1957,1989,1826,1938,1828,1940,1990,1901,1958,2006,1830],"property_label":[],"property_country":[],"property_state":[],"property_city":[635],"property_area":[649],"class_list":["post-194265","property","type-property","status-publish","has-post-thumbnail","hentry","property_type-chalet-de","property_status-venta","property_status-venta-de","property_feature-alarmarobo-de","property_feature-alarmaincendio-de","property_feature-alarmaincendio","property_feature-arboles-de","property_feature-arma_empo-de","property_feature-balcon-de","property_feature-calefaccion-de","property_feature-calefacentral-de","property_feature-cocina_inde-de","property_feature-depoagua-de","property_feature-despensa-de","property_feature-electro-de","property_feature-jardin-de","property_feature-lavanderia-de","property_feature-linea_tlf-de","property_feature-mirador-de","property_feature-muebles-de","property_feature-pergola-de","property_feature-piscina_prop-de","property_feature-satelite-de","property_feature-solarium-de","property_feature-terraza-de","property_feature-trastero-de","property_feature-tv-de","property_feature-vallado-de","property_city-santanyi","property_area-area-de-santanyi"],"acf":[],"property_meta":{"_apg_property_user_edited":["1"],"fave_property_id":["CR1514YK"],"fave_property_location":["39.35488373,3.12771822,15"],"houzez_geolocation_lat":["39.35488373"],"houzez_geolocation_long":["3.12771822"],"fave_property_price":["1500000"],"fave_property_rent_or_sale":["sale"],"fave_property_year":[null],"fave_property_size_prefix":["m2"],"fave_property_land_postfix":["m2"],"fave_property_size":["450"],"fave_property_bedrooms":["6"],"fave_property_bathrooms":["5"],"fave_property_garage":["2"],"fave_property_map_address":["\u00c1rea de Santany\u00ed, 07650 Santany\u00ed"],"fave_property_address":[" , Santany\u00ed 07650"],"fave_property_zip":["07650"],"fave_property_postal_code":["07650"],"fave_property_map":["1"],"apg_is_using_remote_image_url":["1"],"apg_using_remote_image_urls":["[{\"multimedia_type\":\"Picture\",\"picture_url\":\"https:\/\/fotos15.inmovilla.com\/12732\/24621086\/38-1.jpg\",\"position\":1,\"picture_id\":1,\"media_id\":143344,\"post_id\":194258,\"id\":1,\"attachment_id\":0,\"url\":\"https:\/\/fotos15.inmovilla.com\/12732\/24621086\/38-1.jpg\",\"basename\":\"38-1.jpg\",\"created_date\":\"2026-04-30 15:01:23\",\"is_downloaded\":0,\"is_using_remote\":0},{\"multimedia_type\":\"Picture\",\"picture_url\":\"https:\/\/fotos15.inmovilla.com\/12732\/24621086\/38-2.jpg\",\"position\":2,\"picture_id\":2,\"media_id\":143345,\"post_id\":194258,\"id\":2,\"attachment_id\":0,\"url\":\"https:\/\/fotos15.inmovilla.com\/12732\/24621086\/38-2.jpg\",\"basename\":\"38-2.jpg\",\"created_date\":\"2026-04-30 15:01:23\",\"is_downloaded\":0,\"is_using_remote\":1},{\"multimedia_type\":\"Picture\",\"picture_url\":\"https:\/\/fotos15.inmovilla.com\/12732\/24621086\/38-3.jpg\",\"position\":3,\"picture_id\":3,\"media_id\":143346,\"post_id\":194258,\"id\":3,\"attachment_id\":0,\"url\":\"https:\/\/fotos15.inmovilla.com\/12732\/24621086\/38-3.jpg\",\"basename\":\"38-3.jpg\",\"created_date\":\"2026-04-30 15:01:23\",\"is_downloaded\":0,\"is_using_remote\":1},{\"multimedia_type\":\"Picture\",\"picture_url\":\"https:\/\/fotos15.inmovilla.com\/12732\/24621086\/38-4.jpg\",\"position\":4,\"picture_id\":4,\"media_id\":143347,\"post_id\":194258,\"id\":4,\"attachment_id\":0,\"url\":\"https:\/\/fotos15.inmovilla.com\/12732\/24621086\/38-4.jpg\",\"basename\":\"38-4.jpg\",\"created_date\":\"2026-04-30 15:01:23\",\"is_downloaded\":0,\"is_using_remote\":1},{\"multimedia_type\":\"Picture\",\"picture_url\":\"https:\/\/fotos15.inmovilla.com\/12732\/24621086\/38-5.jpg\",\"position\":5,\"picture_id\":5,\"media_id\":143348,\"post_id\":194258,\"id\":5,\"attachment_id\":0,\"url\":\"https:\/\/fotos15.inmovilla.com\/12732\/24621086\/38-5.jpg\",\"basename\":\"38-5.jpg\",\"created_date\":\"2026-04-30 15:01:23\",\"is_downloaded\":0,\"is_using_remote\":1},{\"multimedia_type\":\"Picture\",\"picture_url\":\"https:\/\/fotos15.inmovilla.com\/12732\/24621086\/38-6.jpg\",\"position\":6,\"picture_id\":6,\"media_id\":143349,\"post_id\":194258,\"id\":6,\"attachment_id\":0,\"url\":\"https:\/\/fotos15.inmovilla.com\/12732\/24621086\/38-6.jpg\",\"basename\":\"38-6.jpg\",\"created_date\":\"2026-04-30 15:01:23\",\"is_downloaded\":0,\"is_using_remote\":1},{\"multimedia_type\":\"Picture\",\"picture_url\":\"https:\/\/fotos15.inmovilla.com\/12732\/24621086\/38-7.jpg\",\"position\":7,\"picture_id\":7,\"media_id\":143350,\"post_id\":194258,\"id\":7,\"attachment_id\":0,\"url\":\"https:\/\/fotos15.inmovilla.com\/12732\/24621086\/38-7.jpg\",\"basename\":\"38-7.jpg\",\"created_date\":\"2026-04-30 15:01:23\",\"is_downloaded\":0,\"is_using_remote\":1},{\"multimedia_type\":\"Picture\",\"picture_url\":\"https:\/\/fotos15.inmovilla.com\/12732\/24621086\/38-8.jpg\",\"position\":8,\"picture_id\":8,\"media_id\":143351,\"post_id\":194258,\"id\":8,\"attachment_id\":0,\"url\":\"https:\/\/fotos15.inmovilla.com\/12732\/24621086\/38-8.jpg\",\"basename\":\"38-8.jpg\",\"created_date\":\"2026-04-30 15:01:23\",\"is_downloaded\":0,\"is_using_remote\":1},{\"multimedia_type\":\"Picture\",\"picture_url\":\"https:\/\/fotos15.inmovilla.com\/12732\/24621086\/38-9.jpg\",\"position\":9,\"picture_id\":9,\"media_id\":143352,\"post_id\":194258,\"id\":9,\"attachment_id\":0,\"url\":\"https:\/\/fotos15.inmovilla.com\/12732\/24621086\/38-9.jpg\",\"basename\":\"38-9.jpg\",\"created_date\":\"2026-04-30 15:01:23\",\"is_downloaded\":0,\"is_using_remote\":1},{\"multimedia_type\":\"Picture\",\"picture_url\":\"https:\/\/fotos15.inmovilla.com\/12732\/24621086\/38-10.jpg\",\"position\":10,\"picture_id\":10,\"media_id\":143353,\"post_id\":194258,\"id\":10,\"attachment_id\":0,\"url\":\"https:\/\/fotos15.inmovilla.com\/12732\/24621086\/38-10.jpg\",\"basename\":\"38-10.jpg\",\"created_date\":\"2026-04-30 15:01:23\",\"is_downloaded\":0,\"is_using_remote\":1},{\"multimedia_type\":\"Picture\",\"picture_url\":\"https:\/\/fotos15.inmovilla.com\/12732\/24621086\/38-11.jpg\",\"position\":11,\"picture_id\":11,\"media_id\":143354,\"post_id\":194258,\"id\":11,\"attachment_id\":0,\"url\":\"https:\/\/fotos15.inmovilla.com\/12732\/24621086\/38-11.jpg\",\"basename\":\"38-11.jpg\",\"created_date\":\"2026-04-30 15:01:23\",\"is_downloaded\":0,\"is_using_remote\":1},{\"multimedia_type\":\"Picture\",\"picture_url\":\"https:\/\/fotos15.inmovilla.com\/12732\/24621086\/38-12.jpg\",\"position\":12,\"picture_id\":12,\"media_id\":143355,\"post_id\":194258,\"id\":12,\"attachment_id\":0,\"url\":\"https:\/\/fotos15.inmovilla.com\/12732\/24621086\/38-12.jpg\",\"basename\":\"38-12.jpg\",\"created_date\":\"2026-04-30 15:01:23\",\"is_downloaded\":0,\"is_using_remote\":1},{\"multimedia_type\":\"Picture\",\"picture_url\":\"https:\/\/fotos15.inmovilla.com\/12732\/24621086\/38-13.jpg\",\"position\":13,\"picture_id\":13,\"media_id\":143356,\"post_id\":194258,\"id\":13,\"attachment_id\":0,\"url\":\"https:\/\/fotos15.inmovilla.com\/12732\/24621086\/38-13.jpg\",\"basename\":\"38-13.jpg\",\"created_date\":\"2026-04-30 15:01:23\",\"is_downloaded\":0,\"is_using_remote\":1},{\"multimedia_type\":\"Picture\",\"picture_url\":\"https:\/\/fotos15.inmovilla.com\/12732\/24621086\/38-14.jpg\",\"position\":14,\"picture_id\":14,\"media_id\":143357,\"post_id\":194258,\"id\":14,\"attachment_id\":0,\"url\":\"https:\/\/fotos15.inmovilla.com\/12732\/24621086\/38-14.jpg\",\"basename\":\"38-14.jpg\",\"created_date\":\"2026-04-30 15:01:23\",\"is_downloaded\":0,\"is_using_remote\":1},{\"multimedia_type\":\"Picture\",\"picture_url\":\"https:\/\/fotos15.inmovilla.com\/12732\/24621086\/38-15.jpg\",\"position\":15,\"picture_id\":15,\"media_id\":143358,\"post_id\":194258,\"id\":15,\"attachment_id\":0,\"url\":\"https:\/\/fotos15.inmovilla.com\/12732\/24621086\/38-15.jpg\",\"basename\":\"38-15.jpg\",\"created_date\":\"2026-04-30 15:01:23\",\"is_downloaded\":0,\"is_using_remote\":1},{\"multimedia_type\":\"Picture\",\"picture_url\":\"https:\/\/fotos15.inmovilla.com\/12732\/24621086\/38-16.jpg\",\"position\":16,\"picture_id\":16,\"media_id\":143359,\"post_id\":194258,\"id\":16,\"attachment_id\":0,\"url\":\"https:\/\/fotos15.inmovilla.com\/12732\/24621086\/38-16.jpg\",\"basename\":\"38-16.jpg\",\"created_date\":\"2026-04-30 15:01:23\",\"is_downloaded\":0,\"is_using_remote\":1},{\"multimedia_type\":\"Picture\",\"picture_url\":\"https:\/\/fotos15.inmovilla.com\/12732\/24621086\/38-17.jpg\",\"position\":17,\"picture_id\":17,\"media_id\":143360,\"post_id\":194258,\"id\":17,\"attachment_id\":0,\"url\":\"https:\/\/fotos15.inmovilla.com\/12732\/24621086\/38-17.jpg\",\"basename\":\"38-17.jpg\",\"created_date\":\"2026-04-30 15:01:23\",\"is_downloaded\":0,\"is_using_remote\":1},{\"multimedia_type\":\"Picture\",\"picture_url\":\"https:\/\/fotos15.inmovilla.com\/12732\/24621086\/38-18.jpg\",\"position\":18,\"picture_id\":18,\"media_id\":143361,\"post_id\":194258,\"id\":18,\"attachment_id\":0,\"url\":\"https:\/\/fotos15.inmovilla.com\/12732\/24621086\/38-18.jpg\",\"basename\":\"38-18.jpg\",\"created_date\":\"2026-04-30 15:01:23\",\"is_downloaded\":0,\"is_using_remote\":1},{\"multimedia_type\":\"Picture\",\"picture_url\":\"https:\/\/fotos15.inmovilla.com\/12732\/24621086\/38-19.jpg\",\"position\":19,\"picture_id\":19,\"media_id\":143362,\"post_id\":194258,\"id\":19,\"attachment_id\":0,\"url\":\"https:\/\/fotos15.inmovilla.com\/12732\/24621086\/38-19.jpg\",\"basename\":\"38-19.jpg\",\"created_date\":\"2026-04-30 15:01:23\",\"is_downloaded\":0,\"is_using_remote\":1},{\"multimedia_type\":\"Picture\",\"picture_url\":\"https:\/\/fotos15.inmovilla.com\/12732\/24621086\/38-20.jpg\",\"position\":20,\"picture_id\":20,\"media_id\":143363,\"post_id\":194258,\"id\":20,\"attachment_id\":0,\"url\":\"https:\/\/fotos15.inmovilla.com\/12732\/24621086\/38-20.jpg\",\"basename\":\"38-20.jpg\",\"created_date\":\"2026-04-30 15:01:23\",\"is_downloaded\":0,\"is_using_remote\":1},{\"multimedia_type\":\"Picture\",\"picture_url\":\"https:\/\/fotos15.inmovilla.com\/12732\/24621086\/38-21.jpg\",\"position\":21,\"picture_id\":21,\"media_id\":143364,\"post_id\":194258,\"id\":21,\"attachment_id\":0,\"url\":\"https:\/\/fotos15.inmovilla.com\/12732\/24621086\/38-21.jpg\",\"basename\":\"38-21.jpg\",\"created_date\":\"2026-04-30 15:01:23\",\"is_downloaded\":0,\"is_using_remote\":1},{\"multimedia_type\":\"Picture\",\"picture_url\":\"https:\/\/fotos15.inmovilla.com\/12732\/24621086\/38-22.jpg\",\"position\":22,\"picture_id\":22,\"media_id\":143365,\"post_id\":194258,\"id\":22,\"attachment_id\":0,\"url\":\"https:\/\/fotos15.inmovilla.com\/12732\/24621086\/38-22.jpg\",\"basename\":\"38-22.jpg\",\"created_date\":\"2026-04-30 15:01:23\",\"is_downloaded\":0,\"is_using_remote\":1},{\"multimedia_type\":\"Picture\",\"picture_url\":\"https:\/\/fotos15.inmovilla.com\/12732\/24621086\/38-23.jpg\",\"position\":23,\"picture_id\":23,\"media_id\":143366,\"post_id\":194258,\"id\":23,\"attachment_id\":0,\"url\":\"https:\/\/fotos15.inmovilla.com\/12732\/24621086\/38-23.jpg\",\"basename\":\"38-23.jpg\",\"created_date\":\"2026-04-30 15:01:23\",\"is_downloaded\":0,\"is_using_remote\":1},{\"multimedia_type\":\"Picture\",\"picture_url\":\"https:\/\/fotos15.inmovilla.com\/12732\/24621086\/38-24.jpg\",\"position\":24,\"picture_id\":24,\"media_id\":143367,\"post_id\":194258,\"id\":24,\"attachment_id\":0,\"url\":\"https:\/\/fotos15.inmovilla.com\/12732\/24621086\/38-24.jpg\",\"basename\":\"38-24.jpg\",\"created_date\":\"2026-04-30 15:01:23\",\"is_downloaded\":0,\"is_using_remote\":1},{\"multimedia_type\":\"Picture\",\"picture_url\":\"https:\/\/fotos15.inmovilla.com\/12732\/24621086\/38-25.jpg\",\"position\":25,\"picture_id\":25,\"media_id\":143368,\"post_id\":194258,\"id\":25,\"attachment_id\":0,\"url\":\"https:\/\/fotos15.inmovilla.com\/12732\/24621086\/38-25.jpg\",\"basename\":\"38-25.jpg\",\"created_date\":\"2026-04-30 15:01:23\",\"is_downloaded\":0,\"is_using_remote\":1},{\"multimedia_type\":\"Picture\",\"picture_url\":\"https:\/\/fotos15.inmovilla.com\/12732\/24621086\/38-26.jpg\",\"position\":26,\"picture_id\":26,\"media_id\":143369,\"post_id\":194258,\"id\":26,\"attachment_id\":0,\"url\":\"https:\/\/fotos15.inmovilla.com\/12732\/24621086\/38-26.jpg\",\"basename\":\"38-26.jpg\",\"created_date\":\"2026-04-30 15:01:23\",\"is_downloaded\":0,\"is_using_remote\":1},{\"multimedia_type\":\"Picture\",\"picture_url\":\"https:\/\/fotos15.inmovilla.com\/12732\/24621086\/38-27.jpg\",\"position\":27,\"picture_id\":27,\"media_id\":143370,\"post_id\":194258,\"id\":27,\"attachment_id\":0,\"url\":\"https:\/\/fotos15.inmovilla.com\/12732\/24621086\/38-27.jpg\",\"basename\":\"38-27.jpg\",\"created_date\":\"2026-04-30 15:01:23\",\"is_downloaded\":0,\"is_using_remote\":1},{\"multimedia_type\":\"Picture\",\"picture_url\":\"https:\/\/fotos15.inmovilla.com\/12732\/24621086\/38-28.jpg\",\"position\":28,\"picture_id\":28,\"media_id\":143371,\"post_id\":194258,\"id\":28,\"attachment_id\":0,\"url\":\"https:\/\/fotos15.inmovilla.com\/12732\/24621086\/38-28.jpg\",\"basename\":\"38-28.jpg\",\"created_date\":\"2026-04-30 15:01:23\",\"is_downloaded\":0,\"is_using_remote\":1},{\"multimedia_type\":\"Picture\",\"picture_url\":\"https:\/\/fotos15.inmovilla.com\/12732\/24621086\/38-29.jpg\",\"position\":29,\"picture_id\":29,\"media_id\":143372,\"post_id\":194258,\"id\":29,\"attachment_id\":0,\"url\":\"https:\/\/fotos15.inmovilla.com\/12732\/24621086\/38-29.jpg\",\"basename\":\"38-29.jpg\",\"created_date\":\"2026-04-30 15:01:23\",\"is_downloaded\":0,\"is_using_remote\":1},{\"multimedia_type\":\"Picture\",\"picture_url\":\"https:\/\/fotos15.inmovilla.com\/12732\/24621086\/38-30.jpg\",\"position\":30,\"picture_id\":30,\"media_id\":143373,\"post_id\":194258,\"id\":30,\"attachment_id\":0,\"url\":\"https:\/\/fotos15.inmovilla.com\/12732\/24621086\/38-30.jpg\",\"basename\":\"38-30.jpg\",\"created_date\":\"2026-04-30 15:01:23\",\"is_downloaded\":0,\"is_using_remote\":1},{\"multimedia_type\":\"Picture\",\"picture_url\":\"https:\/\/fotos15.inmovilla.com\/12732\/24621086\/38-31.jpg\",\"position\":31,\"picture_id\":31,\"media_id\":143374,\"post_id\":194258,\"id\":31,\"attachment_id\":0,\"url\":\"https:\/\/fotos15.inmovilla.com\/12732\/24621086\/38-31.jpg\",\"basename\":\"38-31.jpg\",\"created_date\":\"2026-04-30 15:01:23\",\"is_downloaded\":0,\"is_using_remote\":1},{\"multimedia_type\":\"Picture\",\"picture_url\":\"https:\/\/fotos15.inmovilla.com\/12732\/24621086\/38-32.jpg\",\"position\":32,\"picture_id\":32,\"media_id\":143375,\"post_id\":194258,\"id\":32,\"attachment_id\":0,\"url\":\"https:\/\/fotos15.inmovilla.com\/12732\/24621086\/38-32.jpg\",\"basename\":\"38-32.jpg\",\"created_date\":\"2026-04-30 15:01:23\",\"is_downloaded\":0,\"is_using_remote\":1},{\"multimedia_type\":\"Picture\",\"picture_url\":\"https:\/\/fotos15.inmovilla.com\/12732\/24621086\/38-33.jpg\",\"position\":33,\"picture_id\":33,\"media_id\":143376,\"post_id\":194258,\"id\":33,\"attachment_id\":0,\"url\":\"https:\/\/fotos15.inmovilla.com\/12732\/24621086\/38-33.jpg\",\"basename\":\"38-33.jpg\",\"created_date\":\"2026-04-30 15:01:23\",\"is_downloaded\":0,\"is_using_remote\":1},{\"multimedia_type\":\"Picture\",\"picture_url\":\"https:\/\/fotos15.inmovilla.com\/12732\/24621086\/38-34.jpg\",\"position\":34,\"picture_id\":34,\"media_id\":143377,\"post_id\":194258,\"id\":34,\"attachment_id\":0,\"url\":\"https:\/\/fotos15.inmovilla.com\/12732\/24621086\/38-34.jpg\",\"basename\":\"38-34.jpg\",\"created_date\":\"2026-04-30 15:01:23\",\"is_downloaded\":0,\"is_using_remote\":1},{\"multimedia_type\":\"Picture\",\"picture_url\":\"https:\/\/fotos15.inmovilla.com\/12732\/24621086\/38-35.jpg\",\"position\":35,\"picture_id\":35,\"media_id\":143378,\"post_id\":194258,\"id\":35,\"attachment_id\":0,\"url\":\"https:\/\/fotos15.inmovilla.com\/12732\/24621086\/38-35.jpg\",\"basename\":\"38-35.jpg\",\"created_date\":\"2026-04-30 15:01:23\",\"is_downloaded\":0,\"is_using_remote\":1},{\"multimedia_type\":\"Picture\",\"picture_url\":\"https:\/\/fotos15.inmovilla.com\/12732\/24621086\/38-36.jpg\",\"position\":36,\"picture_id\":36,\"media_id\":143379,\"post_id\":194258,\"id\":36,\"attachment_id\":0,\"url\":\"https:\/\/fotos15.inmovilla.com\/12732\/24621086\/38-36.jpg\",\"basename\":\"38-36.jpg\",\"created_date\":\"2026-04-30 15:01:23\",\"is_downloaded\":0,\"is_using_remote\":1},{\"multimedia_type\":\"Picture\",\"picture_url\":\"https:\/\/fotos15.inmovilla.com\/12732\/24621086\/38-37.jpg\",\"position\":37,\"picture_id\":37,\"media_id\":143380,\"post_id\":194258,\"id\":37,\"attachment_id\":0,\"url\":\"https:\/\/fotos15.inmovilla.com\/12732\/24621086\/38-37.jpg\",\"basename\":\"38-37.jpg\",\"created_date\":\"2026-04-30 15:01:23\",\"is_downloaded\":0,\"is_using_remote\":1},{\"multimedia_type\":\"Picture\",\"picture_url\":\"https:\/\/fotos15.inmovilla.com\/12732\/24621086\/38-38.jpg\",\"position\":38,\"picture_id\":38,\"media_id\":143381,\"post_id\":194258,\"id\":38,\"attachment_id\":0,\"url\":\"https:\/\/fotos15.inmovilla.com\/12732\/24621086\/38-38.jpg\",\"basename\":\"38-38.jpg\",\"created_date\":\"2026-04-30 15:01:23\",\"is_downloaded\":0,\"is_using_remote\":1},{\"multimedia_type\":\"Picture\",\"picture_url\":\"https:\/\/fotos15.inmovilla.com\/12732\/24621086\/38-39.jpg\",\"position\":39,\"picture_id\":39,\"media_id\":143382,\"post_id\":194258,\"id\":39,\"attachment_id\":0,\"url\":\"https:\/\/fotos15.inmovilla.com\/12732\/24621086\/38-39.jpg\",\"basename\":\"38-39.jpg\",\"created_date\":\"2026-04-30 15:01:24\",\"is_downloaded\":0,\"is_using_remote\":1},{\"multimedia_type\":\"Picture\",\"picture_url\":\"https:\/\/fotos15.inmovilla.com\/12732\/24621086\/38-40.jpg\",\"position\":40,\"picture_id\":40,\"media_id\":143383,\"post_id\":194258,\"id\":40,\"attachment_id\":0,\"url\":\"https:\/\/fotos15.inmovilla.com\/12732\/24621086\/38-40.jpg\",\"basename\":\"38-40.jpg\",\"created_date\":\"2026-04-30 15:01:24\",\"is_downloaded\":0,\"is_using_remote\":1},{\"multimedia_type\":\"Picture\",\"picture_url\":\"https:\/\/fotos15.inmovilla.com\/12732\/24621086\/38-41.jpg\",\"position\":41,\"picture_id\":41,\"media_id\":143384,\"post_id\":194258,\"id\":41,\"attachment_id\":0,\"url\":\"https:\/\/fotos15.inmovilla.com\/12732\/24621086\/38-41.jpg\",\"basename\":\"38-41.jpg\",\"created_date\":\"2026-04-30 15:01:24\",\"is_downloaded\":0,\"is_using_remote\":1},{\"multimedia_type\":\"Picture\",\"picture_url\":\"https:\/\/fotos15.inmovilla.com\/12732\/24621086\/38-42.jpg\",\"position\":42,\"picture_id\":42,\"media_id\":143385,\"post_id\":194258,\"id\":42,\"attachment_id\":0,\"url\":\"https:\/\/fotos15.inmovilla.com\/12732\/24621086\/38-42.jpg\",\"basename\":\"38-42.jpg\",\"created_date\":\"2026-04-30 15:01:24\",\"is_downloaded\":0,\"is_using_remote\":1},{\"multimedia_type\":\"Picture\",\"picture_url\":\"https:\/\/fotos15.inmovilla.com\/12732\/24621086\/38-43.jpg\",\"position\":43,\"picture_id\":43,\"media_id\":143386,\"post_id\":194258,\"id\":43,\"attachment_id\":0,\"url\":\"https:\/\/fotos15.inmovilla.com\/12732\/24621086\/38-43.jpg\",\"basename\":\"38-43.jpg\",\"created_date\":\"2026-04-30 15:01:24\",\"is_downloaded\":0,\"is_using_remote\":1},{\"multimedia_type\":\"Picture\",\"picture_url\":\"https:\/\/fotos15.inmovilla.com\/12732\/24621086\/38-44.jpg\",\"position\":44,\"picture_id\":44,\"media_id\":143387,\"post_id\":194258,\"id\":44,\"attachment_id\":0,\"url\":\"https:\/\/fotos15.inmovilla.com\/12732\/24621086\/38-44.jpg\",\"basename\":\"38-44.jpg\",\"created_date\":\"2026-04-30 15:01:24\",\"is_downloaded\":0,\"is_using_remote\":1},{\"multimedia_type\":\"Picture\",\"picture_url\":\"https:\/\/fotos15.inmovilla.com\/12732\/24621086\/38-45.jpg\",\"position\":45,\"picture_id\":45,\"media_id\":143388,\"post_id\":194258,\"id\":45,\"attachment_id\":0,\"url\":\"https:\/\/fotos15.inmovilla.com\/12732\/24621086\/38-45.jpg\",\"basename\":\"38-45.jpg\",\"created_date\":\"2026-04-30 15:01:24\",\"is_downloaded\":0,\"is_using_remote\":1},{\"multimedia_type\":\"Picture\",\"picture_url\":\"https:\/\/fotos15.inmovilla.com\/12732\/24621086\/38-46.jpg\",\"position\":46,\"picture_id\":46,\"media_id\":143389,\"post_id\":194258,\"id\":46,\"attachment_id\":0,\"url\":\"https:\/\/fotos15.inmovilla.com\/12732\/24621086\/38-46.jpg\",\"basename\":\"38-46.jpg\",\"created_date\":\"2026-04-30 15:01:24\",\"is_downloaded\":0,\"is_using_remote\":1},{\"multimedia_type\":\"Picture\",\"picture_url\":\"https:\/\/fotos15.inmovilla.com\/12732\/24621086\/38-47.jpg\",\"position\":47,\"picture_id\":47,\"media_id\":143390,\"post_id\":194258,\"id\":47,\"attachment_id\":0,\"url\":\"https:\/\/fotos15.inmovilla.com\/12732\/24621086\/38-47.jpg\",\"basename\":\"38-47.jpg\",\"created_date\":\"2026-04-30 15:01:24\",\"is_downloaded\":0,\"is_using_remote\":1},{\"multimedia_type\":\"Picture\",\"picture_url\":\"https:\/\/fotos15.inmovilla.com\/12732\/24621086\/38-48.jpg\",\"position\":48,\"picture_id\":48,\"media_id\":143391,\"post_id\":194258,\"id\":48,\"attachment_id\":0,\"url\":\"https:\/\/fotos15.inmovilla.com\/12732\/24621086\/38-48.jpg\",\"basename\":\"38-48.jpg\",\"created_date\":\"2026-04-30 15:01:24\",\"is_downloaded\":0,\"is_using_remote\":1},{\"multimedia_type\":\"Picture\",\"picture_url\":\"https:\/\/fotos15.inmovilla.com\/12732\/24621086\/38-49.jpg\",\"position\":49,\"picture_id\":49,\"media_id\":143392,\"post_id\":194258,\"id\":49,\"attachment_id\":0,\"url\":\"https:\/\/fotos15.inmovilla.com\/12732\/24621086\/38-49.jpg\",\"basename\":\"38-49.jpg\",\"created_date\":\"2026-04-30 15:01:24\",\"is_downloaded\":0,\"is_using_remote\":1},{\"multimedia_type\":\"Picture\",\"picture_url\":\"https:\/\/fotos15.inmovilla.com\/12732\/24621086\/38-50.jpg\",\"position\":50,\"picture_id\":50,\"media_id\":143393,\"post_id\":194258,\"id\":50,\"attachment_id\":0,\"url\":\"https:\/\/fotos15.inmovilla.com\/12732\/24621086\/38-50.jpg\",\"basename\":\"38-50.jpg\",\"created_date\":\"2026-04-30 15:01:24\",\"is_downloaded\":0,\"is_using_remote\":1},{\"multimedia_type\":\"Picture\",\"picture_url\":\"https:\/\/fotos15.inmovilla.com\/12732\/24621086\/38-51.jpg\",\"position\":51,\"picture_id\":51,\"media_id\":143394,\"post_id\":194258,\"id\":51,\"attachment_id\":0,\"url\":\"https:\/\/fotos15.inmovilla.com\/12732\/24621086\/38-51.jpg\",\"basename\":\"38-51.jpg\",\"created_date\":\"2026-04-30 15:01:24\",\"is_downloaded\":0,\"is_using_remote\":1},{\"multimedia_type\":\"Picture\",\"picture_url\":\"https:\/\/fotos15.inmovilla.com\/12732\/24621086\/38-52.jpg\",\"position\":52,\"picture_id\":52,\"media_id\":143395,\"post_id\":194258,\"id\":52,\"attachment_id\":0,\"url\":\"https:\/\/fotos15.inmovilla.com\/12732\/24621086\/38-52.jpg\",\"basename\":\"38-52.jpg\",\"created_date\":\"2026-04-30 15:01:24\",\"is_downloaded\":0,\"is_using_remote\":1},{\"multimedia_type\":\"Picture\",\"picture_url\":\"https:\/\/fotos15.inmovilla.com\/12732\/24621086\/38-53.jpg\",\"position\":53,\"picture_id\":53,\"media_id\":143396,\"post_id\":194258,\"id\":53,\"attachment_id\":0,\"url\":\"https:\/\/fotos15.inmovilla.com\/12732\/24621086\/38-53.jpg\",\"basename\":\"38-53.jpg\",\"created_date\":\"2026-04-30 15:01:24\",\"is_downloaded\":0,\"is_using_remote\":1},{\"multimedia_type\":\"Picture\",\"picture_url\":\"https:\/\/fotos15.inmovilla.com\/12732\/24621086\/38-54.jpg\",\"position\":54,\"picture_id\":54,\"media_id\":143397,\"post_id\":194258,\"id\":54,\"attachment_id\":0,\"url\":\"https:\/\/fotos15.inmovilla.com\/12732\/24621086\/38-54.jpg\",\"basename\":\"38-54.jpg\",\"created_date\":\"2026-04-30 15:01:24\",\"is_downloaded\":0,\"is_using_remote\":1},{\"multimedia_type\":\"Picture\",\"picture_url\":\"https:\/\/fotos15.inmovilla.com\/12732\/24621086\/38-55.jpg\",\"position\":55,\"picture_id\":55,\"media_id\":143398,\"post_id\":194258,\"id\":55,\"attachment_id\":0,\"url\":\"https:\/\/fotos15.inmovilla.com\/12732\/24621086\/38-55.jpg\",\"basename\":\"38-55.jpg\",\"created_date\":\"2026-04-30 15:01:24\",\"is_downloaded\":0,\"is_using_remote\":1},{\"multimedia_type\":\"Picture\",\"picture_url\":\"https:\/\/fotos15.inmovilla.com\/12732\/24621086\/38-56.jpg\",\"position\":56,\"picture_id\":56,\"media_id\":143399,\"post_id\":194258,\"id\":56,\"attachment_id\":0,\"url\":\"https:\/\/fotos15.inmovilla.com\/12732\/24621086\/38-56.jpg\",\"basename\":\"38-56.jpg\",\"created_date\":\"2026-04-30 15:01:24\",\"is_downloaded\":0,\"is_using_remote\":1},{\"multimedia_type\":\"Picture\",\"picture_url\":\"https:\/\/fotos15.inmovilla.com\/12732\/24621086\/38-57.jpg\",\"position\":57,\"picture_id\":57,\"media_id\":143400,\"post_id\":194258,\"id\":57,\"attachment_id\":0,\"url\":\"https:\/\/fotos15.inmovilla.com\/12732\/24621086\/38-57.jpg\",\"basename\":\"38-57.jpg\",\"created_date\":\"2026-04-30 15:01:24\",\"is_downloaded\":0,\"is_using_remote\":1},{\"multimedia_type\":\"Picture\",\"picture_url\":\"https:\/\/fotos15.inmovilla.com\/12732\/24621086\/38-58.jpg\",\"position\":58,\"picture_id\":58,\"media_id\":143401,\"post_id\":194258,\"id\":58,\"attachment_id\":0,\"url\":\"https:\/\/fotos15.inmovilla.com\/12732\/24621086\/38-58.jpg\",\"basename\":\"38-58.jpg\",\"created_date\":\"2026-04-30 15:01:24\",\"is_downloaded\":0,\"is_using_remote\":1},{\"multimedia_type\":\"Picture\",\"picture_url\":\"https:\/\/fotos15.inmovilla.com\/12732\/24621086\/38-59.jpg\",\"position\":59,\"picture_id\":59,\"media_id\":143402,\"post_id\":194258,\"id\":59,\"attachment_id\":0,\"url\":\"https:\/\/fotos15.inmovilla.com\/12732\/24621086\/38-59.jpg\",\"basename\":\"38-59.jpg\",\"created_date\":\"2026-04-30 15:01:24\",\"is_downloaded\":0,\"is_using_remote\":1},{\"multimedia_type\":\"Picture\",\"picture_url\":\"https:\/\/fotos15.inmovilla.com\/12732\/24621086\/38-60.jpg\",\"position\":60,\"picture_id\":60,\"media_id\":143403,\"post_id\":194258,\"id\":60,\"attachment_id\":0,\"url\":\"https:\/\/fotos15.inmovilla.com\/12732\/24621086\/38-60.jpg\",\"basename\":\"38-60.jpg\",\"created_date\":\"2026-04-30 15:01:24\",\"is_downloaded\":0,\"is_using_remote\":1}]"],"_thumbnail_id":["194259"],"fave_property_images":["194259"],"apg_property_id":["24621086"],"_wpml_word_count":["263"],"_eael_post_view_count":["4"],"houzez_recently_viewed":["2026-05-01 12:17:36"],"houzez_total_property_views":["4"],"houzez_views_by_date":["a:2:{s:10:\"04-30-2026\";i:1;s:10:\"05-01-2026\";i:3;}"],"_elementor_page_assets":["a:0:{}"]},"yoast_head":"<!-- This site is optimized with the Yoast SEO plugin v27.5 - https:\/\/yoast.com\/product\/yoast-seo-wordpress\/ -->\n<title>Wundersch\u00f6ne Finca zwischen Santanyi, Cala Figuera, Cala Santany\u00ed mit Pool, Garten, \u00fcberdachter Terrasse, Zentral Heizung, Traum Weitblick. - RE\/MAX Drac<\/title>\n<meta name=\"robots\" content=\"index, follow, max-snippet:-1, max-image-preview:large, max-video-preview:-1\" \/>\n<link rel=\"canonical\" href=\"https:\/\/www.santanyi.net\/de\/property\/wunderschone-finca-zwischen-santanyi-cala-figuera-cala-santanyi-mit-pool-garten-uberdachter-terrasse-zentral-heizung-traum-weitblick-2\/\" \/>\n<meta property=\"og:locale\" content=\"de_DE\" \/>\n<meta property=\"og:type\" content=\"article\" \/>\n<meta property=\"og:title\" content=\"Wundersch\u00f6ne Finca zwischen Santanyi, Cala Figuera, Cala Santany\u00ed mit Pool, Garten, \u00fcberdachter Terrasse, Zentral Heizung, Traum Weitblick. - RE\/MAX Drac\" \/>\n<meta property=\"og:description\" content=\"Nur 5 km von Santany\u00ed entfernt, befindet sich diese beeindruckende Finca in privilegierter Lage auf einem 13.879 m\u00b2 gro\u00dfen Grundst\u00fcck und bietet absolute Privatsph\u00e4re sowie eine wundersch\u00f6ne nat\u00fcrliche Umgebung. Mit einer Wohnfl\u00e4che von 390 m\u00b2 auf zwei Etagen verf\u00fcgt die Immobilie \u00fcber 6 ger\u00e4umige Schlafzimmer und 4 B\u00e4der, ideal f\u00fcr Familien oder Liebhaber gro\u00dfz\u00fcgiger Wohnr\u00e4ume.Im [&hellip;]\" \/>\n<meta property=\"og:url\" content=\"https:\/\/www.santanyi.net\/de\/property\/wunderschone-finca-zwischen-santanyi-cala-figuera-cala-santanyi-mit-pool-garten-uberdachter-terrasse-zentral-heizung-traum-weitblick-2\/\" \/>\n<meta property=\"og:site_name\" content=\"RE\/MAX Drac\" \/>\n<meta property=\"article:modified_time\" content=\"2026-05-01T06:04:09+00:00\" \/>\n<meta property=\"og:image\" content=\"https:\/\/www.santanyi.net\/wp-content\/uploads\/anaconda_property_media\/24621086-194258\/38-1.jpg\" \/>\n\t<meta property=\"og:image:width\" content=\"1920\" \/>\n\t<meta property=\"og:image:height\" content=\"1439\" \/>\n\t<meta property=\"og:image:type\" content=\"image\/jpeg\" \/>\n<meta name=\"twitter:card\" content=\"summary_large_image\" \/>\n<meta name=\"twitter:label1\" content=\"Gesch\u00e4tzte Lesezeit\" \/>\n\t<meta name=\"twitter:data1\" content=\"1\u00a0Minute\" \/>\n<script type=\"application\/ld+json\" class=\"yoast-schema-graph\">{\"@context\":\"https:\\\/\\\/schema.org\",\"@graph\":[{\"@type\":\"WebPage\",\"@id\":\"https:\\\/\\\/www.santanyi.net\\\/de\\\/property\\\/wunderschone-finca-zwischen-santanyi-cala-figuera-cala-santanyi-mit-pool-garten-uberdachter-terrasse-zentral-heizung-traum-weitblick-2\\\/\",\"url\":\"https:\\\/\\\/www.santanyi.net\\\/de\\\/property\\\/wunderschone-finca-zwischen-santanyi-cala-figuera-cala-santanyi-mit-pool-garten-uberdachter-terrasse-zentral-heizung-traum-weitblick-2\\\/\",\"name\":\"Wundersch\u00f6ne Finca zwischen Santanyi, Cala Figuera, Cala Santany\u00ed mit Pool, Garten, \u00fcberdachter Terrasse, Zentral Heizung, Traum Weitblick. - RE\\\/MAX Drac\",\"isPartOf\":{\"@id\":\"https:\\\/\\\/www.santanyi.net\\\/de\\\/#website\"},\"primaryImageOfPage\":{\"@id\":\"https:\\\/\\\/www.santanyi.net\\\/de\\\/property\\\/wunderschone-finca-zwischen-santanyi-cala-figuera-cala-santanyi-mit-pool-garten-uberdachter-terrasse-zentral-heizung-traum-weitblick-2\\\/#primaryimage\"},\"image\":{\"@id\":\"https:\\\/\\\/www.santanyi.net\\\/de\\\/property\\\/wunderschone-finca-zwischen-santanyi-cala-figuera-cala-santanyi-mit-pool-garten-uberdachter-terrasse-zentral-heizung-traum-weitblick-2\\\/#primaryimage\"},\"thumbnailUrl\":\"https:\\\/\\\/www.santanyi.net\\\/wp-content\\\/uploads\\\/anaconda_property_media\\\/24621086-194258\\\/38-1.jpg\",\"datePublished\":\"2026-04-30T15:01:23+00:00\",\"dateModified\":\"2026-05-01T06:04:09+00:00\",\"breadcrumb\":{\"@id\":\"https:\\\/\\\/www.santanyi.net\\\/de\\\/property\\\/wunderschone-finca-zwischen-santanyi-cala-figuera-cala-santanyi-mit-pool-garten-uberdachter-terrasse-zentral-heizung-traum-weitblick-2\\\/#breadcrumb\"},\"inLanguage\":\"de\",\"potentialAction\":[{\"@type\":\"ReadAction\",\"target\":[\"https:\\\/\\\/www.santanyi.net\\\/de\\\/property\\\/wunderschone-finca-zwischen-santanyi-cala-figuera-cala-santanyi-mit-pool-garten-uberdachter-terrasse-zentral-heizung-traum-weitblick-2\\\/\"]}]},{\"@type\":\"ImageObject\",\"inLanguage\":\"de\",\"@id\":\"https:\\\/\\\/www.santanyi.net\\\/de\\\/property\\\/wunderschone-finca-zwischen-santanyi-cala-figuera-cala-santanyi-mit-pool-garten-uberdachter-terrasse-zentral-heizung-traum-weitblick-2\\\/#primaryimage\",\"url\":\"https:\\\/\\\/www.santanyi.net\\\/wp-content\\\/uploads\\\/anaconda_property_media\\\/24621086-194258\\\/38-1.jpg\",\"contentUrl\":\"https:\\\/\\\/www.santanyi.net\\\/wp-content\\\/uploads\\\/anaconda_property_media\\\/24621086-194258\\\/38-1.jpg\",\"width\":1920,\"height\":1439},{\"@type\":\"BreadcrumbList\",\"@id\":\"https:\\\/\\\/www.santanyi.net\\\/de\\\/property\\\/wunderschone-finca-zwischen-santanyi-cala-figuera-cala-santanyi-mit-pool-garten-uberdachter-terrasse-zentral-heizung-traum-weitblick-2\\\/#breadcrumb\",\"itemListElement\":[{\"@type\":\"ListItem\",\"position\":1,\"name\":\"Home\",\"item\":\"https:\\\/\\\/www.santanyi.net\\\/de\\\/\"},{\"@type\":\"ListItem\",\"position\":2,\"name\":\"Eigenschaften\",\"item\":\"https:\\\/\\\/www.santanyi.net\\\/de\\\/property\\\/\"},{\"@type\":\"ListItem\",\"position\":3,\"name\":\"Wundersch\u00f6ne Finca zwischen Santanyi, Cala Figuera, Cala Santany\u00ed mit Pool, Garten, \u00fcberdachter Terrasse, Zentral Heizung, Traum Weitblick.\"}]},{\"@type\":\"WebSite\",\"@id\":\"https:\\\/\\\/www.santanyi.net\\\/de\\\/#website\",\"url\":\"https:\\\/\\\/www.santanyi.net\\\/de\\\/\",\"name\":\"RE\\\/MAX Drac\",\"description\":\"\",\"publisher\":{\"@id\":\"https:\\\/\\\/www.santanyi.net\\\/de\\\/#organization\"},\"potentialAction\":[{\"@type\":\"SearchAction\",\"target\":{\"@type\":\"EntryPoint\",\"urlTemplate\":\"https:\\\/\\\/www.santanyi.net\\\/de\\\/?s={search_term_string}\"},\"query-input\":{\"@type\":\"PropertyValueSpecification\",\"valueRequired\":true,\"valueName\":\"search_term_string\"}}],\"inLanguage\":\"de\"},{\"@type\":\"Organization\",\"@id\":\"https:\\\/\\\/www.santanyi.net\\\/de\\\/#organization\",\"name\":\"RE\\\/MAX Drac\",\"url\":\"https:\\\/\\\/www.santanyi.net\\\/de\\\/\",\"logo\":{\"@type\":\"ImageObject\",\"inLanguage\":\"de\",\"@id\":\"https:\\\/\\\/www.santanyi.net\\\/de\\\/#\\\/schema\\\/logo\\\/image\\\/\",\"url\":\"https:\\\/\\\/www.santanyi.net\\\/wp-content\\\/uploads\\\/2025\\\/07\\\/logo-nuevo.png\",\"contentUrl\":\"https:\\\/\\\/www.santanyi.net\\\/wp-content\\\/uploads\\\/2025\\\/07\\\/logo-nuevo.png\",\"width\":295,\"height\":165,\"caption\":\"RE\\\/MAX Drac\"},\"image\":{\"@id\":\"https:\\\/\\\/www.santanyi.net\\\/de\\\/#\\\/schema\\\/logo\\\/image\\\/\"}}]}<\/script>\n<!-- \/ Yoast SEO plugin. -->","yoast_head_json":{"title":"Wundersch\u00f6ne Finca zwischen Santanyi, Cala Figuera, Cala Santany\u00ed mit Pool, Garten, \u00fcberdachter Terrasse, Zentral Heizung, Traum Weitblick. - RE\/MAX Drac","robots":{"index":"index","follow":"follow","max-snippet":"max-snippet:-1","max-image-preview":"max-image-preview:large","max-video-preview":"max-video-preview:-1"},"canonical":"https:\/\/www.santanyi.net\/de\/property\/wunderschone-finca-zwischen-santanyi-cala-figuera-cala-santanyi-mit-pool-garten-uberdachter-terrasse-zentral-heizung-traum-weitblick-2\/","og_locale":"de_DE","og_type":"article","og_title":"Wundersch\u00f6ne Finca zwischen Santanyi, Cala Figuera, Cala Santany\u00ed mit Pool, Garten, \u00fcberdachter Terrasse, Zentral Heizung, Traum Weitblick. - RE\/MAX Drac","og_description":"Nur 5 km von Santany\u00ed entfernt, befindet sich diese beeindruckende Finca in privilegierter Lage auf einem 13.879 m\u00b2 gro\u00dfen Grundst\u00fcck und bietet absolute Privatsph\u00e4re sowie eine wundersch\u00f6ne nat\u00fcrliche Umgebung. Mit einer Wohnfl\u00e4che von 390 m\u00b2 auf zwei Etagen verf\u00fcgt die Immobilie \u00fcber 6 ger\u00e4umige Schlafzimmer und 4 B\u00e4der, ideal f\u00fcr Familien oder Liebhaber gro\u00dfz\u00fcgiger Wohnr\u00e4ume.Im [&hellip;]","og_url":"https:\/\/www.santanyi.net\/de\/property\/wunderschone-finca-zwischen-santanyi-cala-figuera-cala-santanyi-mit-pool-garten-uberdachter-terrasse-zentral-heizung-traum-weitblick-2\/","og_site_name":"RE\/MAX Drac","article_modified_time":"2026-05-01T06:04:09+00:00","og_image":[{"width":1920,"height":1439,"url":"https:\/\/www.santanyi.net\/wp-content\/uploads\/anaconda_property_media\/24621086-194258\/38-1.jpg","type":"image\/jpeg"}],"twitter_card":"summary_large_image","twitter_misc":{"Gesch\u00e4tzte Lesezeit":"1\u00a0Minute"},"schema":{"@context":"https:\/\/schema.org","@graph":[{"@type":"WebPage","@id":"https:\/\/www.santanyi.net\/de\/property\/wunderschone-finca-zwischen-santanyi-cala-figuera-cala-santanyi-mit-pool-garten-uberdachter-terrasse-zentral-heizung-traum-weitblick-2\/","url":"https:\/\/www.santanyi.net\/de\/property\/wunderschone-finca-zwischen-santanyi-cala-figuera-cala-santanyi-mit-pool-garten-uberdachter-terrasse-zentral-heizung-traum-weitblick-2\/","name":"Wundersch\u00f6ne Finca zwischen Santanyi, Cala Figuera, Cala Santany\u00ed mit Pool, Garten, \u00fcberdachter Terrasse, Zentral Heizung, Traum Weitblick. - RE\/MAX Drac","isPartOf":{"@id":"https:\/\/www.santanyi.net\/de\/#website"},"primaryImageOfPage":{"@id":"https:\/\/www.santanyi.net\/de\/property\/wunderschone-finca-zwischen-santanyi-cala-figuera-cala-santanyi-mit-pool-garten-uberdachter-terrasse-zentral-heizung-traum-weitblick-2\/#primaryimage"},"image":{"@id":"https:\/\/www.santanyi.net\/de\/property\/wunderschone-finca-zwischen-santanyi-cala-figuera-cala-santanyi-mit-pool-garten-uberdachter-terrasse-zentral-heizung-traum-weitblick-2\/#primaryimage"},"thumbnailUrl":"https:\/\/www.santanyi.net\/wp-content\/uploads\/anaconda_property_media\/24621086-194258\/38-1.jpg","datePublished":"2026-04-30T15:01:23+00:00","dateModified":"2026-05-01T06:04:09+00:00","breadcrumb":{"@id":"https:\/\/www.santanyi.net\/de\/property\/wunderschone-finca-zwischen-santanyi-cala-figuera-cala-santanyi-mit-pool-garten-uberdachter-terrasse-zentral-heizung-traum-weitblick-2\/#breadcrumb"},"inLanguage":"de","potentialAction":[{"@type":"ReadAction","target":["https:\/\/www.santanyi.net\/de\/property\/wunderschone-finca-zwischen-santanyi-cala-figuera-cala-santanyi-mit-pool-garten-uberdachter-terrasse-zentral-heizung-traum-weitblick-2\/"]}]},{"@type":"ImageObject","inLanguage":"de","@id":"https:\/\/www.santanyi.net\/de\/property\/wunderschone-finca-zwischen-santanyi-cala-figuera-cala-santanyi-mit-pool-garten-uberdachter-terrasse-zentral-heizung-traum-weitblick-2\/#primaryimage","url":"https:\/\/www.santanyi.net\/wp-content\/uploads\/anaconda_property_media\/24621086-194258\/38-1.jpg","contentUrl":"https:\/\/www.santanyi.net\/wp-content\/uploads\/anaconda_property_media\/24621086-194258\/38-1.jpg","width":1920,"height":1439},{"@type":"BreadcrumbList","@id":"https:\/\/www.santanyi.net\/de\/property\/wunderschone-finca-zwischen-santanyi-cala-figuera-cala-santanyi-mit-pool-garten-uberdachter-terrasse-zentral-heizung-traum-weitblick-2\/#breadcrumb","itemListElement":[{"@type":"ListItem","position":1,"name":"Home","item":"https:\/\/www.santanyi.net\/de\/"},{"@type":"ListItem","position":2,"name":"Eigenschaften","item":"https:\/\/www.santanyi.net\/de\/property\/"},{"@type":"ListItem","position":3,"name":"Wundersch\u00f6ne Finca zwischen Santanyi, Cala Figuera, Cala Santany\u00ed mit Pool, Garten, \u00fcberdachter Terrasse, Zentral Heizung, Traum Weitblick."}]},{"@type":"WebSite","@id":"https:\/\/www.santanyi.net\/de\/#website","url":"https:\/\/www.santanyi.net\/de\/","name":"RE\/MAX Drac","description":"","publisher":{"@id":"https:\/\/www.santanyi.net\/de\/#organization"},"potentialAction":[{"@type":"SearchAction","target":{"@type":"EntryPoint","urlTemplate":"https:\/\/www.santanyi.net\/de\/?s={search_term_string}"},"query-input":{"@type":"PropertyValueSpecification","valueRequired":true,"valueName":"search_term_string"}}],"inLanguage":"de"},{"@type":"Organization","@id":"https:\/\/www.santanyi.net\/de\/#organization","name":"RE\/MAX Drac","url":"https:\/\/www.santanyi.net\/de\/","logo":{"@type":"ImageObject","inLanguage":"de","@id":"https:\/\/www.santanyi.net\/de\/#\/schema\/logo\/image\/","url":"https:\/\/www.santanyi.net\/wp-content\/uploads\/2025\/07\/logo-nuevo.png","contentUrl":"https:\/\/www.santanyi.net\/wp-content\/uploads\/2025\/07\/logo-nuevo.png","width":295,"height":165,"caption":"RE\/MAX Drac"},"image":{"@id":"https:\/\/www.santanyi.net\/de\/#\/schema\/logo\/image\/"}}]}},"_links":{"self":[{"href":"https:\/\/www.santanyi.net\/de\/wp-json\/wp\/v2\/properties\/194265","targetHints":{"allow":["GET"]}}],"collection":[{"href":"https:\/\/www.santanyi.net\/de\/wp-json\/wp\/v2\/properties"}],"about":[{"href":"https:\/\/www.santanyi.net\/de\/wp-json\/wp\/v2\/types\/property"}],"author":[{"embeddable":true,"href":"https:\/\/www.santanyi.net\/de\/wp-json\/wp\/v2\/users\/1"}],"version-history":[{"count":1,"href":"https:\/\/www.santanyi.net\/de\/wp-json\/wp\/v2\/properties\/194265\/revisions"}],"predecessor-version":[{"id":195261,"href":"https:\/\/www.santanyi.net\/de\/wp-json\/wp\/v2\/properties\/194265\/revisions\/195261"}],"wp:featuredmedia":[{"embeddable":true,"href":"https:\/\/www.santanyi.net\/de\/wp-json\/wp\/v2\/media\/194259"}],"wp:attachment":[{"href":"https:\/\/www.santanyi.net\/de\/wp-json\/wp\/v2\/media?parent=194265"}],"wp:term":[{"taxonomy":"property_type","embeddable":true,"href":"https:\/\/www.santanyi.net\/de\/wp-json\/wp\/v2\/property_type?post=194265"},{"taxonomy":"property_status","embeddable":true,"href":"https:\/\/www.santanyi.net\/de\/wp-json\/wp\/v2\/property_status?post=194265"},{"taxonomy":"property_feature","embeddable":true,"href":"https:\/\/www.santanyi.net\/de\/wp-json\/wp\/v2\/property_feature?post=194265"},{"taxonomy":"property_label","embeddable":true,"href":"https:\/\/www.santanyi.net\/de\/wp-json\/wp\/v2\/property_label?post=194265"},{"taxonomy":"property_country","embeddable":true,"href":"https:\/\/www.santanyi.net\/de\/wp-json\/wp\/v2\/property_country?post=194265"},{"taxonomy":"property_state","embeddable":true,"href":"https:\/\/www.santanyi.net\/de\/wp-json\/wp\/v2\/property_state?post=194265"},{"taxonomy":"property_city","embeddable":true,"href":"https:\/\/www.santanyi.net\/de\/wp-json\/wp\/v2\/property_city?post=194265"},{"taxonomy":"property_area","embeddable":true,"href":"https:\/\/www.santanyi.net\/de\/wp-json\/wp\/v2\/property_area?post=194265"}],"curies":[{"name":"wp","href":"https:\/\/api.w.org\/{rel}","templated":true}]}}