
{"id":194169,"date":"2026-04-30T15:00:42","date_gmt":"2026-04-30T15:00:42","guid":{"rendered":"https:\/\/www.santanyi.net\/property\/nur-per-e-mail-gemutliche-kleine-wohnung-im-2-og-ohne-aufzug-unmobliert-mit-schoner-geraumiger-terrasse-in-santanyi\/"},"modified":"2026-05-01T06:04:11","modified_gmt":"2026-05-01T06:04:11","slug":"nur-per-e-mail-gemutliche-kleine-wohnung-im-2-og-ohne-aufzug-unmobliert-mit-schoner-geraumiger-terrasse-in-santanyi-2","status":"publish","type":"property","link":"https:\/\/www.santanyi.net\/de\/property\/nur-per-e-mail-gemutliche-kleine-wohnung-im-2-og-ohne-aufzug-unmobliert-mit-schoner-geraumiger-terrasse-in-santanyi-2\/","title":{"rendered":"NUR PER E-MAIL!!! Gem\u00fctliche kleine Wohnung im 2. OG (ohne Aufzug), unm\u00f6bliert, mit sch\u00f6ner, ger\u00e4umiger Terrasse in Santany\u00ed"},"content":{"rendered":"<p>NUR ALS ZWEITWOHNSITZ!!! Charmante Wohnung im Herzen von Santany\u00ed. Mit einer Wohnfl\u00e4che von ca. 70 m\u00b2 zeichnet sich diese Immobilie durch Helligkeit und Komfort aus. Sie befindet sich im 2. OG (ohne Aufzug) und verf\u00fcgt \u00fcber zwei Schlafzimmer mit Zugang zu einem privaten Balkon. Das Badezimmer ist mit einer Dusche ausgestattet, und alle R\u00e4ume verf\u00fcgen \u00fcber eine Klimaanlage (warm\/kalt). Der offene K\u00fcchen-\/Wohn-\/Essbereich bietet Ger\u00e4te wie Mikrowelle, Geschirrsp\u00fcler, Ofen und Cerankochfeld \u2013 ideal, um gem\u00fctliche Stunden beim Kochen oder gemeinsamen Essen mit Familie und Freunden zu verbringen. Entspannen geht auf der ger\u00e4umigen, teilweise \u00fcberdachten Terrasse, die den perfekten Ort zum Relaxen nach einem langen Tag bietet. Zur Wohnung geh\u00f6rt au\u00dferdem ein zus\u00e4tzlicher grosser Dachboden. Einkaufsm\u00f6glichkeiten und Schulen sind in unmittelbarer N\u00e4he. Nur als Zweitwohnung verf\u00fcgbar (nicht als Erstwohnsitz). Interessenten sollten sich bitte ausschlie\u00dflich per E-Mail an uns wenden und Angaben zur gew\u00fcnschten Mietdauer, zur Gesamtzahl der Personen einschlie\u00dflich Kinder und Haustiere sowie zu deren beruflicher T\u00e4tigkeit machen, vielen Dank.<\/p>\n","protected":false},"excerpt":{"rendered":"<p>NUR ALS ZWEITWOHNSITZ!!! Charmante Wohnung im Herzen von Santany\u00ed. Mit einer Wohnfl\u00e4che von ca. 70 m\u00b2 zeichnet sich diese Immobilie durch Helligkeit und Komfort aus. Sie befindet sich im 2. OG (ohne Aufzug) und verf\u00fcgt \u00fcber zwei Schlafzimmer mit Zugang zu einem privaten Balkon. Das Badezimmer ist mit einer Dusche ausgestattet, und alle R\u00e4ume verf\u00fcgen [&hellip;]<\/p>\n","protected":false},"author":1,"featured_media":194163,"parent":0,"menu_order":0,"template":"","property_type":[2141],"property_status":[2135,2142],"property_feature":[1816,1765,1853,1878,1987,1975,1966,1879,1880,1822,1824,1945,1957,1899,1938,1901,1958],"property_label":[],"property_country":[],"property_state":[],"property_city":[635],"property_area":[636],"class_list":["post-194169","property","type-property","status-publish","has-post-thumbnail","hentry","property_type-apartamento-de","property_status-alquilar","property_status-alquilar-de","property_feature-aire_con-de","property_feature-aire_con","property_feature-balcon","property_feature-balcon-de","property_feature-bombafriocalor-de","property_feature-bombafriocalor","property_feature-centros_comerciales-de","property_feature-cocina_inde-de","property_feature-colegios-de","property_feature-electro-de","property_feature-lavanderia-de","property_feature-linea_tlf","property_feature-linea_tlf-de","property_feature-patio-de","property_feature-pergola-de","property_feature-terraza-de","property_feature-trastero-de","property_city-santanyi","property_area-santanyi"],"acf":[],"property_meta":{"_apg_property_user_edited":["1"],"fave_property_id":["AA1538YK"],"fave_property_location":["39.352389656134,3.1274358019338,15"],"houzez_geolocation_lat":["39.352389656134"],"houzez_geolocation_long":["3.1274358019338"],"fave_property_price":["1400"],"fave_property_rent_or_sale":["rent"],"fave_property_year":[null],"fave_property_size_prefix":["m2"],"fave_property_land_postfix":["m2"],"fave_property_size":["173"],"fave_property_bedrooms":["2"],"fave_property_bathrooms":["1"],"fave_property_map_address":["Santany\u00ed, 07650 Santany\u00ed"],"fave_property_address":[" , Santany\u00ed 07650"],"fave_property_zip":["07650"],"fave_property_postal_code":["07650"],"fave_property_map":["1"],"apg_is_using_remote_image_url":["1"],"apg_using_remote_image_urls":["[{\"multimedia_type\":\"Picture\",\"picture_url\":\"https:\/\/fotos15.inmovilla.com\/12732\/28857396\/10-1.jpg\",\"position\":1,\"picture_id\":1,\"media_id\":143056,\"post_id\":194162,\"id\":1,\"attachment_id\":0,\"url\":\"https:\/\/fotos15.inmovilla.com\/12732\/28857396\/10-1.jpg\",\"basename\":\"10-1.jpg\",\"created_date\":\"2026-04-30 15:00:42\",\"is_downloaded\":0,\"is_using_remote\":0},{\"multimedia_type\":\"Picture\",\"picture_url\":\"https:\/\/fotos15.inmovilla.com\/12732\/28857396\/10-2.jpg\",\"position\":2,\"picture_id\":2,\"media_id\":143057,\"post_id\":194162,\"id\":2,\"attachment_id\":0,\"url\":\"https:\/\/fotos15.inmovilla.com\/12732\/28857396\/10-2.jpg\",\"basename\":\"10-2.jpg\",\"created_date\":\"2026-04-30 15:00:42\",\"is_downloaded\":0,\"is_using_remote\":1},{\"multimedia_type\":\"Picture\",\"picture_url\":\"https:\/\/fotos15.inmovilla.com\/12732\/28857396\/10-3.jpg\",\"position\":3,\"picture_id\":3,\"media_id\":143058,\"post_id\":194162,\"id\":3,\"attachment_id\":0,\"url\":\"https:\/\/fotos15.inmovilla.com\/12732\/28857396\/10-3.jpg\",\"basename\":\"10-3.jpg\",\"created_date\":\"2026-04-30 15:00:42\",\"is_downloaded\":0,\"is_using_remote\":1},{\"multimedia_type\":\"Picture\",\"picture_url\":\"https:\/\/fotos15.inmovilla.com\/12732\/28857396\/10-4.jpg\",\"position\":4,\"picture_id\":4,\"media_id\":143059,\"post_id\":194162,\"id\":4,\"attachment_id\":0,\"url\":\"https:\/\/fotos15.inmovilla.com\/12732\/28857396\/10-4.jpg\",\"basename\":\"10-4.jpg\",\"created_date\":\"2026-04-30 15:00:42\",\"is_downloaded\":0,\"is_using_remote\":1},{\"multimedia_type\":\"Picture\",\"picture_url\":\"https:\/\/fotos15.inmovilla.com\/12732\/28857396\/10-5.jpg\",\"position\":5,\"picture_id\":5,\"media_id\":143060,\"post_id\":194162,\"id\":5,\"attachment_id\":0,\"url\":\"https:\/\/fotos15.inmovilla.com\/12732\/28857396\/10-5.jpg\",\"basename\":\"10-5.jpg\",\"created_date\":\"2026-04-30 15:00:42\",\"is_downloaded\":0,\"is_using_remote\":1},{\"multimedia_type\":\"Picture\",\"picture_url\":\"https:\/\/fotos15.inmovilla.com\/12732\/28857396\/10-6.jpg\",\"position\":6,\"picture_id\":6,\"media_id\":143061,\"post_id\":194162,\"id\":6,\"attachment_id\":0,\"url\":\"https:\/\/fotos15.inmovilla.com\/12732\/28857396\/10-6.jpg\",\"basename\":\"10-6.jpg\",\"created_date\":\"2026-04-30 15:00:42\",\"is_downloaded\":0,\"is_using_remote\":1},{\"multimedia_type\":\"Picture\",\"picture_url\":\"https:\/\/fotos15.inmovilla.com\/12732\/28857396\/10-7.jpg\",\"position\":7,\"picture_id\":7,\"media_id\":143062,\"post_id\":194162,\"id\":7,\"attachment_id\":0,\"url\":\"https:\/\/fotos15.inmovilla.com\/12732\/28857396\/10-7.jpg\",\"basename\":\"10-7.jpg\",\"created_date\":\"2026-04-30 15:00:42\",\"is_downloaded\":0,\"is_using_remote\":1},{\"multimedia_type\":\"Picture\",\"picture_url\":\"https:\/\/fotos15.inmovilla.com\/12732\/28857396\/10-8.jpg\",\"position\":8,\"picture_id\":8,\"media_id\":143063,\"post_id\":194162,\"id\":8,\"attachment_id\":0,\"url\":\"https:\/\/fotos15.inmovilla.com\/12732\/28857396\/10-8.jpg\",\"basename\":\"10-8.jpg\",\"created_date\":\"2026-04-30 15:00:42\",\"is_downloaded\":0,\"is_using_remote\":1},{\"multimedia_type\":\"Picture\",\"picture_url\":\"https:\/\/fotos15.inmovilla.com\/12732\/28857396\/10-9.jpg\",\"position\":9,\"picture_id\":9,\"media_id\":143064,\"post_id\":194162,\"id\":9,\"attachment_id\":0,\"url\":\"https:\/\/fotos15.inmovilla.com\/12732\/28857396\/10-9.jpg\",\"basename\":\"10-9.jpg\",\"created_date\":\"2026-04-30 15:00:42\",\"is_downloaded\":0,\"is_using_remote\":1},{\"multimedia_type\":\"Picture\",\"picture_url\":\"https:\/\/fotos15.inmovilla.com\/12732\/28857396\/10-10.jpg\",\"position\":10,\"picture_id\":10,\"media_id\":143065,\"post_id\":194162,\"id\":10,\"attachment_id\":0,\"url\":\"https:\/\/fotos15.inmovilla.com\/12732\/28857396\/10-10.jpg\",\"basename\":\"10-10.jpg\",\"created_date\":\"2026-04-30 15:00:42\",\"is_downloaded\":0,\"is_using_remote\":1},{\"multimedia_type\":\"Picture\",\"picture_url\":\"https:\/\/fotos15.inmovilla.com\/12732\/28857396\/10-11.jpg\",\"position\":11,\"picture_id\":11,\"media_id\":143066,\"post_id\":194162,\"id\":11,\"attachment_id\":0,\"url\":\"https:\/\/fotos15.inmovilla.com\/12732\/28857396\/10-11.jpg\",\"basename\":\"10-11.jpg\",\"created_date\":\"2026-04-30 15:00:42\",\"is_downloaded\":0,\"is_using_remote\":1},{\"multimedia_type\":\"Picture\",\"picture_url\":\"https:\/\/fotos15.inmovilla.com\/12732\/28857396\/10-12.jpg\",\"position\":12,\"picture_id\":12,\"media_id\":143067,\"post_id\":194162,\"id\":12,\"attachment_id\":0,\"url\":\"https:\/\/fotos15.inmovilla.com\/12732\/28857396\/10-12.jpg\",\"basename\":\"10-12.jpg\",\"created_date\":\"2026-04-30 15:00:42\",\"is_downloaded\":0,\"is_using_remote\":1},{\"multimedia_type\":\"Picture\",\"picture_url\":\"https:\/\/fotos15.inmovilla.com\/12732\/28857396\/10-13.jpg\",\"position\":13,\"picture_id\":13,\"media_id\":143068,\"post_id\":194162,\"id\":13,\"attachment_id\":0,\"url\":\"https:\/\/fotos15.inmovilla.com\/12732\/28857396\/10-13.jpg\",\"basename\":\"10-13.jpg\",\"created_date\":\"2026-04-30 15:00:42\",\"is_downloaded\":0,\"is_using_remote\":1},{\"multimedia_type\":\"Picture\",\"picture_url\":\"https:\/\/fotos15.inmovilla.com\/12732\/28857396\/10-14.jpg\",\"position\":14,\"picture_id\":14,\"media_id\":143069,\"post_id\":194162,\"id\":14,\"attachment_id\":0,\"url\":\"https:\/\/fotos15.inmovilla.com\/12732\/28857396\/10-14.jpg\",\"basename\":\"10-14.jpg\",\"created_date\":\"2026-04-30 15:00:42\",\"is_downloaded\":0,\"is_using_remote\":1},{\"multimedia_type\":\"Picture\",\"picture_url\":\"https:\/\/fotos15.inmovilla.com\/12732\/28857396\/10-15.jpg\",\"position\":15,\"picture_id\":15,\"media_id\":143070,\"post_id\":194162,\"id\":15,\"attachment_id\":0,\"url\":\"https:\/\/fotos15.inmovilla.com\/12732\/28857396\/10-15.jpg\",\"basename\":\"10-15.jpg\",\"created_date\":\"2026-04-30 15:00:42\",\"is_downloaded\":0,\"is_using_remote\":1},{\"multimedia_type\":\"Picture\",\"picture_url\":\"https:\/\/fotos15.inmovilla.com\/12732\/28857396\/10-16.jpg\",\"position\":16,\"picture_id\":16,\"media_id\":143071,\"post_id\":194162,\"id\":16,\"attachment_id\":0,\"url\":\"https:\/\/fotos15.inmovilla.com\/12732\/28857396\/10-16.jpg\",\"basename\":\"10-16.jpg\",\"created_date\":\"2026-04-30 15:00:42\",\"is_downloaded\":0,\"is_using_remote\":1},{\"multimedia_type\":\"Picture\",\"picture_url\":\"https:\/\/fotos15.inmovilla.com\/12732\/28857396\/10-17.jpg\",\"position\":17,\"picture_id\":17,\"media_id\":143072,\"post_id\":194162,\"id\":17,\"attachment_id\":0,\"url\":\"https:\/\/fotos15.inmovilla.com\/12732\/28857396\/10-17.jpg\",\"basename\":\"10-17.jpg\",\"created_date\":\"2026-04-30 15:00:42\",\"is_downloaded\":0,\"is_using_remote\":1},{\"multimedia_type\":\"Picture\",\"picture_url\":\"https:\/\/fotos15.inmovilla.com\/12732\/28857396\/10-18.jpg\",\"position\":18,\"picture_id\":18,\"media_id\":143073,\"post_id\":194162,\"id\":18,\"attachment_id\":0,\"url\":\"https:\/\/fotos15.inmovilla.com\/12732\/28857396\/10-18.jpg\",\"basename\":\"10-18.jpg\",\"created_date\":\"2026-04-30 15:00:42\",\"is_downloaded\":0,\"is_using_remote\":1},{\"multimedia_type\":\"Picture\",\"picture_url\":\"https:\/\/fotos15.inmovilla.com\/12732\/28857396\/10-19.jpg\",\"position\":19,\"picture_id\":19,\"media_id\":143074,\"post_id\":194162,\"id\":19,\"attachment_id\":0,\"url\":\"https:\/\/fotos15.inmovilla.com\/12732\/28857396\/10-19.jpg\",\"basename\":\"10-19.jpg\",\"created_date\":\"2026-04-30 15:00:42\",\"is_downloaded\":0,\"is_using_remote\":1},{\"multimedia_type\":\"Picture\",\"picture_url\":\"https:\/\/fotos15.inmovilla.com\/12732\/28857396\/10-20.jpg\",\"position\":20,\"picture_id\":20,\"media_id\":143075,\"post_id\":194162,\"id\":20,\"attachment_id\":0,\"url\":\"https:\/\/fotos15.inmovilla.com\/12732\/28857396\/10-20.jpg\",\"basename\":\"10-20.jpg\",\"created_date\":\"2026-04-30 15:00:42\",\"is_downloaded\":0,\"is_using_remote\":1},{\"multimedia_type\":\"Picture\",\"picture_url\":\"https:\/\/fotos15.inmovilla.com\/12732\/28857396\/10-21.jpg\",\"position\":21,\"picture_id\":21,\"media_id\":143076,\"post_id\":194162,\"id\":21,\"attachment_id\":0,\"url\":\"https:\/\/fotos15.inmovilla.com\/12732\/28857396\/10-21.jpg\",\"basename\":\"10-21.jpg\",\"created_date\":\"2026-04-30 15:00:42\",\"is_downloaded\":0,\"is_using_remote\":1},{\"multimedia_type\":\"Picture\",\"picture_url\":\"https:\/\/fotos15.inmovilla.com\/12732\/28857396\/10-22.jpg\",\"position\":22,\"picture_id\":22,\"media_id\":143077,\"post_id\":194162,\"id\":22,\"attachment_id\":0,\"url\":\"https:\/\/fotos15.inmovilla.com\/12732\/28857396\/10-22.jpg\",\"basename\":\"10-22.jpg\",\"created_date\":\"2026-04-30 15:00:42\",\"is_downloaded\":0,\"is_using_remote\":1},{\"multimedia_type\":\"Picture\",\"picture_url\":\"https:\/\/fotos15.inmovilla.com\/12732\/28857396\/10-23.jpg\",\"position\":23,\"picture_id\":23,\"media_id\":143078,\"post_id\":194162,\"id\":23,\"attachment_id\":0,\"url\":\"https:\/\/fotos15.inmovilla.com\/12732\/28857396\/10-23.jpg\",\"basename\":\"10-23.jpg\",\"created_date\":\"2026-04-30 15:00:42\",\"is_downloaded\":0,\"is_using_remote\":1},{\"multimedia_type\":\"Picture\",\"picture_url\":\"https:\/\/fotos15.inmovilla.com\/12732\/28857396\/10-24.jpg\",\"position\":24,\"picture_id\":24,\"media_id\":143079,\"post_id\":194162,\"id\":24,\"attachment_id\":0,\"url\":\"https:\/\/fotos15.inmovilla.com\/12732\/28857396\/10-24.jpg\",\"basename\":\"10-24.jpg\",\"created_date\":\"2026-04-30 15:00:42\",\"is_downloaded\":0,\"is_using_remote\":1}]"],"_thumbnail_id":["194163"],"fave_property_images":["194163"],"apg_property_id":["28857396"],"_wpml_word_count":["225"],"_eael_post_view_count":["6"],"houzez_recently_viewed":["2026-05-01 12:07:11"],"houzez_total_property_views":["6"],"houzez_views_by_date":["a:2:{s:10:\"04-30-2026\";i:1;s:10:\"05-01-2026\";i:5;}"],"_elementor_page_assets":["a:0:{}"]},"yoast_head":"<!-- This site is optimized with the Yoast SEO plugin v27.5 - https:\/\/yoast.com\/product\/yoast-seo-wordpress\/ -->\n<title>NUR PER E-MAIL!!! Gem\u00fctliche kleine Wohnung im 2. OG (ohne Aufzug), unm\u00f6bliert, mit sch\u00f6ner, ger\u00e4umiger Terrasse in Santany\u00ed - RE\/MAX Drac<\/title>\n<meta name=\"robots\" content=\"index, follow, max-snippet:-1, max-image-preview:large, max-video-preview:-1\" \/>\n<link rel=\"canonical\" href=\"https:\/\/www.santanyi.net\/de\/property\/nur-per-e-mail-gemutliche-kleine-wohnung-im-2-og-ohne-aufzug-unmobliert-mit-schoner-geraumiger-terrasse-in-santanyi-2\/\" \/>\n<meta property=\"og:locale\" content=\"de_DE\" \/>\n<meta property=\"og:type\" content=\"article\" \/>\n<meta property=\"og:title\" content=\"NUR PER E-MAIL!!! Gem\u00fctliche kleine Wohnung im 2. OG (ohne Aufzug), unm\u00f6bliert, mit sch\u00f6ner, ger\u00e4umiger Terrasse in Santany\u00ed - RE\/MAX Drac\" \/>\n<meta property=\"og:description\" content=\"NUR ALS ZWEITWOHNSITZ!!! Charmante Wohnung im Herzen von Santany\u00ed. Mit einer Wohnfl\u00e4che von ca. 70 m\u00b2 zeichnet sich diese Immobilie durch Helligkeit und Komfort aus. Sie befindet sich im 2. OG (ohne Aufzug) und verf\u00fcgt \u00fcber zwei Schlafzimmer mit Zugang zu einem privaten Balkon. Das Badezimmer ist mit einer Dusche ausgestattet, und alle R\u00e4ume verf\u00fcgen [&hellip;]\" \/>\n<meta property=\"og:url\" content=\"https:\/\/www.santanyi.net\/de\/property\/nur-per-e-mail-gemutliche-kleine-wohnung-im-2-og-ohne-aufzug-unmobliert-mit-schoner-geraumiger-terrasse-in-santanyi-2\/\" \/>\n<meta property=\"og:site_name\" content=\"RE\/MAX Drac\" \/>\n<meta property=\"article:modified_time\" content=\"2026-05-01T06:04:11+00:00\" \/>\n<meta property=\"og:image\" content=\"https:\/\/www.santanyi.net\/wp-content\/uploads\/anaconda_property_media\/28857396-194162\/10-1.jpg\" \/>\n\t<meta property=\"og:image:width\" content=\"1920\" \/>\n\t<meta property=\"og:image:height\" content=\"1439\" \/>\n\t<meta property=\"og:image:type\" content=\"image\/jpeg\" \/>\n<meta name=\"twitter:card\" content=\"summary_large_image\" \/>\n<meta name=\"twitter:label1\" content=\"Gesch\u00e4tzte Lesezeit\" \/>\n\t<meta name=\"twitter:data1\" content=\"1\u00a0Minute\" \/>\n<script type=\"application\/ld+json\" class=\"yoast-schema-graph\">{\"@context\":\"https:\\\/\\\/schema.org\",\"@graph\":[{\"@type\":\"WebPage\",\"@id\":\"https:\\\/\\\/www.santanyi.net\\\/de\\\/property\\\/nur-per-e-mail-gemutliche-kleine-wohnung-im-2-og-ohne-aufzug-unmobliert-mit-schoner-geraumiger-terrasse-in-santanyi-2\\\/\",\"url\":\"https:\\\/\\\/www.santanyi.net\\\/de\\\/property\\\/nur-per-e-mail-gemutliche-kleine-wohnung-im-2-og-ohne-aufzug-unmobliert-mit-schoner-geraumiger-terrasse-in-santanyi-2\\\/\",\"name\":\"NUR PER E-MAIL!!! Gem\u00fctliche kleine Wohnung im 2. OG (ohne Aufzug), unm\u00f6bliert, mit sch\u00f6ner, ger\u00e4umiger Terrasse in Santany\u00ed - RE\\\/MAX Drac\",\"isPartOf\":{\"@id\":\"https:\\\/\\\/www.santanyi.net\\\/de\\\/#website\"},\"primaryImageOfPage\":{\"@id\":\"https:\\\/\\\/www.santanyi.net\\\/de\\\/property\\\/nur-per-e-mail-gemutliche-kleine-wohnung-im-2-og-ohne-aufzug-unmobliert-mit-schoner-geraumiger-terrasse-in-santanyi-2\\\/#primaryimage\"},\"image\":{\"@id\":\"https:\\\/\\\/www.santanyi.net\\\/de\\\/property\\\/nur-per-e-mail-gemutliche-kleine-wohnung-im-2-og-ohne-aufzug-unmobliert-mit-schoner-geraumiger-terrasse-in-santanyi-2\\\/#primaryimage\"},\"thumbnailUrl\":\"https:\\\/\\\/www.santanyi.net\\\/wp-content\\\/uploads\\\/anaconda_property_media\\\/28857396-194162\\\/10-1.jpg\",\"datePublished\":\"2026-04-30T15:00:42+00:00\",\"dateModified\":\"2026-05-01T06:04:11+00:00\",\"breadcrumb\":{\"@id\":\"https:\\\/\\\/www.santanyi.net\\\/de\\\/property\\\/nur-per-e-mail-gemutliche-kleine-wohnung-im-2-og-ohne-aufzug-unmobliert-mit-schoner-geraumiger-terrasse-in-santanyi-2\\\/#breadcrumb\"},\"inLanguage\":\"de\",\"potentialAction\":[{\"@type\":\"ReadAction\",\"target\":[\"https:\\\/\\\/www.santanyi.net\\\/de\\\/property\\\/nur-per-e-mail-gemutliche-kleine-wohnung-im-2-og-ohne-aufzug-unmobliert-mit-schoner-geraumiger-terrasse-in-santanyi-2\\\/\"]}]},{\"@type\":\"ImageObject\",\"inLanguage\":\"de\",\"@id\":\"https:\\\/\\\/www.santanyi.net\\\/de\\\/property\\\/nur-per-e-mail-gemutliche-kleine-wohnung-im-2-og-ohne-aufzug-unmobliert-mit-schoner-geraumiger-terrasse-in-santanyi-2\\\/#primaryimage\",\"url\":\"https:\\\/\\\/www.santanyi.net\\\/wp-content\\\/uploads\\\/anaconda_property_media\\\/28857396-194162\\\/10-1.jpg\",\"contentUrl\":\"https:\\\/\\\/www.santanyi.net\\\/wp-content\\\/uploads\\\/anaconda_property_media\\\/28857396-194162\\\/10-1.jpg\",\"width\":1920,\"height\":1439},{\"@type\":\"BreadcrumbList\",\"@id\":\"https:\\\/\\\/www.santanyi.net\\\/de\\\/property\\\/nur-per-e-mail-gemutliche-kleine-wohnung-im-2-og-ohne-aufzug-unmobliert-mit-schoner-geraumiger-terrasse-in-santanyi-2\\\/#breadcrumb\",\"itemListElement\":[{\"@type\":\"ListItem\",\"position\":1,\"name\":\"Home\",\"item\":\"https:\\\/\\\/www.santanyi.net\\\/de\\\/\"},{\"@type\":\"ListItem\",\"position\":2,\"name\":\"Eigenschaften\",\"item\":\"https:\\\/\\\/www.santanyi.net\\\/de\\\/property\\\/\"},{\"@type\":\"ListItem\",\"position\":3,\"name\":\"NUR PER E-MAIL!!! Gem\u00fctliche kleine Wohnung im 2. OG (ohne Aufzug), unm\u00f6bliert, mit sch\u00f6ner, ger\u00e4umiger Terrasse in Santany\u00ed\"}]},{\"@type\":\"WebSite\",\"@id\":\"https:\\\/\\\/www.santanyi.net\\\/de\\\/#website\",\"url\":\"https:\\\/\\\/www.santanyi.net\\\/de\\\/\",\"name\":\"RE\\\/MAX Drac\",\"description\":\"\",\"publisher\":{\"@id\":\"https:\\\/\\\/www.santanyi.net\\\/de\\\/#organization\"},\"potentialAction\":[{\"@type\":\"SearchAction\",\"target\":{\"@type\":\"EntryPoint\",\"urlTemplate\":\"https:\\\/\\\/www.santanyi.net\\\/de\\\/?s={search_term_string}\"},\"query-input\":{\"@type\":\"PropertyValueSpecification\",\"valueRequired\":true,\"valueName\":\"search_term_string\"}}],\"inLanguage\":\"de\"},{\"@type\":\"Organization\",\"@id\":\"https:\\\/\\\/www.santanyi.net\\\/de\\\/#organization\",\"name\":\"RE\\\/MAX Drac\",\"url\":\"https:\\\/\\\/www.santanyi.net\\\/de\\\/\",\"logo\":{\"@type\":\"ImageObject\",\"inLanguage\":\"de\",\"@id\":\"https:\\\/\\\/www.santanyi.net\\\/de\\\/#\\\/schema\\\/logo\\\/image\\\/\",\"url\":\"https:\\\/\\\/www.santanyi.net\\\/wp-content\\\/uploads\\\/2025\\\/07\\\/logo-nuevo.png\",\"contentUrl\":\"https:\\\/\\\/www.santanyi.net\\\/wp-content\\\/uploads\\\/2025\\\/07\\\/logo-nuevo.png\",\"width\":295,\"height\":165,\"caption\":\"RE\\\/MAX Drac\"},\"image\":{\"@id\":\"https:\\\/\\\/www.santanyi.net\\\/de\\\/#\\\/schema\\\/logo\\\/image\\\/\"}}]}<\/script>\n<!-- \/ Yoast SEO plugin. -->","yoast_head_json":{"title":"NUR PER E-MAIL!!! Gem\u00fctliche kleine Wohnung im 2. OG (ohne Aufzug), unm\u00f6bliert, mit sch\u00f6ner, ger\u00e4umiger Terrasse in Santany\u00ed - RE\/MAX Drac","robots":{"index":"index","follow":"follow","max-snippet":"max-snippet:-1","max-image-preview":"max-image-preview:large","max-video-preview":"max-video-preview:-1"},"canonical":"https:\/\/www.santanyi.net\/de\/property\/nur-per-e-mail-gemutliche-kleine-wohnung-im-2-og-ohne-aufzug-unmobliert-mit-schoner-geraumiger-terrasse-in-santanyi-2\/","og_locale":"de_DE","og_type":"article","og_title":"NUR PER E-MAIL!!! Gem\u00fctliche kleine Wohnung im 2. OG (ohne Aufzug), unm\u00f6bliert, mit sch\u00f6ner, ger\u00e4umiger Terrasse in Santany\u00ed - RE\/MAX Drac","og_description":"NUR ALS ZWEITWOHNSITZ!!! Charmante Wohnung im Herzen von Santany\u00ed. Mit einer Wohnfl\u00e4che von ca. 70 m\u00b2 zeichnet sich diese Immobilie durch Helligkeit und Komfort aus. Sie befindet sich im 2. OG (ohne Aufzug) und verf\u00fcgt \u00fcber zwei Schlafzimmer mit Zugang zu einem privaten Balkon. Das Badezimmer ist mit einer Dusche ausgestattet, und alle R\u00e4ume verf\u00fcgen [&hellip;]","og_url":"https:\/\/www.santanyi.net\/de\/property\/nur-per-e-mail-gemutliche-kleine-wohnung-im-2-og-ohne-aufzug-unmobliert-mit-schoner-geraumiger-terrasse-in-santanyi-2\/","og_site_name":"RE\/MAX Drac","article_modified_time":"2026-05-01T06:04:11+00:00","og_image":[{"width":1920,"height":1439,"url":"https:\/\/www.santanyi.net\/wp-content\/uploads\/anaconda_property_media\/28857396-194162\/10-1.jpg","type":"image\/jpeg"}],"twitter_card":"summary_large_image","twitter_misc":{"Gesch\u00e4tzte Lesezeit":"1\u00a0Minute"},"schema":{"@context":"https:\/\/schema.org","@graph":[{"@type":"WebPage","@id":"https:\/\/www.santanyi.net\/de\/property\/nur-per-e-mail-gemutliche-kleine-wohnung-im-2-og-ohne-aufzug-unmobliert-mit-schoner-geraumiger-terrasse-in-santanyi-2\/","url":"https:\/\/www.santanyi.net\/de\/property\/nur-per-e-mail-gemutliche-kleine-wohnung-im-2-og-ohne-aufzug-unmobliert-mit-schoner-geraumiger-terrasse-in-santanyi-2\/","name":"NUR PER E-MAIL!!! Gem\u00fctliche kleine Wohnung im 2. OG (ohne Aufzug), unm\u00f6bliert, mit sch\u00f6ner, ger\u00e4umiger Terrasse in Santany\u00ed - RE\/MAX Drac","isPartOf":{"@id":"https:\/\/www.santanyi.net\/de\/#website"},"primaryImageOfPage":{"@id":"https:\/\/www.santanyi.net\/de\/property\/nur-per-e-mail-gemutliche-kleine-wohnung-im-2-og-ohne-aufzug-unmobliert-mit-schoner-geraumiger-terrasse-in-santanyi-2\/#primaryimage"},"image":{"@id":"https:\/\/www.santanyi.net\/de\/property\/nur-per-e-mail-gemutliche-kleine-wohnung-im-2-og-ohne-aufzug-unmobliert-mit-schoner-geraumiger-terrasse-in-santanyi-2\/#primaryimage"},"thumbnailUrl":"https:\/\/www.santanyi.net\/wp-content\/uploads\/anaconda_property_media\/28857396-194162\/10-1.jpg","datePublished":"2026-04-30T15:00:42+00:00","dateModified":"2026-05-01T06:04:11+00:00","breadcrumb":{"@id":"https:\/\/www.santanyi.net\/de\/property\/nur-per-e-mail-gemutliche-kleine-wohnung-im-2-og-ohne-aufzug-unmobliert-mit-schoner-geraumiger-terrasse-in-santanyi-2\/#breadcrumb"},"inLanguage":"de","potentialAction":[{"@type":"ReadAction","target":["https:\/\/www.santanyi.net\/de\/property\/nur-per-e-mail-gemutliche-kleine-wohnung-im-2-og-ohne-aufzug-unmobliert-mit-schoner-geraumiger-terrasse-in-santanyi-2\/"]}]},{"@type":"ImageObject","inLanguage":"de","@id":"https:\/\/www.santanyi.net\/de\/property\/nur-per-e-mail-gemutliche-kleine-wohnung-im-2-og-ohne-aufzug-unmobliert-mit-schoner-geraumiger-terrasse-in-santanyi-2\/#primaryimage","url":"https:\/\/www.santanyi.net\/wp-content\/uploads\/anaconda_property_media\/28857396-194162\/10-1.jpg","contentUrl":"https:\/\/www.santanyi.net\/wp-content\/uploads\/anaconda_property_media\/28857396-194162\/10-1.jpg","width":1920,"height":1439},{"@type":"BreadcrumbList","@id":"https:\/\/www.santanyi.net\/de\/property\/nur-per-e-mail-gemutliche-kleine-wohnung-im-2-og-ohne-aufzug-unmobliert-mit-schoner-geraumiger-terrasse-in-santanyi-2\/#breadcrumb","itemListElement":[{"@type":"ListItem","position":1,"name":"Home","item":"https:\/\/www.santanyi.net\/de\/"},{"@type":"ListItem","position":2,"name":"Eigenschaften","item":"https:\/\/www.santanyi.net\/de\/property\/"},{"@type":"ListItem","position":3,"name":"NUR PER E-MAIL!!! Gem\u00fctliche kleine Wohnung im 2. OG (ohne Aufzug), unm\u00f6bliert, mit sch\u00f6ner, ger\u00e4umiger Terrasse in Santany\u00ed"}]},{"@type":"WebSite","@id":"https:\/\/www.santanyi.net\/de\/#website","url":"https:\/\/www.santanyi.net\/de\/","name":"RE\/MAX Drac","description":"","publisher":{"@id":"https:\/\/www.santanyi.net\/de\/#organization"},"potentialAction":[{"@type":"SearchAction","target":{"@type":"EntryPoint","urlTemplate":"https:\/\/www.santanyi.net\/de\/?s={search_term_string}"},"query-input":{"@type":"PropertyValueSpecification","valueRequired":true,"valueName":"search_term_string"}}],"inLanguage":"de"},{"@type":"Organization","@id":"https:\/\/www.santanyi.net\/de\/#organization","name":"RE\/MAX Drac","url":"https:\/\/www.santanyi.net\/de\/","logo":{"@type":"ImageObject","inLanguage":"de","@id":"https:\/\/www.santanyi.net\/de\/#\/schema\/logo\/image\/","url":"https:\/\/www.santanyi.net\/wp-content\/uploads\/2025\/07\/logo-nuevo.png","contentUrl":"https:\/\/www.santanyi.net\/wp-content\/uploads\/2025\/07\/logo-nuevo.png","width":295,"height":165,"caption":"RE\/MAX Drac"},"image":{"@id":"https:\/\/www.santanyi.net\/de\/#\/schema\/logo\/image\/"}}]}},"_links":{"self":[{"href":"https:\/\/www.santanyi.net\/de\/wp-json\/wp\/v2\/properties\/194169","targetHints":{"allow":["GET"]}}],"collection":[{"href":"https:\/\/www.santanyi.net\/de\/wp-json\/wp\/v2\/properties"}],"about":[{"href":"https:\/\/www.santanyi.net\/de\/wp-json\/wp\/v2\/types\/property"}],"author":[{"embeddable":true,"href":"https:\/\/www.santanyi.net\/de\/wp-json\/wp\/v2\/users\/1"}],"version-history":[{"count":1,"href":"https:\/\/www.santanyi.net\/de\/wp-json\/wp\/v2\/properties\/194169\/revisions"}],"predecessor-version":[{"id":195213,"href":"https:\/\/www.santanyi.net\/de\/wp-json\/wp\/v2\/properties\/194169\/revisions\/195213"}],"wp:featuredmedia":[{"embeddable":true,"href":"https:\/\/www.santanyi.net\/de\/wp-json\/wp\/v2\/media\/194163"}],"wp:attachment":[{"href":"https:\/\/www.santanyi.net\/de\/wp-json\/wp\/v2\/media?parent=194169"}],"wp:term":[{"taxonomy":"property_type","embeddable":true,"href":"https:\/\/www.santanyi.net\/de\/wp-json\/wp\/v2\/property_type?post=194169"},{"taxonomy":"property_status","embeddable":true,"href":"https:\/\/www.santanyi.net\/de\/wp-json\/wp\/v2\/property_status?post=194169"},{"taxonomy":"property_feature","embeddable":true,"href":"https:\/\/www.santanyi.net\/de\/wp-json\/wp\/v2\/property_feature?post=194169"},{"taxonomy":"property_label","embeddable":true,"href":"https:\/\/www.santanyi.net\/de\/wp-json\/wp\/v2\/property_label?post=194169"},{"taxonomy":"property_country","embeddable":true,"href":"https:\/\/www.santanyi.net\/de\/wp-json\/wp\/v2\/property_country?post=194169"},{"taxonomy":"property_state","embeddable":true,"href":"https:\/\/www.santanyi.net\/de\/wp-json\/wp\/v2\/property_state?post=194169"},{"taxonomy":"property_city","embeddable":true,"href":"https:\/\/www.santanyi.net\/de\/wp-json\/wp\/v2\/property_city?post=194169"},{"taxonomy":"property_area","embeddable":true,"href":"https:\/\/www.santanyi.net\/de\/wp-json\/wp\/v2\/property_area?post=194169"}],"curies":[{"name":"wp","href":"https:\/\/api.w.org\/{rel}","templated":true}]}}