
{"id":188576,"date":"2026-04-24T04:40:44","date_gmt":"2026-04-24T04:40:44","guid":{"rendered":"https:\/\/www.santanyi.net\/property\/schone-helle-moblierte-wohnung-mit-mini-balkon-sehr-zentral-gelegen-in-santanyi\/"},"modified":"2026-04-24T04:40:44","modified_gmt":"2026-04-24T04:40:44","slug":"schone-helle-moblierte-wohnung-mit-mini-balkon-sehr-zentral-gelegen-in-santanyi","status":"publish","type":"property","link":"https:\/\/www.santanyi.net\/de\/property\/schone-helle-moblierte-wohnung-mit-mini-balkon-sehr-zentral-gelegen-in-santanyi\/","title":{"rendered":"Sch\u00f6ne, helle, m\u00f6blierte Wohnung mit mini Balkon sehr zentral gelegen in Santanyi."},"content":{"rendered":"<p>Charmante 80 m\u00b2 gro\u00dfe Wohnung im Herzen von Santany\u00ed. Die einladende Wohnung verf\u00fcgt \u00fcber zwei ger\u00e4umige Doppelschlafzimmer und ein weiteres etwas kleineres Zimmer. Die voll ausgestattete K\u00fcche mit K\u00fchlschrank, Geschirrsp\u00fcler, Cerankochfeld, Backofen und kleinem Waschraum mit Waschmaschine geht in den hellen Wohn- und Essbereich \u00fcber, der dank gro\u00dfer Fenster lichtdurchflutet ist. Von hier aus gelangen Sie auf einen sehr kleinen Balkon mit Blick auf einen kleinen Platz \u2013 perfekt f\u00fcr den morgendlichen Kaffee oder entspannte Nachmittage. Neben dem modernen Badezimmer mit Dusche sorgen die elektrischen Heizk\u00f6rper  in den k\u00fchleren Monaten f\u00fcr wohlige W\u00e4rme. Eine ger\u00e4umige Garage kann man f\u00fcr 200\u20ac monatlich dazu mieten.\u00a8<\/p>\n","protected":false},"excerpt":{"rendered":"<p>Charmante 80 m\u00b2 gro\u00dfe Wohnung im Herzen von Santany\u00ed. Die einladende Wohnung verf\u00fcgt \u00fcber zwei ger\u00e4umige Doppelschlafzimmer und ein weiteres etwas kleineres Zimmer. Die voll ausgestattete K\u00fcche mit K\u00fchlschrank, Geschirrsp\u00fcler, Cerankochfeld, Backofen und kleinem Waschraum mit Waschmaschine geht in den hellen Wohn- und Essbereich \u00fcber, der dank gro\u00dfer Fenster lichtdurchflutet ist. Von hier aus gelangen [&hellip;]<\/p>\n","protected":false},"author":0,"featured_media":0,"parent":0,"menu_order":0,"template":"","property_type":[],"property_status":[],"property_feature":[1877,1966,1879,1880,2006,1942],"property_label":[],"property_country":[],"property_state":[],"property_city":[],"property_area":[],"class_list":["post-188576","property","type-property","status-publish","hentry","property_feature-autobuses-de","property_feature-centros_comerciales-de","property_feature-cocina_inde-de","property_feature-colegios-de","property_feature-tv-de","property_feature-urbanizacion-de"],"acf":[],"property_meta":{"_apg_property_user_edited":["1"],"_wpml_word_count":["142"],"_eael_post_view_count":["3"],"houzez_total_property_views":["3"],"houzez_views_by_date":["a:2:{s:10:\"04-27-2026\";i:1;s:10:\"04-29-2026\";i:2;}"],"houzez_recently_viewed":["2026-04-29 08:28:21"],"_elementor_page_assets":["a:0:{}"]},"yoast_head":"<!-- This site is optimized with the Yoast SEO plugin v27.5 - https:\/\/yoast.com\/product\/yoast-seo-wordpress\/ -->\n<title>Sch\u00f6ne, helle, m\u00f6blierte Wohnung mit mini Balkon sehr zentral gelegen in Santanyi. - RE\/MAX Drac<\/title>\n<meta name=\"robots\" content=\"index, follow, max-snippet:-1, max-image-preview:large, max-video-preview:-1\" \/>\n<link rel=\"canonical\" href=\"https:\/\/www.santanyi.net\/de\/property\/schone-helle-moblierte-wohnung-mit-mini-balkon-sehr-zentral-gelegen-in-santanyi\/\" \/>\n<meta property=\"og:locale\" content=\"de_DE\" \/>\n<meta property=\"og:type\" content=\"article\" \/>\n<meta property=\"og:title\" content=\"Sch\u00f6ne, helle, m\u00f6blierte Wohnung mit mini Balkon sehr zentral gelegen in Santanyi. - RE\/MAX Drac\" \/>\n<meta property=\"og:description\" content=\"Charmante 80 m\u00b2 gro\u00dfe Wohnung im Herzen von Santany\u00ed. Die einladende Wohnung verf\u00fcgt \u00fcber zwei ger\u00e4umige Doppelschlafzimmer und ein weiteres etwas kleineres Zimmer. Die voll ausgestattete K\u00fcche mit K\u00fchlschrank, Geschirrsp\u00fcler, Cerankochfeld, Backofen und kleinem Waschraum mit Waschmaschine geht in den hellen Wohn- und Essbereich \u00fcber, der dank gro\u00dfer Fenster lichtdurchflutet ist. Von hier aus gelangen [&hellip;]\" \/>\n<meta property=\"og:url\" content=\"https:\/\/www.santanyi.net\/de\/property\/schone-helle-moblierte-wohnung-mit-mini-balkon-sehr-zentral-gelegen-in-santanyi\/\" \/>\n<meta property=\"og:site_name\" content=\"RE\/MAX Drac\" \/>\n<meta name=\"twitter:card\" content=\"summary_large_image\" \/>\n<meta name=\"twitter:label1\" content=\"Gesch\u00e4tzte Lesezeit\" \/>\n\t<meta name=\"twitter:data1\" content=\"1\u00a0Minute\" \/>\n<script type=\"application\/ld+json\" class=\"yoast-schema-graph\">{\"@context\":\"https:\\\/\\\/schema.org\",\"@graph\":[{\"@type\":\"WebPage\",\"@id\":\"https:\\\/\\\/www.santanyi.net\\\/de\\\/property\\\/schone-helle-moblierte-wohnung-mit-mini-balkon-sehr-zentral-gelegen-in-santanyi\\\/\",\"url\":\"https:\\\/\\\/www.santanyi.net\\\/de\\\/property\\\/schone-helle-moblierte-wohnung-mit-mini-balkon-sehr-zentral-gelegen-in-santanyi\\\/\",\"name\":\"Sch\u00f6ne, helle, m\u00f6blierte Wohnung mit mini Balkon sehr zentral gelegen in Santanyi. - RE\\\/MAX Drac\",\"isPartOf\":{\"@id\":\"https:\\\/\\\/www.santanyi.net\\\/de\\\/#website\"},\"datePublished\":\"2026-04-24T04:40:44+00:00\",\"breadcrumb\":{\"@id\":\"https:\\\/\\\/www.santanyi.net\\\/de\\\/property\\\/schone-helle-moblierte-wohnung-mit-mini-balkon-sehr-zentral-gelegen-in-santanyi\\\/#breadcrumb\"},\"inLanguage\":\"de\",\"potentialAction\":[{\"@type\":\"ReadAction\",\"target\":[\"https:\\\/\\\/www.santanyi.net\\\/de\\\/property\\\/schone-helle-moblierte-wohnung-mit-mini-balkon-sehr-zentral-gelegen-in-santanyi\\\/\"]}]},{\"@type\":\"BreadcrumbList\",\"@id\":\"https:\\\/\\\/www.santanyi.net\\\/de\\\/property\\\/schone-helle-moblierte-wohnung-mit-mini-balkon-sehr-zentral-gelegen-in-santanyi\\\/#breadcrumb\",\"itemListElement\":[{\"@type\":\"ListItem\",\"position\":1,\"name\":\"Home\",\"item\":\"https:\\\/\\\/www.santanyi.net\\\/de\\\/\"},{\"@type\":\"ListItem\",\"position\":2,\"name\":\"Eigenschaften\",\"item\":\"https:\\\/\\\/www.santanyi.net\\\/de\\\/property\\\/\"},{\"@type\":\"ListItem\",\"position\":3,\"name\":\"Sch\u00f6ne, helle, m\u00f6blierte Wohnung mit mini Balkon sehr zentral gelegen in Santanyi.\"}]},{\"@type\":\"WebSite\",\"@id\":\"https:\\\/\\\/www.santanyi.net\\\/de\\\/#website\",\"url\":\"https:\\\/\\\/www.santanyi.net\\\/de\\\/\",\"name\":\"RE\\\/MAX Drac\",\"description\":\"\",\"publisher\":{\"@id\":\"https:\\\/\\\/www.santanyi.net\\\/de\\\/#organization\"},\"potentialAction\":[{\"@type\":\"SearchAction\",\"target\":{\"@type\":\"EntryPoint\",\"urlTemplate\":\"https:\\\/\\\/www.santanyi.net\\\/de\\\/?s={search_term_string}\"},\"query-input\":{\"@type\":\"PropertyValueSpecification\",\"valueRequired\":true,\"valueName\":\"search_term_string\"}}],\"inLanguage\":\"de\"},{\"@type\":\"Organization\",\"@id\":\"https:\\\/\\\/www.santanyi.net\\\/de\\\/#organization\",\"name\":\"RE\\\/MAX Drac\",\"url\":\"https:\\\/\\\/www.santanyi.net\\\/de\\\/\",\"logo\":{\"@type\":\"ImageObject\",\"inLanguage\":\"de\",\"@id\":\"https:\\\/\\\/www.santanyi.net\\\/de\\\/#\\\/schema\\\/logo\\\/image\\\/\",\"url\":\"https:\\\/\\\/www.santanyi.net\\\/wp-content\\\/uploads\\\/2025\\\/07\\\/logo-nuevo.png\",\"contentUrl\":\"https:\\\/\\\/www.santanyi.net\\\/wp-content\\\/uploads\\\/2025\\\/07\\\/logo-nuevo.png\",\"width\":295,\"height\":165,\"caption\":\"RE\\\/MAX Drac\"},\"image\":{\"@id\":\"https:\\\/\\\/www.santanyi.net\\\/de\\\/#\\\/schema\\\/logo\\\/image\\\/\"}}]}<\/script>\n<!-- \/ Yoast SEO plugin. -->","yoast_head_json":{"title":"Sch\u00f6ne, helle, m\u00f6blierte Wohnung mit mini Balkon sehr zentral gelegen in Santanyi. - RE\/MAX Drac","robots":{"index":"index","follow":"follow","max-snippet":"max-snippet:-1","max-image-preview":"max-image-preview:large","max-video-preview":"max-video-preview:-1"},"canonical":"https:\/\/www.santanyi.net\/de\/property\/schone-helle-moblierte-wohnung-mit-mini-balkon-sehr-zentral-gelegen-in-santanyi\/","og_locale":"de_DE","og_type":"article","og_title":"Sch\u00f6ne, helle, m\u00f6blierte Wohnung mit mini Balkon sehr zentral gelegen in Santanyi. - RE\/MAX Drac","og_description":"Charmante 80 m\u00b2 gro\u00dfe Wohnung im Herzen von Santany\u00ed. Die einladende Wohnung verf\u00fcgt \u00fcber zwei ger\u00e4umige Doppelschlafzimmer und ein weiteres etwas kleineres Zimmer. Die voll ausgestattete K\u00fcche mit K\u00fchlschrank, Geschirrsp\u00fcler, Cerankochfeld, Backofen und kleinem Waschraum mit Waschmaschine geht in den hellen Wohn- und Essbereich \u00fcber, der dank gro\u00dfer Fenster lichtdurchflutet ist. Von hier aus gelangen [&hellip;]","og_url":"https:\/\/www.santanyi.net\/de\/property\/schone-helle-moblierte-wohnung-mit-mini-balkon-sehr-zentral-gelegen-in-santanyi\/","og_site_name":"RE\/MAX Drac","twitter_card":"summary_large_image","twitter_misc":{"Gesch\u00e4tzte Lesezeit":"1\u00a0Minute"},"schema":{"@context":"https:\/\/schema.org","@graph":[{"@type":"WebPage","@id":"https:\/\/www.santanyi.net\/de\/property\/schone-helle-moblierte-wohnung-mit-mini-balkon-sehr-zentral-gelegen-in-santanyi\/","url":"https:\/\/www.santanyi.net\/de\/property\/schone-helle-moblierte-wohnung-mit-mini-balkon-sehr-zentral-gelegen-in-santanyi\/","name":"Sch\u00f6ne, helle, m\u00f6blierte Wohnung mit mini Balkon sehr zentral gelegen in Santanyi. - RE\/MAX Drac","isPartOf":{"@id":"https:\/\/www.santanyi.net\/de\/#website"},"datePublished":"2026-04-24T04:40:44+00:00","breadcrumb":{"@id":"https:\/\/www.santanyi.net\/de\/property\/schone-helle-moblierte-wohnung-mit-mini-balkon-sehr-zentral-gelegen-in-santanyi\/#breadcrumb"},"inLanguage":"de","potentialAction":[{"@type":"ReadAction","target":["https:\/\/www.santanyi.net\/de\/property\/schone-helle-moblierte-wohnung-mit-mini-balkon-sehr-zentral-gelegen-in-santanyi\/"]}]},{"@type":"BreadcrumbList","@id":"https:\/\/www.santanyi.net\/de\/property\/schone-helle-moblierte-wohnung-mit-mini-balkon-sehr-zentral-gelegen-in-santanyi\/#breadcrumb","itemListElement":[{"@type":"ListItem","position":1,"name":"Home","item":"https:\/\/www.santanyi.net\/de\/"},{"@type":"ListItem","position":2,"name":"Eigenschaften","item":"https:\/\/www.santanyi.net\/de\/property\/"},{"@type":"ListItem","position":3,"name":"Sch\u00f6ne, helle, m\u00f6blierte Wohnung mit mini Balkon sehr zentral gelegen in Santanyi."}]},{"@type":"WebSite","@id":"https:\/\/www.santanyi.net\/de\/#website","url":"https:\/\/www.santanyi.net\/de\/","name":"RE\/MAX Drac","description":"","publisher":{"@id":"https:\/\/www.santanyi.net\/de\/#organization"},"potentialAction":[{"@type":"SearchAction","target":{"@type":"EntryPoint","urlTemplate":"https:\/\/www.santanyi.net\/de\/?s={search_term_string}"},"query-input":{"@type":"PropertyValueSpecification","valueRequired":true,"valueName":"search_term_string"}}],"inLanguage":"de"},{"@type":"Organization","@id":"https:\/\/www.santanyi.net\/de\/#organization","name":"RE\/MAX Drac","url":"https:\/\/www.santanyi.net\/de\/","logo":{"@type":"ImageObject","inLanguage":"de","@id":"https:\/\/www.santanyi.net\/de\/#\/schema\/logo\/image\/","url":"https:\/\/www.santanyi.net\/wp-content\/uploads\/2025\/07\/logo-nuevo.png","contentUrl":"https:\/\/www.santanyi.net\/wp-content\/uploads\/2025\/07\/logo-nuevo.png","width":295,"height":165,"caption":"RE\/MAX Drac"},"image":{"@id":"https:\/\/www.santanyi.net\/de\/#\/schema\/logo\/image\/"}}]}},"_links":{"self":[{"href":"https:\/\/www.santanyi.net\/de\/wp-json\/wp\/v2\/properties\/188576","targetHints":{"allow":["GET"]}}],"collection":[{"href":"https:\/\/www.santanyi.net\/de\/wp-json\/wp\/v2\/properties"}],"about":[{"href":"https:\/\/www.santanyi.net\/de\/wp-json\/wp\/v2\/types\/property"}],"version-history":[{"count":0,"href":"https:\/\/www.santanyi.net\/de\/wp-json\/wp\/v2\/properties\/188576\/revisions"}],"wp:attachment":[{"href":"https:\/\/www.santanyi.net\/de\/wp-json\/wp\/v2\/media?parent=188576"}],"wp:term":[{"taxonomy":"property_type","embeddable":true,"href":"https:\/\/www.santanyi.net\/de\/wp-json\/wp\/v2\/property_type?post=188576"},{"taxonomy":"property_status","embeddable":true,"href":"https:\/\/www.santanyi.net\/de\/wp-json\/wp\/v2\/property_status?post=188576"},{"taxonomy":"property_feature","embeddable":true,"href":"https:\/\/www.santanyi.net\/de\/wp-json\/wp\/v2\/property_feature?post=188576"},{"taxonomy":"property_label","embeddable":true,"href":"https:\/\/www.santanyi.net\/de\/wp-json\/wp\/v2\/property_label?post=188576"},{"taxonomy":"property_country","embeddable":true,"href":"https:\/\/www.santanyi.net\/de\/wp-json\/wp\/v2\/property_country?post=188576"},{"taxonomy":"property_state","embeddable":true,"href":"https:\/\/www.santanyi.net\/de\/wp-json\/wp\/v2\/property_state?post=188576"},{"taxonomy":"property_city","embeddable":true,"href":"https:\/\/www.santanyi.net\/de\/wp-json\/wp\/v2\/property_city?post=188576"},{"taxonomy":"property_area","embeddable":true,"href":"https:\/\/www.santanyi.net\/de\/wp-json\/wp\/v2\/property_area?post=188576"}],"curies":[{"name":"wp","href":"https:\/\/api.w.org\/{rel}","templated":true}]}}