
{"id":188492,"date":"2026-04-24T04:40:04","date_gmt":"2026-04-24T04:40:04","guid":{"rendered":"https:\/\/www.santanyi.net\/property\/strategische-investition-in-santanyi-grundstuck-fur-gemeinschaftsprojekte-im-ruhigen-cala-dor\/"},"modified":"2026-05-01T04:49:38","modified_gmt":"2026-05-01T04:49:38","slug":"strategische-investition-in-santanyi-grundstuck-fur-gemeinschaftsprojekte-im-ruhigen-cala-dor-2","status":"publish","type":"property","link":"https:\/\/www.santanyi.net\/de\/property\/strategische-investition-in-santanyi-grundstuck-fur-gemeinschaftsprojekte-im-ruhigen-cala-dor-2\/","title":{"rendered":"Strategische Investition in Santany\u00ed: Grundst\u00fcck f\u00fcr Gemeinschaftsprojekte im ruhigen Cala d&#8217;Or"},"content":{"rendered":"<p>Die Leinwand f\u00fcr Ihr N\u00e4chstes Gro\u00dfprojekt in Cala d&#8217;Or<br \/>Stellen Sie sich eine Umgebung mediterraner Gelassenheit vor, abseits des Trubels und dennoch perfekt angebunden. Wir pr\u00e4sentieren Ihnen eine au\u00dfergew\u00f6hnliche Investitionsm\u00f6glichkeit in Cala d&#8217;Or (Santany\u00ed), wo Ruhe auf Infrastruktur trifft, um Ihre Vision zu verwirklichen.<\/p>\n<p>Dieses st\u00e4dtische Grundst\u00fcck von 452 m\u00b2 ist nicht nur Land; es ist die Basis f\u00fcr ein Projekt von gro\u00dfer sozialer und gemeinschaftlicher Bedeutung. Seine Klassifizierung als Sozialeinrichtung (Equipamiento Social) er\u00f6ffnet eine breite Palette von Nutzungsm\u00f6glichkeiten: vom Bau modernster Sanit\u00e4r- oder Pflegezentren bis zur Entwicklung von Gesch\u00e4ftsr\u00e4umen, L\u00e4den, Bars oder sogar \u00f6ffentlichen und Bildungseinrichtungen. Die Vielseitigkeit dieses Bodens stellt sicher, dass Ihre Investition eine nachhaltige Wirkung in der Region hat.<\/p>\n<p>Die Lage ist unschlagbar: in einem ruhigen Wohngebiet, mit dem Vorteil, dass alle wichtigen Dienstleistungen \u2014 wie Schulen, Kinderg\u00e4rten und Gesch\u00e4fte \u2014 nur einen kurzen Spaziergang entfernt sind. Das Grundst\u00fcck bietet den Komfort aller Versorgungsleitungen direkt an der Stra\u00dfe und hervorragende Parkm\u00f6glichkeiten, entscheidende Faktoren, die die Realisierbarkeit und den Erfolg jedes hier angesiedelten Unternehmens oder Dienstleistung gew\u00e4hrleisten.<\/p>\n<p>Sichern Sie Ihre Zukunft in einer der begehrtesten Gegenden Mallorcas. Ein Grundst\u00fcck mit solch breitem Nutzungspotenzial und einer derart strategischen Lage in Cala d&#8217;Or ist ein Juwel, das darauf wartet, entdeckt zu werden.<\/p>\n","protected":false},"excerpt":{"rendered":"<p>Die Leinwand f\u00fcr Ihr N\u00e4chstes Gro\u00dfprojekt in Cala d&#8217;OrStellen Sie sich eine Umgebung mediterraner Gelassenheit vor, abseits des Trubels und dennoch perfekt angebunden. Wir pr\u00e4sentieren Ihnen eine au\u00dfergew\u00f6hnliche Investitionsm\u00f6glichkeit in Cala d&#8217;Or (Santany\u00ed), wo Ruhe auf Infrastruktur trifft, um Ihre Vision zu verwirklichen. Dieses st\u00e4dtische Grundst\u00fcck von 452 m\u00b2 ist nicht nur Land; es ist [&hellip;]<\/p>\n","protected":false},"author":0,"featured_media":188486,"parent":0,"menu_order":0,"template":"","property_type":[2113],"property_status":[2106,2114,2107],"property_feature":[],"property_label":[],"property_country":[],"property_state":[],"property_city":[635],"property_area":[645],"class_list":["post-188492","property","type-property","status-publish","has-post-thumbnail","hentry","property_type-solar-de","property_status-venta-de","property_status-ninguno-de","property_status-ninguno","property_city-santanyi","property_area-cala-dor"],"acf":[],"property_meta":{"_apg_property_user_edited":["1"],"fave_property_exclusive":["1"],"fave_property_agency":["86"],"fave_agent_display_option":["agent_info"],"fave_agents":["1611"],"fave_property_id":["DRAC-UR2053GE"],"fave_property_location":["39.379853338,3.230925667,15"],"houzez_geolocation_lat":["39.379853338"],"houzez_geolocation_long":["3.230925667"],"fave_property_price":["170000"],"fave_property_rent_or_sale":["sale"],"fave_property_year":[null],"fave_property_size_prefix":["m2"],"fave_property_land_postfix":["m2"],"fave_property_size":["452"],"fave_property_land":["452"],"fave_property_map_address":["Cala dOr, 07660 Santany\u00ed, BALEARES"],"fave_property_address":[" , Santany\u00ed 07660"],"fave_property_zip":["07660"],"fave_property_postal_code":["07660"],"fave_property_map":["1"],"_thumbnail_id":["188486"],"apg_property_id":["27465897"],"_wpml_word_count":["291"],"_eael_post_view_count":["8"],"houzez_recently_viewed":["2026-05-01 05:42:09"],"houzez_total_property_views":["8"],"houzez_views_by_date":["a:5:{s:10:\"04-24-2026\";i:2;s:10:\"04-25-2026\";i:2;s:10:\"04-27-2026\";i:2;s:10:\"04-29-2026\";i:1;s:10:\"05-01-2026\";i:1;}"],"fave_property_images":["188486","189502","189318","189118","189722","189306","189094"]},"yoast_head":"<!-- This site is optimized with the Yoast SEO plugin v27.5 - https:\/\/yoast.com\/product\/yoast-seo-wordpress\/ -->\n<title>Strategische Investition in Santany\u00ed: Grundst\u00fcck f\u00fcr Gemeinschaftsprojekte im ruhigen Cala d&#039;Or - RE\/MAX Drac<\/title>\n<meta name=\"robots\" content=\"index, follow, max-snippet:-1, max-image-preview:large, max-video-preview:-1\" \/>\n<link rel=\"canonical\" href=\"https:\/\/www.santanyi.net\/de\/property\/strategische-investition-in-santanyi-grundstuck-fur-gemeinschaftsprojekte-im-ruhigen-cala-dor-2\/\" \/>\n<meta property=\"og:locale\" content=\"de_DE\" \/>\n<meta property=\"og:type\" content=\"article\" \/>\n<meta property=\"og:title\" content=\"Strategische Investition in Santany\u00ed: Grundst\u00fcck f\u00fcr Gemeinschaftsprojekte im ruhigen Cala d&#039;Or - RE\/MAX Drac\" \/>\n<meta property=\"og:description\" content=\"Die Leinwand f\u00fcr Ihr N\u00e4chstes Gro\u00dfprojekt in Cala d&#8217;OrStellen Sie sich eine Umgebung mediterraner Gelassenheit vor, abseits des Trubels und dennoch perfekt angebunden. Wir pr\u00e4sentieren Ihnen eine au\u00dfergew\u00f6hnliche Investitionsm\u00f6glichkeit in Cala d&#8217;Or (Santany\u00ed), wo Ruhe auf Infrastruktur trifft, um Ihre Vision zu verwirklichen. Dieses st\u00e4dtische Grundst\u00fcck von 452 m\u00b2 ist nicht nur Land; es ist [&hellip;]\" \/>\n<meta property=\"og:url\" content=\"https:\/\/www.santanyi.net\/de\/property\/strategische-investition-in-santanyi-grundstuck-fur-gemeinschaftsprojekte-im-ruhigen-cala-dor-2\/\" \/>\n<meta property=\"og:site_name\" content=\"RE\/MAX Drac\" \/>\n<meta property=\"article:modified_time\" content=\"2026-05-01T04:49:38+00:00\" \/>\n<meta property=\"og:image\" content=\"https:\/\/www.santanyi.net\/wp-content\/uploads\/anaconda_property_media\/27465897-188485\/1-1.jpg\" \/>\n\t<meta property=\"og:image:width\" content=\"1920\" \/>\n\t<meta property=\"og:image:height\" content=\"1270\" \/>\n\t<meta property=\"og:image:type\" content=\"image\/jpeg\" \/>\n<meta name=\"twitter:card\" content=\"summary_large_image\" \/>\n<meta name=\"twitter:label1\" content=\"Gesch\u00e4tzte Lesezeit\" \/>\n\t<meta name=\"twitter:data1\" content=\"1\u00a0Minute\" \/>\n<script type=\"application\/ld+json\" class=\"yoast-schema-graph\">{\"@context\":\"https:\\\/\\\/schema.org\",\"@graph\":[{\"@type\":\"WebPage\",\"@id\":\"https:\\\/\\\/www.santanyi.net\\\/de\\\/property\\\/strategische-investition-in-santanyi-grundstuck-fur-gemeinschaftsprojekte-im-ruhigen-cala-dor-2\\\/\",\"url\":\"https:\\\/\\\/www.santanyi.net\\\/de\\\/property\\\/strategische-investition-in-santanyi-grundstuck-fur-gemeinschaftsprojekte-im-ruhigen-cala-dor-2\\\/\",\"name\":\"Strategische Investition in Santany\u00ed: Grundst\u00fcck f\u00fcr Gemeinschaftsprojekte im ruhigen Cala d'Or - RE\\\/MAX Drac\",\"isPartOf\":{\"@id\":\"https:\\\/\\\/www.santanyi.net\\\/de\\\/#website\"},\"primaryImageOfPage\":{\"@id\":\"https:\\\/\\\/www.santanyi.net\\\/de\\\/property\\\/strategische-investition-in-santanyi-grundstuck-fur-gemeinschaftsprojekte-im-ruhigen-cala-dor-2\\\/#primaryimage\"},\"image\":{\"@id\":\"https:\\\/\\\/www.santanyi.net\\\/de\\\/property\\\/strategische-investition-in-santanyi-grundstuck-fur-gemeinschaftsprojekte-im-ruhigen-cala-dor-2\\\/#primaryimage\"},\"thumbnailUrl\":\"https:\\\/\\\/www.santanyi.net\\\/wp-content\\\/uploads\\\/anaconda_property_media\\\/27465897-188485\\\/1-1.jpg\",\"datePublished\":\"2026-04-24T04:40:04+00:00\",\"dateModified\":\"2026-05-01T04:49:38+00:00\",\"breadcrumb\":{\"@id\":\"https:\\\/\\\/www.santanyi.net\\\/de\\\/property\\\/strategische-investition-in-santanyi-grundstuck-fur-gemeinschaftsprojekte-im-ruhigen-cala-dor-2\\\/#breadcrumb\"},\"inLanguage\":\"de\",\"potentialAction\":[{\"@type\":\"ReadAction\",\"target\":[\"https:\\\/\\\/www.santanyi.net\\\/de\\\/property\\\/strategische-investition-in-santanyi-grundstuck-fur-gemeinschaftsprojekte-im-ruhigen-cala-dor-2\\\/\"]}]},{\"@type\":\"ImageObject\",\"inLanguage\":\"de\",\"@id\":\"https:\\\/\\\/www.santanyi.net\\\/de\\\/property\\\/strategische-investition-in-santanyi-grundstuck-fur-gemeinschaftsprojekte-im-ruhigen-cala-dor-2\\\/#primaryimage\",\"url\":\"https:\\\/\\\/www.santanyi.net\\\/wp-content\\\/uploads\\\/anaconda_property_media\\\/27465897-188485\\\/1-1.jpg\",\"contentUrl\":\"https:\\\/\\\/www.santanyi.net\\\/wp-content\\\/uploads\\\/anaconda_property_media\\\/27465897-188485\\\/1-1.jpg\",\"width\":1920,\"height\":1270},{\"@type\":\"BreadcrumbList\",\"@id\":\"https:\\\/\\\/www.santanyi.net\\\/de\\\/property\\\/strategische-investition-in-santanyi-grundstuck-fur-gemeinschaftsprojekte-im-ruhigen-cala-dor-2\\\/#breadcrumb\",\"itemListElement\":[{\"@type\":\"ListItem\",\"position\":1,\"name\":\"Home\",\"item\":\"https:\\\/\\\/www.santanyi.net\\\/de\\\/\"},{\"@type\":\"ListItem\",\"position\":2,\"name\":\"Eigenschaften\",\"item\":\"https:\\\/\\\/www.santanyi.net\\\/de\\\/property\\\/\"},{\"@type\":\"ListItem\",\"position\":3,\"name\":\"Strategische Investition in Santany\u00ed: Grundst\u00fcck f\u00fcr Gemeinschaftsprojekte im ruhigen Cala d&#8217;Or\"}]},{\"@type\":\"WebSite\",\"@id\":\"https:\\\/\\\/www.santanyi.net\\\/de\\\/#website\",\"url\":\"https:\\\/\\\/www.santanyi.net\\\/de\\\/\",\"name\":\"RE\\\/MAX Drac\",\"description\":\"\",\"publisher\":{\"@id\":\"https:\\\/\\\/www.santanyi.net\\\/de\\\/#organization\"},\"potentialAction\":[{\"@type\":\"SearchAction\",\"target\":{\"@type\":\"EntryPoint\",\"urlTemplate\":\"https:\\\/\\\/www.santanyi.net\\\/de\\\/?s={search_term_string}\"},\"query-input\":{\"@type\":\"PropertyValueSpecification\",\"valueRequired\":true,\"valueName\":\"search_term_string\"}}],\"inLanguage\":\"de\"},{\"@type\":\"Organization\",\"@id\":\"https:\\\/\\\/www.santanyi.net\\\/de\\\/#organization\",\"name\":\"RE\\\/MAX Drac\",\"url\":\"https:\\\/\\\/www.santanyi.net\\\/de\\\/\",\"logo\":{\"@type\":\"ImageObject\",\"inLanguage\":\"de\",\"@id\":\"https:\\\/\\\/www.santanyi.net\\\/de\\\/#\\\/schema\\\/logo\\\/image\\\/\",\"url\":\"https:\\\/\\\/www.santanyi.net\\\/wp-content\\\/uploads\\\/2025\\\/07\\\/logo-nuevo.png\",\"contentUrl\":\"https:\\\/\\\/www.santanyi.net\\\/wp-content\\\/uploads\\\/2025\\\/07\\\/logo-nuevo.png\",\"width\":295,\"height\":165,\"caption\":\"RE\\\/MAX Drac\"},\"image\":{\"@id\":\"https:\\\/\\\/www.santanyi.net\\\/de\\\/#\\\/schema\\\/logo\\\/image\\\/\"}}]}<\/script>\n<!-- \/ Yoast SEO plugin. -->","yoast_head_json":{"title":"Strategische Investition in Santany\u00ed: Grundst\u00fcck f\u00fcr Gemeinschaftsprojekte im ruhigen Cala d'Or - RE\/MAX Drac","robots":{"index":"index","follow":"follow","max-snippet":"max-snippet:-1","max-image-preview":"max-image-preview:large","max-video-preview":"max-video-preview:-1"},"canonical":"https:\/\/www.santanyi.net\/de\/property\/strategische-investition-in-santanyi-grundstuck-fur-gemeinschaftsprojekte-im-ruhigen-cala-dor-2\/","og_locale":"de_DE","og_type":"article","og_title":"Strategische Investition in Santany\u00ed: Grundst\u00fcck f\u00fcr Gemeinschaftsprojekte im ruhigen Cala d'Or - RE\/MAX Drac","og_description":"Die Leinwand f\u00fcr Ihr N\u00e4chstes Gro\u00dfprojekt in Cala d&#8217;OrStellen Sie sich eine Umgebung mediterraner Gelassenheit vor, abseits des Trubels und dennoch perfekt angebunden. Wir pr\u00e4sentieren Ihnen eine au\u00dfergew\u00f6hnliche Investitionsm\u00f6glichkeit in Cala d&#8217;Or (Santany\u00ed), wo Ruhe auf Infrastruktur trifft, um Ihre Vision zu verwirklichen. Dieses st\u00e4dtische Grundst\u00fcck von 452 m\u00b2 ist nicht nur Land; es ist [&hellip;]","og_url":"https:\/\/www.santanyi.net\/de\/property\/strategische-investition-in-santanyi-grundstuck-fur-gemeinschaftsprojekte-im-ruhigen-cala-dor-2\/","og_site_name":"RE\/MAX Drac","article_modified_time":"2026-05-01T04:49:38+00:00","og_image":[{"width":1920,"height":1270,"url":"https:\/\/www.santanyi.net\/wp-content\/uploads\/anaconda_property_media\/27465897-188485\/1-1.jpg","type":"image\/jpeg"}],"twitter_card":"summary_large_image","twitter_misc":{"Gesch\u00e4tzte Lesezeit":"1\u00a0Minute"},"schema":{"@context":"https:\/\/schema.org","@graph":[{"@type":"WebPage","@id":"https:\/\/www.santanyi.net\/de\/property\/strategische-investition-in-santanyi-grundstuck-fur-gemeinschaftsprojekte-im-ruhigen-cala-dor-2\/","url":"https:\/\/www.santanyi.net\/de\/property\/strategische-investition-in-santanyi-grundstuck-fur-gemeinschaftsprojekte-im-ruhigen-cala-dor-2\/","name":"Strategische Investition in Santany\u00ed: Grundst\u00fcck f\u00fcr Gemeinschaftsprojekte im ruhigen Cala d'Or - RE\/MAX Drac","isPartOf":{"@id":"https:\/\/www.santanyi.net\/de\/#website"},"primaryImageOfPage":{"@id":"https:\/\/www.santanyi.net\/de\/property\/strategische-investition-in-santanyi-grundstuck-fur-gemeinschaftsprojekte-im-ruhigen-cala-dor-2\/#primaryimage"},"image":{"@id":"https:\/\/www.santanyi.net\/de\/property\/strategische-investition-in-santanyi-grundstuck-fur-gemeinschaftsprojekte-im-ruhigen-cala-dor-2\/#primaryimage"},"thumbnailUrl":"https:\/\/www.santanyi.net\/wp-content\/uploads\/anaconda_property_media\/27465897-188485\/1-1.jpg","datePublished":"2026-04-24T04:40:04+00:00","dateModified":"2026-05-01T04:49:38+00:00","breadcrumb":{"@id":"https:\/\/www.santanyi.net\/de\/property\/strategische-investition-in-santanyi-grundstuck-fur-gemeinschaftsprojekte-im-ruhigen-cala-dor-2\/#breadcrumb"},"inLanguage":"de","potentialAction":[{"@type":"ReadAction","target":["https:\/\/www.santanyi.net\/de\/property\/strategische-investition-in-santanyi-grundstuck-fur-gemeinschaftsprojekte-im-ruhigen-cala-dor-2\/"]}]},{"@type":"ImageObject","inLanguage":"de","@id":"https:\/\/www.santanyi.net\/de\/property\/strategische-investition-in-santanyi-grundstuck-fur-gemeinschaftsprojekte-im-ruhigen-cala-dor-2\/#primaryimage","url":"https:\/\/www.santanyi.net\/wp-content\/uploads\/anaconda_property_media\/27465897-188485\/1-1.jpg","contentUrl":"https:\/\/www.santanyi.net\/wp-content\/uploads\/anaconda_property_media\/27465897-188485\/1-1.jpg","width":1920,"height":1270},{"@type":"BreadcrumbList","@id":"https:\/\/www.santanyi.net\/de\/property\/strategische-investition-in-santanyi-grundstuck-fur-gemeinschaftsprojekte-im-ruhigen-cala-dor-2\/#breadcrumb","itemListElement":[{"@type":"ListItem","position":1,"name":"Home","item":"https:\/\/www.santanyi.net\/de\/"},{"@type":"ListItem","position":2,"name":"Eigenschaften","item":"https:\/\/www.santanyi.net\/de\/property\/"},{"@type":"ListItem","position":3,"name":"Strategische Investition in Santany\u00ed: Grundst\u00fcck f\u00fcr Gemeinschaftsprojekte im ruhigen Cala d&#8217;Or"}]},{"@type":"WebSite","@id":"https:\/\/www.santanyi.net\/de\/#website","url":"https:\/\/www.santanyi.net\/de\/","name":"RE\/MAX Drac","description":"","publisher":{"@id":"https:\/\/www.santanyi.net\/de\/#organization"},"potentialAction":[{"@type":"SearchAction","target":{"@type":"EntryPoint","urlTemplate":"https:\/\/www.santanyi.net\/de\/?s={search_term_string}"},"query-input":{"@type":"PropertyValueSpecification","valueRequired":true,"valueName":"search_term_string"}}],"inLanguage":"de"},{"@type":"Organization","@id":"https:\/\/www.santanyi.net\/de\/#organization","name":"RE\/MAX Drac","url":"https:\/\/www.santanyi.net\/de\/","logo":{"@type":"ImageObject","inLanguage":"de","@id":"https:\/\/www.santanyi.net\/de\/#\/schema\/logo\/image\/","url":"https:\/\/www.santanyi.net\/wp-content\/uploads\/2025\/07\/logo-nuevo.png","contentUrl":"https:\/\/www.santanyi.net\/wp-content\/uploads\/2025\/07\/logo-nuevo.png","width":295,"height":165,"caption":"RE\/MAX Drac"},"image":{"@id":"https:\/\/www.santanyi.net\/de\/#\/schema\/logo\/image\/"}}]}},"_links":{"self":[{"href":"https:\/\/www.santanyi.net\/de\/wp-json\/wp\/v2\/properties\/188492","targetHints":{"allow":["GET"]}}],"collection":[{"href":"https:\/\/www.santanyi.net\/de\/wp-json\/wp\/v2\/properties"}],"about":[{"href":"https:\/\/www.santanyi.net\/de\/wp-json\/wp\/v2\/types\/property"}],"version-history":[{"count":3,"href":"https:\/\/www.santanyi.net\/de\/wp-json\/wp\/v2\/properties\/188492\/revisions"}],"predecessor-version":[{"id":193681,"href":"https:\/\/www.santanyi.net\/de\/wp-json\/wp\/v2\/properties\/188492\/revisions\/193681"}],"wp:featuredmedia":[{"embeddable":true,"href":"https:\/\/www.santanyi.net\/de\/wp-json\/wp\/v2\/media\/188486"}],"wp:attachment":[{"href":"https:\/\/www.santanyi.net\/de\/wp-json\/wp\/v2\/media?parent=188492"}],"wp:term":[{"taxonomy":"property_type","embeddable":true,"href":"https:\/\/www.santanyi.net\/de\/wp-json\/wp\/v2\/property_type?post=188492"},{"taxonomy":"property_status","embeddable":true,"href":"https:\/\/www.santanyi.net\/de\/wp-json\/wp\/v2\/property_status?post=188492"},{"taxonomy":"property_feature","embeddable":true,"href":"https:\/\/www.santanyi.net\/de\/wp-json\/wp\/v2\/property_feature?post=188492"},{"taxonomy":"property_label","embeddable":true,"href":"https:\/\/www.santanyi.net\/de\/wp-json\/wp\/v2\/property_label?post=188492"},{"taxonomy":"property_country","embeddable":true,"href":"https:\/\/www.santanyi.net\/de\/wp-json\/wp\/v2\/property_country?post=188492"},{"taxonomy":"property_state","embeddable":true,"href":"https:\/\/www.santanyi.net\/de\/wp-json\/wp\/v2\/property_state?post=188492"},{"taxonomy":"property_city","embeddable":true,"href":"https:\/\/www.santanyi.net\/de\/wp-json\/wp\/v2\/property_city?post=188492"},{"taxonomy":"property_area","embeddable":true,"href":"https:\/\/www.santanyi.net\/de\/wp-json\/wp\/v2\/property_area?post=188492"}],"curies":[{"name":"wp","href":"https:\/\/api.w.org\/{rel}","templated":true}]}}