
{"id":188484,"date":"2026-04-24T04:40:02","date_gmt":"2026-04-24T04:40:02","guid":{"rendered":"https:\/\/www.santanyi.net\/property\/ab-15-august-2026-bis-april-2027-charmantes-haus-mit-zentral-heizung-terrassen-garten-in-meeres-nahe\/"},"modified":"2026-04-29T08:08:30","modified_gmt":"2026-04-29T08:08:30","slug":"ab-15-august-2026-bis-april-2027-charmantes-haus-mit-zentral-heizung-terrassen-garten-in-meeres-nahe-2","status":"publish","type":"property","link":"https:\/\/www.santanyi.net\/de\/property\/ab-15-august-2026-bis-april-2027-charmantes-haus-mit-zentral-heizung-terrassen-garten-in-meeres-nahe-2\/","title":{"rendered":"AB 15. AUGUST 2026 BIS APRIL 2027!!! Charmantes Haus mit Zentral Heizung, Terrassen, Garten, in Meeres N\u00e4he."},"content":{"rendered":"<p>AB 15. AUGUST 2026 BIS APRIL 2027!!!  Nach \u201e15.8.26 bis April 27\u201c auch einzelne Monate mietbar, Preis variiert je nach Monat, mind 1550 Euro\/ Monat f\u00fcr die k\u00e4lteren Monate. Dieses wundersch\u00f6ne Haus im mediterranen Stil bietet eine Wohnfl\u00e4che von ca. 82 m\u00b2, die sich auf einer Ebene verteilt.<br \/>Im Au\u00dfenbereich befindet sich eine \u00fcberdachte Terrasse am Eingangsbereich sowie eine gro\u00dfe, sonnige Terrasse auf der R\u00fcckseite des Hauses, ausgestattet mit Sonnenliegen, Esstisch, einer neuen Tischtennisplatte, einer neuen Au\u00dfenk\u00fcche mit Gasherd und einer Au\u00dfendusche. Au\u00dferdem gibt es einen kleinen Abstellraum und eine Dachterrasse mit Weitblick bis zum Meer.<br \/>Im Inneren \u00fcberzeugt das Haus mit einem hellen Wohn- und Esszimmer, ausgestattet mit Holzkamin und Klimaanlage (warm\/kalt\/ Entfeuchter). Die offene, helle K\u00fcche wurde k\u00fcrzlich komplett erneuert und mit neuen hochwertigen Elektroger\u00e4ten wie K\u00fchlschrank (Liebherr), Gasherd, Backofen und Geschirrsp\u00fcler (Siemens) ausgestattet. Auch das Badezimmer mit Dusche ist komplett neu und sogar mit Fussbodenheizung versehen. Es gibt zwei Schlafzimmer, eines davon mit einem gro\u00dfen Einbauschrank.<br \/>Der liebevoll angelegte Garten rund um das Haus ist mit einer automatischen Bew\u00e4sserungsanlage ausgestattet.<br \/>Das Haus wird voll m\u00f6bliert vermietet, und alle R\u00e4ume verf\u00fcgen \u00fcber eine Klimaanlage (warm\/kalt), und das ganze Haus verf\u00fcgt \u00fcber \u00d6l Zentral Heizung, f\u00fcr die etwas k\u00e4lteren Monate.<br \/>Das Grundst\u00fcck umfasst ca. 386 m\u00b2 und ist g\u00e4rtnerisch gestaltet sowie vollst\u00e4ndig eingez\u00e4unt. 1,5 Km bis zum Strand S`Amarador und 5 Km bis Santanyi. <\/p>\n","protected":false},"excerpt":{"rendered":"<p>AB 15. AUGUST 2026 BIS APRIL 2027!!! Nach \u201e15.8.26 bis April 27\u201c auch einzelne Monate mietbar, Preis variiert je nach Monat, mind 1550 Euro\/ Monat f\u00fcr die k\u00e4lteren Monate. Dieses wundersch\u00f6ne Haus im mediterranen Stil bietet eine Wohnfl\u00e4che von ca. 82 m\u00b2, die sich auf einer Ebene verteilt.Im Au\u00dfenbereich befindet sich eine \u00fcberdachte Terrasse am [&hellip;]<\/p>\n","protected":false},"author":0,"featured_media":188478,"parent":0,"menu_order":0,"template":"","property_type":[2133],"property_status":[2142,2175,2178],"property_feature":[1911,1935,1818,1875,1819,1975,1987,1820,1972,1988,1879,1822,1823,1824,1899,1938,1990,1973,1901,2006,2000,1942,1830],"property_label":[],"property_country":[],"property_state":[],"property_city":[635],"property_area":[637],"class_list":["post-188484","property","type-property","status-publish","has-post-thumbnail","hentry","property_type-casa-de","property_status-alquilar-de","property_status-reformar-parcialmente","property_status-reformar-parcialmente-de","property_feature-airecentral","property_feature-airecentral-de","property_feature-arboles-de","property_feature-arma_empo-de","property_feature-barbacoa-de","property_feature-bombafriocalor","property_feature-bombafriocalor-de","property_feature-calefaccion-de","property_feature-chimenea","property_feature-chimenea-de","property_feature-cocina_inde-de","property_feature-electro-de","property_feature-jardin-de","property_feature-lavanderia-de","property_feature-patio-de","property_feature-pergola-de","property_feature-solarium-de","property_feature-solarium","property_feature-terraza-de","property_feature-tv-de","property_feature-tv","property_feature-urbanizacion-de","property_feature-vallado-de","property_city-santanyi","property_area-cala-figuera"],"acf":[],"property_meta":{"_apg_property_user_edited":["1"],"fave_property_agency":["86"],"fave_agent_display_option":["agent_info"],"fave_agents":["1610"],"fave_property_id":["DRAC-AA1471-YK"],"fave_property_location":["39.340391036774,3.1808652997646,15"],"houzez_geolocation_lat":["39.340391036774"],"houzez_geolocation_long":["3.1808652997646"],"fave_property_price":["1550"],"fave_property_rent_or_sale":["rent"],"fave_property_year":[null],"fave_property_size_prefix":["m2"],"fave_property_land_postfix":["m2"],"fave_property_size":["77.00"],"fave_property_land":["362"],"fave_property_bedrooms":["2"],"fave_property_bathrooms":["1"],"fave_property_map_address":["Cala Figuera, 07690 Santany\u00ed, BALEARES"],"fave_property_address":[" , Santany\u00ed 07690"],"fave_property_zip":["07690"],"fave_property_postal_code":["07690"],"fave_property_map":["1"],"_thumbnail_id":["188478"],"apg_property_id":["27074386"],"_wpml_word_count":["289"],"_eael_post_view_count":["12"],"houzez_recently_viewed":["2026-04-29 11:25:51"],"houzez_total_property_views":["12"],"houzez_views_by_date":["a:6:{s:10:\"04-24-2026\";i:2;s:10:\"04-25-2026\";i:3;s:10:\"04-26-2026\";i:2;s:10:\"04-27-2026\";i:2;s:10:\"04-28-2026\";i:1;s:10:\"04-29-2026\";i:2;}"],"fave_property_images":["188478","189246","189626","189674","189406","189718","189430","189422","189506","189058","189342","189158","189258","189642","189298","189702","189602","189234","189558","189466","189098","189454","189638","189362","189382","189606","189154","189130","189426","189710","189666","189482","189350","189194","189142","189438","189334"],"_elementor_page_assets":["a:0:{}"]},"yoast_head":"<!-- This site is optimized with the Yoast SEO plugin v27.5 - https:\/\/yoast.com\/product\/yoast-seo-wordpress\/ -->\n<title>AB 15. AUGUST 2026 BIS APRIL 2027!!! Charmantes Haus mit Zentral Heizung, Terrassen, Garten, in Meeres N\u00e4he. - RE\/MAX Drac<\/title>\n<meta name=\"robots\" content=\"index, follow, max-snippet:-1, max-image-preview:large, max-video-preview:-1\" \/>\n<link rel=\"canonical\" href=\"https:\/\/www.santanyi.net\/de\/property\/ab-15-august-2026-bis-april-2027-charmantes-haus-mit-zentral-heizung-terrassen-garten-in-meeres-nahe-2\/\" \/>\n<meta property=\"og:locale\" content=\"de_DE\" \/>\n<meta property=\"og:type\" content=\"article\" \/>\n<meta property=\"og:title\" content=\"AB 15. AUGUST 2026 BIS APRIL 2027!!! Charmantes Haus mit Zentral Heizung, Terrassen, Garten, in Meeres N\u00e4he. - RE\/MAX Drac\" \/>\n<meta property=\"og:description\" content=\"AB 15. AUGUST 2026 BIS APRIL 2027!!! Nach \u201e15.8.26 bis April 27\u201c auch einzelne Monate mietbar, Preis variiert je nach Monat, mind 1550 Euro\/ Monat f\u00fcr die k\u00e4lteren Monate. Dieses wundersch\u00f6ne Haus im mediterranen Stil bietet eine Wohnfl\u00e4che von ca. 82 m\u00b2, die sich auf einer Ebene verteilt.Im Au\u00dfenbereich befindet sich eine \u00fcberdachte Terrasse am [&hellip;]\" \/>\n<meta property=\"og:url\" content=\"https:\/\/www.santanyi.net\/de\/property\/ab-15-august-2026-bis-april-2027-charmantes-haus-mit-zentral-heizung-terrassen-garten-in-meeres-nahe-2\/\" \/>\n<meta property=\"og:site_name\" content=\"RE\/MAX Drac\" \/>\n<meta property=\"article:modified_time\" content=\"2026-04-29T08:08:30+00:00\" \/>\n<meta property=\"og:image\" content=\"https:\/\/www.santanyi.net\/wp-content\/uploads\/anaconda_property_media\/27074386-188477\/27-1.jpg\" \/>\n\t<meta property=\"og:image:width\" content=\"800\" \/>\n\t<meta property=\"og:image:height\" content=\"600\" \/>\n\t<meta property=\"og:image:type\" content=\"image\/jpeg\" \/>\n<meta name=\"twitter:card\" content=\"summary_large_image\" \/>\n<meta name=\"twitter:label1\" content=\"Gesch\u00e4tzte Lesezeit\" \/>\n\t<meta name=\"twitter:data1\" content=\"1\u00a0Minute\" \/>\n<script type=\"application\/ld+json\" class=\"yoast-schema-graph\">{\"@context\":\"https:\\\/\\\/schema.org\",\"@graph\":[{\"@type\":\"WebPage\",\"@id\":\"https:\\\/\\\/www.santanyi.net\\\/de\\\/property\\\/ab-15-august-2026-bis-april-2027-charmantes-haus-mit-zentral-heizung-terrassen-garten-in-meeres-nahe-2\\\/\",\"url\":\"https:\\\/\\\/www.santanyi.net\\\/de\\\/property\\\/ab-15-august-2026-bis-april-2027-charmantes-haus-mit-zentral-heizung-terrassen-garten-in-meeres-nahe-2\\\/\",\"name\":\"AB 15. AUGUST 2026 BIS APRIL 2027!!! Charmantes Haus mit Zentral Heizung, Terrassen, Garten, in Meeres N\u00e4he. - RE\\\/MAX Drac\",\"isPartOf\":{\"@id\":\"https:\\\/\\\/www.santanyi.net\\\/de\\\/#website\"},\"primaryImageOfPage\":{\"@id\":\"https:\\\/\\\/www.santanyi.net\\\/de\\\/property\\\/ab-15-august-2026-bis-april-2027-charmantes-haus-mit-zentral-heizung-terrassen-garten-in-meeres-nahe-2\\\/#primaryimage\"},\"image\":{\"@id\":\"https:\\\/\\\/www.santanyi.net\\\/de\\\/property\\\/ab-15-august-2026-bis-april-2027-charmantes-haus-mit-zentral-heizung-terrassen-garten-in-meeres-nahe-2\\\/#primaryimage\"},\"thumbnailUrl\":\"https:\\\/\\\/www.santanyi.net\\\/wp-content\\\/uploads\\\/anaconda_property_media\\\/27074386-188477\\\/27-1.jpg\",\"datePublished\":\"2026-04-24T04:40:02+00:00\",\"dateModified\":\"2026-04-29T08:08:30+00:00\",\"breadcrumb\":{\"@id\":\"https:\\\/\\\/www.santanyi.net\\\/de\\\/property\\\/ab-15-august-2026-bis-april-2027-charmantes-haus-mit-zentral-heizung-terrassen-garten-in-meeres-nahe-2\\\/#breadcrumb\"},\"inLanguage\":\"de\",\"potentialAction\":[{\"@type\":\"ReadAction\",\"target\":[\"https:\\\/\\\/www.santanyi.net\\\/de\\\/property\\\/ab-15-august-2026-bis-april-2027-charmantes-haus-mit-zentral-heizung-terrassen-garten-in-meeres-nahe-2\\\/\"]}]},{\"@type\":\"ImageObject\",\"inLanguage\":\"de\",\"@id\":\"https:\\\/\\\/www.santanyi.net\\\/de\\\/property\\\/ab-15-august-2026-bis-april-2027-charmantes-haus-mit-zentral-heizung-terrassen-garten-in-meeres-nahe-2\\\/#primaryimage\",\"url\":\"https:\\\/\\\/www.santanyi.net\\\/wp-content\\\/uploads\\\/anaconda_property_media\\\/27074386-188477\\\/27-1.jpg\",\"contentUrl\":\"https:\\\/\\\/www.santanyi.net\\\/wp-content\\\/uploads\\\/anaconda_property_media\\\/27074386-188477\\\/27-1.jpg\",\"width\":800,\"height\":600},{\"@type\":\"BreadcrumbList\",\"@id\":\"https:\\\/\\\/www.santanyi.net\\\/de\\\/property\\\/ab-15-august-2026-bis-april-2027-charmantes-haus-mit-zentral-heizung-terrassen-garten-in-meeres-nahe-2\\\/#breadcrumb\",\"itemListElement\":[{\"@type\":\"ListItem\",\"position\":1,\"name\":\"Home\",\"item\":\"https:\\\/\\\/www.santanyi.net\\\/de\\\/\"},{\"@type\":\"ListItem\",\"position\":2,\"name\":\"Eigenschaften\",\"item\":\"https:\\\/\\\/www.santanyi.net\\\/de\\\/property\\\/\"},{\"@type\":\"ListItem\",\"position\":3,\"name\":\"AB 15. AUGUST 2026 BIS APRIL 2027!!! Charmantes Haus mit Zentral Heizung, Terrassen, Garten, in Meeres N\u00e4he.\"}]},{\"@type\":\"WebSite\",\"@id\":\"https:\\\/\\\/www.santanyi.net\\\/de\\\/#website\",\"url\":\"https:\\\/\\\/www.santanyi.net\\\/de\\\/\",\"name\":\"RE\\\/MAX Drac\",\"description\":\"\",\"publisher\":{\"@id\":\"https:\\\/\\\/www.santanyi.net\\\/de\\\/#organization\"},\"potentialAction\":[{\"@type\":\"SearchAction\",\"target\":{\"@type\":\"EntryPoint\",\"urlTemplate\":\"https:\\\/\\\/www.santanyi.net\\\/de\\\/?s={search_term_string}\"},\"query-input\":{\"@type\":\"PropertyValueSpecification\",\"valueRequired\":true,\"valueName\":\"search_term_string\"}}],\"inLanguage\":\"de\"},{\"@type\":\"Organization\",\"@id\":\"https:\\\/\\\/www.santanyi.net\\\/de\\\/#organization\",\"name\":\"RE\\\/MAX Drac\",\"url\":\"https:\\\/\\\/www.santanyi.net\\\/de\\\/\",\"logo\":{\"@type\":\"ImageObject\",\"inLanguage\":\"de\",\"@id\":\"https:\\\/\\\/www.santanyi.net\\\/de\\\/#\\\/schema\\\/logo\\\/image\\\/\",\"url\":\"https:\\\/\\\/www.santanyi.net\\\/wp-content\\\/uploads\\\/2025\\\/07\\\/logo-nuevo.png\",\"contentUrl\":\"https:\\\/\\\/www.santanyi.net\\\/wp-content\\\/uploads\\\/2025\\\/07\\\/logo-nuevo.png\",\"width\":295,\"height\":165,\"caption\":\"RE\\\/MAX Drac\"},\"image\":{\"@id\":\"https:\\\/\\\/www.santanyi.net\\\/de\\\/#\\\/schema\\\/logo\\\/image\\\/\"}}]}<\/script>\n<!-- \/ Yoast SEO plugin. -->","yoast_head_json":{"title":"AB 15. AUGUST 2026 BIS APRIL 2027!!! Charmantes Haus mit Zentral Heizung, Terrassen, Garten, in Meeres N\u00e4he. - RE\/MAX Drac","robots":{"index":"index","follow":"follow","max-snippet":"max-snippet:-1","max-image-preview":"max-image-preview:large","max-video-preview":"max-video-preview:-1"},"canonical":"https:\/\/www.santanyi.net\/de\/property\/ab-15-august-2026-bis-april-2027-charmantes-haus-mit-zentral-heizung-terrassen-garten-in-meeres-nahe-2\/","og_locale":"de_DE","og_type":"article","og_title":"AB 15. AUGUST 2026 BIS APRIL 2027!!! Charmantes Haus mit Zentral Heizung, Terrassen, Garten, in Meeres N\u00e4he. - RE\/MAX Drac","og_description":"AB 15. AUGUST 2026 BIS APRIL 2027!!! Nach \u201e15.8.26 bis April 27\u201c auch einzelne Monate mietbar, Preis variiert je nach Monat, mind 1550 Euro\/ Monat f\u00fcr die k\u00e4lteren Monate. Dieses wundersch\u00f6ne Haus im mediterranen Stil bietet eine Wohnfl\u00e4che von ca. 82 m\u00b2, die sich auf einer Ebene verteilt.Im Au\u00dfenbereich befindet sich eine \u00fcberdachte Terrasse am [&hellip;]","og_url":"https:\/\/www.santanyi.net\/de\/property\/ab-15-august-2026-bis-april-2027-charmantes-haus-mit-zentral-heizung-terrassen-garten-in-meeres-nahe-2\/","og_site_name":"RE\/MAX Drac","article_modified_time":"2026-04-29T08:08:30+00:00","og_image":[{"width":800,"height":600,"url":"https:\/\/www.santanyi.net\/wp-content\/uploads\/anaconda_property_media\/27074386-188477\/27-1.jpg","type":"image\/jpeg"}],"twitter_card":"summary_large_image","twitter_misc":{"Gesch\u00e4tzte Lesezeit":"1\u00a0Minute"},"schema":{"@context":"https:\/\/schema.org","@graph":[{"@type":"WebPage","@id":"https:\/\/www.santanyi.net\/de\/property\/ab-15-august-2026-bis-april-2027-charmantes-haus-mit-zentral-heizung-terrassen-garten-in-meeres-nahe-2\/","url":"https:\/\/www.santanyi.net\/de\/property\/ab-15-august-2026-bis-april-2027-charmantes-haus-mit-zentral-heizung-terrassen-garten-in-meeres-nahe-2\/","name":"AB 15. AUGUST 2026 BIS APRIL 2027!!! Charmantes Haus mit Zentral Heizung, Terrassen, Garten, in Meeres N\u00e4he. - RE\/MAX Drac","isPartOf":{"@id":"https:\/\/www.santanyi.net\/de\/#website"},"primaryImageOfPage":{"@id":"https:\/\/www.santanyi.net\/de\/property\/ab-15-august-2026-bis-april-2027-charmantes-haus-mit-zentral-heizung-terrassen-garten-in-meeres-nahe-2\/#primaryimage"},"image":{"@id":"https:\/\/www.santanyi.net\/de\/property\/ab-15-august-2026-bis-april-2027-charmantes-haus-mit-zentral-heizung-terrassen-garten-in-meeres-nahe-2\/#primaryimage"},"thumbnailUrl":"https:\/\/www.santanyi.net\/wp-content\/uploads\/anaconda_property_media\/27074386-188477\/27-1.jpg","datePublished":"2026-04-24T04:40:02+00:00","dateModified":"2026-04-29T08:08:30+00:00","breadcrumb":{"@id":"https:\/\/www.santanyi.net\/de\/property\/ab-15-august-2026-bis-april-2027-charmantes-haus-mit-zentral-heizung-terrassen-garten-in-meeres-nahe-2\/#breadcrumb"},"inLanguage":"de","potentialAction":[{"@type":"ReadAction","target":["https:\/\/www.santanyi.net\/de\/property\/ab-15-august-2026-bis-april-2027-charmantes-haus-mit-zentral-heizung-terrassen-garten-in-meeres-nahe-2\/"]}]},{"@type":"ImageObject","inLanguage":"de","@id":"https:\/\/www.santanyi.net\/de\/property\/ab-15-august-2026-bis-april-2027-charmantes-haus-mit-zentral-heizung-terrassen-garten-in-meeres-nahe-2\/#primaryimage","url":"https:\/\/www.santanyi.net\/wp-content\/uploads\/anaconda_property_media\/27074386-188477\/27-1.jpg","contentUrl":"https:\/\/www.santanyi.net\/wp-content\/uploads\/anaconda_property_media\/27074386-188477\/27-1.jpg","width":800,"height":600},{"@type":"BreadcrumbList","@id":"https:\/\/www.santanyi.net\/de\/property\/ab-15-august-2026-bis-april-2027-charmantes-haus-mit-zentral-heizung-terrassen-garten-in-meeres-nahe-2\/#breadcrumb","itemListElement":[{"@type":"ListItem","position":1,"name":"Home","item":"https:\/\/www.santanyi.net\/de\/"},{"@type":"ListItem","position":2,"name":"Eigenschaften","item":"https:\/\/www.santanyi.net\/de\/property\/"},{"@type":"ListItem","position":3,"name":"AB 15. AUGUST 2026 BIS APRIL 2027!!! Charmantes Haus mit Zentral Heizung, Terrassen, Garten, in Meeres N\u00e4he."}]},{"@type":"WebSite","@id":"https:\/\/www.santanyi.net\/de\/#website","url":"https:\/\/www.santanyi.net\/de\/","name":"RE\/MAX Drac","description":"","publisher":{"@id":"https:\/\/www.santanyi.net\/de\/#organization"},"potentialAction":[{"@type":"SearchAction","target":{"@type":"EntryPoint","urlTemplate":"https:\/\/www.santanyi.net\/de\/?s={search_term_string}"},"query-input":{"@type":"PropertyValueSpecification","valueRequired":true,"valueName":"search_term_string"}}],"inLanguage":"de"},{"@type":"Organization","@id":"https:\/\/www.santanyi.net\/de\/#organization","name":"RE\/MAX Drac","url":"https:\/\/www.santanyi.net\/de\/","logo":{"@type":"ImageObject","inLanguage":"de","@id":"https:\/\/www.santanyi.net\/de\/#\/schema\/logo\/image\/","url":"https:\/\/www.santanyi.net\/wp-content\/uploads\/2025\/07\/logo-nuevo.png","contentUrl":"https:\/\/www.santanyi.net\/wp-content\/uploads\/2025\/07\/logo-nuevo.png","width":295,"height":165,"caption":"RE\/MAX Drac"},"image":{"@id":"https:\/\/www.santanyi.net\/de\/#\/schema\/logo\/image\/"}}]}},"_links":{"self":[{"href":"https:\/\/www.santanyi.net\/de\/wp-json\/wp\/v2\/properties\/188484","targetHints":{"allow":["GET"]}}],"collection":[{"href":"https:\/\/www.santanyi.net\/de\/wp-json\/wp\/v2\/properties"}],"about":[{"href":"https:\/\/www.santanyi.net\/de\/wp-json\/wp\/v2\/types\/property"}],"version-history":[{"count":2,"href":"https:\/\/www.santanyi.net\/de\/wp-json\/wp\/v2\/properties\/188484\/revisions"}],"predecessor-version":[{"id":193119,"href":"https:\/\/www.santanyi.net\/de\/wp-json\/wp\/v2\/properties\/188484\/revisions\/193119"}],"wp:featuredmedia":[{"embeddable":true,"href":"https:\/\/www.santanyi.net\/de\/wp-json\/wp\/v2\/media\/188478"}],"wp:attachment":[{"href":"https:\/\/www.santanyi.net\/de\/wp-json\/wp\/v2\/media?parent=188484"}],"wp:term":[{"taxonomy":"property_type","embeddable":true,"href":"https:\/\/www.santanyi.net\/de\/wp-json\/wp\/v2\/property_type?post=188484"},{"taxonomy":"property_status","embeddable":true,"href":"https:\/\/www.santanyi.net\/de\/wp-json\/wp\/v2\/property_status?post=188484"},{"taxonomy":"property_feature","embeddable":true,"href":"https:\/\/www.santanyi.net\/de\/wp-json\/wp\/v2\/property_feature?post=188484"},{"taxonomy":"property_label","embeddable":true,"href":"https:\/\/www.santanyi.net\/de\/wp-json\/wp\/v2\/property_label?post=188484"},{"taxonomy":"property_country","embeddable":true,"href":"https:\/\/www.santanyi.net\/de\/wp-json\/wp\/v2\/property_country?post=188484"},{"taxonomy":"property_state","embeddable":true,"href":"https:\/\/www.santanyi.net\/de\/wp-json\/wp\/v2\/property_state?post=188484"},{"taxonomy":"property_city","embeddable":true,"href":"https:\/\/www.santanyi.net\/de\/wp-json\/wp\/v2\/property_city?post=188484"},{"taxonomy":"property_area","embeddable":true,"href":"https:\/\/www.santanyi.net\/de\/wp-json\/wp\/v2\/property_area?post=188484"}],"curies":[{"name":"wp","href":"https:\/\/api.w.org\/{rel}","templated":true}]}}