
{"id":185856,"date":"2026-04-23T04:42:01","date_gmt":"2026-04-23T04:42:01","guid":{"rendered":"https:\/\/www.santanyi.net\/property\/reihenhaus-in-cala-figuera-santanyi\/"},"modified":"2026-04-29T08:09:04","modified_gmt":"2026-04-29T08:09:04","slug":"reihenhaus-in-cala-figuera-santanyi","status":"publish","type":"property","link":"https:\/\/www.santanyi.net\/de\/property\/reihenhaus-in-cala-figuera-santanyi\/","title":{"rendered":"Reihenhaus in Cala Figuera, Santany\u00ed"},"content":{"rendered":"<p>Entdecken Sie dieses charmante Reihenhaus aus dem Jahr 2005, das sorgf\u00e4ltig gepflegt wurde und einen ausgepr\u00e4gten mediterranen Stil aufweist. Es befindet sich in einer ruhigen Umgebung, die Komfort und mallorquinische Tradition harmonisch vereint.<\/p>\n<p>Die auf zwei Etagen verteilte Immobilie bietet ein helles Wohn-Esszimmer, eine funktionale K\u00fcche mit Speisekammer und Zugang zu einem angenehmen Innenhof &#8211; ideal, um das Leben im Freien zu genie\u00dfen. Sie verf\u00fcgt \u00fcber drei gro\u00dfz\u00fcgige Doppelschlafzimmer, eines davon mit Bad en Suite, sowie zwei weitere Badezimmer und ein G\u00e4ste-WC, die h\u00f6chsten Wohnkomfort f\u00fcr die ganze Familie gew\u00e4hrleisten.<\/p>\n<p>Im Au\u00dfenbereich \u00fcberzeugen die gem\u00fctliche Terrasse, der einladende Porch und die private Dachterrasse, die perfekt sind, um das mediterrane Klima das ganze Jahr \u00fcber zu genie\u00dfen, erg\u00e4nzt durch eine praktische Garage.<\/p>\n<p>Gelegen in Cala Figuera, einer der authentischsten Gegenden im S\u00fcdosten Mallorcas, nur wenige Minuten von Santany\u00ed und etwa 60 km von Palma entfernt. Dieses Chalet befindet sich in einem der authentischsten und ruhigsten Fischerh\u00e4fen der Insel, umgeben von mediterranem Charme und Tradition.<\/p>\n","protected":false},"excerpt":{"rendered":"<p>Entdecken Sie dieses charmante Reihenhaus aus dem Jahr 2005, das sorgf\u00e4ltig gepflegt wurde und einen ausgepr\u00e4gten mediterranen Stil aufweist. Es befindet sich in einer ruhigen Umgebung, die Komfort und mallorquinische Tradition harmonisch vereint. Die auf zwei Etagen verteilte Immobilie bietet ein helles Wohn-Esszimmer, eine funktionale K\u00fcche mit Speisekammer und Zugang zu einem angenehmen Innenhof &#8211; [&hellip;]<\/p>\n","protected":false},"author":0,"featured_media":185850,"parent":0,"menu_order":0,"template":"","property_type":[2170],"property_status":[2095,2096,2105,2106],"property_feature":[1765,1816,1851,1875,1819,1820,1823,1828,1990,1973,1901],"property_label":[],"property_country":[],"property_state":[],"property_city":[635],"property_area":[637],"class_list":["post-185856","property","type-property","status-publish","has-post-thumbnail","hentry","property_type-adosado-de","property_status-buen-estado","property_status-venta","property_status-buen-estado-de","property_status-venta-de","property_feature-aire_con","property_feature-aire_con-de","property_feature-arma_empo","property_feature-arma_empo-de","property_feature-barbacoa-de","property_feature-calefaccion-de","property_feature-jardin-de","property_feature-piscina_prop-de","property_feature-solarium-de","property_feature-solarium","property_feature-terraza-de","property_city-santanyi","property_area-cala-figuera"],"acf":[],"property_meta":{"_apg_property_user_edited":["1"],"fave_property_agency":["86"],"fave_agent_display_option":["agent_info"],"fave_property_id":["DRAC-CP2308AD"],"fave_property_location":["39.330155808801,3.1662256189269,15"],"houzez_geolocation_lat":["39.330155808801"],"houzez_geolocation_long":["3.1662256189269"],"fave_property_price":["599995"],"fave_property_rent_or_sale":["sale"],"fave_property_year":[null],"fave_property_size_prefix":["m2"],"fave_property_land_postfix":["m2"],"fave_property_size":["156.00"],"fave_property_land":["274"],"fave_property_bedrooms":["3"],"fave_property_bathrooms":["3"],"fave_property_garage":["2"],"fave_property_map_address":["Cala Figuera, 00000 Santany\u00ed, BALEARES"],"fave_property_address":[" , Santany\u00ed 00000"],"fave_property_zip":["00000"],"fave_property_postal_code":["00000"],"fave_property_map":["1"],"_thumbnail_id":["185850"],"apg_property_id":["28162017"],"_wpml_word_count":["207"],"_eael_post_view_count":["17"],"houzez_recently_viewed":["2026-04-29 14:34:19"],"houzez_total_property_views":["16"],"houzez_views_by_date":["a:7:{s:10:\"04-23-2026\";i:2;s:10:\"04-24-2026\";i:1;s:10:\"04-25-2026\";i:3;s:10:\"04-26-2026\";i:2;s:10:\"04-27-2026\";i:3;s:10:\"04-28-2026\";i:4;s:10:\"04-29-2026\";i:1;}"],"fave_agents":["139302"],"fave_property_images":["185850","188153","187001","187097","186973","187169","186925","187717","187057","187341","187457","187309","187789","187065","187173","187881","187285","187998","187773","187157","187025","188058","187329","187249","187061","187966","187769"],"_elementor_page_assets":["a:0:{}"]},"yoast_head":"<!-- This site is optimized with the Yoast SEO plugin v27.5 - https:\/\/yoast.com\/product\/yoast-seo-wordpress\/ -->\n<title>Reihenhaus in Cala Figuera, Santany\u00ed - RE\/MAX Drac<\/title>\n<meta name=\"robots\" content=\"index, follow, max-snippet:-1, max-image-preview:large, max-video-preview:-1\" \/>\n<link rel=\"canonical\" href=\"https:\/\/www.santanyi.net\/de\/property\/reihenhaus-in-cala-figuera-santanyi\/\" \/>\n<meta property=\"og:locale\" content=\"de_DE\" \/>\n<meta property=\"og:type\" content=\"article\" \/>\n<meta property=\"og:title\" content=\"Reihenhaus in Cala Figuera, Santany\u00ed - RE\/MAX Drac\" \/>\n<meta property=\"og:description\" content=\"Entdecken Sie dieses charmante Reihenhaus aus dem Jahr 2005, das sorgf\u00e4ltig gepflegt wurde und einen ausgepr\u00e4gten mediterranen Stil aufweist. Es befindet sich in einer ruhigen Umgebung, die Komfort und mallorquinische Tradition harmonisch vereint. Die auf zwei Etagen verteilte Immobilie bietet ein helles Wohn-Esszimmer, eine funktionale K\u00fcche mit Speisekammer und Zugang zu einem angenehmen Innenhof &#8211; [&hellip;]\" \/>\n<meta property=\"og:url\" content=\"https:\/\/www.santanyi.net\/de\/property\/reihenhaus-in-cala-figuera-santanyi\/\" \/>\n<meta property=\"og:site_name\" content=\"RE\/MAX Drac\" \/>\n<meta property=\"article:modified_time\" content=\"2026-04-29T08:09:04+00:00\" \/>\n<meta property=\"og:image\" content=\"https:\/\/www.santanyi.net\/wp-content\/uploads\/anaconda_property_media\/28162017-185849\/8-1.jpg\" \/>\n\t<meta property=\"og:image:width\" content=\"1920\" \/>\n\t<meta property=\"og:image:height\" content=\"1440\" \/>\n\t<meta property=\"og:image:type\" content=\"image\/jpeg\" \/>\n<meta name=\"twitter:card\" content=\"summary_large_image\" \/>\n<meta name=\"twitter:label1\" content=\"Gesch\u00e4tzte Lesezeit\" \/>\n\t<meta name=\"twitter:data1\" content=\"1\u00a0Minute\" \/>\n<script type=\"application\/ld+json\" class=\"yoast-schema-graph\">{\"@context\":\"https:\\\/\\\/schema.org\",\"@graph\":[{\"@type\":\"WebPage\",\"@id\":\"https:\\\/\\\/www.santanyi.net\\\/de\\\/property\\\/reihenhaus-in-cala-figuera-santanyi\\\/\",\"url\":\"https:\\\/\\\/www.santanyi.net\\\/de\\\/property\\\/reihenhaus-in-cala-figuera-santanyi\\\/\",\"name\":\"Reihenhaus in Cala Figuera, Santany\u00ed - RE\\\/MAX Drac\",\"isPartOf\":{\"@id\":\"https:\\\/\\\/www.santanyi.net\\\/de\\\/#website\"},\"primaryImageOfPage\":{\"@id\":\"https:\\\/\\\/www.santanyi.net\\\/de\\\/property\\\/reihenhaus-in-cala-figuera-santanyi\\\/#primaryimage\"},\"image\":{\"@id\":\"https:\\\/\\\/www.santanyi.net\\\/de\\\/property\\\/reihenhaus-in-cala-figuera-santanyi\\\/#primaryimage\"},\"thumbnailUrl\":\"https:\\\/\\\/www.santanyi.net\\\/wp-content\\\/uploads\\\/anaconda_property_media\\\/28162017-185849\\\/8-1.jpg\",\"datePublished\":\"2026-04-23T04:42:01+00:00\",\"dateModified\":\"2026-04-29T08:09:04+00:00\",\"breadcrumb\":{\"@id\":\"https:\\\/\\\/www.santanyi.net\\\/de\\\/property\\\/reihenhaus-in-cala-figuera-santanyi\\\/#breadcrumb\"},\"inLanguage\":\"de\",\"potentialAction\":[{\"@type\":\"ReadAction\",\"target\":[\"https:\\\/\\\/www.santanyi.net\\\/de\\\/property\\\/reihenhaus-in-cala-figuera-santanyi\\\/\"]}]},{\"@type\":\"ImageObject\",\"inLanguage\":\"de\",\"@id\":\"https:\\\/\\\/www.santanyi.net\\\/de\\\/property\\\/reihenhaus-in-cala-figuera-santanyi\\\/#primaryimage\",\"url\":\"https:\\\/\\\/www.santanyi.net\\\/wp-content\\\/uploads\\\/anaconda_property_media\\\/28162017-185849\\\/8-1.jpg\",\"contentUrl\":\"https:\\\/\\\/www.santanyi.net\\\/wp-content\\\/uploads\\\/anaconda_property_media\\\/28162017-185849\\\/8-1.jpg\",\"width\":1920,\"height\":1440},{\"@type\":\"BreadcrumbList\",\"@id\":\"https:\\\/\\\/www.santanyi.net\\\/de\\\/property\\\/reihenhaus-in-cala-figuera-santanyi\\\/#breadcrumb\",\"itemListElement\":[{\"@type\":\"ListItem\",\"position\":1,\"name\":\"Home\",\"item\":\"https:\\\/\\\/www.santanyi.net\\\/de\\\/\"},{\"@type\":\"ListItem\",\"position\":2,\"name\":\"Eigenschaften\",\"item\":\"https:\\\/\\\/www.santanyi.net\\\/de\\\/property\\\/\"},{\"@type\":\"ListItem\",\"position\":3,\"name\":\"Reihenhaus in Cala Figuera, Santany\u00ed\"}]},{\"@type\":\"WebSite\",\"@id\":\"https:\\\/\\\/www.santanyi.net\\\/de\\\/#website\",\"url\":\"https:\\\/\\\/www.santanyi.net\\\/de\\\/\",\"name\":\"RE\\\/MAX Drac\",\"description\":\"\",\"publisher\":{\"@id\":\"https:\\\/\\\/www.santanyi.net\\\/de\\\/#organization\"},\"potentialAction\":[{\"@type\":\"SearchAction\",\"target\":{\"@type\":\"EntryPoint\",\"urlTemplate\":\"https:\\\/\\\/www.santanyi.net\\\/de\\\/?s={search_term_string}\"},\"query-input\":{\"@type\":\"PropertyValueSpecification\",\"valueRequired\":true,\"valueName\":\"search_term_string\"}}],\"inLanguage\":\"de\"},{\"@type\":\"Organization\",\"@id\":\"https:\\\/\\\/www.santanyi.net\\\/de\\\/#organization\",\"name\":\"RE\\\/MAX Drac\",\"url\":\"https:\\\/\\\/www.santanyi.net\\\/de\\\/\",\"logo\":{\"@type\":\"ImageObject\",\"inLanguage\":\"de\",\"@id\":\"https:\\\/\\\/www.santanyi.net\\\/de\\\/#\\\/schema\\\/logo\\\/image\\\/\",\"url\":\"https:\\\/\\\/www.santanyi.net\\\/wp-content\\\/uploads\\\/2025\\\/07\\\/logo-nuevo.png\",\"contentUrl\":\"https:\\\/\\\/www.santanyi.net\\\/wp-content\\\/uploads\\\/2025\\\/07\\\/logo-nuevo.png\",\"width\":295,\"height\":165,\"caption\":\"RE\\\/MAX Drac\"},\"image\":{\"@id\":\"https:\\\/\\\/www.santanyi.net\\\/de\\\/#\\\/schema\\\/logo\\\/image\\\/\"}}]}<\/script>\n<!-- \/ Yoast SEO plugin. -->","yoast_head_json":{"title":"Reihenhaus in Cala Figuera, Santany\u00ed - RE\/MAX Drac","robots":{"index":"index","follow":"follow","max-snippet":"max-snippet:-1","max-image-preview":"max-image-preview:large","max-video-preview":"max-video-preview:-1"},"canonical":"https:\/\/www.santanyi.net\/de\/property\/reihenhaus-in-cala-figuera-santanyi\/","og_locale":"de_DE","og_type":"article","og_title":"Reihenhaus in Cala Figuera, Santany\u00ed - RE\/MAX Drac","og_description":"Entdecken Sie dieses charmante Reihenhaus aus dem Jahr 2005, das sorgf\u00e4ltig gepflegt wurde und einen ausgepr\u00e4gten mediterranen Stil aufweist. Es befindet sich in einer ruhigen Umgebung, die Komfort und mallorquinische Tradition harmonisch vereint. Die auf zwei Etagen verteilte Immobilie bietet ein helles Wohn-Esszimmer, eine funktionale K\u00fcche mit Speisekammer und Zugang zu einem angenehmen Innenhof &#8211; [&hellip;]","og_url":"https:\/\/www.santanyi.net\/de\/property\/reihenhaus-in-cala-figuera-santanyi\/","og_site_name":"RE\/MAX Drac","article_modified_time":"2026-04-29T08:09:04+00:00","og_image":[{"width":1920,"height":1440,"url":"https:\/\/www.santanyi.net\/wp-content\/uploads\/anaconda_property_media\/28162017-185849\/8-1.jpg","type":"image\/jpeg"}],"twitter_card":"summary_large_image","twitter_misc":{"Gesch\u00e4tzte Lesezeit":"1\u00a0Minute"},"schema":{"@context":"https:\/\/schema.org","@graph":[{"@type":"WebPage","@id":"https:\/\/www.santanyi.net\/de\/property\/reihenhaus-in-cala-figuera-santanyi\/","url":"https:\/\/www.santanyi.net\/de\/property\/reihenhaus-in-cala-figuera-santanyi\/","name":"Reihenhaus in Cala Figuera, Santany\u00ed - RE\/MAX Drac","isPartOf":{"@id":"https:\/\/www.santanyi.net\/de\/#website"},"primaryImageOfPage":{"@id":"https:\/\/www.santanyi.net\/de\/property\/reihenhaus-in-cala-figuera-santanyi\/#primaryimage"},"image":{"@id":"https:\/\/www.santanyi.net\/de\/property\/reihenhaus-in-cala-figuera-santanyi\/#primaryimage"},"thumbnailUrl":"https:\/\/www.santanyi.net\/wp-content\/uploads\/anaconda_property_media\/28162017-185849\/8-1.jpg","datePublished":"2026-04-23T04:42:01+00:00","dateModified":"2026-04-29T08:09:04+00:00","breadcrumb":{"@id":"https:\/\/www.santanyi.net\/de\/property\/reihenhaus-in-cala-figuera-santanyi\/#breadcrumb"},"inLanguage":"de","potentialAction":[{"@type":"ReadAction","target":["https:\/\/www.santanyi.net\/de\/property\/reihenhaus-in-cala-figuera-santanyi\/"]}]},{"@type":"ImageObject","inLanguage":"de","@id":"https:\/\/www.santanyi.net\/de\/property\/reihenhaus-in-cala-figuera-santanyi\/#primaryimage","url":"https:\/\/www.santanyi.net\/wp-content\/uploads\/anaconda_property_media\/28162017-185849\/8-1.jpg","contentUrl":"https:\/\/www.santanyi.net\/wp-content\/uploads\/anaconda_property_media\/28162017-185849\/8-1.jpg","width":1920,"height":1440},{"@type":"BreadcrumbList","@id":"https:\/\/www.santanyi.net\/de\/property\/reihenhaus-in-cala-figuera-santanyi\/#breadcrumb","itemListElement":[{"@type":"ListItem","position":1,"name":"Home","item":"https:\/\/www.santanyi.net\/de\/"},{"@type":"ListItem","position":2,"name":"Eigenschaften","item":"https:\/\/www.santanyi.net\/de\/property\/"},{"@type":"ListItem","position":3,"name":"Reihenhaus in Cala Figuera, Santany\u00ed"}]},{"@type":"WebSite","@id":"https:\/\/www.santanyi.net\/de\/#website","url":"https:\/\/www.santanyi.net\/de\/","name":"RE\/MAX Drac","description":"","publisher":{"@id":"https:\/\/www.santanyi.net\/de\/#organization"},"potentialAction":[{"@type":"SearchAction","target":{"@type":"EntryPoint","urlTemplate":"https:\/\/www.santanyi.net\/de\/?s={search_term_string}"},"query-input":{"@type":"PropertyValueSpecification","valueRequired":true,"valueName":"search_term_string"}}],"inLanguage":"de"},{"@type":"Organization","@id":"https:\/\/www.santanyi.net\/de\/#organization","name":"RE\/MAX Drac","url":"https:\/\/www.santanyi.net\/de\/","logo":{"@type":"ImageObject","inLanguage":"de","@id":"https:\/\/www.santanyi.net\/de\/#\/schema\/logo\/image\/","url":"https:\/\/www.santanyi.net\/wp-content\/uploads\/2025\/07\/logo-nuevo.png","contentUrl":"https:\/\/www.santanyi.net\/wp-content\/uploads\/2025\/07\/logo-nuevo.png","width":295,"height":165,"caption":"RE\/MAX Drac"},"image":{"@id":"https:\/\/www.santanyi.net\/de\/#\/schema\/logo\/image\/"}}]}},"_links":{"self":[{"href":"https:\/\/www.santanyi.net\/de\/wp-json\/wp\/v2\/properties\/185856","targetHints":{"allow":["GET"]}}],"collection":[{"href":"https:\/\/www.santanyi.net\/de\/wp-json\/wp\/v2\/properties"}],"about":[{"href":"https:\/\/www.santanyi.net\/de\/wp-json\/wp\/v2\/types\/property"}],"version-history":[{"count":2,"href":"https:\/\/www.santanyi.net\/de\/wp-json\/wp\/v2\/properties\/185856\/revisions"}],"predecessor-version":[{"id":193167,"href":"https:\/\/www.santanyi.net\/de\/wp-json\/wp\/v2\/properties\/185856\/revisions\/193167"}],"wp:featuredmedia":[{"embeddable":true,"href":"https:\/\/www.santanyi.net\/de\/wp-json\/wp\/v2\/media\/185850"}],"wp:attachment":[{"href":"https:\/\/www.santanyi.net\/de\/wp-json\/wp\/v2\/media?parent=185856"}],"wp:term":[{"taxonomy":"property_type","embeddable":true,"href":"https:\/\/www.santanyi.net\/de\/wp-json\/wp\/v2\/property_type?post=185856"},{"taxonomy":"property_status","embeddable":true,"href":"https:\/\/www.santanyi.net\/de\/wp-json\/wp\/v2\/property_status?post=185856"},{"taxonomy":"property_feature","embeddable":true,"href":"https:\/\/www.santanyi.net\/de\/wp-json\/wp\/v2\/property_feature?post=185856"},{"taxonomy":"property_label","embeddable":true,"href":"https:\/\/www.santanyi.net\/de\/wp-json\/wp\/v2\/property_label?post=185856"},{"taxonomy":"property_country","embeddable":true,"href":"https:\/\/www.santanyi.net\/de\/wp-json\/wp\/v2\/property_country?post=185856"},{"taxonomy":"property_state","embeddable":true,"href":"https:\/\/www.santanyi.net\/de\/wp-json\/wp\/v2\/property_state?post=185856"},{"taxonomy":"property_city","embeddable":true,"href":"https:\/\/www.santanyi.net\/de\/wp-json\/wp\/v2\/property_city?post=185856"},{"taxonomy":"property_area","embeddable":true,"href":"https:\/\/www.santanyi.net\/de\/wp-json\/wp\/v2\/property_area?post=185856"}],"curies":[{"name":"wp","href":"https:\/\/api.w.org\/{rel}","templated":true}]}}