
{"id":185791,"date":"2026-04-23T04:40:44","date_gmt":"2026-04-23T04:40:44","guid":{"rendered":"https:\/\/www.santanyi.net\/property\/bitte-nur-e-mail-sehr-schone-wohnung-im-ersten-stock-mit-garage-ohne-balkon-unmobliert-mit-2-schlafzimmern-und-2-badern-in-zentraler-lage-in-santanyi\/"},"modified":"2026-04-30T04:48:49","modified_gmt":"2026-04-30T04:48:49","slug":"bitte-nur-e-mail-sehr-schone-wohnung-im-ersten-stock-mit-garage-ohne-balkon-unmobliert-mit-2-schlafzimmern-und-2-badern-in-zentraler-lage-in-santanyi","status":"publish","type":"property","link":"https:\/\/www.santanyi.net\/de\/property\/bitte-nur-e-mail-sehr-schone-wohnung-im-ersten-stock-mit-garage-ohne-balkon-unmobliert-mit-2-schlafzimmern-und-2-badern-in-zentraler-lage-in-santanyi\/","title":{"rendered":"BITTE NUR E-MAIL!!! Sehr sch\u00f6ne Wohnung im ersten Stock mit Garage, ohne Balkon, unm\u00f6bliert, mit 2 Schlafzimmern und 2 B\u00e4dern in zentraler Lage in Santany\u00ed."},"content":{"rendered":"<p>Diese charmante Wohnung befindet sich im ersten Stock im Herzen von Santany\u00ed. Mit einer Wohnfl\u00e4che von 103 m\u00b2 ist sie sofort bezugsfertig. Die Wohnung verf\u00fcgt \u00fcber zwei Schlafzimmer mit Einbauschr\u00e4nken und zwei Badezimmer mit Dusche. Das helle Esszimmer bietet direkten Zugang zur privaten Garage und ist mit einem Kamin ausgestattet, der in den k\u00e4lteren Monaten f\u00fcr wohlige W\u00e4rme sorgt. Die offene K\u00fcche ist mit allen wichtigen Ger\u00e4ten ausgestattet: K\u00fchlschrank, Mikrowelle, Backofen, Cerankochfeld und Geschirrsp\u00fcler. Die dreh- und kippbaren Fenster lassen viel Tageslicht herein und schaffen so den ganzen Tag \u00fcber eine angenehme Atmosph\u00e4re. Alle R\u00e4ume sind zudem mit einer Klimaanlage ausgestattet. Um weitere Informationen zu erhalten oder Besichtigungen dieser sch\u00f6nen Wohnung zu vereinbaren, senden Sie bitte Ihre Anfrage per E-Mail mit Angaben wie der Gesamtzahl der Personen (einschlie\u00dflich Kinder oder Haustiere), der gew\u00fcnschten Mietdauer und Ihrer aktuellen beruflichen T\u00e4tigkeit.<\/p>\n","protected":false},"excerpt":{"rendered":"<p>Diese charmante Wohnung befindet sich im ersten Stock im Herzen von Santany\u00ed. Mit einer Wohnfl\u00e4che von 103 m\u00b2 ist sie sofort bezugsfertig. Die Wohnung verf\u00fcgt \u00fcber zwei Schlafzimmer mit Einbauschr\u00e4nken und zwei Badezimmer mit Dusche. Das helle Esszimmer bietet direkten Zugang zur privaten Garage und ist mit einem Kamin ausgestattet, der in den k\u00e4lteren Monaten [&hellip;]<\/p>\n","protected":false},"author":0,"featured_media":185785,"parent":0,"menu_order":0,"template":"","property_type":[2174],"property_status":[2182,2179,2142],"property_feature":[1816,1765,1875,1851,1877,1987,2031,2034,1988,1879,1880,1822,1957],"property_label":[],"property_country":[],"property_state":[],"property_city":[635],"property_area":[636],"class_list":["post-185791","property","type-property","status-publish","has-post-thumbnail","hentry","property_type-piso-de","property_status-entrar-a-vivir-de","property_status-entrar-a-vivir","property_status-alquilar-de","property_feature-aire_con-de","property_feature-aire_con","property_feature-arma_empo-de","property_feature-arma_empo","property_feature-autobuses-de","property_feature-bombafriocalor-de","property_feature-cajafuerte","property_feature-cajafuerte-de","property_feature-chimenea-de","property_feature-cocina_inde-de","property_feature-colegios-de","property_feature-electro-de","property_feature-linea_tlf-de","property_city-santanyi","property_area-santanyi"],"acf":[],"property_meta":{"_apg_property_user_edited":["1"],"fave_property_agency":["86"],"fave_agent_display_option":["agent_info"],"fave_agents":["1610"],"fave_property_id":["AA1537YK"],"fave_property_location":["39.35236520309,3.1273501864891,15"],"houzez_geolocation_lat":["39.35236520309"],"houzez_geolocation_long":["3.1273501864891"],"fave_property_price":["1400"],"fave_property_rent_or_sale":["rent"],"fave_property_year":[null],"fave_property_size_prefix":["m2"],"fave_property_land_postfix":["m2"],"fave_property_size":["103.00"],"fave_property_bedrooms":["2"],"fave_property_bathrooms":["2"],"fave_property_garage":["2"],"fave_property_map_address":["Santany\u00ed, 07650 Santany\u00ed, BALEARES"],"fave_property_address":[" , Santany\u00ed 07650"],"fave_property_zip":["07650"],"fave_property_postal_code":["07650"],"fave_property_map":["1"],"_thumbnail_id":["185785"],"apg_property_id":["28845495"],"_wpml_word_count":["201"],"_eael_post_view_count":["30"],"houzez_recently_viewed":["2026-04-30 23:35:21"],"houzez_total_property_views":["30"],"houzez_views_by_date":["a:8:{s:10:\"04-23-2026\";i:4;s:10:\"04-24-2026\";i:4;s:10:\"04-25-2026\";i:3;s:10:\"04-26-2026\";i:2;s:10:\"04-27-2026\";i:3;s:10:\"04-28-2026\";i:3;s:10:\"04-29-2026\";i:1;s:10:\"04-30-2026\";i:10;}"],"fave_property_images":["185785","188110","188237","187569","187581","187926","187161","187257","187045","188249","186953","187053","188325","187469","187761","188054","187461","187489","187777","187533","187317","187729","188405","187069","187585","187505","187829"],"_elementor_page_assets":["a:0:{}"]},"yoast_head":"<!-- This site is optimized with the Yoast SEO plugin v27.5 - https:\/\/yoast.com\/product\/yoast-seo-wordpress\/ -->\n<title>BITTE NUR E-MAIL!!! Sehr sch\u00f6ne Wohnung im ersten Stock mit Garage, ohne Balkon, unm\u00f6bliert, mit 2 Schlafzimmern und 2 B\u00e4dern in zentraler Lage in Santany\u00ed. - RE\/MAX Drac<\/title>\n<meta name=\"robots\" content=\"index, follow, max-snippet:-1, max-image-preview:large, max-video-preview:-1\" \/>\n<link rel=\"canonical\" href=\"https:\/\/www.santanyi.net\/de\/property\/bitte-nur-e-mail-sehr-schone-wohnung-im-ersten-stock-mit-garage-ohne-balkon-unmobliert-mit-2-schlafzimmern-und-2-badern-in-zentraler-lage-in-santanyi\/\" \/>\n<meta property=\"og:locale\" content=\"de_DE\" \/>\n<meta property=\"og:type\" content=\"article\" \/>\n<meta property=\"og:title\" content=\"BITTE NUR E-MAIL!!! Sehr sch\u00f6ne Wohnung im ersten Stock mit Garage, ohne Balkon, unm\u00f6bliert, mit 2 Schlafzimmern und 2 B\u00e4dern in zentraler Lage in Santany\u00ed. - RE\/MAX Drac\" \/>\n<meta property=\"og:description\" content=\"Diese charmante Wohnung befindet sich im ersten Stock im Herzen von Santany\u00ed. Mit einer Wohnfl\u00e4che von 103 m\u00b2 ist sie sofort bezugsfertig. Die Wohnung verf\u00fcgt \u00fcber zwei Schlafzimmer mit Einbauschr\u00e4nken und zwei Badezimmer mit Dusche. Das helle Esszimmer bietet direkten Zugang zur privaten Garage und ist mit einem Kamin ausgestattet, der in den k\u00e4lteren Monaten [&hellip;]\" \/>\n<meta property=\"og:url\" content=\"https:\/\/www.santanyi.net\/de\/property\/bitte-nur-e-mail-sehr-schone-wohnung-im-ersten-stock-mit-garage-ohne-balkon-unmobliert-mit-2-schlafzimmern-und-2-badern-in-zentraler-lage-in-santanyi\/\" \/>\n<meta property=\"og:site_name\" content=\"RE\/MAX Drac\" \/>\n<meta property=\"article:modified_time\" content=\"2026-04-30T04:48:49+00:00\" \/>\n<meta property=\"og:image\" content=\"https:\/\/www.santanyi.net\/wp-content\/uploads\/anaconda_property_media\/28845495-185784\/5-1.jpg\" \/>\n\t<meta property=\"og:image:width\" content=\"1024\" \/>\n\t<meta property=\"og:image:height\" content=\"768\" \/>\n\t<meta property=\"og:image:type\" content=\"image\/jpeg\" \/>\n<meta name=\"twitter:card\" content=\"summary_large_image\" \/>\n<meta name=\"twitter:label1\" content=\"Gesch\u00e4tzte Lesezeit\" \/>\n\t<meta name=\"twitter:data1\" content=\"1\u00a0Minute\" \/>\n<script type=\"application\/ld+json\" class=\"yoast-schema-graph\">{\"@context\":\"https:\\\/\\\/schema.org\",\"@graph\":[{\"@type\":\"WebPage\",\"@id\":\"https:\\\/\\\/www.santanyi.net\\\/de\\\/property\\\/bitte-nur-e-mail-sehr-schone-wohnung-im-ersten-stock-mit-garage-ohne-balkon-unmobliert-mit-2-schlafzimmern-und-2-badern-in-zentraler-lage-in-santanyi\\\/\",\"url\":\"https:\\\/\\\/www.santanyi.net\\\/de\\\/property\\\/bitte-nur-e-mail-sehr-schone-wohnung-im-ersten-stock-mit-garage-ohne-balkon-unmobliert-mit-2-schlafzimmern-und-2-badern-in-zentraler-lage-in-santanyi\\\/\",\"name\":\"BITTE NUR E-MAIL!!! Sehr sch\u00f6ne Wohnung im ersten Stock mit Garage, ohne Balkon, unm\u00f6bliert, mit 2 Schlafzimmern und 2 B\u00e4dern in zentraler Lage in Santany\u00ed. - RE\\\/MAX Drac\",\"isPartOf\":{\"@id\":\"https:\\\/\\\/www.santanyi.net\\\/de\\\/#website\"},\"primaryImageOfPage\":{\"@id\":\"https:\\\/\\\/www.santanyi.net\\\/de\\\/property\\\/bitte-nur-e-mail-sehr-schone-wohnung-im-ersten-stock-mit-garage-ohne-balkon-unmobliert-mit-2-schlafzimmern-und-2-badern-in-zentraler-lage-in-santanyi\\\/#primaryimage\"},\"image\":{\"@id\":\"https:\\\/\\\/www.santanyi.net\\\/de\\\/property\\\/bitte-nur-e-mail-sehr-schone-wohnung-im-ersten-stock-mit-garage-ohne-balkon-unmobliert-mit-2-schlafzimmern-und-2-badern-in-zentraler-lage-in-santanyi\\\/#primaryimage\"},\"thumbnailUrl\":\"https:\\\/\\\/www.santanyi.net\\\/wp-content\\\/uploads\\\/anaconda_property_media\\\/28845495-185784\\\/5-1.jpg\",\"datePublished\":\"2026-04-23T04:40:44+00:00\",\"dateModified\":\"2026-04-30T04:48:49+00:00\",\"breadcrumb\":{\"@id\":\"https:\\\/\\\/www.santanyi.net\\\/de\\\/property\\\/bitte-nur-e-mail-sehr-schone-wohnung-im-ersten-stock-mit-garage-ohne-balkon-unmobliert-mit-2-schlafzimmern-und-2-badern-in-zentraler-lage-in-santanyi\\\/#breadcrumb\"},\"inLanguage\":\"de\",\"potentialAction\":[{\"@type\":\"ReadAction\",\"target\":[\"https:\\\/\\\/www.santanyi.net\\\/de\\\/property\\\/bitte-nur-e-mail-sehr-schone-wohnung-im-ersten-stock-mit-garage-ohne-balkon-unmobliert-mit-2-schlafzimmern-und-2-badern-in-zentraler-lage-in-santanyi\\\/\"]}]},{\"@type\":\"ImageObject\",\"inLanguage\":\"de\",\"@id\":\"https:\\\/\\\/www.santanyi.net\\\/de\\\/property\\\/bitte-nur-e-mail-sehr-schone-wohnung-im-ersten-stock-mit-garage-ohne-balkon-unmobliert-mit-2-schlafzimmern-und-2-badern-in-zentraler-lage-in-santanyi\\\/#primaryimage\",\"url\":\"https:\\\/\\\/www.santanyi.net\\\/wp-content\\\/uploads\\\/anaconda_property_media\\\/28845495-185784\\\/5-1.jpg\",\"contentUrl\":\"https:\\\/\\\/www.santanyi.net\\\/wp-content\\\/uploads\\\/anaconda_property_media\\\/28845495-185784\\\/5-1.jpg\",\"width\":1024,\"height\":768},{\"@type\":\"BreadcrumbList\",\"@id\":\"https:\\\/\\\/www.santanyi.net\\\/de\\\/property\\\/bitte-nur-e-mail-sehr-schone-wohnung-im-ersten-stock-mit-garage-ohne-balkon-unmobliert-mit-2-schlafzimmern-und-2-badern-in-zentraler-lage-in-santanyi\\\/#breadcrumb\",\"itemListElement\":[{\"@type\":\"ListItem\",\"position\":1,\"name\":\"Home\",\"item\":\"https:\\\/\\\/www.santanyi.net\\\/de\\\/\"},{\"@type\":\"ListItem\",\"position\":2,\"name\":\"Eigenschaften\",\"item\":\"https:\\\/\\\/www.santanyi.net\\\/de\\\/property\\\/\"},{\"@type\":\"ListItem\",\"position\":3,\"name\":\"BITTE NUR E-MAIL!!! Sehr sch\u00f6ne Wohnung im ersten Stock mit Garage, ohne Balkon, unm\u00f6bliert, mit 2 Schlafzimmern und 2 B\u00e4dern in zentraler Lage in Santany\u00ed.\"}]},{\"@type\":\"WebSite\",\"@id\":\"https:\\\/\\\/www.santanyi.net\\\/de\\\/#website\",\"url\":\"https:\\\/\\\/www.santanyi.net\\\/de\\\/\",\"name\":\"RE\\\/MAX Drac\",\"description\":\"\",\"publisher\":{\"@id\":\"https:\\\/\\\/www.santanyi.net\\\/de\\\/#organization\"},\"potentialAction\":[{\"@type\":\"SearchAction\",\"target\":{\"@type\":\"EntryPoint\",\"urlTemplate\":\"https:\\\/\\\/www.santanyi.net\\\/de\\\/?s={search_term_string}\"},\"query-input\":{\"@type\":\"PropertyValueSpecification\",\"valueRequired\":true,\"valueName\":\"search_term_string\"}}],\"inLanguage\":\"de\"},{\"@type\":\"Organization\",\"@id\":\"https:\\\/\\\/www.santanyi.net\\\/de\\\/#organization\",\"name\":\"RE\\\/MAX Drac\",\"url\":\"https:\\\/\\\/www.santanyi.net\\\/de\\\/\",\"logo\":{\"@type\":\"ImageObject\",\"inLanguage\":\"de\",\"@id\":\"https:\\\/\\\/www.santanyi.net\\\/de\\\/#\\\/schema\\\/logo\\\/image\\\/\",\"url\":\"https:\\\/\\\/www.santanyi.net\\\/wp-content\\\/uploads\\\/2025\\\/07\\\/logo-nuevo.png\",\"contentUrl\":\"https:\\\/\\\/www.santanyi.net\\\/wp-content\\\/uploads\\\/2025\\\/07\\\/logo-nuevo.png\",\"width\":295,\"height\":165,\"caption\":\"RE\\\/MAX Drac\"},\"image\":{\"@id\":\"https:\\\/\\\/www.santanyi.net\\\/de\\\/#\\\/schema\\\/logo\\\/image\\\/\"}}]}<\/script>\n<!-- \/ Yoast SEO plugin. -->","yoast_head_json":{"title":"BITTE NUR E-MAIL!!! Sehr sch\u00f6ne Wohnung im ersten Stock mit Garage, ohne Balkon, unm\u00f6bliert, mit 2 Schlafzimmern und 2 B\u00e4dern in zentraler Lage in Santany\u00ed. - RE\/MAX Drac","robots":{"index":"index","follow":"follow","max-snippet":"max-snippet:-1","max-image-preview":"max-image-preview:large","max-video-preview":"max-video-preview:-1"},"canonical":"https:\/\/www.santanyi.net\/de\/property\/bitte-nur-e-mail-sehr-schone-wohnung-im-ersten-stock-mit-garage-ohne-balkon-unmobliert-mit-2-schlafzimmern-und-2-badern-in-zentraler-lage-in-santanyi\/","og_locale":"de_DE","og_type":"article","og_title":"BITTE NUR E-MAIL!!! Sehr sch\u00f6ne Wohnung im ersten Stock mit Garage, ohne Balkon, unm\u00f6bliert, mit 2 Schlafzimmern und 2 B\u00e4dern in zentraler Lage in Santany\u00ed. - RE\/MAX Drac","og_description":"Diese charmante Wohnung befindet sich im ersten Stock im Herzen von Santany\u00ed. Mit einer Wohnfl\u00e4che von 103 m\u00b2 ist sie sofort bezugsfertig. Die Wohnung verf\u00fcgt \u00fcber zwei Schlafzimmer mit Einbauschr\u00e4nken und zwei Badezimmer mit Dusche. Das helle Esszimmer bietet direkten Zugang zur privaten Garage und ist mit einem Kamin ausgestattet, der in den k\u00e4lteren Monaten [&hellip;]","og_url":"https:\/\/www.santanyi.net\/de\/property\/bitte-nur-e-mail-sehr-schone-wohnung-im-ersten-stock-mit-garage-ohne-balkon-unmobliert-mit-2-schlafzimmern-und-2-badern-in-zentraler-lage-in-santanyi\/","og_site_name":"RE\/MAX Drac","article_modified_time":"2026-04-30T04:48:49+00:00","og_image":[{"width":1024,"height":768,"url":"https:\/\/www.santanyi.net\/wp-content\/uploads\/anaconda_property_media\/28845495-185784\/5-1.jpg","type":"image\/jpeg"}],"twitter_card":"summary_large_image","twitter_misc":{"Gesch\u00e4tzte Lesezeit":"1\u00a0Minute"},"schema":{"@context":"https:\/\/schema.org","@graph":[{"@type":"WebPage","@id":"https:\/\/www.santanyi.net\/de\/property\/bitte-nur-e-mail-sehr-schone-wohnung-im-ersten-stock-mit-garage-ohne-balkon-unmobliert-mit-2-schlafzimmern-und-2-badern-in-zentraler-lage-in-santanyi\/","url":"https:\/\/www.santanyi.net\/de\/property\/bitte-nur-e-mail-sehr-schone-wohnung-im-ersten-stock-mit-garage-ohne-balkon-unmobliert-mit-2-schlafzimmern-und-2-badern-in-zentraler-lage-in-santanyi\/","name":"BITTE NUR E-MAIL!!! Sehr sch\u00f6ne Wohnung im ersten Stock mit Garage, ohne Balkon, unm\u00f6bliert, mit 2 Schlafzimmern und 2 B\u00e4dern in zentraler Lage in Santany\u00ed. - RE\/MAX Drac","isPartOf":{"@id":"https:\/\/www.santanyi.net\/de\/#website"},"primaryImageOfPage":{"@id":"https:\/\/www.santanyi.net\/de\/property\/bitte-nur-e-mail-sehr-schone-wohnung-im-ersten-stock-mit-garage-ohne-balkon-unmobliert-mit-2-schlafzimmern-und-2-badern-in-zentraler-lage-in-santanyi\/#primaryimage"},"image":{"@id":"https:\/\/www.santanyi.net\/de\/property\/bitte-nur-e-mail-sehr-schone-wohnung-im-ersten-stock-mit-garage-ohne-balkon-unmobliert-mit-2-schlafzimmern-und-2-badern-in-zentraler-lage-in-santanyi\/#primaryimage"},"thumbnailUrl":"https:\/\/www.santanyi.net\/wp-content\/uploads\/anaconda_property_media\/28845495-185784\/5-1.jpg","datePublished":"2026-04-23T04:40:44+00:00","dateModified":"2026-04-30T04:48:49+00:00","breadcrumb":{"@id":"https:\/\/www.santanyi.net\/de\/property\/bitte-nur-e-mail-sehr-schone-wohnung-im-ersten-stock-mit-garage-ohne-balkon-unmobliert-mit-2-schlafzimmern-und-2-badern-in-zentraler-lage-in-santanyi\/#breadcrumb"},"inLanguage":"de","potentialAction":[{"@type":"ReadAction","target":["https:\/\/www.santanyi.net\/de\/property\/bitte-nur-e-mail-sehr-schone-wohnung-im-ersten-stock-mit-garage-ohne-balkon-unmobliert-mit-2-schlafzimmern-und-2-badern-in-zentraler-lage-in-santanyi\/"]}]},{"@type":"ImageObject","inLanguage":"de","@id":"https:\/\/www.santanyi.net\/de\/property\/bitte-nur-e-mail-sehr-schone-wohnung-im-ersten-stock-mit-garage-ohne-balkon-unmobliert-mit-2-schlafzimmern-und-2-badern-in-zentraler-lage-in-santanyi\/#primaryimage","url":"https:\/\/www.santanyi.net\/wp-content\/uploads\/anaconda_property_media\/28845495-185784\/5-1.jpg","contentUrl":"https:\/\/www.santanyi.net\/wp-content\/uploads\/anaconda_property_media\/28845495-185784\/5-1.jpg","width":1024,"height":768},{"@type":"BreadcrumbList","@id":"https:\/\/www.santanyi.net\/de\/property\/bitte-nur-e-mail-sehr-schone-wohnung-im-ersten-stock-mit-garage-ohne-balkon-unmobliert-mit-2-schlafzimmern-und-2-badern-in-zentraler-lage-in-santanyi\/#breadcrumb","itemListElement":[{"@type":"ListItem","position":1,"name":"Home","item":"https:\/\/www.santanyi.net\/de\/"},{"@type":"ListItem","position":2,"name":"Eigenschaften","item":"https:\/\/www.santanyi.net\/de\/property\/"},{"@type":"ListItem","position":3,"name":"BITTE NUR E-MAIL!!! Sehr sch\u00f6ne Wohnung im ersten Stock mit Garage, ohne Balkon, unm\u00f6bliert, mit 2 Schlafzimmern und 2 B\u00e4dern in zentraler Lage in Santany\u00ed."}]},{"@type":"WebSite","@id":"https:\/\/www.santanyi.net\/de\/#website","url":"https:\/\/www.santanyi.net\/de\/","name":"RE\/MAX Drac","description":"","publisher":{"@id":"https:\/\/www.santanyi.net\/de\/#organization"},"potentialAction":[{"@type":"SearchAction","target":{"@type":"EntryPoint","urlTemplate":"https:\/\/www.santanyi.net\/de\/?s={search_term_string}"},"query-input":{"@type":"PropertyValueSpecification","valueRequired":true,"valueName":"search_term_string"}}],"inLanguage":"de"},{"@type":"Organization","@id":"https:\/\/www.santanyi.net\/de\/#organization","name":"RE\/MAX Drac","url":"https:\/\/www.santanyi.net\/de\/","logo":{"@type":"ImageObject","inLanguage":"de","@id":"https:\/\/www.santanyi.net\/de\/#\/schema\/logo\/image\/","url":"https:\/\/www.santanyi.net\/wp-content\/uploads\/2025\/07\/logo-nuevo.png","contentUrl":"https:\/\/www.santanyi.net\/wp-content\/uploads\/2025\/07\/logo-nuevo.png","width":295,"height":165,"caption":"RE\/MAX Drac"},"image":{"@id":"https:\/\/www.santanyi.net\/de\/#\/schema\/logo\/image\/"}}]}},"_links":{"self":[{"href":"https:\/\/www.santanyi.net\/de\/wp-json\/wp\/v2\/properties\/185791","targetHints":{"allow":["GET"]}}],"collection":[{"href":"https:\/\/www.santanyi.net\/de\/wp-json\/wp\/v2\/properties"}],"about":[{"href":"https:\/\/www.santanyi.net\/de\/wp-json\/wp\/v2\/types\/property"}],"version-history":[{"count":3,"href":"https:\/\/www.santanyi.net\/de\/wp-json\/wp\/v2\/properties\/185791\/revisions"}],"predecessor-version":[{"id":193807,"href":"https:\/\/www.santanyi.net\/de\/wp-json\/wp\/v2\/properties\/185791\/revisions\/193807"}],"wp:featuredmedia":[{"embeddable":true,"href":"https:\/\/www.santanyi.net\/de\/wp-json\/wp\/v2\/media\/185785"}],"wp:attachment":[{"href":"https:\/\/www.santanyi.net\/de\/wp-json\/wp\/v2\/media?parent=185791"}],"wp:term":[{"taxonomy":"property_type","embeddable":true,"href":"https:\/\/www.santanyi.net\/de\/wp-json\/wp\/v2\/property_type?post=185791"},{"taxonomy":"property_status","embeddable":true,"href":"https:\/\/www.santanyi.net\/de\/wp-json\/wp\/v2\/property_status?post=185791"},{"taxonomy":"property_feature","embeddable":true,"href":"https:\/\/www.santanyi.net\/de\/wp-json\/wp\/v2\/property_feature?post=185791"},{"taxonomy":"property_label","embeddable":true,"href":"https:\/\/www.santanyi.net\/de\/wp-json\/wp\/v2\/property_label?post=185791"},{"taxonomy":"property_country","embeddable":true,"href":"https:\/\/www.santanyi.net\/de\/wp-json\/wp\/v2\/property_country?post=185791"},{"taxonomy":"property_state","embeddable":true,"href":"https:\/\/www.santanyi.net\/de\/wp-json\/wp\/v2\/property_state?post=185791"},{"taxonomy":"property_city","embeddable":true,"href":"https:\/\/www.santanyi.net\/de\/wp-json\/wp\/v2\/property_city?post=185791"},{"taxonomy":"property_area","embeddable":true,"href":"https:\/\/www.santanyi.net\/de\/wp-json\/wp\/v2\/property_area?post=185791"}],"curies":[{"name":"wp","href":"https:\/\/api.w.org\/{rel}","templated":true}]}}