
{"id":184983,"date":"2026-04-22T04:36:34","date_gmt":"2026-04-22T04:36:34","guid":{"rendered":"https:\/\/www.santanyi.net\/property\/exklusive-hightech-villa-mit-authentisch-mallorquinischem-charme-in-ses-salines\/"},"modified":"2026-05-01T04:50:20","modified_gmt":"2026-05-01T04:50:20","slug":"exklusive-hightech-villa-mit-authentisch-mallorquinischem-charme-in-ses-salines","status":"publish","type":"property","link":"https:\/\/www.santanyi.net\/de\/property\/exklusive-hightech-villa-mit-authentisch-mallorquinischem-charme-in-ses-salines\/","title":{"rendered":"Exklusive Hightech-Villa mit authentisch mallorquinischem Charme in Ses Salines"},"content":{"rendered":"<p>Entdecken Sie diese beeindruckende Neubauvilla, die das Konzept des mediterranen Luxus neu definiert. Mit unvergleichlicher Liebe zum Detail entworfen, kombiniert diese Immobilie perfekt die W\u00e4rme lokaler Materialien, wie dem Mar\u00e9s-Naturstein aus Porreres, mit modernster Smart-Home-Technologie und Energieeffizienz. Mit au\u00dfergew\u00f6hnlich hohen Decken (mindestens 3,15 m) und bodentiefen Panorama-Schiebet\u00fcren verschmelzen die Innen- und Au\u00dfenbereiche miteinander und durchfluten das Haus mit nat\u00fcrlichem Licht.<\/p>\n<p>Raumaufteilung und Innenr\u00e4ume<br \/>Schlafzimmer und B\u00e4der: 4 ger\u00e4umige Schlafzimmer und 3 voll ausgestattete B\u00e4der mit individuellem Design, plus ein G\u00e4ste-WC.<\/p>\n<p>Premium-Materialien: Massivholz-Eichenparkett im Obergeschoss und in den Schlafzimmern, erg\u00e4nzt durch eine beeindruckende Massivholz-Eichentreppe. Die 2,20 m hohen Innent\u00fcren verf\u00fcgen \u00fcber einen hervorragenden Schallschutz (SK3) und Smart2Lock-Griffe.<\/p>\n<p>Chefkoch-K\u00fcche: Spektakul\u00e4re K\u00fcche der Marke Nolte, komplett ausgestattet mit Miele Professional Ger\u00e4ten (Weinklimaschrank, K\u00fchlschrank mit Eisw\u00fcrfelbereiter, Backofen, Mikrowelle, Geschirrsp\u00fcler und integrierter Kaffeemaschine). Inklusive Bora-Induktionskochfeld mit integriertem Abzug und einem fortschrittlichen Trinkwasser-Filtersystem (mikroplastikfrei).<\/p>\n<p>Wohn- und Esszimmer: Offen gestalteter Raum mit Vibia-Designbeleuchtung, einem in die Dekoration integrierten 65-Zoll Samsung &#8220;The Frame&#8221; Fernseher und ma\u00dfgefertigten Vorh\u00e4ngen.<\/p>\n<p>Au\u00dfenbereiche und Terrassen<br \/>Designer-Pool: 21 m\u00b2 (3x7m) gro\u00dfer Highflow-Salzwasserpool mit modernem Wasserfall, LED-Beleuchtung und Au\u00dfendusche. Inklusive automatischem Poolroboter.<\/p>\n<p>Rooftop \/ Dachterrasse: Eine private Oase mit einem gro\u00dfformatigen, automatisierten Sonnensegel (Sunsquare), einer Au\u00dfenk\u00fcche und einem Abstellraum (Trastero) mit einem K\u00fchlschrank im Retro-Design.<\/p>\n<p>Garten und Landschaftsbau: Das Grundst\u00fcck ist elegant durch Mar\u00e9s-Steinmauern getrennt. Der pflegeleichte mediterrane Garten bietet jahrhundertealte Olivenb\u00e4ume, Zitrusfr\u00fcchte, Bougainvilleen und einen beeindruckenden Innenhof (Patio) mit einer 6 Meter hohen Palme. Er verf\u00fcgt \u00fcber eine automatische Bew\u00e4sserung und einen Bereich mit der Option ein Boot zu parken.<\/p>\n<p>Technologie, Komfort und Sicherheit<br \/>Perfekte Klimatisierung: Raumgesteuerte Fu\u00dfbodenheizung und Klimaanlage (FanCoil-Technologie), zusammen mit einem zentralen L\u00fcftungssystem, das das ganze Jahr \u00fcber ein optimales Raumklima garantiert.<\/p>\n<p>Fortschrittliche Domotik (MyGekko): Vollst\u00e4ndige Steuerung von Beleuchtung (DALI-Technologie), Klima und Jalousien (Roma Textilscreen) \u00fcber ein Design-Display im Eingangsbereich oder \u00fcber das LAN\/WLAN-Netzwerk mit Access Points auf jeder Etage.<\/p>\n<p>Isolierung und Nachhaltigkeit: Maximaler Schallschutz (30-35 cm dicke Doppelw\u00e4nde), auf dem Dach installierte und ins System integrierte Photovoltaikmodule sowie eine Ariston W\u00e4rmepumpe. Beinhaltet ein professionelles Wasserentkalkungssystem.<\/p>\n<p>Sicherheit: Securitas-Alarmanlage mit aktivem Besetzerschutz (Anti-Okupas) und ein zertifizierter Tresorraum mit einem gro\u00dfen Safe.<\/p>\n<p>Garage: Gro\u00dfz\u00fcgige Garage mit Platz f\u00fcr 1,5 Fahrzeuge, automatischem H\u00f6rmann-Tor, Waschbecken und Einbauschr\u00e4nken, die den Zugang zum Haus elegant verbergen.<\/p>\n","protected":false},"excerpt":{"rendered":"<p>Entdecken Sie diese beeindruckende Neubauvilla, die das Konzept des mediterranen Luxus neu definiert. Mit unvergleichlicher Liebe zum Detail entworfen, kombiniert diese Immobilie perfekt die W\u00e4rme lokaler Materialien, wie dem Mar\u00e9s-Naturstein aus Porreres, mit modernster Smart-Home-Technologie und Energieeffizienz. Mit au\u00dfergew\u00f6hnlich hohen Decken (mindestens 3,15 m) und bodentiefen Panorama-Schiebet\u00fcren verschmelzen die Innen- und Au\u00dfenbereiche miteinander und durchfluten [&hellip;]<\/p>\n","protected":false},"author":0,"featured_media":184977,"parent":0,"menu_order":0,"template":"","property_type":[2133],"property_status":[2106,2158,2155],"property_feature":[1911,1935,1820,1827],"property_label":[],"property_country":[],"property_state":[],"property_city":[650],"property_area":[659],"class_list":["post-184983","property","type-property","status-publish","has-post-thumbnail","hentry","property_type-casa-de","property_status-venta-de","property_status-obra-nueva-de","property_status-obra-nueva","property_feature-airecentral","property_feature-airecentral-de","property_feature-calefaccion-de","property_feature-parking-de","property_city-ses-salines","property_area-ses-salines-mallorca"],"acf":[],"property_meta":{"_apg_property_user_edited":["1"],"fave_property_agency":["86"],"fave_agent_display_option":["agent_info"],"fave_agents":["1609"],"fave_property_id":["DRAC-CP2315DB"],"fave_property_location":["39.339399584,3.047013579,15"],"houzez_geolocation_lat":["39.339399584"],"houzez_geolocation_long":["3.047013579"],"fave_property_price":["2600000"],"fave_property_rent_or_sale":["sale"],"fave_property_year":[null],"fave_property_size_prefix":["m2"],"fave_property_land_postfix":["m2"],"fave_property_size":["430.00"],"fave_property_land":["650"],"fave_property_bedrooms":["4"],"fave_property_bathrooms":["4"],"fave_property_garage":["2"],"fave_property_map_address":["Ses Salines (Mallorca), 07640 Ses Salines, BALEARES"],"fave_property_address":[" , Ses Salines 07640"],"fave_property_zip":["07640"],"fave_property_postal_code":["07640"],"fave_property_map":["1"],"_thumbnail_id":["184977"],"apg_property_id":["28832883"],"_wpml_word_count":["591"],"_eael_post_view_count":["19"],"houzez_recently_viewed":["2026-05-01 12:04:54"],"houzez_total_property_views":["19"],"houzez_views_by_date":["a:10:{s:10:\"04-22-2026\";i:1;s:10:\"04-23-2026\";i:3;s:10:\"04-24-2026\";i:1;s:10:\"04-25-2026\";i:2;s:10:\"04-26-2026\";i:1;s:10:\"04-27-2026\";i:1;s:10:\"04-28-2026\";i:3;s:10:\"04-29-2026\";i:2;s:10:\"04-30-2026\";i:2;s:10:\"05-01-2026\";i:3;}"],"fave_property_images":["184977","185688","185636","185548","185536","185508","185768","185748","185620","185736","185668","185728","185720","185524","185500","185580","185572","185504","185716","185700","185680","185544","185612","185712","185708","185468","185644","185740","185600","185564","185560","185656","185496","185556","185648","185624","185484","185540","185640","185732","185488","185584","185472","185696","185460","185672","185608","185528","185492","185576","185512"],"_elementor_page_assets":["a:0:{}"]},"yoast_head":"<!-- This site is optimized with the Yoast SEO plugin v27.5 - https:\/\/yoast.com\/product\/yoast-seo-wordpress\/ -->\n<title>Exklusive Hightech-Villa mit authentisch mallorquinischem Charme in Ses Salines - RE\/MAX Drac<\/title>\n<meta name=\"robots\" content=\"index, follow, max-snippet:-1, max-image-preview:large, max-video-preview:-1\" \/>\n<link rel=\"canonical\" href=\"https:\/\/www.santanyi.net\/de\/property\/exklusive-hightech-villa-mit-authentisch-mallorquinischem-charme-in-ses-salines\/\" \/>\n<meta property=\"og:locale\" content=\"de_DE\" \/>\n<meta property=\"og:type\" content=\"article\" \/>\n<meta property=\"og:title\" content=\"Exklusive Hightech-Villa mit authentisch mallorquinischem Charme in Ses Salines - RE\/MAX Drac\" \/>\n<meta property=\"og:description\" content=\"Entdecken Sie diese beeindruckende Neubauvilla, die das Konzept des mediterranen Luxus neu definiert. Mit unvergleichlicher Liebe zum Detail entworfen, kombiniert diese Immobilie perfekt die W\u00e4rme lokaler Materialien, wie dem Mar\u00e9s-Naturstein aus Porreres, mit modernster Smart-Home-Technologie und Energieeffizienz. Mit au\u00dfergew\u00f6hnlich hohen Decken (mindestens 3,15 m) und bodentiefen Panorama-Schiebet\u00fcren verschmelzen die Innen- und Au\u00dfenbereiche miteinander und durchfluten [&hellip;]\" \/>\n<meta property=\"og:url\" content=\"https:\/\/www.santanyi.net\/de\/property\/exklusive-hightech-villa-mit-authentisch-mallorquinischem-charme-in-ses-salines\/\" \/>\n<meta property=\"og:site_name\" content=\"RE\/MAX Drac\" \/>\n<meta property=\"article:modified_time\" content=\"2026-05-01T04:50:20+00:00\" \/>\n<meta property=\"og:image\" content=\"https:\/\/www.santanyi.net\/wp-content\/uploads\/anaconda_property_media\/28832883-184976\/2-1.jpg\" \/>\n\t<meta property=\"og:image:width\" content=\"1920\" \/>\n\t<meta property=\"og:image:height\" content=\"1280\" \/>\n\t<meta property=\"og:image:type\" content=\"image\/jpeg\" \/>\n<meta name=\"twitter:card\" content=\"summary_large_image\" \/>\n<meta name=\"twitter:label1\" content=\"Gesch\u00e4tzte Lesezeit\" \/>\n\t<meta name=\"twitter:data1\" content=\"2\u00a0Minuten\" \/>\n<script type=\"application\/ld+json\" class=\"yoast-schema-graph\">{\"@context\":\"https:\\\/\\\/schema.org\",\"@graph\":[{\"@type\":\"WebPage\",\"@id\":\"https:\\\/\\\/www.santanyi.net\\\/de\\\/property\\\/exklusive-hightech-villa-mit-authentisch-mallorquinischem-charme-in-ses-salines\\\/\",\"url\":\"https:\\\/\\\/www.santanyi.net\\\/de\\\/property\\\/exklusive-hightech-villa-mit-authentisch-mallorquinischem-charme-in-ses-salines\\\/\",\"name\":\"Exklusive Hightech-Villa mit authentisch mallorquinischem Charme in Ses Salines - RE\\\/MAX Drac\",\"isPartOf\":{\"@id\":\"https:\\\/\\\/www.santanyi.net\\\/de\\\/#website\"},\"primaryImageOfPage\":{\"@id\":\"https:\\\/\\\/www.santanyi.net\\\/de\\\/property\\\/exklusive-hightech-villa-mit-authentisch-mallorquinischem-charme-in-ses-salines\\\/#primaryimage\"},\"image\":{\"@id\":\"https:\\\/\\\/www.santanyi.net\\\/de\\\/property\\\/exklusive-hightech-villa-mit-authentisch-mallorquinischem-charme-in-ses-salines\\\/#primaryimage\"},\"thumbnailUrl\":\"https:\\\/\\\/www.santanyi.net\\\/wp-content\\\/uploads\\\/anaconda_property_media\\\/28832883-184976\\\/2-1.jpg\",\"datePublished\":\"2026-04-22T04:36:34+00:00\",\"dateModified\":\"2026-05-01T04:50:20+00:00\",\"breadcrumb\":{\"@id\":\"https:\\\/\\\/www.santanyi.net\\\/de\\\/property\\\/exklusive-hightech-villa-mit-authentisch-mallorquinischem-charme-in-ses-salines\\\/#breadcrumb\"},\"inLanguage\":\"de\",\"potentialAction\":[{\"@type\":\"ReadAction\",\"target\":[\"https:\\\/\\\/www.santanyi.net\\\/de\\\/property\\\/exklusive-hightech-villa-mit-authentisch-mallorquinischem-charme-in-ses-salines\\\/\"]}]},{\"@type\":\"ImageObject\",\"inLanguage\":\"de\",\"@id\":\"https:\\\/\\\/www.santanyi.net\\\/de\\\/property\\\/exklusive-hightech-villa-mit-authentisch-mallorquinischem-charme-in-ses-salines\\\/#primaryimage\",\"url\":\"https:\\\/\\\/www.santanyi.net\\\/wp-content\\\/uploads\\\/anaconda_property_media\\\/28832883-184976\\\/2-1.jpg\",\"contentUrl\":\"https:\\\/\\\/www.santanyi.net\\\/wp-content\\\/uploads\\\/anaconda_property_media\\\/28832883-184976\\\/2-1.jpg\",\"width\":1920,\"height\":1280},{\"@type\":\"BreadcrumbList\",\"@id\":\"https:\\\/\\\/www.santanyi.net\\\/de\\\/property\\\/exklusive-hightech-villa-mit-authentisch-mallorquinischem-charme-in-ses-salines\\\/#breadcrumb\",\"itemListElement\":[{\"@type\":\"ListItem\",\"position\":1,\"name\":\"Home\",\"item\":\"https:\\\/\\\/www.santanyi.net\\\/de\\\/\"},{\"@type\":\"ListItem\",\"position\":2,\"name\":\"Eigenschaften\",\"item\":\"https:\\\/\\\/www.santanyi.net\\\/de\\\/property\\\/\"},{\"@type\":\"ListItem\",\"position\":3,\"name\":\"Exklusive Hightech-Villa mit authentisch mallorquinischem Charme in Ses Salines\"}]},{\"@type\":\"WebSite\",\"@id\":\"https:\\\/\\\/www.santanyi.net\\\/de\\\/#website\",\"url\":\"https:\\\/\\\/www.santanyi.net\\\/de\\\/\",\"name\":\"RE\\\/MAX Drac\",\"description\":\"\",\"publisher\":{\"@id\":\"https:\\\/\\\/www.santanyi.net\\\/de\\\/#organization\"},\"potentialAction\":[{\"@type\":\"SearchAction\",\"target\":{\"@type\":\"EntryPoint\",\"urlTemplate\":\"https:\\\/\\\/www.santanyi.net\\\/de\\\/?s={search_term_string}\"},\"query-input\":{\"@type\":\"PropertyValueSpecification\",\"valueRequired\":true,\"valueName\":\"search_term_string\"}}],\"inLanguage\":\"de\"},{\"@type\":\"Organization\",\"@id\":\"https:\\\/\\\/www.santanyi.net\\\/de\\\/#organization\",\"name\":\"RE\\\/MAX Drac\",\"url\":\"https:\\\/\\\/www.santanyi.net\\\/de\\\/\",\"logo\":{\"@type\":\"ImageObject\",\"inLanguage\":\"de\",\"@id\":\"https:\\\/\\\/www.santanyi.net\\\/de\\\/#\\\/schema\\\/logo\\\/image\\\/\",\"url\":\"https:\\\/\\\/www.santanyi.net\\\/wp-content\\\/uploads\\\/2025\\\/07\\\/logo-nuevo.png\",\"contentUrl\":\"https:\\\/\\\/www.santanyi.net\\\/wp-content\\\/uploads\\\/2025\\\/07\\\/logo-nuevo.png\",\"width\":295,\"height\":165,\"caption\":\"RE\\\/MAX Drac\"},\"image\":{\"@id\":\"https:\\\/\\\/www.santanyi.net\\\/de\\\/#\\\/schema\\\/logo\\\/image\\\/\"}}]}<\/script>\n<!-- \/ Yoast SEO plugin. -->","yoast_head_json":{"title":"Exklusive Hightech-Villa mit authentisch mallorquinischem Charme in Ses Salines - RE\/MAX Drac","robots":{"index":"index","follow":"follow","max-snippet":"max-snippet:-1","max-image-preview":"max-image-preview:large","max-video-preview":"max-video-preview:-1"},"canonical":"https:\/\/www.santanyi.net\/de\/property\/exklusive-hightech-villa-mit-authentisch-mallorquinischem-charme-in-ses-salines\/","og_locale":"de_DE","og_type":"article","og_title":"Exklusive Hightech-Villa mit authentisch mallorquinischem Charme in Ses Salines - RE\/MAX Drac","og_description":"Entdecken Sie diese beeindruckende Neubauvilla, die das Konzept des mediterranen Luxus neu definiert. Mit unvergleichlicher Liebe zum Detail entworfen, kombiniert diese Immobilie perfekt die W\u00e4rme lokaler Materialien, wie dem Mar\u00e9s-Naturstein aus Porreres, mit modernster Smart-Home-Technologie und Energieeffizienz. Mit au\u00dfergew\u00f6hnlich hohen Decken (mindestens 3,15 m) und bodentiefen Panorama-Schiebet\u00fcren verschmelzen die Innen- und Au\u00dfenbereiche miteinander und durchfluten [&hellip;]","og_url":"https:\/\/www.santanyi.net\/de\/property\/exklusive-hightech-villa-mit-authentisch-mallorquinischem-charme-in-ses-salines\/","og_site_name":"RE\/MAX Drac","article_modified_time":"2026-05-01T04:50:20+00:00","og_image":[{"width":1920,"height":1280,"url":"https:\/\/www.santanyi.net\/wp-content\/uploads\/anaconda_property_media\/28832883-184976\/2-1.jpg","type":"image\/jpeg"}],"twitter_card":"summary_large_image","twitter_misc":{"Gesch\u00e4tzte Lesezeit":"2\u00a0Minuten"},"schema":{"@context":"https:\/\/schema.org","@graph":[{"@type":"WebPage","@id":"https:\/\/www.santanyi.net\/de\/property\/exklusive-hightech-villa-mit-authentisch-mallorquinischem-charme-in-ses-salines\/","url":"https:\/\/www.santanyi.net\/de\/property\/exklusive-hightech-villa-mit-authentisch-mallorquinischem-charme-in-ses-salines\/","name":"Exklusive Hightech-Villa mit authentisch mallorquinischem Charme in Ses Salines - RE\/MAX Drac","isPartOf":{"@id":"https:\/\/www.santanyi.net\/de\/#website"},"primaryImageOfPage":{"@id":"https:\/\/www.santanyi.net\/de\/property\/exklusive-hightech-villa-mit-authentisch-mallorquinischem-charme-in-ses-salines\/#primaryimage"},"image":{"@id":"https:\/\/www.santanyi.net\/de\/property\/exklusive-hightech-villa-mit-authentisch-mallorquinischem-charme-in-ses-salines\/#primaryimage"},"thumbnailUrl":"https:\/\/www.santanyi.net\/wp-content\/uploads\/anaconda_property_media\/28832883-184976\/2-1.jpg","datePublished":"2026-04-22T04:36:34+00:00","dateModified":"2026-05-01T04:50:20+00:00","breadcrumb":{"@id":"https:\/\/www.santanyi.net\/de\/property\/exklusive-hightech-villa-mit-authentisch-mallorquinischem-charme-in-ses-salines\/#breadcrumb"},"inLanguage":"de","potentialAction":[{"@type":"ReadAction","target":["https:\/\/www.santanyi.net\/de\/property\/exklusive-hightech-villa-mit-authentisch-mallorquinischem-charme-in-ses-salines\/"]}]},{"@type":"ImageObject","inLanguage":"de","@id":"https:\/\/www.santanyi.net\/de\/property\/exklusive-hightech-villa-mit-authentisch-mallorquinischem-charme-in-ses-salines\/#primaryimage","url":"https:\/\/www.santanyi.net\/wp-content\/uploads\/anaconda_property_media\/28832883-184976\/2-1.jpg","contentUrl":"https:\/\/www.santanyi.net\/wp-content\/uploads\/anaconda_property_media\/28832883-184976\/2-1.jpg","width":1920,"height":1280},{"@type":"BreadcrumbList","@id":"https:\/\/www.santanyi.net\/de\/property\/exklusive-hightech-villa-mit-authentisch-mallorquinischem-charme-in-ses-salines\/#breadcrumb","itemListElement":[{"@type":"ListItem","position":1,"name":"Home","item":"https:\/\/www.santanyi.net\/de\/"},{"@type":"ListItem","position":2,"name":"Eigenschaften","item":"https:\/\/www.santanyi.net\/de\/property\/"},{"@type":"ListItem","position":3,"name":"Exklusive Hightech-Villa mit authentisch mallorquinischem Charme in Ses Salines"}]},{"@type":"WebSite","@id":"https:\/\/www.santanyi.net\/de\/#website","url":"https:\/\/www.santanyi.net\/de\/","name":"RE\/MAX Drac","description":"","publisher":{"@id":"https:\/\/www.santanyi.net\/de\/#organization"},"potentialAction":[{"@type":"SearchAction","target":{"@type":"EntryPoint","urlTemplate":"https:\/\/www.santanyi.net\/de\/?s={search_term_string}"},"query-input":{"@type":"PropertyValueSpecification","valueRequired":true,"valueName":"search_term_string"}}],"inLanguage":"de"},{"@type":"Organization","@id":"https:\/\/www.santanyi.net\/de\/#organization","name":"RE\/MAX Drac","url":"https:\/\/www.santanyi.net\/de\/","logo":{"@type":"ImageObject","inLanguage":"de","@id":"https:\/\/www.santanyi.net\/de\/#\/schema\/logo\/image\/","url":"https:\/\/www.santanyi.net\/wp-content\/uploads\/2025\/07\/logo-nuevo.png","contentUrl":"https:\/\/www.santanyi.net\/wp-content\/uploads\/2025\/07\/logo-nuevo.png","width":295,"height":165,"caption":"RE\/MAX Drac"},"image":{"@id":"https:\/\/www.santanyi.net\/de\/#\/schema\/logo\/image\/"}}]}},"_links":{"self":[{"href":"https:\/\/www.santanyi.net\/de\/wp-json\/wp\/v2\/properties\/184983","targetHints":{"allow":["GET"]}}],"collection":[{"href":"https:\/\/www.santanyi.net\/de\/wp-json\/wp\/v2\/properties"}],"about":[{"href":"https:\/\/www.santanyi.net\/de\/wp-json\/wp\/v2\/types\/property"}],"version-history":[{"count":3,"href":"https:\/\/www.santanyi.net\/de\/wp-json\/wp\/v2\/properties\/184983\/revisions"}],"predecessor-version":[{"id":193792,"href":"https:\/\/www.santanyi.net\/de\/wp-json\/wp\/v2\/properties\/184983\/revisions\/193792"}],"wp:featuredmedia":[{"embeddable":true,"href":"https:\/\/www.santanyi.net\/de\/wp-json\/wp\/v2\/media\/184977"}],"wp:attachment":[{"href":"https:\/\/www.santanyi.net\/de\/wp-json\/wp\/v2\/media?parent=184983"}],"wp:term":[{"taxonomy":"property_type","embeddable":true,"href":"https:\/\/www.santanyi.net\/de\/wp-json\/wp\/v2\/property_type?post=184983"},{"taxonomy":"property_status","embeddable":true,"href":"https:\/\/www.santanyi.net\/de\/wp-json\/wp\/v2\/property_status?post=184983"},{"taxonomy":"property_feature","embeddable":true,"href":"https:\/\/www.santanyi.net\/de\/wp-json\/wp\/v2\/property_feature?post=184983"},{"taxonomy":"property_label","embeddable":true,"href":"https:\/\/www.santanyi.net\/de\/wp-json\/wp\/v2\/property_label?post=184983"},{"taxonomy":"property_country","embeddable":true,"href":"https:\/\/www.santanyi.net\/de\/wp-json\/wp\/v2\/property_country?post=184983"},{"taxonomy":"property_state","embeddable":true,"href":"https:\/\/www.santanyi.net\/de\/wp-json\/wp\/v2\/property_state?post=184983"},{"taxonomy":"property_city","embeddable":true,"href":"https:\/\/www.santanyi.net\/de\/wp-json\/wp\/v2\/property_city?post=184983"},{"taxonomy":"property_area","embeddable":true,"href":"https:\/\/www.santanyi.net\/de\/wp-json\/wp\/v2\/property_area?post=184983"}],"curies":[{"name":"wp","href":"https:\/\/api.w.org\/{rel}","templated":true}]}}