
{"version":"1.0","provider_name":"RE\/MAX Drac","provider_url":"https:\/\/www.santanyi.net\/de\/","author_name":"admin","author_url":"https:\/\/www.santanyi.net\/de\/author\/admindrac\/","title":"Wundersch\u00f6nes 59.000 m\u00b2 gro\u00dfes Grundst\u00fcck bei Santany\u00ed - RE\/MAX Drac","type":"rich","width":600,"height":338,"html":"<blockquote class=\"wp-embedded-content\" data-secret=\"xyKYJbVclR\"><a href=\"https:\/\/www.santanyi.net\/de\/property\/wunderschones-59-000-m%c2%b2-groses-grundstuck-bei-santanyi\/\">Wundersch\u00f6nes 59.000 m\u00b2 gro\u00dfes Grundst\u00fcck bei Santany\u00ed<\/a><\/blockquote><iframe sandbox=\"allow-scripts\" security=\"restricted\" src=\"https:\/\/www.santanyi.net\/de\/property\/wunderschones-59-000-m%c2%b2-groses-grundstuck-bei-santanyi\/embed\/#?secret=xyKYJbVclR\" width=\"600\" height=\"338\" title=\"&#8222;Wundersch\u00f6nes 59.000 m\u00b2 gro\u00dfes Grundst\u00fcck bei Santany\u00ed&#8220; &#8211; RE\/MAX Drac\" data-secret=\"xyKYJbVclR\" frameborder=\"0\" marginwidth=\"0\" marginheight=\"0\" scrolling=\"no\" class=\"wp-embedded-content\"><\/iframe><script type=\"text\/javascript\">\n\/* <![CDATA[ *\/\n\/*! This file is auto-generated *\/\r\n!function(d,l){\"use strict\";l.querySelector&&d.addEventListener&&\"undefined\"!=typeof URL&&(d.wp=d.wp||{},d.wp.receiveEmbedMessage||(d.wp.receiveEmbedMessage=function(e){var t=e.data;if((t||t.secret||t.message||t.value)&&!\/[^a-zA-Z0-9]\/.test(t.secret)){for(var s,r,n,a=l.querySelectorAll('iframe[data-secret=\"'+t.secret+'\"]'),o=l.querySelectorAll('blockquote[data-secret=\"'+t.secret+'\"]'),c=new RegExp(\"^https?:$\",\"i\"),i=0;i<o.length;i++)o[i].style.display=\"none\";for(i=0;i<a.length;i++)s=a[i],e.source===s.contentWindow&&(s.removeAttribute(\"style\"),\"height\"===t.message?(1e3<(r=parseInt(t.value,10))?r=1e3:~~r<200&&(r=200),s.height=r):\"link\"===t.message&&(r=new URL(s.getAttribute(\"src\")),n=new URL(t.value),c.test(n.protocol))&&n.host===r.host&&l.activeElement===s&&(d.top.location.href=t.value))}},d.addEventListener(\"message\",d.wp.receiveEmbedMessage,!1),l.addEventListener(\"DOMContentLoaded\",function(){for(var e,t,s=l.querySelectorAll(\"iframe.wp-embedded-content\"),r=0;r<s.length;r++)(t=(e=s[r]).getAttribute(\"data-secret\"))||(t=Math.random().toString(36).substring(2,12),e.src+=\"#?secret=\"+t,e.setAttribute(\"data-secret\",t)),e.contentWindow.postMessage({message:\"ready\",secret:t},\"*\")},!1)))}(window,document);\n\/\/# sourceURL=https:\/\/www.santanyi.net\/wp-includes\/js\/wp-embed.min.js\n\/* ]]> *\/\n<\/script>\n","thumbnail_url":"https:\/\/www.santanyi.net\/wp-content\/uploads\/anaconda_property_media\/24620889-194630\/4-1.jpg","thumbnail_width":1920,"thumbnail_height":1445,"description":"Wir pr\u00e4sentieren Ihnen ein au\u00dfergew\u00f6hnliches Grundst\u00fcck mit 59.235 m\u00b2 in einer der begehrtesten Lagen im S\u00fcdosten Mallorcas.Diese Immobilie besticht nicht nur durch ihre Gr\u00f6\u00dfe, sondern auch durch ein genehmigtes Bauvorhaben und die Baugenehmigung. Strategische Lage: Im Herzen des S\u00fcdostens gelegen:Absolute Privatsph\u00e4re: In der ruhigen, l\u00e4ndlichen Umgebung von Ses Salines.Anbindung: Nur 5 Minuten vom pulsierenden Leben [&hellip;]"}