
{"version":"1.0","provider_name":"RE\/MAX Drac","provider_url":"https:\/\/www.santanyi.net\/de\/","author_name":"admin","author_url":"https:\/\/www.santanyi.net\/de\/author\/admindrac\/","title":"Ein mediterraner Traum im S\u00fcdosten Mallorcas - RE\/MAX Drac","type":"rich","width":600,"height":338,"html":"<blockquote class=\"wp-embedded-content\" data-secret=\"dvGsOsNO7Y\"><a href=\"https:\/\/www.santanyi.net\/de\/property\/ein-mediterraner-traum-im-sudosten-mallorcas-2\/\">Ein mediterraner Traum im S\u00fcdosten Mallorcas<\/a><\/blockquote><iframe sandbox=\"allow-scripts\" security=\"restricted\" src=\"https:\/\/www.santanyi.net\/de\/property\/ein-mediterraner-traum-im-sudosten-mallorcas-2\/embed\/#?secret=dvGsOsNO7Y\" width=\"600\" height=\"338\" title=\"&#8222;Ein mediterraner Traum im S\u00fcdosten Mallorcas&#8220; &#8211; RE\/MAX Drac\" data-secret=\"dvGsOsNO7Y\" frameborder=\"0\" marginwidth=\"0\" marginheight=\"0\" scrolling=\"no\" class=\"wp-embedded-content\"><\/iframe><script type=\"text\/javascript\">\n\/* <![CDATA[ *\/\n\/*! This file is auto-generated *\/\r\n!function(d,l){\"use strict\";l.querySelector&&d.addEventListener&&\"undefined\"!=typeof URL&&(d.wp=d.wp||{},d.wp.receiveEmbedMessage||(d.wp.receiveEmbedMessage=function(e){var t=e.data;if((t||t.secret||t.message||t.value)&&!\/[^a-zA-Z0-9]\/.test(t.secret)){for(var s,r,n,a=l.querySelectorAll('iframe[data-secret=\"'+t.secret+'\"]'),o=l.querySelectorAll('blockquote[data-secret=\"'+t.secret+'\"]'),c=new RegExp(\"^https?:$\",\"i\"),i=0;i<o.length;i++)o[i].style.display=\"none\";for(i=0;i<a.length;i++)s=a[i],e.source===s.contentWindow&&(s.removeAttribute(\"style\"),\"height\"===t.message?(1e3<(r=parseInt(t.value,10))?r=1e3:~~r<200&&(r=200),s.height=r):\"link\"===t.message&&(r=new URL(s.getAttribute(\"src\")),n=new URL(t.value),c.test(n.protocol))&&n.host===r.host&&l.activeElement===s&&(d.top.location.href=t.value))}},d.addEventListener(\"message\",d.wp.receiveEmbedMessage,!1),l.addEventListener(\"DOMContentLoaded\",function(){for(var e,t,s=l.querySelectorAll(\"iframe.wp-embedded-content\"),r=0;r<s.length;r++)(t=(e=s[r]).getAttribute(\"data-secret\"))||(t=Math.random().toString(36).substring(2,12),e.src+=\"#?secret=\"+t,e.setAttribute(\"data-secret\",t)),e.contentWindow.postMessage({message:\"ready\",secret:t},\"*\")},!1)))}(window,document);\n\/\/# sourceURL=https:\/\/www.santanyi.net\/wp-includes\/js\/wp-embed.min.js\n\/* ]]> *\/\n<\/script>\n","thumbnail_url":"https:\/\/www.santanyi.net\/wp-content\/uploads\/anaconda_property_media\/26230175-194918\/12-1.jpg","thumbnail_width":1920,"thumbnail_height":1440,"description":"Ein mediterraner Traum im S\u00fcdosten Mallorcas Ein mediterraner Traum im S\u00fcdosten Mallorcas. Entdecken Sie Ihr Traumhaus in der begehrten Region Santany\u00ed, im Herzen des Naturparks Mondrag\u00f3. Wir pr\u00e4sentieren Ihnen dieses pr\u00e4chtige, 283 m\u00b2 gro\u00dfe Haus aus dem Jahr 2001 auf einem gro\u00dfz\u00fcgigen Grundst\u00fcck von 1.037 m\u00b2. Es vereint Komfort, Funktionalit\u00e4t und einen atemberaubenden Meerblick. Beim [&hellip;]"}