
{"id":195044,"date":"2026-04-30T15:07:07","date_gmt":"2026-04-30T15:07:07","guid":{"rendered":"https:\/\/www.santanyi.net\/property\/apartamentos-de-lujo-en-colonia-de-sant-jordi\/"},"modified":"2026-04-30T16:52:12","modified_gmt":"2026-04-30T16:52:12","slug":"apartamentos-de-lujo-en-colonia-de-sant-jordi","status":"publish","type":"property","link":"https:\/\/www.santanyi.net\/ca\/property\/apartamentos-de-lujo-en-colonia-de-sant-jordi\/","title":{"rendered":"Apartamentos de lujo en Colonia de Sant Jordi"},"content":{"rendered":"<p>Exclusiva promoci\u00f3 de 8 habitatges ubicada a l&#8217;emblem\u00e0tic poble costaner de Col\u00f2nia de Sant Jordi, on podr\u00e0s submergir-te en l&#8217;aut\u00e8ntic estil de vida mediterrani.Situada a 200 metres del mar, explora els seus acollidores carrers i gaudeix de les millors platges de sorra blanca i aigua cristal\u00b7lina: Es Trenc, Ses Covetes, Llombarts&#8230;exclusiva promoci\u00f3 de vuit habitatges que ofereixen opcions de 2 i 3 dormitoris.Totes les opcions ofereixen espais a l&#8217;aire lliure on gaudir del marrec clima Mediterrani.Dues plantes baixes amb diverses terrasses i piscina. Tres pisos i tres \u00e0tics amb terrassa superior i jacuzzi privat on podr\u00e0s contemplar les fabuloses vistes panor\u00e0miques al mar i a l&#8217;illa de Cabrera.A m\u00e9s, si ho desitges, tamb\u00e9 disposa de places d&#8217;aparcament i trasters a la mateixa finca.Aquest projecte es distingeix per la seva estrat\u00e8gica situaci\u00f3 pr\u00f2xima al mar i el seu disseny modern i elegant. Al seu interior, t&#8217;esperen espais amplis i lluminosos. Cuidant cada detall amb una tria de materials de primera qualitat, garanteix una qualitat de vida excepcional per a tota la fam\u00edlia.S\u00ed que es desitja, tamb\u00e9 disposa de trasters i garatges. per a m\u00e9s informaci\u00f3, contacteu amb nosaltres.<\/p>\n","protected":false},"excerpt":{"rendered":"<p>Exclusiva promoci\u00f3 de 8 habitatges ubicada a l&#8217;emblem\u00e0tic poble costaner de Col\u00f2nia de Sant Jordi, on podr\u00e0s submergir-te en l&#8217;aut\u00e8ntic estil de vida mediterrani.Situada a 200 metres del mar, explora els seus acollidores carrers i gaudeix de les millors platges de sorra blanca i aigua cristal\u00b7lina: Es Trenc, Ses Covetes, Llombarts&#8230;exclusiva promoci\u00f3 de vuit habitatges [&hellip;]<\/p>\n","protected":false},"author":1,"featured_media":195039,"parent":0,"menu_order":0,"template":"","property_type":[2139],"property_status":[2096,2103],"property_feature":[1869,1870,1853,1929,1995,1997,1811,1931,1985,1897,1954,1898],"property_label":[],"property_country":[],"property_state":[],"property_city":[671],"property_area":[672],"class_list":["post-195044","property","type-property","status-publish","has-post-thumbnail","hentry","property_type-apartamento-ca","property_status-venta","property_status-venta-ca","property_feature-autobuses-ca","property_feature-balcon-ca","property_feature-balcon","property_feature-costa-ca","property_feature-hidromasaje","property_feature-hidromasaje-ca","property_feature-piscina_prop-ca","property_feature-puerta_blin-ca","property_feature-solarium-ca","property_feature-terraza-ca","property_feature-trastero-ca","property_feature-vistasalmar-ca","property_city-colonia-de-sant-jordi","property_area-colonia-de-sant-jordi"],"acf":[],"property_meta":{"_apg_property_user_edited":["1"],"fave_property_id":["DRAC-AP1282"],"fave_property_location":["39.31702517,2.9912282,15"],"houzez_geolocation_lat":["39.31702517"],"houzez_geolocation_long":["2.9912282"],"fave_property_price":["510000"],"fave_property_rent_or_sale":["sale"],"fave_property_year":[null],"fave_property_size_prefix":["m2"],"fave_property_land_postfix":["m2"],"fave_property_size":["118"],"fave_property_bedrooms":["2"],"fave_property_bathrooms":["2"],"fave_property_map_address":["Colonia de sant jordi, 07640 Col\u00f2nia de Sant Jordi"],"fave_property_address":[" , Col\u00f2nia De Sant Jordi 07640"],"fave_property_zip":["07640"],"fave_property_postal_code":["07640"],"fave_property_map":["1"],"apg_is_using_remote_image_url":["1"],"apg_using_remote_image_urls":["[{\"multimedia_type\":\"Picture\",\"picture_url\":\"https:\/\/fotos15.inmovilla.com\/12732\/24621043\/2-1.jpg\",\"position\":1,\"picture_id\":1,\"media_id\":145102,\"post_id\":195038,\"id\":1,\"attachment_id\":0,\"url\":\"https:\/\/fotos15.inmovilla.com\/12732\/24621043\/2-1.jpg\",\"basename\":\"2-1.jpg\",\"created_date\":\"2026-04-30 15:07:07\",\"is_downloaded\":0,\"is_using_remote\":0},{\"multimedia_type\":\"Picture\",\"picture_url\":\"https:\/\/fotos15.inmovilla.com\/12732\/24621043\/2-2.jpg\",\"position\":2,\"picture_id\":2,\"media_id\":145103,\"post_id\":195038,\"id\":2,\"attachment_id\":0,\"url\":\"https:\/\/fotos15.inmovilla.com\/12732\/24621043\/2-2.jpg\",\"basename\":\"2-2.jpg\",\"created_date\":\"2026-04-30 15:07:07\",\"is_downloaded\":0,\"is_using_remote\":1},{\"multimedia_type\":\"Picture\",\"picture_url\":\"https:\/\/fotos15.inmovilla.com\/12732\/24621043\/2-3.jpg\",\"position\":3,\"picture_id\":3,\"media_id\":145104,\"post_id\":195038,\"id\":3,\"attachment_id\":0,\"url\":\"https:\/\/fotos15.inmovilla.com\/12732\/24621043\/2-3.jpg\",\"basename\":\"2-3.jpg\",\"created_date\":\"2026-04-30 15:07:07\",\"is_downloaded\":0,\"is_using_remote\":1},{\"multimedia_type\":\"Picture\",\"picture_url\":\"https:\/\/fotos15.inmovilla.com\/12732\/24621043\/2-4.jpg\",\"position\":4,\"picture_id\":4,\"media_id\":145105,\"post_id\":195038,\"id\":4,\"attachment_id\":0,\"url\":\"https:\/\/fotos15.inmovilla.com\/12732\/24621043\/2-4.jpg\",\"basename\":\"2-4.jpg\",\"created_date\":\"2026-04-30 15:07:07\",\"is_downloaded\":0,\"is_using_remote\":1},{\"multimedia_type\":\"Picture\",\"picture_url\":\"https:\/\/fotos15.inmovilla.com\/12732\/24621043\/2-5.jpg\",\"position\":5,\"picture_id\":5,\"media_id\":145106,\"post_id\":195038,\"id\":5,\"attachment_id\":0,\"url\":\"https:\/\/fotos15.inmovilla.com\/12732\/24621043\/2-5.jpg\",\"basename\":\"2-5.jpg\",\"created_date\":\"2026-04-30 15:07:07\",\"is_downloaded\":0,\"is_using_remote\":1},{\"multimedia_type\":\"Picture\",\"picture_url\":\"https:\/\/fotos15.inmovilla.com\/12732\/24621043\/2-6.jpg\",\"position\":6,\"picture_id\":6,\"media_id\":145107,\"post_id\":195038,\"id\":6,\"attachment_id\":0,\"url\":\"https:\/\/fotos15.inmovilla.com\/12732\/24621043\/2-6.jpg\",\"basename\":\"2-6.jpg\",\"created_date\":\"2026-04-30 15:07:07\",\"is_downloaded\":0,\"is_using_remote\":1},{\"multimedia_type\":\"Picture\",\"picture_url\":\"https:\/\/fotos15.inmovilla.com\/12732\/24621043\/2-7.jpg\",\"position\":7,\"picture_id\":7,\"media_id\":145108,\"post_id\":195038,\"id\":7,\"attachment_id\":0,\"url\":\"https:\/\/fotos15.inmovilla.com\/12732\/24621043\/2-7.jpg\",\"basename\":\"2-7.jpg\",\"created_date\":\"2026-04-30 15:07:07\",\"is_downloaded\":0,\"is_using_remote\":1},{\"multimedia_type\":\"Picture\",\"picture_url\":\"https:\/\/fotos15.inmovilla.com\/12732\/24621043\/2-8.jpg\",\"position\":8,\"picture_id\":8,\"media_id\":145109,\"post_id\":195038,\"id\":8,\"attachment_id\":0,\"url\":\"https:\/\/fotos15.inmovilla.com\/12732\/24621043\/2-8.jpg\",\"basename\":\"2-8.jpg\",\"created_date\":\"2026-04-30 15:07:07\",\"is_downloaded\":0,\"is_using_remote\":1},{\"multimedia_type\":\"Picture\",\"picture_url\":\"https:\/\/fotos15.inmovilla.com\/12732\/24621043\/2-9.jpg\",\"position\":9,\"picture_id\":9,\"media_id\":145110,\"post_id\":195038,\"id\":9,\"attachment_id\":0,\"url\":\"https:\/\/fotos15.inmovilla.com\/12732\/24621043\/2-9.jpg\",\"basename\":\"2-9.jpg\",\"created_date\":\"2026-04-30 15:07:07\",\"is_downloaded\":0,\"is_using_remote\":1},{\"multimedia_type\":\"Picture\",\"picture_url\":\"https:\/\/fotos15.inmovilla.com\/12732\/24621043\/2-10.jpg\",\"position\":10,\"picture_id\":10,\"media_id\":145111,\"post_id\":195038,\"id\":10,\"attachment_id\":0,\"url\":\"https:\/\/fotos15.inmovilla.com\/12732\/24621043\/2-10.jpg\",\"basename\":\"2-10.jpg\",\"created_date\":\"2026-04-30 15:07:07\",\"is_downloaded\":0,\"is_using_remote\":1},{\"multimedia_type\":\"Picture\",\"picture_url\":\"https:\/\/fotos15.inmovilla.com\/12732\/24621043\/2-11.jpg\",\"position\":11,\"picture_id\":11,\"media_id\":145112,\"post_id\":195038,\"id\":11,\"attachment_id\":0,\"url\":\"https:\/\/fotos15.inmovilla.com\/12732\/24621043\/2-11.jpg\",\"basename\":\"2-11.jpg\",\"created_date\":\"2026-04-30 15:07:07\",\"is_downloaded\":0,\"is_using_remote\":1},{\"multimedia_type\":\"Picture\",\"picture_url\":\"https:\/\/fotos15.inmovilla.com\/12732\/24621043\/2-12.jpg\",\"position\":12,\"picture_id\":12,\"media_id\":145113,\"post_id\":195038,\"id\":12,\"attachment_id\":0,\"url\":\"https:\/\/fotos15.inmovilla.com\/12732\/24621043\/2-12.jpg\",\"basename\":\"2-12.jpg\",\"created_date\":\"2026-04-30 15:07:07\",\"is_downloaded\":0,\"is_using_remote\":1},{\"multimedia_type\":\"Picture\",\"picture_url\":\"https:\/\/fotos15.inmovilla.com\/12732\/24621043\/2-13.jpg\",\"position\":13,\"picture_id\":13,\"media_id\":145114,\"post_id\":195038,\"id\":13,\"attachment_id\":0,\"url\":\"https:\/\/fotos15.inmovilla.com\/12732\/24621043\/2-13.jpg\",\"basename\":\"2-13.jpg\",\"created_date\":\"2026-04-30 15:07:07\",\"is_downloaded\":0,\"is_using_remote\":1},{\"multimedia_type\":\"Picture\",\"picture_url\":\"https:\/\/fotos15.inmovilla.com\/12732\/24621043\/2-14.jpg\",\"position\":14,\"picture_id\":14,\"media_id\":145115,\"post_id\":195038,\"id\":14,\"attachment_id\":0,\"url\":\"https:\/\/fotos15.inmovilla.com\/12732\/24621043\/2-14.jpg\",\"basename\":\"2-14.jpg\",\"created_date\":\"2026-04-30 15:07:07\",\"is_downloaded\":0,\"is_using_remote\":1},{\"multimedia_type\":\"Picture\",\"picture_url\":\"https:\/\/fotos15.inmovilla.com\/12732\/24621043\/2-15.jpg\",\"position\":15,\"picture_id\":15,\"media_id\":145116,\"post_id\":195038,\"id\":15,\"attachment_id\":0,\"url\":\"https:\/\/fotos15.inmovilla.com\/12732\/24621043\/2-15.jpg\",\"basename\":\"2-15.jpg\",\"created_date\":\"2026-04-30 15:07:07\",\"is_downloaded\":0,\"is_using_remote\":1},{\"multimedia_type\":\"Picture\",\"picture_url\":\"https:\/\/fotos15.inmovilla.com\/12732\/24621043\/2-16.jpg\",\"position\":16,\"picture_id\":16,\"media_id\":145117,\"post_id\":195038,\"id\":16,\"attachment_id\":0,\"url\":\"https:\/\/fotos15.inmovilla.com\/12732\/24621043\/2-16.jpg\",\"basename\":\"2-16.jpg\",\"created_date\":\"2026-04-30 15:07:07\",\"is_downloaded\":0,\"is_using_remote\":1},{\"multimedia_type\":\"Picture\",\"picture_url\":\"https:\/\/fotos15.inmovilla.com\/12732\/24621043\/2-17.jpg\",\"position\":17,\"picture_id\":17,\"media_id\":145118,\"post_id\":195038,\"id\":17,\"attachment_id\":0,\"url\":\"https:\/\/fotos15.inmovilla.com\/12732\/24621043\/2-17.jpg\",\"basename\":\"2-17.jpg\",\"created_date\":\"2026-04-30 15:07:07\",\"is_downloaded\":0,\"is_using_remote\":1},{\"multimedia_type\":\"Picture\",\"picture_url\":\"https:\/\/fotos15.inmovilla.com\/12732\/24621043\/2-18.jpg\",\"position\":18,\"picture_id\":18,\"media_id\":145119,\"post_id\":195038,\"id\":18,\"attachment_id\":0,\"url\":\"https:\/\/fotos15.inmovilla.com\/12732\/24621043\/2-18.jpg\",\"basename\":\"2-18.jpg\",\"created_date\":\"2026-04-30 15:07:07\",\"is_downloaded\":0,\"is_using_remote\":1},{\"multimedia_type\":\"Picture\",\"picture_url\":\"https:\/\/fotos15.inmovilla.com\/12732\/24621043\/2-19.jpg\",\"position\":19,\"picture_id\":19,\"media_id\":145120,\"post_id\":195038,\"id\":19,\"attachment_id\":0,\"url\":\"https:\/\/fotos15.inmovilla.com\/12732\/24621043\/2-19.jpg\",\"basename\":\"2-19.jpg\",\"created_date\":\"2026-04-30 15:07:07\",\"is_downloaded\":0,\"is_using_remote\":1},{\"multimedia_type\":\"Picture\",\"picture_url\":\"https:\/\/fotos15.inmovilla.com\/12732\/24621043\/2-20.jpg\",\"position\":20,\"picture_id\":20,\"media_id\":145121,\"post_id\":195038,\"id\":20,\"attachment_id\":0,\"url\":\"https:\/\/fotos15.inmovilla.com\/12732\/24621043\/2-20.jpg\",\"basename\":\"2-20.jpg\",\"created_date\":\"2026-04-30 15:07:07\",\"is_downloaded\":0,\"is_using_remote\":1}]"],"_thumbnail_id":["195039"],"fave_property_images":["195039"],"apg_property_id":["24621043"],"_wpml_word_count":["213"],"_eael_post_view_count":["1"],"houzez_total_property_views":["1"],"houzez_views_by_date":["a:1:{s:10:\"04-30-2026\";i:1;}"],"houzez_recently_viewed":["2026-04-30 21:11:11"],"_elementor_page_assets":["a:0:{}"]},"yoast_head":"<!-- This site is optimized with the Yoast SEO plugin v27.5 - https:\/\/yoast.com\/product\/yoast-seo-wordpress\/ -->\n<title>Apartamentos de lujo en Colonia de Sant Jordi - RE\/MAX Drac<\/title>\n<meta name=\"robots\" content=\"index, follow, max-snippet:-1, max-image-preview:large, max-video-preview:-1\" \/>\n<link rel=\"canonical\" href=\"https:\/\/www.santanyi.net\/ca\/property\/apartamentos-de-lujo-en-colonia-de-sant-jordi\/\" \/>\n<meta property=\"og:locale\" content=\"ca_ES\" \/>\n<meta property=\"og:type\" content=\"article\" \/>\n<meta property=\"og:title\" content=\"Apartamentos de lujo en Colonia de Sant Jordi - RE\/MAX Drac\" \/>\n<meta property=\"og:description\" content=\"Exclusiva promoci\u00f3 de 8 habitatges ubicada a l&#8217;emblem\u00e0tic poble costaner de Col\u00f2nia de Sant Jordi, on podr\u00e0s submergir-te en l&#8217;aut\u00e8ntic estil de vida mediterrani.Situada a 200 metres del mar, explora els seus acollidores carrers i gaudeix de les millors platges de sorra blanca i aigua cristal\u00b7lina: Es Trenc, Ses Covetes, Llombarts&#8230;exclusiva promoci\u00f3 de vuit habitatges [&hellip;]\" \/>\n<meta property=\"og:url\" content=\"https:\/\/www.santanyi.net\/ca\/property\/apartamentos-de-lujo-en-colonia-de-sant-jordi\/\" \/>\n<meta property=\"og:site_name\" content=\"RE\/MAX Drac\" \/>\n<meta property=\"article:modified_time\" content=\"2026-04-30T16:52:12+00:00\" \/>\n<meta property=\"og:image\" content=\"https:\/\/www.santanyi.net\/wp-content\/uploads\/anaconda_property_media\/24621043-195038\/2-1.jpg\" \/>\n\t<meta property=\"og:image:width\" content=\"1920\" \/>\n\t<meta property=\"og:image:height\" content=\"1080\" \/>\n\t<meta property=\"og:image:type\" content=\"image\/jpeg\" \/>\n<meta name=\"twitter:card\" content=\"summary_large_image\" \/>\n<meta name=\"twitter:label1\" content=\"Temps estimat de lectura\" \/>\n\t<meta name=\"twitter:data1\" content=\"1 minut\" \/>\n<script type=\"application\/ld+json\" class=\"yoast-schema-graph\">{\"@context\":\"https:\\\/\\\/schema.org\",\"@graph\":[{\"@type\":\"WebPage\",\"@id\":\"https:\\\/\\\/www.santanyi.net\\\/ca\\\/property\\\/apartamentos-de-lujo-en-colonia-de-sant-jordi\\\/\",\"url\":\"https:\\\/\\\/www.santanyi.net\\\/ca\\\/property\\\/apartamentos-de-lujo-en-colonia-de-sant-jordi\\\/\",\"name\":\"Apartamentos de lujo en Colonia de Sant Jordi - RE\\\/MAX Drac\",\"isPartOf\":{\"@id\":\"https:\\\/\\\/www.santanyi.net\\\/ca\\\/#website\"},\"primaryImageOfPage\":{\"@id\":\"https:\\\/\\\/www.santanyi.net\\\/ca\\\/property\\\/apartamentos-de-lujo-en-colonia-de-sant-jordi\\\/#primaryimage\"},\"image\":{\"@id\":\"https:\\\/\\\/www.santanyi.net\\\/ca\\\/property\\\/apartamentos-de-lujo-en-colonia-de-sant-jordi\\\/#primaryimage\"},\"thumbnailUrl\":\"https:\\\/\\\/www.santanyi.net\\\/wp-content\\\/uploads\\\/anaconda_property_media\\\/24621043-195038\\\/2-1.jpg\",\"datePublished\":\"2026-04-30T15:07:07+00:00\",\"dateModified\":\"2026-04-30T16:52:12+00:00\",\"breadcrumb\":{\"@id\":\"https:\\\/\\\/www.santanyi.net\\\/ca\\\/property\\\/apartamentos-de-lujo-en-colonia-de-sant-jordi\\\/#breadcrumb\"},\"inLanguage\":\"ca\",\"potentialAction\":[{\"@type\":\"ReadAction\",\"target\":[\"https:\\\/\\\/www.santanyi.net\\\/ca\\\/property\\\/apartamentos-de-lujo-en-colonia-de-sant-jordi\\\/\"]}]},{\"@type\":\"ImageObject\",\"inLanguage\":\"ca\",\"@id\":\"https:\\\/\\\/www.santanyi.net\\\/ca\\\/property\\\/apartamentos-de-lujo-en-colonia-de-sant-jordi\\\/#primaryimage\",\"url\":\"https:\\\/\\\/www.santanyi.net\\\/wp-content\\\/uploads\\\/anaconda_property_media\\\/24621043-195038\\\/2-1.jpg\",\"contentUrl\":\"https:\\\/\\\/www.santanyi.net\\\/wp-content\\\/uploads\\\/anaconda_property_media\\\/24621043-195038\\\/2-1.jpg\",\"width\":1920,\"height\":1080},{\"@type\":\"BreadcrumbList\",\"@id\":\"https:\\\/\\\/www.santanyi.net\\\/ca\\\/property\\\/apartamentos-de-lujo-en-colonia-de-sant-jordi\\\/#breadcrumb\",\"itemListElement\":[{\"@type\":\"ListItem\",\"position\":1,\"name\":\"Home\",\"item\":\"https:\\\/\\\/www.santanyi.net\\\/ca\\\/\"},{\"@type\":\"ListItem\",\"position\":2,\"name\":\"Properties\",\"item\":\"https:\\\/\\\/www.santanyi.net\\\/ca\\\/property\\\/\"},{\"@type\":\"ListItem\",\"position\":3,\"name\":\"Apartamentos de lujo en Colonia de Sant Jordi\"}]},{\"@type\":\"WebSite\",\"@id\":\"https:\\\/\\\/www.santanyi.net\\\/ca\\\/#website\",\"url\":\"https:\\\/\\\/www.santanyi.net\\\/ca\\\/\",\"name\":\"RE\\\/MAX Drac\",\"description\":\"\",\"publisher\":{\"@id\":\"https:\\\/\\\/www.santanyi.net\\\/ca\\\/#organization\"},\"potentialAction\":[{\"@type\":\"SearchAction\",\"target\":{\"@type\":\"EntryPoint\",\"urlTemplate\":\"https:\\\/\\\/www.santanyi.net\\\/ca\\\/?s={search_term_string}\"},\"query-input\":{\"@type\":\"PropertyValueSpecification\",\"valueRequired\":true,\"valueName\":\"search_term_string\"}}],\"inLanguage\":\"ca\"},{\"@type\":\"Organization\",\"@id\":\"https:\\\/\\\/www.santanyi.net\\\/ca\\\/#organization\",\"name\":\"RE\\\/MAX Drac\",\"url\":\"https:\\\/\\\/www.santanyi.net\\\/ca\\\/\",\"logo\":{\"@type\":\"ImageObject\",\"inLanguage\":\"ca\",\"@id\":\"https:\\\/\\\/www.santanyi.net\\\/ca\\\/#\\\/schema\\\/logo\\\/image\\\/\",\"url\":\"https:\\\/\\\/www.santanyi.net\\\/wp-content\\\/uploads\\\/2025\\\/07\\\/logo-nuevo.png\",\"contentUrl\":\"https:\\\/\\\/www.santanyi.net\\\/wp-content\\\/uploads\\\/2025\\\/07\\\/logo-nuevo.png\",\"width\":295,\"height\":165,\"caption\":\"RE\\\/MAX Drac\"},\"image\":{\"@id\":\"https:\\\/\\\/www.santanyi.net\\\/ca\\\/#\\\/schema\\\/logo\\\/image\\\/\"}}]}<\/script>\n<!-- \/ Yoast SEO plugin. -->","yoast_head_json":{"title":"Apartamentos de lujo en Colonia de Sant Jordi - RE\/MAX Drac","robots":{"index":"index","follow":"follow","max-snippet":"max-snippet:-1","max-image-preview":"max-image-preview:large","max-video-preview":"max-video-preview:-1"},"canonical":"https:\/\/www.santanyi.net\/ca\/property\/apartamentos-de-lujo-en-colonia-de-sant-jordi\/","og_locale":"ca_ES","og_type":"article","og_title":"Apartamentos de lujo en Colonia de Sant Jordi - RE\/MAX Drac","og_description":"Exclusiva promoci\u00f3 de 8 habitatges ubicada a l&#8217;emblem\u00e0tic poble costaner de Col\u00f2nia de Sant Jordi, on podr\u00e0s submergir-te en l&#8217;aut\u00e8ntic estil de vida mediterrani.Situada a 200 metres del mar, explora els seus acollidores carrers i gaudeix de les millors platges de sorra blanca i aigua cristal\u00b7lina: Es Trenc, Ses Covetes, Llombarts&#8230;exclusiva promoci\u00f3 de vuit habitatges [&hellip;]","og_url":"https:\/\/www.santanyi.net\/ca\/property\/apartamentos-de-lujo-en-colonia-de-sant-jordi\/","og_site_name":"RE\/MAX Drac","article_modified_time":"2026-04-30T16:52:12+00:00","og_image":[{"width":1920,"height":1080,"url":"https:\/\/www.santanyi.net\/wp-content\/uploads\/anaconda_property_media\/24621043-195038\/2-1.jpg","type":"image\/jpeg"}],"twitter_card":"summary_large_image","twitter_misc":{"Temps estimat de lectura":"1 minut"},"schema":{"@context":"https:\/\/schema.org","@graph":[{"@type":"WebPage","@id":"https:\/\/www.santanyi.net\/ca\/property\/apartamentos-de-lujo-en-colonia-de-sant-jordi\/","url":"https:\/\/www.santanyi.net\/ca\/property\/apartamentos-de-lujo-en-colonia-de-sant-jordi\/","name":"Apartamentos de lujo en Colonia de Sant Jordi - RE\/MAX Drac","isPartOf":{"@id":"https:\/\/www.santanyi.net\/ca\/#website"},"primaryImageOfPage":{"@id":"https:\/\/www.santanyi.net\/ca\/property\/apartamentos-de-lujo-en-colonia-de-sant-jordi\/#primaryimage"},"image":{"@id":"https:\/\/www.santanyi.net\/ca\/property\/apartamentos-de-lujo-en-colonia-de-sant-jordi\/#primaryimage"},"thumbnailUrl":"https:\/\/www.santanyi.net\/wp-content\/uploads\/anaconda_property_media\/24621043-195038\/2-1.jpg","datePublished":"2026-04-30T15:07:07+00:00","dateModified":"2026-04-30T16:52:12+00:00","breadcrumb":{"@id":"https:\/\/www.santanyi.net\/ca\/property\/apartamentos-de-lujo-en-colonia-de-sant-jordi\/#breadcrumb"},"inLanguage":"ca","potentialAction":[{"@type":"ReadAction","target":["https:\/\/www.santanyi.net\/ca\/property\/apartamentos-de-lujo-en-colonia-de-sant-jordi\/"]}]},{"@type":"ImageObject","inLanguage":"ca","@id":"https:\/\/www.santanyi.net\/ca\/property\/apartamentos-de-lujo-en-colonia-de-sant-jordi\/#primaryimage","url":"https:\/\/www.santanyi.net\/wp-content\/uploads\/anaconda_property_media\/24621043-195038\/2-1.jpg","contentUrl":"https:\/\/www.santanyi.net\/wp-content\/uploads\/anaconda_property_media\/24621043-195038\/2-1.jpg","width":1920,"height":1080},{"@type":"BreadcrumbList","@id":"https:\/\/www.santanyi.net\/ca\/property\/apartamentos-de-lujo-en-colonia-de-sant-jordi\/#breadcrumb","itemListElement":[{"@type":"ListItem","position":1,"name":"Home","item":"https:\/\/www.santanyi.net\/ca\/"},{"@type":"ListItem","position":2,"name":"Properties","item":"https:\/\/www.santanyi.net\/ca\/property\/"},{"@type":"ListItem","position":3,"name":"Apartamentos de lujo en Colonia de Sant Jordi"}]},{"@type":"WebSite","@id":"https:\/\/www.santanyi.net\/ca\/#website","url":"https:\/\/www.santanyi.net\/ca\/","name":"RE\/MAX Drac","description":"","publisher":{"@id":"https:\/\/www.santanyi.net\/ca\/#organization"},"potentialAction":[{"@type":"SearchAction","target":{"@type":"EntryPoint","urlTemplate":"https:\/\/www.santanyi.net\/ca\/?s={search_term_string}"},"query-input":{"@type":"PropertyValueSpecification","valueRequired":true,"valueName":"search_term_string"}}],"inLanguage":"ca"},{"@type":"Organization","@id":"https:\/\/www.santanyi.net\/ca\/#organization","name":"RE\/MAX Drac","url":"https:\/\/www.santanyi.net\/ca\/","logo":{"@type":"ImageObject","inLanguage":"ca","@id":"https:\/\/www.santanyi.net\/ca\/#\/schema\/logo\/image\/","url":"https:\/\/www.santanyi.net\/wp-content\/uploads\/2025\/07\/logo-nuevo.png","contentUrl":"https:\/\/www.santanyi.net\/wp-content\/uploads\/2025\/07\/logo-nuevo.png","width":295,"height":165,"caption":"RE\/MAX Drac"},"image":{"@id":"https:\/\/www.santanyi.net\/ca\/#\/schema\/logo\/image\/"}}]}},"_links":{"self":[{"href":"https:\/\/www.santanyi.net\/ca\/wp-json\/wp\/v2\/properties\/195044","targetHints":{"allow":["GET"]}}],"collection":[{"href":"https:\/\/www.santanyi.net\/ca\/wp-json\/wp\/v2\/properties"}],"about":[{"href":"https:\/\/www.santanyi.net\/ca\/wp-json\/wp\/v2\/types\/property"}],"author":[{"embeddable":true,"href":"https:\/\/www.santanyi.net\/ca\/wp-json\/wp\/v2\/users\/1"}],"version-history":[{"count":1,"href":"https:\/\/www.santanyi.net\/ca\/wp-json\/wp\/v2\/properties\/195044\/revisions"}],"predecessor-version":[{"id":195648,"href":"https:\/\/www.santanyi.net\/ca\/wp-json\/wp\/v2\/properties\/195044\/revisions\/195648"}],"wp:featuredmedia":[{"embeddable":true,"href":"https:\/\/www.santanyi.net\/ca\/wp-json\/wp\/v2\/media\/195039"}],"wp:attachment":[{"href":"https:\/\/www.santanyi.net\/ca\/wp-json\/wp\/v2\/media?parent=195044"}],"wp:term":[{"taxonomy":"property_type","embeddable":true,"href":"https:\/\/www.santanyi.net\/ca\/wp-json\/wp\/v2\/property_type?post=195044"},{"taxonomy":"property_status","embeddable":true,"href":"https:\/\/www.santanyi.net\/ca\/wp-json\/wp\/v2\/property_status?post=195044"},{"taxonomy":"property_feature","embeddable":true,"href":"https:\/\/www.santanyi.net\/ca\/wp-json\/wp\/v2\/property_feature?post=195044"},{"taxonomy":"property_label","embeddable":true,"href":"https:\/\/www.santanyi.net\/ca\/wp-json\/wp\/v2\/property_label?post=195044"},{"taxonomy":"property_country","embeddable":true,"href":"https:\/\/www.santanyi.net\/ca\/wp-json\/wp\/v2\/property_country?post=195044"},{"taxonomy":"property_state","embeddable":true,"href":"https:\/\/www.santanyi.net\/ca\/wp-json\/wp\/v2\/property_state?post=195044"},{"taxonomy":"property_city","embeddable":true,"href":"https:\/\/www.santanyi.net\/ca\/wp-json\/wp\/v2\/property_city?post=195044"},{"taxonomy":"property_area","embeddable":true,"href":"https:\/\/www.santanyi.net\/ca\/wp-json\/wp\/v2\/property_area?post=195044"}],"curies":[{"name":"wp","href":"https:\/\/api.w.org\/{rel}","templated":true}]}}