
{"id":194956,"date":"2026-04-30T15:06:31","date_gmt":"2026-04-30T15:06:31","guid":{"rendered":"https:\/\/www.santanyi.net\/property\/casa-exclusiva-i-reformada-en-segona-linia-de-mar-santanyi\/"},"modified":"2026-05-01T06:05:57","modified_gmt":"2026-05-01T06:05:57","slug":"casa-exclusiva-i-reformada-en-segona-linia-de-mar-santanyi-2","status":"publish","type":"property","link":"https:\/\/www.santanyi.net\/ca\/property\/casa-exclusiva-i-reformada-en-segona-linia-de-mar-santanyi-2\/","title":{"rendered":"CASA EXCLUSIVA I REFORMADA EN SEGONA L\u00cdNIA DE MAR, SANTANY\u00cd"},"content":{"rendered":"<p>Adquireixi una inversi\u00f3 mestra a la costa sud de Mallorca. Aquesta casa independent, completament rehabilitada el 2019 amb un disseny modern i un equipament d&#8217;alt\u00edssima qualitat, s&#8217;ubica estrat\u00e8gicament en segona l\u00ednia de mar a la cobejada Cala Llombards. No nom\u00e9s \u00e9s un refugi amb estil, sin\u00f3 un actiu financer provat, ja que compta amb la Llic\u00e8ncia d&#8217;Estada Tur\u00edstica (ETV) en vigor.<\/p>\n<p>L&#8217;habitatge ofereix 83 m\u00b2 de superf\u00edcie \u00fatil en un disseny de concepte obert que integra el sal\u00f3-menjador i la cuina, aquesta \u00faltima fabricada per un especialista local de Santany\u00ed. Disposa de dos amplis dormitoris dobles, tots dos amb bany en suite, proporcionant m\u00e0xima privacitat. Per al seu confort durant tot l&#8217;any, la casa est\u00e0 equipada amb aire condicionat i radiadors el\u00e8ctrics d&#8217;alta qualitat a totes les estances.<\/p>\n<p>Els exteriors s\u00f3n un aut\u00e8ntic parad\u00eds privat. La joia de la corona \u00e9s el &#8220;Swim Spa&#8221; climatitzat (4,5 m x 2,5 m), un jacuzzi espai\u00f3s amb sistema de contracorrent per nedar i dolls de massatge per relaxar-se. L&#8217;\u00e0mplia zona exterior tamb\u00e9 allotja una cuina externa i diversos racons chill-out, a m\u00e9s d&#8217;un llumin\u00f3s &#8220;hivernacle&#8221; ideal per als dies m\u00e9s frescos. Un pr\u00e0ctic garatge completa la propietat. El descans culmina a la gran terrassa del terrat, amb \u00e0rea de sal\u00f3 i ombra, des d&#8217;on s&#8217;aprecien unes molt bones vistes al mar.<\/p>\n<p>Aquesta \u00e9s una inversi\u00f3 &#8220;clau en m\u00e0&#8221;: es ven completament equipada i moblada, amb les reserves ja existents per al 2026 llestes per ser assumides. A m\u00e9s, hi ha la possibilitat de mantenir l&#8217;eficient &#8220;Servei de Finca&#8221; que gestiona manteniment, neteja i recepci\u00f3 d&#8217;hostes. La propietat es troba a nom\u00e9s 80 metres del mar. La meravellosa platja de Cala Llombards (sorra blanca i aig\u00fces turqueses) \u00e9s a pocs minuts a peu, i el poble de Santany\u00ed amb tots els seus serveis, a 5 minuts amb cotxe.<\/p>\n<p>Asseguri la seva inversi\u00f3 i el seu refugi vacacional a l&#8217;enclavament m\u00e9s exclusiu de Santany\u00ed.<\/p>\n","protected":false},"excerpt":{"rendered":"<p>Adquireixi una inversi\u00f3 mestra a la costa sud de Mallorca. Aquesta casa independent, completament rehabilitada el 2019 amb un disseny modern i un equipament d&#8217;alt\u00edssima qualitat, s&#8217;ubica estrat\u00e8gicament en segona l\u00ednia de mar a la cobejada Cala Llombards. No nom\u00e9s \u00e9s un refugi amb estil, sin\u00f3 un actiu financer provat, ja que compta amb la [&hellip;]<\/p>\n","protected":false},"author":1,"featured_media":194951,"parent":0,"menu_order":0,"template":"","property_type":[2169],"property_status":[2103,2096],"property_feature":[1799,1765,1867,1851,1982,1975,1803,1871,1929,1805,1944,1952,1809,1811,1896,1897,2004,2000,1934,1813,1898],"property_label":[],"property_country":[],"property_state":[],"property_city":[635],"property_area":[2240],"class_list":["post-194956","property","type-property","status-publish","has-post-thumbnail","hentry","property_type-adosado-ca","property_status-venta-ca","property_status-venta","property_feature-aire_con-ca","property_feature-aire_con","property_feature-arma_empo-ca","property_feature-arma_empo","property_feature-bombafriocalor-ca","property_feature-bombafriocalor","property_feature-calefaccion-ca","property_feature-cocina_inde-ca","property_feature-costa-ca","property_feature-electro-ca","property_feature-jacuzzi","property_feature-jacuzzi-ca","property_feature-muebles-ca","property_feature-piscina_prop-ca","property_feature-primera_line-ca","property_feature-terraza-ca","property_feature-tv-ca","property_feature-tv","property_feature-urbanizacion-ca","property_feature-vallado-ca","property_feature-vistasalmar-ca","property_city-santanyi","property_area-cala-llombards"],"acf":[],"property_meta":{"_apg_property_user_edited":["1"],"fave_property_id":["DRAC-CV1560GE"],"fave_property_location":["39.317862507,3.136009674,15"],"houzez_geolocation_lat":["39.317862507"],"houzez_geolocation_long":["3.136009674"],"fave_property_price":["699000"],"fave_property_rent_or_sale":["sale"],"fave_property_year":[null],"fave_property_size_prefix":["m2"],"fave_property_land_postfix":["m2"],"fave_property_size":["83"],"fave_property_land":["152"],"fave_property_bedrooms":["2"],"fave_property_bathrooms":["2"],"fave_property_garage":["2"],"fave_property_map_address":["Cala Llombards, 07690 Santany\u00ed"],"fave_property_address":[" , Santany\u00ed 07690"],"fave_property_zip":["07690"],"fave_property_postal_code":["07690"],"fave_property_map":["1"],"apg_is_using_remote_image_url":["1"],"apg_using_remote_image_urls":["[{\"multimedia_type\":\"Picture\",\"picture_url\":\"https:\/\/fotos15.inmovilla.com\/12732\/26998101\/11-1.jpg\",\"position\":1,\"picture_id\":1,\"media_id\":144986,\"post_id\":194950,\"id\":1,\"attachment_id\":0,\"url\":\"https:\/\/fotos15.inmovilla.com\/12732\/26998101\/11-1.jpg\",\"basename\":\"11-1.jpg\",\"created_date\":\"2026-04-30 15:06:31\",\"is_downloaded\":0,\"is_using_remote\":0},{\"multimedia_type\":\"Picture\",\"picture_url\":\"https:\/\/fotos15.inmovilla.com\/12732\/26998101\/11-2.jpg\",\"position\":2,\"picture_id\":2,\"media_id\":144987,\"post_id\":194950,\"id\":2,\"attachment_id\":0,\"url\":\"https:\/\/fotos15.inmovilla.com\/12732\/26998101\/11-2.jpg\",\"basename\":\"11-2.jpg\",\"created_date\":\"2026-04-30 15:06:31\",\"is_downloaded\":0,\"is_using_remote\":1},{\"multimedia_type\":\"Picture\",\"picture_url\":\"https:\/\/fotos15.inmovilla.com\/12732\/26998101\/11-3.jpg\",\"position\":3,\"picture_id\":3,\"media_id\":144988,\"post_id\":194950,\"id\":3,\"attachment_id\":0,\"url\":\"https:\/\/fotos15.inmovilla.com\/12732\/26998101\/11-3.jpg\",\"basename\":\"11-3.jpg\",\"created_date\":\"2026-04-30 15:06:31\",\"is_downloaded\":0,\"is_using_remote\":1},{\"multimedia_type\":\"Picture\",\"picture_url\":\"https:\/\/fotos15.inmovilla.com\/12732\/26998101\/11-4.jpg\",\"position\":4,\"picture_id\":4,\"media_id\":144989,\"post_id\":194950,\"id\":4,\"attachment_id\":0,\"url\":\"https:\/\/fotos15.inmovilla.com\/12732\/26998101\/11-4.jpg\",\"basename\":\"11-4.jpg\",\"created_date\":\"2026-04-30 15:06:31\",\"is_downloaded\":0,\"is_using_remote\":1},{\"multimedia_type\":\"Picture\",\"picture_url\":\"https:\/\/fotos15.inmovilla.com\/12732\/26998101\/11-5.jpg\",\"position\":5,\"picture_id\":5,\"media_id\":144990,\"post_id\":194950,\"id\":5,\"attachment_id\":0,\"url\":\"https:\/\/fotos15.inmovilla.com\/12732\/26998101\/11-5.jpg\",\"basename\":\"11-5.jpg\",\"created_date\":\"2026-04-30 15:06:31\",\"is_downloaded\":0,\"is_using_remote\":1},{\"multimedia_type\":\"Picture\",\"picture_url\":\"https:\/\/fotos15.inmovilla.com\/12732\/26998101\/11-6.jpg\",\"position\":6,\"picture_id\":6,\"media_id\":144991,\"post_id\":194950,\"id\":6,\"attachment_id\":0,\"url\":\"https:\/\/fotos15.inmovilla.com\/12732\/26998101\/11-6.jpg\",\"basename\":\"11-6.jpg\",\"created_date\":\"2026-04-30 15:06:31\",\"is_downloaded\":0,\"is_using_remote\":1},{\"multimedia_type\":\"Picture\",\"picture_url\":\"https:\/\/fotos15.inmovilla.com\/12732\/26998101\/11-7.jpg\",\"position\":7,\"picture_id\":7,\"media_id\":144992,\"post_id\":194950,\"id\":7,\"attachment_id\":0,\"url\":\"https:\/\/fotos15.inmovilla.com\/12732\/26998101\/11-7.jpg\",\"basename\":\"11-7.jpg\",\"created_date\":\"2026-04-30 15:06:31\",\"is_downloaded\":0,\"is_using_remote\":1},{\"multimedia_type\":\"Picture\",\"picture_url\":\"https:\/\/fotos15.inmovilla.com\/12732\/26998101\/11-8.jpg\",\"position\":8,\"picture_id\":8,\"media_id\":144993,\"post_id\":194950,\"id\":8,\"attachment_id\":0,\"url\":\"https:\/\/fotos15.inmovilla.com\/12732\/26998101\/11-8.jpg\",\"basename\":\"11-8.jpg\",\"created_date\":\"2026-04-30 15:06:31\",\"is_downloaded\":0,\"is_using_remote\":1},{\"multimedia_type\":\"Picture\",\"picture_url\":\"https:\/\/fotos15.inmovilla.com\/12732\/26998101\/11-9.jpg\",\"position\":9,\"picture_id\":9,\"media_id\":144994,\"post_id\":194950,\"id\":9,\"attachment_id\":0,\"url\":\"https:\/\/fotos15.inmovilla.com\/12732\/26998101\/11-9.jpg\",\"basename\":\"11-9.jpg\",\"created_date\":\"2026-04-30 15:06:31\",\"is_downloaded\":0,\"is_using_remote\":1},{\"multimedia_type\":\"Picture\",\"picture_url\":\"https:\/\/fotos15.inmovilla.com\/12732\/26998101\/11-10.jpg\",\"position\":10,\"picture_id\":10,\"media_id\":144995,\"post_id\":194950,\"id\":10,\"attachment_id\":0,\"url\":\"https:\/\/fotos15.inmovilla.com\/12732\/26998101\/11-10.jpg\",\"basename\":\"11-10.jpg\",\"created_date\":\"2026-04-30 15:06:31\",\"is_downloaded\":0,\"is_using_remote\":1},{\"multimedia_type\":\"Picture\",\"picture_url\":\"https:\/\/fotos15.inmovilla.com\/12732\/26998101\/11-11.jpg\",\"position\":11,\"picture_id\":11,\"media_id\":144996,\"post_id\":194950,\"id\":11,\"attachment_id\":0,\"url\":\"https:\/\/fotos15.inmovilla.com\/12732\/26998101\/11-11.jpg\",\"basename\":\"11-11.jpg\",\"created_date\":\"2026-04-30 15:06:31\",\"is_downloaded\":0,\"is_using_remote\":1},{\"multimedia_type\":\"Picture\",\"picture_url\":\"https:\/\/fotos15.inmovilla.com\/12732\/26998101\/11-12.jpg\",\"position\":12,\"picture_id\":12,\"media_id\":144997,\"post_id\":194950,\"id\":12,\"attachment_id\":0,\"url\":\"https:\/\/fotos15.inmovilla.com\/12732\/26998101\/11-12.jpg\",\"basename\":\"11-12.jpg\",\"created_date\":\"2026-04-30 15:06:31\",\"is_downloaded\":0,\"is_using_remote\":1},{\"multimedia_type\":\"Picture\",\"picture_url\":\"https:\/\/fotos15.inmovilla.com\/12732\/26998101\/11-13.jpg\",\"position\":13,\"picture_id\":13,\"media_id\":144998,\"post_id\":194950,\"id\":13,\"attachment_id\":0,\"url\":\"https:\/\/fotos15.inmovilla.com\/12732\/26998101\/11-13.jpg\",\"basename\":\"11-13.jpg\",\"created_date\":\"2026-04-30 15:06:31\",\"is_downloaded\":0,\"is_using_remote\":1},{\"multimedia_type\":\"Picture\",\"picture_url\":\"https:\/\/fotos15.inmovilla.com\/12732\/26998101\/11-14.jpg\",\"position\":14,\"picture_id\":14,\"media_id\":144999,\"post_id\":194950,\"id\":14,\"attachment_id\":0,\"url\":\"https:\/\/fotos15.inmovilla.com\/12732\/26998101\/11-14.jpg\",\"basename\":\"11-14.jpg\",\"created_date\":\"2026-04-30 15:06:31\",\"is_downloaded\":0,\"is_using_remote\":1},{\"multimedia_type\":\"Picture\",\"picture_url\":\"https:\/\/fotos15.inmovilla.com\/12732\/26998101\/11-15.jpg\",\"position\":15,\"picture_id\":15,\"media_id\":145000,\"post_id\":194950,\"id\":15,\"attachment_id\":0,\"url\":\"https:\/\/fotos15.inmovilla.com\/12732\/26998101\/11-15.jpg\",\"basename\":\"11-15.jpg\",\"created_date\":\"2026-04-30 15:06:31\",\"is_downloaded\":0,\"is_using_remote\":1},{\"multimedia_type\":\"Picture\",\"picture_url\":\"https:\/\/fotos15.inmovilla.com\/12732\/26998101\/11-16.jpg\",\"position\":16,\"picture_id\":16,\"media_id\":145001,\"post_id\":194950,\"id\":16,\"attachment_id\":0,\"url\":\"https:\/\/fotos15.inmovilla.com\/12732\/26998101\/11-16.jpg\",\"basename\":\"11-16.jpg\",\"created_date\":\"2026-04-30 15:06:31\",\"is_downloaded\":0,\"is_using_remote\":1},{\"multimedia_type\":\"Picture\",\"picture_url\":\"https:\/\/fotos15.inmovilla.com\/12732\/26998101\/11-17.jpg\",\"position\":17,\"picture_id\":17,\"media_id\":145002,\"post_id\":194950,\"id\":17,\"attachment_id\":0,\"url\":\"https:\/\/fotos15.inmovilla.com\/12732\/26998101\/11-17.jpg\",\"basename\":\"11-17.jpg\",\"created_date\":\"2026-04-30 15:06:31\",\"is_downloaded\":0,\"is_using_remote\":1}]"],"_thumbnail_id":["194951"],"fave_property_images":["194951"],"apg_property_id":["26998101"],"_wpml_word_count":["336"],"_eael_post_view_count":["2"],"houzez_total_property_views":["2"],"houzez_views_by_date":["a:2:{s:10:\"04-30-2026\";i:1;s:10:\"05-01-2026\";i:1;}"],"houzez_recently_viewed":["2026-05-01 10:59:04"],"_elementor_page_assets":["a:0:{}"]},"yoast_head":"<!-- This site is optimized with the Yoast SEO plugin v27.5 - https:\/\/yoast.com\/product\/yoast-seo-wordpress\/ -->\n<title>CASA EXCLUSIVA I REFORMADA EN SEGONA L\u00cdNIA DE MAR, SANTANY\u00cd - RE\/MAX Drac<\/title>\n<meta name=\"robots\" content=\"index, follow, max-snippet:-1, max-image-preview:large, max-video-preview:-1\" \/>\n<link rel=\"canonical\" href=\"https:\/\/www.santanyi.net\/ca\/property\/casa-exclusiva-i-reformada-en-segona-linia-de-mar-santanyi-2\/\" \/>\n<meta property=\"og:locale\" content=\"ca_ES\" \/>\n<meta property=\"og:type\" content=\"article\" \/>\n<meta property=\"og:title\" content=\"CASA EXCLUSIVA I REFORMADA EN SEGONA L\u00cdNIA DE MAR, SANTANY\u00cd - RE\/MAX Drac\" \/>\n<meta property=\"og:description\" content=\"Adquireixi una inversi\u00f3 mestra a la costa sud de Mallorca. Aquesta casa independent, completament rehabilitada el 2019 amb un disseny modern i un equipament d&#8217;alt\u00edssima qualitat, s&#8217;ubica estrat\u00e8gicament en segona l\u00ednia de mar a la cobejada Cala Llombards. No nom\u00e9s \u00e9s un refugi amb estil, sin\u00f3 un actiu financer provat, ja que compta amb la [&hellip;]\" \/>\n<meta property=\"og:url\" content=\"https:\/\/www.santanyi.net\/ca\/property\/casa-exclusiva-i-reformada-en-segona-linia-de-mar-santanyi-2\/\" \/>\n<meta property=\"og:site_name\" content=\"RE\/MAX Drac\" \/>\n<meta property=\"article:modified_time\" content=\"2026-05-01T06:05:57+00:00\" \/>\n<meta property=\"og:image\" content=\"https:\/\/www.santanyi.net\/wp-content\/uploads\/anaconda_property_media\/26998101-194950\/11-1.jpg\" \/>\n\t<meta property=\"og:image:width\" content=\"1920\" \/>\n\t<meta property=\"og:image:height\" content=\"1080\" \/>\n\t<meta property=\"og:image:type\" content=\"image\/jpeg\" \/>\n<meta name=\"twitter:card\" content=\"summary_large_image\" \/>\n<meta name=\"twitter:label1\" content=\"Temps estimat de lectura\" \/>\n\t<meta name=\"twitter:data1\" content=\"2 minuts\" \/>\n<script type=\"application\/ld+json\" class=\"yoast-schema-graph\">{\"@context\":\"https:\\\/\\\/schema.org\",\"@graph\":[{\"@type\":\"WebPage\",\"@id\":\"https:\\\/\\\/www.santanyi.net\\\/ca\\\/property\\\/casa-exclusiva-i-reformada-en-segona-linia-de-mar-santanyi-2\\\/\",\"url\":\"https:\\\/\\\/www.santanyi.net\\\/ca\\\/property\\\/casa-exclusiva-i-reformada-en-segona-linia-de-mar-santanyi-2\\\/\",\"name\":\"CASA EXCLUSIVA I REFORMADA EN SEGONA L\u00cdNIA DE MAR, SANTANY\u00cd - RE\\\/MAX Drac\",\"isPartOf\":{\"@id\":\"https:\\\/\\\/www.santanyi.net\\\/ca\\\/#website\"},\"primaryImageOfPage\":{\"@id\":\"https:\\\/\\\/www.santanyi.net\\\/ca\\\/property\\\/casa-exclusiva-i-reformada-en-segona-linia-de-mar-santanyi-2\\\/#primaryimage\"},\"image\":{\"@id\":\"https:\\\/\\\/www.santanyi.net\\\/ca\\\/property\\\/casa-exclusiva-i-reformada-en-segona-linia-de-mar-santanyi-2\\\/#primaryimage\"},\"thumbnailUrl\":\"https:\\\/\\\/www.santanyi.net\\\/wp-content\\\/uploads\\\/anaconda_property_media\\\/26998101-194950\\\/11-1.jpg\",\"datePublished\":\"2026-04-30T15:06:31+00:00\",\"dateModified\":\"2026-05-01T06:05:57+00:00\",\"breadcrumb\":{\"@id\":\"https:\\\/\\\/www.santanyi.net\\\/ca\\\/property\\\/casa-exclusiva-i-reformada-en-segona-linia-de-mar-santanyi-2\\\/#breadcrumb\"},\"inLanguage\":\"ca\",\"potentialAction\":[{\"@type\":\"ReadAction\",\"target\":[\"https:\\\/\\\/www.santanyi.net\\\/ca\\\/property\\\/casa-exclusiva-i-reformada-en-segona-linia-de-mar-santanyi-2\\\/\"]}]},{\"@type\":\"ImageObject\",\"inLanguage\":\"ca\",\"@id\":\"https:\\\/\\\/www.santanyi.net\\\/ca\\\/property\\\/casa-exclusiva-i-reformada-en-segona-linia-de-mar-santanyi-2\\\/#primaryimage\",\"url\":\"https:\\\/\\\/www.santanyi.net\\\/wp-content\\\/uploads\\\/anaconda_property_media\\\/26998101-194950\\\/11-1.jpg\",\"contentUrl\":\"https:\\\/\\\/www.santanyi.net\\\/wp-content\\\/uploads\\\/anaconda_property_media\\\/26998101-194950\\\/11-1.jpg\",\"width\":1920,\"height\":1080},{\"@type\":\"BreadcrumbList\",\"@id\":\"https:\\\/\\\/www.santanyi.net\\\/ca\\\/property\\\/casa-exclusiva-i-reformada-en-segona-linia-de-mar-santanyi-2\\\/#breadcrumb\",\"itemListElement\":[{\"@type\":\"ListItem\",\"position\":1,\"name\":\"Home\",\"item\":\"https:\\\/\\\/www.santanyi.net\\\/ca\\\/\"},{\"@type\":\"ListItem\",\"position\":2,\"name\":\"Properties\",\"item\":\"https:\\\/\\\/www.santanyi.net\\\/ca\\\/property\\\/\"},{\"@type\":\"ListItem\",\"position\":3,\"name\":\"CASA EXCLUSIVA I REFORMADA EN SEGONA L\u00cdNIA DE MAR, SANTANY\u00cd\"}]},{\"@type\":\"WebSite\",\"@id\":\"https:\\\/\\\/www.santanyi.net\\\/ca\\\/#website\",\"url\":\"https:\\\/\\\/www.santanyi.net\\\/ca\\\/\",\"name\":\"RE\\\/MAX Drac\",\"description\":\"\",\"publisher\":{\"@id\":\"https:\\\/\\\/www.santanyi.net\\\/ca\\\/#organization\"},\"potentialAction\":[{\"@type\":\"SearchAction\",\"target\":{\"@type\":\"EntryPoint\",\"urlTemplate\":\"https:\\\/\\\/www.santanyi.net\\\/ca\\\/?s={search_term_string}\"},\"query-input\":{\"@type\":\"PropertyValueSpecification\",\"valueRequired\":true,\"valueName\":\"search_term_string\"}}],\"inLanguage\":\"ca\"},{\"@type\":\"Organization\",\"@id\":\"https:\\\/\\\/www.santanyi.net\\\/ca\\\/#organization\",\"name\":\"RE\\\/MAX Drac\",\"url\":\"https:\\\/\\\/www.santanyi.net\\\/ca\\\/\",\"logo\":{\"@type\":\"ImageObject\",\"inLanguage\":\"ca\",\"@id\":\"https:\\\/\\\/www.santanyi.net\\\/ca\\\/#\\\/schema\\\/logo\\\/image\\\/\",\"url\":\"https:\\\/\\\/www.santanyi.net\\\/wp-content\\\/uploads\\\/2025\\\/07\\\/logo-nuevo.png\",\"contentUrl\":\"https:\\\/\\\/www.santanyi.net\\\/wp-content\\\/uploads\\\/2025\\\/07\\\/logo-nuevo.png\",\"width\":295,\"height\":165,\"caption\":\"RE\\\/MAX Drac\"},\"image\":{\"@id\":\"https:\\\/\\\/www.santanyi.net\\\/ca\\\/#\\\/schema\\\/logo\\\/image\\\/\"}}]}<\/script>\n<!-- \/ Yoast SEO plugin. -->","yoast_head_json":{"title":"CASA EXCLUSIVA I REFORMADA EN SEGONA L\u00cdNIA DE MAR, SANTANY\u00cd - RE\/MAX Drac","robots":{"index":"index","follow":"follow","max-snippet":"max-snippet:-1","max-image-preview":"max-image-preview:large","max-video-preview":"max-video-preview:-1"},"canonical":"https:\/\/www.santanyi.net\/ca\/property\/casa-exclusiva-i-reformada-en-segona-linia-de-mar-santanyi-2\/","og_locale":"ca_ES","og_type":"article","og_title":"CASA EXCLUSIVA I REFORMADA EN SEGONA L\u00cdNIA DE MAR, SANTANY\u00cd - RE\/MAX Drac","og_description":"Adquireixi una inversi\u00f3 mestra a la costa sud de Mallorca. Aquesta casa independent, completament rehabilitada el 2019 amb un disseny modern i un equipament d&#8217;alt\u00edssima qualitat, s&#8217;ubica estrat\u00e8gicament en segona l\u00ednia de mar a la cobejada Cala Llombards. No nom\u00e9s \u00e9s un refugi amb estil, sin\u00f3 un actiu financer provat, ja que compta amb la [&hellip;]","og_url":"https:\/\/www.santanyi.net\/ca\/property\/casa-exclusiva-i-reformada-en-segona-linia-de-mar-santanyi-2\/","og_site_name":"RE\/MAX Drac","article_modified_time":"2026-05-01T06:05:57+00:00","og_image":[{"width":1920,"height":1080,"url":"https:\/\/www.santanyi.net\/wp-content\/uploads\/anaconda_property_media\/26998101-194950\/11-1.jpg","type":"image\/jpeg"}],"twitter_card":"summary_large_image","twitter_misc":{"Temps estimat de lectura":"2 minuts"},"schema":{"@context":"https:\/\/schema.org","@graph":[{"@type":"WebPage","@id":"https:\/\/www.santanyi.net\/ca\/property\/casa-exclusiva-i-reformada-en-segona-linia-de-mar-santanyi-2\/","url":"https:\/\/www.santanyi.net\/ca\/property\/casa-exclusiva-i-reformada-en-segona-linia-de-mar-santanyi-2\/","name":"CASA EXCLUSIVA I REFORMADA EN SEGONA L\u00cdNIA DE MAR, SANTANY\u00cd - RE\/MAX Drac","isPartOf":{"@id":"https:\/\/www.santanyi.net\/ca\/#website"},"primaryImageOfPage":{"@id":"https:\/\/www.santanyi.net\/ca\/property\/casa-exclusiva-i-reformada-en-segona-linia-de-mar-santanyi-2\/#primaryimage"},"image":{"@id":"https:\/\/www.santanyi.net\/ca\/property\/casa-exclusiva-i-reformada-en-segona-linia-de-mar-santanyi-2\/#primaryimage"},"thumbnailUrl":"https:\/\/www.santanyi.net\/wp-content\/uploads\/anaconda_property_media\/26998101-194950\/11-1.jpg","datePublished":"2026-04-30T15:06:31+00:00","dateModified":"2026-05-01T06:05:57+00:00","breadcrumb":{"@id":"https:\/\/www.santanyi.net\/ca\/property\/casa-exclusiva-i-reformada-en-segona-linia-de-mar-santanyi-2\/#breadcrumb"},"inLanguage":"ca","potentialAction":[{"@type":"ReadAction","target":["https:\/\/www.santanyi.net\/ca\/property\/casa-exclusiva-i-reformada-en-segona-linia-de-mar-santanyi-2\/"]}]},{"@type":"ImageObject","inLanguage":"ca","@id":"https:\/\/www.santanyi.net\/ca\/property\/casa-exclusiva-i-reformada-en-segona-linia-de-mar-santanyi-2\/#primaryimage","url":"https:\/\/www.santanyi.net\/wp-content\/uploads\/anaconda_property_media\/26998101-194950\/11-1.jpg","contentUrl":"https:\/\/www.santanyi.net\/wp-content\/uploads\/anaconda_property_media\/26998101-194950\/11-1.jpg","width":1920,"height":1080},{"@type":"BreadcrumbList","@id":"https:\/\/www.santanyi.net\/ca\/property\/casa-exclusiva-i-reformada-en-segona-linia-de-mar-santanyi-2\/#breadcrumb","itemListElement":[{"@type":"ListItem","position":1,"name":"Home","item":"https:\/\/www.santanyi.net\/ca\/"},{"@type":"ListItem","position":2,"name":"Properties","item":"https:\/\/www.santanyi.net\/ca\/property\/"},{"@type":"ListItem","position":3,"name":"CASA EXCLUSIVA I REFORMADA EN SEGONA L\u00cdNIA DE MAR, SANTANY\u00cd"}]},{"@type":"WebSite","@id":"https:\/\/www.santanyi.net\/ca\/#website","url":"https:\/\/www.santanyi.net\/ca\/","name":"RE\/MAX Drac","description":"","publisher":{"@id":"https:\/\/www.santanyi.net\/ca\/#organization"},"potentialAction":[{"@type":"SearchAction","target":{"@type":"EntryPoint","urlTemplate":"https:\/\/www.santanyi.net\/ca\/?s={search_term_string}"},"query-input":{"@type":"PropertyValueSpecification","valueRequired":true,"valueName":"search_term_string"}}],"inLanguage":"ca"},{"@type":"Organization","@id":"https:\/\/www.santanyi.net\/ca\/#organization","name":"RE\/MAX Drac","url":"https:\/\/www.santanyi.net\/ca\/","logo":{"@type":"ImageObject","inLanguage":"ca","@id":"https:\/\/www.santanyi.net\/ca\/#\/schema\/logo\/image\/","url":"https:\/\/www.santanyi.net\/wp-content\/uploads\/2025\/07\/logo-nuevo.png","contentUrl":"https:\/\/www.santanyi.net\/wp-content\/uploads\/2025\/07\/logo-nuevo.png","width":295,"height":165,"caption":"RE\/MAX Drac"},"image":{"@id":"https:\/\/www.santanyi.net\/ca\/#\/schema\/logo\/image\/"}}]}},"_links":{"self":[{"href":"https:\/\/www.santanyi.net\/ca\/wp-json\/wp\/v2\/properties\/194956","targetHints":{"allow":["GET"]}}],"collection":[{"href":"https:\/\/www.santanyi.net\/ca\/wp-json\/wp\/v2\/properties"}],"about":[{"href":"https:\/\/www.santanyi.net\/ca\/wp-json\/wp\/v2\/types\/property"}],"author":[{"embeddable":true,"href":"https:\/\/www.santanyi.net\/ca\/wp-json\/wp\/v2\/users\/1"}],"version-history":[{"count":2,"href":"https:\/\/www.santanyi.net\/ca\/wp-json\/wp\/v2\/properties\/194956\/revisions"}],"predecessor-version":[{"id":195995,"href":"https:\/\/www.santanyi.net\/ca\/wp-json\/wp\/v2\/properties\/194956\/revisions\/195995"}],"wp:featuredmedia":[{"embeddable":true,"href":"https:\/\/www.santanyi.net\/ca\/wp-json\/wp\/v2\/media\/194951"}],"wp:attachment":[{"href":"https:\/\/www.santanyi.net\/ca\/wp-json\/wp\/v2\/media?parent=194956"}],"wp:term":[{"taxonomy":"property_type","embeddable":true,"href":"https:\/\/www.santanyi.net\/ca\/wp-json\/wp\/v2\/property_type?post=194956"},{"taxonomy":"property_status","embeddable":true,"href":"https:\/\/www.santanyi.net\/ca\/wp-json\/wp\/v2\/property_status?post=194956"},{"taxonomy":"property_feature","embeddable":true,"href":"https:\/\/www.santanyi.net\/ca\/wp-json\/wp\/v2\/property_feature?post=194956"},{"taxonomy":"property_label","embeddable":true,"href":"https:\/\/www.santanyi.net\/ca\/wp-json\/wp\/v2\/property_label?post=194956"},{"taxonomy":"property_country","embeddable":true,"href":"https:\/\/www.santanyi.net\/ca\/wp-json\/wp\/v2\/property_country?post=194956"},{"taxonomy":"property_state","embeddable":true,"href":"https:\/\/www.santanyi.net\/ca\/wp-json\/wp\/v2\/property_state?post=194956"},{"taxonomy":"property_city","embeddable":true,"href":"https:\/\/www.santanyi.net\/ca\/wp-json\/wp\/v2\/property_city?post=194956"},{"taxonomy":"property_area","embeddable":true,"href":"https:\/\/www.santanyi.net\/ca\/wp-json\/wp\/v2\/property_area?post=194956"}],"curies":[{"name":"wp","href":"https:\/\/api.w.org\/{rel}","templated":true}]}}