
{"id":194948,"date":"2026-04-30T15:06:27","date_gmt":"2026-04-30T15:06:27","guid":{"rendered":"https:\/\/www.santanyi.net\/property\/descobreixi-lencant-rustic-amb-potencial-de-luxe-al-cor-de-mallorca\/"},"modified":"2026-05-01T06:05:54","modified_gmt":"2026-05-01T06:05:54","slug":"descobreixi-lencant-rustic-amb-potencial-de-luxe-al-cor-de-mallorca-2","status":"publish","type":"property","link":"https:\/\/www.santanyi.net\/ca\/property\/descobreixi-lencant-rustic-amb-potencial-de-luxe-al-cor-de-mallorca-2\/","title":{"rendered":"Descobreixi l&#8217;Encant R\u00fastic amb Potencial de Luxe al Cor de Mallorca."},"content":{"rendered":"<p>Ubicada estrat\u00e8gicament al tranquil Cam\u00ed de ses Angoixes, a nom\u00e9s cinc minuts en cotxe dels vibrants pobles de Campos i Santany\u00ed, es presenta aquesta espectacular finca r\u00fastica independent. Constru\u00efda l&#8217;any 2002 i amb tots els permisos i llic\u00e8ncies en regla, aquesta propietat no nom\u00e9s \u00e9s una llar, sin\u00f3 una inversi\u00f3 legalment s\u00f2lida a l&#8217;illa.<\/p>\n<p>Vistes que Inspiren i Privacitat Assegurada<\/p>\n<p>El seu major atractiu \u00e9s la seva posici\u00f3 elevada, que ofereix unes vistes panor\u00e0miques inigualables sobre el paisatge mallorqu\u00ed. Des d&#8217;aqu\u00ed, podr\u00e0 contemplar Campos, Porreres i, en els dies clars, el blau intens de la mar. El terreny, de 14.058 m\u00b2, est\u00e0 completament tancat amb el tradicional mur de pedra seca, garantint la m\u00e0xima privacitat i un acc\u00e9s c\u00f2mode a trav\u00e9s d&#8217;una tanca autom\u00e0tica.<\/p>\n<p>Un Disseny Pensat per a la Vida Familiar i el Confort (247 m\u00b2)<\/p>\n<p>L&#8217;habitatge es distribueix en dues plantes, caracteritzades per la seva lluminositat i una distribuci\u00f3 pr\u00e0ctica.<br \/>A la planta principal, trobem un acollidor sal\u00f3-menjador amb una estufa de llenya que convida a la relaxaci\u00f3 i sortida directa al porxo. La cuina \u00e9s independent i est\u00e0 completament equipada, incloent un pr\u00e0ctic rebost. Aquesta planta alberga tres dormitoris: una habitaci\u00f3 doble amb bany i acc\u00e9s a la piscina. Dues habitacions individuals que comparteixen un bany complet. Aquesta planta ofereix a m\u00e9s un lavabo de cortesia.<\/p>\n<p>La planta superior (31 m\u00b2) \u00e9s un aut\u00e8ntic oasi privat. Disposa d&#8217;un espai di\u00e0fan amb bany en suite i acc\u00e9s a una terrassa i al terrat amb vistes clares. \u00c9s el lloc perfecte per a un dormitori principal amb intimitat total, un estudi professional o un atelier creatiu.<\/p>\n<p>Exterior i Comoditats: Un Retir per al Gaudiment<br \/>L&#8217;exterior \u00e9s un plaer, dissenyat per al m\u00e0xim confort:<br \/>Una refrescant piscina de 25 m\u00b2 envoltada de sol\u00e0rium.<br \/>Dos amplis porxos, un d&#8217;ells de 31 m\u00b2, ideals per gaudir de les nits a l&#8217;aire lliure.<\/p>\n<p>El jard\u00ed amb arbres i una terrassa amb orientaci\u00f3 sud-est s\u00f3n perfectes per aprofitar el sol durant tot el dia.<\/p>\n<p>Per a la funcionalitat, la propietat inclou un doble garatge cobert (26 m\u00b2) amb acc\u00e9s directe des de la casa, una bugaderia independent i un espai\u00f3s traster.<\/p>\n<p>Perqu\u00e8 puguin gaudir de la casa tot l&#8217;any, compta amb aire condicionat (fred\/calor) a totes les estances, electricitat de Gesa, i un pou d&#8217;aigua legal m\u00e9s cisterna.<\/p>\n<p>Si b\u00e9 la finca es troba en bon estat general, es presenta com una fant\u00e0stica propietat de segona m\u00e0 amb gran potencial de millora. Aquesta \u00e9s la seva oportunitat de crear una llar a la seva mida, actualitzant i personalitzant aquesta joia r\u00fastica per adaptar-la al seu estil i, al mateix temps, elevar significativament el seu valor.<\/p>\n<p>No deixi escapar la possibilitat de convertir aquesta finca en el seu id\u00edl\u00b7lic refugi mallorqu\u00ed. Truqui&#8217;ns avui per concertar una visita i enamorar-se del seu potencial!<\/p>\n","protected":false},"excerpt":{"rendered":"<p>Ubicada estrat\u00e8gicament al tranquil Cam\u00ed de ses Angoixes, a nom\u00e9s cinc minuts en cotxe dels vibrants pobles de Campos i Santany\u00ed, es presenta aquesta espectacular finca r\u00fastica independent. Constru\u00efda l&#8217;any 2002 i amb tots els permisos i llic\u00e8ncies en regla, aquesta propietat no nom\u00e9s \u00e9s una llar, sin\u00f3 una inversi\u00f3 legalment s\u00f2lida a l&#8217;illa. Vistes [&hellip;]<\/p>\n","protected":false},"author":1,"featured_media":194943,"parent":0,"menu_order":0,"template":"","property_type":[2131],"property_status":[2096,2103],"property_feature":[1774,1810],"property_label":[],"property_country":[],"property_state":[],"property_city":[642],"property_area":[643],"class_list":["post-194948","property","type-property","status-publish","has-post-thumbnail","hentry","property_type-casa-ca","property_status-venta","property_status-venta-ca","property_feature-parking","property_feature-parking-ca","property_city-campos","property_area-campos"],"acf":[],"property_meta":{"_apg_property_user_edited":["1"],"fave_property_id":["DRAC-CR1508GE"],"fave_property_location":["39.38953614,3.079352929,15"],"houzez_geolocation_lat":["39.38953614"],"houzez_geolocation_long":["3.079352929"],"fave_property_price":["940000"],"fave_property_rent_or_sale":["sale"],"fave_property_year":[null],"fave_property_size_prefix":["m2"],"fave_property_land_postfix":["m2"],"fave_property_size":["247"],"fave_property_land":["14058"],"fave_property_bedrooms":["4"],"fave_property_bathrooms":["4"],"fave_property_garage":["2"],"fave_property_map_address":["Campos, 07630 Campos"],"fave_property_address":[" , Campos 07630"],"fave_property_zip":["07630"],"fave_property_postal_code":["07630"],"fave_property_map":["1"],"apg_is_using_remote_image_url":["1"],"apg_using_remote_image_urls":["[{\"multimedia_type\":\"Picture\",\"picture_url\":\"https:\/\/fotos15.inmovilla.com\/12732\/26854597\/8-1.jpg\",\"position\":1,\"picture_id\":1,\"media_id\":144952,\"post_id\":194942,\"id\":1,\"attachment_id\":0,\"url\":\"https:\/\/fotos15.inmovilla.com\/12732\/26854597\/8-1.jpg\",\"basename\":\"8-1.jpg\",\"created_date\":\"2026-04-30 15:06:27\",\"is_downloaded\":0,\"is_using_remote\":0},{\"multimedia_type\":\"Picture\",\"picture_url\":\"https:\/\/fotos15.inmovilla.com\/12732\/26854597\/8-2.jpg\",\"position\":2,\"picture_id\":2,\"media_id\":144953,\"post_id\":194942,\"id\":2,\"attachment_id\":0,\"url\":\"https:\/\/fotos15.inmovilla.com\/12732\/26854597\/8-2.jpg\",\"basename\":\"8-2.jpg\",\"created_date\":\"2026-04-30 15:06:27\",\"is_downloaded\":0,\"is_using_remote\":1},{\"multimedia_type\":\"Picture\",\"picture_url\":\"https:\/\/fotos15.inmovilla.com\/12732\/26854597\/8-3.jpg\",\"position\":3,\"picture_id\":3,\"media_id\":144954,\"post_id\":194942,\"id\":3,\"attachment_id\":0,\"url\":\"https:\/\/fotos15.inmovilla.com\/12732\/26854597\/8-3.jpg\",\"basename\":\"8-3.jpg\",\"created_date\":\"2026-04-30 15:06:27\",\"is_downloaded\":0,\"is_using_remote\":1},{\"multimedia_type\":\"Picture\",\"picture_url\":\"https:\/\/fotos15.inmovilla.com\/12732\/26854597\/8-4.jpg\",\"position\":4,\"picture_id\":4,\"media_id\":144955,\"post_id\":194942,\"id\":4,\"attachment_id\":0,\"url\":\"https:\/\/fotos15.inmovilla.com\/12732\/26854597\/8-4.jpg\",\"basename\":\"8-4.jpg\",\"created_date\":\"2026-04-30 15:06:27\",\"is_downloaded\":0,\"is_using_remote\":1},{\"multimedia_type\":\"Picture\",\"picture_url\":\"https:\/\/fotos15.inmovilla.com\/12732\/26854597\/8-5.jpg\",\"position\":5,\"picture_id\":5,\"media_id\":144956,\"post_id\":194942,\"id\":5,\"attachment_id\":0,\"url\":\"https:\/\/fotos15.inmovilla.com\/12732\/26854597\/8-5.jpg\",\"basename\":\"8-5.jpg\",\"created_date\":\"2026-04-30 15:06:27\",\"is_downloaded\":0,\"is_using_remote\":1},{\"multimedia_type\":\"Picture\",\"picture_url\":\"https:\/\/fotos15.inmovilla.com\/12732\/26854597\/8-6.jpg\",\"position\":6,\"picture_id\":6,\"media_id\":144957,\"post_id\":194942,\"id\":6,\"attachment_id\":0,\"url\":\"https:\/\/fotos15.inmovilla.com\/12732\/26854597\/8-6.jpg\",\"basename\":\"8-6.jpg\",\"created_date\":\"2026-04-30 15:06:27\",\"is_downloaded\":0,\"is_using_remote\":1},{\"multimedia_type\":\"Picture\",\"picture_url\":\"https:\/\/fotos15.inmovilla.com\/12732\/26854597\/8-7.jpg\",\"position\":7,\"picture_id\":7,\"media_id\":144958,\"post_id\":194942,\"id\":7,\"attachment_id\":0,\"url\":\"https:\/\/fotos15.inmovilla.com\/12732\/26854597\/8-7.jpg\",\"basename\":\"8-7.jpg\",\"created_date\":\"2026-04-30 15:06:27\",\"is_downloaded\":0,\"is_using_remote\":1},{\"multimedia_type\":\"Picture\",\"picture_url\":\"https:\/\/fotos15.inmovilla.com\/12732\/26854597\/8-8.jpg\",\"position\":8,\"picture_id\":8,\"media_id\":144959,\"post_id\":194942,\"id\":8,\"attachment_id\":0,\"url\":\"https:\/\/fotos15.inmovilla.com\/12732\/26854597\/8-8.jpg\",\"basename\":\"8-8.jpg\",\"created_date\":\"2026-04-30 15:06:27\",\"is_downloaded\":0,\"is_using_remote\":1},{\"multimedia_type\":\"Picture\",\"picture_url\":\"https:\/\/fotos15.inmovilla.com\/12732\/26854597\/8-9.jpg\",\"position\":9,\"picture_id\":9,\"media_id\":144960,\"post_id\":194942,\"id\":9,\"attachment_id\":0,\"url\":\"https:\/\/fotos15.inmovilla.com\/12732\/26854597\/8-9.jpg\",\"basename\":\"8-9.jpg\",\"created_date\":\"2026-04-30 15:06:27\",\"is_downloaded\":0,\"is_using_remote\":1},{\"multimedia_type\":\"Picture\",\"picture_url\":\"https:\/\/fotos15.inmovilla.com\/12732\/26854597\/8-10.jpg\",\"position\":10,\"picture_id\":10,\"media_id\":144961,\"post_id\":194942,\"id\":10,\"attachment_id\":0,\"url\":\"https:\/\/fotos15.inmovilla.com\/12732\/26854597\/8-10.jpg\",\"basename\":\"8-10.jpg\",\"created_date\":\"2026-04-30 15:06:27\",\"is_downloaded\":0,\"is_using_remote\":1},{\"multimedia_type\":\"Picture\",\"picture_url\":\"https:\/\/fotos15.inmovilla.com\/12732\/26854597\/8-11.jpg\",\"position\":11,\"picture_id\":11,\"media_id\":144962,\"post_id\":194942,\"id\":11,\"attachment_id\":0,\"url\":\"https:\/\/fotos15.inmovilla.com\/12732\/26854597\/8-11.jpg\",\"basename\":\"8-11.jpg\",\"created_date\":\"2026-04-30 15:06:27\",\"is_downloaded\":0,\"is_using_remote\":1},{\"multimedia_type\":\"Picture\",\"picture_url\":\"https:\/\/fotos15.inmovilla.com\/12732\/26854597\/8-12.jpg\",\"position\":12,\"picture_id\":12,\"media_id\":144963,\"post_id\":194942,\"id\":12,\"attachment_id\":0,\"url\":\"https:\/\/fotos15.inmovilla.com\/12732\/26854597\/8-12.jpg\",\"basename\":\"8-12.jpg\",\"created_date\":\"2026-04-30 15:06:27\",\"is_downloaded\":0,\"is_using_remote\":1},{\"multimedia_type\":\"Picture\",\"picture_url\":\"https:\/\/fotos15.inmovilla.com\/12732\/26854597\/8-13.jpg\",\"position\":13,\"picture_id\":13,\"media_id\":144964,\"post_id\":194942,\"id\":13,\"attachment_id\":0,\"url\":\"https:\/\/fotos15.inmovilla.com\/12732\/26854597\/8-13.jpg\",\"basename\":\"8-13.jpg\",\"created_date\":\"2026-04-30 15:06:27\",\"is_downloaded\":0,\"is_using_remote\":1},{\"multimedia_type\":\"Picture\",\"picture_url\":\"https:\/\/fotos15.inmovilla.com\/12732\/26854597\/8-14.jpg\",\"position\":14,\"picture_id\":14,\"media_id\":144965,\"post_id\":194942,\"id\":14,\"attachment_id\":0,\"url\":\"https:\/\/fotos15.inmovilla.com\/12732\/26854597\/8-14.jpg\",\"basename\":\"8-14.jpg\",\"created_date\":\"2026-04-30 15:06:27\",\"is_downloaded\":0,\"is_using_remote\":1},{\"multimedia_type\":\"Picture\",\"picture_url\":\"https:\/\/fotos15.inmovilla.com\/12732\/26854597\/8-15.jpg\",\"position\":15,\"picture_id\":15,\"media_id\":144966,\"post_id\":194942,\"id\":15,\"attachment_id\":0,\"url\":\"https:\/\/fotos15.inmovilla.com\/12732\/26854597\/8-15.jpg\",\"basename\":\"8-15.jpg\",\"created_date\":\"2026-04-30 15:06:27\",\"is_downloaded\":0,\"is_using_remote\":1},{\"multimedia_type\":\"Picture\",\"picture_url\":\"https:\/\/fotos15.inmovilla.com\/12732\/26854597\/8-16.jpg\",\"position\":16,\"picture_id\":16,\"media_id\":144967,\"post_id\":194942,\"id\":16,\"attachment_id\":0,\"url\":\"https:\/\/fotos15.inmovilla.com\/12732\/26854597\/8-16.jpg\",\"basename\":\"8-16.jpg\",\"created_date\":\"2026-04-30 15:06:27\",\"is_downloaded\":0,\"is_using_remote\":1},{\"multimedia_type\":\"Picture\",\"picture_url\":\"https:\/\/fotos15.inmovilla.com\/12732\/26854597\/8-17.jpg\",\"position\":17,\"picture_id\":17,\"media_id\":144968,\"post_id\":194942,\"id\":17,\"attachment_id\":0,\"url\":\"https:\/\/fotos15.inmovilla.com\/12732\/26854597\/8-17.jpg\",\"basename\":\"8-17.jpg\",\"created_date\":\"2026-04-30 15:06:27\",\"is_downloaded\":0,\"is_using_remote\":1},{\"multimedia_type\":\"Picture\",\"picture_url\":\"https:\/\/fotos15.inmovilla.com\/12732\/26854597\/8-18.jpg\",\"position\":18,\"picture_id\":18,\"media_id\":144969,\"post_id\":194942,\"id\":18,\"attachment_id\":0,\"url\":\"https:\/\/fotos15.inmovilla.com\/12732\/26854597\/8-18.jpg\",\"basename\":\"8-18.jpg\",\"created_date\":\"2026-04-30 15:06:27\",\"is_downloaded\":0,\"is_using_remote\":1},{\"multimedia_type\":\"Picture\",\"picture_url\":\"https:\/\/fotos15.inmovilla.com\/12732\/26854597\/8-19.jpg\",\"position\":19,\"picture_id\":19,\"media_id\":144970,\"post_id\":194942,\"id\":19,\"attachment_id\":0,\"url\":\"https:\/\/fotos15.inmovilla.com\/12732\/26854597\/8-19.jpg\",\"basename\":\"8-19.jpg\",\"created_date\":\"2026-04-30 15:06:27\",\"is_downloaded\":0,\"is_using_remote\":1},{\"multimedia_type\":\"Picture\",\"picture_url\":\"https:\/\/fotos15.inmovilla.com\/12732\/26854597\/8-20.jpg\",\"position\":20,\"picture_id\":20,\"media_id\":144971,\"post_id\":194942,\"id\":20,\"attachment_id\":0,\"url\":\"https:\/\/fotos15.inmovilla.com\/12732\/26854597\/8-20.jpg\",\"basename\":\"8-20.jpg\",\"created_date\":\"2026-04-30 15:06:27\",\"is_downloaded\":0,\"is_using_remote\":1},{\"multimedia_type\":\"Picture\",\"picture_url\":\"https:\/\/fotos15.inmovilla.com\/12732\/26854597\/8-21.jpg\",\"position\":21,\"picture_id\":21,\"media_id\":144972,\"post_id\":194942,\"id\":21,\"attachment_id\":0,\"url\":\"https:\/\/fotos15.inmovilla.com\/12732\/26854597\/8-21.jpg\",\"basename\":\"8-21.jpg\",\"created_date\":\"2026-04-30 15:06:27\",\"is_downloaded\":0,\"is_using_remote\":1},{\"multimedia_type\":\"Picture\",\"picture_url\":\"https:\/\/fotos15.inmovilla.com\/12732\/26854597\/8-22.jpg\",\"position\":22,\"picture_id\":22,\"media_id\":144973,\"post_id\":194942,\"id\":22,\"attachment_id\":0,\"url\":\"https:\/\/fotos15.inmovilla.com\/12732\/26854597\/8-22.jpg\",\"basename\":\"8-22.jpg\",\"created_date\":\"2026-04-30 15:06:27\",\"is_downloaded\":0,\"is_using_remote\":1},{\"multimedia_type\":\"Picture\",\"picture_url\":\"https:\/\/fotos15.inmovilla.com\/12732\/26854597\/8-23.jpg\",\"position\":23,\"picture_id\":23,\"media_id\":144974,\"post_id\":194942,\"id\":23,\"attachment_id\":0,\"url\":\"https:\/\/fotos15.inmovilla.com\/12732\/26854597\/8-23.jpg\",\"basename\":\"8-23.jpg\",\"created_date\":\"2026-04-30 15:06:27\",\"is_downloaded\":0,\"is_using_remote\":1},{\"multimedia_type\":\"Picture\",\"picture_url\":\"https:\/\/fotos15.inmovilla.com\/12732\/26854597\/8-24.jpg\",\"position\":24,\"picture_id\":24,\"media_id\":144975,\"post_id\":194942,\"id\":24,\"attachment_id\":0,\"url\":\"https:\/\/fotos15.inmovilla.com\/12732\/26854597\/8-24.jpg\",\"basename\":\"8-24.jpg\",\"created_date\":\"2026-04-30 15:06:27\",\"is_downloaded\":0,\"is_using_remote\":1},{\"multimedia_type\":\"Picture\",\"picture_url\":\"https:\/\/fotos15.inmovilla.com\/12732\/26854597\/8-25.jpg\",\"position\":25,\"picture_id\":25,\"media_id\":144976,\"post_id\":194942,\"id\":25,\"attachment_id\":0,\"url\":\"https:\/\/fotos15.inmovilla.com\/12732\/26854597\/8-25.jpg\",\"basename\":\"8-25.jpg\",\"created_date\":\"2026-04-30 15:06:27\",\"is_downloaded\":0,\"is_using_remote\":1},{\"multimedia_type\":\"Picture\",\"picture_url\":\"https:\/\/fotos15.inmovilla.com\/12732\/26854597\/8-26.jpg\",\"position\":26,\"picture_id\":26,\"media_id\":144977,\"post_id\":194942,\"id\":26,\"attachment_id\":0,\"url\":\"https:\/\/fotos15.inmovilla.com\/12732\/26854597\/8-26.jpg\",\"basename\":\"8-26.jpg\",\"created_date\":\"2026-04-30 15:06:27\",\"is_downloaded\":0,\"is_using_remote\":1},{\"multimedia_type\":\"Picture\",\"picture_url\":\"https:\/\/fotos15.inmovilla.com\/12732\/26854597\/8-27.jpg\",\"position\":27,\"picture_id\":27,\"media_id\":144978,\"post_id\":194942,\"id\":27,\"attachment_id\":0,\"url\":\"https:\/\/fotos15.inmovilla.com\/12732\/26854597\/8-27.jpg\",\"basename\":\"8-27.jpg\",\"created_date\":\"2026-04-30 15:06:27\",\"is_downloaded\":0,\"is_using_remote\":1},{\"multimedia_type\":\"Picture\",\"picture_url\":\"https:\/\/fotos15.inmovilla.com\/12732\/26854597\/8-28.jpg\",\"position\":28,\"picture_id\":28,\"media_id\":144979,\"post_id\":194942,\"id\":28,\"attachment_id\":0,\"url\":\"https:\/\/fotos15.inmovilla.com\/12732\/26854597\/8-28.jpg\",\"basename\":\"8-28.jpg\",\"created_date\":\"2026-04-30 15:06:27\",\"is_downloaded\":0,\"is_using_remote\":1},{\"multimedia_type\":\"Picture\",\"picture_url\":\"https:\/\/fotos15.inmovilla.com\/12732\/26854597\/8-29.jpg\",\"position\":29,\"picture_id\":29,\"media_id\":144980,\"post_id\":194942,\"id\":29,\"attachment_id\":0,\"url\":\"https:\/\/fotos15.inmovilla.com\/12732\/26854597\/8-29.jpg\",\"basename\":\"8-29.jpg\",\"created_date\":\"2026-04-30 15:06:27\",\"is_downloaded\":0,\"is_using_remote\":1},{\"multimedia_type\":\"Picture\",\"picture_url\":\"https:\/\/fotos15.inmovilla.com\/12732\/26854597\/8-30.jpg\",\"position\":30,\"picture_id\":30,\"media_id\":144981,\"post_id\":194942,\"id\":30,\"attachment_id\":0,\"url\":\"https:\/\/fotos15.inmovilla.com\/12732\/26854597\/8-30.jpg\",\"basename\":\"8-30.jpg\",\"created_date\":\"2026-04-30 15:06:27\",\"is_downloaded\":0,\"is_using_remote\":1},{\"multimedia_type\":\"Picture\",\"picture_url\":\"https:\/\/fotos15.inmovilla.com\/12732\/26854597\/8-31.jpg\",\"position\":31,\"picture_id\":31,\"media_id\":144982,\"post_id\":194942,\"id\":31,\"attachment_id\":0,\"url\":\"https:\/\/fotos15.inmovilla.com\/12732\/26854597\/8-31.jpg\",\"basename\":\"8-31.jpg\",\"created_date\":\"2026-04-30 15:06:27\",\"is_downloaded\":0,\"is_using_remote\":1},{\"multimedia_type\":\"Picture\",\"picture_url\":\"https:\/\/fotos15.inmovilla.com\/12732\/26854597\/8-32.jpg\",\"position\":32,\"picture_id\":32,\"media_id\":144983,\"post_id\":194942,\"id\":32,\"attachment_id\":0,\"url\":\"https:\/\/fotos15.inmovilla.com\/12732\/26854597\/8-32.jpg\",\"basename\":\"8-32.jpg\",\"created_date\":\"2026-04-30 15:06:27\",\"is_downloaded\":0,\"is_using_remote\":1},{\"multimedia_type\":\"Picture\",\"picture_url\":\"https:\/\/fotos15.inmovilla.com\/12732\/26854597\/8-33.jpg\",\"position\":33,\"picture_id\":33,\"media_id\":144984,\"post_id\":194942,\"id\":33,\"attachment_id\":0,\"url\":\"https:\/\/fotos15.inmovilla.com\/12732\/26854597\/8-33.jpg\",\"basename\":\"8-33.jpg\",\"created_date\":\"2026-04-30 15:06:27\",\"is_downloaded\":0,\"is_using_remote\":1},{\"multimedia_type\":\"Picture\",\"picture_url\":\"https:\/\/fotos15.inmovilla.com\/12732\/26854597\/8-34.jpg\",\"position\":34,\"picture_id\":34,\"media_id\":144985,\"post_id\":194942,\"id\":34,\"attachment_id\":0,\"url\":\"https:\/\/fotos15.inmovilla.com\/12732\/26854597\/8-34.jpg\",\"basename\":\"8-34.jpg\",\"created_date\":\"2026-04-30 15:06:27\",\"is_downloaded\":0,\"is_using_remote\":1}]"],"_thumbnail_id":["194943"],"fave_property_images":["194943"],"fave_property_sec_price":["990000"],"apg_property_id":["26854597"],"_wpml_word_count":["494"],"_eael_post_view_count":["3"],"houzez_total_property_views":["3"],"houzez_views_by_date":["a:2:{s:10:\"04-30-2026\";i:1;s:10:\"05-01-2026\";i:2;}"],"houzez_recently_viewed":["2026-05-01 12:55:03"],"_elementor_page_assets":["a:0:{}"]},"yoast_head":"<!-- This site is optimized with the Yoast SEO plugin v27.5 - https:\/\/yoast.com\/product\/yoast-seo-wordpress\/ -->\n<title>Descobreixi l&#039;Encant R\u00fastic amb Potencial de Luxe al Cor de Mallorca. - RE\/MAX Drac<\/title>\n<meta name=\"robots\" content=\"index, follow, max-snippet:-1, max-image-preview:large, max-video-preview:-1\" \/>\n<link rel=\"canonical\" href=\"https:\/\/www.santanyi.net\/ca\/property\/descobreixi-lencant-rustic-amb-potencial-de-luxe-al-cor-de-mallorca-2\/\" \/>\n<meta property=\"og:locale\" content=\"ca_ES\" \/>\n<meta property=\"og:type\" content=\"article\" \/>\n<meta property=\"og:title\" content=\"Descobreixi l&#039;Encant R\u00fastic amb Potencial de Luxe al Cor de Mallorca. - RE\/MAX Drac\" \/>\n<meta property=\"og:description\" content=\"Ubicada estrat\u00e8gicament al tranquil Cam\u00ed de ses Angoixes, a nom\u00e9s cinc minuts en cotxe dels vibrants pobles de Campos i Santany\u00ed, es presenta aquesta espectacular finca r\u00fastica independent. Constru\u00efda l&#8217;any 2002 i amb tots els permisos i llic\u00e8ncies en regla, aquesta propietat no nom\u00e9s \u00e9s una llar, sin\u00f3 una inversi\u00f3 legalment s\u00f2lida a l&#8217;illa. Vistes [&hellip;]\" \/>\n<meta property=\"og:url\" content=\"https:\/\/www.santanyi.net\/ca\/property\/descobreixi-lencant-rustic-amb-potencial-de-luxe-al-cor-de-mallorca-2\/\" \/>\n<meta property=\"og:site_name\" content=\"RE\/MAX Drac\" \/>\n<meta property=\"article:modified_time\" content=\"2026-05-01T06:05:54+00:00\" \/>\n<meta property=\"og:image\" content=\"https:\/\/www.santanyi.net\/wp-content\/uploads\/anaconda_property_media\/26854597-194942\/8-1.jpg\" \/>\n\t<meta property=\"og:image:width\" content=\"1920\" \/>\n\t<meta property=\"og:image:height\" content=\"1364\" \/>\n\t<meta property=\"og:image:type\" content=\"image\/jpeg\" \/>\n<meta name=\"twitter:card\" content=\"summary_large_image\" \/>\n<meta name=\"twitter:label1\" content=\"Temps estimat de lectura\" \/>\n\t<meta name=\"twitter:data1\" content=\"2 minuts\" \/>\n<script type=\"application\/ld+json\" class=\"yoast-schema-graph\">{\"@context\":\"https:\\\/\\\/schema.org\",\"@graph\":[{\"@type\":\"WebPage\",\"@id\":\"https:\\\/\\\/www.santanyi.net\\\/ca\\\/property\\\/descobreixi-lencant-rustic-amb-potencial-de-luxe-al-cor-de-mallorca-2\\\/\",\"url\":\"https:\\\/\\\/www.santanyi.net\\\/ca\\\/property\\\/descobreixi-lencant-rustic-amb-potencial-de-luxe-al-cor-de-mallorca-2\\\/\",\"name\":\"Descobreixi l'Encant R\u00fastic amb Potencial de Luxe al Cor de Mallorca. - RE\\\/MAX Drac\",\"isPartOf\":{\"@id\":\"https:\\\/\\\/www.santanyi.net\\\/ca\\\/#website\"},\"primaryImageOfPage\":{\"@id\":\"https:\\\/\\\/www.santanyi.net\\\/ca\\\/property\\\/descobreixi-lencant-rustic-amb-potencial-de-luxe-al-cor-de-mallorca-2\\\/#primaryimage\"},\"image\":{\"@id\":\"https:\\\/\\\/www.santanyi.net\\\/ca\\\/property\\\/descobreixi-lencant-rustic-amb-potencial-de-luxe-al-cor-de-mallorca-2\\\/#primaryimage\"},\"thumbnailUrl\":\"https:\\\/\\\/www.santanyi.net\\\/wp-content\\\/uploads\\\/anaconda_property_media\\\/26854597-194942\\\/8-1.jpg\",\"datePublished\":\"2026-04-30T15:06:27+00:00\",\"dateModified\":\"2026-05-01T06:05:54+00:00\",\"breadcrumb\":{\"@id\":\"https:\\\/\\\/www.santanyi.net\\\/ca\\\/property\\\/descobreixi-lencant-rustic-amb-potencial-de-luxe-al-cor-de-mallorca-2\\\/#breadcrumb\"},\"inLanguage\":\"ca\",\"potentialAction\":[{\"@type\":\"ReadAction\",\"target\":[\"https:\\\/\\\/www.santanyi.net\\\/ca\\\/property\\\/descobreixi-lencant-rustic-amb-potencial-de-luxe-al-cor-de-mallorca-2\\\/\"]}]},{\"@type\":\"ImageObject\",\"inLanguage\":\"ca\",\"@id\":\"https:\\\/\\\/www.santanyi.net\\\/ca\\\/property\\\/descobreixi-lencant-rustic-amb-potencial-de-luxe-al-cor-de-mallorca-2\\\/#primaryimage\",\"url\":\"https:\\\/\\\/www.santanyi.net\\\/wp-content\\\/uploads\\\/anaconda_property_media\\\/26854597-194942\\\/8-1.jpg\",\"contentUrl\":\"https:\\\/\\\/www.santanyi.net\\\/wp-content\\\/uploads\\\/anaconda_property_media\\\/26854597-194942\\\/8-1.jpg\",\"width\":1920,\"height\":1364},{\"@type\":\"BreadcrumbList\",\"@id\":\"https:\\\/\\\/www.santanyi.net\\\/ca\\\/property\\\/descobreixi-lencant-rustic-amb-potencial-de-luxe-al-cor-de-mallorca-2\\\/#breadcrumb\",\"itemListElement\":[{\"@type\":\"ListItem\",\"position\":1,\"name\":\"Home\",\"item\":\"https:\\\/\\\/www.santanyi.net\\\/ca\\\/\"},{\"@type\":\"ListItem\",\"position\":2,\"name\":\"Properties\",\"item\":\"https:\\\/\\\/www.santanyi.net\\\/ca\\\/property\\\/\"},{\"@type\":\"ListItem\",\"position\":3,\"name\":\"Descobreixi l&#8217;Encant R\u00fastic amb Potencial de Luxe al Cor de Mallorca.\"}]},{\"@type\":\"WebSite\",\"@id\":\"https:\\\/\\\/www.santanyi.net\\\/ca\\\/#website\",\"url\":\"https:\\\/\\\/www.santanyi.net\\\/ca\\\/\",\"name\":\"RE\\\/MAX Drac\",\"description\":\"\",\"publisher\":{\"@id\":\"https:\\\/\\\/www.santanyi.net\\\/ca\\\/#organization\"},\"potentialAction\":[{\"@type\":\"SearchAction\",\"target\":{\"@type\":\"EntryPoint\",\"urlTemplate\":\"https:\\\/\\\/www.santanyi.net\\\/ca\\\/?s={search_term_string}\"},\"query-input\":{\"@type\":\"PropertyValueSpecification\",\"valueRequired\":true,\"valueName\":\"search_term_string\"}}],\"inLanguage\":\"ca\"},{\"@type\":\"Organization\",\"@id\":\"https:\\\/\\\/www.santanyi.net\\\/ca\\\/#organization\",\"name\":\"RE\\\/MAX Drac\",\"url\":\"https:\\\/\\\/www.santanyi.net\\\/ca\\\/\",\"logo\":{\"@type\":\"ImageObject\",\"inLanguage\":\"ca\",\"@id\":\"https:\\\/\\\/www.santanyi.net\\\/ca\\\/#\\\/schema\\\/logo\\\/image\\\/\",\"url\":\"https:\\\/\\\/www.santanyi.net\\\/wp-content\\\/uploads\\\/2025\\\/07\\\/logo-nuevo.png\",\"contentUrl\":\"https:\\\/\\\/www.santanyi.net\\\/wp-content\\\/uploads\\\/2025\\\/07\\\/logo-nuevo.png\",\"width\":295,\"height\":165,\"caption\":\"RE\\\/MAX Drac\"},\"image\":{\"@id\":\"https:\\\/\\\/www.santanyi.net\\\/ca\\\/#\\\/schema\\\/logo\\\/image\\\/\"}}]}<\/script>\n<!-- \/ Yoast SEO plugin. -->","yoast_head_json":{"title":"Descobreixi l'Encant R\u00fastic amb Potencial de Luxe al Cor de Mallorca. - RE\/MAX Drac","robots":{"index":"index","follow":"follow","max-snippet":"max-snippet:-1","max-image-preview":"max-image-preview:large","max-video-preview":"max-video-preview:-1"},"canonical":"https:\/\/www.santanyi.net\/ca\/property\/descobreixi-lencant-rustic-amb-potencial-de-luxe-al-cor-de-mallorca-2\/","og_locale":"ca_ES","og_type":"article","og_title":"Descobreixi l'Encant R\u00fastic amb Potencial de Luxe al Cor de Mallorca. - RE\/MAX Drac","og_description":"Ubicada estrat\u00e8gicament al tranquil Cam\u00ed de ses Angoixes, a nom\u00e9s cinc minuts en cotxe dels vibrants pobles de Campos i Santany\u00ed, es presenta aquesta espectacular finca r\u00fastica independent. Constru\u00efda l&#8217;any 2002 i amb tots els permisos i llic\u00e8ncies en regla, aquesta propietat no nom\u00e9s \u00e9s una llar, sin\u00f3 una inversi\u00f3 legalment s\u00f2lida a l&#8217;illa. Vistes [&hellip;]","og_url":"https:\/\/www.santanyi.net\/ca\/property\/descobreixi-lencant-rustic-amb-potencial-de-luxe-al-cor-de-mallorca-2\/","og_site_name":"RE\/MAX Drac","article_modified_time":"2026-05-01T06:05:54+00:00","og_image":[{"width":1920,"height":1364,"url":"https:\/\/www.santanyi.net\/wp-content\/uploads\/anaconda_property_media\/26854597-194942\/8-1.jpg","type":"image\/jpeg"}],"twitter_card":"summary_large_image","twitter_misc":{"Temps estimat de lectura":"2 minuts"},"schema":{"@context":"https:\/\/schema.org","@graph":[{"@type":"WebPage","@id":"https:\/\/www.santanyi.net\/ca\/property\/descobreixi-lencant-rustic-amb-potencial-de-luxe-al-cor-de-mallorca-2\/","url":"https:\/\/www.santanyi.net\/ca\/property\/descobreixi-lencant-rustic-amb-potencial-de-luxe-al-cor-de-mallorca-2\/","name":"Descobreixi l'Encant R\u00fastic amb Potencial de Luxe al Cor de Mallorca. - RE\/MAX Drac","isPartOf":{"@id":"https:\/\/www.santanyi.net\/ca\/#website"},"primaryImageOfPage":{"@id":"https:\/\/www.santanyi.net\/ca\/property\/descobreixi-lencant-rustic-amb-potencial-de-luxe-al-cor-de-mallorca-2\/#primaryimage"},"image":{"@id":"https:\/\/www.santanyi.net\/ca\/property\/descobreixi-lencant-rustic-amb-potencial-de-luxe-al-cor-de-mallorca-2\/#primaryimage"},"thumbnailUrl":"https:\/\/www.santanyi.net\/wp-content\/uploads\/anaconda_property_media\/26854597-194942\/8-1.jpg","datePublished":"2026-04-30T15:06:27+00:00","dateModified":"2026-05-01T06:05:54+00:00","breadcrumb":{"@id":"https:\/\/www.santanyi.net\/ca\/property\/descobreixi-lencant-rustic-amb-potencial-de-luxe-al-cor-de-mallorca-2\/#breadcrumb"},"inLanguage":"ca","potentialAction":[{"@type":"ReadAction","target":["https:\/\/www.santanyi.net\/ca\/property\/descobreixi-lencant-rustic-amb-potencial-de-luxe-al-cor-de-mallorca-2\/"]}]},{"@type":"ImageObject","inLanguage":"ca","@id":"https:\/\/www.santanyi.net\/ca\/property\/descobreixi-lencant-rustic-amb-potencial-de-luxe-al-cor-de-mallorca-2\/#primaryimage","url":"https:\/\/www.santanyi.net\/wp-content\/uploads\/anaconda_property_media\/26854597-194942\/8-1.jpg","contentUrl":"https:\/\/www.santanyi.net\/wp-content\/uploads\/anaconda_property_media\/26854597-194942\/8-1.jpg","width":1920,"height":1364},{"@type":"BreadcrumbList","@id":"https:\/\/www.santanyi.net\/ca\/property\/descobreixi-lencant-rustic-amb-potencial-de-luxe-al-cor-de-mallorca-2\/#breadcrumb","itemListElement":[{"@type":"ListItem","position":1,"name":"Home","item":"https:\/\/www.santanyi.net\/ca\/"},{"@type":"ListItem","position":2,"name":"Properties","item":"https:\/\/www.santanyi.net\/ca\/property\/"},{"@type":"ListItem","position":3,"name":"Descobreixi l&#8217;Encant R\u00fastic amb Potencial de Luxe al Cor de Mallorca."}]},{"@type":"WebSite","@id":"https:\/\/www.santanyi.net\/ca\/#website","url":"https:\/\/www.santanyi.net\/ca\/","name":"RE\/MAX Drac","description":"","publisher":{"@id":"https:\/\/www.santanyi.net\/ca\/#organization"},"potentialAction":[{"@type":"SearchAction","target":{"@type":"EntryPoint","urlTemplate":"https:\/\/www.santanyi.net\/ca\/?s={search_term_string}"},"query-input":{"@type":"PropertyValueSpecification","valueRequired":true,"valueName":"search_term_string"}}],"inLanguage":"ca"},{"@type":"Organization","@id":"https:\/\/www.santanyi.net\/ca\/#organization","name":"RE\/MAX Drac","url":"https:\/\/www.santanyi.net\/ca\/","logo":{"@type":"ImageObject","inLanguage":"ca","@id":"https:\/\/www.santanyi.net\/ca\/#\/schema\/logo\/image\/","url":"https:\/\/www.santanyi.net\/wp-content\/uploads\/2025\/07\/logo-nuevo.png","contentUrl":"https:\/\/www.santanyi.net\/wp-content\/uploads\/2025\/07\/logo-nuevo.png","width":295,"height":165,"caption":"RE\/MAX Drac"},"image":{"@id":"https:\/\/www.santanyi.net\/ca\/#\/schema\/logo\/image\/"}}]}},"_links":{"self":[{"href":"https:\/\/www.santanyi.net\/ca\/wp-json\/wp\/v2\/properties\/194948","targetHints":{"allow":["GET"]}}],"collection":[{"href":"https:\/\/www.santanyi.net\/ca\/wp-json\/wp\/v2\/properties"}],"about":[{"href":"https:\/\/www.santanyi.net\/ca\/wp-json\/wp\/v2\/types\/property"}],"author":[{"embeddable":true,"href":"https:\/\/www.santanyi.net\/ca\/wp-json\/wp\/v2\/users\/1"}],"version-history":[{"count":2,"href":"https:\/\/www.santanyi.net\/ca\/wp-json\/wp\/v2\/properties\/194948\/revisions"}],"predecessor-version":[{"id":195991,"href":"https:\/\/www.santanyi.net\/ca\/wp-json\/wp\/v2\/properties\/194948\/revisions\/195991"}],"wp:featuredmedia":[{"embeddable":true,"href":"https:\/\/www.santanyi.net\/ca\/wp-json\/wp\/v2\/media\/194943"}],"wp:attachment":[{"href":"https:\/\/www.santanyi.net\/ca\/wp-json\/wp\/v2\/media?parent=194948"}],"wp:term":[{"taxonomy":"property_type","embeddable":true,"href":"https:\/\/www.santanyi.net\/ca\/wp-json\/wp\/v2\/property_type?post=194948"},{"taxonomy":"property_status","embeddable":true,"href":"https:\/\/www.santanyi.net\/ca\/wp-json\/wp\/v2\/property_status?post=194948"},{"taxonomy":"property_feature","embeddable":true,"href":"https:\/\/www.santanyi.net\/ca\/wp-json\/wp\/v2\/property_feature?post=194948"},{"taxonomy":"property_label","embeddable":true,"href":"https:\/\/www.santanyi.net\/ca\/wp-json\/wp\/v2\/property_label?post=194948"},{"taxonomy":"property_country","embeddable":true,"href":"https:\/\/www.santanyi.net\/ca\/wp-json\/wp\/v2\/property_country?post=194948"},{"taxonomy":"property_state","embeddable":true,"href":"https:\/\/www.santanyi.net\/ca\/wp-json\/wp\/v2\/property_state?post=194948"},{"taxonomy":"property_city","embeddable":true,"href":"https:\/\/www.santanyi.net\/ca\/wp-json\/wp\/v2\/property_city?post=194948"},{"taxonomy":"property_area","embeddable":true,"href":"https:\/\/www.santanyi.net\/ca\/wp-json\/wp\/v2\/property_area?post=194948"}],"curies":[{"name":"wp","href":"https:\/\/api.w.org\/{rel}","templated":true}]}}