
{"id":194940,"date":"2026-04-30T15:06:24","date_gmt":"2026-04-30T15:06:24","guid":{"rendered":"https:\/\/www.santanyi.net\/property\/xalet-amb-llicencia-turistica-a-santanyi-la-fusio-perfecta-entre-arquitectura-i-tranquil%c2%b7litat\/"},"modified":"2026-05-01T06:05:52","modified_gmt":"2026-05-01T06:05:52","slug":"xalet-amb-llicencia-turistica-a-santanyi-la-fusio-perfecta-entre-arquitectura-i-tranquil%c2%b7litat-2","status":"publish","type":"property","link":"https:\/\/www.santanyi.net\/ca\/property\/xalet-amb-llicencia-turistica-a-santanyi-la-fusio-perfecta-entre-arquitectura-i-tranquil%c2%b7litat-2\/","title":{"rendered":"Xalet amb llic\u00e8ncia tur\u00edstica a Santany\u00ed: La fusi\u00f3 perfecta entre arquitectura i tranquil\u00b7litat"},"content":{"rendered":"<p>Aquest interessant xalet, de disseny arquitect\u00f2nic \u00fanic i constru\u00eft el 1985, es troba a la tranquil\u00b7la urbanitzaci\u00f3 de Son Mojer, a Santany\u00ed. La propietat \u00e9s ideal per a aquells que busquen una segona resid\u00e8ncia o una inversi\u00f3 d&#8217;alta rendibilitat, ja que compta amb una valuosa llic\u00e8ncia tur\u00edstica.<\/p>\n<p>La seva ubicaci\u00f3 \u00e9s immillorable: a nom\u00e9s 3 minuts en cotxe o a un agradable passeig de 15 minuts (menys d&#8217;1 km) de la platja de Cala Santany\u00ed, amb la seva caracter\u00edstica sorra fina. La tranquil\u00b7litat de la zona, a mig cam\u00ed entre l&#8217;encant del poble de Santany\u00ed i la bellesa de la costa, ofereix el millor dels dos mons.<\/p>\n<p>Situat en un solar cantoner de 364 m\u00b2, l&#8217;habitatge t\u00e9 una superf\u00edcie constru\u00efda de 164 m\u00b2. L&#8217;espai habitable principal es troba a la primera planta. En pujar per l&#8217;escala des del jard\u00ed, s&#8217;accedeix a un interior molt funcional i llumin\u00f3s. Hi trobar\u00e0s tres espaioses habitacions dobles, un bany amb dutxa i una cuina totalment equipada. Des d&#8217;un dormitori i de la terrassa de la primera planta hi ha vistes al mar. El sal\u00f3-menjador, inundat de llum natural, es connecta amb una terrassa coberta que recorre dues bandes de la casa, un rac\u00f3 perfecte per gaudir de l&#8217;aire lliure. Per assegurar el m\u00e0xim confort, tant el sal\u00f3 com totes les habitacions estan equipats amb aire condicionat.<\/p>\n<p>La planta baixa sorpr\u00e8n per la seva versatilitat. Aqu\u00ed hi ha un altre bany complet amb dutxa i un pr\u00e0ctic traster amb safareig. A m\u00e9s, l&#8217;espai restant sota l&#8217;habitatge s&#8217;ha transformat en una terrassa coberta addicional, perfecta per a un menjador exterior, amb una zona de barbacoa a prop i una \u00e0rea de relax amb gandules, ideal per escapar de la calor de l&#8217;estiu. El jard\u00ed privat \u00e9s un oasi de pau, a punt per a les teves reunions amb familiars i amics.<\/p>\n<p>Aquest xalet \u00e9s m\u00e9s que una simple casa; \u00e9s un refugi de disseny que combina funcionalitat, pau i la proximitat al mar, amb el gran valor afegit de la seva llic\u00e8ncia de lloguer de vacances. No perdis l&#8217;oportunitat de con\u00e8ixer-lo.<\/p>\n","protected":false},"excerpt":{"rendered":"<p>Aquest interessant xalet, de disseny arquitect\u00f2nic \u00fanic i constru\u00eft el 1985, es troba a la tranquil\u00b7la urbanitzaci\u00f3 de Son Mojer, a Santany\u00ed. La propietat \u00e9s ideal per a aquells que busquen una segona resid\u00e8ncia o una inversi\u00f3 d&#8217;alta rendibilitat, ja que compta amb una valuosa llic\u00e8ncia tur\u00edstica. La seva ubicaci\u00f3 \u00e9s immillorable: a nom\u00e9s 3 [&hellip;]<\/p>\n","protected":false},"author":1,"featured_media":194935,"parent":0,"menu_order":0,"template":"","property_type":[2131],"property_status":[2096,2103],"property_feature":[1765,1799,1801,1867,1851,1870,1853,1802,1975,1982,1871,1929,1805,1806,1807,1897,2004,2000,1813],"property_label":[],"property_country":[],"property_state":[],"property_city":[635],"property_area":[2225],"class_list":["post-194940","property","type-property","status-publish","has-post-thumbnail","hentry","property_type-casa-ca","property_status-venta","property_status-venta-ca","property_feature-aire_con","property_feature-aire_con-ca","property_feature-arboles-ca","property_feature-arma_empo-ca","property_feature-arma_empo","property_feature-balcon-ca","property_feature-balcon","property_feature-barbacoa-ca","property_feature-bombafriocalor","property_feature-bombafriocalor-ca","property_feature-cocina_inde-ca","property_feature-costa-ca","property_feature-electro-ca","property_feature-jardin-ca","property_feature-lavanderia-ca","property_feature-terraza-ca","property_feature-tv-ca","property_feature-tv","property_feature-vallado-ca","property_city-santanyi","property_area-son-moja"],"acf":[],"property_meta":{"_apg_property_user_edited":["1"],"fave_property_id":["DRAC-CV1555GE"],"fave_property_location":["39.335392569753,3.1420676224156,15"],"houzez_geolocation_lat":["39.335392569753"],"houzez_geolocation_long":["3.1420676224156"],"fave_property_price":["650000"],"fave_property_rent_or_sale":["sale"],"fave_property_year":[null],"fave_property_size_prefix":["m2"],"fave_property_land_postfix":["m2"],"fave_property_size":["164"],"fave_property_land":["364"],"fave_property_bedrooms":["3"],"fave_property_bathrooms":["2"],"fave_property_map_address":["Son moja, 07690 Santany\u00ed"],"fave_property_address":[" , Santany\u00ed 07690"],"fave_property_zip":["07690"],"fave_property_postal_code":["07690"],"fave_property_map":["1"],"apg_is_using_remote_image_url":["1"],"apg_using_remote_image_urls":["[{\"multimedia_type\":\"Picture\",\"picture_url\":\"https:\/\/fotos15.inmovilla.com\/12732\/26446533\/10-1.jpg\",\"position\":1,\"picture_id\":1,\"media_id\":144912,\"post_id\":194934,\"id\":1,\"attachment_id\":0,\"url\":\"https:\/\/fotos15.inmovilla.com\/12732\/26446533\/10-1.jpg\",\"basename\":\"10-1.jpg\",\"created_date\":\"2026-04-30 15:06:24\",\"is_downloaded\":0,\"is_using_remote\":0},{\"multimedia_type\":\"Picture\",\"picture_url\":\"https:\/\/fotos15.inmovilla.com\/12732\/26446533\/10-2.jpg\",\"position\":2,\"picture_id\":2,\"media_id\":144913,\"post_id\":194934,\"id\":2,\"attachment_id\":0,\"url\":\"https:\/\/fotos15.inmovilla.com\/12732\/26446533\/10-2.jpg\",\"basename\":\"10-2.jpg\",\"created_date\":\"2026-04-30 15:06:24\",\"is_downloaded\":0,\"is_using_remote\":1},{\"multimedia_type\":\"Picture\",\"picture_url\":\"https:\/\/fotos15.inmovilla.com\/12732\/26446533\/10-3.jpg\",\"position\":3,\"picture_id\":3,\"media_id\":144914,\"post_id\":194934,\"id\":3,\"attachment_id\":0,\"url\":\"https:\/\/fotos15.inmovilla.com\/12732\/26446533\/10-3.jpg\",\"basename\":\"10-3.jpg\",\"created_date\":\"2026-04-30 15:06:24\",\"is_downloaded\":0,\"is_using_remote\":1},{\"multimedia_type\":\"Picture\",\"picture_url\":\"https:\/\/fotos15.inmovilla.com\/12732\/26446533\/10-4.jpg\",\"position\":4,\"picture_id\":4,\"media_id\":144915,\"post_id\":194934,\"id\":4,\"attachment_id\":0,\"url\":\"https:\/\/fotos15.inmovilla.com\/12732\/26446533\/10-4.jpg\",\"basename\":\"10-4.jpg\",\"created_date\":\"2026-04-30 15:06:24\",\"is_downloaded\":0,\"is_using_remote\":1},{\"multimedia_type\":\"Picture\",\"picture_url\":\"https:\/\/fotos15.inmovilla.com\/12732\/26446533\/10-5.jpg\",\"position\":5,\"picture_id\":5,\"media_id\":144916,\"post_id\":194934,\"id\":5,\"attachment_id\":0,\"url\":\"https:\/\/fotos15.inmovilla.com\/12732\/26446533\/10-5.jpg\",\"basename\":\"10-5.jpg\",\"created_date\":\"2026-04-30 15:06:24\",\"is_downloaded\":0,\"is_using_remote\":1},{\"multimedia_type\":\"Picture\",\"picture_url\":\"https:\/\/fotos15.inmovilla.com\/12732\/26446533\/10-6.jpg\",\"position\":6,\"picture_id\":6,\"media_id\":144917,\"post_id\":194934,\"id\":6,\"attachment_id\":0,\"url\":\"https:\/\/fotos15.inmovilla.com\/12732\/26446533\/10-6.jpg\",\"basename\":\"10-6.jpg\",\"created_date\":\"2026-04-30 15:06:24\",\"is_downloaded\":0,\"is_using_remote\":1},{\"multimedia_type\":\"Picture\",\"picture_url\":\"https:\/\/fotos15.inmovilla.com\/12732\/26446533\/10-7.jpg\",\"position\":7,\"picture_id\":7,\"media_id\":144918,\"post_id\":194934,\"id\":7,\"attachment_id\":0,\"url\":\"https:\/\/fotos15.inmovilla.com\/12732\/26446533\/10-7.jpg\",\"basename\":\"10-7.jpg\",\"created_date\":\"2026-04-30 15:06:24\",\"is_downloaded\":0,\"is_using_remote\":1},{\"multimedia_type\":\"Picture\",\"picture_url\":\"https:\/\/fotos15.inmovilla.com\/12732\/26446533\/10-8.jpg\",\"position\":8,\"picture_id\":8,\"media_id\":144919,\"post_id\":194934,\"id\":8,\"attachment_id\":0,\"url\":\"https:\/\/fotos15.inmovilla.com\/12732\/26446533\/10-8.jpg\",\"basename\":\"10-8.jpg\",\"created_date\":\"2026-04-30 15:06:24\",\"is_downloaded\":0,\"is_using_remote\":1},{\"multimedia_type\":\"Picture\",\"picture_url\":\"https:\/\/fotos15.inmovilla.com\/12732\/26446533\/10-9.jpg\",\"position\":9,\"picture_id\":9,\"media_id\":144920,\"post_id\":194934,\"id\":9,\"attachment_id\":0,\"url\":\"https:\/\/fotos15.inmovilla.com\/12732\/26446533\/10-9.jpg\",\"basename\":\"10-9.jpg\",\"created_date\":\"2026-04-30 15:06:24\",\"is_downloaded\":0,\"is_using_remote\":1},{\"multimedia_type\":\"Picture\",\"picture_url\":\"https:\/\/fotos15.inmovilla.com\/12732\/26446533\/10-10.jpg\",\"position\":10,\"picture_id\":10,\"media_id\":144921,\"post_id\":194934,\"id\":10,\"attachment_id\":0,\"url\":\"https:\/\/fotos15.inmovilla.com\/12732\/26446533\/10-10.jpg\",\"basename\":\"10-10.jpg\",\"created_date\":\"2026-04-30 15:06:24\",\"is_downloaded\":0,\"is_using_remote\":1},{\"multimedia_type\":\"Picture\",\"picture_url\":\"https:\/\/fotos15.inmovilla.com\/12732\/26446533\/10-11.jpg\",\"position\":11,\"picture_id\":11,\"media_id\":144922,\"post_id\":194934,\"id\":11,\"attachment_id\":0,\"url\":\"https:\/\/fotos15.inmovilla.com\/12732\/26446533\/10-11.jpg\",\"basename\":\"10-11.jpg\",\"created_date\":\"2026-04-30 15:06:24\",\"is_downloaded\":0,\"is_using_remote\":1},{\"multimedia_type\":\"Picture\",\"picture_url\":\"https:\/\/fotos15.inmovilla.com\/12732\/26446533\/10-12.jpg\",\"position\":12,\"picture_id\":12,\"media_id\":144923,\"post_id\":194934,\"id\":12,\"attachment_id\":0,\"url\":\"https:\/\/fotos15.inmovilla.com\/12732\/26446533\/10-12.jpg\",\"basename\":\"10-12.jpg\",\"created_date\":\"2026-04-30 15:06:24\",\"is_downloaded\":0,\"is_using_remote\":1},{\"multimedia_type\":\"Picture\",\"picture_url\":\"https:\/\/fotos15.inmovilla.com\/12732\/26446533\/10-13.jpg\",\"position\":13,\"picture_id\":13,\"media_id\":144924,\"post_id\":194934,\"id\":13,\"attachment_id\":0,\"url\":\"https:\/\/fotos15.inmovilla.com\/12732\/26446533\/10-13.jpg\",\"basename\":\"10-13.jpg\",\"created_date\":\"2026-04-30 15:06:24\",\"is_downloaded\":0,\"is_using_remote\":1},{\"multimedia_type\":\"Picture\",\"picture_url\":\"https:\/\/fotos15.inmovilla.com\/12732\/26446533\/10-14.jpg\",\"position\":14,\"picture_id\":14,\"media_id\":144925,\"post_id\":194934,\"id\":14,\"attachment_id\":0,\"url\":\"https:\/\/fotos15.inmovilla.com\/12732\/26446533\/10-14.jpg\",\"basename\":\"10-14.jpg\",\"created_date\":\"2026-04-30 15:06:24\",\"is_downloaded\":0,\"is_using_remote\":1},{\"multimedia_type\":\"Picture\",\"picture_url\":\"https:\/\/fotos15.inmovilla.com\/12732\/26446533\/10-15.jpg\",\"position\":15,\"picture_id\":15,\"media_id\":144926,\"post_id\":194934,\"id\":15,\"attachment_id\":0,\"url\":\"https:\/\/fotos15.inmovilla.com\/12732\/26446533\/10-15.jpg\",\"basename\":\"10-15.jpg\",\"created_date\":\"2026-04-30 15:06:24\",\"is_downloaded\":0,\"is_using_remote\":1},{\"multimedia_type\":\"Picture\",\"picture_url\":\"https:\/\/fotos15.inmovilla.com\/12732\/26446533\/10-16.jpg\",\"position\":16,\"picture_id\":16,\"media_id\":144927,\"post_id\":194934,\"id\":16,\"attachment_id\":0,\"url\":\"https:\/\/fotos15.inmovilla.com\/12732\/26446533\/10-16.jpg\",\"basename\":\"10-16.jpg\",\"created_date\":\"2026-04-30 15:06:24\",\"is_downloaded\":0,\"is_using_remote\":1},{\"multimedia_type\":\"Picture\",\"picture_url\":\"https:\/\/fotos15.inmovilla.com\/12732\/26446533\/10-17.jpg\",\"position\":17,\"picture_id\":17,\"media_id\":144928,\"post_id\":194934,\"id\":17,\"attachment_id\":0,\"url\":\"https:\/\/fotos15.inmovilla.com\/12732\/26446533\/10-17.jpg\",\"basename\":\"10-17.jpg\",\"created_date\":\"2026-04-30 15:06:24\",\"is_downloaded\":0,\"is_using_remote\":1},{\"multimedia_type\":\"Picture\",\"picture_url\":\"https:\/\/fotos15.inmovilla.com\/12732\/26446533\/10-18.jpg\",\"position\":18,\"picture_id\":18,\"media_id\":144929,\"post_id\":194934,\"id\":18,\"attachment_id\":0,\"url\":\"https:\/\/fotos15.inmovilla.com\/12732\/26446533\/10-18.jpg\",\"basename\":\"10-18.jpg\",\"created_date\":\"2026-04-30 15:06:24\",\"is_downloaded\":0,\"is_using_remote\":1},{\"multimedia_type\":\"Picture\",\"picture_url\":\"https:\/\/fotos15.inmovilla.com\/12732\/26446533\/10-19.jpg\",\"position\":19,\"picture_id\":19,\"media_id\":144930,\"post_id\":194934,\"id\":19,\"attachment_id\":0,\"url\":\"https:\/\/fotos15.inmovilla.com\/12732\/26446533\/10-19.jpg\",\"basename\":\"10-19.jpg\",\"created_date\":\"2026-04-30 15:06:24\",\"is_downloaded\":0,\"is_using_remote\":1},{\"multimedia_type\":\"Picture\",\"picture_url\":\"https:\/\/fotos15.inmovilla.com\/12732\/26446533\/10-20.jpg\",\"position\":20,\"picture_id\":20,\"media_id\":144931,\"post_id\":194934,\"id\":20,\"attachment_id\":0,\"url\":\"https:\/\/fotos15.inmovilla.com\/12732\/26446533\/10-20.jpg\",\"basename\":\"10-20.jpg\",\"created_date\":\"2026-04-30 15:06:24\",\"is_downloaded\":0,\"is_using_remote\":1},{\"multimedia_type\":\"Picture\",\"picture_url\":\"https:\/\/fotos15.inmovilla.com\/12732\/26446533\/10-21.jpg\",\"position\":21,\"picture_id\":21,\"media_id\":144932,\"post_id\":194934,\"id\":21,\"attachment_id\":0,\"url\":\"https:\/\/fotos15.inmovilla.com\/12732\/26446533\/10-21.jpg\",\"basename\":\"10-21.jpg\",\"created_date\":\"2026-04-30 15:06:24\",\"is_downloaded\":0,\"is_using_remote\":1},{\"multimedia_type\":\"Picture\",\"picture_url\":\"https:\/\/fotos15.inmovilla.com\/12732\/26446533\/10-22.jpg\",\"position\":22,\"picture_id\":22,\"media_id\":144933,\"post_id\":194934,\"id\":22,\"attachment_id\":0,\"url\":\"https:\/\/fotos15.inmovilla.com\/12732\/26446533\/10-22.jpg\",\"basename\":\"10-22.jpg\",\"created_date\":\"2026-04-30 15:06:24\",\"is_downloaded\":0,\"is_using_remote\":1},{\"multimedia_type\":\"Picture\",\"picture_url\":\"https:\/\/fotos15.inmovilla.com\/12732\/26446533\/10-23.jpg\",\"position\":23,\"picture_id\":23,\"media_id\":144934,\"post_id\":194934,\"id\":23,\"attachment_id\":0,\"url\":\"https:\/\/fotos15.inmovilla.com\/12732\/26446533\/10-23.jpg\",\"basename\":\"10-23.jpg\",\"created_date\":\"2026-04-30 15:06:24\",\"is_downloaded\":0,\"is_using_remote\":1},{\"multimedia_type\":\"Picture\",\"picture_url\":\"https:\/\/fotos15.inmovilla.com\/12732\/26446533\/10-24.jpg\",\"position\":24,\"picture_id\":24,\"media_id\":144935,\"post_id\":194934,\"id\":24,\"attachment_id\":0,\"url\":\"https:\/\/fotos15.inmovilla.com\/12732\/26446533\/10-24.jpg\",\"basename\":\"10-24.jpg\",\"created_date\":\"2026-04-30 15:06:24\",\"is_downloaded\":0,\"is_using_remote\":1},{\"multimedia_type\":\"Picture\",\"picture_url\":\"https:\/\/fotos15.inmovilla.com\/12732\/26446533\/10-25.jpg\",\"position\":25,\"picture_id\":25,\"media_id\":144936,\"post_id\":194934,\"id\":25,\"attachment_id\":0,\"url\":\"https:\/\/fotos15.inmovilla.com\/12732\/26446533\/10-25.jpg\",\"basename\":\"10-25.jpg\",\"created_date\":\"2026-04-30 15:06:24\",\"is_downloaded\":0,\"is_using_remote\":1},{\"multimedia_type\":\"Picture\",\"picture_url\":\"https:\/\/fotos15.inmovilla.com\/12732\/26446533\/10-26.jpg\",\"position\":26,\"picture_id\":26,\"media_id\":144937,\"post_id\":194934,\"id\":26,\"attachment_id\":0,\"url\":\"https:\/\/fotos15.inmovilla.com\/12732\/26446533\/10-26.jpg\",\"basename\":\"10-26.jpg\",\"created_date\":\"2026-04-30 15:06:24\",\"is_downloaded\":0,\"is_using_remote\":1},{\"multimedia_type\":\"Picture\",\"picture_url\":\"https:\/\/fotos15.inmovilla.com\/12732\/26446533\/10-27.jpg\",\"position\":27,\"picture_id\":27,\"media_id\":144938,\"post_id\":194934,\"id\":27,\"attachment_id\":0,\"url\":\"https:\/\/fotos15.inmovilla.com\/12732\/26446533\/10-27.jpg\",\"basename\":\"10-27.jpg\",\"created_date\":\"2026-04-30 15:06:24\",\"is_downloaded\":0,\"is_using_remote\":1},{\"multimedia_type\":\"Picture\",\"picture_url\":\"https:\/\/fotos15.inmovilla.com\/12732\/26446533\/10-28.jpg\",\"position\":28,\"picture_id\":28,\"media_id\":144939,\"post_id\":194934,\"id\":28,\"attachment_id\":0,\"url\":\"https:\/\/fotos15.inmovilla.com\/12732\/26446533\/10-28.jpg\",\"basename\":\"10-28.jpg\",\"created_date\":\"2026-04-30 15:06:24\",\"is_downloaded\":0,\"is_using_remote\":1},{\"multimedia_type\":\"Picture\",\"picture_url\":\"https:\/\/fotos15.inmovilla.com\/12732\/26446533\/10-29.jpg\",\"position\":29,\"picture_id\":29,\"media_id\":144940,\"post_id\":194934,\"id\":29,\"attachment_id\":0,\"url\":\"https:\/\/fotos15.inmovilla.com\/12732\/26446533\/10-29.jpg\",\"basename\":\"10-29.jpg\",\"created_date\":\"2026-04-30 15:06:24\",\"is_downloaded\":0,\"is_using_remote\":1},{\"multimedia_type\":\"Picture\",\"picture_url\":\"https:\/\/fotos15.inmovilla.com\/12732\/26446533\/10-30.jpg\",\"position\":30,\"picture_id\":30,\"media_id\":144941,\"post_id\":194934,\"id\":30,\"attachment_id\":0,\"url\":\"https:\/\/fotos15.inmovilla.com\/12732\/26446533\/10-30.jpg\",\"basename\":\"10-30.jpg\",\"created_date\":\"2026-04-30 15:06:24\",\"is_downloaded\":0,\"is_using_remote\":1},{\"multimedia_type\":\"Picture\",\"picture_url\":\"https:\/\/fotos15.inmovilla.com\/12732\/26446533\/10-31.jpg\",\"position\":31,\"picture_id\":31,\"media_id\":144942,\"post_id\":194934,\"id\":31,\"attachment_id\":0,\"url\":\"https:\/\/fotos15.inmovilla.com\/12732\/26446533\/10-31.jpg\",\"basename\":\"10-31.jpg\",\"created_date\":\"2026-04-30 15:06:24\",\"is_downloaded\":0,\"is_using_remote\":1},{\"multimedia_type\":\"Picture\",\"picture_url\":\"https:\/\/fotos15.inmovilla.com\/12732\/26446533\/10-32.jpg\",\"position\":32,\"picture_id\":32,\"media_id\":144943,\"post_id\":194934,\"id\":32,\"attachment_id\":0,\"url\":\"https:\/\/fotos15.inmovilla.com\/12732\/26446533\/10-32.jpg\",\"basename\":\"10-32.jpg\",\"created_date\":\"2026-04-30 15:06:24\",\"is_downloaded\":0,\"is_using_remote\":1},{\"multimedia_type\":\"Picture\",\"picture_url\":\"https:\/\/fotos15.inmovilla.com\/12732\/26446533\/10-33.jpg\",\"position\":33,\"picture_id\":33,\"media_id\":144944,\"post_id\":194934,\"id\":33,\"attachment_id\":0,\"url\":\"https:\/\/fotos15.inmovilla.com\/12732\/26446533\/10-33.jpg\",\"basename\":\"10-33.jpg\",\"created_date\":\"2026-04-30 15:06:24\",\"is_downloaded\":0,\"is_using_remote\":1},{\"multimedia_type\":\"Picture\",\"picture_url\":\"https:\/\/fotos15.inmovilla.com\/12732\/26446533\/10-34.jpg\",\"position\":34,\"picture_id\":34,\"media_id\":144945,\"post_id\":194934,\"id\":34,\"attachment_id\":0,\"url\":\"https:\/\/fotos15.inmovilla.com\/12732\/26446533\/10-34.jpg\",\"basename\":\"10-34.jpg\",\"created_date\":\"2026-04-30 15:06:24\",\"is_downloaded\":0,\"is_using_remote\":1},{\"multimedia_type\":\"Picture\",\"picture_url\":\"https:\/\/fotos15.inmovilla.com\/12732\/26446533\/10-35.jpg\",\"position\":35,\"picture_id\":35,\"media_id\":144946,\"post_id\":194934,\"id\":35,\"attachment_id\":0,\"url\":\"https:\/\/fotos15.inmovilla.com\/12732\/26446533\/10-35.jpg\",\"basename\":\"10-35.jpg\",\"created_date\":\"2026-04-30 15:06:24\",\"is_downloaded\":0,\"is_using_remote\":1},{\"multimedia_type\":\"Picture\",\"picture_url\":\"https:\/\/fotos15.inmovilla.com\/12732\/26446533\/10-36.jpg\",\"position\":36,\"picture_id\":36,\"media_id\":144947,\"post_id\":194934,\"id\":36,\"attachment_id\":0,\"url\":\"https:\/\/fotos15.inmovilla.com\/12732\/26446533\/10-36.jpg\",\"basename\":\"10-36.jpg\",\"created_date\":\"2026-04-30 15:06:24\",\"is_downloaded\":0,\"is_using_remote\":1},{\"multimedia_type\":\"Picture\",\"picture_url\":\"https:\/\/fotos15.inmovilla.com\/12732\/26446533\/10-37.jpg\",\"position\":37,\"picture_id\":37,\"media_id\":144948,\"post_id\":194934,\"id\":37,\"attachment_id\":0,\"url\":\"https:\/\/fotos15.inmovilla.com\/12732\/26446533\/10-37.jpg\",\"basename\":\"10-37.jpg\",\"created_date\":\"2026-04-30 15:06:24\",\"is_downloaded\":0,\"is_using_remote\":1},{\"multimedia_type\":\"Picture\",\"picture_url\":\"https:\/\/fotos15.inmovilla.com\/12732\/26446533\/10-38.jpg\",\"position\":38,\"picture_id\":38,\"media_id\":144949,\"post_id\":194934,\"id\":38,\"attachment_id\":0,\"url\":\"https:\/\/fotos15.inmovilla.com\/12732\/26446533\/10-38.jpg\",\"basename\":\"10-38.jpg\",\"created_date\":\"2026-04-30 15:06:24\",\"is_downloaded\":0,\"is_using_remote\":1},{\"multimedia_type\":\"Picture\",\"picture_url\":\"https:\/\/fotos15.inmovilla.com\/12732\/26446533\/10-39.jpg\",\"position\":39,\"picture_id\":39,\"media_id\":144950,\"post_id\":194934,\"id\":39,\"attachment_id\":0,\"url\":\"https:\/\/fotos15.inmovilla.com\/12732\/26446533\/10-39.jpg\",\"basename\":\"10-39.jpg\",\"created_date\":\"2026-04-30 15:06:24\",\"is_downloaded\":0,\"is_using_remote\":1},{\"multimedia_type\":\"Picture\",\"picture_url\":\"https:\/\/fotos15.inmovilla.com\/12732\/26446533\/10-40.jpg\",\"position\":40,\"picture_id\":40,\"media_id\":144951,\"post_id\":194934,\"id\":40,\"attachment_id\":0,\"url\":\"https:\/\/fotos15.inmovilla.com\/12732\/26446533\/10-40.jpg\",\"basename\":\"10-40.jpg\",\"created_date\":\"2026-04-30 15:06:24\",\"is_downloaded\":0,\"is_using_remote\":1}]"],"_thumbnail_id":["194935"],"fave_property_images":["194935"],"apg_property_id":["26446533"],"_wpml_word_count":["352"],"_eael_post_view_count":["5"],"houzez_total_property_views":["5"],"houzez_views_by_date":["a:2:{s:10:\"04-30-2026\";i:1;s:10:\"05-01-2026\";i:4;}"],"houzez_recently_viewed":["2026-05-01 13:30:11"],"_elementor_page_assets":["a:0:{}"]},"yoast_head":"<!-- This site is optimized with the Yoast SEO plugin v27.5 - https:\/\/yoast.com\/product\/yoast-seo-wordpress\/ -->\n<title>Xalet amb llic\u00e8ncia tur\u00edstica a Santany\u00ed: La fusi\u00f3 perfecta entre arquitectura i tranquil\u00b7litat - RE\/MAX Drac<\/title>\n<meta name=\"robots\" content=\"index, follow, max-snippet:-1, max-image-preview:large, max-video-preview:-1\" \/>\n<link rel=\"canonical\" href=\"https:\/\/www.santanyi.net\/ca\/property\/xalet-amb-llicencia-turistica-a-santanyi-la-fusio-perfecta-entre-arquitectura-i-tranquil%c2%b7litat-2\/\" \/>\n<meta property=\"og:locale\" content=\"ca_ES\" \/>\n<meta property=\"og:type\" content=\"article\" \/>\n<meta property=\"og:title\" content=\"Xalet amb llic\u00e8ncia tur\u00edstica a Santany\u00ed: La fusi\u00f3 perfecta entre arquitectura i tranquil\u00b7litat - RE\/MAX Drac\" \/>\n<meta property=\"og:description\" content=\"Aquest interessant xalet, de disseny arquitect\u00f2nic \u00fanic i constru\u00eft el 1985, es troba a la tranquil\u00b7la urbanitzaci\u00f3 de Son Mojer, a Santany\u00ed. La propietat \u00e9s ideal per a aquells que busquen una segona resid\u00e8ncia o una inversi\u00f3 d&#8217;alta rendibilitat, ja que compta amb una valuosa llic\u00e8ncia tur\u00edstica. La seva ubicaci\u00f3 \u00e9s immillorable: a nom\u00e9s 3 [&hellip;]\" \/>\n<meta property=\"og:url\" content=\"https:\/\/www.santanyi.net\/ca\/property\/xalet-amb-llicencia-turistica-a-santanyi-la-fusio-perfecta-entre-arquitectura-i-tranquil%c2%b7litat-2\/\" \/>\n<meta property=\"og:site_name\" content=\"RE\/MAX Drac\" \/>\n<meta property=\"article:modified_time\" content=\"2026-05-01T06:05:52+00:00\" \/>\n<meta property=\"og:image\" content=\"https:\/\/www.santanyi.net\/wp-content\/uploads\/anaconda_property_media\/26446533-194934\/10-1.jpg\" \/>\n\t<meta property=\"og:image:width\" content=\"1920\" \/>\n\t<meta property=\"og:image:height\" content=\"1080\" \/>\n\t<meta property=\"og:image:type\" content=\"image\/jpeg\" \/>\n<meta name=\"twitter:card\" content=\"summary_large_image\" \/>\n<meta name=\"twitter:label1\" content=\"Temps estimat de lectura\" \/>\n\t<meta name=\"twitter:data1\" content=\"2 minuts\" \/>\n<script type=\"application\/ld+json\" class=\"yoast-schema-graph\">{\"@context\":\"https:\\\/\\\/schema.org\",\"@graph\":[{\"@type\":\"WebPage\",\"@id\":\"https:\\\/\\\/www.santanyi.net\\\/ca\\\/property\\\/xalet-amb-llicencia-turistica-a-santanyi-la-fusio-perfecta-entre-arquitectura-i-tranquil%c2%b7litat-2\\\/\",\"url\":\"https:\\\/\\\/www.santanyi.net\\\/ca\\\/property\\\/xalet-amb-llicencia-turistica-a-santanyi-la-fusio-perfecta-entre-arquitectura-i-tranquil%c2%b7litat-2\\\/\",\"name\":\"Xalet amb llic\u00e8ncia tur\u00edstica a Santany\u00ed: La fusi\u00f3 perfecta entre arquitectura i tranquil\u00b7litat - RE\\\/MAX Drac\",\"isPartOf\":{\"@id\":\"https:\\\/\\\/www.santanyi.net\\\/ca\\\/#website\"},\"primaryImageOfPage\":{\"@id\":\"https:\\\/\\\/www.santanyi.net\\\/ca\\\/property\\\/xalet-amb-llicencia-turistica-a-santanyi-la-fusio-perfecta-entre-arquitectura-i-tranquil%c2%b7litat-2\\\/#primaryimage\"},\"image\":{\"@id\":\"https:\\\/\\\/www.santanyi.net\\\/ca\\\/property\\\/xalet-amb-llicencia-turistica-a-santanyi-la-fusio-perfecta-entre-arquitectura-i-tranquil%c2%b7litat-2\\\/#primaryimage\"},\"thumbnailUrl\":\"https:\\\/\\\/www.santanyi.net\\\/wp-content\\\/uploads\\\/anaconda_property_media\\\/26446533-194934\\\/10-1.jpg\",\"datePublished\":\"2026-04-30T15:06:24+00:00\",\"dateModified\":\"2026-05-01T06:05:52+00:00\",\"breadcrumb\":{\"@id\":\"https:\\\/\\\/www.santanyi.net\\\/ca\\\/property\\\/xalet-amb-llicencia-turistica-a-santanyi-la-fusio-perfecta-entre-arquitectura-i-tranquil%c2%b7litat-2\\\/#breadcrumb\"},\"inLanguage\":\"ca\",\"potentialAction\":[{\"@type\":\"ReadAction\",\"target\":[\"https:\\\/\\\/www.santanyi.net\\\/ca\\\/property\\\/xalet-amb-llicencia-turistica-a-santanyi-la-fusio-perfecta-entre-arquitectura-i-tranquil%c2%b7litat-2\\\/\"]}]},{\"@type\":\"ImageObject\",\"inLanguage\":\"ca\",\"@id\":\"https:\\\/\\\/www.santanyi.net\\\/ca\\\/property\\\/xalet-amb-llicencia-turistica-a-santanyi-la-fusio-perfecta-entre-arquitectura-i-tranquil%c2%b7litat-2\\\/#primaryimage\",\"url\":\"https:\\\/\\\/www.santanyi.net\\\/wp-content\\\/uploads\\\/anaconda_property_media\\\/26446533-194934\\\/10-1.jpg\",\"contentUrl\":\"https:\\\/\\\/www.santanyi.net\\\/wp-content\\\/uploads\\\/anaconda_property_media\\\/26446533-194934\\\/10-1.jpg\",\"width\":1920,\"height\":1080},{\"@type\":\"BreadcrumbList\",\"@id\":\"https:\\\/\\\/www.santanyi.net\\\/ca\\\/property\\\/xalet-amb-llicencia-turistica-a-santanyi-la-fusio-perfecta-entre-arquitectura-i-tranquil%c2%b7litat-2\\\/#breadcrumb\",\"itemListElement\":[{\"@type\":\"ListItem\",\"position\":1,\"name\":\"Home\",\"item\":\"https:\\\/\\\/www.santanyi.net\\\/ca\\\/\"},{\"@type\":\"ListItem\",\"position\":2,\"name\":\"Properties\",\"item\":\"https:\\\/\\\/www.santanyi.net\\\/ca\\\/property\\\/\"},{\"@type\":\"ListItem\",\"position\":3,\"name\":\"Xalet amb llic\u00e8ncia tur\u00edstica a Santany\u00ed: La fusi\u00f3 perfecta entre arquitectura i tranquil\u00b7litat\"}]},{\"@type\":\"WebSite\",\"@id\":\"https:\\\/\\\/www.santanyi.net\\\/ca\\\/#website\",\"url\":\"https:\\\/\\\/www.santanyi.net\\\/ca\\\/\",\"name\":\"RE\\\/MAX Drac\",\"description\":\"\",\"publisher\":{\"@id\":\"https:\\\/\\\/www.santanyi.net\\\/ca\\\/#organization\"},\"potentialAction\":[{\"@type\":\"SearchAction\",\"target\":{\"@type\":\"EntryPoint\",\"urlTemplate\":\"https:\\\/\\\/www.santanyi.net\\\/ca\\\/?s={search_term_string}\"},\"query-input\":{\"@type\":\"PropertyValueSpecification\",\"valueRequired\":true,\"valueName\":\"search_term_string\"}}],\"inLanguage\":\"ca\"},{\"@type\":\"Organization\",\"@id\":\"https:\\\/\\\/www.santanyi.net\\\/ca\\\/#organization\",\"name\":\"RE\\\/MAX Drac\",\"url\":\"https:\\\/\\\/www.santanyi.net\\\/ca\\\/\",\"logo\":{\"@type\":\"ImageObject\",\"inLanguage\":\"ca\",\"@id\":\"https:\\\/\\\/www.santanyi.net\\\/ca\\\/#\\\/schema\\\/logo\\\/image\\\/\",\"url\":\"https:\\\/\\\/www.santanyi.net\\\/wp-content\\\/uploads\\\/2025\\\/07\\\/logo-nuevo.png\",\"contentUrl\":\"https:\\\/\\\/www.santanyi.net\\\/wp-content\\\/uploads\\\/2025\\\/07\\\/logo-nuevo.png\",\"width\":295,\"height\":165,\"caption\":\"RE\\\/MAX Drac\"},\"image\":{\"@id\":\"https:\\\/\\\/www.santanyi.net\\\/ca\\\/#\\\/schema\\\/logo\\\/image\\\/\"}}]}<\/script>\n<!-- \/ Yoast SEO plugin. -->","yoast_head_json":{"title":"Xalet amb llic\u00e8ncia tur\u00edstica a Santany\u00ed: La fusi\u00f3 perfecta entre arquitectura i tranquil\u00b7litat - RE\/MAX Drac","robots":{"index":"index","follow":"follow","max-snippet":"max-snippet:-1","max-image-preview":"max-image-preview:large","max-video-preview":"max-video-preview:-1"},"canonical":"https:\/\/www.santanyi.net\/ca\/property\/xalet-amb-llicencia-turistica-a-santanyi-la-fusio-perfecta-entre-arquitectura-i-tranquil%c2%b7litat-2\/","og_locale":"ca_ES","og_type":"article","og_title":"Xalet amb llic\u00e8ncia tur\u00edstica a Santany\u00ed: La fusi\u00f3 perfecta entre arquitectura i tranquil\u00b7litat - RE\/MAX Drac","og_description":"Aquest interessant xalet, de disseny arquitect\u00f2nic \u00fanic i constru\u00eft el 1985, es troba a la tranquil\u00b7la urbanitzaci\u00f3 de Son Mojer, a Santany\u00ed. La propietat \u00e9s ideal per a aquells que busquen una segona resid\u00e8ncia o una inversi\u00f3 d&#8217;alta rendibilitat, ja que compta amb una valuosa llic\u00e8ncia tur\u00edstica. La seva ubicaci\u00f3 \u00e9s immillorable: a nom\u00e9s 3 [&hellip;]","og_url":"https:\/\/www.santanyi.net\/ca\/property\/xalet-amb-llicencia-turistica-a-santanyi-la-fusio-perfecta-entre-arquitectura-i-tranquil%c2%b7litat-2\/","og_site_name":"RE\/MAX Drac","article_modified_time":"2026-05-01T06:05:52+00:00","og_image":[{"width":1920,"height":1080,"url":"https:\/\/www.santanyi.net\/wp-content\/uploads\/anaconda_property_media\/26446533-194934\/10-1.jpg","type":"image\/jpeg"}],"twitter_card":"summary_large_image","twitter_misc":{"Temps estimat de lectura":"2 minuts"},"schema":{"@context":"https:\/\/schema.org","@graph":[{"@type":"WebPage","@id":"https:\/\/www.santanyi.net\/ca\/property\/xalet-amb-llicencia-turistica-a-santanyi-la-fusio-perfecta-entre-arquitectura-i-tranquil%c2%b7litat-2\/","url":"https:\/\/www.santanyi.net\/ca\/property\/xalet-amb-llicencia-turistica-a-santanyi-la-fusio-perfecta-entre-arquitectura-i-tranquil%c2%b7litat-2\/","name":"Xalet amb llic\u00e8ncia tur\u00edstica a Santany\u00ed: La fusi\u00f3 perfecta entre arquitectura i tranquil\u00b7litat - RE\/MAX Drac","isPartOf":{"@id":"https:\/\/www.santanyi.net\/ca\/#website"},"primaryImageOfPage":{"@id":"https:\/\/www.santanyi.net\/ca\/property\/xalet-amb-llicencia-turistica-a-santanyi-la-fusio-perfecta-entre-arquitectura-i-tranquil%c2%b7litat-2\/#primaryimage"},"image":{"@id":"https:\/\/www.santanyi.net\/ca\/property\/xalet-amb-llicencia-turistica-a-santanyi-la-fusio-perfecta-entre-arquitectura-i-tranquil%c2%b7litat-2\/#primaryimage"},"thumbnailUrl":"https:\/\/www.santanyi.net\/wp-content\/uploads\/anaconda_property_media\/26446533-194934\/10-1.jpg","datePublished":"2026-04-30T15:06:24+00:00","dateModified":"2026-05-01T06:05:52+00:00","breadcrumb":{"@id":"https:\/\/www.santanyi.net\/ca\/property\/xalet-amb-llicencia-turistica-a-santanyi-la-fusio-perfecta-entre-arquitectura-i-tranquil%c2%b7litat-2\/#breadcrumb"},"inLanguage":"ca","potentialAction":[{"@type":"ReadAction","target":["https:\/\/www.santanyi.net\/ca\/property\/xalet-amb-llicencia-turistica-a-santanyi-la-fusio-perfecta-entre-arquitectura-i-tranquil%c2%b7litat-2\/"]}]},{"@type":"ImageObject","inLanguage":"ca","@id":"https:\/\/www.santanyi.net\/ca\/property\/xalet-amb-llicencia-turistica-a-santanyi-la-fusio-perfecta-entre-arquitectura-i-tranquil%c2%b7litat-2\/#primaryimage","url":"https:\/\/www.santanyi.net\/wp-content\/uploads\/anaconda_property_media\/26446533-194934\/10-1.jpg","contentUrl":"https:\/\/www.santanyi.net\/wp-content\/uploads\/anaconda_property_media\/26446533-194934\/10-1.jpg","width":1920,"height":1080},{"@type":"BreadcrumbList","@id":"https:\/\/www.santanyi.net\/ca\/property\/xalet-amb-llicencia-turistica-a-santanyi-la-fusio-perfecta-entre-arquitectura-i-tranquil%c2%b7litat-2\/#breadcrumb","itemListElement":[{"@type":"ListItem","position":1,"name":"Home","item":"https:\/\/www.santanyi.net\/ca\/"},{"@type":"ListItem","position":2,"name":"Properties","item":"https:\/\/www.santanyi.net\/ca\/property\/"},{"@type":"ListItem","position":3,"name":"Xalet amb llic\u00e8ncia tur\u00edstica a Santany\u00ed: La fusi\u00f3 perfecta entre arquitectura i tranquil\u00b7litat"}]},{"@type":"WebSite","@id":"https:\/\/www.santanyi.net\/ca\/#website","url":"https:\/\/www.santanyi.net\/ca\/","name":"RE\/MAX Drac","description":"","publisher":{"@id":"https:\/\/www.santanyi.net\/ca\/#organization"},"potentialAction":[{"@type":"SearchAction","target":{"@type":"EntryPoint","urlTemplate":"https:\/\/www.santanyi.net\/ca\/?s={search_term_string}"},"query-input":{"@type":"PropertyValueSpecification","valueRequired":true,"valueName":"search_term_string"}}],"inLanguage":"ca"},{"@type":"Organization","@id":"https:\/\/www.santanyi.net\/ca\/#organization","name":"RE\/MAX Drac","url":"https:\/\/www.santanyi.net\/ca\/","logo":{"@type":"ImageObject","inLanguage":"ca","@id":"https:\/\/www.santanyi.net\/ca\/#\/schema\/logo\/image\/","url":"https:\/\/www.santanyi.net\/wp-content\/uploads\/2025\/07\/logo-nuevo.png","contentUrl":"https:\/\/www.santanyi.net\/wp-content\/uploads\/2025\/07\/logo-nuevo.png","width":295,"height":165,"caption":"RE\/MAX Drac"},"image":{"@id":"https:\/\/www.santanyi.net\/ca\/#\/schema\/logo\/image\/"}}]}},"_links":{"self":[{"href":"https:\/\/www.santanyi.net\/ca\/wp-json\/wp\/v2\/properties\/194940","targetHints":{"allow":["GET"]}}],"collection":[{"href":"https:\/\/www.santanyi.net\/ca\/wp-json\/wp\/v2\/properties"}],"about":[{"href":"https:\/\/www.santanyi.net\/ca\/wp-json\/wp\/v2\/types\/property"}],"author":[{"embeddable":true,"href":"https:\/\/www.santanyi.net\/ca\/wp-json\/wp\/v2\/users\/1"}],"version-history":[{"count":2,"href":"https:\/\/www.santanyi.net\/ca\/wp-json\/wp\/v2\/properties\/194940\/revisions"}],"predecessor-version":[{"id":195987,"href":"https:\/\/www.santanyi.net\/ca\/wp-json\/wp\/v2\/properties\/194940\/revisions\/195987"}],"wp:featuredmedia":[{"embeddable":true,"href":"https:\/\/www.santanyi.net\/ca\/wp-json\/wp\/v2\/media\/194935"}],"wp:attachment":[{"href":"https:\/\/www.santanyi.net\/ca\/wp-json\/wp\/v2\/media?parent=194940"}],"wp:term":[{"taxonomy":"property_type","embeddable":true,"href":"https:\/\/www.santanyi.net\/ca\/wp-json\/wp\/v2\/property_type?post=194940"},{"taxonomy":"property_status","embeddable":true,"href":"https:\/\/www.santanyi.net\/ca\/wp-json\/wp\/v2\/property_status?post=194940"},{"taxonomy":"property_feature","embeddable":true,"href":"https:\/\/www.santanyi.net\/ca\/wp-json\/wp\/v2\/property_feature?post=194940"},{"taxonomy":"property_label","embeddable":true,"href":"https:\/\/www.santanyi.net\/ca\/wp-json\/wp\/v2\/property_label?post=194940"},{"taxonomy":"property_country","embeddable":true,"href":"https:\/\/www.santanyi.net\/ca\/wp-json\/wp\/v2\/property_country?post=194940"},{"taxonomy":"property_state","embeddable":true,"href":"https:\/\/www.santanyi.net\/ca\/wp-json\/wp\/v2\/property_state?post=194940"},{"taxonomy":"property_city","embeddable":true,"href":"https:\/\/www.santanyi.net\/ca\/wp-json\/wp\/v2\/property_city?post=194940"},{"taxonomy":"property_area","embeddable":true,"href":"https:\/\/www.santanyi.net\/ca\/wp-json\/wp\/v2\/property_area?post=194940"}],"curies":[{"name":"wp","href":"https:\/\/api.w.org\/{rel}","templated":true}]}}