
{"id":194924,"date":"2026-04-30T15:06:15","date_gmt":"2026-04-30T15:06:15","guid":{"rendered":"https:\/\/www.santanyi.net\/property\/un-somni-mediterrani-al-sud-est-de-mallorca\/"},"modified":"2026-05-01T06:05:49","modified_gmt":"2026-05-01T06:05:49","slug":"un-somni-mediterrani-al-sud-est-de-mallorca-2","status":"publish","type":"property","link":"https:\/\/www.santanyi.net\/ca\/property\/un-somni-mediterrani-al-sud-est-de-mallorca-2\/","title":{"rendered":"Un somni mediterrani al sud-est de Mallorca"},"content":{"rendered":"<p>Un somni mediterrani al sud-est de Mallorca<\/p>\n<p>Un somni mediterrani al sud-est de Mallorca. Un somni mediterrani al sud-est de Mallorca. Descobreix la casa dels teus somnis a la cobejada regi\u00f3 de Santany\u00ed, al cor del Parc Natural de Mondrag\u00f3. Us presentem aquesta magn\u00edfica casa de 283 m\u00b2, constru\u00efda l&#8217;any 2001, en una generosa parcel\u00b7la de 1.037 m\u00b2. Combina confort, funcionalitat i impressionants vistes al mar. En entrar, us rep un ampli rebedor que s&#8217;obre al jard\u00ed i una elegant escala de cargol que condueix al pis de dalt. A la planta baixa de 139 m\u00b2, a la dreta, hi ha un acollidor sal\u00f3-menjador amb una cuina tradicional de planta oberta i acc\u00e9s directe a una encantadora terrassa coberta, ideal per a l&#8217;entreteniment. Aquesta part de la casa tamb\u00e9 inclou un dormitori per a convidats i un bany. L&#8217;escala de cargol condueix a la primera planta, on trobareu un estudi amb acc\u00e9s al balc\u00f3. El veritable punt culminant de la casa \u00e9s l&#8217;espai\u00f3s dormitori principal amb bany privat, vestidor i balc\u00f3 privat amb espectaculars vistes al mar i al jard\u00ed, un lloc ideal per relaxar-se i desconnectar. Per\u00f2 aquesta propietat \u00e9s encara m\u00e9s vers\u00e0til. A l&#8217;esquerra de la planta baixa, dos dormitoris amb acc\u00e9s independent comparteixen un bany. Una altra escala condueix a un sal\u00f3-menjador completament independent amb una cuina americana i una terrassa amb vistes al mar. Amb la seva entrada privada, \u00e9s ideal per a l&#8217;entreteniment o per a \u00fas independent. La zona exterior \u00e9s un oasi de tranquil\u00b7litat. La piscina, situada en una zona protegida, est\u00e0 envoltada d&#8217;una terrassa panor\u00e0mica que ofereix diverses opcions per seure i prendre el sol. El gran jard\u00ed ofereix innombrables oportunitats per crear el vostre propi espai verd, a tocar de la pintoresca costa rocosa. La propietat tamb\u00e9 inclou una pla\u00e7a d&#8217;aparcament i una petita bugaderia. La ubicaci\u00f3 \u00e9s excepcional: les platges naturals de Cala Mondrag\u00f3 i l&#8217;encantador poble pesquer de Cala Figuera es troben a pocs minuts, mentre que la popular ciutat de Santany\u00ed, amb tots els seus serveis, es troba a nom\u00e9s 10 minuts amb cotxe.<\/p>\n","protected":false},"excerpt":{"rendered":"<p>Un somni mediterrani al sud-est de Mallorca Un somni mediterrani al sud-est de Mallorca. Un somni mediterrani al sud-est de Mallorca. Descobreix la casa dels teus somnis a la cobejada regi\u00f3 de Santany\u00ed, al cor del Parc Natural de Mondrag\u00f3. Us presentem aquesta magn\u00edfica casa de 283 m\u00b2, constru\u00efda l&#8217;any 2001, en una generosa parcel\u00b7la [&hellip;]<\/p>\n","protected":false},"author":1,"featured_media":194919,"parent":0,"menu_order":0,"template":"","property_type":[2161],"property_status":[2096,2103],"property_feature":[1801,1867,1851,1853,1870,1803,1871,1929,1805,1806,1953,1945,1809,1810,1811,1897,1813,1898],"property_label":[],"property_country":[],"property_state":[],"property_city":[635],"property_area":[637],"class_list":["post-194924","property","type-property","status-publish","has-post-thumbnail","hentry","property_type-chalet-ca","property_status-venta","property_status-venta-ca","property_feature-arboles-ca","property_feature-arma_empo-ca","property_feature-arma_empo","property_feature-balcon","property_feature-balcon-ca","property_feature-calefaccion-ca","property_feature-cocina_inde-ca","property_feature-costa-ca","property_feature-electro-ca","property_feature-jardin-ca","property_feature-linea_tlf-ca","property_feature-linea_tlf","property_feature-muebles-ca","property_feature-parking-ca","property_feature-piscina_prop-ca","property_feature-terraza-ca","property_feature-vallado-ca","property_feature-vistasalmar-ca","property_city-santanyi","property_area-cala-figuera"],"acf":[],"property_meta":{"_apg_property_user_edited":["1"],"fave_property_id":["DRAC-CV1553GE"],"fave_property_location":["39.336573357135,3.1832995214537,15"],"houzez_geolocation_lat":["39.336573357135"],"houzez_geolocation_long":["3.1832995214537"],"fave_property_price":["1490000"],"fave_property_rent_or_sale":["sale"],"fave_property_year":[null],"fave_property_size_prefix":["m2"],"fave_property_land_postfix":["m2"],"fave_property_size":["283"],"fave_property_land":["1037"],"fave_property_bedrooms":["4"],"fave_property_bathrooms":["3"],"fave_property_map_address":["Cala Figuera, 07690 Santany\u00ed"],"fave_property_address":[" , Santany\u00ed 07690"],"fave_property_zip":["07690"],"fave_property_postal_code":["07690"],"fave_property_map":["1"],"apg_is_using_remote_image_url":["1"],"apg_using_remote_image_urls":["[{\"multimedia_type\":\"Picture\",\"picture_url\":\"https:\/\/fotos15.inmovilla.com\/12732\/26230175\/12-1.jpg\",\"position\":1,\"picture_id\":1,\"media_id\":144853,\"post_id\":194918,\"id\":1,\"attachment_id\":0,\"url\":\"https:\/\/fotos15.inmovilla.com\/12732\/26230175\/12-1.jpg\",\"basename\":\"12-1.jpg\",\"created_date\":\"2026-04-30 15:06:15\",\"is_downloaded\":0,\"is_using_remote\":0},{\"multimedia_type\":\"Picture\",\"picture_url\":\"https:\/\/fotos15.inmovilla.com\/12732\/26230175\/12-2.jpg\",\"position\":2,\"picture_id\":2,\"media_id\":144854,\"post_id\":194918,\"id\":2,\"attachment_id\":0,\"url\":\"https:\/\/fotos15.inmovilla.com\/12732\/26230175\/12-2.jpg\",\"basename\":\"12-2.jpg\",\"created_date\":\"2026-04-30 15:06:15\",\"is_downloaded\":0,\"is_using_remote\":1},{\"multimedia_type\":\"Picture\",\"picture_url\":\"https:\/\/fotos15.inmovilla.com\/12732\/26230175\/12-3.jpg\",\"position\":3,\"picture_id\":3,\"media_id\":144855,\"post_id\":194918,\"id\":3,\"attachment_id\":0,\"url\":\"https:\/\/fotos15.inmovilla.com\/12732\/26230175\/12-3.jpg\",\"basename\":\"12-3.jpg\",\"created_date\":\"2026-04-30 15:06:15\",\"is_downloaded\":0,\"is_using_remote\":1},{\"multimedia_type\":\"Picture\",\"picture_url\":\"https:\/\/fotos15.inmovilla.com\/12732\/26230175\/12-4.jpg\",\"position\":4,\"picture_id\":4,\"media_id\":144856,\"post_id\":194918,\"id\":4,\"attachment_id\":0,\"url\":\"https:\/\/fotos15.inmovilla.com\/12732\/26230175\/12-4.jpg\",\"basename\":\"12-4.jpg\",\"created_date\":\"2026-04-30 15:06:15\",\"is_downloaded\":0,\"is_using_remote\":1},{\"multimedia_type\":\"Picture\",\"picture_url\":\"https:\/\/fotos15.inmovilla.com\/12732\/26230175\/12-5.jpg\",\"position\":5,\"picture_id\":5,\"media_id\":144857,\"post_id\":194918,\"id\":5,\"attachment_id\":0,\"url\":\"https:\/\/fotos15.inmovilla.com\/12732\/26230175\/12-5.jpg\",\"basename\":\"12-5.jpg\",\"created_date\":\"2026-04-30 15:06:15\",\"is_downloaded\":0,\"is_using_remote\":1},{\"multimedia_type\":\"Picture\",\"picture_url\":\"https:\/\/fotos15.inmovilla.com\/12732\/26230175\/12-6.jpg\",\"position\":6,\"picture_id\":6,\"media_id\":144858,\"post_id\":194918,\"id\":6,\"attachment_id\":0,\"url\":\"https:\/\/fotos15.inmovilla.com\/12732\/26230175\/12-6.jpg\",\"basename\":\"12-6.jpg\",\"created_date\":\"2026-04-30 15:06:15\",\"is_downloaded\":0,\"is_using_remote\":1},{\"multimedia_type\":\"Picture\",\"picture_url\":\"https:\/\/fotos15.inmovilla.com\/12732\/26230175\/12-7.jpg\",\"position\":7,\"picture_id\":7,\"media_id\":144859,\"post_id\":194918,\"id\":7,\"attachment_id\":0,\"url\":\"https:\/\/fotos15.inmovilla.com\/12732\/26230175\/12-7.jpg\",\"basename\":\"12-7.jpg\",\"created_date\":\"2026-04-30 15:06:15\",\"is_downloaded\":0,\"is_using_remote\":1},{\"multimedia_type\":\"Picture\",\"picture_url\":\"https:\/\/fotos15.inmovilla.com\/12732\/26230175\/12-8.jpg\",\"position\":8,\"picture_id\":8,\"media_id\":144860,\"post_id\":194918,\"id\":8,\"attachment_id\":0,\"url\":\"https:\/\/fotos15.inmovilla.com\/12732\/26230175\/12-8.jpg\",\"basename\":\"12-8.jpg\",\"created_date\":\"2026-04-30 15:06:15\",\"is_downloaded\":0,\"is_using_remote\":1},{\"multimedia_type\":\"Picture\",\"picture_url\":\"https:\/\/fotos15.inmovilla.com\/12732\/26230175\/12-9.jpg\",\"position\":9,\"picture_id\":9,\"media_id\":144861,\"post_id\":194918,\"id\":9,\"attachment_id\":0,\"url\":\"https:\/\/fotos15.inmovilla.com\/12732\/26230175\/12-9.jpg\",\"basename\":\"12-9.jpg\",\"created_date\":\"2026-04-30 15:06:15\",\"is_downloaded\":0,\"is_using_remote\":1},{\"multimedia_type\":\"Picture\",\"picture_url\":\"https:\/\/fotos15.inmovilla.com\/12732\/26230175\/12-10.jpg\",\"position\":10,\"picture_id\":10,\"media_id\":144862,\"post_id\":194918,\"id\":10,\"attachment_id\":0,\"url\":\"https:\/\/fotos15.inmovilla.com\/12732\/26230175\/12-10.jpg\",\"basename\":\"12-10.jpg\",\"created_date\":\"2026-04-30 15:06:15\",\"is_downloaded\":0,\"is_using_remote\":1},{\"multimedia_type\":\"Picture\",\"picture_url\":\"https:\/\/fotos15.inmovilla.com\/12732\/26230175\/12-11.jpg\",\"position\":11,\"picture_id\":11,\"media_id\":144863,\"post_id\":194918,\"id\":11,\"attachment_id\":0,\"url\":\"https:\/\/fotos15.inmovilla.com\/12732\/26230175\/12-11.jpg\",\"basename\":\"12-11.jpg\",\"created_date\":\"2026-04-30 15:06:15\",\"is_downloaded\":0,\"is_using_remote\":1},{\"multimedia_type\":\"Picture\",\"picture_url\":\"https:\/\/fotos15.inmovilla.com\/12732\/26230175\/12-12.jpg\",\"position\":12,\"picture_id\":12,\"media_id\":144864,\"post_id\":194918,\"id\":12,\"attachment_id\":0,\"url\":\"https:\/\/fotos15.inmovilla.com\/12732\/26230175\/12-12.jpg\",\"basename\":\"12-12.jpg\",\"created_date\":\"2026-04-30 15:06:15\",\"is_downloaded\":0,\"is_using_remote\":1},{\"multimedia_type\":\"Picture\",\"picture_url\":\"https:\/\/fotos15.inmovilla.com\/12732\/26230175\/12-13.jpg\",\"position\":13,\"picture_id\":13,\"media_id\":144865,\"post_id\":194918,\"id\":13,\"attachment_id\":0,\"url\":\"https:\/\/fotos15.inmovilla.com\/12732\/26230175\/12-13.jpg\",\"basename\":\"12-13.jpg\",\"created_date\":\"2026-04-30 15:06:15\",\"is_downloaded\":0,\"is_using_remote\":1},{\"multimedia_type\":\"Picture\",\"picture_url\":\"https:\/\/fotos15.inmovilla.com\/12732\/26230175\/12-14.jpg\",\"position\":14,\"picture_id\":14,\"media_id\":144866,\"post_id\":194918,\"id\":14,\"attachment_id\":0,\"url\":\"https:\/\/fotos15.inmovilla.com\/12732\/26230175\/12-14.jpg\",\"basename\":\"12-14.jpg\",\"created_date\":\"2026-04-30 15:06:15\",\"is_downloaded\":0,\"is_using_remote\":1},{\"multimedia_type\":\"Picture\",\"picture_url\":\"https:\/\/fotos15.inmovilla.com\/12732\/26230175\/12-15.jpg\",\"position\":15,\"picture_id\":15,\"media_id\":144867,\"post_id\":194918,\"id\":15,\"attachment_id\":0,\"url\":\"https:\/\/fotos15.inmovilla.com\/12732\/26230175\/12-15.jpg\",\"basename\":\"12-15.jpg\",\"created_date\":\"2026-04-30 15:06:15\",\"is_downloaded\":0,\"is_using_remote\":1},{\"multimedia_type\":\"Picture\",\"picture_url\":\"https:\/\/fotos15.inmovilla.com\/12732\/26230175\/12-16.jpg\",\"position\":16,\"picture_id\":16,\"media_id\":144868,\"post_id\":194918,\"id\":16,\"attachment_id\":0,\"url\":\"https:\/\/fotos15.inmovilla.com\/12732\/26230175\/12-16.jpg\",\"basename\":\"12-16.jpg\",\"created_date\":\"2026-04-30 15:06:15\",\"is_downloaded\":0,\"is_using_remote\":1},{\"multimedia_type\":\"Picture\",\"picture_url\":\"https:\/\/fotos15.inmovilla.com\/12732\/26230175\/12-17.jpg\",\"position\":17,\"picture_id\":17,\"media_id\":144869,\"post_id\":194918,\"id\":17,\"attachment_id\":0,\"url\":\"https:\/\/fotos15.inmovilla.com\/12732\/26230175\/12-17.jpg\",\"basename\":\"12-17.jpg\",\"created_date\":\"2026-04-30 15:06:15\",\"is_downloaded\":0,\"is_using_remote\":1},{\"multimedia_type\":\"Picture\",\"picture_url\":\"https:\/\/fotos15.inmovilla.com\/12732\/26230175\/12-18.jpg\",\"position\":18,\"picture_id\":18,\"media_id\":144870,\"post_id\":194918,\"id\":18,\"attachment_id\":0,\"url\":\"https:\/\/fotos15.inmovilla.com\/12732\/26230175\/12-18.jpg\",\"basename\":\"12-18.jpg\",\"created_date\":\"2026-04-30 15:06:15\",\"is_downloaded\":0,\"is_using_remote\":1},{\"multimedia_type\":\"Picture\",\"picture_url\":\"https:\/\/fotos15.inmovilla.com\/12732\/26230175\/12-19.jpg\",\"position\":19,\"picture_id\":19,\"media_id\":144871,\"post_id\":194918,\"id\":19,\"attachment_id\":0,\"url\":\"https:\/\/fotos15.inmovilla.com\/12732\/26230175\/12-19.jpg\",\"basename\":\"12-19.jpg\",\"created_date\":\"2026-04-30 15:06:15\",\"is_downloaded\":0,\"is_using_remote\":1},{\"multimedia_type\":\"Picture\",\"picture_url\":\"https:\/\/fotos15.inmovilla.com\/12732\/26230175\/12-20.jpg\",\"position\":20,\"picture_id\":20,\"media_id\":144872,\"post_id\":194918,\"id\":20,\"attachment_id\":0,\"url\":\"https:\/\/fotos15.inmovilla.com\/12732\/26230175\/12-20.jpg\",\"basename\":\"12-20.jpg\",\"created_date\":\"2026-04-30 15:06:15\",\"is_downloaded\":0,\"is_using_remote\":1},{\"multimedia_type\":\"Picture\",\"picture_url\":\"https:\/\/fotos15.inmovilla.com\/12732\/26230175\/12-21.jpg\",\"position\":21,\"picture_id\":21,\"media_id\":144873,\"post_id\":194918,\"id\":21,\"attachment_id\":0,\"url\":\"https:\/\/fotos15.inmovilla.com\/12732\/26230175\/12-21.jpg\",\"basename\":\"12-21.jpg\",\"created_date\":\"2026-04-30 15:06:15\",\"is_downloaded\":0,\"is_using_remote\":1},{\"multimedia_type\":\"Picture\",\"picture_url\":\"https:\/\/fotos15.inmovilla.com\/12732\/26230175\/12-22.jpg\",\"position\":22,\"picture_id\":22,\"media_id\":144874,\"post_id\":194918,\"id\":22,\"attachment_id\":0,\"url\":\"https:\/\/fotos15.inmovilla.com\/12732\/26230175\/12-22.jpg\",\"basename\":\"12-22.jpg\",\"created_date\":\"2026-04-30 15:06:15\",\"is_downloaded\":0,\"is_using_remote\":1},{\"multimedia_type\":\"Picture\",\"picture_url\":\"https:\/\/fotos15.inmovilla.com\/12732\/26230175\/12-23.jpg\",\"position\":23,\"picture_id\":23,\"media_id\":144875,\"post_id\":194918,\"id\":23,\"attachment_id\":0,\"url\":\"https:\/\/fotos15.inmovilla.com\/12732\/26230175\/12-23.jpg\",\"basename\":\"12-23.jpg\",\"created_date\":\"2026-04-30 15:06:15\",\"is_downloaded\":0,\"is_using_remote\":1},{\"multimedia_type\":\"Picture\",\"picture_url\":\"https:\/\/fotos15.inmovilla.com\/12732\/26230175\/12-24.jpg\",\"position\":24,\"picture_id\":24,\"media_id\":144876,\"post_id\":194918,\"id\":24,\"attachment_id\":0,\"url\":\"https:\/\/fotos15.inmovilla.com\/12732\/26230175\/12-24.jpg\",\"basename\":\"12-24.jpg\",\"created_date\":\"2026-04-30 15:06:15\",\"is_downloaded\":0,\"is_using_remote\":1},{\"multimedia_type\":\"Picture\",\"picture_url\":\"https:\/\/fotos15.inmovilla.com\/12732\/26230175\/12-25.jpg\",\"position\":25,\"picture_id\":25,\"media_id\":144877,\"post_id\":194918,\"id\":25,\"attachment_id\":0,\"url\":\"https:\/\/fotos15.inmovilla.com\/12732\/26230175\/12-25.jpg\",\"basename\":\"12-25.jpg\",\"created_date\":\"2026-04-30 15:06:15\",\"is_downloaded\":0,\"is_using_remote\":1},{\"multimedia_type\":\"Picture\",\"picture_url\":\"https:\/\/fotos15.inmovilla.com\/12732\/26230175\/12-26.jpg\",\"position\":26,\"picture_id\":26,\"media_id\":144878,\"post_id\":194918,\"id\":26,\"attachment_id\":0,\"url\":\"https:\/\/fotos15.inmovilla.com\/12732\/26230175\/12-26.jpg\",\"basename\":\"12-26.jpg\",\"created_date\":\"2026-04-30 15:06:15\",\"is_downloaded\":0,\"is_using_remote\":1},{\"multimedia_type\":\"Picture\",\"picture_url\":\"https:\/\/fotos15.inmovilla.com\/12732\/26230175\/12-27.jpg\",\"position\":27,\"picture_id\":27,\"media_id\":144879,\"post_id\":194918,\"id\":27,\"attachment_id\":0,\"url\":\"https:\/\/fotos15.inmovilla.com\/12732\/26230175\/12-27.jpg\",\"basename\":\"12-27.jpg\",\"created_date\":\"2026-04-30 15:06:15\",\"is_downloaded\":0,\"is_using_remote\":1},{\"multimedia_type\":\"Picture\",\"picture_url\":\"https:\/\/fotos15.inmovilla.com\/12732\/26230175\/12-28.jpg\",\"position\":28,\"picture_id\":28,\"media_id\":144880,\"post_id\":194918,\"id\":28,\"attachment_id\":0,\"url\":\"https:\/\/fotos15.inmovilla.com\/12732\/26230175\/12-28.jpg\",\"basename\":\"12-28.jpg\",\"created_date\":\"2026-04-30 15:06:15\",\"is_downloaded\":0,\"is_using_remote\":1},{\"multimedia_type\":\"Picture\",\"picture_url\":\"https:\/\/fotos15.inmovilla.com\/12732\/26230175\/12-29.jpg\",\"position\":29,\"picture_id\":29,\"media_id\":144881,\"post_id\":194918,\"id\":29,\"attachment_id\":0,\"url\":\"https:\/\/fotos15.inmovilla.com\/12732\/26230175\/12-29.jpg\",\"basename\":\"12-29.jpg\",\"created_date\":\"2026-04-30 15:06:15\",\"is_downloaded\":0,\"is_using_remote\":1},{\"multimedia_type\":\"Picture\",\"picture_url\":\"https:\/\/fotos15.inmovilla.com\/12732\/26230175\/12-30.jpg\",\"position\":30,\"picture_id\":30,\"media_id\":144882,\"post_id\":194918,\"id\":30,\"attachment_id\":0,\"url\":\"https:\/\/fotos15.inmovilla.com\/12732\/26230175\/12-30.jpg\",\"basename\":\"12-30.jpg\",\"created_date\":\"2026-04-30 15:06:15\",\"is_downloaded\":0,\"is_using_remote\":1},{\"multimedia_type\":\"Picture\",\"picture_url\":\"https:\/\/fotos15.inmovilla.com\/12732\/26230175\/12-31.jpg\",\"position\":31,\"picture_id\":31,\"media_id\":144883,\"post_id\":194918,\"id\":31,\"attachment_id\":0,\"url\":\"https:\/\/fotos15.inmovilla.com\/12732\/26230175\/12-31.jpg\",\"basename\":\"12-31.jpg\",\"created_date\":\"2026-04-30 15:06:15\",\"is_downloaded\":0,\"is_using_remote\":1},{\"multimedia_type\":\"Picture\",\"picture_url\":\"https:\/\/fotos15.inmovilla.com\/12732\/26230175\/12-32.jpg\",\"position\":32,\"picture_id\":32,\"media_id\":144884,\"post_id\":194918,\"id\":32,\"attachment_id\":0,\"url\":\"https:\/\/fotos15.inmovilla.com\/12732\/26230175\/12-32.jpg\",\"basename\":\"12-32.jpg\",\"created_date\":\"2026-04-30 15:06:15\",\"is_downloaded\":0,\"is_using_remote\":1},{\"multimedia_type\":\"Picture\",\"picture_url\":\"https:\/\/fotos15.inmovilla.com\/12732\/26230175\/12-33.jpg\",\"position\":33,\"picture_id\":33,\"media_id\":144885,\"post_id\":194918,\"id\":33,\"attachment_id\":0,\"url\":\"https:\/\/fotos15.inmovilla.com\/12732\/26230175\/12-33.jpg\",\"basename\":\"12-33.jpg\",\"created_date\":\"2026-04-30 15:06:15\",\"is_downloaded\":0,\"is_using_remote\":1},{\"multimedia_type\":\"Picture\",\"picture_url\":\"https:\/\/fotos15.inmovilla.com\/12732\/26230175\/12-34.jpg\",\"position\":34,\"picture_id\":34,\"media_id\":144886,\"post_id\":194918,\"id\":34,\"attachment_id\":0,\"url\":\"https:\/\/fotos15.inmovilla.com\/12732\/26230175\/12-34.jpg\",\"basename\":\"12-34.jpg\",\"created_date\":\"2026-04-30 15:06:15\",\"is_downloaded\":0,\"is_using_remote\":1},{\"multimedia_type\":\"Picture\",\"picture_url\":\"https:\/\/fotos15.inmovilla.com\/12732\/26230175\/12-35.jpg\",\"position\":35,\"picture_id\":35,\"media_id\":144887,\"post_id\":194918,\"id\":35,\"attachment_id\":0,\"url\":\"https:\/\/fotos15.inmovilla.com\/12732\/26230175\/12-35.jpg\",\"basename\":\"12-35.jpg\",\"created_date\":\"2026-04-30 15:06:15\",\"is_downloaded\":0,\"is_using_remote\":1},{\"multimedia_type\":\"Picture\",\"picture_url\":\"https:\/\/fotos15.inmovilla.com\/12732\/26230175\/12-36.jpg\",\"position\":36,\"picture_id\":36,\"media_id\":144888,\"post_id\":194918,\"id\":36,\"attachment_id\":0,\"url\":\"https:\/\/fotos15.inmovilla.com\/12732\/26230175\/12-36.jpg\",\"basename\":\"12-36.jpg\",\"created_date\":\"2026-04-30 15:06:15\",\"is_downloaded\":0,\"is_using_remote\":1},{\"multimedia_type\":\"Picture\",\"picture_url\":\"https:\/\/fotos15.inmovilla.com\/12732\/26230175\/12-37.jpg\",\"position\":37,\"picture_id\":37,\"media_id\":144889,\"post_id\":194918,\"id\":37,\"attachment_id\":0,\"url\":\"https:\/\/fotos15.inmovilla.com\/12732\/26230175\/12-37.jpg\",\"basename\":\"12-37.jpg\",\"created_date\":\"2026-04-30 15:06:15\",\"is_downloaded\":0,\"is_using_remote\":1},{\"multimedia_type\":\"Picture\",\"picture_url\":\"https:\/\/fotos15.inmovilla.com\/12732\/26230175\/12-38.jpg\",\"position\":38,\"picture_id\":38,\"media_id\":144890,\"post_id\":194918,\"id\":38,\"attachment_id\":0,\"url\":\"https:\/\/fotos15.inmovilla.com\/12732\/26230175\/12-38.jpg\",\"basename\":\"12-38.jpg\",\"created_date\":\"2026-04-30 15:06:15\",\"is_downloaded\":0,\"is_using_remote\":1},{\"multimedia_type\":\"Picture\",\"picture_url\":\"https:\/\/fotos15.inmovilla.com\/12732\/26230175\/12-39.jpg\",\"position\":39,\"picture_id\":39,\"media_id\":144891,\"post_id\":194918,\"id\":39,\"attachment_id\":0,\"url\":\"https:\/\/fotos15.inmovilla.com\/12732\/26230175\/12-39.jpg\",\"basename\":\"12-39.jpg\",\"created_date\":\"2026-04-30 15:06:15\",\"is_downloaded\":0,\"is_using_remote\":1},{\"multimedia_type\":\"Picture\",\"picture_url\":\"https:\/\/fotos15.inmovilla.com\/12732\/26230175\/12-40.jpg\",\"position\":40,\"picture_id\":40,\"media_id\":144892,\"post_id\":194918,\"id\":40,\"attachment_id\":0,\"url\":\"https:\/\/fotos15.inmovilla.com\/12732\/26230175\/12-40.jpg\",\"basename\":\"12-40.jpg\",\"created_date\":\"2026-04-30 15:06:15\",\"is_downloaded\":0,\"is_using_remote\":1},{\"multimedia_type\":\"Picture\",\"picture_url\":\"https:\/\/fotos15.inmovilla.com\/12732\/26230175\/12-41.jpg\",\"position\":41,\"picture_id\":41,\"media_id\":144893,\"post_id\":194918,\"id\":41,\"attachment_id\":0,\"url\":\"https:\/\/fotos15.inmovilla.com\/12732\/26230175\/12-41.jpg\",\"basename\":\"12-41.jpg\",\"created_date\":\"2026-04-30 15:06:15\",\"is_downloaded\":0,\"is_using_remote\":1},{\"multimedia_type\":\"Picture\",\"picture_url\":\"https:\/\/fotos15.inmovilla.com\/12732\/26230175\/12-42.jpg\",\"position\":42,\"picture_id\":42,\"media_id\":144894,\"post_id\":194918,\"id\":42,\"attachment_id\":0,\"url\":\"https:\/\/fotos15.inmovilla.com\/12732\/26230175\/12-42.jpg\",\"basename\":\"12-42.jpg\",\"created_date\":\"2026-04-30 15:06:15\",\"is_downloaded\":0,\"is_using_remote\":1},{\"multimedia_type\":\"Picture\",\"picture_url\":\"https:\/\/fotos15.inmovilla.com\/12732\/26230175\/12-43.jpg\",\"position\":43,\"picture_id\":43,\"media_id\":144895,\"post_id\":194918,\"id\":43,\"attachment_id\":0,\"url\":\"https:\/\/fotos15.inmovilla.com\/12732\/26230175\/12-43.jpg\",\"basename\":\"12-43.jpg\",\"created_date\":\"2026-04-30 15:06:15\",\"is_downloaded\":0,\"is_using_remote\":1},{\"multimedia_type\":\"Picture\",\"picture_url\":\"https:\/\/fotos15.inmovilla.com\/12732\/26230175\/12-44.jpg\",\"position\":44,\"picture_id\":44,\"media_id\":144896,\"post_id\":194918,\"id\":44,\"attachment_id\":0,\"url\":\"https:\/\/fotos15.inmovilla.com\/12732\/26230175\/12-44.jpg\",\"basename\":\"12-44.jpg\",\"created_date\":\"2026-04-30 15:06:15\",\"is_downloaded\":0,\"is_using_remote\":1}]"],"_thumbnail_id":["194919"],"fave_property_images":["194919"],"apg_property_id":["26230175"],"_wpml_word_count":["358"],"_eael_post_view_count":["4"],"houzez_recently_viewed":["2026-05-01 14:59:25"],"houzez_total_property_views":["4"],"houzez_views_by_date":["a:2:{s:10:\"04-30-2026\";i:2;s:10:\"05-01-2026\";i:2;}"],"_elementor_page_assets":["a:0:{}"]},"yoast_head":"<!-- This site is optimized with the Yoast SEO plugin v27.5 - https:\/\/yoast.com\/product\/yoast-seo-wordpress\/ -->\n<title>Un somni mediterrani al sud-est de Mallorca - RE\/MAX Drac<\/title>\n<meta name=\"robots\" content=\"index, follow, max-snippet:-1, max-image-preview:large, max-video-preview:-1\" \/>\n<link rel=\"canonical\" href=\"https:\/\/www.santanyi.net\/ca\/property\/un-somni-mediterrani-al-sud-est-de-mallorca-2\/\" \/>\n<meta property=\"og:locale\" content=\"ca_ES\" \/>\n<meta property=\"og:type\" content=\"article\" \/>\n<meta property=\"og:title\" content=\"Un somni mediterrani al sud-est de Mallorca - RE\/MAX Drac\" \/>\n<meta property=\"og:description\" content=\"Un somni mediterrani al sud-est de Mallorca Un somni mediterrani al sud-est de Mallorca. Un somni mediterrani al sud-est de Mallorca. Descobreix la casa dels teus somnis a la cobejada regi\u00f3 de Santany\u00ed, al cor del Parc Natural de Mondrag\u00f3. Us presentem aquesta magn\u00edfica casa de 283 m\u00b2, constru\u00efda l&#8217;any 2001, en una generosa parcel\u00b7la [&hellip;]\" \/>\n<meta property=\"og:url\" content=\"https:\/\/www.santanyi.net\/ca\/property\/un-somni-mediterrani-al-sud-est-de-mallorca-2\/\" \/>\n<meta property=\"og:site_name\" content=\"RE\/MAX Drac\" \/>\n<meta property=\"article:modified_time\" content=\"2026-05-01T06:05:49+00:00\" \/>\n<meta property=\"og:image\" content=\"https:\/\/www.santanyi.net\/wp-content\/uploads\/anaconda_property_media\/26230175-194918\/12-1.jpg\" \/>\n\t<meta property=\"og:image:width\" content=\"1920\" \/>\n\t<meta property=\"og:image:height\" content=\"1440\" \/>\n\t<meta property=\"og:image:type\" content=\"image\/jpeg\" \/>\n<meta name=\"twitter:card\" content=\"summary_large_image\" \/>\n<meta name=\"twitter:label1\" content=\"Temps estimat de lectura\" \/>\n\t<meta name=\"twitter:data1\" content=\"2 minuts\" \/>\n<script type=\"application\/ld+json\" class=\"yoast-schema-graph\">{\"@context\":\"https:\\\/\\\/schema.org\",\"@graph\":[{\"@type\":\"WebPage\",\"@id\":\"https:\\\/\\\/www.santanyi.net\\\/ca\\\/property\\\/un-somni-mediterrani-al-sud-est-de-mallorca-2\\\/\",\"url\":\"https:\\\/\\\/www.santanyi.net\\\/ca\\\/property\\\/un-somni-mediterrani-al-sud-est-de-mallorca-2\\\/\",\"name\":\"Un somni mediterrani al sud-est de Mallorca - RE\\\/MAX Drac\",\"isPartOf\":{\"@id\":\"https:\\\/\\\/www.santanyi.net\\\/ca\\\/#website\"},\"primaryImageOfPage\":{\"@id\":\"https:\\\/\\\/www.santanyi.net\\\/ca\\\/property\\\/un-somni-mediterrani-al-sud-est-de-mallorca-2\\\/#primaryimage\"},\"image\":{\"@id\":\"https:\\\/\\\/www.santanyi.net\\\/ca\\\/property\\\/un-somni-mediterrani-al-sud-est-de-mallorca-2\\\/#primaryimage\"},\"thumbnailUrl\":\"https:\\\/\\\/www.santanyi.net\\\/wp-content\\\/uploads\\\/anaconda_property_media\\\/26230175-194918\\\/12-1.jpg\",\"datePublished\":\"2026-04-30T15:06:15+00:00\",\"dateModified\":\"2026-05-01T06:05:49+00:00\",\"breadcrumb\":{\"@id\":\"https:\\\/\\\/www.santanyi.net\\\/ca\\\/property\\\/un-somni-mediterrani-al-sud-est-de-mallorca-2\\\/#breadcrumb\"},\"inLanguage\":\"ca\",\"potentialAction\":[{\"@type\":\"ReadAction\",\"target\":[\"https:\\\/\\\/www.santanyi.net\\\/ca\\\/property\\\/un-somni-mediterrani-al-sud-est-de-mallorca-2\\\/\"]}]},{\"@type\":\"ImageObject\",\"inLanguage\":\"ca\",\"@id\":\"https:\\\/\\\/www.santanyi.net\\\/ca\\\/property\\\/un-somni-mediterrani-al-sud-est-de-mallorca-2\\\/#primaryimage\",\"url\":\"https:\\\/\\\/www.santanyi.net\\\/wp-content\\\/uploads\\\/anaconda_property_media\\\/26230175-194918\\\/12-1.jpg\",\"contentUrl\":\"https:\\\/\\\/www.santanyi.net\\\/wp-content\\\/uploads\\\/anaconda_property_media\\\/26230175-194918\\\/12-1.jpg\",\"width\":1920,\"height\":1440},{\"@type\":\"BreadcrumbList\",\"@id\":\"https:\\\/\\\/www.santanyi.net\\\/ca\\\/property\\\/un-somni-mediterrani-al-sud-est-de-mallorca-2\\\/#breadcrumb\",\"itemListElement\":[{\"@type\":\"ListItem\",\"position\":1,\"name\":\"Home\",\"item\":\"https:\\\/\\\/www.santanyi.net\\\/ca\\\/\"},{\"@type\":\"ListItem\",\"position\":2,\"name\":\"Properties\",\"item\":\"https:\\\/\\\/www.santanyi.net\\\/ca\\\/property\\\/\"},{\"@type\":\"ListItem\",\"position\":3,\"name\":\"Un somni mediterrani al sud-est de Mallorca\"}]},{\"@type\":\"WebSite\",\"@id\":\"https:\\\/\\\/www.santanyi.net\\\/ca\\\/#website\",\"url\":\"https:\\\/\\\/www.santanyi.net\\\/ca\\\/\",\"name\":\"RE\\\/MAX Drac\",\"description\":\"\",\"publisher\":{\"@id\":\"https:\\\/\\\/www.santanyi.net\\\/ca\\\/#organization\"},\"potentialAction\":[{\"@type\":\"SearchAction\",\"target\":{\"@type\":\"EntryPoint\",\"urlTemplate\":\"https:\\\/\\\/www.santanyi.net\\\/ca\\\/?s={search_term_string}\"},\"query-input\":{\"@type\":\"PropertyValueSpecification\",\"valueRequired\":true,\"valueName\":\"search_term_string\"}}],\"inLanguage\":\"ca\"},{\"@type\":\"Organization\",\"@id\":\"https:\\\/\\\/www.santanyi.net\\\/ca\\\/#organization\",\"name\":\"RE\\\/MAX Drac\",\"url\":\"https:\\\/\\\/www.santanyi.net\\\/ca\\\/\",\"logo\":{\"@type\":\"ImageObject\",\"inLanguage\":\"ca\",\"@id\":\"https:\\\/\\\/www.santanyi.net\\\/ca\\\/#\\\/schema\\\/logo\\\/image\\\/\",\"url\":\"https:\\\/\\\/www.santanyi.net\\\/wp-content\\\/uploads\\\/2025\\\/07\\\/logo-nuevo.png\",\"contentUrl\":\"https:\\\/\\\/www.santanyi.net\\\/wp-content\\\/uploads\\\/2025\\\/07\\\/logo-nuevo.png\",\"width\":295,\"height\":165,\"caption\":\"RE\\\/MAX Drac\"},\"image\":{\"@id\":\"https:\\\/\\\/www.santanyi.net\\\/ca\\\/#\\\/schema\\\/logo\\\/image\\\/\"}}]}<\/script>\n<!-- \/ Yoast SEO plugin. -->","yoast_head_json":{"title":"Un somni mediterrani al sud-est de Mallorca - RE\/MAX Drac","robots":{"index":"index","follow":"follow","max-snippet":"max-snippet:-1","max-image-preview":"max-image-preview:large","max-video-preview":"max-video-preview:-1"},"canonical":"https:\/\/www.santanyi.net\/ca\/property\/un-somni-mediterrani-al-sud-est-de-mallorca-2\/","og_locale":"ca_ES","og_type":"article","og_title":"Un somni mediterrani al sud-est de Mallorca - RE\/MAX Drac","og_description":"Un somni mediterrani al sud-est de Mallorca Un somni mediterrani al sud-est de Mallorca. Un somni mediterrani al sud-est de Mallorca. Descobreix la casa dels teus somnis a la cobejada regi\u00f3 de Santany\u00ed, al cor del Parc Natural de Mondrag\u00f3. Us presentem aquesta magn\u00edfica casa de 283 m\u00b2, constru\u00efda l&#8217;any 2001, en una generosa parcel\u00b7la [&hellip;]","og_url":"https:\/\/www.santanyi.net\/ca\/property\/un-somni-mediterrani-al-sud-est-de-mallorca-2\/","og_site_name":"RE\/MAX Drac","article_modified_time":"2026-05-01T06:05:49+00:00","og_image":[{"width":1920,"height":1440,"url":"https:\/\/www.santanyi.net\/wp-content\/uploads\/anaconda_property_media\/26230175-194918\/12-1.jpg","type":"image\/jpeg"}],"twitter_card":"summary_large_image","twitter_misc":{"Temps estimat de lectura":"2 minuts"},"schema":{"@context":"https:\/\/schema.org","@graph":[{"@type":"WebPage","@id":"https:\/\/www.santanyi.net\/ca\/property\/un-somni-mediterrani-al-sud-est-de-mallorca-2\/","url":"https:\/\/www.santanyi.net\/ca\/property\/un-somni-mediterrani-al-sud-est-de-mallorca-2\/","name":"Un somni mediterrani al sud-est de Mallorca - RE\/MAX Drac","isPartOf":{"@id":"https:\/\/www.santanyi.net\/ca\/#website"},"primaryImageOfPage":{"@id":"https:\/\/www.santanyi.net\/ca\/property\/un-somni-mediterrani-al-sud-est-de-mallorca-2\/#primaryimage"},"image":{"@id":"https:\/\/www.santanyi.net\/ca\/property\/un-somni-mediterrani-al-sud-est-de-mallorca-2\/#primaryimage"},"thumbnailUrl":"https:\/\/www.santanyi.net\/wp-content\/uploads\/anaconda_property_media\/26230175-194918\/12-1.jpg","datePublished":"2026-04-30T15:06:15+00:00","dateModified":"2026-05-01T06:05:49+00:00","breadcrumb":{"@id":"https:\/\/www.santanyi.net\/ca\/property\/un-somni-mediterrani-al-sud-est-de-mallorca-2\/#breadcrumb"},"inLanguage":"ca","potentialAction":[{"@type":"ReadAction","target":["https:\/\/www.santanyi.net\/ca\/property\/un-somni-mediterrani-al-sud-est-de-mallorca-2\/"]}]},{"@type":"ImageObject","inLanguage":"ca","@id":"https:\/\/www.santanyi.net\/ca\/property\/un-somni-mediterrani-al-sud-est-de-mallorca-2\/#primaryimage","url":"https:\/\/www.santanyi.net\/wp-content\/uploads\/anaconda_property_media\/26230175-194918\/12-1.jpg","contentUrl":"https:\/\/www.santanyi.net\/wp-content\/uploads\/anaconda_property_media\/26230175-194918\/12-1.jpg","width":1920,"height":1440},{"@type":"BreadcrumbList","@id":"https:\/\/www.santanyi.net\/ca\/property\/un-somni-mediterrani-al-sud-est-de-mallorca-2\/#breadcrumb","itemListElement":[{"@type":"ListItem","position":1,"name":"Home","item":"https:\/\/www.santanyi.net\/ca\/"},{"@type":"ListItem","position":2,"name":"Properties","item":"https:\/\/www.santanyi.net\/ca\/property\/"},{"@type":"ListItem","position":3,"name":"Un somni mediterrani al sud-est de Mallorca"}]},{"@type":"WebSite","@id":"https:\/\/www.santanyi.net\/ca\/#website","url":"https:\/\/www.santanyi.net\/ca\/","name":"RE\/MAX Drac","description":"","publisher":{"@id":"https:\/\/www.santanyi.net\/ca\/#organization"},"potentialAction":[{"@type":"SearchAction","target":{"@type":"EntryPoint","urlTemplate":"https:\/\/www.santanyi.net\/ca\/?s={search_term_string}"},"query-input":{"@type":"PropertyValueSpecification","valueRequired":true,"valueName":"search_term_string"}}],"inLanguage":"ca"},{"@type":"Organization","@id":"https:\/\/www.santanyi.net\/ca\/#organization","name":"RE\/MAX Drac","url":"https:\/\/www.santanyi.net\/ca\/","logo":{"@type":"ImageObject","inLanguage":"ca","@id":"https:\/\/www.santanyi.net\/ca\/#\/schema\/logo\/image\/","url":"https:\/\/www.santanyi.net\/wp-content\/uploads\/2025\/07\/logo-nuevo.png","contentUrl":"https:\/\/www.santanyi.net\/wp-content\/uploads\/2025\/07\/logo-nuevo.png","width":295,"height":165,"caption":"RE\/MAX Drac"},"image":{"@id":"https:\/\/www.santanyi.net\/ca\/#\/schema\/logo\/image\/"}}]}},"_links":{"self":[{"href":"https:\/\/www.santanyi.net\/ca\/wp-json\/wp\/v2\/properties\/194924","targetHints":{"allow":["GET"]}}],"collection":[{"href":"https:\/\/www.santanyi.net\/ca\/wp-json\/wp\/v2\/properties"}],"about":[{"href":"https:\/\/www.santanyi.net\/ca\/wp-json\/wp\/v2\/types\/property"}],"author":[{"embeddable":true,"href":"https:\/\/www.santanyi.net\/ca\/wp-json\/wp\/v2\/users\/1"}],"version-history":[{"count":2,"href":"https:\/\/www.santanyi.net\/ca\/wp-json\/wp\/v2\/properties\/194924\/revisions"}],"predecessor-version":[{"id":195979,"href":"https:\/\/www.santanyi.net\/ca\/wp-json\/wp\/v2\/properties\/194924\/revisions\/195979"}],"wp:featuredmedia":[{"embeddable":true,"href":"https:\/\/www.santanyi.net\/ca\/wp-json\/wp\/v2\/media\/194919"}],"wp:attachment":[{"href":"https:\/\/www.santanyi.net\/ca\/wp-json\/wp\/v2\/media?parent=194924"}],"wp:term":[{"taxonomy":"property_type","embeddable":true,"href":"https:\/\/www.santanyi.net\/ca\/wp-json\/wp\/v2\/property_type?post=194924"},{"taxonomy":"property_status","embeddable":true,"href":"https:\/\/www.santanyi.net\/ca\/wp-json\/wp\/v2\/property_status?post=194924"},{"taxonomy":"property_feature","embeddable":true,"href":"https:\/\/www.santanyi.net\/ca\/wp-json\/wp\/v2\/property_feature?post=194924"},{"taxonomy":"property_label","embeddable":true,"href":"https:\/\/www.santanyi.net\/ca\/wp-json\/wp\/v2\/property_label?post=194924"},{"taxonomy":"property_country","embeddable":true,"href":"https:\/\/www.santanyi.net\/ca\/wp-json\/wp\/v2\/property_country?post=194924"},{"taxonomy":"property_state","embeddable":true,"href":"https:\/\/www.santanyi.net\/ca\/wp-json\/wp\/v2\/property_state?post=194924"},{"taxonomy":"property_city","embeddable":true,"href":"https:\/\/www.santanyi.net\/ca\/wp-json\/wp\/v2\/property_city?post=194924"},{"taxonomy":"property_area","embeddable":true,"href":"https:\/\/www.santanyi.net\/ca\/wp-json\/wp\/v2\/property_area?post=194924"}],"curies":[{"name":"wp","href":"https:\/\/api.w.org\/{rel}","templated":true}]}}