
{"id":194916,"date":"2026-04-30T15:06:11","date_gmt":"2026-04-30T15:06:11","guid":{"rendered":"https:\/\/www.santanyi.net\/property\/espectacular-casa-de-pueblo-en-santanyi\/"},"modified":"2026-05-01T06:05:47","modified_gmt":"2026-05-01T06:05:47","slug":"espectacular-casa-de-pueblo-en-santanyi","status":"publish","type":"property","link":"https:\/\/www.santanyi.net\/ca\/property\/espectacular-casa-de-pueblo-en-santanyi\/","title":{"rendered":"Espectacular casa de pueblo en Santany\u00ed"},"content":{"rendered":"<p>Espectacular Casa de Poble a Santany\u00edUbicada en una zona molt tranquil\u00b7la de Santany\u00ed, aquesta impressionant casa de poble es troba a nom\u00e9s 4 minuts a peu del centre. La propietat ofereix una combinaci\u00f3 perfecta de comoditat moderna i encant tradicional mallorqu\u00ed.Planta BaixaEntrada: Acollidora i elegant, d\u00f3na la benvinguda a aquesta magn\u00edfica resid\u00e8ncia.Cuina i Sal\u00f3 Menjador: Espaisa cuina oberta que s&#8217;integra amb un sal\u00f3 menjador, oferint vistes al jard\u00ed. Ideal per gaudir de moments en fam\u00edlia i amb amics.Lavabo: Pr\u00e0ctic i convenient per a les visites.Garatge: Espai ampli per estacionar c\u00f2modament.Primer Pis3 Dormitoris Dobles: Cadasc\u00fa amb bany en suite, proporcionant privacitat i confort.Despatx: Perfecte per treballar des de casa.Col\u00b7loca: Espai funcional per a les tasques de la llar.Segon PisGran Suite: Inclou un bany amb jacuzzi, oferint un espai de relaxaci\u00f3 i luxe.Gimn\u00e0s: Equipat amb bany i sauna, ideal per mantenir un estil de vida saludable.Terrassa: \u00c0mplia terrassa amb vistes espectaculars, perfecta per gaudir del clima mediterrani.ExteriorJard\u00ed: Impressionant jard\u00ed amb piscina climatitzada, ideal per gaudir tot l&#8217; any.Porxo: Equipat amb barbacoa i bany, perfecte per a reunions a l&#8217; aire lliure.EquipamentSistema d&#8217; Aerot\u00e8rmia: Proporciona efici\u00e8ncia energ\u00e8tica i confort durant tot l&#8217; any.Ascensor i Escala: Faciliten l&#8217; acc\u00e9s a tots els nivells de la casa.Sobre Santany\u00edSantany\u00ed \u00e9s un encantador poble ubicat al sud-est de Mallorca, conegut per la seva bellesa natural i el seu ambient tranquil. Aqu\u00ed trobar\u00e0s:Platges i Cales: Santany\u00ed \u00e9s fam\u00f3s per les seves impressionants cales, com Cala Santany\u00ed, Cala Llombards i Cal\u00f3 des Moro, que ofereixen aig\u00fces cristal\u00b7lines i paisatges espectaculars.Mercats: Els dimecres i dissabtes, el mercat de Santany\u00ed omple el centre del poble amb llocs que venen productes locals, artesania i del\u00edcies gastron\u00f2miques.Patrimoni Hist\u00f2ric: El poble compta amb monuments hist\u00f2rics com l&#8217;esgl\u00e9sia de Sant Andreu i les muralles medievals.Natura: El Parc Natural de Mondrag\u00f3, proper a Santany\u00ed, \u00e9s un parad\u00eds per als amants de la natura, amb rutes de senderisme i observaci\u00f3 d&#8217;ocells.Santany\u00ed combina a la perfecci\u00f3 la tranquil\u00b7litat d&#8217;un entorn rural amb la proximitat a les platges m\u00e9s agermanats de Mallorca, fent d&#8217;aquest poble un lloc ideal per viure o viure.<\/p>\n","protected":false},"excerpt":{"rendered":"<p>Espectacular Casa de Poble a Santany\u00edUbicada en una zona molt tranquil\u00b7la de Santany\u00ed, aquesta impressionant casa de poble es troba a nom\u00e9s 4 minuts a peu del centre. La propietat ofereix una combinaci\u00f3 perfecta de comoditat moderna i encant tradicional mallorqu\u00ed.Planta BaixaEntrada: Acollidora i elegant, d\u00f3na la benvinguda a aquesta magn\u00edfica resid\u00e8ncia.Cuina i Sal\u00f3 Menjador: [&hellip;]<\/p>\n","protected":false},"author":1,"featured_media":194911,"parent":0,"menu_order":0,"template":"","property_type":[2131],"property_status":[2103,2096],"property_feature":[1911,1927,2007,2009,1867,1868,1869,1802,1803,1871,1872,1951,1804,1905,1805,1806,1807,1953,1895,1811,1897,1954,1813],"property_label":[],"property_country":[],"property_state":[],"property_city":[635],"property_area":[636],"class_list":["post-194916","property","type-property","status-publish","has-post-thumbnail","hentry","property_type-casa-ca","property_status-venta-ca","property_status-venta","property_feature-airecentral","property_feature-airecentral-ca","property_feature-alarmaincendio","property_feature-alarmaincendio-ca","property_feature-arma_empo-ca","property_feature-ascensor-ca","property_feature-autobuses-ca","property_feature-barbacoa-ca","property_feature-calefaccion-ca","property_feature-cocina_inde-ca","property_feature-colegios-ca","property_feature-depoagua-ca","property_feature-descalcificador-ca","property_feature-despensa-ca","property_feature-electro-ca","property_feature-jardin-ca","property_feature-lavanderia-ca","property_feature-linea_tlf-ca","property_feature-patio-ca","property_feature-piscina_prop-ca","property_feature-terraza-ca","property_feature-trastero-ca","property_feature-vallado-ca","property_city-santanyi","property_area-santanyi"],"acf":[],"property_meta":{"_apg_property_user_edited":["1"],"fave_property_id":["DRAC-CP2296GE"],"fave_property_location":["39.35500229,3.12501429,15"],"houzez_geolocation_lat":["39.35500229"],"houzez_geolocation_long":["3.12501429"],"fave_property_price":["4300000"],"fave_property_rent_or_sale":["sale"],"fave_property_year":[null],"fave_property_size_prefix":["m2"],"fave_property_land_postfix":["m2"],"fave_property_size":["468"],"fave_property_land":["440"],"fave_property_bedrooms":["4"],"fave_property_bathrooms":["7"],"fave_property_map_address":["Santany\u00ed, 07650 Santany\u00ed"],"fave_property_address":[" , Santany\u00ed 07650"],"fave_property_zip":["07650"],"fave_property_postal_code":["07650"],"fave_property_map":["1"],"apg_is_using_remote_image_url":["1"],"apg_using_remote_image_urls":["[{\"multimedia_type\":\"Picture\",\"picture_url\":\"https:\/\/fotos15.inmovilla.com\/12732\/24621078\/4-1.jpg\",\"position\":1,\"picture_id\":1,\"media_id\":144835,\"post_id\":194910,\"id\":1,\"attachment_id\":0,\"url\":\"https:\/\/fotos15.inmovilla.com\/12732\/24621078\/4-1.jpg\",\"basename\":\"4-1.jpg\",\"created_date\":\"2026-04-30 15:06:11\",\"is_downloaded\":0,\"is_using_remote\":0},{\"multimedia_type\":\"Picture\",\"picture_url\":\"https:\/\/fotos15.inmovilla.com\/12732\/24621078\/4-2.jpg\",\"position\":2,\"picture_id\":2,\"media_id\":144836,\"post_id\":194910,\"id\":2,\"attachment_id\":0,\"url\":\"https:\/\/fotos15.inmovilla.com\/12732\/24621078\/4-2.jpg\",\"basename\":\"4-2.jpg\",\"created_date\":\"2026-04-30 15:06:11\",\"is_downloaded\":0,\"is_using_remote\":1},{\"multimedia_type\":\"Picture\",\"picture_url\":\"https:\/\/fotos15.inmovilla.com\/12732\/24621078\/4-3.jpg\",\"position\":3,\"picture_id\":3,\"media_id\":144837,\"post_id\":194910,\"id\":3,\"attachment_id\":0,\"url\":\"https:\/\/fotos15.inmovilla.com\/12732\/24621078\/4-3.jpg\",\"basename\":\"4-3.jpg\",\"created_date\":\"2026-04-30 15:06:11\",\"is_downloaded\":0,\"is_using_remote\":1},{\"multimedia_type\":\"Picture\",\"picture_url\":\"https:\/\/fotos15.inmovilla.com\/12732\/24621078\/4-4.jpg\",\"position\":4,\"picture_id\":4,\"media_id\":144838,\"post_id\":194910,\"id\":4,\"attachment_id\":0,\"url\":\"https:\/\/fotos15.inmovilla.com\/12732\/24621078\/4-4.jpg\",\"basename\":\"4-4.jpg\",\"created_date\":\"2026-04-30 15:06:11\",\"is_downloaded\":0,\"is_using_remote\":1},{\"multimedia_type\":\"Picture\",\"picture_url\":\"https:\/\/fotos15.inmovilla.com\/12732\/24621078\/4-5.jpg\",\"position\":5,\"picture_id\":5,\"media_id\":144839,\"post_id\":194910,\"id\":5,\"attachment_id\":0,\"url\":\"https:\/\/fotos15.inmovilla.com\/12732\/24621078\/4-5.jpg\",\"basename\":\"4-5.jpg\",\"created_date\":\"2026-04-30 15:06:11\",\"is_downloaded\":0,\"is_using_remote\":1},{\"multimedia_type\":\"Picture\",\"picture_url\":\"https:\/\/fotos15.inmovilla.com\/12732\/24621078\/4-6.jpg\",\"position\":6,\"picture_id\":6,\"media_id\":144840,\"post_id\":194910,\"id\":6,\"attachment_id\":0,\"url\":\"https:\/\/fotos15.inmovilla.com\/12732\/24621078\/4-6.jpg\",\"basename\":\"4-6.jpg\",\"created_date\":\"2026-04-30 15:06:11\",\"is_downloaded\":0,\"is_using_remote\":1},{\"multimedia_type\":\"Picture\",\"picture_url\":\"https:\/\/fotos15.inmovilla.com\/12732\/24621078\/4-7.jpg\",\"position\":7,\"picture_id\":7,\"media_id\":144841,\"post_id\":194910,\"id\":7,\"attachment_id\":0,\"url\":\"https:\/\/fotos15.inmovilla.com\/12732\/24621078\/4-7.jpg\",\"basename\":\"4-7.jpg\",\"created_date\":\"2026-04-30 15:06:11\",\"is_downloaded\":0,\"is_using_remote\":1},{\"multimedia_type\":\"Picture\",\"picture_url\":\"https:\/\/fotos15.inmovilla.com\/12732\/24621078\/4-8.jpg\",\"position\":8,\"picture_id\":8,\"media_id\":144842,\"post_id\":194910,\"id\":8,\"attachment_id\":0,\"url\":\"https:\/\/fotos15.inmovilla.com\/12732\/24621078\/4-8.jpg\",\"basename\":\"4-8.jpg\",\"created_date\":\"2026-04-30 15:06:11\",\"is_downloaded\":0,\"is_using_remote\":1},{\"multimedia_type\":\"Picture\",\"picture_url\":\"https:\/\/fotos15.inmovilla.com\/12732\/24621078\/4-9.jpg\",\"position\":9,\"picture_id\":9,\"media_id\":144843,\"post_id\":194910,\"id\":9,\"attachment_id\":0,\"url\":\"https:\/\/fotos15.inmovilla.com\/12732\/24621078\/4-9.jpg\",\"basename\":\"4-9.jpg\",\"created_date\":\"2026-04-30 15:06:11\",\"is_downloaded\":0,\"is_using_remote\":1},{\"multimedia_type\":\"Picture\",\"picture_url\":\"https:\/\/fotos15.inmovilla.com\/12732\/24621078\/4-10.jpg\",\"position\":10,\"picture_id\":10,\"media_id\":144844,\"post_id\":194910,\"id\":10,\"attachment_id\":0,\"url\":\"https:\/\/fotos15.inmovilla.com\/12732\/24621078\/4-10.jpg\",\"basename\":\"4-10.jpg\",\"created_date\":\"2026-04-30 15:06:11\",\"is_downloaded\":0,\"is_using_remote\":1},{\"multimedia_type\":\"Picture\",\"picture_url\":\"https:\/\/fotos15.inmovilla.com\/12732\/24621078\/4-11.jpg\",\"position\":11,\"picture_id\":11,\"media_id\":144845,\"post_id\":194910,\"id\":11,\"attachment_id\":0,\"url\":\"https:\/\/fotos15.inmovilla.com\/12732\/24621078\/4-11.jpg\",\"basename\":\"4-11.jpg\",\"created_date\":\"2026-04-30 15:06:11\",\"is_downloaded\":0,\"is_using_remote\":1},{\"multimedia_type\":\"Picture\",\"picture_url\":\"https:\/\/fotos15.inmovilla.com\/12732\/24621078\/4-12.jpg\",\"position\":12,\"picture_id\":12,\"media_id\":144846,\"post_id\":194910,\"id\":12,\"attachment_id\":0,\"url\":\"https:\/\/fotos15.inmovilla.com\/12732\/24621078\/4-12.jpg\",\"basename\":\"4-12.jpg\",\"created_date\":\"2026-04-30 15:06:11\",\"is_downloaded\":0,\"is_using_remote\":1},{\"multimedia_type\":\"Picture\",\"picture_url\":\"https:\/\/fotos15.inmovilla.com\/12732\/24621078\/4-13.jpg\",\"position\":13,\"picture_id\":13,\"media_id\":144847,\"post_id\":194910,\"id\":13,\"attachment_id\":0,\"url\":\"https:\/\/fotos15.inmovilla.com\/12732\/24621078\/4-13.jpg\",\"basename\":\"4-13.jpg\",\"created_date\":\"2026-04-30 15:06:11\",\"is_downloaded\":0,\"is_using_remote\":1},{\"multimedia_type\":\"Picture\",\"picture_url\":\"https:\/\/fotos15.inmovilla.com\/12732\/24621078\/4-14.jpg\",\"position\":14,\"picture_id\":14,\"media_id\":144848,\"post_id\":194910,\"id\":14,\"attachment_id\":0,\"url\":\"https:\/\/fotos15.inmovilla.com\/12732\/24621078\/4-14.jpg\",\"basename\":\"4-14.jpg\",\"created_date\":\"2026-04-30 15:06:11\",\"is_downloaded\":0,\"is_using_remote\":1},{\"multimedia_type\":\"Picture\",\"picture_url\":\"https:\/\/fotos15.inmovilla.com\/12732\/24621078\/4-15.jpg\",\"position\":15,\"picture_id\":15,\"media_id\":144849,\"post_id\":194910,\"id\":15,\"attachment_id\":0,\"url\":\"https:\/\/fotos15.inmovilla.com\/12732\/24621078\/4-15.jpg\",\"basename\":\"4-15.jpg\",\"created_date\":\"2026-04-30 15:06:11\",\"is_downloaded\":0,\"is_using_remote\":1},{\"multimedia_type\":\"Picture\",\"picture_url\":\"https:\/\/fotos15.inmovilla.com\/12732\/24621078\/4-16.jpg\",\"position\":16,\"picture_id\":16,\"media_id\":144850,\"post_id\":194910,\"id\":16,\"attachment_id\":0,\"url\":\"https:\/\/fotos15.inmovilla.com\/12732\/24621078\/4-16.jpg\",\"basename\":\"4-16.jpg\",\"created_date\":\"2026-04-30 15:06:11\",\"is_downloaded\":0,\"is_using_remote\":1},{\"multimedia_type\":\"Picture\",\"picture_url\":\"https:\/\/fotos15.inmovilla.com\/12732\/24621078\/4-17.jpg\",\"position\":17,\"picture_id\":17,\"media_id\":144851,\"post_id\":194910,\"id\":17,\"attachment_id\":0,\"url\":\"https:\/\/fotos15.inmovilla.com\/12732\/24621078\/4-17.jpg\",\"basename\":\"4-17.jpg\",\"created_date\":\"2026-04-30 15:06:11\",\"is_downloaded\":0,\"is_using_remote\":1},{\"multimedia_type\":\"Picture\",\"picture_url\":\"https:\/\/fotos15.inmovilla.com\/12732\/24621078\/4-18.jpg\",\"position\":18,\"picture_id\":18,\"media_id\":144852,\"post_id\":194910,\"id\":18,\"attachment_id\":0,\"url\":\"https:\/\/fotos15.inmovilla.com\/12732\/24621078\/4-18.jpg\",\"basename\":\"4-18.jpg\",\"created_date\":\"2026-04-30 15:06:11\",\"is_downloaded\":0,\"is_using_remote\":1}]"],"_thumbnail_id":["194911"],"fave_property_images":["194911"],"apg_property_id":["24621078"],"_wpml_word_count":["413"],"_eael_post_view_count":["3"],"houzez_recently_viewed":["2026-05-01 07:26:52"],"houzez_total_property_views":["3"],"houzez_views_by_date":["a:2:{s:10:\"04-30-2026\";i:1;s:10:\"05-01-2026\";i:2;}"],"_elementor_page_assets":["a:0:{}"]},"yoast_head":"<!-- This site is optimized with the Yoast SEO plugin v27.5 - https:\/\/yoast.com\/product\/yoast-seo-wordpress\/ -->\n<title>Espectacular casa de pueblo en Santany\u00ed - RE\/MAX Drac<\/title>\n<meta name=\"robots\" content=\"index, follow, max-snippet:-1, max-image-preview:large, max-video-preview:-1\" \/>\n<link rel=\"canonical\" href=\"https:\/\/www.santanyi.net\/ca\/property\/espectacular-casa-de-pueblo-en-santanyi\/\" \/>\n<meta property=\"og:locale\" content=\"ca_ES\" \/>\n<meta property=\"og:type\" content=\"article\" \/>\n<meta property=\"og:title\" content=\"Espectacular casa de pueblo en Santany\u00ed - RE\/MAX Drac\" \/>\n<meta property=\"og:description\" content=\"Espectacular Casa de Poble a Santany\u00edUbicada en una zona molt tranquil\u00b7la de Santany\u00ed, aquesta impressionant casa de poble es troba a nom\u00e9s 4 minuts a peu del centre. La propietat ofereix una combinaci\u00f3 perfecta de comoditat moderna i encant tradicional mallorqu\u00ed.Planta BaixaEntrada: Acollidora i elegant, d\u00f3na la benvinguda a aquesta magn\u00edfica resid\u00e8ncia.Cuina i Sal\u00f3 Menjador: [&hellip;]\" \/>\n<meta property=\"og:url\" content=\"https:\/\/www.santanyi.net\/ca\/property\/espectacular-casa-de-pueblo-en-santanyi\/\" \/>\n<meta property=\"og:site_name\" content=\"RE\/MAX Drac\" \/>\n<meta property=\"article:modified_time\" content=\"2026-05-01T06:05:47+00:00\" \/>\n<meta property=\"og:image\" content=\"https:\/\/www.santanyi.net\/wp-content\/uploads\/anaconda_property_media\/24621078-194910\/4-1.jpg\" \/>\n\t<meta property=\"og:image:width\" content=\"1600\" \/>\n\t<meta property=\"og:image:height\" content=\"900\" \/>\n\t<meta property=\"og:image:type\" content=\"image\/jpeg\" \/>\n<meta name=\"twitter:card\" content=\"summary_large_image\" \/>\n<meta name=\"twitter:label1\" content=\"Temps estimat de lectura\" \/>\n\t<meta name=\"twitter:data1\" content=\"2 minuts\" \/>\n<script type=\"application\/ld+json\" class=\"yoast-schema-graph\">{\"@context\":\"https:\\\/\\\/schema.org\",\"@graph\":[{\"@type\":\"WebPage\",\"@id\":\"https:\\\/\\\/www.santanyi.net\\\/ca\\\/property\\\/espectacular-casa-de-pueblo-en-santanyi\\\/\",\"url\":\"https:\\\/\\\/www.santanyi.net\\\/ca\\\/property\\\/espectacular-casa-de-pueblo-en-santanyi\\\/\",\"name\":\"Espectacular casa de pueblo en Santany\u00ed - RE\\\/MAX Drac\",\"isPartOf\":{\"@id\":\"https:\\\/\\\/www.santanyi.net\\\/ca\\\/#website\"},\"primaryImageOfPage\":{\"@id\":\"https:\\\/\\\/www.santanyi.net\\\/ca\\\/property\\\/espectacular-casa-de-pueblo-en-santanyi\\\/#primaryimage\"},\"image\":{\"@id\":\"https:\\\/\\\/www.santanyi.net\\\/ca\\\/property\\\/espectacular-casa-de-pueblo-en-santanyi\\\/#primaryimage\"},\"thumbnailUrl\":\"https:\\\/\\\/www.santanyi.net\\\/wp-content\\\/uploads\\\/anaconda_property_media\\\/24621078-194910\\\/4-1.jpg\",\"datePublished\":\"2026-04-30T15:06:11+00:00\",\"dateModified\":\"2026-05-01T06:05:47+00:00\",\"breadcrumb\":{\"@id\":\"https:\\\/\\\/www.santanyi.net\\\/ca\\\/property\\\/espectacular-casa-de-pueblo-en-santanyi\\\/#breadcrumb\"},\"inLanguage\":\"ca\",\"potentialAction\":[{\"@type\":\"ReadAction\",\"target\":[\"https:\\\/\\\/www.santanyi.net\\\/ca\\\/property\\\/espectacular-casa-de-pueblo-en-santanyi\\\/\"]}]},{\"@type\":\"ImageObject\",\"inLanguage\":\"ca\",\"@id\":\"https:\\\/\\\/www.santanyi.net\\\/ca\\\/property\\\/espectacular-casa-de-pueblo-en-santanyi\\\/#primaryimage\",\"url\":\"https:\\\/\\\/www.santanyi.net\\\/wp-content\\\/uploads\\\/anaconda_property_media\\\/24621078-194910\\\/4-1.jpg\",\"contentUrl\":\"https:\\\/\\\/www.santanyi.net\\\/wp-content\\\/uploads\\\/anaconda_property_media\\\/24621078-194910\\\/4-1.jpg\",\"width\":1600,\"height\":900},{\"@type\":\"BreadcrumbList\",\"@id\":\"https:\\\/\\\/www.santanyi.net\\\/ca\\\/property\\\/espectacular-casa-de-pueblo-en-santanyi\\\/#breadcrumb\",\"itemListElement\":[{\"@type\":\"ListItem\",\"position\":1,\"name\":\"Home\",\"item\":\"https:\\\/\\\/www.santanyi.net\\\/ca\\\/\"},{\"@type\":\"ListItem\",\"position\":2,\"name\":\"Properties\",\"item\":\"https:\\\/\\\/www.santanyi.net\\\/ca\\\/property\\\/\"},{\"@type\":\"ListItem\",\"position\":3,\"name\":\"Espectacular casa de pueblo en Santany\u00ed\"}]},{\"@type\":\"WebSite\",\"@id\":\"https:\\\/\\\/www.santanyi.net\\\/ca\\\/#website\",\"url\":\"https:\\\/\\\/www.santanyi.net\\\/ca\\\/\",\"name\":\"RE\\\/MAX Drac\",\"description\":\"\",\"publisher\":{\"@id\":\"https:\\\/\\\/www.santanyi.net\\\/ca\\\/#organization\"},\"potentialAction\":[{\"@type\":\"SearchAction\",\"target\":{\"@type\":\"EntryPoint\",\"urlTemplate\":\"https:\\\/\\\/www.santanyi.net\\\/ca\\\/?s={search_term_string}\"},\"query-input\":{\"@type\":\"PropertyValueSpecification\",\"valueRequired\":true,\"valueName\":\"search_term_string\"}}],\"inLanguage\":\"ca\"},{\"@type\":\"Organization\",\"@id\":\"https:\\\/\\\/www.santanyi.net\\\/ca\\\/#organization\",\"name\":\"RE\\\/MAX Drac\",\"url\":\"https:\\\/\\\/www.santanyi.net\\\/ca\\\/\",\"logo\":{\"@type\":\"ImageObject\",\"inLanguage\":\"ca\",\"@id\":\"https:\\\/\\\/www.santanyi.net\\\/ca\\\/#\\\/schema\\\/logo\\\/image\\\/\",\"url\":\"https:\\\/\\\/www.santanyi.net\\\/wp-content\\\/uploads\\\/2025\\\/07\\\/logo-nuevo.png\",\"contentUrl\":\"https:\\\/\\\/www.santanyi.net\\\/wp-content\\\/uploads\\\/2025\\\/07\\\/logo-nuevo.png\",\"width\":295,\"height\":165,\"caption\":\"RE\\\/MAX Drac\"},\"image\":{\"@id\":\"https:\\\/\\\/www.santanyi.net\\\/ca\\\/#\\\/schema\\\/logo\\\/image\\\/\"}}]}<\/script>\n<!-- \/ Yoast SEO plugin. -->","yoast_head_json":{"title":"Espectacular casa de pueblo en Santany\u00ed - RE\/MAX Drac","robots":{"index":"index","follow":"follow","max-snippet":"max-snippet:-1","max-image-preview":"max-image-preview:large","max-video-preview":"max-video-preview:-1"},"canonical":"https:\/\/www.santanyi.net\/ca\/property\/espectacular-casa-de-pueblo-en-santanyi\/","og_locale":"ca_ES","og_type":"article","og_title":"Espectacular casa de pueblo en Santany\u00ed - RE\/MAX Drac","og_description":"Espectacular Casa de Poble a Santany\u00edUbicada en una zona molt tranquil\u00b7la de Santany\u00ed, aquesta impressionant casa de poble es troba a nom\u00e9s 4 minuts a peu del centre. La propietat ofereix una combinaci\u00f3 perfecta de comoditat moderna i encant tradicional mallorqu\u00ed.Planta BaixaEntrada: Acollidora i elegant, d\u00f3na la benvinguda a aquesta magn\u00edfica resid\u00e8ncia.Cuina i Sal\u00f3 Menjador: [&hellip;]","og_url":"https:\/\/www.santanyi.net\/ca\/property\/espectacular-casa-de-pueblo-en-santanyi\/","og_site_name":"RE\/MAX Drac","article_modified_time":"2026-05-01T06:05:47+00:00","og_image":[{"width":1600,"height":900,"url":"https:\/\/www.santanyi.net\/wp-content\/uploads\/anaconda_property_media\/24621078-194910\/4-1.jpg","type":"image\/jpeg"}],"twitter_card":"summary_large_image","twitter_misc":{"Temps estimat de lectura":"2 minuts"},"schema":{"@context":"https:\/\/schema.org","@graph":[{"@type":"WebPage","@id":"https:\/\/www.santanyi.net\/ca\/property\/espectacular-casa-de-pueblo-en-santanyi\/","url":"https:\/\/www.santanyi.net\/ca\/property\/espectacular-casa-de-pueblo-en-santanyi\/","name":"Espectacular casa de pueblo en Santany\u00ed - RE\/MAX Drac","isPartOf":{"@id":"https:\/\/www.santanyi.net\/ca\/#website"},"primaryImageOfPage":{"@id":"https:\/\/www.santanyi.net\/ca\/property\/espectacular-casa-de-pueblo-en-santanyi\/#primaryimage"},"image":{"@id":"https:\/\/www.santanyi.net\/ca\/property\/espectacular-casa-de-pueblo-en-santanyi\/#primaryimage"},"thumbnailUrl":"https:\/\/www.santanyi.net\/wp-content\/uploads\/anaconda_property_media\/24621078-194910\/4-1.jpg","datePublished":"2026-04-30T15:06:11+00:00","dateModified":"2026-05-01T06:05:47+00:00","breadcrumb":{"@id":"https:\/\/www.santanyi.net\/ca\/property\/espectacular-casa-de-pueblo-en-santanyi\/#breadcrumb"},"inLanguage":"ca","potentialAction":[{"@type":"ReadAction","target":["https:\/\/www.santanyi.net\/ca\/property\/espectacular-casa-de-pueblo-en-santanyi\/"]}]},{"@type":"ImageObject","inLanguage":"ca","@id":"https:\/\/www.santanyi.net\/ca\/property\/espectacular-casa-de-pueblo-en-santanyi\/#primaryimage","url":"https:\/\/www.santanyi.net\/wp-content\/uploads\/anaconda_property_media\/24621078-194910\/4-1.jpg","contentUrl":"https:\/\/www.santanyi.net\/wp-content\/uploads\/anaconda_property_media\/24621078-194910\/4-1.jpg","width":1600,"height":900},{"@type":"BreadcrumbList","@id":"https:\/\/www.santanyi.net\/ca\/property\/espectacular-casa-de-pueblo-en-santanyi\/#breadcrumb","itemListElement":[{"@type":"ListItem","position":1,"name":"Home","item":"https:\/\/www.santanyi.net\/ca\/"},{"@type":"ListItem","position":2,"name":"Properties","item":"https:\/\/www.santanyi.net\/ca\/property\/"},{"@type":"ListItem","position":3,"name":"Espectacular casa de pueblo en Santany\u00ed"}]},{"@type":"WebSite","@id":"https:\/\/www.santanyi.net\/ca\/#website","url":"https:\/\/www.santanyi.net\/ca\/","name":"RE\/MAX Drac","description":"","publisher":{"@id":"https:\/\/www.santanyi.net\/ca\/#organization"},"potentialAction":[{"@type":"SearchAction","target":{"@type":"EntryPoint","urlTemplate":"https:\/\/www.santanyi.net\/ca\/?s={search_term_string}"},"query-input":{"@type":"PropertyValueSpecification","valueRequired":true,"valueName":"search_term_string"}}],"inLanguage":"ca"},{"@type":"Organization","@id":"https:\/\/www.santanyi.net\/ca\/#organization","name":"RE\/MAX Drac","url":"https:\/\/www.santanyi.net\/ca\/","logo":{"@type":"ImageObject","inLanguage":"ca","@id":"https:\/\/www.santanyi.net\/ca\/#\/schema\/logo\/image\/","url":"https:\/\/www.santanyi.net\/wp-content\/uploads\/2025\/07\/logo-nuevo.png","contentUrl":"https:\/\/www.santanyi.net\/wp-content\/uploads\/2025\/07\/logo-nuevo.png","width":295,"height":165,"caption":"RE\/MAX Drac"},"image":{"@id":"https:\/\/www.santanyi.net\/ca\/#\/schema\/logo\/image\/"}}]}},"_links":{"self":[{"href":"https:\/\/www.santanyi.net\/ca\/wp-json\/wp\/v2\/properties\/194916","targetHints":{"allow":["GET"]}}],"collection":[{"href":"https:\/\/www.santanyi.net\/ca\/wp-json\/wp\/v2\/properties"}],"about":[{"href":"https:\/\/www.santanyi.net\/ca\/wp-json\/wp\/v2\/types\/property"}],"author":[{"embeddable":true,"href":"https:\/\/www.santanyi.net\/ca\/wp-json\/wp\/v2\/users\/1"}],"version-history":[{"count":1,"href":"https:\/\/www.santanyi.net\/ca\/wp-json\/wp\/v2\/properties\/194916\/revisions"}],"predecessor-version":[{"id":195584,"href":"https:\/\/www.santanyi.net\/ca\/wp-json\/wp\/v2\/properties\/194916\/revisions\/195584"}],"wp:featuredmedia":[{"embeddable":true,"href":"https:\/\/www.santanyi.net\/ca\/wp-json\/wp\/v2\/media\/194911"}],"wp:attachment":[{"href":"https:\/\/www.santanyi.net\/ca\/wp-json\/wp\/v2\/media?parent=194916"}],"wp:term":[{"taxonomy":"property_type","embeddable":true,"href":"https:\/\/www.santanyi.net\/ca\/wp-json\/wp\/v2\/property_type?post=194916"},{"taxonomy":"property_status","embeddable":true,"href":"https:\/\/www.santanyi.net\/ca\/wp-json\/wp\/v2\/property_status?post=194916"},{"taxonomy":"property_feature","embeddable":true,"href":"https:\/\/www.santanyi.net\/ca\/wp-json\/wp\/v2\/property_feature?post=194916"},{"taxonomy":"property_label","embeddable":true,"href":"https:\/\/www.santanyi.net\/ca\/wp-json\/wp\/v2\/property_label?post=194916"},{"taxonomy":"property_country","embeddable":true,"href":"https:\/\/www.santanyi.net\/ca\/wp-json\/wp\/v2\/property_country?post=194916"},{"taxonomy":"property_state","embeddable":true,"href":"https:\/\/www.santanyi.net\/ca\/wp-json\/wp\/v2\/property_state?post=194916"},{"taxonomy":"property_city","embeddable":true,"href":"https:\/\/www.santanyi.net\/ca\/wp-json\/wp\/v2\/property_city?post=194916"},{"taxonomy":"property_area","embeddable":true,"href":"https:\/\/www.santanyi.net\/ca\/wp-json\/wp\/v2\/property_area?post=194916"}],"curies":[{"name":"wp","href":"https:\/\/api.w.org\/{rel}","templated":true}]}}