
{"id":194900,"date":"2026-04-30T15:06:04","date_gmt":"2026-04-30T15:06:04","guid":{"rendered":"https:\/\/www.santanyi.net\/property\/espectacular-casa-rustica-a-2-km-de-santanyi\/"},"modified":"2026-05-01T06:05:43","modified_gmt":"2026-05-01T06:05:43","slug":"espectacular-casa-rustica-a-2-km-de-santanyi","status":"publish","type":"property","link":"https:\/\/www.santanyi.net\/ca\/property\/espectacular-casa-rustica-a-2-km-de-santanyi\/","title":{"rendered":"Espectacular casa r\u00fastica a 2 Km de Santany\u00ed"},"content":{"rendered":"<p>Aquesta espectacular casa r\u00fastica de grans dimensions est\u00e0 a tan sols 2 Km a prop de Santany\u00ed i compta amb la tranquil\u00b7litat de viure al camp en una zona apartada lliure de sorolls, nom\u00e9s entrar a la casa hi ha un ampli rebedor que comunica amb el grandi\u00f3s i assolit menjador amb un sostre de 2 pisos,  que al seu torn comunica obertament amb la cuina i la sala d&#8217;estar. La casa compta amb 6 dormitoris dobles, 6 banys, des del primer pis es pot apreciar el mar.La casa est\u00e0 envoltada de molta natura, un preci\u00f3s jard\u00ed de palmeres i altres arbres i t\u00e9 una gran piscina de 91 m2.Calefacci\u00f3 per s\u00f2l radiant, que pot funcionar amb plaques solars i amb electricitat de la l\u00ednia, t\u00e9 aigua corrent i tamb\u00e9 2 cisternes. tamb\u00e9 disposa de soterrani on es troba la sala de m\u00e0quines.<\/p>\n","protected":false},"excerpt":{"rendered":"<p>Aquesta espectacular casa r\u00fastica de grans dimensions est\u00e0 a tan sols 2 Km a prop de Santany\u00ed i compta amb la tranquil\u00b7litat de viure al camp en una zona apartada lliure de sorolls, nom\u00e9s entrar a la casa hi ha un ampli rebedor que comunica amb el grandi\u00f3s i assolit menjador amb un sostre de [&hellip;]<\/p>\n","protected":false},"author":1,"featured_media":194895,"parent":0,"menu_order":0,"template":"","property_type":[2131],"property_status":[2103,2096],"property_feature":[],"property_label":[],"property_country":[],"property_state":[],"property_city":[635],"property_area":[641],"class_list":["post-194900","property","type-property","status-publish","has-post-thumbnail","hentry","property_type-casa-ca","property_status-venta-ca","property_status-venta","property_city-santanyi","property_area-cala-santanyi"],"acf":[],"property_meta":{"_apg_property_user_edited":["1"],"fave_property_id":["DRAC-CR1486YK"],"fave_property_location":["39.34396149,3.13477898,15"],"houzez_geolocation_lat":["39.34396149"],"houzez_geolocation_long":["3.13477898"],"fave_property_price":["3300000"],"fave_property_rent_or_sale":["sale"],"fave_property_year":[null],"fave_property_size_prefix":["m2"],"fave_property_land_postfix":["m2"],"fave_property_size":["674"],"fave_property_land":["21256"],"fave_property_bedrooms":["6"],"fave_property_bathrooms":["6"],"fave_property_map_address":["Cala Santany\u00ed, 07650 Santany\u00ed"],"fave_property_address":[" , Santany\u00ed 07650"],"fave_property_zip":["07650"],"fave_property_postal_code":["07650"],"fave_property_map":["1"],"apg_is_using_remote_image_url":["1"],"apg_using_remote_image_urls":["[{\"multimedia_type\":\"Picture\",\"picture_url\":\"https:\/\/fotos15.inmovilla.com\/12732\/24620935\/3-1.jpg\",\"position\":1,\"picture_id\":1,\"media_id\":144771,\"post_id\":194894,\"id\":1,\"attachment_id\":0,\"url\":\"https:\/\/fotos15.inmovilla.com\/12732\/24620935\/3-1.jpg\",\"basename\":\"3-1.jpg\",\"created_date\":\"2026-04-30 15:06:04\",\"is_downloaded\":0,\"is_using_remote\":0},{\"multimedia_type\":\"Picture\",\"picture_url\":\"https:\/\/fotos15.inmovilla.com\/12732\/24620935\/3-2.jpg\",\"position\":2,\"picture_id\":2,\"media_id\":144772,\"post_id\":194894,\"id\":2,\"attachment_id\":0,\"url\":\"https:\/\/fotos15.inmovilla.com\/12732\/24620935\/3-2.jpg\",\"basename\":\"3-2.jpg\",\"created_date\":\"2026-04-30 15:06:04\",\"is_downloaded\":0,\"is_using_remote\":1},{\"multimedia_type\":\"Picture\",\"picture_url\":\"https:\/\/fotos15.inmovilla.com\/12732\/24620935\/3-3.jpg\",\"position\":3,\"picture_id\":3,\"media_id\":144773,\"post_id\":194894,\"id\":3,\"attachment_id\":0,\"url\":\"https:\/\/fotos15.inmovilla.com\/12732\/24620935\/3-3.jpg\",\"basename\":\"3-3.jpg\",\"created_date\":\"2026-04-30 15:06:04\",\"is_downloaded\":0,\"is_using_remote\":1},{\"multimedia_type\":\"Picture\",\"picture_url\":\"https:\/\/fotos15.inmovilla.com\/12732\/24620935\/3-4.jpg\",\"position\":4,\"picture_id\":4,\"media_id\":144774,\"post_id\":194894,\"id\":4,\"attachment_id\":0,\"url\":\"https:\/\/fotos15.inmovilla.com\/12732\/24620935\/3-4.jpg\",\"basename\":\"3-4.jpg\",\"created_date\":\"2026-04-30 15:06:04\",\"is_downloaded\":0,\"is_using_remote\":1},{\"multimedia_type\":\"Picture\",\"picture_url\":\"https:\/\/fotos15.inmovilla.com\/12732\/24620935\/3-5.jpg\",\"position\":5,\"picture_id\":5,\"media_id\":144775,\"post_id\":194894,\"id\":5,\"attachment_id\":0,\"url\":\"https:\/\/fotos15.inmovilla.com\/12732\/24620935\/3-5.jpg\",\"basename\":\"3-5.jpg\",\"created_date\":\"2026-04-30 15:06:04\",\"is_downloaded\":0,\"is_using_remote\":1},{\"multimedia_type\":\"Picture\",\"picture_url\":\"https:\/\/fotos15.inmovilla.com\/12732\/24620935\/3-6.jpg\",\"position\":6,\"picture_id\":6,\"media_id\":144776,\"post_id\":194894,\"id\":6,\"attachment_id\":0,\"url\":\"https:\/\/fotos15.inmovilla.com\/12732\/24620935\/3-6.jpg\",\"basename\":\"3-6.jpg\",\"created_date\":\"2026-04-30 15:06:04\",\"is_downloaded\":0,\"is_using_remote\":1},{\"multimedia_type\":\"Picture\",\"picture_url\":\"https:\/\/fotos15.inmovilla.com\/12732\/24620935\/3-7.jpg\",\"position\":7,\"picture_id\":7,\"media_id\":144777,\"post_id\":194894,\"id\":7,\"attachment_id\":0,\"url\":\"https:\/\/fotos15.inmovilla.com\/12732\/24620935\/3-7.jpg\",\"basename\":\"3-7.jpg\",\"created_date\":\"2026-04-30 15:06:04\",\"is_downloaded\":0,\"is_using_remote\":1},{\"multimedia_type\":\"Picture\",\"picture_url\":\"https:\/\/fotos15.inmovilla.com\/12732\/24620935\/3-8.jpg\",\"position\":8,\"picture_id\":8,\"media_id\":144778,\"post_id\":194894,\"id\":8,\"attachment_id\":0,\"url\":\"https:\/\/fotos15.inmovilla.com\/12732\/24620935\/3-8.jpg\",\"basename\":\"3-8.jpg\",\"created_date\":\"2026-04-30 15:06:04\",\"is_downloaded\":0,\"is_using_remote\":1},{\"multimedia_type\":\"Picture\",\"picture_url\":\"https:\/\/fotos15.inmovilla.com\/12732\/24620935\/3-9.jpg\",\"position\":9,\"picture_id\":9,\"media_id\":144779,\"post_id\":194894,\"id\":9,\"attachment_id\":0,\"url\":\"https:\/\/fotos15.inmovilla.com\/12732\/24620935\/3-9.jpg\",\"basename\":\"3-9.jpg\",\"created_date\":\"2026-04-30 15:06:04\",\"is_downloaded\":0,\"is_using_remote\":1},{\"multimedia_type\":\"Picture\",\"picture_url\":\"https:\/\/fotos15.inmovilla.com\/12732\/24620935\/3-10.jpg\",\"position\":10,\"picture_id\":10,\"media_id\":144780,\"post_id\":194894,\"id\":10,\"attachment_id\":0,\"url\":\"https:\/\/fotos15.inmovilla.com\/12732\/24620935\/3-10.jpg\",\"basename\":\"3-10.jpg\",\"created_date\":\"2026-04-30 15:06:04\",\"is_downloaded\":0,\"is_using_remote\":1},{\"multimedia_type\":\"Picture\",\"picture_url\":\"https:\/\/fotos15.inmovilla.com\/12732\/24620935\/3-11.jpg\",\"position\":11,\"picture_id\":11,\"media_id\":144781,\"post_id\":194894,\"id\":11,\"attachment_id\":0,\"url\":\"https:\/\/fotos15.inmovilla.com\/12732\/24620935\/3-11.jpg\",\"basename\":\"3-11.jpg\",\"created_date\":\"2026-04-30 15:06:04\",\"is_downloaded\":0,\"is_using_remote\":1},{\"multimedia_type\":\"Picture\",\"picture_url\":\"https:\/\/fotos15.inmovilla.com\/12732\/24620935\/3-12.jpg\",\"position\":12,\"picture_id\":12,\"media_id\":144782,\"post_id\":194894,\"id\":12,\"attachment_id\":0,\"url\":\"https:\/\/fotos15.inmovilla.com\/12732\/24620935\/3-12.jpg\",\"basename\":\"3-12.jpg\",\"created_date\":\"2026-04-30 15:06:04\",\"is_downloaded\":0,\"is_using_remote\":1},{\"multimedia_type\":\"Picture\",\"picture_url\":\"https:\/\/fotos15.inmovilla.com\/12732\/24620935\/3-13.jpg\",\"position\":13,\"picture_id\":13,\"media_id\":144783,\"post_id\":194894,\"id\":13,\"attachment_id\":0,\"url\":\"https:\/\/fotos15.inmovilla.com\/12732\/24620935\/3-13.jpg\",\"basename\":\"3-13.jpg\",\"created_date\":\"2026-04-30 15:06:04\",\"is_downloaded\":0,\"is_using_remote\":1},{\"multimedia_type\":\"Picture\",\"picture_url\":\"https:\/\/fotos15.inmovilla.com\/12732\/24620935\/3-14.jpg\",\"position\":14,\"picture_id\":14,\"media_id\":144784,\"post_id\":194894,\"id\":14,\"attachment_id\":0,\"url\":\"https:\/\/fotos15.inmovilla.com\/12732\/24620935\/3-14.jpg\",\"basename\":\"3-14.jpg\",\"created_date\":\"2026-04-30 15:06:04\",\"is_downloaded\":0,\"is_using_remote\":1},{\"multimedia_type\":\"Picture\",\"picture_url\":\"https:\/\/fotos15.inmovilla.com\/12732\/24620935\/3-15.jpg\",\"position\":15,\"picture_id\":15,\"media_id\":144785,\"post_id\":194894,\"id\":15,\"attachment_id\":0,\"url\":\"https:\/\/fotos15.inmovilla.com\/12732\/24620935\/3-15.jpg\",\"basename\":\"3-15.jpg\",\"created_date\":\"2026-04-30 15:06:04\",\"is_downloaded\":0,\"is_using_remote\":1},{\"multimedia_type\":\"Picture\",\"picture_url\":\"https:\/\/fotos15.inmovilla.com\/12732\/24620935\/3-16.jpg\",\"position\":16,\"picture_id\":16,\"media_id\":144786,\"post_id\":194894,\"id\":16,\"attachment_id\":0,\"url\":\"https:\/\/fotos15.inmovilla.com\/12732\/24620935\/3-16.jpg\",\"basename\":\"3-16.jpg\",\"created_date\":\"2026-04-30 15:06:04\",\"is_downloaded\":0,\"is_using_remote\":1},{\"multimedia_type\":\"Picture\",\"picture_url\":\"https:\/\/fotos15.inmovilla.com\/12732\/24620935\/3-17.jpg\",\"position\":17,\"picture_id\":17,\"media_id\":144787,\"post_id\":194894,\"id\":17,\"attachment_id\":0,\"url\":\"https:\/\/fotos15.inmovilla.com\/12732\/24620935\/3-17.jpg\",\"basename\":\"3-17.jpg\",\"created_date\":\"2026-04-30 15:06:04\",\"is_downloaded\":0,\"is_using_remote\":1},{\"multimedia_type\":\"Picture\",\"picture_url\":\"https:\/\/fotos15.inmovilla.com\/12732\/24620935\/3-18.jpg\",\"position\":18,\"picture_id\":18,\"media_id\":144788,\"post_id\":194894,\"id\":18,\"attachment_id\":0,\"url\":\"https:\/\/fotos15.inmovilla.com\/12732\/24620935\/3-18.jpg\",\"basename\":\"3-18.jpg\",\"created_date\":\"2026-04-30 15:06:04\",\"is_downloaded\":0,\"is_using_remote\":1},{\"multimedia_type\":\"Picture\",\"picture_url\":\"https:\/\/fotos15.inmovilla.com\/12732\/24620935\/3-19.jpg\",\"position\":19,\"picture_id\":19,\"media_id\":144789,\"post_id\":194894,\"id\":19,\"attachment_id\":0,\"url\":\"https:\/\/fotos15.inmovilla.com\/12732\/24620935\/3-19.jpg\",\"basename\":\"3-19.jpg\",\"created_date\":\"2026-04-30 15:06:04\",\"is_downloaded\":0,\"is_using_remote\":1},{\"multimedia_type\":\"Picture\",\"picture_url\":\"https:\/\/fotos15.inmovilla.com\/12732\/24620935\/3-20.jpg\",\"position\":20,\"picture_id\":20,\"media_id\":144790,\"post_id\":194894,\"id\":20,\"attachment_id\":0,\"url\":\"https:\/\/fotos15.inmovilla.com\/12732\/24620935\/3-20.jpg\",\"basename\":\"3-20.jpg\",\"created_date\":\"2026-04-30 15:06:04\",\"is_downloaded\":0,\"is_using_remote\":1},{\"multimedia_type\":\"Picture\",\"picture_url\":\"https:\/\/fotos15.inmovilla.com\/12732\/24620935\/3-21.jpg\",\"position\":21,\"picture_id\":21,\"media_id\":144791,\"post_id\":194894,\"id\":21,\"attachment_id\":0,\"url\":\"https:\/\/fotos15.inmovilla.com\/12732\/24620935\/3-21.jpg\",\"basename\":\"3-21.jpg\",\"created_date\":\"2026-04-30 15:06:04\",\"is_downloaded\":0,\"is_using_remote\":1},{\"multimedia_type\":\"Picture\",\"picture_url\":\"https:\/\/fotos15.inmovilla.com\/12732\/24620935\/3-22.jpg\",\"position\":22,\"picture_id\":22,\"media_id\":144792,\"post_id\":194894,\"id\":22,\"attachment_id\":0,\"url\":\"https:\/\/fotos15.inmovilla.com\/12732\/24620935\/3-22.jpg\",\"basename\":\"3-22.jpg\",\"created_date\":\"2026-04-30 15:06:04\",\"is_downloaded\":0,\"is_using_remote\":1},{\"multimedia_type\":\"Picture\",\"picture_url\":\"https:\/\/fotos15.inmovilla.com\/12732\/24620935\/3-23.jpg\",\"position\":23,\"picture_id\":23,\"media_id\":144793,\"post_id\":194894,\"id\":23,\"attachment_id\":0,\"url\":\"https:\/\/fotos15.inmovilla.com\/12732\/24620935\/3-23.jpg\",\"basename\":\"3-23.jpg\",\"created_date\":\"2026-04-30 15:06:04\",\"is_downloaded\":0,\"is_using_remote\":1},{\"multimedia_type\":\"Picture\",\"picture_url\":\"https:\/\/fotos15.inmovilla.com\/12732\/24620935\/3-24.jpg\",\"position\":24,\"picture_id\":24,\"media_id\":144794,\"post_id\":194894,\"id\":24,\"attachment_id\":0,\"url\":\"https:\/\/fotos15.inmovilla.com\/12732\/24620935\/3-24.jpg\",\"basename\":\"3-24.jpg\",\"created_date\":\"2026-04-30 15:06:04\",\"is_downloaded\":0,\"is_using_remote\":1},{\"multimedia_type\":\"Picture\",\"picture_url\":\"https:\/\/fotos15.inmovilla.com\/12732\/24620935\/3-25.jpg\",\"position\":25,\"picture_id\":25,\"media_id\":144795,\"post_id\":194894,\"id\":25,\"attachment_id\":0,\"url\":\"https:\/\/fotos15.inmovilla.com\/12732\/24620935\/3-25.jpg\",\"basename\":\"3-25.jpg\",\"created_date\":\"2026-04-30 15:06:04\",\"is_downloaded\":0,\"is_using_remote\":1},{\"multimedia_type\":\"Picture\",\"picture_url\":\"https:\/\/fotos15.inmovilla.com\/12732\/24620935\/3-26.jpg\",\"position\":26,\"picture_id\":26,\"media_id\":144796,\"post_id\":194894,\"id\":26,\"attachment_id\":0,\"url\":\"https:\/\/fotos15.inmovilla.com\/12732\/24620935\/3-26.jpg\",\"basename\":\"3-26.jpg\",\"created_date\":\"2026-04-30 15:06:04\",\"is_downloaded\":0,\"is_using_remote\":1},{\"multimedia_type\":\"Picture\",\"picture_url\":\"https:\/\/fotos15.inmovilla.com\/12732\/24620935\/3-27.jpg\",\"position\":27,\"picture_id\":27,\"media_id\":144797,\"post_id\":194894,\"id\":27,\"attachment_id\":0,\"url\":\"https:\/\/fotos15.inmovilla.com\/12732\/24620935\/3-27.jpg\",\"basename\":\"3-27.jpg\",\"created_date\":\"2026-04-30 15:06:04\",\"is_downloaded\":0,\"is_using_remote\":1},{\"multimedia_type\":\"Picture\",\"picture_url\":\"https:\/\/fotos15.inmovilla.com\/12732\/24620935\/3-28.jpg\",\"position\":28,\"picture_id\":28,\"media_id\":144798,\"post_id\":194894,\"id\":28,\"attachment_id\":0,\"url\":\"https:\/\/fotos15.inmovilla.com\/12732\/24620935\/3-28.jpg\",\"basename\":\"3-28.jpg\",\"created_date\":\"2026-04-30 15:06:04\",\"is_downloaded\":0,\"is_using_remote\":1},{\"multimedia_type\":\"Picture\",\"picture_url\":\"https:\/\/fotos15.inmovilla.com\/12732\/24620935\/3-29.jpg\",\"position\":29,\"picture_id\":29,\"media_id\":144799,\"post_id\":194894,\"id\":29,\"attachment_id\":0,\"url\":\"https:\/\/fotos15.inmovilla.com\/12732\/24620935\/3-29.jpg\",\"basename\":\"3-29.jpg\",\"created_date\":\"2026-04-30 15:06:04\",\"is_downloaded\":0,\"is_using_remote\":1},{\"multimedia_type\":\"Picture\",\"picture_url\":\"https:\/\/fotos15.inmovilla.com\/12732\/24620935\/3-30.jpg\",\"position\":30,\"picture_id\":30,\"media_id\":144800,\"post_id\":194894,\"id\":30,\"attachment_id\":0,\"url\":\"https:\/\/fotos15.inmovilla.com\/12732\/24620935\/3-30.jpg\",\"basename\":\"3-30.jpg\",\"created_date\":\"2026-04-30 15:06:04\",\"is_downloaded\":0,\"is_using_remote\":1},{\"multimedia_type\":\"Picture\",\"picture_url\":\"https:\/\/fotos15.inmovilla.com\/12732\/24620935\/3-31.jpg\",\"position\":31,\"picture_id\":31,\"media_id\":144801,\"post_id\":194894,\"id\":31,\"attachment_id\":0,\"url\":\"https:\/\/fotos15.inmovilla.com\/12732\/24620935\/3-31.jpg\",\"basename\":\"3-31.jpg\",\"created_date\":\"2026-04-30 15:06:04\",\"is_downloaded\":0,\"is_using_remote\":1},{\"multimedia_type\":\"Picture\",\"picture_url\":\"https:\/\/fotos15.inmovilla.com\/12732\/24620935\/3-32.jpg\",\"position\":32,\"picture_id\":32,\"media_id\":144802,\"post_id\":194894,\"id\":32,\"attachment_id\":0,\"url\":\"https:\/\/fotos15.inmovilla.com\/12732\/24620935\/3-32.jpg\",\"basename\":\"3-32.jpg\",\"created_date\":\"2026-04-30 15:06:04\",\"is_downloaded\":0,\"is_using_remote\":1},{\"multimedia_type\":\"Picture\",\"picture_url\":\"https:\/\/fotos15.inmovilla.com\/12732\/24620935\/3-33.jpg\",\"position\":33,\"picture_id\":33,\"media_id\":144803,\"post_id\":194894,\"id\":33,\"attachment_id\":0,\"url\":\"https:\/\/fotos15.inmovilla.com\/12732\/24620935\/3-33.jpg\",\"basename\":\"3-33.jpg\",\"created_date\":\"2026-04-30 15:06:04\",\"is_downloaded\":0,\"is_using_remote\":1},{\"multimedia_type\":\"Picture\",\"picture_url\":\"https:\/\/fotos15.inmovilla.com\/12732\/24620935\/3-34.jpg\",\"position\":34,\"picture_id\":34,\"media_id\":144804,\"post_id\":194894,\"id\":34,\"attachment_id\":0,\"url\":\"https:\/\/fotos15.inmovilla.com\/12732\/24620935\/3-34.jpg\",\"basename\":\"3-34.jpg\",\"created_date\":\"2026-04-30 15:06:04\",\"is_downloaded\":0,\"is_using_remote\":1},{\"multimedia_type\":\"Picture\",\"picture_url\":\"https:\/\/fotos15.inmovilla.com\/12732\/24620935\/3-35.jpg\",\"position\":35,\"picture_id\":35,\"media_id\":144805,\"post_id\":194894,\"id\":35,\"attachment_id\":0,\"url\":\"https:\/\/fotos15.inmovilla.com\/12732\/24620935\/3-35.jpg\",\"basename\":\"3-35.jpg\",\"created_date\":\"2026-04-30 15:06:04\",\"is_downloaded\":0,\"is_using_remote\":1},{\"multimedia_type\":\"Picture\",\"picture_url\":\"https:\/\/fotos15.inmovilla.com\/12732\/24620935\/3-36.jpg\",\"position\":36,\"picture_id\":36,\"media_id\":144806,\"post_id\":194894,\"id\":36,\"attachment_id\":0,\"url\":\"https:\/\/fotos15.inmovilla.com\/12732\/24620935\/3-36.jpg\",\"basename\":\"3-36.jpg\",\"created_date\":\"2026-04-30 15:06:04\",\"is_downloaded\":0,\"is_using_remote\":1},{\"multimedia_type\":\"Picture\",\"picture_url\":\"https:\/\/fotos15.inmovilla.com\/12732\/24620935\/3-37.jpg\",\"position\":37,\"picture_id\":37,\"media_id\":144807,\"post_id\":194894,\"id\":37,\"attachment_id\":0,\"url\":\"https:\/\/fotos15.inmovilla.com\/12732\/24620935\/3-37.jpg\",\"basename\":\"3-37.jpg\",\"created_date\":\"2026-04-30 15:06:04\",\"is_downloaded\":0,\"is_using_remote\":1},{\"multimedia_type\":\"Picture\",\"picture_url\":\"https:\/\/fotos15.inmovilla.com\/12732\/24620935\/3-38.jpg\",\"position\":38,\"picture_id\":38,\"media_id\":144808,\"post_id\":194894,\"id\":38,\"attachment_id\":0,\"url\":\"https:\/\/fotos15.inmovilla.com\/12732\/24620935\/3-38.jpg\",\"basename\":\"3-38.jpg\",\"created_date\":\"2026-04-30 15:06:04\",\"is_downloaded\":0,\"is_using_remote\":1},{\"multimedia_type\":\"Picture\",\"picture_url\":\"https:\/\/fotos15.inmovilla.com\/12732\/24620935\/3-39.jpg\",\"position\":39,\"picture_id\":39,\"media_id\":144809,\"post_id\":194894,\"id\":39,\"attachment_id\":0,\"url\":\"https:\/\/fotos15.inmovilla.com\/12732\/24620935\/3-39.jpg\",\"basename\":\"3-39.jpg\",\"created_date\":\"2026-04-30 15:06:04\",\"is_downloaded\":0,\"is_using_remote\":1},{\"multimedia_type\":\"Picture\",\"picture_url\":\"https:\/\/fotos15.inmovilla.com\/12732\/24620935\/3-40.jpg\",\"position\":40,\"picture_id\":40,\"media_id\":144810,\"post_id\":194894,\"id\":40,\"attachment_id\":0,\"url\":\"https:\/\/fotos15.inmovilla.com\/12732\/24620935\/3-40.jpg\",\"basename\":\"3-40.jpg\",\"created_date\":\"2026-04-30 15:06:04\",\"is_downloaded\":0,\"is_using_remote\":1},{\"multimedia_type\":\"Picture\",\"picture_url\":\"https:\/\/fotos15.inmovilla.com\/12732\/24620935\/3-41.jpg\",\"position\":41,\"picture_id\":41,\"media_id\":144811,\"post_id\":194894,\"id\":41,\"attachment_id\":0,\"url\":\"https:\/\/fotos15.inmovilla.com\/12732\/24620935\/3-41.jpg\",\"basename\":\"3-41.jpg\",\"created_date\":\"2026-04-30 15:06:04\",\"is_downloaded\":0,\"is_using_remote\":1},{\"multimedia_type\":\"Picture\",\"picture_url\":\"https:\/\/fotos15.inmovilla.com\/12732\/24620935\/3-42.jpg\",\"position\":42,\"picture_id\":42,\"media_id\":144812,\"post_id\":194894,\"id\":42,\"attachment_id\":0,\"url\":\"https:\/\/fotos15.inmovilla.com\/12732\/24620935\/3-42.jpg\",\"basename\":\"3-42.jpg\",\"created_date\":\"2026-04-30 15:06:04\",\"is_downloaded\":0,\"is_using_remote\":1},{\"multimedia_type\":\"Picture\",\"picture_url\":\"https:\/\/fotos15.inmovilla.com\/12732\/24620935\/3-43.jpg\",\"position\":43,\"picture_id\":43,\"media_id\":144813,\"post_id\":194894,\"id\":43,\"attachment_id\":0,\"url\":\"https:\/\/fotos15.inmovilla.com\/12732\/24620935\/3-43.jpg\",\"basename\":\"3-43.jpg\",\"created_date\":\"2026-04-30 15:06:04\",\"is_downloaded\":0,\"is_using_remote\":1},{\"multimedia_type\":\"Picture\",\"picture_url\":\"https:\/\/fotos15.inmovilla.com\/12732\/24620935\/3-44.jpg\",\"position\":44,\"picture_id\":44,\"media_id\":144814,\"post_id\":194894,\"id\":44,\"attachment_id\":0,\"url\":\"https:\/\/fotos15.inmovilla.com\/12732\/24620935\/3-44.jpg\",\"basename\":\"3-44.jpg\",\"created_date\":\"2026-04-30 15:06:04\",\"is_downloaded\":0,\"is_using_remote\":1},{\"multimedia_type\":\"Picture\",\"picture_url\":\"https:\/\/fotos15.inmovilla.com\/12732\/24620935\/3-45.jpg\",\"position\":45,\"picture_id\":45,\"media_id\":144815,\"post_id\":194894,\"id\":45,\"attachment_id\":0,\"url\":\"https:\/\/fotos15.inmovilla.com\/12732\/24620935\/3-45.jpg\",\"basename\":\"3-45.jpg\",\"created_date\":\"2026-04-30 15:06:04\",\"is_downloaded\":0,\"is_using_remote\":1},{\"multimedia_type\":\"Picture\",\"picture_url\":\"https:\/\/fotos15.inmovilla.com\/12732\/24620935\/3-46.jpg\",\"position\":46,\"picture_id\":46,\"media_id\":144816,\"post_id\":194894,\"id\":46,\"attachment_id\":0,\"url\":\"https:\/\/fotos15.inmovilla.com\/12732\/24620935\/3-46.jpg\",\"basename\":\"3-46.jpg\",\"created_date\":\"2026-04-30 15:06:04\",\"is_downloaded\":0,\"is_using_remote\":1},{\"multimedia_type\":\"Picture\",\"picture_url\":\"https:\/\/fotos15.inmovilla.com\/12732\/24620935\/3-47.jpg\",\"position\":47,\"picture_id\":47,\"media_id\":144817,\"post_id\":194894,\"id\":47,\"attachment_id\":0,\"url\":\"https:\/\/fotos15.inmovilla.com\/12732\/24620935\/3-47.jpg\",\"basename\":\"3-47.jpg\",\"created_date\":\"2026-04-30 15:06:04\",\"is_downloaded\":0,\"is_using_remote\":1},{\"multimedia_type\":\"Picture\",\"picture_url\":\"https:\/\/fotos15.inmovilla.com\/12732\/24620935\/3-48.jpg\",\"position\":48,\"picture_id\":48,\"media_id\":144818,\"post_id\":194894,\"id\":48,\"attachment_id\":0,\"url\":\"https:\/\/fotos15.inmovilla.com\/12732\/24620935\/3-48.jpg\",\"basename\":\"3-48.jpg\",\"created_date\":\"2026-04-30 15:06:04\",\"is_downloaded\":0,\"is_using_remote\":1},{\"multimedia_type\":\"Picture\",\"picture_url\":\"https:\/\/fotos15.inmovilla.com\/12732\/24620935\/3-49.jpg\",\"position\":49,\"picture_id\":49,\"media_id\":144819,\"post_id\":194894,\"id\":49,\"attachment_id\":0,\"url\":\"https:\/\/fotos15.inmovilla.com\/12732\/24620935\/3-49.jpg\",\"basename\":\"3-49.jpg\",\"created_date\":\"2026-04-30 15:06:04\",\"is_downloaded\":0,\"is_using_remote\":1},{\"multimedia_type\":\"Picture\",\"picture_url\":\"https:\/\/fotos15.inmovilla.com\/12732\/24620935\/3-50.jpg\",\"position\":50,\"picture_id\":50,\"media_id\":144820,\"post_id\":194894,\"id\":50,\"attachment_id\":0,\"url\":\"https:\/\/fotos15.inmovilla.com\/12732\/24620935\/3-50.jpg\",\"basename\":\"3-50.jpg\",\"created_date\":\"2026-04-30 15:06:04\",\"is_downloaded\":0,\"is_using_remote\":1},{\"multimedia_type\":\"Picture\",\"picture_url\":\"https:\/\/fotos15.inmovilla.com\/12732\/24620935\/3-51.jpg\",\"position\":51,\"picture_id\":51,\"media_id\":144821,\"post_id\":194894,\"id\":51,\"attachment_id\":0,\"url\":\"https:\/\/fotos15.inmovilla.com\/12732\/24620935\/3-51.jpg\",\"basename\":\"3-51.jpg\",\"created_date\":\"2026-04-30 15:06:04\",\"is_downloaded\":0,\"is_using_remote\":1},{\"multimedia_type\":\"Picture\",\"picture_url\":\"https:\/\/fotos15.inmovilla.com\/12732\/24620935\/3-52.jpg\",\"position\":52,\"picture_id\":52,\"media_id\":144822,\"post_id\":194894,\"id\":52,\"attachment_id\":0,\"url\":\"https:\/\/fotos15.inmovilla.com\/12732\/24620935\/3-52.jpg\",\"basename\":\"3-52.jpg\",\"created_date\":\"2026-04-30 15:06:04\",\"is_downloaded\":0,\"is_using_remote\":1},{\"multimedia_type\":\"Picture\",\"picture_url\":\"https:\/\/fotos15.inmovilla.com\/12732\/24620935\/3-53.jpg\",\"position\":53,\"picture_id\":53,\"media_id\":144823,\"post_id\":194894,\"id\":53,\"attachment_id\":0,\"url\":\"https:\/\/fotos15.inmovilla.com\/12732\/24620935\/3-53.jpg\",\"basename\":\"3-53.jpg\",\"created_date\":\"2026-04-30 15:06:04\",\"is_downloaded\":0,\"is_using_remote\":1}]"],"_thumbnail_id":["194895"],"fave_property_images":["194895"],"fave_featured":["1"],"apg_property_id":["24620935"],"_wpml_word_count":["135"],"_eael_post_view_count":["6"],"houzez_recently_viewed":["2026-05-01 10:43:25"],"houzez_total_property_views":["6"],"houzez_views_by_date":["a:2:{s:10:\"04-30-2026\";i:4;s:10:\"05-01-2026\";i:2;}"],"houzez_featured_listing_date":["2026-05-01 06:05:43"],"_elementor_page_assets":["a:0:{}"]},"yoast_head":"<!-- This site is optimized with the Yoast SEO plugin v27.5 - https:\/\/yoast.com\/product\/yoast-seo-wordpress\/ -->\n<title>Espectacular casa r\u00fastica a 2 Km de Santany\u00ed - RE\/MAX Drac<\/title>\n<meta name=\"robots\" content=\"index, follow, max-snippet:-1, max-image-preview:large, max-video-preview:-1\" \/>\n<link rel=\"canonical\" href=\"https:\/\/www.santanyi.net\/ca\/property\/espectacular-casa-rustica-a-2-km-de-santanyi\/\" \/>\n<meta property=\"og:locale\" content=\"ca_ES\" \/>\n<meta property=\"og:type\" content=\"article\" \/>\n<meta property=\"og:title\" content=\"Espectacular casa r\u00fastica a 2 Km de Santany\u00ed - RE\/MAX Drac\" \/>\n<meta property=\"og:description\" content=\"Aquesta espectacular casa r\u00fastica de grans dimensions est\u00e0 a tan sols 2 Km a prop de Santany\u00ed i compta amb la tranquil\u00b7litat de viure al camp en una zona apartada lliure de sorolls, nom\u00e9s entrar a la casa hi ha un ampli rebedor que comunica amb el grandi\u00f3s i assolit menjador amb un sostre de [&hellip;]\" \/>\n<meta property=\"og:url\" content=\"https:\/\/www.santanyi.net\/ca\/property\/espectacular-casa-rustica-a-2-km-de-santanyi\/\" \/>\n<meta property=\"og:site_name\" content=\"RE\/MAX Drac\" \/>\n<meta property=\"article:modified_time\" content=\"2026-05-01T06:05:43+00:00\" \/>\n<meta property=\"og:image\" content=\"https:\/\/www.santanyi.net\/wp-content\/uploads\/anaconda_property_media\/24620935-194894\/3-1.jpg\" \/>\n\t<meta property=\"og:image:width\" content=\"1600\" \/>\n\t<meta property=\"og:image:height\" content=\"1200\" \/>\n\t<meta property=\"og:image:type\" content=\"image\/jpeg\" \/>\n<meta name=\"twitter:card\" content=\"summary_large_image\" \/>\n<meta name=\"twitter:label1\" content=\"Temps estimat de lectura\" \/>\n\t<meta name=\"twitter:data1\" content=\"1 minut\" \/>\n<script type=\"application\/ld+json\" class=\"yoast-schema-graph\">{\"@context\":\"https:\\\/\\\/schema.org\",\"@graph\":[{\"@type\":\"WebPage\",\"@id\":\"https:\\\/\\\/www.santanyi.net\\\/ca\\\/property\\\/espectacular-casa-rustica-a-2-km-de-santanyi\\\/\",\"url\":\"https:\\\/\\\/www.santanyi.net\\\/ca\\\/property\\\/espectacular-casa-rustica-a-2-km-de-santanyi\\\/\",\"name\":\"Espectacular casa r\u00fastica a 2 Km de Santany\u00ed - RE\\\/MAX Drac\",\"isPartOf\":{\"@id\":\"https:\\\/\\\/www.santanyi.net\\\/ca\\\/#website\"},\"primaryImageOfPage\":{\"@id\":\"https:\\\/\\\/www.santanyi.net\\\/ca\\\/property\\\/espectacular-casa-rustica-a-2-km-de-santanyi\\\/#primaryimage\"},\"image\":{\"@id\":\"https:\\\/\\\/www.santanyi.net\\\/ca\\\/property\\\/espectacular-casa-rustica-a-2-km-de-santanyi\\\/#primaryimage\"},\"thumbnailUrl\":\"https:\\\/\\\/www.santanyi.net\\\/wp-content\\\/uploads\\\/anaconda_property_media\\\/24620935-194894\\\/3-1.jpg\",\"datePublished\":\"2026-04-30T15:06:04+00:00\",\"dateModified\":\"2026-05-01T06:05:43+00:00\",\"breadcrumb\":{\"@id\":\"https:\\\/\\\/www.santanyi.net\\\/ca\\\/property\\\/espectacular-casa-rustica-a-2-km-de-santanyi\\\/#breadcrumb\"},\"inLanguage\":\"ca\",\"potentialAction\":[{\"@type\":\"ReadAction\",\"target\":[\"https:\\\/\\\/www.santanyi.net\\\/ca\\\/property\\\/espectacular-casa-rustica-a-2-km-de-santanyi\\\/\"]}]},{\"@type\":\"ImageObject\",\"inLanguage\":\"ca\",\"@id\":\"https:\\\/\\\/www.santanyi.net\\\/ca\\\/property\\\/espectacular-casa-rustica-a-2-km-de-santanyi\\\/#primaryimage\",\"url\":\"https:\\\/\\\/www.santanyi.net\\\/wp-content\\\/uploads\\\/anaconda_property_media\\\/24620935-194894\\\/3-1.jpg\",\"contentUrl\":\"https:\\\/\\\/www.santanyi.net\\\/wp-content\\\/uploads\\\/anaconda_property_media\\\/24620935-194894\\\/3-1.jpg\",\"width\":1600,\"height\":1200},{\"@type\":\"BreadcrumbList\",\"@id\":\"https:\\\/\\\/www.santanyi.net\\\/ca\\\/property\\\/espectacular-casa-rustica-a-2-km-de-santanyi\\\/#breadcrumb\",\"itemListElement\":[{\"@type\":\"ListItem\",\"position\":1,\"name\":\"Home\",\"item\":\"https:\\\/\\\/www.santanyi.net\\\/ca\\\/\"},{\"@type\":\"ListItem\",\"position\":2,\"name\":\"Properties\",\"item\":\"https:\\\/\\\/www.santanyi.net\\\/ca\\\/property\\\/\"},{\"@type\":\"ListItem\",\"position\":3,\"name\":\"Espectacular casa r\u00fastica a 2 Km de Santany\u00ed\"}]},{\"@type\":\"WebSite\",\"@id\":\"https:\\\/\\\/www.santanyi.net\\\/ca\\\/#website\",\"url\":\"https:\\\/\\\/www.santanyi.net\\\/ca\\\/\",\"name\":\"RE\\\/MAX Drac\",\"description\":\"\",\"publisher\":{\"@id\":\"https:\\\/\\\/www.santanyi.net\\\/ca\\\/#organization\"},\"potentialAction\":[{\"@type\":\"SearchAction\",\"target\":{\"@type\":\"EntryPoint\",\"urlTemplate\":\"https:\\\/\\\/www.santanyi.net\\\/ca\\\/?s={search_term_string}\"},\"query-input\":{\"@type\":\"PropertyValueSpecification\",\"valueRequired\":true,\"valueName\":\"search_term_string\"}}],\"inLanguage\":\"ca\"},{\"@type\":\"Organization\",\"@id\":\"https:\\\/\\\/www.santanyi.net\\\/ca\\\/#organization\",\"name\":\"RE\\\/MAX Drac\",\"url\":\"https:\\\/\\\/www.santanyi.net\\\/ca\\\/\",\"logo\":{\"@type\":\"ImageObject\",\"inLanguage\":\"ca\",\"@id\":\"https:\\\/\\\/www.santanyi.net\\\/ca\\\/#\\\/schema\\\/logo\\\/image\\\/\",\"url\":\"https:\\\/\\\/www.santanyi.net\\\/wp-content\\\/uploads\\\/2025\\\/07\\\/logo-nuevo.png\",\"contentUrl\":\"https:\\\/\\\/www.santanyi.net\\\/wp-content\\\/uploads\\\/2025\\\/07\\\/logo-nuevo.png\",\"width\":295,\"height\":165,\"caption\":\"RE\\\/MAX Drac\"},\"image\":{\"@id\":\"https:\\\/\\\/www.santanyi.net\\\/ca\\\/#\\\/schema\\\/logo\\\/image\\\/\"}}]}<\/script>\n<!-- \/ Yoast SEO plugin. -->","yoast_head_json":{"title":"Espectacular casa r\u00fastica a 2 Km de Santany\u00ed - RE\/MAX Drac","robots":{"index":"index","follow":"follow","max-snippet":"max-snippet:-1","max-image-preview":"max-image-preview:large","max-video-preview":"max-video-preview:-1"},"canonical":"https:\/\/www.santanyi.net\/ca\/property\/espectacular-casa-rustica-a-2-km-de-santanyi\/","og_locale":"ca_ES","og_type":"article","og_title":"Espectacular casa r\u00fastica a 2 Km de Santany\u00ed - RE\/MAX Drac","og_description":"Aquesta espectacular casa r\u00fastica de grans dimensions est\u00e0 a tan sols 2 Km a prop de Santany\u00ed i compta amb la tranquil\u00b7litat de viure al camp en una zona apartada lliure de sorolls, nom\u00e9s entrar a la casa hi ha un ampli rebedor que comunica amb el grandi\u00f3s i assolit menjador amb un sostre de [&hellip;]","og_url":"https:\/\/www.santanyi.net\/ca\/property\/espectacular-casa-rustica-a-2-km-de-santanyi\/","og_site_name":"RE\/MAX Drac","article_modified_time":"2026-05-01T06:05:43+00:00","og_image":[{"width":1600,"height":1200,"url":"https:\/\/www.santanyi.net\/wp-content\/uploads\/anaconda_property_media\/24620935-194894\/3-1.jpg","type":"image\/jpeg"}],"twitter_card":"summary_large_image","twitter_misc":{"Temps estimat de lectura":"1 minut"},"schema":{"@context":"https:\/\/schema.org","@graph":[{"@type":"WebPage","@id":"https:\/\/www.santanyi.net\/ca\/property\/espectacular-casa-rustica-a-2-km-de-santanyi\/","url":"https:\/\/www.santanyi.net\/ca\/property\/espectacular-casa-rustica-a-2-km-de-santanyi\/","name":"Espectacular casa r\u00fastica a 2 Km de Santany\u00ed - RE\/MAX Drac","isPartOf":{"@id":"https:\/\/www.santanyi.net\/ca\/#website"},"primaryImageOfPage":{"@id":"https:\/\/www.santanyi.net\/ca\/property\/espectacular-casa-rustica-a-2-km-de-santanyi\/#primaryimage"},"image":{"@id":"https:\/\/www.santanyi.net\/ca\/property\/espectacular-casa-rustica-a-2-km-de-santanyi\/#primaryimage"},"thumbnailUrl":"https:\/\/www.santanyi.net\/wp-content\/uploads\/anaconda_property_media\/24620935-194894\/3-1.jpg","datePublished":"2026-04-30T15:06:04+00:00","dateModified":"2026-05-01T06:05:43+00:00","breadcrumb":{"@id":"https:\/\/www.santanyi.net\/ca\/property\/espectacular-casa-rustica-a-2-km-de-santanyi\/#breadcrumb"},"inLanguage":"ca","potentialAction":[{"@type":"ReadAction","target":["https:\/\/www.santanyi.net\/ca\/property\/espectacular-casa-rustica-a-2-km-de-santanyi\/"]}]},{"@type":"ImageObject","inLanguage":"ca","@id":"https:\/\/www.santanyi.net\/ca\/property\/espectacular-casa-rustica-a-2-km-de-santanyi\/#primaryimage","url":"https:\/\/www.santanyi.net\/wp-content\/uploads\/anaconda_property_media\/24620935-194894\/3-1.jpg","contentUrl":"https:\/\/www.santanyi.net\/wp-content\/uploads\/anaconda_property_media\/24620935-194894\/3-1.jpg","width":1600,"height":1200},{"@type":"BreadcrumbList","@id":"https:\/\/www.santanyi.net\/ca\/property\/espectacular-casa-rustica-a-2-km-de-santanyi\/#breadcrumb","itemListElement":[{"@type":"ListItem","position":1,"name":"Home","item":"https:\/\/www.santanyi.net\/ca\/"},{"@type":"ListItem","position":2,"name":"Properties","item":"https:\/\/www.santanyi.net\/ca\/property\/"},{"@type":"ListItem","position":3,"name":"Espectacular casa r\u00fastica a 2 Km de Santany\u00ed"}]},{"@type":"WebSite","@id":"https:\/\/www.santanyi.net\/ca\/#website","url":"https:\/\/www.santanyi.net\/ca\/","name":"RE\/MAX Drac","description":"","publisher":{"@id":"https:\/\/www.santanyi.net\/ca\/#organization"},"potentialAction":[{"@type":"SearchAction","target":{"@type":"EntryPoint","urlTemplate":"https:\/\/www.santanyi.net\/ca\/?s={search_term_string}"},"query-input":{"@type":"PropertyValueSpecification","valueRequired":true,"valueName":"search_term_string"}}],"inLanguage":"ca"},{"@type":"Organization","@id":"https:\/\/www.santanyi.net\/ca\/#organization","name":"RE\/MAX Drac","url":"https:\/\/www.santanyi.net\/ca\/","logo":{"@type":"ImageObject","inLanguage":"ca","@id":"https:\/\/www.santanyi.net\/ca\/#\/schema\/logo\/image\/","url":"https:\/\/www.santanyi.net\/wp-content\/uploads\/2025\/07\/logo-nuevo.png","contentUrl":"https:\/\/www.santanyi.net\/wp-content\/uploads\/2025\/07\/logo-nuevo.png","width":295,"height":165,"caption":"RE\/MAX Drac"},"image":{"@id":"https:\/\/www.santanyi.net\/ca\/#\/schema\/logo\/image\/"}}]}},"_links":{"self":[{"href":"https:\/\/www.santanyi.net\/ca\/wp-json\/wp\/v2\/properties\/194900","targetHints":{"allow":["GET"]}}],"collection":[{"href":"https:\/\/www.santanyi.net\/ca\/wp-json\/wp\/v2\/properties"}],"about":[{"href":"https:\/\/www.santanyi.net\/ca\/wp-json\/wp\/v2\/types\/property"}],"author":[{"embeddable":true,"href":"https:\/\/www.santanyi.net\/ca\/wp-json\/wp\/v2\/users\/1"}],"version-history":[{"count":1,"href":"https:\/\/www.santanyi.net\/ca\/wp-json\/wp\/v2\/properties\/194900\/revisions"}],"predecessor-version":[{"id":195576,"href":"https:\/\/www.santanyi.net\/ca\/wp-json\/wp\/v2\/properties\/194900\/revisions\/195576"}],"wp:featuredmedia":[{"embeddable":true,"href":"https:\/\/www.santanyi.net\/ca\/wp-json\/wp\/v2\/media\/194895"}],"wp:attachment":[{"href":"https:\/\/www.santanyi.net\/ca\/wp-json\/wp\/v2\/media?parent=194900"}],"wp:term":[{"taxonomy":"property_type","embeddable":true,"href":"https:\/\/www.santanyi.net\/ca\/wp-json\/wp\/v2\/property_type?post=194900"},{"taxonomy":"property_status","embeddable":true,"href":"https:\/\/www.santanyi.net\/ca\/wp-json\/wp\/v2\/property_status?post=194900"},{"taxonomy":"property_feature","embeddable":true,"href":"https:\/\/www.santanyi.net\/ca\/wp-json\/wp\/v2\/property_feature?post=194900"},{"taxonomy":"property_label","embeddable":true,"href":"https:\/\/www.santanyi.net\/ca\/wp-json\/wp\/v2\/property_label?post=194900"},{"taxonomy":"property_country","embeddable":true,"href":"https:\/\/www.santanyi.net\/ca\/wp-json\/wp\/v2\/property_country?post=194900"},{"taxonomy":"property_state","embeddable":true,"href":"https:\/\/www.santanyi.net\/ca\/wp-json\/wp\/v2\/property_state?post=194900"},{"taxonomy":"property_city","embeddable":true,"href":"https:\/\/www.santanyi.net\/ca\/wp-json\/wp\/v2\/property_city?post=194900"},{"taxonomy":"property_area","embeddable":true,"href":"https:\/\/www.santanyi.net\/ca\/wp-json\/wp\/v2\/property_area?post=194900"}],"curies":[{"name":"wp","href":"https:\/\/api.w.org\/{rel}","templated":true}]}}