
{"id":194876,"date":"2026-04-30T15:05:47","date_gmt":"2026-04-30T15:05:47","guid":{"rendered":"https:\/\/www.santanyi.net\/property\/gran-finca-rustica-cerca-de-es-trenc\/"},"modified":"2026-05-01T06:05:42","modified_gmt":"2026-05-01T06:05:42","slug":"gran-finca-rustica-cerca-de-es-trenc","status":"publish","type":"property","link":"https:\/\/www.santanyi.net\/ca\/property\/gran-finca-rustica-cerca-de-es-trenc\/","title":{"rendered":"Gran finca r\u00fastica cerca de Es Trenc"},"content":{"rendered":"<p>Aquesta gran finca r\u00fastica de 86.000 m2 de terreny, es troba a pocs quil\u00f2metres de la platja des Trenc, en un empla\u00e7ament rural molt tranquil, per\u00f2 no gaire lluny de zones urbanes com sa R\u00e0pida o Camps i a mitja hora de l&#8217;aeroport. La finca t\u00e9 moltes possibilitats, a m\u00e9s d&#8217;un gran habitatge d&#8217;uns 600 m2 amb piscina , amb un gran garatge i un magatzem agr\u00edcola, compta amb tres naus industrials de grans proporcions, on abans es guardaven vaixells i que es podrien destinar a altres funcions, a m\u00e9s de la piscina compta amb un &#8220;safareig&#8221; que \u00e9s un estany d&#8217;aigua emmagatzemada per al regadiu.L&#8217;habitatge \u00e9s ideal per a una gran fam\u00edlia, t\u00e9 unes \u00e0mplies zones comunes com una gran sala menjador que es comunica amb la piscina i que pot estar oberta a l&#8217;estiu i vidrada a l&#8217;hivern, una gran cuina amb totes les comoditats, incloent-hi un gran forn . un despatx i una gran sala d&#8217;estar, tot molt llumin\u00f3s i enlairat. a la primera planta hi ha un gran dormitori doble amb vestidor , bany i una terrassa des d&#8217;on es pot veure el mar i l&#8217;illa de Cabrera. a la planta baixa es troben les altres habitacions i banys.La casa disposa de calefacci\u00f3 central, en algunes parts radiadores, i en altres s\u00f2l radiant, la piscina t\u00e9 un Jakuzy i tamb\u00e9 un generador d&#8217;onades. La finca est\u00e0 connectada a la xarxa el\u00e8ctrica i a l&#8217; aigua corrent i a m\u00e9s t\u00e9 dos pous d&#8217; aigua subterranis i una gran extensi\u00f3 de terra de conreu.<\/p>\n","protected":false},"excerpt":{"rendered":"<p>Aquesta gran finca r\u00fastica de 86.000 m2 de terreny, es troba a pocs quil\u00f2metres de la platja des Trenc, en un empla\u00e7ament rural molt tranquil, per\u00f2 no gaire lluny de zones urbanes com sa R\u00e0pida o Camps i a mitja hora de l&#8217;aeroport. La finca t\u00e9 moltes possibilitats, a m\u00e9s d&#8217;un gran habitatge d&#8217;uns 600 [&hellip;]<\/p>\n","protected":false},"author":1,"featured_media":194871,"parent":0,"menu_order":0,"template":"","property_type":[2131],"property_status":[2096,2103],"property_feature":[1774,1810],"property_label":[],"property_country":[],"property_state":[],"property_city":[642],"property_area":[643],"class_list":["post-194876","property","type-property","status-publish","has-post-thumbnail","hentry","property_type-casa-ca","property_status-venta","property_status-venta-ca","property_feature-parking","property_feature-parking-ca","property_city-campos","property_area-campos"],"acf":[],"property_meta":{"_apg_property_user_edited":["1"],"fave_property_id":["DRAC-CR1484GE"],"fave_property_location":["39.406362201188,2.9963408630857,15"],"houzez_geolocation_lat":["39.406362201188"],"houzez_geolocation_long":["2.9963408630857"],"fave_property_price":["1700000"],"fave_property_rent_or_sale":["sale"],"fave_property_year":[null],"fave_property_size_prefix":["m2"],"fave_property_land_postfix":["m2"],"fave_property_size":["2381"],"fave_property_land":["86000"],"fave_property_bedrooms":["5"],"fave_property_bathrooms":["5"],"fave_property_garage":["2"],"fave_property_map_address":["Campos, 07630 Campos"],"fave_property_address":[" , Campos 07630"],"fave_property_zip":["07630"],"fave_property_postal_code":["07630"],"fave_property_map":["1"],"apg_is_using_remote_image_url":["1"],"apg_using_remote_image_urls":["[{\"multimedia_type\":\"Picture\",\"picture_url\":\"https:\/\/fotos15.inmovilla.com\/12732\/24620919\/9-1.jpg\",\"position\":1,\"picture_id\":1,\"media_id\":144691,\"post_id\":194870,\"id\":1,\"attachment_id\":0,\"url\":\"https:\/\/fotos15.inmovilla.com\/12732\/24620919\/9-1.jpg\",\"basename\":\"9-1.jpg\",\"created_date\":\"2026-04-30 15:05:48\",\"is_downloaded\":0,\"is_using_remote\":0},{\"multimedia_type\":\"Picture\",\"picture_url\":\"https:\/\/fotos15.inmovilla.com\/12732\/24620919\/9-2.jpg\",\"position\":2,\"picture_id\":2,\"media_id\":144692,\"post_id\":194870,\"id\":2,\"attachment_id\":0,\"url\":\"https:\/\/fotos15.inmovilla.com\/12732\/24620919\/9-2.jpg\",\"basename\":\"9-2.jpg\",\"created_date\":\"2026-04-30 15:05:48\",\"is_downloaded\":0,\"is_using_remote\":1},{\"multimedia_type\":\"Picture\",\"picture_url\":\"https:\/\/fotos15.inmovilla.com\/12732\/24620919\/9-3.jpg\",\"position\":3,\"picture_id\":3,\"media_id\":144693,\"post_id\":194870,\"id\":3,\"attachment_id\":0,\"url\":\"https:\/\/fotos15.inmovilla.com\/12732\/24620919\/9-3.jpg\",\"basename\":\"9-3.jpg\",\"created_date\":\"2026-04-30 15:05:48\",\"is_downloaded\":0,\"is_using_remote\":1},{\"multimedia_type\":\"Picture\",\"picture_url\":\"https:\/\/fotos15.inmovilla.com\/12732\/24620919\/9-4.jpg\",\"position\":4,\"picture_id\":4,\"media_id\":144694,\"post_id\":194870,\"id\":4,\"attachment_id\":0,\"url\":\"https:\/\/fotos15.inmovilla.com\/12732\/24620919\/9-4.jpg\",\"basename\":\"9-4.jpg\",\"created_date\":\"2026-04-30 15:05:48\",\"is_downloaded\":0,\"is_using_remote\":1},{\"multimedia_type\":\"Picture\",\"picture_url\":\"https:\/\/fotos15.inmovilla.com\/12732\/24620919\/9-5.jpg\",\"position\":5,\"picture_id\":5,\"media_id\":144695,\"post_id\":194870,\"id\":5,\"attachment_id\":0,\"url\":\"https:\/\/fotos15.inmovilla.com\/12732\/24620919\/9-5.jpg\",\"basename\":\"9-5.jpg\",\"created_date\":\"2026-04-30 15:05:48\",\"is_downloaded\":0,\"is_using_remote\":1},{\"multimedia_type\":\"Picture\",\"picture_url\":\"https:\/\/fotos15.inmovilla.com\/12732\/24620919\/9-6.jpg\",\"position\":6,\"picture_id\":6,\"media_id\":144696,\"post_id\":194870,\"id\":6,\"attachment_id\":0,\"url\":\"https:\/\/fotos15.inmovilla.com\/12732\/24620919\/9-6.jpg\",\"basename\":\"9-6.jpg\",\"created_date\":\"2026-04-30 15:05:48\",\"is_downloaded\":0,\"is_using_remote\":1},{\"multimedia_type\":\"Picture\",\"picture_url\":\"https:\/\/fotos15.inmovilla.com\/12732\/24620919\/9-7.jpg\",\"position\":7,\"picture_id\":7,\"media_id\":144697,\"post_id\":194870,\"id\":7,\"attachment_id\":0,\"url\":\"https:\/\/fotos15.inmovilla.com\/12732\/24620919\/9-7.jpg\",\"basename\":\"9-7.jpg\",\"created_date\":\"2026-04-30 15:05:48\",\"is_downloaded\":0,\"is_using_remote\":1},{\"multimedia_type\":\"Picture\",\"picture_url\":\"https:\/\/fotos15.inmovilla.com\/12732\/24620919\/9-8.jpg\",\"position\":8,\"picture_id\":8,\"media_id\":144698,\"post_id\":194870,\"id\":8,\"attachment_id\":0,\"url\":\"https:\/\/fotos15.inmovilla.com\/12732\/24620919\/9-8.jpg\",\"basename\":\"9-8.jpg\",\"created_date\":\"2026-04-30 15:05:48\",\"is_downloaded\":0,\"is_using_remote\":1},{\"multimedia_type\":\"Picture\",\"picture_url\":\"https:\/\/fotos15.inmovilla.com\/12732\/24620919\/9-9.jpg\",\"position\":9,\"picture_id\":9,\"media_id\":144699,\"post_id\":194870,\"id\":9,\"attachment_id\":0,\"url\":\"https:\/\/fotos15.inmovilla.com\/12732\/24620919\/9-9.jpg\",\"basename\":\"9-9.jpg\",\"created_date\":\"2026-04-30 15:05:48\",\"is_downloaded\":0,\"is_using_remote\":1},{\"multimedia_type\":\"Picture\",\"picture_url\":\"https:\/\/fotos15.inmovilla.com\/12732\/24620919\/9-10.jpg\",\"position\":10,\"picture_id\":10,\"media_id\":144700,\"post_id\":194870,\"id\":10,\"attachment_id\":0,\"url\":\"https:\/\/fotos15.inmovilla.com\/12732\/24620919\/9-10.jpg\",\"basename\":\"9-10.jpg\",\"created_date\":\"2026-04-30 15:05:48\",\"is_downloaded\":0,\"is_using_remote\":1},{\"multimedia_type\":\"Picture\",\"picture_url\":\"https:\/\/fotos15.inmovilla.com\/12732\/24620919\/9-11.jpg\",\"position\":11,\"picture_id\":11,\"media_id\":144701,\"post_id\":194870,\"id\":11,\"attachment_id\":0,\"url\":\"https:\/\/fotos15.inmovilla.com\/12732\/24620919\/9-11.jpg\",\"basename\":\"9-11.jpg\",\"created_date\":\"2026-04-30 15:05:48\",\"is_downloaded\":0,\"is_using_remote\":1},{\"multimedia_type\":\"Picture\",\"picture_url\":\"https:\/\/fotos15.inmovilla.com\/12732\/24620919\/9-12.jpg\",\"position\":12,\"picture_id\":12,\"media_id\":144702,\"post_id\":194870,\"id\":12,\"attachment_id\":0,\"url\":\"https:\/\/fotos15.inmovilla.com\/12732\/24620919\/9-12.jpg\",\"basename\":\"9-12.jpg\",\"created_date\":\"2026-04-30 15:05:48\",\"is_downloaded\":0,\"is_using_remote\":1},{\"multimedia_type\":\"Picture\",\"picture_url\":\"https:\/\/fotos15.inmovilla.com\/12732\/24620919\/9-13.jpg\",\"position\":13,\"picture_id\":13,\"media_id\":144703,\"post_id\":194870,\"id\":13,\"attachment_id\":0,\"url\":\"https:\/\/fotos15.inmovilla.com\/12732\/24620919\/9-13.jpg\",\"basename\":\"9-13.jpg\",\"created_date\":\"2026-04-30 15:05:48\",\"is_downloaded\":0,\"is_using_remote\":1},{\"multimedia_type\":\"Picture\",\"picture_url\":\"https:\/\/fotos15.inmovilla.com\/12732\/24620919\/9-14.jpg\",\"position\":14,\"picture_id\":14,\"media_id\":144704,\"post_id\":194870,\"id\":14,\"attachment_id\":0,\"url\":\"https:\/\/fotos15.inmovilla.com\/12732\/24620919\/9-14.jpg\",\"basename\":\"9-14.jpg\",\"created_date\":\"2026-04-30 15:05:48\",\"is_downloaded\":0,\"is_using_remote\":1},{\"multimedia_type\":\"Picture\",\"picture_url\":\"https:\/\/fotos15.inmovilla.com\/12732\/24620919\/9-15.jpg\",\"position\":15,\"picture_id\":15,\"media_id\":144705,\"post_id\":194870,\"id\":15,\"attachment_id\":0,\"url\":\"https:\/\/fotos15.inmovilla.com\/12732\/24620919\/9-15.jpg\",\"basename\":\"9-15.jpg\",\"created_date\":\"2026-04-30 15:05:48\",\"is_downloaded\":0,\"is_using_remote\":1},{\"multimedia_type\":\"Picture\",\"picture_url\":\"https:\/\/fotos15.inmovilla.com\/12732\/24620919\/9-16.jpg\",\"position\":16,\"picture_id\":16,\"media_id\":144706,\"post_id\":194870,\"id\":16,\"attachment_id\":0,\"url\":\"https:\/\/fotos15.inmovilla.com\/12732\/24620919\/9-16.jpg\",\"basename\":\"9-16.jpg\",\"created_date\":\"2026-04-30 15:05:48\",\"is_downloaded\":0,\"is_using_remote\":1},{\"multimedia_type\":\"Picture\",\"picture_url\":\"https:\/\/fotos15.inmovilla.com\/12732\/24620919\/9-17.jpg\",\"position\":17,\"picture_id\":17,\"media_id\":144707,\"post_id\":194870,\"id\":17,\"attachment_id\":0,\"url\":\"https:\/\/fotos15.inmovilla.com\/12732\/24620919\/9-17.jpg\",\"basename\":\"9-17.jpg\",\"created_date\":\"2026-04-30 15:05:48\",\"is_downloaded\":0,\"is_using_remote\":1},{\"multimedia_type\":\"Picture\",\"picture_url\":\"https:\/\/fotos15.inmovilla.com\/12732\/24620919\/9-18.jpg\",\"position\":18,\"picture_id\":18,\"media_id\":144708,\"post_id\":194870,\"id\":18,\"attachment_id\":0,\"url\":\"https:\/\/fotos15.inmovilla.com\/12732\/24620919\/9-18.jpg\",\"basename\":\"9-18.jpg\",\"created_date\":\"2026-04-30 15:05:48\",\"is_downloaded\":0,\"is_using_remote\":1},{\"multimedia_type\":\"Picture\",\"picture_url\":\"https:\/\/fotos15.inmovilla.com\/12732\/24620919\/9-19.jpg\",\"position\":19,\"picture_id\":19,\"media_id\":144709,\"post_id\":194870,\"id\":19,\"attachment_id\":0,\"url\":\"https:\/\/fotos15.inmovilla.com\/12732\/24620919\/9-19.jpg\",\"basename\":\"9-19.jpg\",\"created_date\":\"2026-04-30 15:05:48\",\"is_downloaded\":0,\"is_using_remote\":1},{\"multimedia_type\":\"Picture\",\"picture_url\":\"https:\/\/fotos15.inmovilla.com\/12732\/24620919\/9-20.jpg\",\"position\":20,\"picture_id\":20,\"media_id\":144710,\"post_id\":194870,\"id\":20,\"attachment_id\":0,\"url\":\"https:\/\/fotos15.inmovilla.com\/12732\/24620919\/9-20.jpg\",\"basename\":\"9-20.jpg\",\"created_date\":\"2026-04-30 15:05:48\",\"is_downloaded\":0,\"is_using_remote\":1},{\"multimedia_type\":\"Picture\",\"picture_url\":\"https:\/\/fotos15.inmovilla.com\/12732\/24620919\/9-21.jpg\",\"position\":21,\"picture_id\":21,\"media_id\":144711,\"post_id\":194870,\"id\":21,\"attachment_id\":0,\"url\":\"https:\/\/fotos15.inmovilla.com\/12732\/24620919\/9-21.jpg\",\"basename\":\"9-21.jpg\",\"created_date\":\"2026-04-30 15:05:48\",\"is_downloaded\":0,\"is_using_remote\":1},{\"multimedia_type\":\"Picture\",\"picture_url\":\"https:\/\/fotos15.inmovilla.com\/12732\/24620919\/9-22.jpg\",\"position\":22,\"picture_id\":22,\"media_id\":144712,\"post_id\":194870,\"id\":22,\"attachment_id\":0,\"url\":\"https:\/\/fotos15.inmovilla.com\/12732\/24620919\/9-22.jpg\",\"basename\":\"9-22.jpg\",\"created_date\":\"2026-04-30 15:05:48\",\"is_downloaded\":0,\"is_using_remote\":1},{\"multimedia_type\":\"Picture\",\"picture_url\":\"https:\/\/fotos15.inmovilla.com\/12732\/24620919\/9-23.jpg\",\"position\":23,\"picture_id\":23,\"media_id\":144713,\"post_id\":194870,\"id\":23,\"attachment_id\":0,\"url\":\"https:\/\/fotos15.inmovilla.com\/12732\/24620919\/9-23.jpg\",\"basename\":\"9-23.jpg\",\"created_date\":\"2026-04-30 15:05:48\",\"is_downloaded\":0,\"is_using_remote\":1},{\"multimedia_type\":\"Picture\",\"picture_url\":\"https:\/\/fotos15.inmovilla.com\/12732\/24620919\/9-24.jpg\",\"position\":24,\"picture_id\":24,\"media_id\":144714,\"post_id\":194870,\"id\":24,\"attachment_id\":0,\"url\":\"https:\/\/fotos15.inmovilla.com\/12732\/24620919\/9-24.jpg\",\"basename\":\"9-24.jpg\",\"created_date\":\"2026-04-30 15:05:48\",\"is_downloaded\":0,\"is_using_remote\":1},{\"multimedia_type\":\"Picture\",\"picture_url\":\"https:\/\/fotos15.inmovilla.com\/12732\/24620919\/9-25.jpg\",\"position\":25,\"picture_id\":25,\"media_id\":144715,\"post_id\":194870,\"id\":25,\"attachment_id\":0,\"url\":\"https:\/\/fotos15.inmovilla.com\/12732\/24620919\/9-25.jpg\",\"basename\":\"9-25.jpg\",\"created_date\":\"2026-04-30 15:05:48\",\"is_downloaded\":0,\"is_using_remote\":1},{\"multimedia_type\":\"Picture\",\"picture_url\":\"https:\/\/fotos15.inmovilla.com\/12732\/24620919\/9-26.jpg\",\"position\":26,\"picture_id\":26,\"media_id\":144716,\"post_id\":194870,\"id\":26,\"attachment_id\":0,\"url\":\"https:\/\/fotos15.inmovilla.com\/12732\/24620919\/9-26.jpg\",\"basename\":\"9-26.jpg\",\"created_date\":\"2026-04-30 15:05:48\",\"is_downloaded\":0,\"is_using_remote\":1},{\"multimedia_type\":\"Picture\",\"picture_url\":\"https:\/\/fotos15.inmovilla.com\/12732\/24620919\/9-27.jpg\",\"position\":27,\"picture_id\":27,\"media_id\":144717,\"post_id\":194870,\"id\":27,\"attachment_id\":0,\"url\":\"https:\/\/fotos15.inmovilla.com\/12732\/24620919\/9-27.jpg\",\"basename\":\"9-27.jpg\",\"created_date\":\"2026-04-30 15:05:48\",\"is_downloaded\":0,\"is_using_remote\":1},{\"multimedia_type\":\"Picture\",\"picture_url\":\"https:\/\/fotos15.inmovilla.com\/12732\/24620919\/9-28.jpg\",\"position\":28,\"picture_id\":28,\"media_id\":144718,\"post_id\":194870,\"id\":28,\"attachment_id\":0,\"url\":\"https:\/\/fotos15.inmovilla.com\/12732\/24620919\/9-28.jpg\",\"basename\":\"9-28.jpg\",\"created_date\":\"2026-04-30 15:05:48\",\"is_downloaded\":0,\"is_using_remote\":1},{\"multimedia_type\":\"Picture\",\"picture_url\":\"https:\/\/fotos15.inmovilla.com\/12732\/24620919\/9-29.jpg\",\"position\":29,\"picture_id\":29,\"media_id\":144719,\"post_id\":194870,\"id\":29,\"attachment_id\":0,\"url\":\"https:\/\/fotos15.inmovilla.com\/12732\/24620919\/9-29.jpg\",\"basename\":\"9-29.jpg\",\"created_date\":\"2026-04-30 15:05:48\",\"is_downloaded\":0,\"is_using_remote\":1},{\"multimedia_type\":\"Picture\",\"picture_url\":\"https:\/\/fotos15.inmovilla.com\/12732\/24620919\/9-30.jpg\",\"position\":30,\"picture_id\":30,\"media_id\":144720,\"post_id\":194870,\"id\":30,\"attachment_id\":0,\"url\":\"https:\/\/fotos15.inmovilla.com\/12732\/24620919\/9-30.jpg\",\"basename\":\"9-30.jpg\",\"created_date\":\"2026-04-30 15:05:48\",\"is_downloaded\":0,\"is_using_remote\":1},{\"multimedia_type\":\"Picture\",\"picture_url\":\"https:\/\/fotos15.inmovilla.com\/12732\/24620919\/9-31.jpg\",\"position\":31,\"picture_id\":31,\"media_id\":144721,\"post_id\":194870,\"id\":31,\"attachment_id\":0,\"url\":\"https:\/\/fotos15.inmovilla.com\/12732\/24620919\/9-31.jpg\",\"basename\":\"9-31.jpg\",\"created_date\":\"2026-04-30 15:05:48\",\"is_downloaded\":0,\"is_using_remote\":1},{\"multimedia_type\":\"Picture\",\"picture_url\":\"https:\/\/fotos15.inmovilla.com\/12732\/24620919\/9-32.jpg\",\"position\":32,\"picture_id\":32,\"media_id\":144722,\"post_id\":194870,\"id\":32,\"attachment_id\":0,\"url\":\"https:\/\/fotos15.inmovilla.com\/12732\/24620919\/9-32.jpg\",\"basename\":\"9-32.jpg\",\"created_date\":\"2026-04-30 15:05:48\",\"is_downloaded\":0,\"is_using_remote\":1},{\"multimedia_type\":\"Picture\",\"picture_url\":\"https:\/\/fotos15.inmovilla.com\/12732\/24620919\/9-33.jpg\",\"position\":33,\"picture_id\":33,\"media_id\":144723,\"post_id\":194870,\"id\":33,\"attachment_id\":0,\"url\":\"https:\/\/fotos15.inmovilla.com\/12732\/24620919\/9-33.jpg\",\"basename\":\"9-33.jpg\",\"created_date\":\"2026-04-30 15:05:48\",\"is_downloaded\":0,\"is_using_remote\":1},{\"multimedia_type\":\"Picture\",\"picture_url\":\"https:\/\/fotos15.inmovilla.com\/12732\/24620919\/9-34.jpg\",\"position\":34,\"picture_id\":34,\"media_id\":144724,\"post_id\":194870,\"id\":34,\"attachment_id\":0,\"url\":\"https:\/\/fotos15.inmovilla.com\/12732\/24620919\/9-34.jpg\",\"basename\":\"9-34.jpg\",\"created_date\":\"2026-04-30 15:05:48\",\"is_downloaded\":0,\"is_using_remote\":1},{\"multimedia_type\":\"Picture\",\"picture_url\":\"https:\/\/fotos15.inmovilla.com\/12732\/24620919\/9-35.jpg\",\"position\":35,\"picture_id\":35,\"media_id\":144725,\"post_id\":194870,\"id\":35,\"attachment_id\":0,\"url\":\"https:\/\/fotos15.inmovilla.com\/12732\/24620919\/9-35.jpg\",\"basename\":\"9-35.jpg\",\"created_date\":\"2026-04-30 15:05:48\",\"is_downloaded\":0,\"is_using_remote\":1},{\"multimedia_type\":\"Picture\",\"picture_url\":\"https:\/\/fotos15.inmovilla.com\/12732\/24620919\/9-36.jpg\",\"position\":36,\"picture_id\":36,\"media_id\":144726,\"post_id\":194870,\"id\":36,\"attachment_id\":0,\"url\":\"https:\/\/fotos15.inmovilla.com\/12732\/24620919\/9-36.jpg\",\"basename\":\"9-36.jpg\",\"created_date\":\"2026-04-30 15:05:48\",\"is_downloaded\":0,\"is_using_remote\":1},{\"multimedia_type\":\"Picture\",\"picture_url\":\"https:\/\/fotos15.inmovilla.com\/12732\/24620919\/9-37.jpg\",\"position\":37,\"picture_id\":37,\"media_id\":144727,\"post_id\":194870,\"id\":37,\"attachment_id\":0,\"url\":\"https:\/\/fotos15.inmovilla.com\/12732\/24620919\/9-37.jpg\",\"basename\":\"9-37.jpg\",\"created_date\":\"2026-04-30 15:05:48\",\"is_downloaded\":0,\"is_using_remote\":1},{\"multimedia_type\":\"Picture\",\"picture_url\":\"https:\/\/fotos15.inmovilla.com\/12732\/24620919\/9-38.jpg\",\"position\":38,\"picture_id\":38,\"media_id\":144728,\"post_id\":194870,\"id\":38,\"attachment_id\":0,\"url\":\"https:\/\/fotos15.inmovilla.com\/12732\/24620919\/9-38.jpg\",\"basename\":\"9-38.jpg\",\"created_date\":\"2026-04-30 15:05:48\",\"is_downloaded\":0,\"is_using_remote\":1},{\"multimedia_type\":\"Picture\",\"picture_url\":\"https:\/\/fotos15.inmovilla.com\/12732\/24620919\/9-39.jpg\",\"position\":39,\"picture_id\":39,\"media_id\":144729,\"post_id\":194870,\"id\":39,\"attachment_id\":0,\"url\":\"https:\/\/fotos15.inmovilla.com\/12732\/24620919\/9-39.jpg\",\"basename\":\"9-39.jpg\",\"created_date\":\"2026-04-30 15:05:48\",\"is_downloaded\":0,\"is_using_remote\":1},{\"multimedia_type\":\"Picture\",\"picture_url\":\"https:\/\/fotos15.inmovilla.com\/12732\/24620919\/9-40.jpg\",\"position\":40,\"picture_id\":40,\"media_id\":144730,\"post_id\":194870,\"id\":40,\"attachment_id\":0,\"url\":\"https:\/\/fotos15.inmovilla.com\/12732\/24620919\/9-40.jpg\",\"basename\":\"9-40.jpg\",\"created_date\":\"2026-04-30 15:05:48\",\"is_downloaded\":0,\"is_using_remote\":1},{\"multimedia_type\":\"Picture\",\"picture_url\":\"https:\/\/fotos15.inmovilla.com\/12732\/24620919\/9-41.jpg\",\"position\":41,\"picture_id\":41,\"media_id\":144731,\"post_id\":194870,\"id\":41,\"attachment_id\":0,\"url\":\"https:\/\/fotos15.inmovilla.com\/12732\/24620919\/9-41.jpg\",\"basename\":\"9-41.jpg\",\"created_date\":\"2026-04-30 15:05:48\",\"is_downloaded\":0,\"is_using_remote\":1},{\"multimedia_type\":\"Picture\",\"picture_url\":\"https:\/\/fotos15.inmovilla.com\/12732\/24620919\/9-42.jpg\",\"position\":42,\"picture_id\":42,\"media_id\":144732,\"post_id\":194870,\"id\":42,\"attachment_id\":0,\"url\":\"https:\/\/fotos15.inmovilla.com\/12732\/24620919\/9-42.jpg\",\"basename\":\"9-42.jpg\",\"created_date\":\"2026-04-30 15:05:48\",\"is_downloaded\":0,\"is_using_remote\":1}]"],"_thumbnail_id":["194871"],"fave_property_images":["194871"],"fave_property_sec_price":["1900000"],"apg_property_id":["24620919"],"_wpml_word_count":["239"],"_eael_post_view_count":["5"],"houzez_total_property_views":["5"],"houzez_recently_viewed":["2026-05-01 08:10:54"],"houzez_views_by_date":["a:2:{s:10:\"04-30-2026\";i:2;s:10:\"05-01-2026\";i:3;}"],"_elementor_page_assets":["a:0:{}"]},"yoast_head":"<!-- This site is optimized with the Yoast SEO plugin v27.5 - https:\/\/yoast.com\/product\/yoast-seo-wordpress\/ -->\n<title>Gran finca r\u00fastica cerca de Es Trenc - RE\/MAX Drac<\/title>\n<meta name=\"robots\" content=\"index, follow, max-snippet:-1, max-image-preview:large, max-video-preview:-1\" \/>\n<link rel=\"canonical\" href=\"https:\/\/www.santanyi.net\/ca\/property\/gran-finca-rustica-cerca-de-es-trenc\/\" \/>\n<meta property=\"og:locale\" content=\"ca_ES\" \/>\n<meta property=\"og:type\" content=\"article\" \/>\n<meta property=\"og:title\" content=\"Gran finca r\u00fastica cerca de Es Trenc - RE\/MAX Drac\" \/>\n<meta property=\"og:description\" content=\"Aquesta gran finca r\u00fastica de 86.000 m2 de terreny, es troba a pocs quil\u00f2metres de la platja des Trenc, en un empla\u00e7ament rural molt tranquil, per\u00f2 no gaire lluny de zones urbanes com sa R\u00e0pida o Camps i a mitja hora de l&#8217;aeroport. La finca t\u00e9 moltes possibilitats, a m\u00e9s d&#8217;un gran habitatge d&#8217;uns 600 [&hellip;]\" \/>\n<meta property=\"og:url\" content=\"https:\/\/www.santanyi.net\/ca\/property\/gran-finca-rustica-cerca-de-es-trenc\/\" \/>\n<meta property=\"og:site_name\" content=\"RE\/MAX Drac\" \/>\n<meta property=\"article:modified_time\" content=\"2026-05-01T06:05:42+00:00\" \/>\n<meta property=\"og:image\" content=\"https:\/\/www.santanyi.net\/wp-content\/uploads\/anaconda_property_media\/24620919-194870\/9-1.jpg\" \/>\n\t<meta property=\"og:image:width\" content=\"1920\" \/>\n\t<meta property=\"og:image:height\" content=\"1440\" \/>\n\t<meta property=\"og:image:type\" content=\"image\/jpeg\" \/>\n<meta name=\"twitter:card\" content=\"summary_large_image\" \/>\n<meta name=\"twitter:label1\" content=\"Temps estimat de lectura\" \/>\n\t<meta name=\"twitter:data1\" content=\"1 minut\" \/>\n<script type=\"application\/ld+json\" class=\"yoast-schema-graph\">{\"@context\":\"https:\\\/\\\/schema.org\",\"@graph\":[{\"@type\":\"WebPage\",\"@id\":\"https:\\\/\\\/www.santanyi.net\\\/ca\\\/property\\\/gran-finca-rustica-cerca-de-es-trenc\\\/\",\"url\":\"https:\\\/\\\/www.santanyi.net\\\/ca\\\/property\\\/gran-finca-rustica-cerca-de-es-trenc\\\/\",\"name\":\"Gran finca r\u00fastica cerca de Es Trenc - RE\\\/MAX Drac\",\"isPartOf\":{\"@id\":\"https:\\\/\\\/www.santanyi.net\\\/ca\\\/#website\"},\"primaryImageOfPage\":{\"@id\":\"https:\\\/\\\/www.santanyi.net\\\/ca\\\/property\\\/gran-finca-rustica-cerca-de-es-trenc\\\/#primaryimage\"},\"image\":{\"@id\":\"https:\\\/\\\/www.santanyi.net\\\/ca\\\/property\\\/gran-finca-rustica-cerca-de-es-trenc\\\/#primaryimage\"},\"thumbnailUrl\":\"https:\\\/\\\/www.santanyi.net\\\/wp-content\\\/uploads\\\/anaconda_property_media\\\/24620919-194870\\\/9-1.jpg\",\"datePublished\":\"2026-04-30T15:05:47+00:00\",\"dateModified\":\"2026-05-01T06:05:42+00:00\",\"breadcrumb\":{\"@id\":\"https:\\\/\\\/www.santanyi.net\\\/ca\\\/property\\\/gran-finca-rustica-cerca-de-es-trenc\\\/#breadcrumb\"},\"inLanguage\":\"ca\",\"potentialAction\":[{\"@type\":\"ReadAction\",\"target\":[\"https:\\\/\\\/www.santanyi.net\\\/ca\\\/property\\\/gran-finca-rustica-cerca-de-es-trenc\\\/\"]}]},{\"@type\":\"ImageObject\",\"inLanguage\":\"ca\",\"@id\":\"https:\\\/\\\/www.santanyi.net\\\/ca\\\/property\\\/gran-finca-rustica-cerca-de-es-trenc\\\/#primaryimage\",\"url\":\"https:\\\/\\\/www.santanyi.net\\\/wp-content\\\/uploads\\\/anaconda_property_media\\\/24620919-194870\\\/9-1.jpg\",\"contentUrl\":\"https:\\\/\\\/www.santanyi.net\\\/wp-content\\\/uploads\\\/anaconda_property_media\\\/24620919-194870\\\/9-1.jpg\",\"width\":1920,\"height\":1440},{\"@type\":\"BreadcrumbList\",\"@id\":\"https:\\\/\\\/www.santanyi.net\\\/ca\\\/property\\\/gran-finca-rustica-cerca-de-es-trenc\\\/#breadcrumb\",\"itemListElement\":[{\"@type\":\"ListItem\",\"position\":1,\"name\":\"Home\",\"item\":\"https:\\\/\\\/www.santanyi.net\\\/ca\\\/\"},{\"@type\":\"ListItem\",\"position\":2,\"name\":\"Properties\",\"item\":\"https:\\\/\\\/www.santanyi.net\\\/ca\\\/property\\\/\"},{\"@type\":\"ListItem\",\"position\":3,\"name\":\"Gran finca r\u00fastica cerca de Es Trenc\"}]},{\"@type\":\"WebSite\",\"@id\":\"https:\\\/\\\/www.santanyi.net\\\/ca\\\/#website\",\"url\":\"https:\\\/\\\/www.santanyi.net\\\/ca\\\/\",\"name\":\"RE\\\/MAX Drac\",\"description\":\"\",\"publisher\":{\"@id\":\"https:\\\/\\\/www.santanyi.net\\\/ca\\\/#organization\"},\"potentialAction\":[{\"@type\":\"SearchAction\",\"target\":{\"@type\":\"EntryPoint\",\"urlTemplate\":\"https:\\\/\\\/www.santanyi.net\\\/ca\\\/?s={search_term_string}\"},\"query-input\":{\"@type\":\"PropertyValueSpecification\",\"valueRequired\":true,\"valueName\":\"search_term_string\"}}],\"inLanguage\":\"ca\"},{\"@type\":\"Organization\",\"@id\":\"https:\\\/\\\/www.santanyi.net\\\/ca\\\/#organization\",\"name\":\"RE\\\/MAX Drac\",\"url\":\"https:\\\/\\\/www.santanyi.net\\\/ca\\\/\",\"logo\":{\"@type\":\"ImageObject\",\"inLanguage\":\"ca\",\"@id\":\"https:\\\/\\\/www.santanyi.net\\\/ca\\\/#\\\/schema\\\/logo\\\/image\\\/\",\"url\":\"https:\\\/\\\/www.santanyi.net\\\/wp-content\\\/uploads\\\/2025\\\/07\\\/logo-nuevo.png\",\"contentUrl\":\"https:\\\/\\\/www.santanyi.net\\\/wp-content\\\/uploads\\\/2025\\\/07\\\/logo-nuevo.png\",\"width\":295,\"height\":165,\"caption\":\"RE\\\/MAX Drac\"},\"image\":{\"@id\":\"https:\\\/\\\/www.santanyi.net\\\/ca\\\/#\\\/schema\\\/logo\\\/image\\\/\"}}]}<\/script>\n<!-- \/ Yoast SEO plugin. -->","yoast_head_json":{"title":"Gran finca r\u00fastica cerca de Es Trenc - RE\/MAX Drac","robots":{"index":"index","follow":"follow","max-snippet":"max-snippet:-1","max-image-preview":"max-image-preview:large","max-video-preview":"max-video-preview:-1"},"canonical":"https:\/\/www.santanyi.net\/ca\/property\/gran-finca-rustica-cerca-de-es-trenc\/","og_locale":"ca_ES","og_type":"article","og_title":"Gran finca r\u00fastica cerca de Es Trenc - RE\/MAX Drac","og_description":"Aquesta gran finca r\u00fastica de 86.000 m2 de terreny, es troba a pocs quil\u00f2metres de la platja des Trenc, en un empla\u00e7ament rural molt tranquil, per\u00f2 no gaire lluny de zones urbanes com sa R\u00e0pida o Camps i a mitja hora de l&#8217;aeroport. La finca t\u00e9 moltes possibilitats, a m\u00e9s d&#8217;un gran habitatge d&#8217;uns 600 [&hellip;]","og_url":"https:\/\/www.santanyi.net\/ca\/property\/gran-finca-rustica-cerca-de-es-trenc\/","og_site_name":"RE\/MAX Drac","article_modified_time":"2026-05-01T06:05:42+00:00","og_image":[{"width":1920,"height":1440,"url":"https:\/\/www.santanyi.net\/wp-content\/uploads\/anaconda_property_media\/24620919-194870\/9-1.jpg","type":"image\/jpeg"}],"twitter_card":"summary_large_image","twitter_misc":{"Temps estimat de lectura":"1 minut"},"schema":{"@context":"https:\/\/schema.org","@graph":[{"@type":"WebPage","@id":"https:\/\/www.santanyi.net\/ca\/property\/gran-finca-rustica-cerca-de-es-trenc\/","url":"https:\/\/www.santanyi.net\/ca\/property\/gran-finca-rustica-cerca-de-es-trenc\/","name":"Gran finca r\u00fastica cerca de Es Trenc - RE\/MAX Drac","isPartOf":{"@id":"https:\/\/www.santanyi.net\/ca\/#website"},"primaryImageOfPage":{"@id":"https:\/\/www.santanyi.net\/ca\/property\/gran-finca-rustica-cerca-de-es-trenc\/#primaryimage"},"image":{"@id":"https:\/\/www.santanyi.net\/ca\/property\/gran-finca-rustica-cerca-de-es-trenc\/#primaryimage"},"thumbnailUrl":"https:\/\/www.santanyi.net\/wp-content\/uploads\/anaconda_property_media\/24620919-194870\/9-1.jpg","datePublished":"2026-04-30T15:05:47+00:00","dateModified":"2026-05-01T06:05:42+00:00","breadcrumb":{"@id":"https:\/\/www.santanyi.net\/ca\/property\/gran-finca-rustica-cerca-de-es-trenc\/#breadcrumb"},"inLanguage":"ca","potentialAction":[{"@type":"ReadAction","target":["https:\/\/www.santanyi.net\/ca\/property\/gran-finca-rustica-cerca-de-es-trenc\/"]}]},{"@type":"ImageObject","inLanguage":"ca","@id":"https:\/\/www.santanyi.net\/ca\/property\/gran-finca-rustica-cerca-de-es-trenc\/#primaryimage","url":"https:\/\/www.santanyi.net\/wp-content\/uploads\/anaconda_property_media\/24620919-194870\/9-1.jpg","contentUrl":"https:\/\/www.santanyi.net\/wp-content\/uploads\/anaconda_property_media\/24620919-194870\/9-1.jpg","width":1920,"height":1440},{"@type":"BreadcrumbList","@id":"https:\/\/www.santanyi.net\/ca\/property\/gran-finca-rustica-cerca-de-es-trenc\/#breadcrumb","itemListElement":[{"@type":"ListItem","position":1,"name":"Home","item":"https:\/\/www.santanyi.net\/ca\/"},{"@type":"ListItem","position":2,"name":"Properties","item":"https:\/\/www.santanyi.net\/ca\/property\/"},{"@type":"ListItem","position":3,"name":"Gran finca r\u00fastica cerca de Es Trenc"}]},{"@type":"WebSite","@id":"https:\/\/www.santanyi.net\/ca\/#website","url":"https:\/\/www.santanyi.net\/ca\/","name":"RE\/MAX Drac","description":"","publisher":{"@id":"https:\/\/www.santanyi.net\/ca\/#organization"},"potentialAction":[{"@type":"SearchAction","target":{"@type":"EntryPoint","urlTemplate":"https:\/\/www.santanyi.net\/ca\/?s={search_term_string}"},"query-input":{"@type":"PropertyValueSpecification","valueRequired":true,"valueName":"search_term_string"}}],"inLanguage":"ca"},{"@type":"Organization","@id":"https:\/\/www.santanyi.net\/ca\/#organization","name":"RE\/MAX Drac","url":"https:\/\/www.santanyi.net\/ca\/","logo":{"@type":"ImageObject","inLanguage":"ca","@id":"https:\/\/www.santanyi.net\/ca\/#\/schema\/logo\/image\/","url":"https:\/\/www.santanyi.net\/wp-content\/uploads\/2025\/07\/logo-nuevo.png","contentUrl":"https:\/\/www.santanyi.net\/wp-content\/uploads\/2025\/07\/logo-nuevo.png","width":295,"height":165,"caption":"RE\/MAX Drac"},"image":{"@id":"https:\/\/www.santanyi.net\/ca\/#\/schema\/logo\/image\/"}}]}},"_links":{"self":[{"href":"https:\/\/www.santanyi.net\/ca\/wp-json\/wp\/v2\/properties\/194876","targetHints":{"allow":["GET"]}}],"collection":[{"href":"https:\/\/www.santanyi.net\/ca\/wp-json\/wp\/v2\/properties"}],"about":[{"href":"https:\/\/www.santanyi.net\/ca\/wp-json\/wp\/v2\/types\/property"}],"author":[{"embeddable":true,"href":"https:\/\/www.santanyi.net\/ca\/wp-json\/wp\/v2\/users\/1"}],"version-history":[{"count":1,"href":"https:\/\/www.santanyi.net\/ca\/wp-json\/wp\/v2\/properties\/194876\/revisions"}],"predecessor-version":[{"id":195564,"href":"https:\/\/www.santanyi.net\/ca\/wp-json\/wp\/v2\/properties\/194876\/revisions\/195564"}],"wp:featuredmedia":[{"embeddable":true,"href":"https:\/\/www.santanyi.net\/ca\/wp-json\/wp\/v2\/media\/194871"}],"wp:attachment":[{"href":"https:\/\/www.santanyi.net\/ca\/wp-json\/wp\/v2\/media?parent=194876"}],"wp:term":[{"taxonomy":"property_type","embeddable":true,"href":"https:\/\/www.santanyi.net\/ca\/wp-json\/wp\/v2\/property_type?post=194876"},{"taxonomy":"property_status","embeddable":true,"href":"https:\/\/www.santanyi.net\/ca\/wp-json\/wp\/v2\/property_status?post=194876"},{"taxonomy":"property_feature","embeddable":true,"href":"https:\/\/www.santanyi.net\/ca\/wp-json\/wp\/v2\/property_feature?post=194876"},{"taxonomy":"property_label","embeddable":true,"href":"https:\/\/www.santanyi.net\/ca\/wp-json\/wp\/v2\/property_label?post=194876"},{"taxonomy":"property_country","embeddable":true,"href":"https:\/\/www.santanyi.net\/ca\/wp-json\/wp\/v2\/property_country?post=194876"},{"taxonomy":"property_state","embeddable":true,"href":"https:\/\/www.santanyi.net\/ca\/wp-json\/wp\/v2\/property_state?post=194876"},{"taxonomy":"property_city","embeddable":true,"href":"https:\/\/www.santanyi.net\/ca\/wp-json\/wp\/v2\/property_city?post=194876"},{"taxonomy":"property_area","embeddable":true,"href":"https:\/\/www.santanyi.net\/ca\/wp-json\/wp\/v2\/property_area?post=194876"}],"curies":[{"name":"wp","href":"https:\/\/api.w.org\/{rel}","templated":true}]}}