
{"id":194868,"date":"2026-04-30T15:05:44","date_gmt":"2026-04-30T15:05:44","guid":{"rendered":"https:\/\/www.santanyi.net\/property\/casa-en-manacor-con-negocio\/"},"modified":"2026-05-01T06:05:40","modified_gmt":"2026-05-01T06:05:40","slug":"casa-en-manacor-con-negocio","status":"publish","type":"property","link":"https:\/\/www.santanyi.net\/ca\/property\/casa-en-manacor-con-negocio\/","title":{"rendered":"Casa en Manacor con negocio"},"content":{"rendered":"<p>Gran oportunitat a Manacor! Es ven una casa de dos pisos amb molt potencial, ideal per als qui busquen un projecte de renovaci\u00f3.Planta Baixa:Negoci: Espai ampli i vers\u00e0til, perfecte per a qualsevol tipus de comer\u00e7. Inclou un bany per a major comoditat.Magatzem: \u00c0rea d&#8217; emmagatzematge espaiosa, ideal per mantenir el negoci organitzat.Planta Alta:Habitacions: Dues habitacions dobles, lluminoses i ben ventilades.Sal\u00f3: Espais i acollidor, perfecte per a reunions familiars.Menjador: \u00c0rea c\u00f2moda i funcional per gaudir dels \u00e0pats.Cuina: Espai que necessita ser renovat, amb potencial per convertir-se en una cuina moderna i funcional.Terrassa: Espai exterior ideal per relaxar-se i gaudir del bon temps.Bany: Complet, per\u00f2 requereix reformes.La casa compta amb finestres a tots els costats, cosa que garanteix una excel\u00b7lent il\u00b7luminaci\u00f3 natural a totes les estances. Tot i que necessita reformes, est\u00e0 situada en una ubicaci\u00f3 privilegiada, ideal per a negocis, amb f\u00e0cil acc\u00e9s a serveis i transport.Descripci\u00f3 de Manacor: Manacor \u00e9s una ciutat a l&#8217;est de Mallorca, i ofereix una excel\u00b7lent qualitat de vida amb tots els serveis necessaris al teu abast. Els seus carrers estan plens de botigues, restaurants i cafeteries, i compta amb una bona connexi\u00f3 de transport, cosa que la converteix en un lloc ideal tant per viure com per invertir en un negoci.<\/p>\n","protected":false},"excerpt":{"rendered":"<p>Gran oportunitat a Manacor! Es ven una casa de dos pisos amb molt potencial, ideal per als qui busquen un projecte de renovaci\u00f3.Planta Baixa:Negoci: Espai ampli i vers\u00e0til, perfecte per a qualsevol tipus de comer\u00e7. Inclou un bany per a major comoditat.Magatzem: \u00c0rea d&#8217; emmagatzematge espaiosa, ideal per mantenir el negoci organitzat.Planta Alta:Habitacions: Dues habitacions [&hellip;]<\/p>\n","protected":false},"author":1,"featured_media":194863,"parent":0,"menu_order":0,"template":"","property_type":[2131],"property_status":[2103,2096],"property_feature":[1810,1774],"property_label":[],"property_country":[],"property_state":[],"property_city":[633],"property_area":[674],"class_list":["post-194868","property","type-property","status-publish","has-post-thumbnail","hentry","property_type-casa-ca","property_status-venta-ca","property_status-venta","property_feature-parking-ca","property_feature-parking","property_city-manacor","property_area-manacor"],"acf":[],"property_meta":{"_apg_property_user_edited":["1"],"fave_property_id":["DRAC-CP2298JO"],"fave_property_location":["39.56677315123,3.2059099927272,15"],"houzez_geolocation_lat":["39.56677315123"],"houzez_geolocation_long":["3.2059099927272"],"fave_property_price":["300000"],"fave_property_rent_or_sale":["sale"],"fave_property_year":[null],"fave_property_size_prefix":["m2"],"fave_property_land_postfix":["m2"],"fave_property_size":["219"],"fave_property_land":["111"],"fave_property_bedrooms":["4"],"fave_property_bathrooms":["2"],"fave_property_garage":["2"],"fave_property_map_address":["Manacor, 07500 Manacor"],"fave_property_address":[" , Manacor 07500"],"fave_property_zip":["07500"],"fave_property_postal_code":["07500"],"fave_property_map":["1"],"apg_is_using_remote_image_url":["1"],"apg_using_remote_image_urls":["[{\"multimedia_type\":\"Picture\",\"picture_url\":\"https:\/\/fotos15.inmovilla.com\/12732\/24621081\/17-1.jpg\",\"position\":1,\"picture_id\":1,\"media_id\":144670,\"post_id\":194862,\"id\":1,\"attachment_id\":0,\"url\":\"https:\/\/fotos15.inmovilla.com\/12732\/24621081\/17-1.jpg\",\"basename\":\"17-1.jpg\",\"created_date\":\"2026-04-30 15:05:44\",\"is_downloaded\":0,\"is_using_remote\":0},{\"multimedia_type\":\"Picture\",\"picture_url\":\"https:\/\/fotos15.inmovilla.com\/12732\/24621081\/17-2.jpg\",\"position\":2,\"picture_id\":2,\"media_id\":144671,\"post_id\":194862,\"id\":2,\"attachment_id\":0,\"url\":\"https:\/\/fotos15.inmovilla.com\/12732\/24621081\/17-2.jpg\",\"basename\":\"17-2.jpg\",\"created_date\":\"2026-04-30 15:05:44\",\"is_downloaded\":0,\"is_using_remote\":1},{\"multimedia_type\":\"Picture\",\"picture_url\":\"https:\/\/fotos15.inmovilla.com\/12732\/24621081\/17-3.jpg\",\"position\":3,\"picture_id\":3,\"media_id\":144672,\"post_id\":194862,\"id\":3,\"attachment_id\":0,\"url\":\"https:\/\/fotos15.inmovilla.com\/12732\/24621081\/17-3.jpg\",\"basename\":\"17-3.jpg\",\"created_date\":\"2026-04-30 15:05:44\",\"is_downloaded\":0,\"is_using_remote\":1},{\"multimedia_type\":\"Picture\",\"picture_url\":\"https:\/\/fotos15.inmovilla.com\/12732\/24621081\/17-4.jpg\",\"position\":4,\"picture_id\":4,\"media_id\":144673,\"post_id\":194862,\"id\":4,\"attachment_id\":0,\"url\":\"https:\/\/fotos15.inmovilla.com\/12732\/24621081\/17-4.jpg\",\"basename\":\"17-4.jpg\",\"created_date\":\"2026-04-30 15:05:44\",\"is_downloaded\":0,\"is_using_remote\":1},{\"multimedia_type\":\"Picture\",\"picture_url\":\"https:\/\/fotos15.inmovilla.com\/12732\/24621081\/17-5.jpg\",\"position\":5,\"picture_id\":5,\"media_id\":144674,\"post_id\":194862,\"id\":5,\"attachment_id\":0,\"url\":\"https:\/\/fotos15.inmovilla.com\/12732\/24621081\/17-5.jpg\",\"basename\":\"17-5.jpg\",\"created_date\":\"2026-04-30 15:05:44\",\"is_downloaded\":0,\"is_using_remote\":1},{\"multimedia_type\":\"Picture\",\"picture_url\":\"https:\/\/fotos15.inmovilla.com\/12732\/24621081\/17-6.jpg\",\"position\":6,\"picture_id\":6,\"media_id\":144675,\"post_id\":194862,\"id\":6,\"attachment_id\":0,\"url\":\"https:\/\/fotos15.inmovilla.com\/12732\/24621081\/17-6.jpg\",\"basename\":\"17-6.jpg\",\"created_date\":\"2026-04-30 15:05:44\",\"is_downloaded\":0,\"is_using_remote\":1},{\"multimedia_type\":\"Picture\",\"picture_url\":\"https:\/\/fotos15.inmovilla.com\/12732\/24621081\/17-7.jpg\",\"position\":7,\"picture_id\":7,\"media_id\":144676,\"post_id\":194862,\"id\":7,\"attachment_id\":0,\"url\":\"https:\/\/fotos15.inmovilla.com\/12732\/24621081\/17-7.jpg\",\"basename\":\"17-7.jpg\",\"created_date\":\"2026-04-30 15:05:44\",\"is_downloaded\":0,\"is_using_remote\":1},{\"multimedia_type\":\"Picture\",\"picture_url\":\"https:\/\/fotos15.inmovilla.com\/12732\/24621081\/17-8.jpg\",\"position\":8,\"picture_id\":8,\"media_id\":144677,\"post_id\":194862,\"id\":8,\"attachment_id\":0,\"url\":\"https:\/\/fotos15.inmovilla.com\/12732\/24621081\/17-8.jpg\",\"basename\":\"17-8.jpg\",\"created_date\":\"2026-04-30 15:05:44\",\"is_downloaded\":0,\"is_using_remote\":1},{\"multimedia_type\":\"Picture\",\"picture_url\":\"https:\/\/fotos15.inmovilla.com\/12732\/24621081\/17-9.jpg\",\"position\":9,\"picture_id\":9,\"media_id\":144678,\"post_id\":194862,\"id\":9,\"attachment_id\":0,\"url\":\"https:\/\/fotos15.inmovilla.com\/12732\/24621081\/17-9.jpg\",\"basename\":\"17-9.jpg\",\"created_date\":\"2026-04-30 15:05:44\",\"is_downloaded\":0,\"is_using_remote\":1},{\"multimedia_type\":\"Picture\",\"picture_url\":\"https:\/\/fotos15.inmovilla.com\/12732\/24621081\/17-10.jpg\",\"position\":10,\"picture_id\":10,\"media_id\":144679,\"post_id\":194862,\"id\":10,\"attachment_id\":0,\"url\":\"https:\/\/fotos15.inmovilla.com\/12732\/24621081\/17-10.jpg\",\"basename\":\"17-10.jpg\",\"created_date\":\"2026-04-30 15:05:44\",\"is_downloaded\":0,\"is_using_remote\":1},{\"multimedia_type\":\"Picture\",\"picture_url\":\"https:\/\/fotos15.inmovilla.com\/12732\/24621081\/17-11.jpg\",\"position\":11,\"picture_id\":11,\"media_id\":144680,\"post_id\":194862,\"id\":11,\"attachment_id\":0,\"url\":\"https:\/\/fotos15.inmovilla.com\/12732\/24621081\/17-11.jpg\",\"basename\":\"17-11.jpg\",\"created_date\":\"2026-04-30 15:05:44\",\"is_downloaded\":0,\"is_using_remote\":1},{\"multimedia_type\":\"Picture\",\"picture_url\":\"https:\/\/fotos15.inmovilla.com\/12732\/24621081\/17-12.jpg\",\"position\":12,\"picture_id\":12,\"media_id\":144681,\"post_id\":194862,\"id\":12,\"attachment_id\":0,\"url\":\"https:\/\/fotos15.inmovilla.com\/12732\/24621081\/17-12.jpg\",\"basename\":\"17-12.jpg\",\"created_date\":\"2026-04-30 15:05:44\",\"is_downloaded\":0,\"is_using_remote\":1},{\"multimedia_type\":\"Picture\",\"picture_url\":\"https:\/\/fotos15.inmovilla.com\/12732\/24621081\/17-13.jpg\",\"position\":13,\"picture_id\":13,\"media_id\":144682,\"post_id\":194862,\"id\":13,\"attachment_id\":0,\"url\":\"https:\/\/fotos15.inmovilla.com\/12732\/24621081\/17-13.jpg\",\"basename\":\"17-13.jpg\",\"created_date\":\"2026-04-30 15:05:44\",\"is_downloaded\":0,\"is_using_remote\":1},{\"multimedia_type\":\"Picture\",\"picture_url\":\"https:\/\/fotos15.inmovilla.com\/12732\/24621081\/17-14.jpg\",\"position\":14,\"picture_id\":14,\"media_id\":144683,\"post_id\":194862,\"id\":14,\"attachment_id\":0,\"url\":\"https:\/\/fotos15.inmovilla.com\/12732\/24621081\/17-14.jpg\",\"basename\":\"17-14.jpg\",\"created_date\":\"2026-04-30 15:05:44\",\"is_downloaded\":0,\"is_using_remote\":1},{\"multimedia_type\":\"Picture\",\"picture_url\":\"https:\/\/fotos15.inmovilla.com\/12732\/24621081\/17-15.jpg\",\"position\":15,\"picture_id\":15,\"media_id\":144684,\"post_id\":194862,\"id\":15,\"attachment_id\":0,\"url\":\"https:\/\/fotos15.inmovilla.com\/12732\/24621081\/17-15.jpg\",\"basename\":\"17-15.jpg\",\"created_date\":\"2026-04-30 15:05:44\",\"is_downloaded\":0,\"is_using_remote\":1},{\"multimedia_type\":\"Picture\",\"picture_url\":\"https:\/\/fotos15.inmovilla.com\/12732\/24621081\/17-16.jpg\",\"position\":16,\"picture_id\":16,\"media_id\":144685,\"post_id\":194862,\"id\":16,\"attachment_id\":0,\"url\":\"https:\/\/fotos15.inmovilla.com\/12732\/24621081\/17-16.jpg\",\"basename\":\"17-16.jpg\",\"created_date\":\"2026-04-30 15:05:44\",\"is_downloaded\":0,\"is_using_remote\":1},{\"multimedia_type\":\"Picture\",\"picture_url\":\"https:\/\/fotos15.inmovilla.com\/12732\/24621081\/17-17.jpg\",\"position\":17,\"picture_id\":17,\"media_id\":144686,\"post_id\":194862,\"id\":17,\"attachment_id\":0,\"url\":\"https:\/\/fotos15.inmovilla.com\/12732\/24621081\/17-17.jpg\",\"basename\":\"17-17.jpg\",\"created_date\":\"2026-04-30 15:05:44\",\"is_downloaded\":0,\"is_using_remote\":1},{\"multimedia_type\":\"Picture\",\"picture_url\":\"https:\/\/fotos15.inmovilla.com\/12732\/24621081\/17-18.jpg\",\"position\":18,\"picture_id\":18,\"media_id\":144687,\"post_id\":194862,\"id\":18,\"attachment_id\":0,\"url\":\"https:\/\/fotos15.inmovilla.com\/12732\/24621081\/17-18.jpg\",\"basename\":\"17-18.jpg\",\"created_date\":\"2026-04-30 15:05:44\",\"is_downloaded\":0,\"is_using_remote\":1},{\"multimedia_type\":\"Picture\",\"picture_url\":\"https:\/\/fotos15.inmovilla.com\/12732\/24621081\/17-19.jpg\",\"position\":19,\"picture_id\":19,\"media_id\":144688,\"post_id\":194862,\"id\":19,\"attachment_id\":0,\"url\":\"https:\/\/fotos15.inmovilla.com\/12732\/24621081\/17-19.jpg\",\"basename\":\"17-19.jpg\",\"created_date\":\"2026-04-30 15:05:44\",\"is_downloaded\":0,\"is_using_remote\":1},{\"multimedia_type\":\"Picture\",\"picture_url\":\"https:\/\/fotos15.inmovilla.com\/12732\/24621081\/17-20.jpg\",\"position\":20,\"picture_id\":20,\"media_id\":144689,\"post_id\":194862,\"id\":20,\"attachment_id\":0,\"url\":\"https:\/\/fotos15.inmovilla.com\/12732\/24621081\/17-20.jpg\",\"basename\":\"17-20.jpg\",\"created_date\":\"2026-04-30 15:05:44\",\"is_downloaded\":0,\"is_using_remote\":1},{\"multimedia_type\":\"Picture\",\"picture_url\":\"https:\/\/fotos15.inmovilla.com\/12732\/24621081\/17-21.jpg\",\"position\":21,\"picture_id\":21,\"media_id\":144690,\"post_id\":194862,\"id\":21,\"attachment_id\":0,\"url\":\"https:\/\/fotos15.inmovilla.com\/12732\/24621081\/17-21.jpg\",\"basename\":\"17-21.jpg\",\"created_date\":\"2026-04-30 15:05:44\",\"is_downloaded\":0,\"is_using_remote\":1}]"],"_thumbnail_id":["194863"],"fave_property_images":["194863"],"fave_property_sec_price":["315000"],"apg_property_id":["24621081"],"_wpml_word_count":["238"],"_eael_post_view_count":["4"],"houzez_recently_viewed":["2026-05-01 14:47:38"],"houzez_total_property_views":["4"],"houzez_views_by_date":["a:2:{s:10:\"04-30-2026\";i:1;s:10:\"05-01-2026\";i:3;}"],"_elementor_page_assets":["a:0:{}"]},"yoast_head":"<!-- This site is optimized with the Yoast SEO plugin v27.5 - https:\/\/yoast.com\/product\/yoast-seo-wordpress\/ -->\n<title>Casa en Manacor con negocio - RE\/MAX Drac<\/title>\n<meta name=\"robots\" content=\"index, follow, max-snippet:-1, max-image-preview:large, max-video-preview:-1\" \/>\n<link rel=\"canonical\" href=\"https:\/\/www.santanyi.net\/ca\/property\/casa-en-manacor-con-negocio\/\" \/>\n<meta property=\"og:locale\" content=\"ca_ES\" \/>\n<meta property=\"og:type\" content=\"article\" \/>\n<meta property=\"og:title\" content=\"Casa en Manacor con negocio - RE\/MAX Drac\" \/>\n<meta property=\"og:description\" content=\"Gran oportunitat a Manacor! Es ven una casa de dos pisos amb molt potencial, ideal per als qui busquen un projecte de renovaci\u00f3.Planta Baixa:Negoci: Espai ampli i vers\u00e0til, perfecte per a qualsevol tipus de comer\u00e7. Inclou un bany per a major comoditat.Magatzem: \u00c0rea d&#8217; emmagatzematge espaiosa, ideal per mantenir el negoci organitzat.Planta Alta:Habitacions: Dues habitacions [&hellip;]\" \/>\n<meta property=\"og:url\" content=\"https:\/\/www.santanyi.net\/ca\/property\/casa-en-manacor-con-negocio\/\" \/>\n<meta property=\"og:site_name\" content=\"RE\/MAX Drac\" \/>\n<meta property=\"article:modified_time\" content=\"2026-05-01T06:05:40+00:00\" \/>\n<meta property=\"og:image\" content=\"https:\/\/www.santanyi.net\/wp-content\/uploads\/anaconda_property_media\/24621081-194862\/17-1.jpg\" \/>\n\t<meta property=\"og:image:width\" content=\"1920\" \/>\n\t<meta property=\"og:image:height\" content=\"1080\" \/>\n\t<meta property=\"og:image:type\" content=\"image\/jpeg\" \/>\n<meta name=\"twitter:card\" content=\"summary_large_image\" \/>\n<meta name=\"twitter:label1\" content=\"Temps estimat de lectura\" \/>\n\t<meta name=\"twitter:data1\" content=\"1 minut\" \/>\n<script type=\"application\/ld+json\" class=\"yoast-schema-graph\">{\"@context\":\"https:\\\/\\\/schema.org\",\"@graph\":[{\"@type\":\"WebPage\",\"@id\":\"https:\\\/\\\/www.santanyi.net\\\/ca\\\/property\\\/casa-en-manacor-con-negocio\\\/\",\"url\":\"https:\\\/\\\/www.santanyi.net\\\/ca\\\/property\\\/casa-en-manacor-con-negocio\\\/\",\"name\":\"Casa en Manacor con negocio - RE\\\/MAX Drac\",\"isPartOf\":{\"@id\":\"https:\\\/\\\/www.santanyi.net\\\/ca\\\/#website\"},\"primaryImageOfPage\":{\"@id\":\"https:\\\/\\\/www.santanyi.net\\\/ca\\\/property\\\/casa-en-manacor-con-negocio\\\/#primaryimage\"},\"image\":{\"@id\":\"https:\\\/\\\/www.santanyi.net\\\/ca\\\/property\\\/casa-en-manacor-con-negocio\\\/#primaryimage\"},\"thumbnailUrl\":\"https:\\\/\\\/www.santanyi.net\\\/wp-content\\\/uploads\\\/anaconda_property_media\\\/24621081-194862\\\/17-1.jpg\",\"datePublished\":\"2026-04-30T15:05:44+00:00\",\"dateModified\":\"2026-05-01T06:05:40+00:00\",\"breadcrumb\":{\"@id\":\"https:\\\/\\\/www.santanyi.net\\\/ca\\\/property\\\/casa-en-manacor-con-negocio\\\/#breadcrumb\"},\"inLanguage\":\"ca\",\"potentialAction\":[{\"@type\":\"ReadAction\",\"target\":[\"https:\\\/\\\/www.santanyi.net\\\/ca\\\/property\\\/casa-en-manacor-con-negocio\\\/\"]}]},{\"@type\":\"ImageObject\",\"inLanguage\":\"ca\",\"@id\":\"https:\\\/\\\/www.santanyi.net\\\/ca\\\/property\\\/casa-en-manacor-con-negocio\\\/#primaryimage\",\"url\":\"https:\\\/\\\/www.santanyi.net\\\/wp-content\\\/uploads\\\/anaconda_property_media\\\/24621081-194862\\\/17-1.jpg\",\"contentUrl\":\"https:\\\/\\\/www.santanyi.net\\\/wp-content\\\/uploads\\\/anaconda_property_media\\\/24621081-194862\\\/17-1.jpg\",\"width\":1920,\"height\":1080},{\"@type\":\"BreadcrumbList\",\"@id\":\"https:\\\/\\\/www.santanyi.net\\\/ca\\\/property\\\/casa-en-manacor-con-negocio\\\/#breadcrumb\",\"itemListElement\":[{\"@type\":\"ListItem\",\"position\":1,\"name\":\"Home\",\"item\":\"https:\\\/\\\/www.santanyi.net\\\/ca\\\/\"},{\"@type\":\"ListItem\",\"position\":2,\"name\":\"Properties\",\"item\":\"https:\\\/\\\/www.santanyi.net\\\/ca\\\/property\\\/\"},{\"@type\":\"ListItem\",\"position\":3,\"name\":\"Casa en Manacor con negocio\"}]},{\"@type\":\"WebSite\",\"@id\":\"https:\\\/\\\/www.santanyi.net\\\/ca\\\/#website\",\"url\":\"https:\\\/\\\/www.santanyi.net\\\/ca\\\/\",\"name\":\"RE\\\/MAX Drac\",\"description\":\"\",\"publisher\":{\"@id\":\"https:\\\/\\\/www.santanyi.net\\\/ca\\\/#organization\"},\"potentialAction\":[{\"@type\":\"SearchAction\",\"target\":{\"@type\":\"EntryPoint\",\"urlTemplate\":\"https:\\\/\\\/www.santanyi.net\\\/ca\\\/?s={search_term_string}\"},\"query-input\":{\"@type\":\"PropertyValueSpecification\",\"valueRequired\":true,\"valueName\":\"search_term_string\"}}],\"inLanguage\":\"ca\"},{\"@type\":\"Organization\",\"@id\":\"https:\\\/\\\/www.santanyi.net\\\/ca\\\/#organization\",\"name\":\"RE\\\/MAX Drac\",\"url\":\"https:\\\/\\\/www.santanyi.net\\\/ca\\\/\",\"logo\":{\"@type\":\"ImageObject\",\"inLanguage\":\"ca\",\"@id\":\"https:\\\/\\\/www.santanyi.net\\\/ca\\\/#\\\/schema\\\/logo\\\/image\\\/\",\"url\":\"https:\\\/\\\/www.santanyi.net\\\/wp-content\\\/uploads\\\/2025\\\/07\\\/logo-nuevo.png\",\"contentUrl\":\"https:\\\/\\\/www.santanyi.net\\\/wp-content\\\/uploads\\\/2025\\\/07\\\/logo-nuevo.png\",\"width\":295,\"height\":165,\"caption\":\"RE\\\/MAX Drac\"},\"image\":{\"@id\":\"https:\\\/\\\/www.santanyi.net\\\/ca\\\/#\\\/schema\\\/logo\\\/image\\\/\"}}]}<\/script>\n<!-- \/ Yoast SEO plugin. -->","yoast_head_json":{"title":"Casa en Manacor con negocio - RE\/MAX Drac","robots":{"index":"index","follow":"follow","max-snippet":"max-snippet:-1","max-image-preview":"max-image-preview:large","max-video-preview":"max-video-preview:-1"},"canonical":"https:\/\/www.santanyi.net\/ca\/property\/casa-en-manacor-con-negocio\/","og_locale":"ca_ES","og_type":"article","og_title":"Casa en Manacor con negocio - RE\/MAX Drac","og_description":"Gran oportunitat a Manacor! Es ven una casa de dos pisos amb molt potencial, ideal per als qui busquen un projecte de renovaci\u00f3.Planta Baixa:Negoci: Espai ampli i vers\u00e0til, perfecte per a qualsevol tipus de comer\u00e7. Inclou un bany per a major comoditat.Magatzem: \u00c0rea d&#8217; emmagatzematge espaiosa, ideal per mantenir el negoci organitzat.Planta Alta:Habitacions: Dues habitacions [&hellip;]","og_url":"https:\/\/www.santanyi.net\/ca\/property\/casa-en-manacor-con-negocio\/","og_site_name":"RE\/MAX Drac","article_modified_time":"2026-05-01T06:05:40+00:00","og_image":[{"width":1920,"height":1080,"url":"https:\/\/www.santanyi.net\/wp-content\/uploads\/anaconda_property_media\/24621081-194862\/17-1.jpg","type":"image\/jpeg"}],"twitter_card":"summary_large_image","twitter_misc":{"Temps estimat de lectura":"1 minut"},"schema":{"@context":"https:\/\/schema.org","@graph":[{"@type":"WebPage","@id":"https:\/\/www.santanyi.net\/ca\/property\/casa-en-manacor-con-negocio\/","url":"https:\/\/www.santanyi.net\/ca\/property\/casa-en-manacor-con-negocio\/","name":"Casa en Manacor con negocio - RE\/MAX Drac","isPartOf":{"@id":"https:\/\/www.santanyi.net\/ca\/#website"},"primaryImageOfPage":{"@id":"https:\/\/www.santanyi.net\/ca\/property\/casa-en-manacor-con-negocio\/#primaryimage"},"image":{"@id":"https:\/\/www.santanyi.net\/ca\/property\/casa-en-manacor-con-negocio\/#primaryimage"},"thumbnailUrl":"https:\/\/www.santanyi.net\/wp-content\/uploads\/anaconda_property_media\/24621081-194862\/17-1.jpg","datePublished":"2026-04-30T15:05:44+00:00","dateModified":"2026-05-01T06:05:40+00:00","breadcrumb":{"@id":"https:\/\/www.santanyi.net\/ca\/property\/casa-en-manacor-con-negocio\/#breadcrumb"},"inLanguage":"ca","potentialAction":[{"@type":"ReadAction","target":["https:\/\/www.santanyi.net\/ca\/property\/casa-en-manacor-con-negocio\/"]}]},{"@type":"ImageObject","inLanguage":"ca","@id":"https:\/\/www.santanyi.net\/ca\/property\/casa-en-manacor-con-negocio\/#primaryimage","url":"https:\/\/www.santanyi.net\/wp-content\/uploads\/anaconda_property_media\/24621081-194862\/17-1.jpg","contentUrl":"https:\/\/www.santanyi.net\/wp-content\/uploads\/anaconda_property_media\/24621081-194862\/17-1.jpg","width":1920,"height":1080},{"@type":"BreadcrumbList","@id":"https:\/\/www.santanyi.net\/ca\/property\/casa-en-manacor-con-negocio\/#breadcrumb","itemListElement":[{"@type":"ListItem","position":1,"name":"Home","item":"https:\/\/www.santanyi.net\/ca\/"},{"@type":"ListItem","position":2,"name":"Properties","item":"https:\/\/www.santanyi.net\/ca\/property\/"},{"@type":"ListItem","position":3,"name":"Casa en Manacor con negocio"}]},{"@type":"WebSite","@id":"https:\/\/www.santanyi.net\/ca\/#website","url":"https:\/\/www.santanyi.net\/ca\/","name":"RE\/MAX Drac","description":"","publisher":{"@id":"https:\/\/www.santanyi.net\/ca\/#organization"},"potentialAction":[{"@type":"SearchAction","target":{"@type":"EntryPoint","urlTemplate":"https:\/\/www.santanyi.net\/ca\/?s={search_term_string}"},"query-input":{"@type":"PropertyValueSpecification","valueRequired":true,"valueName":"search_term_string"}}],"inLanguage":"ca"},{"@type":"Organization","@id":"https:\/\/www.santanyi.net\/ca\/#organization","name":"RE\/MAX Drac","url":"https:\/\/www.santanyi.net\/ca\/","logo":{"@type":"ImageObject","inLanguage":"ca","@id":"https:\/\/www.santanyi.net\/ca\/#\/schema\/logo\/image\/","url":"https:\/\/www.santanyi.net\/wp-content\/uploads\/2025\/07\/logo-nuevo.png","contentUrl":"https:\/\/www.santanyi.net\/wp-content\/uploads\/2025\/07\/logo-nuevo.png","width":295,"height":165,"caption":"RE\/MAX Drac"},"image":{"@id":"https:\/\/www.santanyi.net\/ca\/#\/schema\/logo\/image\/"}}]}},"_links":{"self":[{"href":"https:\/\/www.santanyi.net\/ca\/wp-json\/wp\/v2\/properties\/194868","targetHints":{"allow":["GET"]}}],"collection":[{"href":"https:\/\/www.santanyi.net\/ca\/wp-json\/wp\/v2\/properties"}],"about":[{"href":"https:\/\/www.santanyi.net\/ca\/wp-json\/wp\/v2\/types\/property"}],"author":[{"embeddable":true,"href":"https:\/\/www.santanyi.net\/ca\/wp-json\/wp\/v2\/users\/1"}],"version-history":[{"count":1,"href":"https:\/\/www.santanyi.net\/ca\/wp-json\/wp\/v2\/properties\/194868\/revisions"}],"predecessor-version":[{"id":195560,"href":"https:\/\/www.santanyi.net\/ca\/wp-json\/wp\/v2\/properties\/194868\/revisions\/195560"}],"wp:featuredmedia":[{"embeddable":true,"href":"https:\/\/www.santanyi.net\/ca\/wp-json\/wp\/v2\/media\/194863"}],"wp:attachment":[{"href":"https:\/\/www.santanyi.net\/ca\/wp-json\/wp\/v2\/media?parent=194868"}],"wp:term":[{"taxonomy":"property_type","embeddable":true,"href":"https:\/\/www.santanyi.net\/ca\/wp-json\/wp\/v2\/property_type?post=194868"},{"taxonomy":"property_status","embeddable":true,"href":"https:\/\/www.santanyi.net\/ca\/wp-json\/wp\/v2\/property_status?post=194868"},{"taxonomy":"property_feature","embeddable":true,"href":"https:\/\/www.santanyi.net\/ca\/wp-json\/wp\/v2\/property_feature?post=194868"},{"taxonomy":"property_label","embeddable":true,"href":"https:\/\/www.santanyi.net\/ca\/wp-json\/wp\/v2\/property_label?post=194868"},{"taxonomy":"property_country","embeddable":true,"href":"https:\/\/www.santanyi.net\/ca\/wp-json\/wp\/v2\/property_country?post=194868"},{"taxonomy":"property_state","embeddable":true,"href":"https:\/\/www.santanyi.net\/ca\/wp-json\/wp\/v2\/property_state?post=194868"},{"taxonomy":"property_city","embeddable":true,"href":"https:\/\/www.santanyi.net\/ca\/wp-json\/wp\/v2\/property_city?post=194868"},{"taxonomy":"property_area","embeddable":true,"href":"https:\/\/www.santanyi.net\/ca\/wp-json\/wp\/v2\/property_area?post=194868"}],"curies":[{"name":"wp","href":"https:\/\/api.w.org\/{rel}","templated":true}]}}