
{"id":194828,"date":"2026-04-30T15:05:26","date_gmt":"2026-04-30T15:05:26","guid":{"rendered":"https:\/\/www.santanyi.net\/property\/un-oasi-de-pau-amb-vistes-al-mar-a-santanyi\/"},"modified":"2026-05-01T06:05:30","modified_gmt":"2026-05-01T06:05:30","slug":"un-oasi-de-pau-amb-vistes-al-mar-a-santanyi","status":"publish","type":"property","link":"https:\/\/www.santanyi.net\/ca\/property\/un-oasi-de-pau-amb-vistes-al-mar-a-santanyi\/","title":{"rendered":"Un Oasi de Pau amb Vistes al Mar a Santany\u00ed!"},"content":{"rendered":"<p>Un oasi de tranquil\u00b7litat amb vistes al mar a Santany\u00ed!<br \/>Benvinguts a la vostra futura llar al cor de l&#8217;id\u00edl\u00b7lic paisatge de Santany\u00ed! Permeteu-me presentar-vos una propietat excepcional, constru\u00efda l&#8217;any 2000, que combina la tranquil\u00b7litat rural amb el confort i el luxe moderns, oferint a m\u00e9s unes vistes clares fins al mar Mediterrani.<\/p>\n<p>En entrar en aquesta encantadora casa, sereu rebuts per un ampli i llumin\u00f3s sal\u00f3-menjador de planta oberta, que destaca pels seus sostres alts que realcen la sensaci\u00f3 d&#8217;amplitud i lluminositat. La xemeneia i la calefacci\u00f3 central de la casa prometen nits acollidores i c\u00e0lides durant els mesos d&#8217;hivern. Des d&#8217;aqu\u00ed, unes generoses portes corredisses s&#8217;obren a una terrassa coberta, que ofereix l&#8217;ambient perfecte per gaudir de la piscina, l&#8217;exuberant paisatge mediterrani i la vista al mar, no gaire lluny\u00e0.<\/p>\n<p>A la planta baixa trobareu dos c\u00f2modes dormitoris, tots dos amb bany en suite, que garanteixen privadesa i confort per a la vostra fam\u00edlia o convidats. A m\u00e9s, un lavabo de cortesia addicional completa aquesta planta. La funcional cuina disposa d&#8217;un pr\u00e0ctic rebost i un espai\u00f3s safareig. Totes les finestres, portes i armaris encastats estan fets de fusta de l\u00e0rix, cosa que aporta eleg\u00e0ncia i calidesa a cada rac\u00f3, i les persianes mallorquines de f\u00e0cil manteniment transmeten l&#8217;est\u00e8tica cl\u00e0ssica de l&#8217;illa.<\/p>\n<p>A la primera planta descobrireu la lluminosa habitaci\u00f3 de la torre, que s&#8217;adapta a les vostres necessitats com a tercer dormitori, com a sala d&#8217;estar addicional o com a estudi. Aquesta estan\u00e7a s&#8217;obre a una terrassa privada amb vistes impressionants, des d&#8217;on una escala condueix directament al jard\u00ed i a la magn\u00edfica piscina.<\/p>\n<p>L&#8217;\u00e0rea exterior de la propietat \u00e9s un veritable parad\u00eds. La piscina de gaireb\u00e9 45 m\u00b2 i les \u00e0mplies terrasses al voltant de la piscina ofereixen molt d&#8217;espai per a gandules i para-sols. Una zona de barbacoa complementa el lloc perfecte per relaxar-se amb amics i familiars. La propietat est\u00e0 connectada a la xarxa p\u00fablica d&#8217;aigua i electricitat i est\u00e0 completament envoltada per un mur de pedra t\u00edpicament mallorqu\u00ed, cosa que garanteix privadesa i seguretat. Per a la vostra comoditat, la propietat disposa d&#8217;un aparcament cobert per a cotxes i una antiga caseta de pedra per a eines de jard\u00ed. El sistema de reg autom\u00e0tic simplifica la cura del paisatge.<\/p>\n<p>Al final del cam\u00ed, aquesta propietat orientada al sud-oest us assegura una tranquil\u00b7litat absoluta i un escenari de somni perfecte per comen\u00e7ar la vostra nova vida al parad\u00eds.<\/p>\n<p>No perdeu l&#8217;oportunitat de fer d&#8217;aquest refugi mallorqu\u00ed la vostra llar! Contacteu-nos per concertar una visita i descobrir cada detall d&#8217;aquesta joia a Santany\u00ed.<\/p>\n","protected":false},"excerpt":{"rendered":"<p>Un oasi de tranquil\u00b7litat amb vistes al mar a Santany\u00ed!Benvinguts a la vostra futura llar al cor de l&#8217;id\u00edl\u00b7lic paisatge de Santany\u00ed! Permeteu-me presentar-vos una propietat excepcional, constru\u00efda l&#8217;any 2000, que combina la tranquil\u00b7litat rural amb el confort i el luxe moderns, oferint a m\u00e9s unes vistes clares fins al mar Mediterrani. En entrar en [&hellip;]<\/p>\n","protected":false},"author":1,"featured_media":194823,"parent":0,"menu_order":0,"template":"","property_type":[2131],"property_status":[2096,2103],"property_feature":[1801,1851,1867,1802,1871,1903,1905,1805,1807,1809,1810,1897,1813,1898],"property_label":[],"property_country":[],"property_state":[],"property_city":[635],"property_area":[641],"class_list":["post-194828","property","type-property","status-publish","has-post-thumbnail","hentry","property_type-casa-ca","property_status-venta","property_status-venta-ca","property_feature-arboles-ca","property_feature-arma_empo","property_feature-arma_empo-ca","property_feature-barbacoa-ca","property_feature-cocina_inde-ca","property_feature-despensa","property_feature-despensa-ca","property_feature-electro-ca","property_feature-lavanderia-ca","property_feature-muebles-ca","property_feature-parking-ca","property_feature-terraza-ca","property_feature-vallado-ca","property_feature-vistasalmar-ca","property_city-santanyi","property_area-cala-santanyi"],"acf":[],"property_meta":{"_apg_property_user_edited":["1"],"fave_property_id":["DRAC-CR1507GE"],"fave_property_location":["39.343246987516,3.1338224507611,15"],"houzez_geolocation_lat":["39.343246987516"],"houzez_geolocation_long":["3.1338224507611"],"fave_property_price":["1550000"],"fave_property_rent_or_sale":["sale"],"fave_property_year":[null],"fave_property_size_prefix":["m2"],"fave_property_land_postfix":["m2"],"fave_property_size":["356"],"fave_property_land":["7236"],"fave_property_bedrooms":["3"],"fave_property_bathrooms":["3"],"fave_property_map_address":["Cala Santany\u00ed, 07650 Santany\u00ed"],"fave_property_address":[" , Santany\u00ed 07650"],"fave_property_zip":["07650"],"fave_property_postal_code":["07650"],"fave_property_map":["1"],"apg_is_using_remote_image_url":["1"],"apg_using_remote_image_urls":["[{\"multimedia_type\":\"Picture\",\"picture_url\":\"https:\/\/fotos15.inmovilla.com\/12732\/25898115\/20-1.jpg\",\"position\":1,\"picture_id\":1,\"media_id\":144591,\"post_id\":194822,\"id\":1,\"attachment_id\":0,\"url\":\"https:\/\/fotos15.inmovilla.com\/12732\/25898115\/20-1.jpg\",\"basename\":\"20-1.jpg\",\"created_date\":\"2026-04-30 15:05:26\",\"is_downloaded\":0,\"is_using_remote\":0},{\"multimedia_type\":\"Picture\",\"picture_url\":\"https:\/\/fotos15.inmovilla.com\/12732\/25898115\/20-2.jpg\",\"position\":2,\"picture_id\":2,\"media_id\":144592,\"post_id\":194822,\"id\":2,\"attachment_id\":0,\"url\":\"https:\/\/fotos15.inmovilla.com\/12732\/25898115\/20-2.jpg\",\"basename\":\"20-2.jpg\",\"created_date\":\"2026-04-30 15:05:26\",\"is_downloaded\":0,\"is_using_remote\":1},{\"multimedia_type\":\"Picture\",\"picture_url\":\"https:\/\/fotos15.inmovilla.com\/12732\/25898115\/20-3.jpg\",\"position\":3,\"picture_id\":3,\"media_id\":144593,\"post_id\":194822,\"id\":3,\"attachment_id\":0,\"url\":\"https:\/\/fotos15.inmovilla.com\/12732\/25898115\/20-3.jpg\",\"basename\":\"20-3.jpg\",\"created_date\":\"2026-04-30 15:05:26\",\"is_downloaded\":0,\"is_using_remote\":1},{\"multimedia_type\":\"Picture\",\"picture_url\":\"https:\/\/fotos15.inmovilla.com\/12732\/25898115\/20-4.jpg\",\"position\":4,\"picture_id\":4,\"media_id\":144594,\"post_id\":194822,\"id\":4,\"attachment_id\":0,\"url\":\"https:\/\/fotos15.inmovilla.com\/12732\/25898115\/20-4.jpg\",\"basename\":\"20-4.jpg\",\"created_date\":\"2026-04-30 15:05:26\",\"is_downloaded\":0,\"is_using_remote\":1},{\"multimedia_type\":\"Picture\",\"picture_url\":\"https:\/\/fotos15.inmovilla.com\/12732\/25898115\/20-5.jpg\",\"position\":5,\"picture_id\":5,\"media_id\":144595,\"post_id\":194822,\"id\":5,\"attachment_id\":0,\"url\":\"https:\/\/fotos15.inmovilla.com\/12732\/25898115\/20-5.jpg\",\"basename\":\"20-5.jpg\",\"created_date\":\"2026-04-30 15:05:26\",\"is_downloaded\":0,\"is_using_remote\":1},{\"multimedia_type\":\"Picture\",\"picture_url\":\"https:\/\/fotos15.inmovilla.com\/12732\/25898115\/20-6.jpg\",\"position\":6,\"picture_id\":6,\"media_id\":144596,\"post_id\":194822,\"id\":6,\"attachment_id\":0,\"url\":\"https:\/\/fotos15.inmovilla.com\/12732\/25898115\/20-6.jpg\",\"basename\":\"20-6.jpg\",\"created_date\":\"2026-04-30 15:05:26\",\"is_downloaded\":0,\"is_using_remote\":1},{\"multimedia_type\":\"Picture\",\"picture_url\":\"https:\/\/fotos15.inmovilla.com\/12732\/25898115\/20-7.jpg\",\"position\":7,\"picture_id\":7,\"media_id\":144597,\"post_id\":194822,\"id\":7,\"attachment_id\":0,\"url\":\"https:\/\/fotos15.inmovilla.com\/12732\/25898115\/20-7.jpg\",\"basename\":\"20-7.jpg\",\"created_date\":\"2026-04-30 15:05:26\",\"is_downloaded\":0,\"is_using_remote\":1},{\"multimedia_type\":\"Picture\",\"picture_url\":\"https:\/\/fotos15.inmovilla.com\/12732\/25898115\/20-8.jpg\",\"position\":8,\"picture_id\":8,\"media_id\":144598,\"post_id\":194822,\"id\":8,\"attachment_id\":0,\"url\":\"https:\/\/fotos15.inmovilla.com\/12732\/25898115\/20-8.jpg\",\"basename\":\"20-8.jpg\",\"created_date\":\"2026-04-30 15:05:26\",\"is_downloaded\":0,\"is_using_remote\":1},{\"multimedia_type\":\"Picture\",\"picture_url\":\"https:\/\/fotos15.inmovilla.com\/12732\/25898115\/20-9.jpg\",\"position\":9,\"picture_id\":9,\"media_id\":144599,\"post_id\":194822,\"id\":9,\"attachment_id\":0,\"url\":\"https:\/\/fotos15.inmovilla.com\/12732\/25898115\/20-9.jpg\",\"basename\":\"20-9.jpg\",\"created_date\":\"2026-04-30 15:05:26\",\"is_downloaded\":0,\"is_using_remote\":1},{\"multimedia_type\":\"Picture\",\"picture_url\":\"https:\/\/fotos15.inmovilla.com\/12732\/25898115\/20-10.jpg\",\"position\":10,\"picture_id\":10,\"media_id\":144600,\"post_id\":194822,\"id\":10,\"attachment_id\":0,\"url\":\"https:\/\/fotos15.inmovilla.com\/12732\/25898115\/20-10.jpg\",\"basename\":\"20-10.jpg\",\"created_date\":\"2026-04-30 15:05:26\",\"is_downloaded\":0,\"is_using_remote\":1},{\"multimedia_type\":\"Picture\",\"picture_url\":\"https:\/\/fotos15.inmovilla.com\/12732\/25898115\/20-11.jpg\",\"position\":11,\"picture_id\":11,\"media_id\":144601,\"post_id\":194822,\"id\":11,\"attachment_id\":0,\"url\":\"https:\/\/fotos15.inmovilla.com\/12732\/25898115\/20-11.jpg\",\"basename\":\"20-11.jpg\",\"created_date\":\"2026-04-30 15:05:26\",\"is_downloaded\":0,\"is_using_remote\":1},{\"multimedia_type\":\"Picture\",\"picture_url\":\"https:\/\/fotos15.inmovilla.com\/12732\/25898115\/20-12.jpg\",\"position\":12,\"picture_id\":12,\"media_id\":144602,\"post_id\":194822,\"id\":12,\"attachment_id\":0,\"url\":\"https:\/\/fotos15.inmovilla.com\/12732\/25898115\/20-12.jpg\",\"basename\":\"20-12.jpg\",\"created_date\":\"2026-04-30 15:05:26\",\"is_downloaded\":0,\"is_using_remote\":1},{\"multimedia_type\":\"Picture\",\"picture_url\":\"https:\/\/fotos15.inmovilla.com\/12732\/25898115\/20-13.jpg\",\"position\":13,\"picture_id\":13,\"media_id\":144603,\"post_id\":194822,\"id\":13,\"attachment_id\":0,\"url\":\"https:\/\/fotos15.inmovilla.com\/12732\/25898115\/20-13.jpg\",\"basename\":\"20-13.jpg\",\"created_date\":\"2026-04-30 15:05:26\",\"is_downloaded\":0,\"is_using_remote\":1},{\"multimedia_type\":\"Picture\",\"picture_url\":\"https:\/\/fotos15.inmovilla.com\/12732\/25898115\/20-14.jpg\",\"position\":14,\"picture_id\":14,\"media_id\":144604,\"post_id\":194822,\"id\":14,\"attachment_id\":0,\"url\":\"https:\/\/fotos15.inmovilla.com\/12732\/25898115\/20-14.jpg\",\"basename\":\"20-14.jpg\",\"created_date\":\"2026-04-30 15:05:26\",\"is_downloaded\":0,\"is_using_remote\":1},{\"multimedia_type\":\"Picture\",\"picture_url\":\"https:\/\/fotos15.inmovilla.com\/12732\/25898115\/20-15.jpg\",\"position\":15,\"picture_id\":15,\"media_id\":144605,\"post_id\":194822,\"id\":15,\"attachment_id\":0,\"url\":\"https:\/\/fotos15.inmovilla.com\/12732\/25898115\/20-15.jpg\",\"basename\":\"20-15.jpg\",\"created_date\":\"2026-04-30 15:05:26\",\"is_downloaded\":0,\"is_using_remote\":1},{\"multimedia_type\":\"Picture\",\"picture_url\":\"https:\/\/fotos15.inmovilla.com\/12732\/25898115\/20-16.jpg\",\"position\":16,\"picture_id\":16,\"media_id\":144606,\"post_id\":194822,\"id\":16,\"attachment_id\":0,\"url\":\"https:\/\/fotos15.inmovilla.com\/12732\/25898115\/20-16.jpg\",\"basename\":\"20-16.jpg\",\"created_date\":\"2026-04-30 15:05:26\",\"is_downloaded\":0,\"is_using_remote\":1},{\"multimedia_type\":\"Picture\",\"picture_url\":\"https:\/\/fotos15.inmovilla.com\/12732\/25898115\/20-17.jpg\",\"position\":17,\"picture_id\":17,\"media_id\":144607,\"post_id\":194822,\"id\":17,\"attachment_id\":0,\"url\":\"https:\/\/fotos15.inmovilla.com\/12732\/25898115\/20-17.jpg\",\"basename\":\"20-17.jpg\",\"created_date\":\"2026-04-30 15:05:26\",\"is_downloaded\":0,\"is_using_remote\":1},{\"multimedia_type\":\"Picture\",\"picture_url\":\"https:\/\/fotos15.inmovilla.com\/12732\/25898115\/20-18.jpg\",\"position\":18,\"picture_id\":18,\"media_id\":144608,\"post_id\":194822,\"id\":18,\"attachment_id\":0,\"url\":\"https:\/\/fotos15.inmovilla.com\/12732\/25898115\/20-18.jpg\",\"basename\":\"20-18.jpg\",\"created_date\":\"2026-04-30 15:05:26\",\"is_downloaded\":0,\"is_using_remote\":1},{\"multimedia_type\":\"Picture\",\"picture_url\":\"https:\/\/fotos15.inmovilla.com\/12732\/25898115\/20-19.jpg\",\"position\":19,\"picture_id\":19,\"media_id\":144609,\"post_id\":194822,\"id\":19,\"attachment_id\":0,\"url\":\"https:\/\/fotos15.inmovilla.com\/12732\/25898115\/20-19.jpg\",\"basename\":\"20-19.jpg\",\"created_date\":\"2026-04-30 15:05:26\",\"is_downloaded\":0,\"is_using_remote\":1},{\"multimedia_type\":\"Picture\",\"picture_url\":\"https:\/\/fotos15.inmovilla.com\/12732\/25898115\/20-20.jpg\",\"position\":20,\"picture_id\":20,\"media_id\":144610,\"post_id\":194822,\"id\":20,\"attachment_id\":0,\"url\":\"https:\/\/fotos15.inmovilla.com\/12732\/25898115\/20-20.jpg\",\"basename\":\"20-20.jpg\",\"created_date\":\"2026-04-30 15:05:26\",\"is_downloaded\":0,\"is_using_remote\":1},{\"multimedia_type\":\"Picture\",\"picture_url\":\"https:\/\/fotos15.inmovilla.com\/12732\/25898115\/20-21.jpg\",\"position\":21,\"picture_id\":21,\"media_id\":144611,\"post_id\":194822,\"id\":21,\"attachment_id\":0,\"url\":\"https:\/\/fotos15.inmovilla.com\/12732\/25898115\/20-21.jpg\",\"basename\":\"20-21.jpg\",\"created_date\":\"2026-04-30 15:05:26\",\"is_downloaded\":0,\"is_using_remote\":1},{\"multimedia_type\":\"Picture\",\"picture_url\":\"https:\/\/fotos15.inmovilla.com\/12732\/25898115\/20-22.jpg\",\"position\":22,\"picture_id\":22,\"media_id\":144612,\"post_id\":194822,\"id\":22,\"attachment_id\":0,\"url\":\"https:\/\/fotos15.inmovilla.com\/12732\/25898115\/20-22.jpg\",\"basename\":\"20-22.jpg\",\"created_date\":\"2026-04-30 15:05:26\",\"is_downloaded\":0,\"is_using_remote\":1},{\"multimedia_type\":\"Picture\",\"picture_url\":\"https:\/\/fotos15.inmovilla.com\/12732\/25898115\/20-23.jpg\",\"position\":23,\"picture_id\":23,\"media_id\":144613,\"post_id\":194822,\"id\":23,\"attachment_id\":0,\"url\":\"https:\/\/fotos15.inmovilla.com\/12732\/25898115\/20-23.jpg\",\"basename\":\"20-23.jpg\",\"created_date\":\"2026-04-30 15:05:26\",\"is_downloaded\":0,\"is_using_remote\":1},{\"multimedia_type\":\"Picture\",\"picture_url\":\"https:\/\/fotos15.inmovilla.com\/12732\/25898115\/20-24.jpg\",\"position\":24,\"picture_id\":24,\"media_id\":144614,\"post_id\":194822,\"id\":24,\"attachment_id\":0,\"url\":\"https:\/\/fotos15.inmovilla.com\/12732\/25898115\/20-24.jpg\",\"basename\":\"20-24.jpg\",\"created_date\":\"2026-04-30 15:05:26\",\"is_downloaded\":0,\"is_using_remote\":1},{\"multimedia_type\":\"Picture\",\"picture_url\":\"https:\/\/fotos15.inmovilla.com\/12732\/25898115\/20-25.jpg\",\"position\":25,\"picture_id\":25,\"media_id\":144615,\"post_id\":194822,\"id\":25,\"attachment_id\":0,\"url\":\"https:\/\/fotos15.inmovilla.com\/12732\/25898115\/20-25.jpg\",\"basename\":\"20-25.jpg\",\"created_date\":\"2026-04-30 15:05:26\",\"is_downloaded\":0,\"is_using_remote\":1},{\"multimedia_type\":\"Picture\",\"picture_url\":\"https:\/\/fotos15.inmovilla.com\/12732\/25898115\/20-26.jpg\",\"position\":26,\"picture_id\":26,\"media_id\":144616,\"post_id\":194822,\"id\":26,\"attachment_id\":0,\"url\":\"https:\/\/fotos15.inmovilla.com\/12732\/25898115\/20-26.jpg\",\"basename\":\"20-26.jpg\",\"created_date\":\"2026-04-30 15:05:26\",\"is_downloaded\":0,\"is_using_remote\":1},{\"multimedia_type\":\"Picture\",\"picture_url\":\"https:\/\/fotos15.inmovilla.com\/12732\/25898115\/20-27.jpg\",\"position\":27,\"picture_id\":27,\"media_id\":144617,\"post_id\":194822,\"id\":27,\"attachment_id\":0,\"url\":\"https:\/\/fotos15.inmovilla.com\/12732\/25898115\/20-27.jpg\",\"basename\":\"20-27.jpg\",\"created_date\":\"2026-04-30 15:05:26\",\"is_downloaded\":0,\"is_using_remote\":1},{\"multimedia_type\":\"Picture\",\"picture_url\":\"https:\/\/fotos15.inmovilla.com\/12732\/25898115\/20-28.jpg\",\"position\":28,\"picture_id\":28,\"media_id\":144618,\"post_id\":194822,\"id\":28,\"attachment_id\":0,\"url\":\"https:\/\/fotos15.inmovilla.com\/12732\/25898115\/20-28.jpg\",\"basename\":\"20-28.jpg\",\"created_date\":\"2026-04-30 15:05:26\",\"is_downloaded\":0,\"is_using_remote\":1},{\"multimedia_type\":\"Picture\",\"picture_url\":\"https:\/\/fotos15.inmovilla.com\/12732\/25898115\/20-29.jpg\",\"position\":29,\"picture_id\":29,\"media_id\":144619,\"post_id\":194822,\"id\":29,\"attachment_id\":0,\"url\":\"https:\/\/fotos15.inmovilla.com\/12732\/25898115\/20-29.jpg\",\"basename\":\"20-29.jpg\",\"created_date\":\"2026-04-30 15:05:26\",\"is_downloaded\":0,\"is_using_remote\":1},{\"multimedia_type\":\"Picture\",\"picture_url\":\"https:\/\/fotos15.inmovilla.com\/12732\/25898115\/20-30.jpg\",\"position\":30,\"picture_id\":30,\"media_id\":144620,\"post_id\":194822,\"id\":30,\"attachment_id\":0,\"url\":\"https:\/\/fotos15.inmovilla.com\/12732\/25898115\/20-30.jpg\",\"basename\":\"20-30.jpg\",\"created_date\":\"2026-04-30 15:05:26\",\"is_downloaded\":0,\"is_using_remote\":1},{\"multimedia_type\":\"Picture\",\"picture_url\":\"https:\/\/fotos15.inmovilla.com\/12732\/25898115\/20-31.jpg\",\"position\":31,\"picture_id\":31,\"media_id\":144621,\"post_id\":194822,\"id\":31,\"attachment_id\":0,\"url\":\"https:\/\/fotos15.inmovilla.com\/12732\/25898115\/20-31.jpg\",\"basename\":\"20-31.jpg\",\"created_date\":\"2026-04-30 15:05:26\",\"is_downloaded\":0,\"is_using_remote\":1},{\"multimedia_type\":\"Picture\",\"picture_url\":\"https:\/\/fotos15.inmovilla.com\/12732\/25898115\/20-32.jpg\",\"position\":32,\"picture_id\":32,\"media_id\":144622,\"post_id\":194822,\"id\":32,\"attachment_id\":0,\"url\":\"https:\/\/fotos15.inmovilla.com\/12732\/25898115\/20-32.jpg\",\"basename\":\"20-32.jpg\",\"created_date\":\"2026-04-30 15:05:26\",\"is_downloaded\":0,\"is_using_remote\":1},{\"multimedia_type\":\"Picture\",\"picture_url\":\"https:\/\/fotos15.inmovilla.com\/12732\/25898115\/20-33.jpg\",\"position\":33,\"picture_id\":33,\"media_id\":144623,\"post_id\":194822,\"id\":33,\"attachment_id\":0,\"url\":\"https:\/\/fotos15.inmovilla.com\/12732\/25898115\/20-33.jpg\",\"basename\":\"20-33.jpg\",\"created_date\":\"2026-04-30 15:05:26\",\"is_downloaded\":0,\"is_using_remote\":1},{\"multimedia_type\":\"Picture\",\"picture_url\":\"https:\/\/fotos15.inmovilla.com\/12732\/25898115\/20-34.jpg\",\"position\":34,\"picture_id\":34,\"media_id\":144624,\"post_id\":194822,\"id\":34,\"attachment_id\":0,\"url\":\"https:\/\/fotos15.inmovilla.com\/12732\/25898115\/20-34.jpg\",\"basename\":\"20-34.jpg\",\"created_date\":\"2026-04-30 15:05:26\",\"is_downloaded\":0,\"is_using_remote\":1},{\"multimedia_type\":\"Picture\",\"picture_url\":\"https:\/\/fotos15.inmovilla.com\/12732\/25898115\/20-35.jpg\",\"position\":35,\"picture_id\":35,\"media_id\":144625,\"post_id\":194822,\"id\":35,\"attachment_id\":0,\"url\":\"https:\/\/fotos15.inmovilla.com\/12732\/25898115\/20-35.jpg\",\"basename\":\"20-35.jpg\",\"created_date\":\"2026-04-30 15:05:26\",\"is_downloaded\":0,\"is_using_remote\":1},{\"multimedia_type\":\"Picture\",\"picture_url\":\"https:\/\/fotos15.inmovilla.com\/12732\/25898115\/20-36.jpg\",\"position\":36,\"picture_id\":36,\"media_id\":144626,\"post_id\":194822,\"id\":36,\"attachment_id\":0,\"url\":\"https:\/\/fotos15.inmovilla.com\/12732\/25898115\/20-36.jpg\",\"basename\":\"20-36.jpg\",\"created_date\":\"2026-04-30 15:05:26\",\"is_downloaded\":0,\"is_using_remote\":1},{\"multimedia_type\":\"Picture\",\"picture_url\":\"https:\/\/fotos15.inmovilla.com\/12732\/25898115\/20-37.jpg\",\"position\":37,\"picture_id\":37,\"media_id\":144627,\"post_id\":194822,\"id\":37,\"attachment_id\":0,\"url\":\"https:\/\/fotos15.inmovilla.com\/12732\/25898115\/20-37.jpg\",\"basename\":\"20-37.jpg\",\"created_date\":\"2026-04-30 15:05:26\",\"is_downloaded\":0,\"is_using_remote\":1},{\"multimedia_type\":\"Picture\",\"picture_url\":\"https:\/\/fotos15.inmovilla.com\/12732\/25898115\/20-38.jpg\",\"position\":38,\"picture_id\":38,\"media_id\":144628,\"post_id\":194822,\"id\":38,\"attachment_id\":0,\"url\":\"https:\/\/fotos15.inmovilla.com\/12732\/25898115\/20-38.jpg\",\"basename\":\"20-38.jpg\",\"created_date\":\"2026-04-30 15:05:26\",\"is_downloaded\":0,\"is_using_remote\":1},{\"multimedia_type\":\"Picture\",\"picture_url\":\"https:\/\/fotos15.inmovilla.com\/12732\/25898115\/20-39.jpg\",\"position\":39,\"picture_id\":39,\"media_id\":144629,\"post_id\":194822,\"id\":39,\"attachment_id\":0,\"url\":\"https:\/\/fotos15.inmovilla.com\/12732\/25898115\/20-39.jpg\",\"basename\":\"20-39.jpg\",\"created_date\":\"2026-04-30 15:05:26\",\"is_downloaded\":0,\"is_using_remote\":1},{\"multimedia_type\":\"Picture\",\"picture_url\":\"https:\/\/fotos15.inmovilla.com\/12732\/25898115\/20-40.jpg\",\"position\":40,\"picture_id\":40,\"media_id\":144630,\"post_id\":194822,\"id\":40,\"attachment_id\":0,\"url\":\"https:\/\/fotos15.inmovilla.com\/12732\/25898115\/20-40.jpg\",\"basename\":\"20-40.jpg\",\"created_date\":\"2026-04-30 15:05:26\",\"is_downloaded\":0,\"is_using_remote\":1},{\"multimedia_type\":\"Picture\",\"picture_url\":\"https:\/\/fotos15.inmovilla.com\/12732\/25898115\/20-41.jpg\",\"position\":41,\"picture_id\":41,\"media_id\":144631,\"post_id\":194822,\"id\":41,\"attachment_id\":0,\"url\":\"https:\/\/fotos15.inmovilla.com\/12732\/25898115\/20-41.jpg\",\"basename\":\"20-41.jpg\",\"created_date\":\"2026-04-30 15:05:26\",\"is_downloaded\":0,\"is_using_remote\":1},{\"multimedia_type\":\"Picture\",\"picture_url\":\"https:\/\/fotos15.inmovilla.com\/12732\/25898115\/20-42.jpg\",\"position\":42,\"picture_id\":42,\"media_id\":144632,\"post_id\":194822,\"id\":42,\"attachment_id\":0,\"url\":\"https:\/\/fotos15.inmovilla.com\/12732\/25898115\/20-42.jpg\",\"basename\":\"20-42.jpg\",\"created_date\":\"2026-04-30 15:05:26\",\"is_downloaded\":0,\"is_using_remote\":1},{\"multimedia_type\":\"Picture\",\"picture_url\":\"https:\/\/fotos15.inmovilla.com\/12732\/25898115\/20-43.jpg\",\"position\":43,\"picture_id\":43,\"media_id\":144633,\"post_id\":194822,\"id\":43,\"attachment_id\":0,\"url\":\"https:\/\/fotos15.inmovilla.com\/12732\/25898115\/20-43.jpg\",\"basename\":\"20-43.jpg\",\"created_date\":\"2026-04-30 15:05:26\",\"is_downloaded\":0,\"is_using_remote\":1},{\"multimedia_type\":\"Picture\",\"picture_url\":\"https:\/\/fotos15.inmovilla.com\/12732\/25898115\/20-44.jpg\",\"position\":44,\"picture_id\":44,\"media_id\":144634,\"post_id\":194822,\"id\":44,\"attachment_id\":0,\"url\":\"https:\/\/fotos15.inmovilla.com\/12732\/25898115\/20-44.jpg\",\"basename\":\"20-44.jpg\",\"created_date\":\"2026-04-30 15:05:26\",\"is_downloaded\":0,\"is_using_remote\":1}]"],"_thumbnail_id":["194823"],"fave_property_images":["194823"],"apg_property_id":["25898115"],"_wpml_word_count":["465"],"_eael_post_view_count":["5"],"houzez_recently_viewed":["2026-05-01 07:16:16"],"houzez_total_property_views":["4"],"houzez_views_by_date":["a:2:{s:10:\"04-30-2026\";i:2;s:10:\"05-01-2026\";i:2;}"],"_elementor_page_assets":["a:0:{}"]},"yoast_head":"<!-- This site is optimized with the Yoast SEO plugin v27.5 - https:\/\/yoast.com\/product\/yoast-seo-wordpress\/ -->\n<title>Un Oasi de Pau amb Vistes al Mar a Santany\u00ed! - RE\/MAX Drac<\/title>\n<meta name=\"robots\" content=\"index, follow, max-snippet:-1, max-image-preview:large, max-video-preview:-1\" \/>\n<link rel=\"canonical\" href=\"https:\/\/www.santanyi.net\/ca\/property\/un-oasi-de-pau-amb-vistes-al-mar-a-santanyi\/\" \/>\n<meta property=\"og:locale\" content=\"ca_ES\" \/>\n<meta property=\"og:type\" content=\"article\" \/>\n<meta property=\"og:title\" content=\"Un Oasi de Pau amb Vistes al Mar a Santany\u00ed! - RE\/MAX Drac\" \/>\n<meta property=\"og:description\" content=\"Un oasi de tranquil\u00b7litat amb vistes al mar a Santany\u00ed!Benvinguts a la vostra futura llar al cor de l&#8217;id\u00edl\u00b7lic paisatge de Santany\u00ed! Permeteu-me presentar-vos una propietat excepcional, constru\u00efda l&#8217;any 2000, que combina la tranquil\u00b7litat rural amb el confort i el luxe moderns, oferint a m\u00e9s unes vistes clares fins al mar Mediterrani. En entrar en [&hellip;]\" \/>\n<meta property=\"og:url\" content=\"https:\/\/www.santanyi.net\/ca\/property\/un-oasi-de-pau-amb-vistes-al-mar-a-santanyi\/\" \/>\n<meta property=\"og:site_name\" content=\"RE\/MAX Drac\" \/>\n<meta property=\"article:modified_time\" content=\"2026-05-01T06:05:30+00:00\" \/>\n<meta property=\"og:image\" content=\"https:\/\/www.santanyi.net\/wp-content\/uploads\/anaconda_property_media\/25898115-194822\/20-1.jpg\" \/>\n\t<meta property=\"og:image:width\" content=\"780\" \/>\n\t<meta property=\"og:image:height\" content=\"587\" \/>\n\t<meta property=\"og:image:type\" content=\"image\/jpeg\" \/>\n<meta name=\"twitter:card\" content=\"summary_large_image\" \/>\n<meta name=\"twitter:label1\" content=\"Temps estimat de lectura\" \/>\n\t<meta name=\"twitter:data1\" content=\"2 minuts\" \/>\n<script type=\"application\/ld+json\" class=\"yoast-schema-graph\">{\"@context\":\"https:\\\/\\\/schema.org\",\"@graph\":[{\"@type\":\"WebPage\",\"@id\":\"https:\\\/\\\/www.santanyi.net\\\/ca\\\/property\\\/un-oasi-de-pau-amb-vistes-al-mar-a-santanyi\\\/\",\"url\":\"https:\\\/\\\/www.santanyi.net\\\/ca\\\/property\\\/un-oasi-de-pau-amb-vistes-al-mar-a-santanyi\\\/\",\"name\":\"Un Oasi de Pau amb Vistes al Mar a Santany\u00ed! - RE\\\/MAX Drac\",\"isPartOf\":{\"@id\":\"https:\\\/\\\/www.santanyi.net\\\/ca\\\/#website\"},\"primaryImageOfPage\":{\"@id\":\"https:\\\/\\\/www.santanyi.net\\\/ca\\\/property\\\/un-oasi-de-pau-amb-vistes-al-mar-a-santanyi\\\/#primaryimage\"},\"image\":{\"@id\":\"https:\\\/\\\/www.santanyi.net\\\/ca\\\/property\\\/un-oasi-de-pau-amb-vistes-al-mar-a-santanyi\\\/#primaryimage\"},\"thumbnailUrl\":\"https:\\\/\\\/www.santanyi.net\\\/wp-content\\\/uploads\\\/anaconda_property_media\\\/25898115-194822\\\/20-1.jpg\",\"datePublished\":\"2026-04-30T15:05:26+00:00\",\"dateModified\":\"2026-05-01T06:05:30+00:00\",\"breadcrumb\":{\"@id\":\"https:\\\/\\\/www.santanyi.net\\\/ca\\\/property\\\/un-oasi-de-pau-amb-vistes-al-mar-a-santanyi\\\/#breadcrumb\"},\"inLanguage\":\"ca\",\"potentialAction\":[{\"@type\":\"ReadAction\",\"target\":[\"https:\\\/\\\/www.santanyi.net\\\/ca\\\/property\\\/un-oasi-de-pau-amb-vistes-al-mar-a-santanyi\\\/\"]}]},{\"@type\":\"ImageObject\",\"inLanguage\":\"ca\",\"@id\":\"https:\\\/\\\/www.santanyi.net\\\/ca\\\/property\\\/un-oasi-de-pau-amb-vistes-al-mar-a-santanyi\\\/#primaryimage\",\"url\":\"https:\\\/\\\/www.santanyi.net\\\/wp-content\\\/uploads\\\/anaconda_property_media\\\/25898115-194822\\\/20-1.jpg\",\"contentUrl\":\"https:\\\/\\\/www.santanyi.net\\\/wp-content\\\/uploads\\\/anaconda_property_media\\\/25898115-194822\\\/20-1.jpg\",\"width\":780,\"height\":587},{\"@type\":\"BreadcrumbList\",\"@id\":\"https:\\\/\\\/www.santanyi.net\\\/ca\\\/property\\\/un-oasi-de-pau-amb-vistes-al-mar-a-santanyi\\\/#breadcrumb\",\"itemListElement\":[{\"@type\":\"ListItem\",\"position\":1,\"name\":\"Home\",\"item\":\"https:\\\/\\\/www.santanyi.net\\\/ca\\\/\"},{\"@type\":\"ListItem\",\"position\":2,\"name\":\"Properties\",\"item\":\"https:\\\/\\\/www.santanyi.net\\\/ca\\\/property\\\/\"},{\"@type\":\"ListItem\",\"position\":3,\"name\":\"Un Oasi de Pau amb Vistes al Mar a Santany\u00ed!\"}]},{\"@type\":\"WebSite\",\"@id\":\"https:\\\/\\\/www.santanyi.net\\\/ca\\\/#website\",\"url\":\"https:\\\/\\\/www.santanyi.net\\\/ca\\\/\",\"name\":\"RE\\\/MAX Drac\",\"description\":\"\",\"publisher\":{\"@id\":\"https:\\\/\\\/www.santanyi.net\\\/ca\\\/#organization\"},\"potentialAction\":[{\"@type\":\"SearchAction\",\"target\":{\"@type\":\"EntryPoint\",\"urlTemplate\":\"https:\\\/\\\/www.santanyi.net\\\/ca\\\/?s={search_term_string}\"},\"query-input\":{\"@type\":\"PropertyValueSpecification\",\"valueRequired\":true,\"valueName\":\"search_term_string\"}}],\"inLanguage\":\"ca\"},{\"@type\":\"Organization\",\"@id\":\"https:\\\/\\\/www.santanyi.net\\\/ca\\\/#organization\",\"name\":\"RE\\\/MAX Drac\",\"url\":\"https:\\\/\\\/www.santanyi.net\\\/ca\\\/\",\"logo\":{\"@type\":\"ImageObject\",\"inLanguage\":\"ca\",\"@id\":\"https:\\\/\\\/www.santanyi.net\\\/ca\\\/#\\\/schema\\\/logo\\\/image\\\/\",\"url\":\"https:\\\/\\\/www.santanyi.net\\\/wp-content\\\/uploads\\\/2025\\\/07\\\/logo-nuevo.png\",\"contentUrl\":\"https:\\\/\\\/www.santanyi.net\\\/wp-content\\\/uploads\\\/2025\\\/07\\\/logo-nuevo.png\",\"width\":295,\"height\":165,\"caption\":\"RE\\\/MAX Drac\"},\"image\":{\"@id\":\"https:\\\/\\\/www.santanyi.net\\\/ca\\\/#\\\/schema\\\/logo\\\/image\\\/\"}}]}<\/script>\n<!-- \/ Yoast SEO plugin. -->","yoast_head_json":{"title":"Un Oasi de Pau amb Vistes al Mar a Santany\u00ed! - RE\/MAX Drac","robots":{"index":"index","follow":"follow","max-snippet":"max-snippet:-1","max-image-preview":"max-image-preview:large","max-video-preview":"max-video-preview:-1"},"canonical":"https:\/\/www.santanyi.net\/ca\/property\/un-oasi-de-pau-amb-vistes-al-mar-a-santanyi\/","og_locale":"ca_ES","og_type":"article","og_title":"Un Oasi de Pau amb Vistes al Mar a Santany\u00ed! - RE\/MAX Drac","og_description":"Un oasi de tranquil\u00b7litat amb vistes al mar a Santany\u00ed!Benvinguts a la vostra futura llar al cor de l&#8217;id\u00edl\u00b7lic paisatge de Santany\u00ed! Permeteu-me presentar-vos una propietat excepcional, constru\u00efda l&#8217;any 2000, que combina la tranquil\u00b7litat rural amb el confort i el luxe moderns, oferint a m\u00e9s unes vistes clares fins al mar Mediterrani. En entrar en [&hellip;]","og_url":"https:\/\/www.santanyi.net\/ca\/property\/un-oasi-de-pau-amb-vistes-al-mar-a-santanyi\/","og_site_name":"RE\/MAX Drac","article_modified_time":"2026-05-01T06:05:30+00:00","og_image":[{"width":780,"height":587,"url":"https:\/\/www.santanyi.net\/wp-content\/uploads\/anaconda_property_media\/25898115-194822\/20-1.jpg","type":"image\/jpeg"}],"twitter_card":"summary_large_image","twitter_misc":{"Temps estimat de lectura":"2 minuts"},"schema":{"@context":"https:\/\/schema.org","@graph":[{"@type":"WebPage","@id":"https:\/\/www.santanyi.net\/ca\/property\/un-oasi-de-pau-amb-vistes-al-mar-a-santanyi\/","url":"https:\/\/www.santanyi.net\/ca\/property\/un-oasi-de-pau-amb-vistes-al-mar-a-santanyi\/","name":"Un Oasi de Pau amb Vistes al Mar a Santany\u00ed! - RE\/MAX Drac","isPartOf":{"@id":"https:\/\/www.santanyi.net\/ca\/#website"},"primaryImageOfPage":{"@id":"https:\/\/www.santanyi.net\/ca\/property\/un-oasi-de-pau-amb-vistes-al-mar-a-santanyi\/#primaryimage"},"image":{"@id":"https:\/\/www.santanyi.net\/ca\/property\/un-oasi-de-pau-amb-vistes-al-mar-a-santanyi\/#primaryimage"},"thumbnailUrl":"https:\/\/www.santanyi.net\/wp-content\/uploads\/anaconda_property_media\/25898115-194822\/20-1.jpg","datePublished":"2026-04-30T15:05:26+00:00","dateModified":"2026-05-01T06:05:30+00:00","breadcrumb":{"@id":"https:\/\/www.santanyi.net\/ca\/property\/un-oasi-de-pau-amb-vistes-al-mar-a-santanyi\/#breadcrumb"},"inLanguage":"ca","potentialAction":[{"@type":"ReadAction","target":["https:\/\/www.santanyi.net\/ca\/property\/un-oasi-de-pau-amb-vistes-al-mar-a-santanyi\/"]}]},{"@type":"ImageObject","inLanguage":"ca","@id":"https:\/\/www.santanyi.net\/ca\/property\/un-oasi-de-pau-amb-vistes-al-mar-a-santanyi\/#primaryimage","url":"https:\/\/www.santanyi.net\/wp-content\/uploads\/anaconda_property_media\/25898115-194822\/20-1.jpg","contentUrl":"https:\/\/www.santanyi.net\/wp-content\/uploads\/anaconda_property_media\/25898115-194822\/20-1.jpg","width":780,"height":587},{"@type":"BreadcrumbList","@id":"https:\/\/www.santanyi.net\/ca\/property\/un-oasi-de-pau-amb-vistes-al-mar-a-santanyi\/#breadcrumb","itemListElement":[{"@type":"ListItem","position":1,"name":"Home","item":"https:\/\/www.santanyi.net\/ca\/"},{"@type":"ListItem","position":2,"name":"Properties","item":"https:\/\/www.santanyi.net\/ca\/property\/"},{"@type":"ListItem","position":3,"name":"Un Oasi de Pau amb Vistes al Mar a Santany\u00ed!"}]},{"@type":"WebSite","@id":"https:\/\/www.santanyi.net\/ca\/#website","url":"https:\/\/www.santanyi.net\/ca\/","name":"RE\/MAX Drac","description":"","publisher":{"@id":"https:\/\/www.santanyi.net\/ca\/#organization"},"potentialAction":[{"@type":"SearchAction","target":{"@type":"EntryPoint","urlTemplate":"https:\/\/www.santanyi.net\/ca\/?s={search_term_string}"},"query-input":{"@type":"PropertyValueSpecification","valueRequired":true,"valueName":"search_term_string"}}],"inLanguage":"ca"},{"@type":"Organization","@id":"https:\/\/www.santanyi.net\/ca\/#organization","name":"RE\/MAX Drac","url":"https:\/\/www.santanyi.net\/ca\/","logo":{"@type":"ImageObject","inLanguage":"ca","@id":"https:\/\/www.santanyi.net\/ca\/#\/schema\/logo\/image\/","url":"https:\/\/www.santanyi.net\/wp-content\/uploads\/2025\/07\/logo-nuevo.png","contentUrl":"https:\/\/www.santanyi.net\/wp-content\/uploads\/2025\/07\/logo-nuevo.png","width":295,"height":165,"caption":"RE\/MAX Drac"},"image":{"@id":"https:\/\/www.santanyi.net\/ca\/#\/schema\/logo\/image\/"}}]}},"_links":{"self":[{"href":"https:\/\/www.santanyi.net\/ca\/wp-json\/wp\/v2\/properties\/194828","targetHints":{"allow":["GET"]}}],"collection":[{"href":"https:\/\/www.santanyi.net\/ca\/wp-json\/wp\/v2\/properties"}],"about":[{"href":"https:\/\/www.santanyi.net\/ca\/wp-json\/wp\/v2\/types\/property"}],"author":[{"embeddable":true,"href":"https:\/\/www.santanyi.net\/ca\/wp-json\/wp\/v2\/users\/1"}],"version-history":[{"count":2,"href":"https:\/\/www.santanyi.net\/ca\/wp-json\/wp\/v2\/properties\/194828\/revisions"}],"predecessor-version":[{"id":195963,"href":"https:\/\/www.santanyi.net\/ca\/wp-json\/wp\/v2\/properties\/194828\/revisions\/195963"}],"wp:featuredmedia":[{"embeddable":true,"href":"https:\/\/www.santanyi.net\/ca\/wp-json\/wp\/v2\/media\/194823"}],"wp:attachment":[{"href":"https:\/\/www.santanyi.net\/ca\/wp-json\/wp\/v2\/media?parent=194828"}],"wp:term":[{"taxonomy":"property_type","embeddable":true,"href":"https:\/\/www.santanyi.net\/ca\/wp-json\/wp\/v2\/property_type?post=194828"},{"taxonomy":"property_status","embeddable":true,"href":"https:\/\/www.santanyi.net\/ca\/wp-json\/wp\/v2\/property_status?post=194828"},{"taxonomy":"property_feature","embeddable":true,"href":"https:\/\/www.santanyi.net\/ca\/wp-json\/wp\/v2\/property_feature?post=194828"},{"taxonomy":"property_label","embeddable":true,"href":"https:\/\/www.santanyi.net\/ca\/wp-json\/wp\/v2\/property_label?post=194828"},{"taxonomy":"property_country","embeddable":true,"href":"https:\/\/www.santanyi.net\/ca\/wp-json\/wp\/v2\/property_country?post=194828"},{"taxonomy":"property_state","embeddable":true,"href":"https:\/\/www.santanyi.net\/ca\/wp-json\/wp\/v2\/property_state?post=194828"},{"taxonomy":"property_city","embeddable":true,"href":"https:\/\/www.santanyi.net\/ca\/wp-json\/wp\/v2\/property_city?post=194828"},{"taxonomy":"property_area","embeddable":true,"href":"https:\/\/www.santanyi.net\/ca\/wp-json\/wp\/v2\/property_area?post=194828"}],"curies":[{"name":"wp","href":"https:\/\/api.w.org\/{rel}","templated":true}]}}