
{"id":194812,"date":"2026-04-30T15:05:19","date_gmt":"2026-04-30T15:05:19","guid":{"rendered":"https:\/\/www.santanyi.net\/property\/joia-mediterrania-finca-son-salom-amb-permis-durbanisme-i-projecte-immobiliari-de-luxe-a-santanyi\/"},"modified":"2026-05-01T06:05:26","modified_gmt":"2026-05-01T06:05:26","slug":"joia-mediterrania-finca-son-salom-amb-permis-durbanisme-i-projecte-immobiliari-de-luxe-a-santanyi-3","status":"publish","type":"property","link":"https:\/\/www.santanyi.net\/ca\/property\/joia-mediterrania-finca-son-salom-amb-permis-durbanisme-i-projecte-immobiliari-de-luxe-a-santanyi-3\/","title":{"rendered":"Joia mediterr\u00e0nia: Finca Son Salom amb Perm\u00eds d&#8217;Urbanisme i Projecte Immobiliari de Luxe a Santany\u00ed"},"content":{"rendered":"<p>Us presentem &#8220;Son Salom&#8221;, una excepcional finca de 59.235 m\u00b2 situada en una de les zones m\u00e9s cobejades del sud-est de Mallorca. El que fa que aquesta propietat sigui tan \u00fanica no \u00e9s nom\u00e9s la seva mida, sin\u00f3 tamb\u00e9 el seu projecte immobiliari de luxe aprovat i el seu perm\u00eds d&#8217;urb\u00e0.<\/p>\n<p>Ubicaci\u00f3 estrat\u00e8gica<\/p>\n<p>Al cor del sud-est:<\/p>\n<p>Privacitat absoluta: En l&#8217;entorn rural i tranquil de Ses Salines.<\/p>\n<p>Accessibilitat: A nom\u00e9s 5 minuts del centre de Santany\u00ed (mercats, galeries d&#8217;art i restaurants).<\/p>\n<p>Mar: A prop de les aig\u00fces cristal\u00b7lines d&#8217;Es Trenc, les platges de Santany\u00ed i la Col\u00f2nia de Sant Jordi, i el pintoresc port de Cala Figuera.<\/p>\n<p>El projecte: Arquitectura, luxe i funcionalitat<\/p>\n<p>El perm\u00eds d&#8217;obra autoritza la construcci\u00f3 d&#8217;una impressionant resid\u00e8ncia de 482 m\u00b2 amb una distribuci\u00f3 elegant i funcional:<\/p>\n<p>Planta baixa (zona d&#8217;estar i relaxaci\u00f3):<\/p>\n<p>Zona d&#8217;estar de planta oberta (120 m\u00b2): Sala d&#8217;estar, menjador i cuina de disseny combinats en un espai ple de llum gr\u00e0cies a grans finestrals.<\/p>\n<p>Suite per a convidats: Dues habitacions espaioses, cadascuna amb el seu propi bany.<\/p>\n<p>Habitacions addicionals: Elegant rebedor, lavabo de convidats, rebost i safareig.<\/p>\n<p>Primer pis (Suite principal):<\/p>\n<p>Suite principal (57 m\u00b2): Un rec\u00e9s de pau amb vestidor, bany lux\u00f3s i acc\u00e9s directe a una terrassa privada de 39 m\u00b2 amb vistes panor\u00e0miques del camp mallorqu\u00ed.<\/p>\n<p>Soterrani i garatge:<\/p>\n<p>Un soterrani de 120 m\u00b2 acabat amb gust i dissenyat per a un confort \u00f2ptim: celler, safareig, safareig i traster.<\/p>\n<p>Un garatge tancat amb espai per a dos cotxes, motocicletes i equipament esportiu.<\/p>\n<p>Espais exteriors dissenyats per a l&#8217;estil de vida mallorqu\u00ed<\/p>\n<p>L&#8217;espai exterior \u00e9s un oasi de relaxaci\u00f3 i conviv\u00e8ncia:<\/p>\n<p>Una piscina de disseny (35 m\u00b2): envoltada d&#8217;\u00e0mplies zones per prendre el sol.<\/p>\n<p>Un parad\u00eds de terrasses: gaireb\u00e9 600 m\u00b2 de terrasses&#8230;<\/p>\n","protected":false},"excerpt":{"rendered":"<p>Us presentem &#8220;Son Salom&#8221;, una excepcional finca de 59.235 m\u00b2 situada en una de les zones m\u00e9s cobejades del sud-est de Mallorca. El que fa que aquesta propietat sigui tan \u00fanica no \u00e9s nom\u00e9s la seva mida, sin\u00f3 tamb\u00e9 el seu projecte immobiliari de luxe aprovat i el seu perm\u00eds d&#8217;urb\u00e0. Ubicaci\u00f3 estrat\u00e8gica Al cor [&hellip;]<\/p>\n","protected":false},"author":1,"featured_media":194807,"parent":0,"menu_order":0,"template":"","property_type":[],"property_status":[2103,2096],"property_feature":[1779,1801,1767,1806,1774,1810,1777,1812],"property_label":[],"property_country":[],"property_state":[],"property_city":[635],"property_area":[636],"class_list":["post-194812","property","type-property","status-publish","has-post-thumbnail","hentry","property_status-venta-ca","property_status-venta","property_feature-arboles","property_feature-arboles-ca","property_feature-jardin","property_feature-jardin-ca","property_feature-parking","property_feature-parking-ca","property_feature-rural","property_feature-rural-ca","property_city-santanyi","property_area-santanyi"],"acf":[],"property_meta":{"_apg_property_user_edited":["1"],"fave_property_id":["DRAC-CR1510DB"],"fave_property_location":["39.362584944871,3.0996174706882,15"],"houzez_geolocation_lat":["39.362584944871"],"houzez_geolocation_long":["3.0996174706882"],"fave_property_price":["5800000"],"fave_property_rent_or_sale":["sale"],"fave_property_year":[null],"fave_property_size_prefix":["m2"],"fave_property_land_postfix":["m2"],"fave_property_size":["482"],"fave_property_land":["59235"],"fave_property_bedrooms":["3"],"fave_property_bathrooms":["4"],"fave_property_garage":["2"],"fave_property_map_address":["Santany\u00ed, 07690 Santany\u00ed"],"fave_property_address":[" , Santany\u00ed 07690"],"fave_property_zip":["07690"],"fave_property_postal_code":["07690"],"fave_property_map":["1"],"apg_is_using_remote_image_url":["1"],"apg_using_remote_image_urls":["[{\"multimedia_type\":\"Picture\",\"picture_url\":\"https:\/\/fotos15.inmovilla.com\/12732\/27813899\/8-1.jpg\",\"position\":1,\"picture_id\":1,\"media_id\":144551,\"post_id\":194806,\"id\":1,\"attachment_id\":0,\"url\":\"https:\/\/fotos15.inmovilla.com\/12732\/27813899\/8-1.jpg\",\"basename\":\"8-1.jpg\",\"created_date\":\"2026-04-30 15:05:20\",\"is_downloaded\":0,\"is_using_remote\":0},{\"multimedia_type\":\"Picture\",\"picture_url\":\"https:\/\/fotos15.inmovilla.com\/12732\/27813899\/8-2.jpg\",\"position\":2,\"picture_id\":2,\"media_id\":144552,\"post_id\":194806,\"id\":2,\"attachment_id\":0,\"url\":\"https:\/\/fotos15.inmovilla.com\/12732\/27813899\/8-2.jpg\",\"basename\":\"8-2.jpg\",\"created_date\":\"2026-04-30 15:05:20\",\"is_downloaded\":0,\"is_using_remote\":1},{\"multimedia_type\":\"Picture\",\"picture_url\":\"https:\/\/fotos15.inmovilla.com\/12732\/27813899\/8-3.jpg\",\"position\":3,\"picture_id\":3,\"media_id\":144553,\"post_id\":194806,\"id\":3,\"attachment_id\":0,\"url\":\"https:\/\/fotos15.inmovilla.com\/12732\/27813899\/8-3.jpg\",\"basename\":\"8-3.jpg\",\"created_date\":\"2026-04-30 15:05:20\",\"is_downloaded\":0,\"is_using_remote\":1},{\"multimedia_type\":\"Picture\",\"picture_url\":\"https:\/\/fotos15.inmovilla.com\/12732\/27813899\/8-4.jpg\",\"position\":4,\"picture_id\":4,\"media_id\":144554,\"post_id\":194806,\"id\":4,\"attachment_id\":0,\"url\":\"https:\/\/fotos15.inmovilla.com\/12732\/27813899\/8-4.jpg\",\"basename\":\"8-4.jpg\",\"created_date\":\"2026-04-30 15:05:20\",\"is_downloaded\":0,\"is_using_remote\":1},{\"multimedia_type\":\"Picture\",\"picture_url\":\"https:\/\/fotos15.inmovilla.com\/12732\/27813899\/8-5.jpg\",\"position\":5,\"picture_id\":5,\"media_id\":144555,\"post_id\":194806,\"id\":5,\"attachment_id\":0,\"url\":\"https:\/\/fotos15.inmovilla.com\/12732\/27813899\/8-5.jpg\",\"basename\":\"8-5.jpg\",\"created_date\":\"2026-04-30 15:05:20\",\"is_downloaded\":0,\"is_using_remote\":1},{\"multimedia_type\":\"Picture\",\"picture_url\":\"https:\/\/fotos15.inmovilla.com\/12732\/27813899\/8-6.jpg\",\"position\":6,\"picture_id\":6,\"media_id\":144556,\"post_id\":194806,\"id\":6,\"attachment_id\":0,\"url\":\"https:\/\/fotos15.inmovilla.com\/12732\/27813899\/8-6.jpg\",\"basename\":\"8-6.jpg\",\"created_date\":\"2026-04-30 15:05:20\",\"is_downloaded\":0,\"is_using_remote\":1},{\"multimedia_type\":\"Picture\",\"picture_url\":\"https:\/\/fotos15.inmovilla.com\/12732\/27813899\/8-7.jpg\",\"position\":7,\"picture_id\":7,\"media_id\":144557,\"post_id\":194806,\"id\":7,\"attachment_id\":0,\"url\":\"https:\/\/fotos15.inmovilla.com\/12732\/27813899\/8-7.jpg\",\"basename\":\"8-7.jpg\",\"created_date\":\"2026-04-30 15:05:20\",\"is_downloaded\":0,\"is_using_remote\":1},{\"multimedia_type\":\"Picture\",\"picture_url\":\"https:\/\/fotos15.inmovilla.com\/12732\/27813899\/8-8.jpg\",\"position\":8,\"picture_id\":8,\"media_id\":144558,\"post_id\":194806,\"id\":8,\"attachment_id\":0,\"url\":\"https:\/\/fotos15.inmovilla.com\/12732\/27813899\/8-8.jpg\",\"basename\":\"8-8.jpg\",\"created_date\":\"2026-04-30 15:05:20\",\"is_downloaded\":0,\"is_using_remote\":1},{\"multimedia_type\":\"Picture\",\"picture_url\":\"https:\/\/fotos15.inmovilla.com\/12732\/27813899\/8-9.jpg\",\"position\":9,\"picture_id\":9,\"media_id\":144559,\"post_id\":194806,\"id\":9,\"attachment_id\":0,\"url\":\"https:\/\/fotos15.inmovilla.com\/12732\/27813899\/8-9.jpg\",\"basename\":\"8-9.jpg\",\"created_date\":\"2026-04-30 15:05:20\",\"is_downloaded\":0,\"is_using_remote\":1},{\"multimedia_type\":\"Picture\",\"picture_url\":\"https:\/\/fotos15.inmovilla.com\/12732\/27813899\/8-10.jpg\",\"position\":10,\"picture_id\":10,\"media_id\":144560,\"post_id\":194806,\"id\":10,\"attachment_id\":0,\"url\":\"https:\/\/fotos15.inmovilla.com\/12732\/27813899\/8-10.jpg\",\"basename\":\"8-10.jpg\",\"created_date\":\"2026-04-30 15:05:20\",\"is_downloaded\":0,\"is_using_remote\":1},{\"multimedia_type\":\"Picture\",\"picture_url\":\"https:\/\/fotos15.inmovilla.com\/12732\/27813899\/8-11.jpg\",\"position\":11,\"picture_id\":11,\"media_id\":144561,\"post_id\":194806,\"id\":11,\"attachment_id\":0,\"url\":\"https:\/\/fotos15.inmovilla.com\/12732\/27813899\/8-11.jpg\",\"basename\":\"8-11.jpg\",\"created_date\":\"2026-04-30 15:05:20\",\"is_downloaded\":0,\"is_using_remote\":1},{\"multimedia_type\":\"Picture\",\"picture_url\":\"https:\/\/fotos15.inmovilla.com\/12732\/27813899\/8-12.jpg\",\"position\":12,\"picture_id\":12,\"media_id\":144562,\"post_id\":194806,\"id\":12,\"attachment_id\":0,\"url\":\"https:\/\/fotos15.inmovilla.com\/12732\/27813899\/8-12.jpg\",\"basename\":\"8-12.jpg\",\"created_date\":\"2026-04-30 15:05:20\",\"is_downloaded\":0,\"is_using_remote\":1},{\"multimedia_type\":\"Picture\",\"picture_url\":\"https:\/\/fotos15.inmovilla.com\/12732\/27813899\/8-13.jpg\",\"position\":13,\"picture_id\":13,\"media_id\":144563,\"post_id\":194806,\"id\":13,\"attachment_id\":0,\"url\":\"https:\/\/fotos15.inmovilla.com\/12732\/27813899\/8-13.jpg\",\"basename\":\"8-13.jpg\",\"created_date\":\"2026-04-30 15:05:20\",\"is_downloaded\":0,\"is_using_remote\":1},{\"multimedia_type\":\"Picture\",\"picture_url\":\"https:\/\/fotos15.inmovilla.com\/12732\/27813899\/8-14.jpg\",\"position\":14,\"picture_id\":14,\"media_id\":144564,\"post_id\":194806,\"id\":14,\"attachment_id\":0,\"url\":\"https:\/\/fotos15.inmovilla.com\/12732\/27813899\/8-14.jpg\",\"basename\":\"8-14.jpg\",\"created_date\":\"2026-04-30 15:05:20\",\"is_downloaded\":0,\"is_using_remote\":1},{\"multimedia_type\":\"Picture\",\"picture_url\":\"https:\/\/fotos15.inmovilla.com\/12732\/27813899\/8-15.jpg\",\"position\":15,\"picture_id\":15,\"media_id\":144565,\"post_id\":194806,\"id\":15,\"attachment_id\":0,\"url\":\"https:\/\/fotos15.inmovilla.com\/12732\/27813899\/8-15.jpg\",\"basename\":\"8-15.jpg\",\"created_date\":\"2026-04-30 15:05:20\",\"is_downloaded\":0,\"is_using_remote\":1},{\"multimedia_type\":\"Picture\",\"picture_url\":\"https:\/\/fotos15.inmovilla.com\/12732\/27813899\/8-16.jpg\",\"position\":16,\"picture_id\":16,\"media_id\":144566,\"post_id\":194806,\"id\":16,\"attachment_id\":0,\"url\":\"https:\/\/fotos15.inmovilla.com\/12732\/27813899\/8-16.jpg\",\"basename\":\"8-16.jpg\",\"created_date\":\"2026-04-30 15:05:20\",\"is_downloaded\":0,\"is_using_remote\":1},{\"multimedia_type\":\"Picture\",\"picture_url\":\"https:\/\/fotos15.inmovilla.com\/12732\/27813899\/8-17.jpg\",\"position\":17,\"picture_id\":17,\"media_id\":144567,\"post_id\":194806,\"id\":17,\"attachment_id\":0,\"url\":\"https:\/\/fotos15.inmovilla.com\/12732\/27813899\/8-17.jpg\",\"basename\":\"8-17.jpg\",\"created_date\":\"2026-04-30 15:05:20\",\"is_downloaded\":0,\"is_using_remote\":1},{\"multimedia_type\":\"Picture\",\"picture_url\":\"https:\/\/fotos15.inmovilla.com\/12732\/27813899\/8-18.jpg\",\"position\":18,\"picture_id\":18,\"media_id\":144568,\"post_id\":194806,\"id\":18,\"attachment_id\":0,\"url\":\"https:\/\/fotos15.inmovilla.com\/12732\/27813899\/8-18.jpg\",\"basename\":\"8-18.jpg\",\"created_date\":\"2026-04-30 15:05:20\",\"is_downloaded\":0,\"is_using_remote\":1},{\"multimedia_type\":\"Picture\",\"picture_url\":\"https:\/\/fotos15.inmovilla.com\/12732\/27813899\/8-19.jpg\",\"position\":19,\"picture_id\":19,\"media_id\":144569,\"post_id\":194806,\"id\":19,\"attachment_id\":0,\"url\":\"https:\/\/fotos15.inmovilla.com\/12732\/27813899\/8-19.jpg\",\"basename\":\"8-19.jpg\",\"created_date\":\"2026-04-30 15:05:20\",\"is_downloaded\":0,\"is_using_remote\":1},{\"multimedia_type\":\"Picture\",\"picture_url\":\"https:\/\/fotos15.inmovilla.com\/12732\/27813899\/8-20.jpg\",\"position\":20,\"picture_id\":20,\"media_id\":144570,\"post_id\":194806,\"id\":20,\"attachment_id\":0,\"url\":\"https:\/\/fotos15.inmovilla.com\/12732\/27813899\/8-20.jpg\",\"basename\":\"8-20.jpg\",\"created_date\":\"2026-04-30 15:05:20\",\"is_downloaded\":0,\"is_using_remote\":1},{\"multimedia_type\":\"Picture\",\"picture_url\":\"https:\/\/fotos15.inmovilla.com\/12732\/27813899\/8-21.jpg\",\"position\":21,\"picture_id\":21,\"media_id\":144571,\"post_id\":194806,\"id\":21,\"attachment_id\":0,\"url\":\"https:\/\/fotos15.inmovilla.com\/12732\/27813899\/8-21.jpg\",\"basename\":\"8-21.jpg\",\"created_date\":\"2026-04-30 15:05:20\",\"is_downloaded\":0,\"is_using_remote\":1},{\"multimedia_type\":\"Picture\",\"picture_url\":\"https:\/\/fotos15.inmovilla.com\/12732\/27813899\/8-22.jpg\",\"position\":22,\"picture_id\":22,\"media_id\":144572,\"post_id\":194806,\"id\":22,\"attachment_id\":0,\"url\":\"https:\/\/fotos15.inmovilla.com\/12732\/27813899\/8-22.jpg\",\"basename\":\"8-22.jpg\",\"created_date\":\"2026-04-30 15:05:20\",\"is_downloaded\":0,\"is_using_remote\":1},{\"multimedia_type\":\"Picture\",\"picture_url\":\"https:\/\/fotos15.inmovilla.com\/12732\/27813899\/8-23.jpg\",\"position\":23,\"picture_id\":23,\"media_id\":144573,\"post_id\":194806,\"id\":23,\"attachment_id\":0,\"url\":\"https:\/\/fotos15.inmovilla.com\/12732\/27813899\/8-23.jpg\",\"basename\":\"8-23.jpg\",\"created_date\":\"2026-04-30 15:05:20\",\"is_downloaded\":0,\"is_using_remote\":1},{\"multimedia_type\":\"Picture\",\"picture_url\":\"https:\/\/fotos15.inmovilla.com\/12732\/27813899\/8-24.jpg\",\"position\":24,\"picture_id\":24,\"media_id\":144574,\"post_id\":194806,\"id\":24,\"attachment_id\":0,\"url\":\"https:\/\/fotos15.inmovilla.com\/12732\/27813899\/8-24.jpg\",\"basename\":\"8-24.jpg\",\"created_date\":\"2026-04-30 15:05:20\",\"is_downloaded\":0,\"is_using_remote\":1},{\"multimedia_type\":\"Picture\",\"picture_url\":\"https:\/\/fotos15.inmovilla.com\/12732\/27813899\/8-25.jpg\",\"position\":25,\"picture_id\":25,\"media_id\":144575,\"post_id\":194806,\"id\":25,\"attachment_id\":0,\"url\":\"https:\/\/fotos15.inmovilla.com\/12732\/27813899\/8-25.jpg\",\"basename\":\"8-25.jpg\",\"created_date\":\"2026-04-30 15:05:20\",\"is_downloaded\":0,\"is_using_remote\":1},{\"multimedia_type\":\"Picture\",\"picture_url\":\"https:\/\/fotos15.inmovilla.com\/12732\/27813899\/8-26.jpg\",\"position\":26,\"picture_id\":26,\"media_id\":144576,\"post_id\":194806,\"id\":26,\"attachment_id\":0,\"url\":\"https:\/\/fotos15.inmovilla.com\/12732\/27813899\/8-26.jpg\",\"basename\":\"8-26.jpg\",\"created_date\":\"2026-04-30 15:05:20\",\"is_downloaded\":0,\"is_using_remote\":1},{\"multimedia_type\":\"Picture\",\"picture_url\":\"https:\/\/fotos15.inmovilla.com\/12732\/27813899\/8-27.jpg\",\"position\":27,\"picture_id\":27,\"media_id\":144577,\"post_id\":194806,\"id\":27,\"attachment_id\":0,\"url\":\"https:\/\/fotos15.inmovilla.com\/12732\/27813899\/8-27.jpg\",\"basename\":\"8-27.jpg\",\"created_date\":\"2026-04-30 15:05:20\",\"is_downloaded\":0,\"is_using_remote\":1},{\"multimedia_type\":\"Picture\",\"picture_url\":\"https:\/\/fotos15.inmovilla.com\/12732\/27813899\/8-28.jpg\",\"position\":28,\"picture_id\":28,\"media_id\":144578,\"post_id\":194806,\"id\":28,\"attachment_id\":0,\"url\":\"https:\/\/fotos15.inmovilla.com\/12732\/27813899\/8-28.jpg\",\"basename\":\"8-28.jpg\",\"created_date\":\"2026-04-30 15:05:20\",\"is_downloaded\":0,\"is_using_remote\":1},{\"multimedia_type\":\"Picture\",\"picture_url\":\"https:\/\/fotos15.inmovilla.com\/12732\/27813899\/8-29.jpg\",\"position\":29,\"picture_id\":29,\"media_id\":144579,\"post_id\":194806,\"id\":29,\"attachment_id\":0,\"url\":\"https:\/\/fotos15.inmovilla.com\/12732\/27813899\/8-29.jpg\",\"basename\":\"8-29.jpg\",\"created_date\":\"2026-04-30 15:05:20\",\"is_downloaded\":0,\"is_using_remote\":1}]"],"_thumbnail_id":["194807"],"fave_property_images":["194807"],"apg_property_id":["27813899"],"_wpml_word_count":["323"],"_eael_post_view_count":["3"],"houzez_total_property_views":["3"],"houzez_views_by_date":["a:2:{s:10:\"04-30-2026\";i:1;s:10:\"05-01-2026\";i:2;}"],"houzez_recently_viewed":["2026-05-01 07:53:09"],"_elementor_page_assets":["a:0:{}"]},"yoast_head":"<!-- This site is optimized with the Yoast SEO plugin v27.5 - https:\/\/yoast.com\/product\/yoast-seo-wordpress\/ -->\n<title>Joia mediterr\u00e0nia: Finca Son Salom amb Perm\u00eds d&#039;Urbanisme i Projecte Immobiliari de Luxe a Santany\u00ed - RE\/MAX Drac<\/title>\n<meta name=\"robots\" content=\"index, follow, max-snippet:-1, max-image-preview:large, max-video-preview:-1\" \/>\n<link rel=\"canonical\" href=\"https:\/\/www.santanyi.net\/ca\/property\/joia-mediterrania-finca-son-salom-amb-permis-durbanisme-i-projecte-immobiliari-de-luxe-a-santanyi-3\/\" \/>\n<meta property=\"og:locale\" content=\"ca_ES\" \/>\n<meta property=\"og:type\" content=\"article\" \/>\n<meta property=\"og:title\" content=\"Joia mediterr\u00e0nia: Finca Son Salom amb Perm\u00eds d&#039;Urbanisme i Projecte Immobiliari de Luxe a Santany\u00ed - RE\/MAX Drac\" \/>\n<meta property=\"og:description\" content=\"Us presentem &#8220;Son Salom&#8221;, una excepcional finca de 59.235 m\u00b2 situada en una de les zones m\u00e9s cobejades del sud-est de Mallorca. El que fa que aquesta propietat sigui tan \u00fanica no \u00e9s nom\u00e9s la seva mida, sin\u00f3 tamb\u00e9 el seu projecte immobiliari de luxe aprovat i el seu perm\u00eds d&#8217;urb\u00e0. Ubicaci\u00f3 estrat\u00e8gica Al cor [&hellip;]\" \/>\n<meta property=\"og:url\" content=\"https:\/\/www.santanyi.net\/ca\/property\/joia-mediterrania-finca-son-salom-amb-permis-durbanisme-i-projecte-immobiliari-de-luxe-a-santanyi-3\/\" \/>\n<meta property=\"og:site_name\" content=\"RE\/MAX Drac\" \/>\n<meta property=\"article:modified_time\" content=\"2026-05-01T06:05:26+00:00\" \/>\n<meta property=\"og:image\" content=\"https:\/\/www.santanyi.net\/wp-content\/uploads\/anaconda_property_media\/27813899-194806\/8-1.jpg\" \/>\n\t<meta property=\"og:image:width\" content=\"1920\" \/>\n\t<meta property=\"og:image:height\" content=\"1080\" \/>\n\t<meta property=\"og:image:type\" content=\"image\/jpeg\" \/>\n<meta name=\"twitter:card\" content=\"summary_large_image\" \/>\n<meta name=\"twitter:label1\" content=\"Temps estimat de lectura\" \/>\n\t<meta name=\"twitter:data1\" content=\"2 minuts\" \/>\n<script type=\"application\/ld+json\" class=\"yoast-schema-graph\">{\"@context\":\"https:\\\/\\\/schema.org\",\"@graph\":[{\"@type\":\"WebPage\",\"@id\":\"https:\\\/\\\/www.santanyi.net\\\/ca\\\/property\\\/joia-mediterrania-finca-son-salom-amb-permis-durbanisme-i-projecte-immobiliari-de-luxe-a-santanyi-3\\\/\",\"url\":\"https:\\\/\\\/www.santanyi.net\\\/ca\\\/property\\\/joia-mediterrania-finca-son-salom-amb-permis-durbanisme-i-projecte-immobiliari-de-luxe-a-santanyi-3\\\/\",\"name\":\"Joia mediterr\u00e0nia: Finca Son Salom amb Perm\u00eds d'Urbanisme i Projecte Immobiliari de Luxe a Santany\u00ed - RE\\\/MAX Drac\",\"isPartOf\":{\"@id\":\"https:\\\/\\\/www.santanyi.net\\\/ca\\\/#website\"},\"primaryImageOfPage\":{\"@id\":\"https:\\\/\\\/www.santanyi.net\\\/ca\\\/property\\\/joia-mediterrania-finca-son-salom-amb-permis-durbanisme-i-projecte-immobiliari-de-luxe-a-santanyi-3\\\/#primaryimage\"},\"image\":{\"@id\":\"https:\\\/\\\/www.santanyi.net\\\/ca\\\/property\\\/joia-mediterrania-finca-son-salom-amb-permis-durbanisme-i-projecte-immobiliari-de-luxe-a-santanyi-3\\\/#primaryimage\"},\"thumbnailUrl\":\"https:\\\/\\\/www.santanyi.net\\\/wp-content\\\/uploads\\\/anaconda_property_media\\\/27813899-194806\\\/8-1.jpg\",\"datePublished\":\"2026-04-30T15:05:19+00:00\",\"dateModified\":\"2026-05-01T06:05:26+00:00\",\"breadcrumb\":{\"@id\":\"https:\\\/\\\/www.santanyi.net\\\/ca\\\/property\\\/joia-mediterrania-finca-son-salom-amb-permis-durbanisme-i-projecte-immobiliari-de-luxe-a-santanyi-3\\\/#breadcrumb\"},\"inLanguage\":\"ca\",\"potentialAction\":[{\"@type\":\"ReadAction\",\"target\":[\"https:\\\/\\\/www.santanyi.net\\\/ca\\\/property\\\/joia-mediterrania-finca-son-salom-amb-permis-durbanisme-i-projecte-immobiliari-de-luxe-a-santanyi-3\\\/\"]}]},{\"@type\":\"ImageObject\",\"inLanguage\":\"ca\",\"@id\":\"https:\\\/\\\/www.santanyi.net\\\/ca\\\/property\\\/joia-mediterrania-finca-son-salom-amb-permis-durbanisme-i-projecte-immobiliari-de-luxe-a-santanyi-3\\\/#primaryimage\",\"url\":\"https:\\\/\\\/www.santanyi.net\\\/wp-content\\\/uploads\\\/anaconda_property_media\\\/27813899-194806\\\/8-1.jpg\",\"contentUrl\":\"https:\\\/\\\/www.santanyi.net\\\/wp-content\\\/uploads\\\/anaconda_property_media\\\/27813899-194806\\\/8-1.jpg\",\"width\":1920,\"height\":1080},{\"@type\":\"BreadcrumbList\",\"@id\":\"https:\\\/\\\/www.santanyi.net\\\/ca\\\/property\\\/joia-mediterrania-finca-son-salom-amb-permis-durbanisme-i-projecte-immobiliari-de-luxe-a-santanyi-3\\\/#breadcrumb\",\"itemListElement\":[{\"@type\":\"ListItem\",\"position\":1,\"name\":\"Home\",\"item\":\"https:\\\/\\\/www.santanyi.net\\\/ca\\\/\"},{\"@type\":\"ListItem\",\"position\":2,\"name\":\"Properties\",\"item\":\"https:\\\/\\\/www.santanyi.net\\\/ca\\\/property\\\/\"},{\"@type\":\"ListItem\",\"position\":3,\"name\":\"Joia mediterr\u00e0nia: Finca Son Salom amb Perm\u00eds d&#8217;Urbanisme i Projecte Immobiliari de Luxe a Santany\u00ed\"}]},{\"@type\":\"WebSite\",\"@id\":\"https:\\\/\\\/www.santanyi.net\\\/ca\\\/#website\",\"url\":\"https:\\\/\\\/www.santanyi.net\\\/ca\\\/\",\"name\":\"RE\\\/MAX Drac\",\"description\":\"\",\"publisher\":{\"@id\":\"https:\\\/\\\/www.santanyi.net\\\/ca\\\/#organization\"},\"potentialAction\":[{\"@type\":\"SearchAction\",\"target\":{\"@type\":\"EntryPoint\",\"urlTemplate\":\"https:\\\/\\\/www.santanyi.net\\\/ca\\\/?s={search_term_string}\"},\"query-input\":{\"@type\":\"PropertyValueSpecification\",\"valueRequired\":true,\"valueName\":\"search_term_string\"}}],\"inLanguage\":\"ca\"},{\"@type\":\"Organization\",\"@id\":\"https:\\\/\\\/www.santanyi.net\\\/ca\\\/#organization\",\"name\":\"RE\\\/MAX Drac\",\"url\":\"https:\\\/\\\/www.santanyi.net\\\/ca\\\/\",\"logo\":{\"@type\":\"ImageObject\",\"inLanguage\":\"ca\",\"@id\":\"https:\\\/\\\/www.santanyi.net\\\/ca\\\/#\\\/schema\\\/logo\\\/image\\\/\",\"url\":\"https:\\\/\\\/www.santanyi.net\\\/wp-content\\\/uploads\\\/2025\\\/07\\\/logo-nuevo.png\",\"contentUrl\":\"https:\\\/\\\/www.santanyi.net\\\/wp-content\\\/uploads\\\/2025\\\/07\\\/logo-nuevo.png\",\"width\":295,\"height\":165,\"caption\":\"RE\\\/MAX Drac\"},\"image\":{\"@id\":\"https:\\\/\\\/www.santanyi.net\\\/ca\\\/#\\\/schema\\\/logo\\\/image\\\/\"}}]}<\/script>\n<!-- \/ Yoast SEO plugin. -->","yoast_head_json":{"title":"Joia mediterr\u00e0nia: Finca Son Salom amb Perm\u00eds d'Urbanisme i Projecte Immobiliari de Luxe a Santany\u00ed - RE\/MAX Drac","robots":{"index":"index","follow":"follow","max-snippet":"max-snippet:-1","max-image-preview":"max-image-preview:large","max-video-preview":"max-video-preview:-1"},"canonical":"https:\/\/www.santanyi.net\/ca\/property\/joia-mediterrania-finca-son-salom-amb-permis-durbanisme-i-projecte-immobiliari-de-luxe-a-santanyi-3\/","og_locale":"ca_ES","og_type":"article","og_title":"Joia mediterr\u00e0nia: Finca Son Salom amb Perm\u00eds d'Urbanisme i Projecte Immobiliari de Luxe a Santany\u00ed - RE\/MAX Drac","og_description":"Us presentem &#8220;Son Salom&#8221;, una excepcional finca de 59.235 m\u00b2 situada en una de les zones m\u00e9s cobejades del sud-est de Mallorca. El que fa que aquesta propietat sigui tan \u00fanica no \u00e9s nom\u00e9s la seva mida, sin\u00f3 tamb\u00e9 el seu projecte immobiliari de luxe aprovat i el seu perm\u00eds d&#8217;urb\u00e0. Ubicaci\u00f3 estrat\u00e8gica Al cor [&hellip;]","og_url":"https:\/\/www.santanyi.net\/ca\/property\/joia-mediterrania-finca-son-salom-amb-permis-durbanisme-i-projecte-immobiliari-de-luxe-a-santanyi-3\/","og_site_name":"RE\/MAX Drac","article_modified_time":"2026-05-01T06:05:26+00:00","og_image":[{"width":1920,"height":1080,"url":"https:\/\/www.santanyi.net\/wp-content\/uploads\/anaconda_property_media\/27813899-194806\/8-1.jpg","type":"image\/jpeg"}],"twitter_card":"summary_large_image","twitter_misc":{"Temps estimat de lectura":"2 minuts"},"schema":{"@context":"https:\/\/schema.org","@graph":[{"@type":"WebPage","@id":"https:\/\/www.santanyi.net\/ca\/property\/joia-mediterrania-finca-son-salom-amb-permis-durbanisme-i-projecte-immobiliari-de-luxe-a-santanyi-3\/","url":"https:\/\/www.santanyi.net\/ca\/property\/joia-mediterrania-finca-son-salom-amb-permis-durbanisme-i-projecte-immobiliari-de-luxe-a-santanyi-3\/","name":"Joia mediterr\u00e0nia: Finca Son Salom amb Perm\u00eds d'Urbanisme i Projecte Immobiliari de Luxe a Santany\u00ed - RE\/MAX Drac","isPartOf":{"@id":"https:\/\/www.santanyi.net\/ca\/#website"},"primaryImageOfPage":{"@id":"https:\/\/www.santanyi.net\/ca\/property\/joia-mediterrania-finca-son-salom-amb-permis-durbanisme-i-projecte-immobiliari-de-luxe-a-santanyi-3\/#primaryimage"},"image":{"@id":"https:\/\/www.santanyi.net\/ca\/property\/joia-mediterrania-finca-son-salom-amb-permis-durbanisme-i-projecte-immobiliari-de-luxe-a-santanyi-3\/#primaryimage"},"thumbnailUrl":"https:\/\/www.santanyi.net\/wp-content\/uploads\/anaconda_property_media\/27813899-194806\/8-1.jpg","datePublished":"2026-04-30T15:05:19+00:00","dateModified":"2026-05-01T06:05:26+00:00","breadcrumb":{"@id":"https:\/\/www.santanyi.net\/ca\/property\/joia-mediterrania-finca-son-salom-amb-permis-durbanisme-i-projecte-immobiliari-de-luxe-a-santanyi-3\/#breadcrumb"},"inLanguage":"ca","potentialAction":[{"@type":"ReadAction","target":["https:\/\/www.santanyi.net\/ca\/property\/joia-mediterrania-finca-son-salom-amb-permis-durbanisme-i-projecte-immobiliari-de-luxe-a-santanyi-3\/"]}]},{"@type":"ImageObject","inLanguage":"ca","@id":"https:\/\/www.santanyi.net\/ca\/property\/joia-mediterrania-finca-son-salom-amb-permis-durbanisme-i-projecte-immobiliari-de-luxe-a-santanyi-3\/#primaryimage","url":"https:\/\/www.santanyi.net\/wp-content\/uploads\/anaconda_property_media\/27813899-194806\/8-1.jpg","contentUrl":"https:\/\/www.santanyi.net\/wp-content\/uploads\/anaconda_property_media\/27813899-194806\/8-1.jpg","width":1920,"height":1080},{"@type":"BreadcrumbList","@id":"https:\/\/www.santanyi.net\/ca\/property\/joia-mediterrania-finca-son-salom-amb-permis-durbanisme-i-projecte-immobiliari-de-luxe-a-santanyi-3\/#breadcrumb","itemListElement":[{"@type":"ListItem","position":1,"name":"Home","item":"https:\/\/www.santanyi.net\/ca\/"},{"@type":"ListItem","position":2,"name":"Properties","item":"https:\/\/www.santanyi.net\/ca\/property\/"},{"@type":"ListItem","position":3,"name":"Joia mediterr\u00e0nia: Finca Son Salom amb Perm\u00eds d&#8217;Urbanisme i Projecte Immobiliari de Luxe a Santany\u00ed"}]},{"@type":"WebSite","@id":"https:\/\/www.santanyi.net\/ca\/#website","url":"https:\/\/www.santanyi.net\/ca\/","name":"RE\/MAX Drac","description":"","publisher":{"@id":"https:\/\/www.santanyi.net\/ca\/#organization"},"potentialAction":[{"@type":"SearchAction","target":{"@type":"EntryPoint","urlTemplate":"https:\/\/www.santanyi.net\/ca\/?s={search_term_string}"},"query-input":{"@type":"PropertyValueSpecification","valueRequired":true,"valueName":"search_term_string"}}],"inLanguage":"ca"},{"@type":"Organization","@id":"https:\/\/www.santanyi.net\/ca\/#organization","name":"RE\/MAX Drac","url":"https:\/\/www.santanyi.net\/ca\/","logo":{"@type":"ImageObject","inLanguage":"ca","@id":"https:\/\/www.santanyi.net\/ca\/#\/schema\/logo\/image\/","url":"https:\/\/www.santanyi.net\/wp-content\/uploads\/2025\/07\/logo-nuevo.png","contentUrl":"https:\/\/www.santanyi.net\/wp-content\/uploads\/2025\/07\/logo-nuevo.png","width":295,"height":165,"caption":"RE\/MAX Drac"},"image":{"@id":"https:\/\/www.santanyi.net\/ca\/#\/schema\/logo\/image\/"}}]}},"_links":{"self":[{"href":"https:\/\/www.santanyi.net\/ca\/wp-json\/wp\/v2\/properties\/194812","targetHints":{"allow":["GET"]}}],"collection":[{"href":"https:\/\/www.santanyi.net\/ca\/wp-json\/wp\/v2\/properties"}],"about":[{"href":"https:\/\/www.santanyi.net\/ca\/wp-json\/wp\/v2\/types\/property"}],"author":[{"embeddable":true,"href":"https:\/\/www.santanyi.net\/ca\/wp-json\/wp\/v2\/users\/1"}],"version-history":[{"count":2,"href":"https:\/\/www.santanyi.net\/ca\/wp-json\/wp\/v2\/properties\/194812\/revisions"}],"predecessor-version":[{"id":195953,"href":"https:\/\/www.santanyi.net\/ca\/wp-json\/wp\/v2\/properties\/194812\/revisions\/195953"}],"wp:featuredmedia":[{"embeddable":true,"href":"https:\/\/www.santanyi.net\/ca\/wp-json\/wp\/v2\/media\/194807"}],"wp:attachment":[{"href":"https:\/\/www.santanyi.net\/ca\/wp-json\/wp\/v2\/media?parent=194812"}],"wp:term":[{"taxonomy":"property_type","embeddable":true,"href":"https:\/\/www.santanyi.net\/ca\/wp-json\/wp\/v2\/property_type?post=194812"},{"taxonomy":"property_status","embeddable":true,"href":"https:\/\/www.santanyi.net\/ca\/wp-json\/wp\/v2\/property_status?post=194812"},{"taxonomy":"property_feature","embeddable":true,"href":"https:\/\/www.santanyi.net\/ca\/wp-json\/wp\/v2\/property_feature?post=194812"},{"taxonomy":"property_label","embeddable":true,"href":"https:\/\/www.santanyi.net\/ca\/wp-json\/wp\/v2\/property_label?post=194812"},{"taxonomy":"property_country","embeddable":true,"href":"https:\/\/www.santanyi.net\/ca\/wp-json\/wp\/v2\/property_country?post=194812"},{"taxonomy":"property_state","embeddable":true,"href":"https:\/\/www.santanyi.net\/ca\/wp-json\/wp\/v2\/property_state?post=194812"},{"taxonomy":"property_city","embeddable":true,"href":"https:\/\/www.santanyi.net\/ca\/wp-json\/wp\/v2\/property_city?post=194812"},{"taxonomy":"property_area","embeddable":true,"href":"https:\/\/www.santanyi.net\/ca\/wp-json\/wp\/v2\/property_area?post=194812"}],"curies":[{"name":"wp","href":"https:\/\/api.w.org\/{rel}","templated":true}]}}