
{"id":194804,"date":"2026-04-30T15:05:16","date_gmt":"2026-04-30T15:05:16","guid":{"rendered":"https:\/\/www.santanyi.net\/property\/preciosa-casa-de-pueblo-en-santanyi\/"},"modified":"2026-05-01T06:05:24","modified_gmt":"2026-05-01T06:05:24","slug":"preciosa-casa-de-pueblo-en-santanyi","status":"publish","type":"property","link":"https:\/\/www.santanyi.net\/ca\/property\/preciosa-casa-de-pueblo-en-santanyi\/","title":{"rendered":"Preciosa casa de pueblo en Santany\u00ed"},"content":{"rendered":"<p>Una Casa amb Infinites Possibilitats a Santany\u00edAquesta casa situada a l&#8217;encantador poble de Santany\u00ed \u00e9s una veritable joia amb un potencial sense l\u00edmits. Constru\u00efda el 1940 i parcialment renovada el 1990, aquesta propietat de 2 pisos ofereix un oasi de tranquil\u00b7litat amb un gran jard\u00ed i diverses depend\u00e8ncies que obren pas a infinites possibilitats de gaudi i entreteniment.A la planta baixa, abans i ara convertit en una acollidora sala d&#8217;estar amb acc\u00e9s directe al jard\u00ed, es troba el cor de l&#8217;habitatge. El jard\u00ed, orientat cap al sud, \u00e9s un remans de pau on es pot gaudir d&#8217;una xemeneia a l&#8217;aire lliure, una cuina completa amb rebost i traster, un bany, una encantadora caseta de convidats i un porxo estenedor, ideal per gaudir dels dies assolellats i les nits estrellades. La pres\u00e8ncia d&#8217; una gran cisterna afegeix un valor pr\u00e0ctic i caracter\u00edstic a la propietat. A la planta baixa de l&#8217; edifici principal trobem dos dormitoris dobles, una \u00e0mplia entrada, un menjador, sala d&#8217; estar, cuina amb rebost i un bany complet.Al primer pis, un balc\u00f3 a la terrassa amb vistes a la serra de Tramuntana ofereix un escenari impressionant per gaudir de l&#8217;entorn natural. A l&#8217; interior, es troben un ampli dormitori doble, un bany, una sala d&#8217; estar de generoses dimensions, un estudi i un distribu\u00efdor que maximitzen l&#8217; espai i la comoditat. Des de la part posterior de la casa es pot apreciar una germana vista al jard\u00ed orientat al sud, mentre que des de la sala s&#8217;accedeix a dues \u00e0mplies terrasses banyades pel sol.Santany\u00ed, un poble ple d&#8217;encant i car\u00e0cter al sud-est de Mallorca, \u00e9s conegut pel seu ambient tranquil i la seva rica tradici\u00f3 cultural. Els seus carrers empedrats, les seves edificacions hist\u00f2riques i el seu ambient bohemi el converteixen en un lloc fascinant per explorar i descobrir. Envoltat de paisatges impressionants, Santany\u00ed ofereix la combinaci\u00f3 perfecta de mar i muntanya, amb platges d&#8217;aig\u00fces cristal\u00b7lines i la imponent serra de Tramuntana com a tel\u00f3 de fons.Els voltants de Santany\u00ed s\u00f3n un regal per als sentits, amb camps d&#8217;ametllers en flor, cales amagades d&#8217;aig\u00fces turqueses i l&#8217;oportunitat de gaudir de la natura en el seu estat m\u00e9s pur. A m\u00e9s, la seva oferta gastron\u00f2mica i cultural, amb mercats locals i festivitats tradicionals, conviden a submergir-se en l&#8217;aut\u00e8ntica vida mallorquina.En resum, aquesta casa a Santany\u00ed \u00e9s molt m\u00e9s que una propietat: \u00e9s un llen\u00e7 en blanc per crear la llar dels teus somnis, en un entorn ple d&#8217;hist\u00f2ria, encant i possibilitats infinites. Benvinguts a Santany\u00ed, on la vida es gaudeix a cada rac\u00f3 i el potencial \u00e9s il\u00b7limitat!<\/p>\n","protected":false},"excerpt":{"rendered":"<p>Una Casa amb Infinites Possibilitats a Santany\u00edAquesta casa situada a l&#8217;encantador poble de Santany\u00ed \u00e9s una veritable joia amb un potencial sense l\u00edmits. Constru\u00efda el 1940 i parcialment renovada el 1990, aquesta propietat de 2 pisos ofereix un oasi de tranquil\u00b7litat amb un gran jard\u00ed i diverses depend\u00e8ncies que obren pas a infinites possibilitats de [&hellip;]<\/p>\n","protected":false},"author":1,"featured_media":194799,"parent":0,"menu_order":0,"template":"","property_type":[2131],"property_status":[2103,2096],"property_feature":[1801,1869,1853,1870,1975,1982,1872,1903,1905,1805,1806,1945,1953,1810,1895,1812,1897,1954,1813],"property_label":[],"property_country":[],"property_state":[],"property_city":[635],"property_area":[636],"class_list":["post-194804","property","type-property","status-publish","has-post-thumbnail","hentry","property_type-casa-ca","property_status-venta-ca","property_status-venta","property_feature-arboles-ca","property_feature-autobuses-ca","property_feature-balcon","property_feature-balcon-ca","property_feature-bombafriocalor","property_feature-bombafriocalor-ca","property_feature-colegios-ca","property_feature-despensa","property_feature-despensa-ca","property_feature-electro-ca","property_feature-jardin-ca","property_feature-linea_tlf","property_feature-linea_tlf-ca","property_feature-parking-ca","property_feature-patio-ca","property_feature-rural-ca","property_feature-terraza-ca","property_feature-trastero-ca","property_feature-vallado-ca","property_city-santanyi","property_area-santanyi"],"acf":[],"property_meta":{"_apg_property_user_edited":["1"],"fave_property_id":["DRAC-CP2289GE"],"fave_property_location":["39.356850385,3.127376864,15"],"houzez_geolocation_lat":["39.356850385"],"houzez_geolocation_long":["3.127376864"],"fave_property_price":["995000"],"fave_property_rent_or_sale":["sale"],"fave_property_year":[null],"fave_property_size_prefix":["m2"],"fave_property_land_postfix":["m2"],"fave_property_size":["330"],"fave_property_land":["331"],"fave_property_bedrooms":["4"],"fave_property_bathrooms":["4"],"fave_property_garage":["2"],"fave_property_map_address":["Santany\u00ed, 07650 Santany\u00ed"],"fave_property_address":[" , Santany\u00ed 07650"],"fave_property_zip":["07650"],"fave_property_postal_code":["07650"],"fave_property_map":["1"],"apg_is_using_remote_image_url":["1"],"apg_using_remote_image_urls":["[{\"multimedia_type\":\"Picture\",\"picture_url\":\"https:\/\/fotos15.inmovilla.com\/12732\/24621046\/13-1.jpg\",\"position\":1,\"picture_id\":1,\"media_id\":144505,\"post_id\":194798,\"id\":1,\"attachment_id\":0,\"url\":\"https:\/\/fotos15.inmovilla.com\/12732\/24621046\/13-1.jpg\",\"basename\":\"13-1.jpg\",\"created_date\":\"2026-04-30 15:05:16\",\"is_downloaded\":0,\"is_using_remote\":0},{\"multimedia_type\":\"Picture\",\"picture_url\":\"https:\/\/fotos15.inmovilla.com\/12732\/24621046\/13-2.jpg\",\"position\":2,\"picture_id\":2,\"media_id\":144506,\"post_id\":194798,\"id\":2,\"attachment_id\":0,\"url\":\"https:\/\/fotos15.inmovilla.com\/12732\/24621046\/13-2.jpg\",\"basename\":\"13-2.jpg\",\"created_date\":\"2026-04-30 15:05:16\",\"is_downloaded\":0,\"is_using_remote\":1},{\"multimedia_type\":\"Picture\",\"picture_url\":\"https:\/\/fotos15.inmovilla.com\/12732\/24621046\/13-3.jpg\",\"position\":3,\"picture_id\":3,\"media_id\":144507,\"post_id\":194798,\"id\":3,\"attachment_id\":0,\"url\":\"https:\/\/fotos15.inmovilla.com\/12732\/24621046\/13-3.jpg\",\"basename\":\"13-3.jpg\",\"created_date\":\"2026-04-30 15:05:16\",\"is_downloaded\":0,\"is_using_remote\":1},{\"multimedia_type\":\"Picture\",\"picture_url\":\"https:\/\/fotos15.inmovilla.com\/12732\/24621046\/13-4.jpg\",\"position\":4,\"picture_id\":4,\"media_id\":144508,\"post_id\":194798,\"id\":4,\"attachment_id\":0,\"url\":\"https:\/\/fotos15.inmovilla.com\/12732\/24621046\/13-4.jpg\",\"basename\":\"13-4.jpg\",\"created_date\":\"2026-04-30 15:05:16\",\"is_downloaded\":0,\"is_using_remote\":1},{\"multimedia_type\":\"Picture\",\"picture_url\":\"https:\/\/fotos15.inmovilla.com\/12732\/24621046\/13-5.jpg\",\"position\":5,\"picture_id\":5,\"media_id\":144509,\"post_id\":194798,\"id\":5,\"attachment_id\":0,\"url\":\"https:\/\/fotos15.inmovilla.com\/12732\/24621046\/13-5.jpg\",\"basename\":\"13-5.jpg\",\"created_date\":\"2026-04-30 15:05:16\",\"is_downloaded\":0,\"is_using_remote\":1},{\"multimedia_type\":\"Picture\",\"picture_url\":\"https:\/\/fotos15.inmovilla.com\/12732\/24621046\/13-6.jpg\",\"position\":6,\"picture_id\":6,\"media_id\":144510,\"post_id\":194798,\"id\":6,\"attachment_id\":0,\"url\":\"https:\/\/fotos15.inmovilla.com\/12732\/24621046\/13-6.jpg\",\"basename\":\"13-6.jpg\",\"created_date\":\"2026-04-30 15:05:16\",\"is_downloaded\":0,\"is_using_remote\":1},{\"multimedia_type\":\"Picture\",\"picture_url\":\"https:\/\/fotos15.inmovilla.com\/12732\/24621046\/13-7.jpg\",\"position\":7,\"picture_id\":7,\"media_id\":144511,\"post_id\":194798,\"id\":7,\"attachment_id\":0,\"url\":\"https:\/\/fotos15.inmovilla.com\/12732\/24621046\/13-7.jpg\",\"basename\":\"13-7.jpg\",\"created_date\":\"2026-04-30 15:05:16\",\"is_downloaded\":0,\"is_using_remote\":1},{\"multimedia_type\":\"Picture\",\"picture_url\":\"https:\/\/fotos15.inmovilla.com\/12732\/24621046\/13-8.jpg\",\"position\":8,\"picture_id\":8,\"media_id\":144512,\"post_id\":194798,\"id\":8,\"attachment_id\":0,\"url\":\"https:\/\/fotos15.inmovilla.com\/12732\/24621046\/13-8.jpg\",\"basename\":\"13-8.jpg\",\"created_date\":\"2026-04-30 15:05:16\",\"is_downloaded\":0,\"is_using_remote\":1},{\"multimedia_type\":\"Picture\",\"picture_url\":\"https:\/\/fotos15.inmovilla.com\/12732\/24621046\/13-9.jpg\",\"position\":9,\"picture_id\":9,\"media_id\":144513,\"post_id\":194798,\"id\":9,\"attachment_id\":0,\"url\":\"https:\/\/fotos15.inmovilla.com\/12732\/24621046\/13-9.jpg\",\"basename\":\"13-9.jpg\",\"created_date\":\"2026-04-30 15:05:16\",\"is_downloaded\":0,\"is_using_remote\":1},{\"multimedia_type\":\"Picture\",\"picture_url\":\"https:\/\/fotos15.inmovilla.com\/12732\/24621046\/13-10.jpg\",\"position\":10,\"picture_id\":10,\"media_id\":144514,\"post_id\":194798,\"id\":10,\"attachment_id\":0,\"url\":\"https:\/\/fotos15.inmovilla.com\/12732\/24621046\/13-10.jpg\",\"basename\":\"13-10.jpg\",\"created_date\":\"2026-04-30 15:05:16\",\"is_downloaded\":0,\"is_using_remote\":1},{\"multimedia_type\":\"Picture\",\"picture_url\":\"https:\/\/fotos15.inmovilla.com\/12732\/24621046\/13-11.jpg\",\"position\":11,\"picture_id\":11,\"media_id\":144515,\"post_id\":194798,\"id\":11,\"attachment_id\":0,\"url\":\"https:\/\/fotos15.inmovilla.com\/12732\/24621046\/13-11.jpg\",\"basename\":\"13-11.jpg\",\"created_date\":\"2026-04-30 15:05:16\",\"is_downloaded\":0,\"is_using_remote\":1},{\"multimedia_type\":\"Picture\",\"picture_url\":\"https:\/\/fotos15.inmovilla.com\/12732\/24621046\/13-12.jpg\",\"position\":12,\"picture_id\":12,\"media_id\":144516,\"post_id\":194798,\"id\":12,\"attachment_id\":0,\"url\":\"https:\/\/fotos15.inmovilla.com\/12732\/24621046\/13-12.jpg\",\"basename\":\"13-12.jpg\",\"created_date\":\"2026-04-30 15:05:16\",\"is_downloaded\":0,\"is_using_remote\":1},{\"multimedia_type\":\"Picture\",\"picture_url\":\"https:\/\/fotos15.inmovilla.com\/12732\/24621046\/13-13.jpg\",\"position\":13,\"picture_id\":13,\"media_id\":144517,\"post_id\":194798,\"id\":13,\"attachment_id\":0,\"url\":\"https:\/\/fotos15.inmovilla.com\/12732\/24621046\/13-13.jpg\",\"basename\":\"13-13.jpg\",\"created_date\":\"2026-04-30 15:05:16\",\"is_downloaded\":0,\"is_using_remote\":1},{\"multimedia_type\":\"Picture\",\"picture_url\":\"https:\/\/fotos15.inmovilla.com\/12732\/24621046\/13-14.jpg\",\"position\":14,\"picture_id\":14,\"media_id\":144518,\"post_id\":194798,\"id\":14,\"attachment_id\":0,\"url\":\"https:\/\/fotos15.inmovilla.com\/12732\/24621046\/13-14.jpg\",\"basename\":\"13-14.jpg\",\"created_date\":\"2026-04-30 15:05:16\",\"is_downloaded\":0,\"is_using_remote\":1},{\"multimedia_type\":\"Picture\",\"picture_url\":\"https:\/\/fotos15.inmovilla.com\/12732\/24621046\/13-15.jpg\",\"position\":15,\"picture_id\":15,\"media_id\":144519,\"post_id\":194798,\"id\":15,\"attachment_id\":0,\"url\":\"https:\/\/fotos15.inmovilla.com\/12732\/24621046\/13-15.jpg\",\"basename\":\"13-15.jpg\",\"created_date\":\"2026-04-30 15:05:16\",\"is_downloaded\":0,\"is_using_remote\":1},{\"multimedia_type\":\"Picture\",\"picture_url\":\"https:\/\/fotos15.inmovilla.com\/12732\/24621046\/13-16.jpg\",\"position\":16,\"picture_id\":16,\"media_id\":144520,\"post_id\":194798,\"id\":16,\"attachment_id\":0,\"url\":\"https:\/\/fotos15.inmovilla.com\/12732\/24621046\/13-16.jpg\",\"basename\":\"13-16.jpg\",\"created_date\":\"2026-04-30 15:05:16\",\"is_downloaded\":0,\"is_using_remote\":1},{\"multimedia_type\":\"Picture\",\"picture_url\":\"https:\/\/fotos15.inmovilla.com\/12732\/24621046\/13-17.jpg\",\"position\":17,\"picture_id\":17,\"media_id\":144521,\"post_id\":194798,\"id\":17,\"attachment_id\":0,\"url\":\"https:\/\/fotos15.inmovilla.com\/12732\/24621046\/13-17.jpg\",\"basename\":\"13-17.jpg\",\"created_date\":\"2026-04-30 15:05:16\",\"is_downloaded\":0,\"is_using_remote\":1},{\"multimedia_type\":\"Picture\",\"picture_url\":\"https:\/\/fotos15.inmovilla.com\/12732\/24621046\/13-18.jpg\",\"position\":18,\"picture_id\":18,\"media_id\":144522,\"post_id\":194798,\"id\":18,\"attachment_id\":0,\"url\":\"https:\/\/fotos15.inmovilla.com\/12732\/24621046\/13-18.jpg\",\"basename\":\"13-18.jpg\",\"created_date\":\"2026-04-30 15:05:16\",\"is_downloaded\":0,\"is_using_remote\":1},{\"multimedia_type\":\"Picture\",\"picture_url\":\"https:\/\/fotos15.inmovilla.com\/12732\/24621046\/13-19.jpg\",\"position\":19,\"picture_id\":19,\"media_id\":144523,\"post_id\":194798,\"id\":19,\"attachment_id\":0,\"url\":\"https:\/\/fotos15.inmovilla.com\/12732\/24621046\/13-19.jpg\",\"basename\":\"13-19.jpg\",\"created_date\":\"2026-04-30 15:05:16\",\"is_downloaded\":0,\"is_using_remote\":1},{\"multimedia_type\":\"Picture\",\"picture_url\":\"https:\/\/fotos15.inmovilla.com\/12732\/24621046\/13-20.jpg\",\"position\":20,\"picture_id\":20,\"media_id\":144524,\"post_id\":194798,\"id\":20,\"attachment_id\":0,\"url\":\"https:\/\/fotos15.inmovilla.com\/12732\/24621046\/13-20.jpg\",\"basename\":\"13-20.jpg\",\"created_date\":\"2026-04-30 15:05:16\",\"is_downloaded\":0,\"is_using_remote\":1},{\"multimedia_type\":\"Picture\",\"picture_url\":\"https:\/\/fotos15.inmovilla.com\/12732\/24621046\/13-21.jpg\",\"position\":21,\"picture_id\":21,\"media_id\":144525,\"post_id\":194798,\"id\":21,\"attachment_id\":0,\"url\":\"https:\/\/fotos15.inmovilla.com\/12732\/24621046\/13-21.jpg\",\"basename\":\"13-21.jpg\",\"created_date\":\"2026-04-30 15:05:16\",\"is_downloaded\":0,\"is_using_remote\":1},{\"multimedia_type\":\"Picture\",\"picture_url\":\"https:\/\/fotos15.inmovilla.com\/12732\/24621046\/13-22.jpg\",\"position\":22,\"picture_id\":22,\"media_id\":144526,\"post_id\":194798,\"id\":22,\"attachment_id\":0,\"url\":\"https:\/\/fotos15.inmovilla.com\/12732\/24621046\/13-22.jpg\",\"basename\":\"13-22.jpg\",\"created_date\":\"2026-04-30 15:05:16\",\"is_downloaded\":0,\"is_using_remote\":1},{\"multimedia_type\":\"Picture\",\"picture_url\":\"https:\/\/fotos15.inmovilla.com\/12732\/24621046\/13-23.jpg\",\"position\":23,\"picture_id\":23,\"media_id\":144527,\"post_id\":194798,\"id\":23,\"attachment_id\":0,\"url\":\"https:\/\/fotos15.inmovilla.com\/12732\/24621046\/13-23.jpg\",\"basename\":\"13-23.jpg\",\"created_date\":\"2026-04-30 15:05:16\",\"is_downloaded\":0,\"is_using_remote\":1},{\"multimedia_type\":\"Picture\",\"picture_url\":\"https:\/\/fotos15.inmovilla.com\/12732\/24621046\/13-24.jpg\",\"position\":24,\"picture_id\":24,\"media_id\":144528,\"post_id\":194798,\"id\":24,\"attachment_id\":0,\"url\":\"https:\/\/fotos15.inmovilla.com\/12732\/24621046\/13-24.jpg\",\"basename\":\"13-24.jpg\",\"created_date\":\"2026-04-30 15:05:16\",\"is_downloaded\":0,\"is_using_remote\":1},{\"multimedia_type\":\"Picture\",\"picture_url\":\"https:\/\/fotos15.inmovilla.com\/12732\/24621046\/13-25.jpg\",\"position\":25,\"picture_id\":25,\"media_id\":144529,\"post_id\":194798,\"id\":25,\"attachment_id\":0,\"url\":\"https:\/\/fotos15.inmovilla.com\/12732\/24621046\/13-25.jpg\",\"basename\":\"13-25.jpg\",\"created_date\":\"2026-04-30 15:05:16\",\"is_downloaded\":0,\"is_using_remote\":1},{\"multimedia_type\":\"Picture\",\"picture_url\":\"https:\/\/fotos15.inmovilla.com\/12732\/24621046\/13-26.jpg\",\"position\":26,\"picture_id\":26,\"media_id\":144530,\"post_id\":194798,\"id\":26,\"attachment_id\":0,\"url\":\"https:\/\/fotos15.inmovilla.com\/12732\/24621046\/13-26.jpg\",\"basename\":\"13-26.jpg\",\"created_date\":\"2026-04-30 15:05:16\",\"is_downloaded\":0,\"is_using_remote\":1},{\"multimedia_type\":\"Picture\",\"picture_url\":\"https:\/\/fotos15.inmovilla.com\/12732\/24621046\/13-27.jpg\",\"position\":27,\"picture_id\":27,\"media_id\":144531,\"post_id\":194798,\"id\":27,\"attachment_id\":0,\"url\":\"https:\/\/fotos15.inmovilla.com\/12732\/24621046\/13-27.jpg\",\"basename\":\"13-27.jpg\",\"created_date\":\"2026-04-30 15:05:16\",\"is_downloaded\":0,\"is_using_remote\":1},{\"multimedia_type\":\"Picture\",\"picture_url\":\"https:\/\/fotos15.inmovilla.com\/12732\/24621046\/13-28.jpg\",\"position\":28,\"picture_id\":28,\"media_id\":144532,\"post_id\":194798,\"id\":28,\"attachment_id\":0,\"url\":\"https:\/\/fotos15.inmovilla.com\/12732\/24621046\/13-28.jpg\",\"basename\":\"13-28.jpg\",\"created_date\":\"2026-04-30 15:05:16\",\"is_downloaded\":0,\"is_using_remote\":1},{\"multimedia_type\":\"Picture\",\"picture_url\":\"https:\/\/fotos15.inmovilla.com\/12732\/24621046\/13-29.jpg\",\"position\":29,\"picture_id\":29,\"media_id\":144533,\"post_id\":194798,\"id\":29,\"attachment_id\":0,\"url\":\"https:\/\/fotos15.inmovilla.com\/12732\/24621046\/13-29.jpg\",\"basename\":\"13-29.jpg\",\"created_date\":\"2026-04-30 15:05:16\",\"is_downloaded\":0,\"is_using_remote\":1},{\"multimedia_type\":\"Picture\",\"picture_url\":\"https:\/\/fotos15.inmovilla.com\/12732\/24621046\/13-30.jpg\",\"position\":30,\"picture_id\":30,\"media_id\":144534,\"post_id\":194798,\"id\":30,\"attachment_id\":0,\"url\":\"https:\/\/fotos15.inmovilla.com\/12732\/24621046\/13-30.jpg\",\"basename\":\"13-30.jpg\",\"created_date\":\"2026-04-30 15:05:16\",\"is_downloaded\":0,\"is_using_remote\":1},{\"multimedia_type\":\"Picture\",\"picture_url\":\"https:\/\/fotos15.inmovilla.com\/12732\/24621046\/13-31.jpg\",\"position\":31,\"picture_id\":31,\"media_id\":144535,\"post_id\":194798,\"id\":31,\"attachment_id\":0,\"url\":\"https:\/\/fotos15.inmovilla.com\/12732\/24621046\/13-31.jpg\",\"basename\":\"13-31.jpg\",\"created_date\":\"2026-04-30 15:05:16\",\"is_downloaded\":0,\"is_using_remote\":1},{\"multimedia_type\":\"Picture\",\"picture_url\":\"https:\/\/fotos15.inmovilla.com\/12732\/24621046\/13-32.jpg\",\"position\":32,\"picture_id\":32,\"media_id\":144536,\"post_id\":194798,\"id\":32,\"attachment_id\":0,\"url\":\"https:\/\/fotos15.inmovilla.com\/12732\/24621046\/13-32.jpg\",\"basename\":\"13-32.jpg\",\"created_date\":\"2026-04-30 15:05:16\",\"is_downloaded\":0,\"is_using_remote\":1},{\"multimedia_type\":\"Picture\",\"picture_url\":\"https:\/\/fotos15.inmovilla.com\/12732\/24621046\/13-33.jpg\",\"position\":33,\"picture_id\":33,\"media_id\":144537,\"post_id\":194798,\"id\":33,\"attachment_id\":0,\"url\":\"https:\/\/fotos15.inmovilla.com\/12732\/24621046\/13-33.jpg\",\"basename\":\"13-33.jpg\",\"created_date\":\"2026-04-30 15:05:16\",\"is_downloaded\":0,\"is_using_remote\":1},{\"multimedia_type\":\"Picture\",\"picture_url\":\"https:\/\/fotos15.inmovilla.com\/12732\/24621046\/13-34.jpg\",\"position\":34,\"picture_id\":34,\"media_id\":144538,\"post_id\":194798,\"id\":34,\"attachment_id\":0,\"url\":\"https:\/\/fotos15.inmovilla.com\/12732\/24621046\/13-34.jpg\",\"basename\":\"13-34.jpg\",\"created_date\":\"2026-04-30 15:05:16\",\"is_downloaded\":0,\"is_using_remote\":1},{\"multimedia_type\":\"Picture\",\"picture_url\":\"https:\/\/fotos15.inmovilla.com\/12732\/24621046\/13-35.jpg\",\"position\":35,\"picture_id\":35,\"media_id\":144539,\"post_id\":194798,\"id\":35,\"attachment_id\":0,\"url\":\"https:\/\/fotos15.inmovilla.com\/12732\/24621046\/13-35.jpg\",\"basename\":\"13-35.jpg\",\"created_date\":\"2026-04-30 15:05:16\",\"is_downloaded\":0,\"is_using_remote\":1},{\"multimedia_type\":\"Picture\",\"picture_url\":\"https:\/\/fotos15.inmovilla.com\/12732\/24621046\/13-36.jpg\",\"position\":36,\"picture_id\":36,\"media_id\":144540,\"post_id\":194798,\"id\":36,\"attachment_id\":0,\"url\":\"https:\/\/fotos15.inmovilla.com\/12732\/24621046\/13-36.jpg\",\"basename\":\"13-36.jpg\",\"created_date\":\"2026-04-30 15:05:16\",\"is_downloaded\":0,\"is_using_remote\":1},{\"multimedia_type\":\"Picture\",\"picture_url\":\"https:\/\/fotos15.inmovilla.com\/12732\/24621046\/13-37.jpg\",\"position\":37,\"picture_id\":37,\"media_id\":144541,\"post_id\":194798,\"id\":37,\"attachment_id\":0,\"url\":\"https:\/\/fotos15.inmovilla.com\/12732\/24621046\/13-37.jpg\",\"basename\":\"13-37.jpg\",\"created_date\":\"2026-04-30 15:05:16\",\"is_downloaded\":0,\"is_using_remote\":1},{\"multimedia_type\":\"Picture\",\"picture_url\":\"https:\/\/fotos15.inmovilla.com\/12732\/24621046\/13-38.jpg\",\"position\":38,\"picture_id\":38,\"media_id\":144542,\"post_id\":194798,\"id\":38,\"attachment_id\":0,\"url\":\"https:\/\/fotos15.inmovilla.com\/12732\/24621046\/13-38.jpg\",\"basename\":\"13-38.jpg\",\"created_date\":\"2026-04-30 15:05:16\",\"is_downloaded\":0,\"is_using_remote\":1},{\"multimedia_type\":\"Picture\",\"picture_url\":\"https:\/\/fotos15.inmovilla.com\/12732\/24621046\/13-39.jpg\",\"position\":39,\"picture_id\":39,\"media_id\":144543,\"post_id\":194798,\"id\":39,\"attachment_id\":0,\"url\":\"https:\/\/fotos15.inmovilla.com\/12732\/24621046\/13-39.jpg\",\"basename\":\"13-39.jpg\",\"created_date\":\"2026-04-30 15:05:16\",\"is_downloaded\":0,\"is_using_remote\":1},{\"multimedia_type\":\"Picture\",\"picture_url\":\"https:\/\/fotos15.inmovilla.com\/12732\/24621046\/13-40.jpg\",\"position\":40,\"picture_id\":40,\"media_id\":144544,\"post_id\":194798,\"id\":40,\"attachment_id\":0,\"url\":\"https:\/\/fotos15.inmovilla.com\/12732\/24621046\/13-40.jpg\",\"basename\":\"13-40.jpg\",\"created_date\":\"2026-04-30 15:05:16\",\"is_downloaded\":0,\"is_using_remote\":1},{\"multimedia_type\":\"Picture\",\"picture_url\":\"https:\/\/fotos15.inmovilla.com\/12732\/24621046\/13-41.jpg\",\"position\":41,\"picture_id\":41,\"media_id\":144545,\"post_id\":194798,\"id\":41,\"attachment_id\":0,\"url\":\"https:\/\/fotos15.inmovilla.com\/12732\/24621046\/13-41.jpg\",\"basename\":\"13-41.jpg\",\"created_date\":\"2026-04-30 15:05:16\",\"is_downloaded\":0,\"is_using_remote\":1},{\"multimedia_type\":\"Picture\",\"picture_url\":\"https:\/\/fotos15.inmovilla.com\/12732\/24621046\/13-42.jpg\",\"position\":42,\"picture_id\":42,\"media_id\":144546,\"post_id\":194798,\"id\":42,\"attachment_id\":0,\"url\":\"https:\/\/fotos15.inmovilla.com\/12732\/24621046\/13-42.jpg\",\"basename\":\"13-42.jpg\",\"created_date\":\"2026-04-30 15:05:16\",\"is_downloaded\":0,\"is_using_remote\":1},{\"multimedia_type\":\"Picture\",\"picture_url\":\"https:\/\/fotos15.inmovilla.com\/12732\/24621046\/13-43.jpg\",\"position\":43,\"picture_id\":43,\"media_id\":144547,\"post_id\":194798,\"id\":43,\"attachment_id\":0,\"url\":\"https:\/\/fotos15.inmovilla.com\/12732\/24621046\/13-43.jpg\",\"basename\":\"13-43.jpg\",\"created_date\":\"2026-04-30 15:05:16\",\"is_downloaded\":0,\"is_using_remote\":1},{\"multimedia_type\":\"Picture\",\"picture_url\":\"https:\/\/fotos15.inmovilla.com\/12732\/24621046\/13-44.jpg\",\"position\":44,\"picture_id\":44,\"media_id\":144548,\"post_id\":194798,\"id\":44,\"attachment_id\":0,\"url\":\"https:\/\/fotos15.inmovilla.com\/12732\/24621046\/13-44.jpg\",\"basename\":\"13-44.jpg\",\"created_date\":\"2026-04-30 15:05:16\",\"is_downloaded\":0,\"is_using_remote\":1},{\"multimedia_type\":\"Picture\",\"picture_url\":\"https:\/\/fotos15.inmovilla.com\/12732\/24621046\/13-45.jpg\",\"position\":45,\"picture_id\":45,\"media_id\":144549,\"post_id\":194798,\"id\":45,\"attachment_id\":0,\"url\":\"https:\/\/fotos15.inmovilla.com\/12732\/24621046\/13-45.jpg\",\"basename\":\"13-45.jpg\",\"created_date\":\"2026-04-30 15:05:16\",\"is_downloaded\":0,\"is_using_remote\":1},{\"multimedia_type\":\"Picture\",\"picture_url\":\"https:\/\/fotos15.inmovilla.com\/12732\/24621046\/13-46.jpg\",\"position\":46,\"picture_id\":46,\"media_id\":144550,\"post_id\":194798,\"id\":46,\"attachment_id\":0,\"url\":\"https:\/\/fotos15.inmovilla.com\/12732\/24621046\/13-46.jpg\",\"basename\":\"13-46.jpg\",\"created_date\":\"2026-04-30 15:05:16\",\"is_downloaded\":0,\"is_using_remote\":1}]"],"_thumbnail_id":["194799"],"fave_property_images":["194799"],"apg_property_id":["24621046"],"_wpml_word_count":["445"],"_eael_post_view_count":["4"],"houzez_recently_viewed":["2026-05-01 07:28:13"],"houzez_total_property_views":["4"],"houzez_views_by_date":["a:2:{s:10:\"04-30-2026\";i:2;s:10:\"05-01-2026\";i:2;}"],"_elementor_page_assets":["a:0:{}"]},"yoast_head":"<!-- This site is optimized with the Yoast SEO plugin v27.5 - https:\/\/yoast.com\/product\/yoast-seo-wordpress\/ -->\n<title>Preciosa casa de pueblo en Santany\u00ed - RE\/MAX Drac<\/title>\n<meta name=\"robots\" content=\"index, follow, max-snippet:-1, max-image-preview:large, max-video-preview:-1\" \/>\n<link rel=\"canonical\" href=\"https:\/\/www.santanyi.net\/ca\/property\/preciosa-casa-de-pueblo-en-santanyi\/\" \/>\n<meta property=\"og:locale\" content=\"ca_ES\" \/>\n<meta property=\"og:type\" content=\"article\" \/>\n<meta property=\"og:title\" content=\"Preciosa casa de pueblo en Santany\u00ed - RE\/MAX Drac\" \/>\n<meta property=\"og:description\" content=\"Una Casa amb Infinites Possibilitats a Santany\u00edAquesta casa situada a l&#8217;encantador poble de Santany\u00ed \u00e9s una veritable joia amb un potencial sense l\u00edmits. Constru\u00efda el 1940 i parcialment renovada el 1990, aquesta propietat de 2 pisos ofereix un oasi de tranquil\u00b7litat amb un gran jard\u00ed i diverses depend\u00e8ncies que obren pas a infinites possibilitats de [&hellip;]\" \/>\n<meta property=\"og:url\" content=\"https:\/\/www.santanyi.net\/ca\/property\/preciosa-casa-de-pueblo-en-santanyi\/\" \/>\n<meta property=\"og:site_name\" content=\"RE\/MAX Drac\" \/>\n<meta property=\"article:modified_time\" content=\"2026-05-01T06:05:24+00:00\" \/>\n<meta property=\"og:image\" content=\"https:\/\/www.santanyi.net\/wp-content\/uploads\/anaconda_property_media\/24621046-194798\/13-1.jpg\" \/>\n\t<meta property=\"og:image:width\" content=\"1600\" \/>\n\t<meta property=\"og:image:height\" content=\"1200\" \/>\n\t<meta property=\"og:image:type\" content=\"image\/jpeg\" \/>\n<meta name=\"twitter:card\" content=\"summary_large_image\" \/>\n<meta name=\"twitter:label1\" content=\"Temps estimat de lectura\" \/>\n\t<meta name=\"twitter:data1\" content=\"2 minuts\" \/>\n<script type=\"application\/ld+json\" class=\"yoast-schema-graph\">{\"@context\":\"https:\\\/\\\/schema.org\",\"@graph\":[{\"@type\":\"WebPage\",\"@id\":\"https:\\\/\\\/www.santanyi.net\\\/ca\\\/property\\\/preciosa-casa-de-pueblo-en-santanyi\\\/\",\"url\":\"https:\\\/\\\/www.santanyi.net\\\/ca\\\/property\\\/preciosa-casa-de-pueblo-en-santanyi\\\/\",\"name\":\"Preciosa casa de pueblo en Santany\u00ed - RE\\\/MAX Drac\",\"isPartOf\":{\"@id\":\"https:\\\/\\\/www.santanyi.net\\\/ca\\\/#website\"},\"primaryImageOfPage\":{\"@id\":\"https:\\\/\\\/www.santanyi.net\\\/ca\\\/property\\\/preciosa-casa-de-pueblo-en-santanyi\\\/#primaryimage\"},\"image\":{\"@id\":\"https:\\\/\\\/www.santanyi.net\\\/ca\\\/property\\\/preciosa-casa-de-pueblo-en-santanyi\\\/#primaryimage\"},\"thumbnailUrl\":\"https:\\\/\\\/www.santanyi.net\\\/wp-content\\\/uploads\\\/anaconda_property_media\\\/24621046-194798\\\/13-1.jpg\",\"datePublished\":\"2026-04-30T15:05:16+00:00\",\"dateModified\":\"2026-05-01T06:05:24+00:00\",\"breadcrumb\":{\"@id\":\"https:\\\/\\\/www.santanyi.net\\\/ca\\\/property\\\/preciosa-casa-de-pueblo-en-santanyi\\\/#breadcrumb\"},\"inLanguage\":\"ca\",\"potentialAction\":[{\"@type\":\"ReadAction\",\"target\":[\"https:\\\/\\\/www.santanyi.net\\\/ca\\\/property\\\/preciosa-casa-de-pueblo-en-santanyi\\\/\"]}]},{\"@type\":\"ImageObject\",\"inLanguage\":\"ca\",\"@id\":\"https:\\\/\\\/www.santanyi.net\\\/ca\\\/property\\\/preciosa-casa-de-pueblo-en-santanyi\\\/#primaryimage\",\"url\":\"https:\\\/\\\/www.santanyi.net\\\/wp-content\\\/uploads\\\/anaconda_property_media\\\/24621046-194798\\\/13-1.jpg\",\"contentUrl\":\"https:\\\/\\\/www.santanyi.net\\\/wp-content\\\/uploads\\\/anaconda_property_media\\\/24621046-194798\\\/13-1.jpg\",\"width\":1600,\"height\":1200},{\"@type\":\"BreadcrumbList\",\"@id\":\"https:\\\/\\\/www.santanyi.net\\\/ca\\\/property\\\/preciosa-casa-de-pueblo-en-santanyi\\\/#breadcrumb\",\"itemListElement\":[{\"@type\":\"ListItem\",\"position\":1,\"name\":\"Home\",\"item\":\"https:\\\/\\\/www.santanyi.net\\\/ca\\\/\"},{\"@type\":\"ListItem\",\"position\":2,\"name\":\"Properties\",\"item\":\"https:\\\/\\\/www.santanyi.net\\\/ca\\\/property\\\/\"},{\"@type\":\"ListItem\",\"position\":3,\"name\":\"Preciosa casa de pueblo en Santany\u00ed\"}]},{\"@type\":\"WebSite\",\"@id\":\"https:\\\/\\\/www.santanyi.net\\\/ca\\\/#website\",\"url\":\"https:\\\/\\\/www.santanyi.net\\\/ca\\\/\",\"name\":\"RE\\\/MAX Drac\",\"description\":\"\",\"publisher\":{\"@id\":\"https:\\\/\\\/www.santanyi.net\\\/ca\\\/#organization\"},\"potentialAction\":[{\"@type\":\"SearchAction\",\"target\":{\"@type\":\"EntryPoint\",\"urlTemplate\":\"https:\\\/\\\/www.santanyi.net\\\/ca\\\/?s={search_term_string}\"},\"query-input\":{\"@type\":\"PropertyValueSpecification\",\"valueRequired\":true,\"valueName\":\"search_term_string\"}}],\"inLanguage\":\"ca\"},{\"@type\":\"Organization\",\"@id\":\"https:\\\/\\\/www.santanyi.net\\\/ca\\\/#organization\",\"name\":\"RE\\\/MAX Drac\",\"url\":\"https:\\\/\\\/www.santanyi.net\\\/ca\\\/\",\"logo\":{\"@type\":\"ImageObject\",\"inLanguage\":\"ca\",\"@id\":\"https:\\\/\\\/www.santanyi.net\\\/ca\\\/#\\\/schema\\\/logo\\\/image\\\/\",\"url\":\"https:\\\/\\\/www.santanyi.net\\\/wp-content\\\/uploads\\\/2025\\\/07\\\/logo-nuevo.png\",\"contentUrl\":\"https:\\\/\\\/www.santanyi.net\\\/wp-content\\\/uploads\\\/2025\\\/07\\\/logo-nuevo.png\",\"width\":295,\"height\":165,\"caption\":\"RE\\\/MAX Drac\"},\"image\":{\"@id\":\"https:\\\/\\\/www.santanyi.net\\\/ca\\\/#\\\/schema\\\/logo\\\/image\\\/\"}}]}<\/script>\n<!-- \/ Yoast SEO plugin. -->","yoast_head_json":{"title":"Preciosa casa de pueblo en Santany\u00ed - RE\/MAX Drac","robots":{"index":"index","follow":"follow","max-snippet":"max-snippet:-1","max-image-preview":"max-image-preview:large","max-video-preview":"max-video-preview:-1"},"canonical":"https:\/\/www.santanyi.net\/ca\/property\/preciosa-casa-de-pueblo-en-santanyi\/","og_locale":"ca_ES","og_type":"article","og_title":"Preciosa casa de pueblo en Santany\u00ed - RE\/MAX Drac","og_description":"Una Casa amb Infinites Possibilitats a Santany\u00edAquesta casa situada a l&#8217;encantador poble de Santany\u00ed \u00e9s una veritable joia amb un potencial sense l\u00edmits. Constru\u00efda el 1940 i parcialment renovada el 1990, aquesta propietat de 2 pisos ofereix un oasi de tranquil\u00b7litat amb un gran jard\u00ed i diverses depend\u00e8ncies que obren pas a infinites possibilitats de [&hellip;]","og_url":"https:\/\/www.santanyi.net\/ca\/property\/preciosa-casa-de-pueblo-en-santanyi\/","og_site_name":"RE\/MAX Drac","article_modified_time":"2026-05-01T06:05:24+00:00","og_image":[{"width":1600,"height":1200,"url":"https:\/\/www.santanyi.net\/wp-content\/uploads\/anaconda_property_media\/24621046-194798\/13-1.jpg","type":"image\/jpeg"}],"twitter_card":"summary_large_image","twitter_misc":{"Temps estimat de lectura":"2 minuts"},"schema":{"@context":"https:\/\/schema.org","@graph":[{"@type":"WebPage","@id":"https:\/\/www.santanyi.net\/ca\/property\/preciosa-casa-de-pueblo-en-santanyi\/","url":"https:\/\/www.santanyi.net\/ca\/property\/preciosa-casa-de-pueblo-en-santanyi\/","name":"Preciosa casa de pueblo en Santany\u00ed - RE\/MAX Drac","isPartOf":{"@id":"https:\/\/www.santanyi.net\/ca\/#website"},"primaryImageOfPage":{"@id":"https:\/\/www.santanyi.net\/ca\/property\/preciosa-casa-de-pueblo-en-santanyi\/#primaryimage"},"image":{"@id":"https:\/\/www.santanyi.net\/ca\/property\/preciosa-casa-de-pueblo-en-santanyi\/#primaryimage"},"thumbnailUrl":"https:\/\/www.santanyi.net\/wp-content\/uploads\/anaconda_property_media\/24621046-194798\/13-1.jpg","datePublished":"2026-04-30T15:05:16+00:00","dateModified":"2026-05-01T06:05:24+00:00","breadcrumb":{"@id":"https:\/\/www.santanyi.net\/ca\/property\/preciosa-casa-de-pueblo-en-santanyi\/#breadcrumb"},"inLanguage":"ca","potentialAction":[{"@type":"ReadAction","target":["https:\/\/www.santanyi.net\/ca\/property\/preciosa-casa-de-pueblo-en-santanyi\/"]}]},{"@type":"ImageObject","inLanguage":"ca","@id":"https:\/\/www.santanyi.net\/ca\/property\/preciosa-casa-de-pueblo-en-santanyi\/#primaryimage","url":"https:\/\/www.santanyi.net\/wp-content\/uploads\/anaconda_property_media\/24621046-194798\/13-1.jpg","contentUrl":"https:\/\/www.santanyi.net\/wp-content\/uploads\/anaconda_property_media\/24621046-194798\/13-1.jpg","width":1600,"height":1200},{"@type":"BreadcrumbList","@id":"https:\/\/www.santanyi.net\/ca\/property\/preciosa-casa-de-pueblo-en-santanyi\/#breadcrumb","itemListElement":[{"@type":"ListItem","position":1,"name":"Home","item":"https:\/\/www.santanyi.net\/ca\/"},{"@type":"ListItem","position":2,"name":"Properties","item":"https:\/\/www.santanyi.net\/ca\/property\/"},{"@type":"ListItem","position":3,"name":"Preciosa casa de pueblo en Santany\u00ed"}]},{"@type":"WebSite","@id":"https:\/\/www.santanyi.net\/ca\/#website","url":"https:\/\/www.santanyi.net\/ca\/","name":"RE\/MAX Drac","description":"","publisher":{"@id":"https:\/\/www.santanyi.net\/ca\/#organization"},"potentialAction":[{"@type":"SearchAction","target":{"@type":"EntryPoint","urlTemplate":"https:\/\/www.santanyi.net\/ca\/?s={search_term_string}"},"query-input":{"@type":"PropertyValueSpecification","valueRequired":true,"valueName":"search_term_string"}}],"inLanguage":"ca"},{"@type":"Organization","@id":"https:\/\/www.santanyi.net\/ca\/#organization","name":"RE\/MAX Drac","url":"https:\/\/www.santanyi.net\/ca\/","logo":{"@type":"ImageObject","inLanguage":"ca","@id":"https:\/\/www.santanyi.net\/ca\/#\/schema\/logo\/image\/","url":"https:\/\/www.santanyi.net\/wp-content\/uploads\/2025\/07\/logo-nuevo.png","contentUrl":"https:\/\/www.santanyi.net\/wp-content\/uploads\/2025\/07\/logo-nuevo.png","width":295,"height":165,"caption":"RE\/MAX Drac"},"image":{"@id":"https:\/\/www.santanyi.net\/ca\/#\/schema\/logo\/image\/"}}]}},"_links":{"self":[{"href":"https:\/\/www.santanyi.net\/ca\/wp-json\/wp\/v2\/properties\/194804","targetHints":{"allow":["GET"]}}],"collection":[{"href":"https:\/\/www.santanyi.net\/ca\/wp-json\/wp\/v2\/properties"}],"about":[{"href":"https:\/\/www.santanyi.net\/ca\/wp-json\/wp\/v2\/types\/property"}],"author":[{"embeddable":true,"href":"https:\/\/www.santanyi.net\/ca\/wp-json\/wp\/v2\/users\/1"}],"version-history":[{"count":1,"href":"https:\/\/www.santanyi.net\/ca\/wp-json\/wp\/v2\/properties\/194804\/revisions"}],"predecessor-version":[{"id":195528,"href":"https:\/\/www.santanyi.net\/ca\/wp-json\/wp\/v2\/properties\/194804\/revisions\/195528"}],"wp:featuredmedia":[{"embeddable":true,"href":"https:\/\/www.santanyi.net\/ca\/wp-json\/wp\/v2\/media\/194799"}],"wp:attachment":[{"href":"https:\/\/www.santanyi.net\/ca\/wp-json\/wp\/v2\/media?parent=194804"}],"wp:term":[{"taxonomy":"property_type","embeddable":true,"href":"https:\/\/www.santanyi.net\/ca\/wp-json\/wp\/v2\/property_type?post=194804"},{"taxonomy":"property_status","embeddable":true,"href":"https:\/\/www.santanyi.net\/ca\/wp-json\/wp\/v2\/property_status?post=194804"},{"taxonomy":"property_feature","embeddable":true,"href":"https:\/\/www.santanyi.net\/ca\/wp-json\/wp\/v2\/property_feature?post=194804"},{"taxonomy":"property_label","embeddable":true,"href":"https:\/\/www.santanyi.net\/ca\/wp-json\/wp\/v2\/property_label?post=194804"},{"taxonomy":"property_country","embeddable":true,"href":"https:\/\/www.santanyi.net\/ca\/wp-json\/wp\/v2\/property_country?post=194804"},{"taxonomy":"property_state","embeddable":true,"href":"https:\/\/www.santanyi.net\/ca\/wp-json\/wp\/v2\/property_state?post=194804"},{"taxonomy":"property_city","embeddable":true,"href":"https:\/\/www.santanyi.net\/ca\/wp-json\/wp\/v2\/property_city?post=194804"},{"taxonomy":"property_area","embeddable":true,"href":"https:\/\/www.santanyi.net\/ca\/wp-json\/wp\/v2\/property_area?post=194804"}],"curies":[{"name":"wp","href":"https:\/\/api.w.org\/{rel}","templated":true}]}}