
{"id":194788,"date":"2026-04-30T15:05:10","date_gmt":"2026-04-30T15:05:10","guid":{"rendered":"https:\/\/www.santanyi.net\/property\/el-refugi-mestre-projecte-de-luxe-a-santanyi-entre-el-camp-i-el-mar\/"},"modified":"2026-05-01T06:05:20","modified_gmt":"2026-05-01T06:05:20","slug":"el-refugi-mestre-projecte-de-luxe-a-santanyi-entre-el-camp-i-el-mar","status":"publish","type":"property","link":"https:\/\/www.santanyi.net\/ca\/property\/el-refugi-mestre-projecte-de-luxe-a-santanyi-entre-el-camp-i-el-mar\/","title":{"rendered":"El Refugi Mestre: Projecte de Luxe a Santany\u00ed, entre el Camp i el Mar"},"content":{"rendered":"<p>El Refugi Mestre: Projecte de Luxe a Santany\u00ed, entre el Camp i el Mar<\/p>\n<p>Descobreixi l&#8217;ess\u00e8ncia de la vida mediterr\u00e0nia en aquesta finca excepcional de m\u00e9s de 63.000 m\u00b2. Ubicada dins el municipi de Ses Salines, aquesta propietat \u00e9s un santuari de pau que combina l&#8217;arquitectura d&#8217;avantguarda amb l&#8217;ess\u00e8ncia del camp mallorqu\u00ed, a tan sols un pas de la sofisticada Santany\u00ed i de les seves platges paradis\u00edaques.<\/p>\n<p>Un Disseny per Gaudir de l&#8217;Exterior L&#8217;habitatge ha estat concebut perqu\u00e8 l&#8217;interior i l&#8217;exterior es fusionin sense l\u00edmits. La planta principal de 311 m\u00b2 s&#8217;expandeix cap a l&#8217;horitz\u00f3 a trav\u00e9s de diversos porxos i terrasses per gaudir de l&#8217;entorn. Una piscina de somni esdev\u00e9 l&#8217;eix central de l&#8217;oci, complementada per una pista de tennis privada i un p\u00e0rquing cobert per a quatre cotxes.<\/p>\n<p>Interiorisme d&#8217;Alt Nivell<\/p>\n<p>El Cor de la Casa : Cuina oberta amb menjador i sala d&#8217;estar de gaireb\u00e9 70 m\u00b2, on l&#8217;amplitud i la llum s\u00f3n les protagonistes. Inclou un pr\u00e0ctic rebost amb acc\u00e9s des de la cuina.<\/p>\n<p>Suites : 4 dormitoris dobles, 5 banys i un lavabo de cortesia, distribu\u00efts per garantir la m\u00e0xima privacitat.<\/p>\n<p>El Soterrani: 270 m\u00b2 de Pura Imaginaci\u00f3 Un dels grans valors afegits \u00e9s la seva imponent planta soterr\u00e0nia de 270 m\u00b2. Aquest espai inclou sales t\u00e8cniques, bugaderia i bany, per\u00f2 tamb\u00e9 \u00e9s un lloc per a la seva imaginaci\u00f3: ideal per a un gimn\u00e0s, celler, sala de ioga, etc.<br \/>Fitxa T\u00e8cnica Destacada:<\/p>\n<p>Terreny : +63.000 m\u00b2 de privadesa total.<\/p>\n<p>Superf\u00edcie Total : 311 m\u00b2 d&#8217;habitatge (planta \u00fanica) + 270 m\u00b2 de soterrani polivalent.<\/p>\n<p>Espais Oberts : Sal\u00f3-menjador i cuina de 70 m\u00b2 amb rebost comunicat.<\/p>\n<p>Exteriors : Diversos porxos, terrasses, piscina i pista de tennis privada.<\/p>\n<p>Capacitat : 4 dormitoris dobles, 5 banys + 1 lavabo de cortesia.<\/p>\n<p>P\u00e0rquing : Aparcament cobert per a 4 vehicles.<\/p>\n<p><\/p>\n","protected":false},"excerpt":{"rendered":"<p>El Refugi Mestre: Projecte de Luxe a Santany\u00ed, entre el Camp i el Mar Descobreixi l&#8217;ess\u00e8ncia de la vida mediterr\u00e0nia en aquesta finca excepcional de m\u00e9s de 63.000 m\u00b2. Ubicada dins el municipi de Ses Salines, aquesta propietat \u00e9s un santuari de pau que combina l&#8217;arquitectura d&#8217;avantguarda amb l&#8217;ess\u00e8ncia del camp mallorqu\u00ed, a tan sols [&hellip;]<\/p>\n","protected":false},"author":1,"featured_media":194783,"parent":0,"menu_order":0,"template":"","property_type":[],"property_status":[2096,2103],"property_feature":[1779,1801,1767,1806,1774,1810,1777,1812],"property_label":[],"property_country":[],"property_state":[],"property_city":[635],"property_area":[2962],"class_list":["post-194788","property","type-property","status-publish","has-post-thumbnail","hentry","property_status-venta","property_status-venta-ca","property_feature-arboles","property_feature-arboles-ca","property_feature-jardin","property_feature-jardin-ca","property_feature-parking","property_feature-parking-ca","property_feature-rural","property_feature-rural-ca","property_city-santanyi","property_area-ses-salines-santanyi"],"acf":[],"property_meta":{"_apg_property_user_edited":["1"],"fave_property_id":["DRAC-RU1193GE"],"fave_property_location":["39.374999544497,3.0956090579242,15"],"houzez_geolocation_lat":["39.374999544497"],"houzez_geolocation_long":["3.0956090579242"],"fave_property_price":["865000"],"fave_property_rent_or_sale":["sale"],"fave_property_year":[null],"fave_property_size_prefix":["m2"],"fave_property_land_postfix":["m2"],"fave_property_land":["63000"],"fave_property_size":["63000"],"fave_property_bedrooms":["4"],"fave_property_bathrooms":["6"],"fave_property_garage":["2"],"fave_property_map_address":["ses salines, 07650 Santany\u00ed"],"fave_property_address":[" , Santany\u00ed 07650"],"fave_property_zip":["07650"],"fave_property_postal_code":["07650"],"fave_property_map":["1"],"apg_is_using_remote_image_url":["1"],"apg_using_remote_image_urls":["[{\"multimedia_type\":\"Picture\",\"picture_url\":\"https:\/\/fotos15.inmovilla.com\/12732\/24621028\/17-1.jpg\",\"position\":1,\"picture_id\":1,\"media_id\":144448,\"post_id\":194782,\"id\":1,\"attachment_id\":0,\"url\":\"https:\/\/fotos15.inmovilla.com\/12732\/24621028\/17-1.jpg\",\"basename\":\"17-1.jpg\",\"created_date\":\"2026-04-30 15:05:11\",\"is_downloaded\":0,\"is_using_remote\":0},{\"multimedia_type\":\"Picture\",\"picture_url\":\"https:\/\/fotos15.inmovilla.com\/12732\/24621028\/17-2.jpg\",\"position\":2,\"picture_id\":2,\"media_id\":144449,\"post_id\":194782,\"id\":2,\"attachment_id\":0,\"url\":\"https:\/\/fotos15.inmovilla.com\/12732\/24621028\/17-2.jpg\",\"basename\":\"17-2.jpg\",\"created_date\":\"2026-04-30 15:05:11\",\"is_downloaded\":0,\"is_using_remote\":1},{\"multimedia_type\":\"Picture\",\"picture_url\":\"https:\/\/fotos15.inmovilla.com\/12732\/24621028\/17-3.jpg\",\"position\":3,\"picture_id\":3,\"media_id\":144450,\"post_id\":194782,\"id\":3,\"attachment_id\":0,\"url\":\"https:\/\/fotos15.inmovilla.com\/12732\/24621028\/17-3.jpg\",\"basename\":\"17-3.jpg\",\"created_date\":\"2026-04-30 15:05:11\",\"is_downloaded\":0,\"is_using_remote\":1},{\"multimedia_type\":\"Picture\",\"picture_url\":\"https:\/\/fotos15.inmovilla.com\/12732\/24621028\/17-4.jpg\",\"position\":4,\"picture_id\":4,\"media_id\":144451,\"post_id\":194782,\"id\":4,\"attachment_id\":0,\"url\":\"https:\/\/fotos15.inmovilla.com\/12732\/24621028\/17-4.jpg\",\"basename\":\"17-4.jpg\",\"created_date\":\"2026-04-30 15:05:11\",\"is_downloaded\":0,\"is_using_remote\":1},{\"multimedia_type\":\"Picture\",\"picture_url\":\"https:\/\/fotos15.inmovilla.com\/12732\/24621028\/17-5.jpg\",\"position\":5,\"picture_id\":5,\"media_id\":144452,\"post_id\":194782,\"id\":5,\"attachment_id\":0,\"url\":\"https:\/\/fotos15.inmovilla.com\/12732\/24621028\/17-5.jpg\",\"basename\":\"17-5.jpg\",\"created_date\":\"2026-04-30 15:05:11\",\"is_downloaded\":0,\"is_using_remote\":1},{\"multimedia_type\":\"Picture\",\"picture_url\":\"https:\/\/fotos15.inmovilla.com\/12732\/24621028\/17-6.jpg\",\"position\":6,\"picture_id\":6,\"media_id\":144453,\"post_id\":194782,\"id\":6,\"attachment_id\":0,\"url\":\"https:\/\/fotos15.inmovilla.com\/12732\/24621028\/17-6.jpg\",\"basename\":\"17-6.jpg\",\"created_date\":\"2026-04-30 15:05:11\",\"is_downloaded\":0,\"is_using_remote\":1},{\"multimedia_type\":\"Picture\",\"picture_url\":\"https:\/\/fotos15.inmovilla.com\/12732\/24621028\/17-7.jpg\",\"position\":7,\"picture_id\":7,\"media_id\":144454,\"post_id\":194782,\"id\":7,\"attachment_id\":0,\"url\":\"https:\/\/fotos15.inmovilla.com\/12732\/24621028\/17-7.jpg\",\"basename\":\"17-7.jpg\",\"created_date\":\"2026-04-30 15:05:11\",\"is_downloaded\":0,\"is_using_remote\":1},{\"multimedia_type\":\"Picture\",\"picture_url\":\"https:\/\/fotos15.inmovilla.com\/12732\/24621028\/17-8.jpg\",\"position\":8,\"picture_id\":8,\"media_id\":144455,\"post_id\":194782,\"id\":8,\"attachment_id\":0,\"url\":\"https:\/\/fotos15.inmovilla.com\/12732\/24621028\/17-8.jpg\",\"basename\":\"17-8.jpg\",\"created_date\":\"2026-04-30 15:05:11\",\"is_downloaded\":0,\"is_using_remote\":1},{\"multimedia_type\":\"Picture\",\"picture_url\":\"https:\/\/fotos15.inmovilla.com\/12732\/24621028\/17-9.jpg\",\"position\":9,\"picture_id\":9,\"media_id\":144456,\"post_id\":194782,\"id\":9,\"attachment_id\":0,\"url\":\"https:\/\/fotos15.inmovilla.com\/12732\/24621028\/17-9.jpg\",\"basename\":\"17-9.jpg\",\"created_date\":\"2026-04-30 15:05:11\",\"is_downloaded\":0,\"is_using_remote\":1},{\"multimedia_type\":\"Picture\",\"picture_url\":\"https:\/\/fotos15.inmovilla.com\/12732\/24621028\/17-10.jpg\",\"position\":10,\"picture_id\":10,\"media_id\":144457,\"post_id\":194782,\"id\":10,\"attachment_id\":0,\"url\":\"https:\/\/fotos15.inmovilla.com\/12732\/24621028\/17-10.jpg\",\"basename\":\"17-10.jpg\",\"created_date\":\"2026-04-30 15:05:11\",\"is_downloaded\":0,\"is_using_remote\":1},{\"multimedia_type\":\"Picture\",\"picture_url\":\"https:\/\/fotos15.inmovilla.com\/12732\/24621028\/17-11.jpg\",\"position\":11,\"picture_id\":11,\"media_id\":144458,\"post_id\":194782,\"id\":11,\"attachment_id\":0,\"url\":\"https:\/\/fotos15.inmovilla.com\/12732\/24621028\/17-11.jpg\",\"basename\":\"17-11.jpg\",\"created_date\":\"2026-04-30 15:05:11\",\"is_downloaded\":0,\"is_using_remote\":1},{\"multimedia_type\":\"Picture\",\"picture_url\":\"https:\/\/fotos15.inmovilla.com\/12732\/24621028\/17-12.jpg\",\"position\":12,\"picture_id\":12,\"media_id\":144459,\"post_id\":194782,\"id\":12,\"attachment_id\":0,\"url\":\"https:\/\/fotos15.inmovilla.com\/12732\/24621028\/17-12.jpg\",\"basename\":\"17-12.jpg\",\"created_date\":\"2026-04-30 15:05:11\",\"is_downloaded\":0,\"is_using_remote\":1},{\"multimedia_type\":\"Picture\",\"picture_url\":\"https:\/\/fotos15.inmovilla.com\/12732\/24621028\/17-13.jpg\",\"position\":13,\"picture_id\":13,\"media_id\":144460,\"post_id\":194782,\"id\":13,\"attachment_id\":0,\"url\":\"https:\/\/fotos15.inmovilla.com\/12732\/24621028\/17-13.jpg\",\"basename\":\"17-13.jpg\",\"created_date\":\"2026-04-30 15:05:11\",\"is_downloaded\":0,\"is_using_remote\":1}]"],"_thumbnail_id":["194783"],"fave_property_images":["194783"],"apg_property_id":["24621028"],"_wpml_word_count":["310"],"_eael_post_view_count":["4"],"houzez_total_property_views":["4"],"houzez_views_by_date":["a:2:{s:10:\"04-30-2026\";i:3;s:10:\"05-01-2026\";i:1;}"],"houzez_recently_viewed":["2026-05-01 15:20:33"],"_elementor_page_assets":["a:0:{}"]},"yoast_head":"<!-- This site is optimized with the Yoast SEO plugin v27.5 - https:\/\/yoast.com\/product\/yoast-seo-wordpress\/ -->\n<title>El Refugi Mestre: Projecte de Luxe a Santany\u00ed, entre el Camp i el Mar - RE\/MAX Drac<\/title>\n<meta name=\"robots\" content=\"index, follow, max-snippet:-1, max-image-preview:large, max-video-preview:-1\" \/>\n<link rel=\"canonical\" href=\"https:\/\/www.santanyi.net\/ca\/property\/el-refugi-mestre-projecte-de-luxe-a-santanyi-entre-el-camp-i-el-mar\/\" \/>\n<meta property=\"og:locale\" content=\"ca_ES\" \/>\n<meta property=\"og:type\" content=\"article\" \/>\n<meta property=\"og:title\" content=\"El Refugi Mestre: Projecte de Luxe a Santany\u00ed, entre el Camp i el Mar - RE\/MAX Drac\" \/>\n<meta property=\"og:description\" content=\"El Refugi Mestre: Projecte de Luxe a Santany\u00ed, entre el Camp i el Mar Descobreixi l&#8217;ess\u00e8ncia de la vida mediterr\u00e0nia en aquesta finca excepcional de m\u00e9s de 63.000 m\u00b2. Ubicada dins el municipi de Ses Salines, aquesta propietat \u00e9s un santuari de pau que combina l&#8217;arquitectura d&#8217;avantguarda amb l&#8217;ess\u00e8ncia del camp mallorqu\u00ed, a tan sols [&hellip;]\" \/>\n<meta property=\"og:url\" content=\"https:\/\/www.santanyi.net\/ca\/property\/el-refugi-mestre-projecte-de-luxe-a-santanyi-entre-el-camp-i-el-mar\/\" \/>\n<meta property=\"og:site_name\" content=\"RE\/MAX Drac\" \/>\n<meta property=\"article:modified_time\" content=\"2026-05-01T06:05:20+00:00\" \/>\n<meta property=\"og:image\" content=\"https:\/\/www.santanyi.net\/wp-content\/uploads\/anaconda_property_media\/24621028-194782\/17-1.jpg\" \/>\n\t<meta property=\"og:image:width\" content=\"1149\" \/>\n\t<meta property=\"og:image:height\" content=\"766\" \/>\n\t<meta property=\"og:image:type\" content=\"image\/jpeg\" \/>\n<meta name=\"twitter:card\" content=\"summary_large_image\" \/>\n<meta name=\"twitter:label1\" content=\"Temps estimat de lectura\" \/>\n\t<meta name=\"twitter:data1\" content=\"1 minut\" \/>\n<script type=\"application\/ld+json\" class=\"yoast-schema-graph\">{\"@context\":\"https:\\\/\\\/schema.org\",\"@graph\":[{\"@type\":\"WebPage\",\"@id\":\"https:\\\/\\\/www.santanyi.net\\\/ca\\\/property\\\/el-refugi-mestre-projecte-de-luxe-a-santanyi-entre-el-camp-i-el-mar\\\/\",\"url\":\"https:\\\/\\\/www.santanyi.net\\\/ca\\\/property\\\/el-refugi-mestre-projecte-de-luxe-a-santanyi-entre-el-camp-i-el-mar\\\/\",\"name\":\"El Refugi Mestre: Projecte de Luxe a Santany\u00ed, entre el Camp i el Mar - RE\\\/MAX Drac\",\"isPartOf\":{\"@id\":\"https:\\\/\\\/www.santanyi.net\\\/ca\\\/#website\"},\"primaryImageOfPage\":{\"@id\":\"https:\\\/\\\/www.santanyi.net\\\/ca\\\/property\\\/el-refugi-mestre-projecte-de-luxe-a-santanyi-entre-el-camp-i-el-mar\\\/#primaryimage\"},\"image\":{\"@id\":\"https:\\\/\\\/www.santanyi.net\\\/ca\\\/property\\\/el-refugi-mestre-projecte-de-luxe-a-santanyi-entre-el-camp-i-el-mar\\\/#primaryimage\"},\"thumbnailUrl\":\"https:\\\/\\\/www.santanyi.net\\\/wp-content\\\/uploads\\\/anaconda_property_media\\\/24621028-194782\\\/17-1.jpg\",\"datePublished\":\"2026-04-30T15:05:10+00:00\",\"dateModified\":\"2026-05-01T06:05:20+00:00\",\"breadcrumb\":{\"@id\":\"https:\\\/\\\/www.santanyi.net\\\/ca\\\/property\\\/el-refugi-mestre-projecte-de-luxe-a-santanyi-entre-el-camp-i-el-mar\\\/#breadcrumb\"},\"inLanguage\":\"ca\",\"potentialAction\":[{\"@type\":\"ReadAction\",\"target\":[\"https:\\\/\\\/www.santanyi.net\\\/ca\\\/property\\\/el-refugi-mestre-projecte-de-luxe-a-santanyi-entre-el-camp-i-el-mar\\\/\"]}]},{\"@type\":\"ImageObject\",\"inLanguage\":\"ca\",\"@id\":\"https:\\\/\\\/www.santanyi.net\\\/ca\\\/property\\\/el-refugi-mestre-projecte-de-luxe-a-santanyi-entre-el-camp-i-el-mar\\\/#primaryimage\",\"url\":\"https:\\\/\\\/www.santanyi.net\\\/wp-content\\\/uploads\\\/anaconda_property_media\\\/24621028-194782\\\/17-1.jpg\",\"contentUrl\":\"https:\\\/\\\/www.santanyi.net\\\/wp-content\\\/uploads\\\/anaconda_property_media\\\/24621028-194782\\\/17-1.jpg\",\"width\":1149,\"height\":766},{\"@type\":\"BreadcrumbList\",\"@id\":\"https:\\\/\\\/www.santanyi.net\\\/ca\\\/property\\\/el-refugi-mestre-projecte-de-luxe-a-santanyi-entre-el-camp-i-el-mar\\\/#breadcrumb\",\"itemListElement\":[{\"@type\":\"ListItem\",\"position\":1,\"name\":\"Home\",\"item\":\"https:\\\/\\\/www.santanyi.net\\\/ca\\\/\"},{\"@type\":\"ListItem\",\"position\":2,\"name\":\"Properties\",\"item\":\"https:\\\/\\\/www.santanyi.net\\\/ca\\\/property\\\/\"},{\"@type\":\"ListItem\",\"position\":3,\"name\":\"El Refugi Mestre: Projecte de Luxe a Santany\u00ed, entre el Camp i el Mar\"}]},{\"@type\":\"WebSite\",\"@id\":\"https:\\\/\\\/www.santanyi.net\\\/ca\\\/#website\",\"url\":\"https:\\\/\\\/www.santanyi.net\\\/ca\\\/\",\"name\":\"RE\\\/MAX Drac\",\"description\":\"\",\"publisher\":{\"@id\":\"https:\\\/\\\/www.santanyi.net\\\/ca\\\/#organization\"},\"potentialAction\":[{\"@type\":\"SearchAction\",\"target\":{\"@type\":\"EntryPoint\",\"urlTemplate\":\"https:\\\/\\\/www.santanyi.net\\\/ca\\\/?s={search_term_string}\"},\"query-input\":{\"@type\":\"PropertyValueSpecification\",\"valueRequired\":true,\"valueName\":\"search_term_string\"}}],\"inLanguage\":\"ca\"},{\"@type\":\"Organization\",\"@id\":\"https:\\\/\\\/www.santanyi.net\\\/ca\\\/#organization\",\"name\":\"RE\\\/MAX Drac\",\"url\":\"https:\\\/\\\/www.santanyi.net\\\/ca\\\/\",\"logo\":{\"@type\":\"ImageObject\",\"inLanguage\":\"ca\",\"@id\":\"https:\\\/\\\/www.santanyi.net\\\/ca\\\/#\\\/schema\\\/logo\\\/image\\\/\",\"url\":\"https:\\\/\\\/www.santanyi.net\\\/wp-content\\\/uploads\\\/2025\\\/07\\\/logo-nuevo.png\",\"contentUrl\":\"https:\\\/\\\/www.santanyi.net\\\/wp-content\\\/uploads\\\/2025\\\/07\\\/logo-nuevo.png\",\"width\":295,\"height\":165,\"caption\":\"RE\\\/MAX Drac\"},\"image\":{\"@id\":\"https:\\\/\\\/www.santanyi.net\\\/ca\\\/#\\\/schema\\\/logo\\\/image\\\/\"}}]}<\/script>\n<!-- \/ Yoast SEO plugin. -->","yoast_head_json":{"title":"El Refugi Mestre: Projecte de Luxe a Santany\u00ed, entre el Camp i el Mar - RE\/MAX Drac","robots":{"index":"index","follow":"follow","max-snippet":"max-snippet:-1","max-image-preview":"max-image-preview:large","max-video-preview":"max-video-preview:-1"},"canonical":"https:\/\/www.santanyi.net\/ca\/property\/el-refugi-mestre-projecte-de-luxe-a-santanyi-entre-el-camp-i-el-mar\/","og_locale":"ca_ES","og_type":"article","og_title":"El Refugi Mestre: Projecte de Luxe a Santany\u00ed, entre el Camp i el Mar - RE\/MAX Drac","og_description":"El Refugi Mestre: Projecte de Luxe a Santany\u00ed, entre el Camp i el Mar Descobreixi l&#8217;ess\u00e8ncia de la vida mediterr\u00e0nia en aquesta finca excepcional de m\u00e9s de 63.000 m\u00b2. Ubicada dins el municipi de Ses Salines, aquesta propietat \u00e9s un santuari de pau que combina l&#8217;arquitectura d&#8217;avantguarda amb l&#8217;ess\u00e8ncia del camp mallorqu\u00ed, a tan sols [&hellip;]","og_url":"https:\/\/www.santanyi.net\/ca\/property\/el-refugi-mestre-projecte-de-luxe-a-santanyi-entre-el-camp-i-el-mar\/","og_site_name":"RE\/MAX Drac","article_modified_time":"2026-05-01T06:05:20+00:00","og_image":[{"width":1149,"height":766,"url":"https:\/\/www.santanyi.net\/wp-content\/uploads\/anaconda_property_media\/24621028-194782\/17-1.jpg","type":"image\/jpeg"}],"twitter_card":"summary_large_image","twitter_misc":{"Temps estimat de lectura":"1 minut"},"schema":{"@context":"https:\/\/schema.org","@graph":[{"@type":"WebPage","@id":"https:\/\/www.santanyi.net\/ca\/property\/el-refugi-mestre-projecte-de-luxe-a-santanyi-entre-el-camp-i-el-mar\/","url":"https:\/\/www.santanyi.net\/ca\/property\/el-refugi-mestre-projecte-de-luxe-a-santanyi-entre-el-camp-i-el-mar\/","name":"El Refugi Mestre: Projecte de Luxe a Santany\u00ed, entre el Camp i el Mar - RE\/MAX Drac","isPartOf":{"@id":"https:\/\/www.santanyi.net\/ca\/#website"},"primaryImageOfPage":{"@id":"https:\/\/www.santanyi.net\/ca\/property\/el-refugi-mestre-projecte-de-luxe-a-santanyi-entre-el-camp-i-el-mar\/#primaryimage"},"image":{"@id":"https:\/\/www.santanyi.net\/ca\/property\/el-refugi-mestre-projecte-de-luxe-a-santanyi-entre-el-camp-i-el-mar\/#primaryimage"},"thumbnailUrl":"https:\/\/www.santanyi.net\/wp-content\/uploads\/anaconda_property_media\/24621028-194782\/17-1.jpg","datePublished":"2026-04-30T15:05:10+00:00","dateModified":"2026-05-01T06:05:20+00:00","breadcrumb":{"@id":"https:\/\/www.santanyi.net\/ca\/property\/el-refugi-mestre-projecte-de-luxe-a-santanyi-entre-el-camp-i-el-mar\/#breadcrumb"},"inLanguage":"ca","potentialAction":[{"@type":"ReadAction","target":["https:\/\/www.santanyi.net\/ca\/property\/el-refugi-mestre-projecte-de-luxe-a-santanyi-entre-el-camp-i-el-mar\/"]}]},{"@type":"ImageObject","inLanguage":"ca","@id":"https:\/\/www.santanyi.net\/ca\/property\/el-refugi-mestre-projecte-de-luxe-a-santanyi-entre-el-camp-i-el-mar\/#primaryimage","url":"https:\/\/www.santanyi.net\/wp-content\/uploads\/anaconda_property_media\/24621028-194782\/17-1.jpg","contentUrl":"https:\/\/www.santanyi.net\/wp-content\/uploads\/anaconda_property_media\/24621028-194782\/17-1.jpg","width":1149,"height":766},{"@type":"BreadcrumbList","@id":"https:\/\/www.santanyi.net\/ca\/property\/el-refugi-mestre-projecte-de-luxe-a-santanyi-entre-el-camp-i-el-mar\/#breadcrumb","itemListElement":[{"@type":"ListItem","position":1,"name":"Home","item":"https:\/\/www.santanyi.net\/ca\/"},{"@type":"ListItem","position":2,"name":"Properties","item":"https:\/\/www.santanyi.net\/ca\/property\/"},{"@type":"ListItem","position":3,"name":"El Refugi Mestre: Projecte de Luxe a Santany\u00ed, entre el Camp i el Mar"}]},{"@type":"WebSite","@id":"https:\/\/www.santanyi.net\/ca\/#website","url":"https:\/\/www.santanyi.net\/ca\/","name":"RE\/MAX Drac","description":"","publisher":{"@id":"https:\/\/www.santanyi.net\/ca\/#organization"},"potentialAction":[{"@type":"SearchAction","target":{"@type":"EntryPoint","urlTemplate":"https:\/\/www.santanyi.net\/ca\/?s={search_term_string}"},"query-input":{"@type":"PropertyValueSpecification","valueRequired":true,"valueName":"search_term_string"}}],"inLanguage":"ca"},{"@type":"Organization","@id":"https:\/\/www.santanyi.net\/ca\/#organization","name":"RE\/MAX Drac","url":"https:\/\/www.santanyi.net\/ca\/","logo":{"@type":"ImageObject","inLanguage":"ca","@id":"https:\/\/www.santanyi.net\/ca\/#\/schema\/logo\/image\/","url":"https:\/\/www.santanyi.net\/wp-content\/uploads\/2025\/07\/logo-nuevo.png","contentUrl":"https:\/\/www.santanyi.net\/wp-content\/uploads\/2025\/07\/logo-nuevo.png","width":295,"height":165,"caption":"RE\/MAX Drac"},"image":{"@id":"https:\/\/www.santanyi.net\/ca\/#\/schema\/logo\/image\/"}}]}},"_links":{"self":[{"href":"https:\/\/www.santanyi.net\/ca\/wp-json\/wp\/v2\/properties\/194788","targetHints":{"allow":["GET"]}}],"collection":[{"href":"https:\/\/www.santanyi.net\/ca\/wp-json\/wp\/v2\/properties"}],"about":[{"href":"https:\/\/www.santanyi.net\/ca\/wp-json\/wp\/v2\/types\/property"}],"author":[{"embeddable":true,"href":"https:\/\/www.santanyi.net\/ca\/wp-json\/wp\/v2\/users\/1"}],"version-history":[{"count":2,"href":"https:\/\/www.santanyi.net\/ca\/wp-json\/wp\/v2\/properties\/194788\/revisions"}],"predecessor-version":[{"id":195930,"href":"https:\/\/www.santanyi.net\/ca\/wp-json\/wp\/v2\/properties\/194788\/revisions\/195930"}],"wp:featuredmedia":[{"embeddable":true,"href":"https:\/\/www.santanyi.net\/ca\/wp-json\/wp\/v2\/media\/194783"}],"wp:attachment":[{"href":"https:\/\/www.santanyi.net\/ca\/wp-json\/wp\/v2\/media?parent=194788"}],"wp:term":[{"taxonomy":"property_type","embeddable":true,"href":"https:\/\/www.santanyi.net\/ca\/wp-json\/wp\/v2\/property_type?post=194788"},{"taxonomy":"property_status","embeddable":true,"href":"https:\/\/www.santanyi.net\/ca\/wp-json\/wp\/v2\/property_status?post=194788"},{"taxonomy":"property_feature","embeddable":true,"href":"https:\/\/www.santanyi.net\/ca\/wp-json\/wp\/v2\/property_feature?post=194788"},{"taxonomy":"property_label","embeddable":true,"href":"https:\/\/www.santanyi.net\/ca\/wp-json\/wp\/v2\/property_label?post=194788"},{"taxonomy":"property_country","embeddable":true,"href":"https:\/\/www.santanyi.net\/ca\/wp-json\/wp\/v2\/property_country?post=194788"},{"taxonomy":"property_state","embeddable":true,"href":"https:\/\/www.santanyi.net\/ca\/wp-json\/wp\/v2\/property_state?post=194788"},{"taxonomy":"property_city","embeddable":true,"href":"https:\/\/www.santanyi.net\/ca\/wp-json\/wp\/v2\/property_city?post=194788"},{"taxonomy":"property_area","embeddable":true,"href":"https:\/\/www.santanyi.net\/ca\/wp-json\/wp\/v2\/property_area?post=194788"}],"curies":[{"name":"wp","href":"https:\/\/api.w.org\/{rel}","templated":true}]}}