
{"id":194764,"date":"2026-04-30T15:04:58","date_gmt":"2026-04-30T15:04:58","guid":{"rendered":"https:\/\/www.santanyi.net\/property\/obra-mestra-doriginalitat-a-cala-santanyi\/"},"modified":"2026-05-01T06:05:14","modified_gmt":"2026-05-01T06:05:14","slug":"obra-mestra-doriginalitat-a-cala-santanyi-4","status":"publish","type":"property","link":"https:\/\/www.santanyi.net\/ca\/property\/obra-mestra-doriginalitat-a-cala-santanyi-4\/","title":{"rendered":"Obra mestra d&#8217;originalitat a Cala Santany\u00ed"},"content":{"rendered":"<p>Descobriu el vostre Santuari Mediterrani, a pocs metres de les aig\u00fces cristal\u00b7lines de Cala Santany\u00ed i a nom\u00e9s 10 minuts a peu de l&#8217;encantador centre de Santany\u00ed, Mallorca. Aquest projecte residencial id\u00edl\u00b7lic, situat en una generosa parcel\u00b7la de 525 m\u00b2, ofereix una combinaci\u00f3 \u00fanica de tranquil\u00b7litat i disseny sofisticat.<\/p>\n<p>Aquesta excepcional vivenda compta amb un impressionant terrat, un vers\u00e0til soterrani, un acollidor porxo i una assolellada terrassa amb piscina privada. Tot aix\u00f2 emmarcat en un preci\u00f3s jard\u00ed mediterrani, creant el vostre propi parad\u00eds de pau.<\/p>\n<p>L&#8217;arquitectura \u00e9s una veritable obra mestra d&#8217;originalitat i frescor, caracteritzada per l\u00ednies sinuoses que fusionen a la perfecci\u00f3 l&#8217;encant tradicional mallorqu\u00ed amb l&#8217;eleg\u00e0ncia minimalista. Hem incorporat acuradament materials naturals i aut\u00e8ntics com la fusta de roure natural, paviments continus, pedra local i morter de cal\u00e7. La combinaci\u00f3 harmoniosa de materials a terres i parets evoca una profunda sensaci\u00f3 de calma i serenitat a tota la casa.<\/p>\n<p>Cada detall ha estat considerat, amb tot el mobiliari i la il\u00b7luminaci\u00f3 inclosos tal com es mostra a les imatges fotorealistes. A m\u00e9s, teniu la flexibilitat de personalitzar aquestes seleccions al vostre gust, assegurant-vos que la vostra nova llar reflecteixi perfectament el vostre estil personal.<\/p>\n<p>Uniu-vos a nosaltres en aquest m\u00e0gic viatge per a completar la vostra llar perfecta, aqu\u00ed a Mallorca.<\/p>\n","protected":false},"excerpt":{"rendered":"<p>Descobriu el vostre Santuari Mediterrani, a pocs metres de les aig\u00fces cristal\u00b7lines de Cala Santany\u00ed i a nom\u00e9s 10 minuts a peu de l&#8217;encantador centre de Santany\u00ed, Mallorca. Aquest projecte residencial id\u00edl\u00b7lic, situat en una generosa parcel\u00b7la de 525 m\u00b2, ofereix una combinaci\u00f3 \u00fanica de tranquil\u00b7litat i disseny sofisticat. Aquesta excepcional vivenda compta amb un [&hellip;]<\/p>\n","protected":false},"author":1,"featured_media":194759,"parent":0,"menu_order":0,"template":"","property_type":[2131],"property_status":[2103,2096],"property_feature":[1911,1927,1867,1803,1806,1810,1811,1933,1915,1897],"property_label":[],"property_country":[],"property_state":[],"property_city":[635],"property_area":[641],"class_list":["post-194764","property","type-property","status-publish","has-post-thumbnail","hentry","property_type-casa-ca","property_status-venta-ca","property_status-venta","property_feature-airecentral","property_feature-airecentral-ca","property_feature-arma_empo-ca","property_feature-calefaccion-ca","property_feature-jardin-ca","property_feature-parking-ca","property_feature-piscina_prop-ca","property_feature-sotano-ca","property_feature-sotano","property_feature-terraza-ca","property_city-santanyi","property_area-cala-santanyi"],"acf":[],"property_meta":{"_apg_property_user_edited":["1"],"fave_property_id":["DRAC-CV1550DB"],"fave_property_location":["39.333218911,3.14796625,15"],"houzez_geolocation_lat":["39.333218911"],"houzez_geolocation_long":["3.14796625"],"fave_property_price":["2690000"],"fave_property_rent_or_sale":["sale"],"fave_property_year":[null],"fave_property_size_prefix":["m2"],"fave_property_land_postfix":["m2"],"fave_property_size":["336"],"fave_property_land":["525"],"fave_property_bedrooms":["3"],"fave_property_bathrooms":["3"],"fave_property_garage":["2"],"fave_property_map_address":["Cala Santany\u00ed, 07659 Santany\u00ed"],"fave_property_address":[" , Santany\u00ed 07659"],"fave_property_zip":["07659"],"fave_property_postal_code":["07659"],"fave_property_map":["1"],"apg_is_using_remote_image_url":["1"],"apg_using_remote_image_urls":["[{\"multimedia_type\":\"Picture\",\"picture_url\":\"https:\/\/fotos15.inmovilla.com\/12732\/26227663\/6-1.jpg\",\"position\":1,\"picture_id\":1,\"media_id\":144409,\"post_id\":194758,\"id\":1,\"attachment_id\":0,\"url\":\"https:\/\/fotos15.inmovilla.com\/12732\/26227663\/6-1.jpg\",\"basename\":\"6-1.jpg\",\"created_date\":\"2026-04-30 15:04:58\",\"is_downloaded\":0,\"is_using_remote\":0},{\"multimedia_type\":\"Picture\",\"picture_url\":\"https:\/\/fotos15.inmovilla.com\/12732\/26227663\/6-2.jpg\",\"position\":2,\"picture_id\":2,\"media_id\":144410,\"post_id\":194758,\"id\":2,\"attachment_id\":0,\"url\":\"https:\/\/fotos15.inmovilla.com\/12732\/26227663\/6-2.jpg\",\"basename\":\"6-2.jpg\",\"created_date\":\"2026-04-30 15:04:58\",\"is_downloaded\":0,\"is_using_remote\":1},{\"multimedia_type\":\"Picture\",\"picture_url\":\"https:\/\/fotos15.inmovilla.com\/12732\/26227663\/6-3.jpg\",\"position\":3,\"picture_id\":3,\"media_id\":144411,\"post_id\":194758,\"id\":3,\"attachment_id\":0,\"url\":\"https:\/\/fotos15.inmovilla.com\/12732\/26227663\/6-3.jpg\",\"basename\":\"6-3.jpg\",\"created_date\":\"2026-04-30 15:04:58\",\"is_downloaded\":0,\"is_using_remote\":1},{\"multimedia_type\":\"Picture\",\"picture_url\":\"https:\/\/fotos15.inmovilla.com\/12732\/26227663\/6-4.jpg\",\"position\":4,\"picture_id\":4,\"media_id\":144412,\"post_id\":194758,\"id\":4,\"attachment_id\":0,\"url\":\"https:\/\/fotos15.inmovilla.com\/12732\/26227663\/6-4.jpg\",\"basename\":\"6-4.jpg\",\"created_date\":\"2026-04-30 15:04:58\",\"is_downloaded\":0,\"is_using_remote\":1},{\"multimedia_type\":\"Picture\",\"picture_url\":\"https:\/\/fotos15.inmovilla.com\/12732\/26227663\/6-5.jpg\",\"position\":5,\"picture_id\":5,\"media_id\":144413,\"post_id\":194758,\"id\":5,\"attachment_id\":0,\"url\":\"https:\/\/fotos15.inmovilla.com\/12732\/26227663\/6-5.jpg\",\"basename\":\"6-5.jpg\",\"created_date\":\"2026-04-30 15:04:58\",\"is_downloaded\":0,\"is_using_remote\":1},{\"multimedia_type\":\"Picture\",\"picture_url\":\"https:\/\/fotos15.inmovilla.com\/12732\/26227663\/6-6.jpg\",\"position\":6,\"picture_id\":6,\"media_id\":144414,\"post_id\":194758,\"id\":6,\"attachment_id\":0,\"url\":\"https:\/\/fotos15.inmovilla.com\/12732\/26227663\/6-6.jpg\",\"basename\":\"6-6.jpg\",\"created_date\":\"2026-04-30 15:04:58\",\"is_downloaded\":0,\"is_using_remote\":1},{\"multimedia_type\":\"Picture\",\"picture_url\":\"https:\/\/fotos15.inmovilla.com\/12732\/26227663\/6-7.jpg\",\"position\":7,\"picture_id\":7,\"media_id\":144415,\"post_id\":194758,\"id\":7,\"attachment_id\":0,\"url\":\"https:\/\/fotos15.inmovilla.com\/12732\/26227663\/6-7.jpg\",\"basename\":\"6-7.jpg\",\"created_date\":\"2026-04-30 15:04:58\",\"is_downloaded\":0,\"is_using_remote\":1},{\"multimedia_type\":\"Picture\",\"picture_url\":\"https:\/\/fotos15.inmovilla.com\/12732\/26227663\/6-8.jpg\",\"position\":8,\"picture_id\":8,\"media_id\":144416,\"post_id\":194758,\"id\":8,\"attachment_id\":0,\"url\":\"https:\/\/fotos15.inmovilla.com\/12732\/26227663\/6-8.jpg\",\"basename\":\"6-8.jpg\",\"created_date\":\"2026-04-30 15:04:58\",\"is_downloaded\":0,\"is_using_remote\":1}]"],"_thumbnail_id":["194759"],"fave_property_images":["194759"],"fave_featured":["1"],"apg_property_id":["26227663"],"_wpml_word_count":["255"],"_eael_post_view_count":["6"],"houzez_recently_viewed":["2026-05-01 14:58:03"],"houzez_total_property_views":["6"],"houzez_views_by_date":["a:2:{s:10:\"04-30-2026\";i:3;s:10:\"05-01-2026\";i:3;}"],"houzez_featured_listing_date":["2026-05-01 06:05:13"],"_elementor_page_assets":["a:0:{}"]},"yoast_head":"<!-- This site is optimized with the Yoast SEO plugin v27.5 - https:\/\/yoast.com\/product\/yoast-seo-wordpress\/ -->\n<title>Obra mestra d&#039;originalitat a Cala Santany\u00ed - RE\/MAX Drac<\/title>\n<meta name=\"robots\" content=\"index, follow, max-snippet:-1, max-image-preview:large, max-video-preview:-1\" \/>\n<link rel=\"canonical\" href=\"https:\/\/www.santanyi.net\/ca\/property\/obra-mestra-doriginalitat-a-cala-santanyi-4\/\" \/>\n<meta property=\"og:locale\" content=\"ca_ES\" \/>\n<meta property=\"og:type\" content=\"article\" \/>\n<meta property=\"og:title\" content=\"Obra mestra d&#039;originalitat a Cala Santany\u00ed - RE\/MAX Drac\" \/>\n<meta property=\"og:description\" content=\"Descobriu el vostre Santuari Mediterrani, a pocs metres de les aig\u00fces cristal\u00b7lines de Cala Santany\u00ed i a nom\u00e9s 10 minuts a peu de l&#8217;encantador centre de Santany\u00ed, Mallorca. Aquest projecte residencial id\u00edl\u00b7lic, situat en una generosa parcel\u00b7la de 525 m\u00b2, ofereix una combinaci\u00f3 \u00fanica de tranquil\u00b7litat i disseny sofisticat. Aquesta excepcional vivenda compta amb un [&hellip;]\" \/>\n<meta property=\"og:url\" content=\"https:\/\/www.santanyi.net\/ca\/property\/obra-mestra-doriginalitat-a-cala-santanyi-4\/\" \/>\n<meta property=\"og:site_name\" content=\"RE\/MAX Drac\" \/>\n<meta property=\"article:modified_time\" content=\"2026-05-01T06:05:14+00:00\" \/>\n<meta property=\"og:image\" content=\"https:\/\/www.santanyi.net\/wp-content\/uploads\/anaconda_property_media\/26227663-194758\/6-1.jpg\" \/>\n\t<meta property=\"og:image:width\" content=\"1920\" \/>\n\t<meta property=\"og:image:height\" content=\"1370\" \/>\n\t<meta property=\"og:image:type\" content=\"image\/jpeg\" \/>\n<meta name=\"twitter:card\" content=\"summary_large_image\" \/>\n<meta name=\"twitter:label1\" content=\"Temps estimat de lectura\" \/>\n\t<meta name=\"twitter:data1\" content=\"1 minut\" \/>\n<script type=\"application\/ld+json\" class=\"yoast-schema-graph\">{\"@context\":\"https:\\\/\\\/schema.org\",\"@graph\":[{\"@type\":\"WebPage\",\"@id\":\"https:\\\/\\\/www.santanyi.net\\\/ca\\\/property\\\/obra-mestra-doriginalitat-a-cala-santanyi-4\\\/\",\"url\":\"https:\\\/\\\/www.santanyi.net\\\/ca\\\/property\\\/obra-mestra-doriginalitat-a-cala-santanyi-4\\\/\",\"name\":\"Obra mestra d'originalitat a Cala Santany\u00ed - RE\\\/MAX Drac\",\"isPartOf\":{\"@id\":\"https:\\\/\\\/www.santanyi.net\\\/ca\\\/#website\"},\"primaryImageOfPage\":{\"@id\":\"https:\\\/\\\/www.santanyi.net\\\/ca\\\/property\\\/obra-mestra-doriginalitat-a-cala-santanyi-4\\\/#primaryimage\"},\"image\":{\"@id\":\"https:\\\/\\\/www.santanyi.net\\\/ca\\\/property\\\/obra-mestra-doriginalitat-a-cala-santanyi-4\\\/#primaryimage\"},\"thumbnailUrl\":\"https:\\\/\\\/www.santanyi.net\\\/wp-content\\\/uploads\\\/anaconda_property_media\\\/26227663-194758\\\/6-1.jpg\",\"datePublished\":\"2026-04-30T15:04:58+00:00\",\"dateModified\":\"2026-05-01T06:05:14+00:00\",\"breadcrumb\":{\"@id\":\"https:\\\/\\\/www.santanyi.net\\\/ca\\\/property\\\/obra-mestra-doriginalitat-a-cala-santanyi-4\\\/#breadcrumb\"},\"inLanguage\":\"ca\",\"potentialAction\":[{\"@type\":\"ReadAction\",\"target\":[\"https:\\\/\\\/www.santanyi.net\\\/ca\\\/property\\\/obra-mestra-doriginalitat-a-cala-santanyi-4\\\/\"]}]},{\"@type\":\"ImageObject\",\"inLanguage\":\"ca\",\"@id\":\"https:\\\/\\\/www.santanyi.net\\\/ca\\\/property\\\/obra-mestra-doriginalitat-a-cala-santanyi-4\\\/#primaryimage\",\"url\":\"https:\\\/\\\/www.santanyi.net\\\/wp-content\\\/uploads\\\/anaconda_property_media\\\/26227663-194758\\\/6-1.jpg\",\"contentUrl\":\"https:\\\/\\\/www.santanyi.net\\\/wp-content\\\/uploads\\\/anaconda_property_media\\\/26227663-194758\\\/6-1.jpg\",\"width\":1920,\"height\":1370},{\"@type\":\"BreadcrumbList\",\"@id\":\"https:\\\/\\\/www.santanyi.net\\\/ca\\\/property\\\/obra-mestra-doriginalitat-a-cala-santanyi-4\\\/#breadcrumb\",\"itemListElement\":[{\"@type\":\"ListItem\",\"position\":1,\"name\":\"Home\",\"item\":\"https:\\\/\\\/www.santanyi.net\\\/ca\\\/\"},{\"@type\":\"ListItem\",\"position\":2,\"name\":\"Properties\",\"item\":\"https:\\\/\\\/www.santanyi.net\\\/ca\\\/property\\\/\"},{\"@type\":\"ListItem\",\"position\":3,\"name\":\"Obra mestra d&#8217;originalitat a Cala Santany\u00ed\"}]},{\"@type\":\"WebSite\",\"@id\":\"https:\\\/\\\/www.santanyi.net\\\/ca\\\/#website\",\"url\":\"https:\\\/\\\/www.santanyi.net\\\/ca\\\/\",\"name\":\"RE\\\/MAX Drac\",\"description\":\"\",\"publisher\":{\"@id\":\"https:\\\/\\\/www.santanyi.net\\\/ca\\\/#organization\"},\"potentialAction\":[{\"@type\":\"SearchAction\",\"target\":{\"@type\":\"EntryPoint\",\"urlTemplate\":\"https:\\\/\\\/www.santanyi.net\\\/ca\\\/?s={search_term_string}\"},\"query-input\":{\"@type\":\"PropertyValueSpecification\",\"valueRequired\":true,\"valueName\":\"search_term_string\"}}],\"inLanguage\":\"ca\"},{\"@type\":\"Organization\",\"@id\":\"https:\\\/\\\/www.santanyi.net\\\/ca\\\/#organization\",\"name\":\"RE\\\/MAX Drac\",\"url\":\"https:\\\/\\\/www.santanyi.net\\\/ca\\\/\",\"logo\":{\"@type\":\"ImageObject\",\"inLanguage\":\"ca\",\"@id\":\"https:\\\/\\\/www.santanyi.net\\\/ca\\\/#\\\/schema\\\/logo\\\/image\\\/\",\"url\":\"https:\\\/\\\/www.santanyi.net\\\/wp-content\\\/uploads\\\/2025\\\/07\\\/logo-nuevo.png\",\"contentUrl\":\"https:\\\/\\\/www.santanyi.net\\\/wp-content\\\/uploads\\\/2025\\\/07\\\/logo-nuevo.png\",\"width\":295,\"height\":165,\"caption\":\"RE\\\/MAX Drac\"},\"image\":{\"@id\":\"https:\\\/\\\/www.santanyi.net\\\/ca\\\/#\\\/schema\\\/logo\\\/image\\\/\"}}]}<\/script>\n<!-- \/ Yoast SEO plugin. -->","yoast_head_json":{"title":"Obra mestra d'originalitat a Cala Santany\u00ed - RE\/MAX Drac","robots":{"index":"index","follow":"follow","max-snippet":"max-snippet:-1","max-image-preview":"max-image-preview:large","max-video-preview":"max-video-preview:-1"},"canonical":"https:\/\/www.santanyi.net\/ca\/property\/obra-mestra-doriginalitat-a-cala-santanyi-4\/","og_locale":"ca_ES","og_type":"article","og_title":"Obra mestra d'originalitat a Cala Santany\u00ed - RE\/MAX Drac","og_description":"Descobriu el vostre Santuari Mediterrani, a pocs metres de les aig\u00fces cristal\u00b7lines de Cala Santany\u00ed i a nom\u00e9s 10 minuts a peu de l&#8217;encantador centre de Santany\u00ed, Mallorca. Aquest projecte residencial id\u00edl\u00b7lic, situat en una generosa parcel\u00b7la de 525 m\u00b2, ofereix una combinaci\u00f3 \u00fanica de tranquil\u00b7litat i disseny sofisticat. Aquesta excepcional vivenda compta amb un [&hellip;]","og_url":"https:\/\/www.santanyi.net\/ca\/property\/obra-mestra-doriginalitat-a-cala-santanyi-4\/","og_site_name":"RE\/MAX Drac","article_modified_time":"2026-05-01T06:05:14+00:00","og_image":[{"width":1920,"height":1370,"url":"https:\/\/www.santanyi.net\/wp-content\/uploads\/anaconda_property_media\/26227663-194758\/6-1.jpg","type":"image\/jpeg"}],"twitter_card":"summary_large_image","twitter_misc":{"Temps estimat de lectura":"1 minut"},"schema":{"@context":"https:\/\/schema.org","@graph":[{"@type":"WebPage","@id":"https:\/\/www.santanyi.net\/ca\/property\/obra-mestra-doriginalitat-a-cala-santanyi-4\/","url":"https:\/\/www.santanyi.net\/ca\/property\/obra-mestra-doriginalitat-a-cala-santanyi-4\/","name":"Obra mestra d'originalitat a Cala Santany\u00ed - RE\/MAX Drac","isPartOf":{"@id":"https:\/\/www.santanyi.net\/ca\/#website"},"primaryImageOfPage":{"@id":"https:\/\/www.santanyi.net\/ca\/property\/obra-mestra-doriginalitat-a-cala-santanyi-4\/#primaryimage"},"image":{"@id":"https:\/\/www.santanyi.net\/ca\/property\/obra-mestra-doriginalitat-a-cala-santanyi-4\/#primaryimage"},"thumbnailUrl":"https:\/\/www.santanyi.net\/wp-content\/uploads\/anaconda_property_media\/26227663-194758\/6-1.jpg","datePublished":"2026-04-30T15:04:58+00:00","dateModified":"2026-05-01T06:05:14+00:00","breadcrumb":{"@id":"https:\/\/www.santanyi.net\/ca\/property\/obra-mestra-doriginalitat-a-cala-santanyi-4\/#breadcrumb"},"inLanguage":"ca","potentialAction":[{"@type":"ReadAction","target":["https:\/\/www.santanyi.net\/ca\/property\/obra-mestra-doriginalitat-a-cala-santanyi-4\/"]}]},{"@type":"ImageObject","inLanguage":"ca","@id":"https:\/\/www.santanyi.net\/ca\/property\/obra-mestra-doriginalitat-a-cala-santanyi-4\/#primaryimage","url":"https:\/\/www.santanyi.net\/wp-content\/uploads\/anaconda_property_media\/26227663-194758\/6-1.jpg","contentUrl":"https:\/\/www.santanyi.net\/wp-content\/uploads\/anaconda_property_media\/26227663-194758\/6-1.jpg","width":1920,"height":1370},{"@type":"BreadcrumbList","@id":"https:\/\/www.santanyi.net\/ca\/property\/obra-mestra-doriginalitat-a-cala-santanyi-4\/#breadcrumb","itemListElement":[{"@type":"ListItem","position":1,"name":"Home","item":"https:\/\/www.santanyi.net\/ca\/"},{"@type":"ListItem","position":2,"name":"Properties","item":"https:\/\/www.santanyi.net\/ca\/property\/"},{"@type":"ListItem","position":3,"name":"Obra mestra d&#8217;originalitat a Cala Santany\u00ed"}]},{"@type":"WebSite","@id":"https:\/\/www.santanyi.net\/ca\/#website","url":"https:\/\/www.santanyi.net\/ca\/","name":"RE\/MAX Drac","description":"","publisher":{"@id":"https:\/\/www.santanyi.net\/ca\/#organization"},"potentialAction":[{"@type":"SearchAction","target":{"@type":"EntryPoint","urlTemplate":"https:\/\/www.santanyi.net\/ca\/?s={search_term_string}"},"query-input":{"@type":"PropertyValueSpecification","valueRequired":true,"valueName":"search_term_string"}}],"inLanguage":"ca"},{"@type":"Organization","@id":"https:\/\/www.santanyi.net\/ca\/#organization","name":"RE\/MAX Drac","url":"https:\/\/www.santanyi.net\/ca\/","logo":{"@type":"ImageObject","inLanguage":"ca","@id":"https:\/\/www.santanyi.net\/ca\/#\/schema\/logo\/image\/","url":"https:\/\/www.santanyi.net\/wp-content\/uploads\/2025\/07\/logo-nuevo.png","contentUrl":"https:\/\/www.santanyi.net\/wp-content\/uploads\/2025\/07\/logo-nuevo.png","width":295,"height":165,"caption":"RE\/MAX Drac"},"image":{"@id":"https:\/\/www.santanyi.net\/ca\/#\/schema\/logo\/image\/"}}]}},"_links":{"self":[{"href":"https:\/\/www.santanyi.net\/ca\/wp-json\/wp\/v2\/properties\/194764","targetHints":{"allow":["GET"]}}],"collection":[{"href":"https:\/\/www.santanyi.net\/ca\/wp-json\/wp\/v2\/properties"}],"about":[{"href":"https:\/\/www.santanyi.net\/ca\/wp-json\/wp\/v2\/types\/property"}],"author":[{"embeddable":true,"href":"https:\/\/www.santanyi.net\/ca\/wp-json\/wp\/v2\/users\/1"}],"version-history":[{"count":2,"href":"https:\/\/www.santanyi.net\/ca\/wp-json\/wp\/v2\/properties\/194764\/revisions"}],"predecessor-version":[{"id":195911,"href":"https:\/\/www.santanyi.net\/ca\/wp-json\/wp\/v2\/properties\/194764\/revisions\/195911"}],"wp:featuredmedia":[{"embeddable":true,"href":"https:\/\/www.santanyi.net\/ca\/wp-json\/wp\/v2\/media\/194759"}],"wp:attachment":[{"href":"https:\/\/www.santanyi.net\/ca\/wp-json\/wp\/v2\/media?parent=194764"}],"wp:term":[{"taxonomy":"property_type","embeddable":true,"href":"https:\/\/www.santanyi.net\/ca\/wp-json\/wp\/v2\/property_type?post=194764"},{"taxonomy":"property_status","embeddable":true,"href":"https:\/\/www.santanyi.net\/ca\/wp-json\/wp\/v2\/property_status?post=194764"},{"taxonomy":"property_feature","embeddable":true,"href":"https:\/\/www.santanyi.net\/ca\/wp-json\/wp\/v2\/property_feature?post=194764"},{"taxonomy":"property_label","embeddable":true,"href":"https:\/\/www.santanyi.net\/ca\/wp-json\/wp\/v2\/property_label?post=194764"},{"taxonomy":"property_country","embeddable":true,"href":"https:\/\/www.santanyi.net\/ca\/wp-json\/wp\/v2\/property_country?post=194764"},{"taxonomy":"property_state","embeddable":true,"href":"https:\/\/www.santanyi.net\/ca\/wp-json\/wp\/v2\/property_state?post=194764"},{"taxonomy":"property_city","embeddable":true,"href":"https:\/\/www.santanyi.net\/ca\/wp-json\/wp\/v2\/property_city?post=194764"},{"taxonomy":"property_area","embeddable":true,"href":"https:\/\/www.santanyi.net\/ca\/wp-json\/wp\/v2\/property_area?post=194764"}],"curies":[{"name":"wp","href":"https:\/\/api.w.org\/{rel}","templated":true}]}}