
{"id":194716,"date":"2026-04-30T15:04:29","date_gmt":"2026-04-30T15:04:29","guid":{"rendered":"https:\/\/www.santanyi.net\/property\/espectacular-casa-de-pueblo-en-ses-salines\/"},"modified":"2026-05-01T06:05:32","modified_gmt":"2026-05-01T06:05:32","slug":"espectacular-casa-de-pueblo-en-ses-salines","status":"publish","type":"property","link":"https:\/\/www.santanyi.net\/ca\/property\/espectacular-casa-de-pueblo-en-ses-salines\/","title":{"rendered":"Espectacular casa de pueblo en Ses Salines"},"content":{"rendered":"<p>Aquesta fabulosa casa a Ses Salines \u00e9s la definici\u00f3 de luxe i confort. Perfecta per a aquells que busquen una llar espaiosa i elegant en una ubicaci\u00f3 privilegiada.Ses Salines \u00e9s un municipi situat al sud de l&#8217;illa de Mallorca, \u00e9s un dels llocs amb m\u00e9sencant que podem trobar a l&#8217;illa.El seu nom fa honor a les nombroses basses de producci\u00f3 de sal que es troben al municipi.Les Salines de Sa Vall estan situades a 7 km de Ses Salines, al barri de Sant Jordi i estan considerades unes de les m\u00e9s antigues del m\u00f3n ja que daten de l&#8217; \u00e8poca de la dominaci\u00f3 romana. Una de les peculiaritats \u00e9s que encara es recull la sal de forma artesanal.La costa compta amb precioses cales i un antic port. El poble est\u00e0 situat sobre un tur\u00f3 que li atorga una situaci\u00f3 geogr\u00e0fica excepcional. Des d&#8217;all\u00e0 es pot veure la vora del mar i l&#8217;Illa de Cabrera juntament amb els seus ultes.Caracter\u00edstiques:Planta Baixa:RebedorSal\u00f3Menjador-cuinaAseoCellerGaratgeBugaderiaSala de m\u00e0quinesJard\u00ed amb piscinaPlanta Pis:3 habitacions dobles3 banys en suite (dues habitacions amb vestidor)Terrassa Superior:BarbacoaPetita piscinaNo perdis l&#8217;oportunitat d&#8217;adquirir aquesta impressionant propietat que combina comoditat, estil i funcionalitat en un entorn encantador. Cont\u00e0ctans per a m\u00e9s informaci\u00f3!<\/p>\n","protected":false},"excerpt":{"rendered":"<p>Aquesta fabulosa casa a Ses Salines \u00e9s la definici\u00f3 de luxe i confort. Perfecta per a aquells que busquen una llar espaiosa i elegant en una ubicaci\u00f3 privilegiada.Ses Salines \u00e9s un municipi situat al sud de l&#8217;illa de Mallorca, \u00e9s un dels llocs amb m\u00e9sencant que podem trobar a l&#8217;illa.El seu nom fa honor a [&hellip;]<\/p>\n","protected":false},"author":1,"featured_media":194711,"parent":0,"menu_order":0,"template":"","property_type":[2131],"property_status":[2103,2096],"property_feature":[],"property_label":[],"property_country":[],"property_state":[],"property_city":[650],"property_area":[651],"class_list":["post-194716","property","type-property","status-publish","has-post-thumbnail","hentry","property_type-casa-ca","property_status-venta-ca","property_status-venta","property_city-ses-salines","property_area-ses-salines"],"acf":[],"property_meta":{"_apg_property_user_edited":["1"],"fave_property_id":["DRAC-CP2286DB"],"fave_property_location":["39.33796957,3.05486485,15"],"houzez_geolocation_lat":["39.33796957"],"houzez_geolocation_long":["3.05486485"],"fave_property_price":["2300000"],"fave_property_rent_or_sale":["sale"],"fave_property_year":[null],"fave_property_size_prefix":["m2"],"fave_property_land_postfix":["m2"],"fave_property_size":["204"],"fave_property_land":["157"],"fave_property_bedrooms":["3"],"fave_property_bathrooms":["3"],"fave_property_map_address":["Ses salines, 07640 Ses Salines"],"fave_property_address":[" , Ses Salines 07640"],"fave_property_zip":["07640"],"fave_property_postal_code":["07640"],"fave_property_map":["1"],"apg_is_using_remote_image_url":["1"],"apg_using_remote_image_urls":["[{\"multimedia_type\":\"Picture\",\"picture_url\":\"https:\/\/fotos15.inmovilla.com\/12732\/24621037\/3-1.jpg\",\"position\":1,\"picture_id\":1,\"media_id\":144312,\"post_id\":194710,\"id\":1,\"attachment_id\":0,\"url\":\"https:\/\/fotos15.inmovilla.com\/12732\/24621037\/3-1.jpg\",\"basename\":\"3-1.jpg\",\"created_date\":\"2026-04-30 15:04:29\",\"is_downloaded\":0,\"is_using_remote\":0},{\"multimedia_type\":\"Picture\",\"picture_url\":\"https:\/\/fotos15.inmovilla.com\/12732\/24621037\/3-2.jpg\",\"position\":2,\"picture_id\":2,\"media_id\":144313,\"post_id\":194710,\"id\":2,\"attachment_id\":0,\"url\":\"https:\/\/fotos15.inmovilla.com\/12732\/24621037\/3-2.jpg\",\"basename\":\"3-2.jpg\",\"created_date\":\"2026-04-30 15:04:29\",\"is_downloaded\":0,\"is_using_remote\":1},{\"multimedia_type\":\"Picture\",\"picture_url\":\"https:\/\/fotos15.inmovilla.com\/12732\/24621037\/3-3.jpg\",\"position\":3,\"picture_id\":3,\"media_id\":144314,\"post_id\":194710,\"id\":3,\"attachment_id\":0,\"url\":\"https:\/\/fotos15.inmovilla.com\/12732\/24621037\/3-3.jpg\",\"basename\":\"3-3.jpg\",\"created_date\":\"2026-04-30 15:04:29\",\"is_downloaded\":0,\"is_using_remote\":1},{\"multimedia_type\":\"Picture\",\"picture_url\":\"https:\/\/fotos15.inmovilla.com\/12732\/24621037\/3-4.jpg\",\"position\":4,\"picture_id\":4,\"media_id\":144315,\"post_id\":194710,\"id\":4,\"attachment_id\":0,\"url\":\"https:\/\/fotos15.inmovilla.com\/12732\/24621037\/3-4.jpg\",\"basename\":\"3-4.jpg\",\"created_date\":\"2026-04-30 15:04:29\",\"is_downloaded\":0,\"is_using_remote\":1},{\"multimedia_type\":\"Picture\",\"picture_url\":\"https:\/\/fotos15.inmovilla.com\/12732\/24621037\/3-5.jpg\",\"position\":5,\"picture_id\":5,\"media_id\":144316,\"post_id\":194710,\"id\":5,\"attachment_id\":0,\"url\":\"https:\/\/fotos15.inmovilla.com\/12732\/24621037\/3-5.jpg\",\"basename\":\"3-5.jpg\",\"created_date\":\"2026-04-30 15:04:29\",\"is_downloaded\":0,\"is_using_remote\":1},{\"multimedia_type\":\"Picture\",\"picture_url\":\"https:\/\/fotos15.inmovilla.com\/12732\/24621037\/3-6.jpg\",\"position\":6,\"picture_id\":6,\"media_id\":144317,\"post_id\":194710,\"id\":6,\"attachment_id\":0,\"url\":\"https:\/\/fotos15.inmovilla.com\/12732\/24621037\/3-6.jpg\",\"basename\":\"3-6.jpg\",\"created_date\":\"2026-04-30 15:04:29\",\"is_downloaded\":0,\"is_using_remote\":1},{\"multimedia_type\":\"Picture\",\"picture_url\":\"https:\/\/fotos15.inmovilla.com\/12732\/24621037\/3-7.jpg\",\"position\":7,\"picture_id\":7,\"media_id\":144318,\"post_id\":194710,\"id\":7,\"attachment_id\":0,\"url\":\"https:\/\/fotos15.inmovilla.com\/12732\/24621037\/3-7.jpg\",\"basename\":\"3-7.jpg\",\"created_date\":\"2026-04-30 15:04:29\",\"is_downloaded\":0,\"is_using_remote\":1},{\"multimedia_type\":\"Picture\",\"picture_url\":\"https:\/\/fotos15.inmovilla.com\/12732\/24621037\/3-8.jpg\",\"position\":8,\"picture_id\":8,\"media_id\":144319,\"post_id\":194710,\"id\":8,\"attachment_id\":0,\"url\":\"https:\/\/fotos15.inmovilla.com\/12732\/24621037\/3-8.jpg\",\"basename\":\"3-8.jpg\",\"created_date\":\"2026-04-30 15:04:29\",\"is_downloaded\":0,\"is_using_remote\":1}]"],"_thumbnail_id":["194711"],"fave_property_images":["194711"],"apg_property_id":["24621037"],"_wpml_word_count":["225"],"_eael_post_view_count":["8"],"houzez_recently_viewed":["2026-05-01 16:37:58"],"houzez_total_property_views":["7"],"houzez_views_by_date":["a:2:{s:10:\"04-30-2026\";i:2;s:10:\"05-01-2026\";i:5;}"],"_elementor_page_assets":["a:0:{}"]},"yoast_head":"<!-- This site is optimized with the Yoast SEO plugin v27.5 - https:\/\/yoast.com\/product\/yoast-seo-wordpress\/ -->\n<title>Espectacular casa de pueblo en Ses Salines - RE\/MAX Drac<\/title>\n<meta name=\"robots\" content=\"index, follow, max-snippet:-1, max-image-preview:large, max-video-preview:-1\" \/>\n<link rel=\"canonical\" href=\"https:\/\/www.santanyi.net\/ca\/property\/espectacular-casa-de-pueblo-en-ses-salines\/\" \/>\n<meta property=\"og:locale\" content=\"ca_ES\" \/>\n<meta property=\"og:type\" content=\"article\" \/>\n<meta property=\"og:title\" content=\"Espectacular casa de pueblo en Ses Salines - RE\/MAX Drac\" \/>\n<meta property=\"og:description\" content=\"Aquesta fabulosa casa a Ses Salines \u00e9s la definici\u00f3 de luxe i confort. Perfecta per a aquells que busquen una llar espaiosa i elegant en una ubicaci\u00f3 privilegiada.Ses Salines \u00e9s un municipi situat al sud de l&#8217;illa de Mallorca, \u00e9s un dels llocs amb m\u00e9sencant que podem trobar a l&#8217;illa.El seu nom fa honor a [&hellip;]\" \/>\n<meta property=\"og:url\" content=\"https:\/\/www.santanyi.net\/ca\/property\/espectacular-casa-de-pueblo-en-ses-salines\/\" \/>\n<meta property=\"og:site_name\" content=\"RE\/MAX Drac\" \/>\n<meta property=\"article:modified_time\" content=\"2026-05-01T06:05:32+00:00\" \/>\n<meta property=\"og:image\" content=\"https:\/\/www.santanyi.net\/wp-content\/uploads\/anaconda_property_media\/24621037-194710\/3-1.jpg\" \/>\n\t<meta property=\"og:image:width\" content=\"1920\" \/>\n\t<meta property=\"og:image:height\" content=\"1386\" \/>\n\t<meta property=\"og:image:type\" content=\"image\/jpeg\" \/>\n<meta name=\"twitter:card\" content=\"summary_large_image\" \/>\n<meta name=\"twitter:label1\" content=\"Temps estimat de lectura\" \/>\n\t<meta name=\"twitter:data1\" content=\"1 minut\" \/>\n<script type=\"application\/ld+json\" class=\"yoast-schema-graph\">{\"@context\":\"https:\\\/\\\/schema.org\",\"@graph\":[{\"@type\":\"WebPage\",\"@id\":\"https:\\\/\\\/www.santanyi.net\\\/ca\\\/property\\\/espectacular-casa-de-pueblo-en-ses-salines\\\/\",\"url\":\"https:\\\/\\\/www.santanyi.net\\\/ca\\\/property\\\/espectacular-casa-de-pueblo-en-ses-salines\\\/\",\"name\":\"Espectacular casa de pueblo en Ses Salines - RE\\\/MAX Drac\",\"isPartOf\":{\"@id\":\"https:\\\/\\\/www.santanyi.net\\\/ca\\\/#website\"},\"primaryImageOfPage\":{\"@id\":\"https:\\\/\\\/www.santanyi.net\\\/ca\\\/property\\\/espectacular-casa-de-pueblo-en-ses-salines\\\/#primaryimage\"},\"image\":{\"@id\":\"https:\\\/\\\/www.santanyi.net\\\/ca\\\/property\\\/espectacular-casa-de-pueblo-en-ses-salines\\\/#primaryimage\"},\"thumbnailUrl\":\"https:\\\/\\\/www.santanyi.net\\\/wp-content\\\/uploads\\\/anaconda_property_media\\\/24621037-194710\\\/3-1.jpg\",\"datePublished\":\"2026-04-30T15:04:29+00:00\",\"dateModified\":\"2026-05-01T06:05:32+00:00\",\"breadcrumb\":{\"@id\":\"https:\\\/\\\/www.santanyi.net\\\/ca\\\/property\\\/espectacular-casa-de-pueblo-en-ses-salines\\\/#breadcrumb\"},\"inLanguage\":\"ca\",\"potentialAction\":[{\"@type\":\"ReadAction\",\"target\":[\"https:\\\/\\\/www.santanyi.net\\\/ca\\\/property\\\/espectacular-casa-de-pueblo-en-ses-salines\\\/\"]}]},{\"@type\":\"ImageObject\",\"inLanguage\":\"ca\",\"@id\":\"https:\\\/\\\/www.santanyi.net\\\/ca\\\/property\\\/espectacular-casa-de-pueblo-en-ses-salines\\\/#primaryimage\",\"url\":\"https:\\\/\\\/www.santanyi.net\\\/wp-content\\\/uploads\\\/anaconda_property_media\\\/24621037-194710\\\/3-1.jpg\",\"contentUrl\":\"https:\\\/\\\/www.santanyi.net\\\/wp-content\\\/uploads\\\/anaconda_property_media\\\/24621037-194710\\\/3-1.jpg\",\"width\":1920,\"height\":1386},{\"@type\":\"BreadcrumbList\",\"@id\":\"https:\\\/\\\/www.santanyi.net\\\/ca\\\/property\\\/espectacular-casa-de-pueblo-en-ses-salines\\\/#breadcrumb\",\"itemListElement\":[{\"@type\":\"ListItem\",\"position\":1,\"name\":\"Home\",\"item\":\"https:\\\/\\\/www.santanyi.net\\\/ca\\\/\"},{\"@type\":\"ListItem\",\"position\":2,\"name\":\"Properties\",\"item\":\"https:\\\/\\\/www.santanyi.net\\\/ca\\\/property\\\/\"},{\"@type\":\"ListItem\",\"position\":3,\"name\":\"Espectacular casa de pueblo en Ses Salines\"}]},{\"@type\":\"WebSite\",\"@id\":\"https:\\\/\\\/www.santanyi.net\\\/ca\\\/#website\",\"url\":\"https:\\\/\\\/www.santanyi.net\\\/ca\\\/\",\"name\":\"RE\\\/MAX Drac\",\"description\":\"\",\"publisher\":{\"@id\":\"https:\\\/\\\/www.santanyi.net\\\/ca\\\/#organization\"},\"potentialAction\":[{\"@type\":\"SearchAction\",\"target\":{\"@type\":\"EntryPoint\",\"urlTemplate\":\"https:\\\/\\\/www.santanyi.net\\\/ca\\\/?s={search_term_string}\"},\"query-input\":{\"@type\":\"PropertyValueSpecification\",\"valueRequired\":true,\"valueName\":\"search_term_string\"}}],\"inLanguage\":\"ca\"},{\"@type\":\"Organization\",\"@id\":\"https:\\\/\\\/www.santanyi.net\\\/ca\\\/#organization\",\"name\":\"RE\\\/MAX Drac\",\"url\":\"https:\\\/\\\/www.santanyi.net\\\/ca\\\/\",\"logo\":{\"@type\":\"ImageObject\",\"inLanguage\":\"ca\",\"@id\":\"https:\\\/\\\/www.santanyi.net\\\/ca\\\/#\\\/schema\\\/logo\\\/image\\\/\",\"url\":\"https:\\\/\\\/www.santanyi.net\\\/wp-content\\\/uploads\\\/2025\\\/07\\\/logo-nuevo.png\",\"contentUrl\":\"https:\\\/\\\/www.santanyi.net\\\/wp-content\\\/uploads\\\/2025\\\/07\\\/logo-nuevo.png\",\"width\":295,\"height\":165,\"caption\":\"RE\\\/MAX Drac\"},\"image\":{\"@id\":\"https:\\\/\\\/www.santanyi.net\\\/ca\\\/#\\\/schema\\\/logo\\\/image\\\/\"}}]}<\/script>\n<!-- \/ Yoast SEO plugin. -->","yoast_head_json":{"title":"Espectacular casa de pueblo en Ses Salines - RE\/MAX Drac","robots":{"index":"index","follow":"follow","max-snippet":"max-snippet:-1","max-image-preview":"max-image-preview:large","max-video-preview":"max-video-preview:-1"},"canonical":"https:\/\/www.santanyi.net\/ca\/property\/espectacular-casa-de-pueblo-en-ses-salines\/","og_locale":"ca_ES","og_type":"article","og_title":"Espectacular casa de pueblo en Ses Salines - RE\/MAX Drac","og_description":"Aquesta fabulosa casa a Ses Salines \u00e9s la definici\u00f3 de luxe i confort. Perfecta per a aquells que busquen una llar espaiosa i elegant en una ubicaci\u00f3 privilegiada.Ses Salines \u00e9s un municipi situat al sud de l&#8217;illa de Mallorca, \u00e9s un dels llocs amb m\u00e9sencant que podem trobar a l&#8217;illa.El seu nom fa honor a [&hellip;]","og_url":"https:\/\/www.santanyi.net\/ca\/property\/espectacular-casa-de-pueblo-en-ses-salines\/","og_site_name":"RE\/MAX Drac","article_modified_time":"2026-05-01T06:05:32+00:00","og_image":[{"width":1920,"height":1386,"url":"https:\/\/www.santanyi.net\/wp-content\/uploads\/anaconda_property_media\/24621037-194710\/3-1.jpg","type":"image\/jpeg"}],"twitter_card":"summary_large_image","twitter_misc":{"Temps estimat de lectura":"1 minut"},"schema":{"@context":"https:\/\/schema.org","@graph":[{"@type":"WebPage","@id":"https:\/\/www.santanyi.net\/ca\/property\/espectacular-casa-de-pueblo-en-ses-salines\/","url":"https:\/\/www.santanyi.net\/ca\/property\/espectacular-casa-de-pueblo-en-ses-salines\/","name":"Espectacular casa de pueblo en Ses Salines - RE\/MAX Drac","isPartOf":{"@id":"https:\/\/www.santanyi.net\/ca\/#website"},"primaryImageOfPage":{"@id":"https:\/\/www.santanyi.net\/ca\/property\/espectacular-casa-de-pueblo-en-ses-salines\/#primaryimage"},"image":{"@id":"https:\/\/www.santanyi.net\/ca\/property\/espectacular-casa-de-pueblo-en-ses-salines\/#primaryimage"},"thumbnailUrl":"https:\/\/www.santanyi.net\/wp-content\/uploads\/anaconda_property_media\/24621037-194710\/3-1.jpg","datePublished":"2026-04-30T15:04:29+00:00","dateModified":"2026-05-01T06:05:32+00:00","breadcrumb":{"@id":"https:\/\/www.santanyi.net\/ca\/property\/espectacular-casa-de-pueblo-en-ses-salines\/#breadcrumb"},"inLanguage":"ca","potentialAction":[{"@type":"ReadAction","target":["https:\/\/www.santanyi.net\/ca\/property\/espectacular-casa-de-pueblo-en-ses-salines\/"]}]},{"@type":"ImageObject","inLanguage":"ca","@id":"https:\/\/www.santanyi.net\/ca\/property\/espectacular-casa-de-pueblo-en-ses-salines\/#primaryimage","url":"https:\/\/www.santanyi.net\/wp-content\/uploads\/anaconda_property_media\/24621037-194710\/3-1.jpg","contentUrl":"https:\/\/www.santanyi.net\/wp-content\/uploads\/anaconda_property_media\/24621037-194710\/3-1.jpg","width":1920,"height":1386},{"@type":"BreadcrumbList","@id":"https:\/\/www.santanyi.net\/ca\/property\/espectacular-casa-de-pueblo-en-ses-salines\/#breadcrumb","itemListElement":[{"@type":"ListItem","position":1,"name":"Home","item":"https:\/\/www.santanyi.net\/ca\/"},{"@type":"ListItem","position":2,"name":"Properties","item":"https:\/\/www.santanyi.net\/ca\/property\/"},{"@type":"ListItem","position":3,"name":"Espectacular casa de pueblo en Ses Salines"}]},{"@type":"WebSite","@id":"https:\/\/www.santanyi.net\/ca\/#website","url":"https:\/\/www.santanyi.net\/ca\/","name":"RE\/MAX Drac","description":"","publisher":{"@id":"https:\/\/www.santanyi.net\/ca\/#organization"},"potentialAction":[{"@type":"SearchAction","target":{"@type":"EntryPoint","urlTemplate":"https:\/\/www.santanyi.net\/ca\/?s={search_term_string}"},"query-input":{"@type":"PropertyValueSpecification","valueRequired":true,"valueName":"search_term_string"}}],"inLanguage":"ca"},{"@type":"Organization","@id":"https:\/\/www.santanyi.net\/ca\/#organization","name":"RE\/MAX Drac","url":"https:\/\/www.santanyi.net\/ca\/","logo":{"@type":"ImageObject","inLanguage":"ca","@id":"https:\/\/www.santanyi.net\/ca\/#\/schema\/logo\/image\/","url":"https:\/\/www.santanyi.net\/wp-content\/uploads\/2025\/07\/logo-nuevo.png","contentUrl":"https:\/\/www.santanyi.net\/wp-content\/uploads\/2025\/07\/logo-nuevo.png","width":295,"height":165,"caption":"RE\/MAX Drac"},"image":{"@id":"https:\/\/www.santanyi.net\/ca\/#\/schema\/logo\/image\/"}}]}},"_links":{"self":[{"href":"https:\/\/www.santanyi.net\/ca\/wp-json\/wp\/v2\/properties\/194716","targetHints":{"allow":["GET"]}}],"collection":[{"href":"https:\/\/www.santanyi.net\/ca\/wp-json\/wp\/v2\/properties"}],"about":[{"href":"https:\/\/www.santanyi.net\/ca\/wp-json\/wp\/v2\/types\/property"}],"author":[{"embeddable":true,"href":"https:\/\/www.santanyi.net\/ca\/wp-json\/wp\/v2\/users\/1"}],"version-history":[{"count":1,"href":"https:\/\/www.santanyi.net\/ca\/wp-json\/wp\/v2\/properties\/194716\/revisions"}],"predecessor-version":[{"id":195484,"href":"https:\/\/www.santanyi.net\/ca\/wp-json\/wp\/v2\/properties\/194716\/revisions\/195484"}],"wp:featuredmedia":[{"embeddable":true,"href":"https:\/\/www.santanyi.net\/ca\/wp-json\/wp\/v2\/media\/194711"}],"wp:attachment":[{"href":"https:\/\/www.santanyi.net\/ca\/wp-json\/wp\/v2\/media?parent=194716"}],"wp:term":[{"taxonomy":"property_type","embeddable":true,"href":"https:\/\/www.santanyi.net\/ca\/wp-json\/wp\/v2\/property_type?post=194716"},{"taxonomy":"property_status","embeddable":true,"href":"https:\/\/www.santanyi.net\/ca\/wp-json\/wp\/v2\/property_status?post=194716"},{"taxonomy":"property_feature","embeddable":true,"href":"https:\/\/www.santanyi.net\/ca\/wp-json\/wp\/v2\/property_feature?post=194716"},{"taxonomy":"property_label","embeddable":true,"href":"https:\/\/www.santanyi.net\/ca\/wp-json\/wp\/v2\/property_label?post=194716"},{"taxonomy":"property_country","embeddable":true,"href":"https:\/\/www.santanyi.net\/ca\/wp-json\/wp\/v2\/property_country?post=194716"},{"taxonomy":"property_state","embeddable":true,"href":"https:\/\/www.santanyi.net\/ca\/wp-json\/wp\/v2\/property_state?post=194716"},{"taxonomy":"property_city","embeddable":true,"href":"https:\/\/www.santanyi.net\/ca\/wp-json\/wp\/v2\/property_city?post=194716"},{"taxonomy":"property_area","embeddable":true,"href":"https:\/\/www.santanyi.net\/ca\/wp-json\/wp\/v2\/property_area?post=194716"}],"curies":[{"name":"wp","href":"https:\/\/api.w.org\/{rel}","templated":true}]}}