
{"id":194684,"date":"2026-04-30T15:04:20","date_gmt":"2026-04-30T15:04:20","guid":{"rendered":"https:\/\/www.santanyi.net\/property\/oportunitat-unica-terreny-amb-projecte-a-salqueria-blanca\/"},"modified":"2026-05-01T06:05:24","modified_gmt":"2026-05-01T06:05:24","slug":"oportunitat-unica-terreny-amb-projecte-a-salqueria-blanca-2","status":"publish","type":"property","link":"https:\/\/www.santanyi.net\/ca\/property\/oportunitat-unica-terreny-amb-projecte-a-salqueria-blanca-2\/","title":{"rendered":"Oportunitat \u00danica: Terreny amb Projecte a S&#8217;Alqueria Blanca"},"content":{"rendered":"<p>Oportunitat \u00danica: Terreny amb Projecte a S&#8217;Alqueria Blanca<br \/>Descobriu l&#8217;ess\u00e8ncia de Mallorca en aquest espectacular terreny de 20.132 m\u00b2, estrat\u00e8gicament ubicat entre S&#8217;Alqueria Blanca i Portopetro. Aquest enclavament privilegiat us ofereix la tranquil\u00b7litat d&#8217;un paisatge mallorqu\u00ed aut\u00e8ntic, amb la comoditat de tenir el vibrant Portopetro i els seus serveis n\u00e0utics a pocs minuts, aix\u00ed com el prestigi\u00f3s Golf Vall d&#8217;Or i les impressionants platges de la zona de Santany\u00ed a l&#8217;abast de la m\u00e0.<\/p>\n<p>La finca compta amb un acc\u00e9s asfaltat impecable fins a l&#8217;entrada, garantint una arribada c\u00f2moda i senzilla. A m\u00e9s, la connexi\u00f3 a la xarxa el\u00e8ctrica \u00e9s f\u00e0cil, cosa que simplifica qualsevol desenvolupament futur. La privadesa i la serenitat s\u00f3n protagonistes en aquest entorn, ideal per a aquells que busquen un refugi de pau sense renunciar a la proximitat de punts d&#8217;inter\u00e8s.<\/p>\n<p>El que fa realment especial aquesta propietat \u00e9s que ja disposa d&#8217;un projecte aprovat pel Consell de Mallorca per a la construcci\u00f3 d&#8217;un magn\u00edfic habitatge unifamiliar. El disseny contempla una casa de 235 m\u00b2 de superf\u00edcie habitable, distribu\u00efda en quatre \u00e0mplies habitacions, quatre banys complets i un lavabo addicional per a major comoditat. El cor de la casa ser\u00e0 un espai\u00f3s sal\u00f3-menjador amb cuina oberta, creant un ambient modern i funcional, perfecte per al gaudi familiar i social.<\/p>\n<p>El projecte tamb\u00e9 inclou generosos porxos coberts, amb una zona de barbacoa, \u00e0mplies terrasses i una espectacular piscina, tot dissenyat per aprofitar al m\u00e0xim el clima mediterrani. L&#8217;orientaci\u00f3 sud de la propietat assegura una abundant llum natural durant tot el dia.<\/p>\n<p>Aquesta \u00e9s una oportunitat excepcional per adquirir un terreny amb totes les facilitats i la planificaci\u00f3 ja resolta, que us permetr\u00e0 construir la casa dels vostres somnis en un dels paratges m\u00e9s desitjats de Mallorca. Esteu preparats per fer el seg\u00fcent pas i fer realitat el vostre somni?<\/p>\n","protected":false},"excerpt":{"rendered":"<p>Oportunitat \u00danica: Terreny amb Projecte a S&#8217;Alqueria BlancaDescobriu l&#8217;ess\u00e8ncia de Mallorca en aquest espectacular terreny de 20.132 m\u00b2, estrat\u00e8gicament ubicat entre S&#8217;Alqueria Blanca i Portopetro. Aquest enclavament privilegiat us ofereix la tranquil\u00b7litat d&#8217;un paisatge mallorqu\u00ed aut\u00e8ntic, amb la comoditat de tenir el vibrant Portopetro i els seus serveis n\u00e0utics a pocs minuts, aix\u00ed com el [&hellip;]<\/p>\n","protected":false},"author":1,"featured_media":194679,"parent":0,"menu_order":0,"template":"","property_type":[],"property_status":[2096,2103],"property_feature":[1801,1851,1867,1802,2031,2033,1803,1929,1951,1804,1905,1806,1807,1953,1810,1811,1812],"property_label":[],"property_country":[],"property_state":[],"property_city":[635],"property_area":[679],"class_list":["post-194684","property","type-property","status-publish","has-post-thumbnail","hentry","property_status-venta","property_status-venta-ca","property_feature-arboles-ca","property_feature-arma_empo","property_feature-arma_empo-ca","property_feature-barbacoa-ca","property_feature-cajafuerte","property_feature-cajafuerte-ca","property_feature-calefaccion-ca","property_feature-costa-ca","property_feature-depoagua-ca","property_feature-descalcificador-ca","property_feature-despensa-ca","property_feature-jardin-ca","property_feature-lavanderia-ca","property_feature-linea_tlf-ca","property_feature-parking-ca","property_feature-piscina_prop-ca","property_feature-rural-ca","property_city-santanyi","property_area-s-alqueria-blanca"],"acf":[],"property_meta":{"_apg_property_user_edited":["1"],"fave_property_id":["DRAC-RU1207GE"],"fave_property_location":["39.383565940649,3.1929050759628,15"],"houzez_geolocation_lat":["39.383565940649"],"houzez_geolocation_long":["3.1929050759628"],"fave_property_price":["848500"],"fave_property_rent_or_sale":["sale"],"fave_property_year":[null],"fave_property_size_prefix":["m2"],"fave_property_land_postfix":["m2"],"fave_property_land":["20132"],"fave_property_size":["20132"],"fave_property_bedrooms":["4"],"fave_property_bathrooms":["5"],"fave_property_map_address":["S ALQUERIA BLANCA, 07691 Santany\u00ed"],"fave_property_address":[" , Santany\u00ed 07691"],"fave_property_zip":["07691"],"fave_property_postal_code":["07691"],"fave_property_map":["1"],"apg_is_using_remote_image_url":["1"],"apg_using_remote_image_urls":["[{\"multimedia_type\":\"Picture\",\"picture_url\":\"https:\/\/fotos15.inmovilla.com\/12732\/26139174\/6-1.jpg\",\"position\":1,\"picture_id\":1,\"media_id\":144275,\"post_id\":194678,\"id\":1,\"attachment_id\":0,\"url\":\"https:\/\/fotos15.inmovilla.com\/12732\/26139174\/6-1.jpg\",\"basename\":\"6-1.jpg\",\"created_date\":\"2026-04-30 15:04:20\",\"is_downloaded\":0,\"is_using_remote\":0},{\"multimedia_type\":\"Picture\",\"picture_url\":\"https:\/\/fotos15.inmovilla.com\/12732\/26139174\/6-2.jpg\",\"position\":2,\"picture_id\":2,\"media_id\":144276,\"post_id\":194678,\"id\":2,\"attachment_id\":0,\"url\":\"https:\/\/fotos15.inmovilla.com\/12732\/26139174\/6-2.jpg\",\"basename\":\"6-2.jpg\",\"created_date\":\"2026-04-30 15:04:20\",\"is_downloaded\":0,\"is_using_remote\":1},{\"multimedia_type\":\"Picture\",\"picture_url\":\"https:\/\/fotos15.inmovilla.com\/12732\/26139174\/6-3.jpg\",\"position\":3,\"picture_id\":3,\"media_id\":144277,\"post_id\":194678,\"id\":3,\"attachment_id\":0,\"url\":\"https:\/\/fotos15.inmovilla.com\/12732\/26139174\/6-3.jpg\",\"basename\":\"6-3.jpg\",\"created_date\":\"2026-04-30 15:04:20\",\"is_downloaded\":0,\"is_using_remote\":1},{\"multimedia_type\":\"Picture\",\"picture_url\":\"https:\/\/fotos15.inmovilla.com\/12732\/26139174\/6-4.jpg\",\"position\":4,\"picture_id\":4,\"media_id\":144278,\"post_id\":194678,\"id\":4,\"attachment_id\":0,\"url\":\"https:\/\/fotos15.inmovilla.com\/12732\/26139174\/6-4.jpg\",\"basename\":\"6-4.jpg\",\"created_date\":\"2026-04-30 15:04:20\",\"is_downloaded\":0,\"is_using_remote\":1},{\"multimedia_type\":\"Picture\",\"picture_url\":\"https:\/\/fotos15.inmovilla.com\/12732\/26139174\/6-5.jpg\",\"position\":5,\"picture_id\":5,\"media_id\":144279,\"post_id\":194678,\"id\":5,\"attachment_id\":0,\"url\":\"https:\/\/fotos15.inmovilla.com\/12732\/26139174\/6-5.jpg\",\"basename\":\"6-5.jpg\",\"created_date\":\"2026-04-30 15:04:20\",\"is_downloaded\":0,\"is_using_remote\":1},{\"multimedia_type\":\"Picture\",\"picture_url\":\"https:\/\/fotos15.inmovilla.com\/12732\/26139174\/6-6.jpg\",\"position\":6,\"picture_id\":6,\"media_id\":144280,\"post_id\":194678,\"id\":6,\"attachment_id\":0,\"url\":\"https:\/\/fotos15.inmovilla.com\/12732\/26139174\/6-6.jpg\",\"basename\":\"6-6.jpg\",\"created_date\":\"2026-04-30 15:04:20\",\"is_downloaded\":0,\"is_using_remote\":1},{\"multimedia_type\":\"Picture\",\"picture_url\":\"https:\/\/fotos15.inmovilla.com\/12732\/26139174\/6-7.jpg\",\"position\":7,\"picture_id\":7,\"media_id\":144281,\"post_id\":194678,\"id\":7,\"attachment_id\":0,\"url\":\"https:\/\/fotos15.inmovilla.com\/12732\/26139174\/6-7.jpg\",\"basename\":\"6-7.jpg\",\"created_date\":\"2026-04-30 15:04:20\",\"is_downloaded\":0,\"is_using_remote\":1},{\"multimedia_type\":\"Picture\",\"picture_url\":\"https:\/\/fotos15.inmovilla.com\/12732\/26139174\/6-8.jpg\",\"position\":8,\"picture_id\":8,\"media_id\":144282,\"post_id\":194678,\"id\":8,\"attachment_id\":0,\"url\":\"https:\/\/fotos15.inmovilla.com\/12732\/26139174\/6-8.jpg\",\"basename\":\"6-8.jpg\",\"created_date\":\"2026-04-30 15:04:20\",\"is_downloaded\":0,\"is_using_remote\":1},{\"multimedia_type\":\"Picture\",\"picture_url\":\"https:\/\/fotos15.inmovilla.com\/12732\/26139174\/6-9.jpg\",\"position\":9,\"picture_id\":9,\"media_id\":144283,\"post_id\":194678,\"id\":9,\"attachment_id\":0,\"url\":\"https:\/\/fotos15.inmovilla.com\/12732\/26139174\/6-9.jpg\",\"basename\":\"6-9.jpg\",\"created_date\":\"2026-04-30 15:04:20\",\"is_downloaded\":0,\"is_using_remote\":1},{\"multimedia_type\":\"Picture\",\"picture_url\":\"https:\/\/fotos15.inmovilla.com\/12732\/26139174\/6-10.jpg\",\"position\":10,\"picture_id\":10,\"media_id\":144284,\"post_id\":194678,\"id\":10,\"attachment_id\":0,\"url\":\"https:\/\/fotos15.inmovilla.com\/12732\/26139174\/6-10.jpg\",\"basename\":\"6-10.jpg\",\"created_date\":\"2026-04-30 15:04:20\",\"is_downloaded\":0,\"is_using_remote\":1},{\"multimedia_type\":\"Picture\",\"picture_url\":\"https:\/\/fotos15.inmovilla.com\/12732\/26139174\/6-11.jpg\",\"position\":11,\"picture_id\":11,\"media_id\":144285,\"post_id\":194678,\"id\":11,\"attachment_id\":0,\"url\":\"https:\/\/fotos15.inmovilla.com\/12732\/26139174\/6-11.jpg\",\"basename\":\"6-11.jpg\",\"created_date\":\"2026-04-30 15:04:20\",\"is_downloaded\":0,\"is_using_remote\":1},{\"multimedia_type\":\"Picture\",\"picture_url\":\"https:\/\/fotos15.inmovilla.com\/12732\/26139174\/6-12.jpg\",\"position\":12,\"picture_id\":12,\"media_id\":144286,\"post_id\":194678,\"id\":12,\"attachment_id\":0,\"url\":\"https:\/\/fotos15.inmovilla.com\/12732\/26139174\/6-12.jpg\",\"basename\":\"6-12.jpg\",\"created_date\":\"2026-04-30 15:04:20\",\"is_downloaded\":0,\"is_using_remote\":1},{\"multimedia_type\":\"Picture\",\"picture_url\":\"https:\/\/fotos15.inmovilla.com\/12732\/26139174\/6-13.jpg\",\"position\":13,\"picture_id\":13,\"media_id\":144287,\"post_id\":194678,\"id\":13,\"attachment_id\":0,\"url\":\"https:\/\/fotos15.inmovilla.com\/12732\/26139174\/6-13.jpg\",\"basename\":\"6-13.jpg\",\"created_date\":\"2026-04-30 15:04:20\",\"is_downloaded\":0,\"is_using_remote\":1},{\"multimedia_type\":\"Picture\",\"picture_url\":\"https:\/\/fotos15.inmovilla.com\/12732\/26139174\/6-14.jpg\",\"position\":14,\"picture_id\":14,\"media_id\":144288,\"post_id\":194678,\"id\":14,\"attachment_id\":0,\"url\":\"https:\/\/fotos15.inmovilla.com\/12732\/26139174\/6-14.jpg\",\"basename\":\"6-14.jpg\",\"created_date\":\"2026-04-30 15:04:20\",\"is_downloaded\":0,\"is_using_remote\":1},{\"multimedia_type\":\"Picture\",\"picture_url\":\"https:\/\/fotos15.inmovilla.com\/12732\/26139174\/6-15.jpg\",\"position\":15,\"picture_id\":15,\"media_id\":144289,\"post_id\":194678,\"id\":15,\"attachment_id\":0,\"url\":\"https:\/\/fotos15.inmovilla.com\/12732\/26139174\/6-15.jpg\",\"basename\":\"6-15.jpg\",\"created_date\":\"2026-04-30 15:04:20\",\"is_downloaded\":0,\"is_using_remote\":1},{\"multimedia_type\":\"Picture\",\"picture_url\":\"https:\/\/fotos15.inmovilla.com\/12732\/26139174\/6-16.jpg\",\"position\":16,\"picture_id\":16,\"media_id\":144290,\"post_id\":194678,\"id\":16,\"attachment_id\":0,\"url\":\"https:\/\/fotos15.inmovilla.com\/12732\/26139174\/6-16.jpg\",\"basename\":\"6-16.jpg\",\"created_date\":\"2026-04-30 15:04:20\",\"is_downloaded\":0,\"is_using_remote\":1}]"],"_thumbnail_id":["194679"],"fave_property_images":["194679"],"apg_property_id":["26139174"],"_wpml_word_count":["340"],"_eael_post_view_count":["4"],"houzez_total_property_views":["4"],"houzez_views_by_date":["a:2:{s:10:\"04-30-2026\";i:1;s:10:\"05-01-2026\";i:3;}"],"houzez_recently_viewed":["2026-05-01 15:37:53"],"_elementor_page_assets":["a:0:{}"]},"yoast_head":"<!-- This site is optimized with the Yoast SEO plugin v27.5 - https:\/\/yoast.com\/product\/yoast-seo-wordpress\/ -->\n<title>Oportunitat \u00danica: Terreny amb Projecte a S&#039;Alqueria Blanca - RE\/MAX Drac<\/title>\n<meta name=\"robots\" content=\"index, follow, max-snippet:-1, max-image-preview:large, max-video-preview:-1\" \/>\n<link rel=\"canonical\" href=\"https:\/\/www.santanyi.net\/ca\/property\/oportunitat-unica-terreny-amb-projecte-a-salqueria-blanca-2\/\" \/>\n<meta property=\"og:locale\" content=\"ca_ES\" \/>\n<meta property=\"og:type\" content=\"article\" \/>\n<meta property=\"og:title\" content=\"Oportunitat \u00danica: Terreny amb Projecte a S&#039;Alqueria Blanca - RE\/MAX Drac\" \/>\n<meta property=\"og:description\" content=\"Oportunitat \u00danica: Terreny amb Projecte a S&#8217;Alqueria BlancaDescobriu l&#8217;ess\u00e8ncia de Mallorca en aquest espectacular terreny de 20.132 m\u00b2, estrat\u00e8gicament ubicat entre S&#8217;Alqueria Blanca i Portopetro. Aquest enclavament privilegiat us ofereix la tranquil\u00b7litat d&#8217;un paisatge mallorqu\u00ed aut\u00e8ntic, amb la comoditat de tenir el vibrant Portopetro i els seus serveis n\u00e0utics a pocs minuts, aix\u00ed com el [&hellip;]\" \/>\n<meta property=\"og:url\" content=\"https:\/\/www.santanyi.net\/ca\/property\/oportunitat-unica-terreny-amb-projecte-a-salqueria-blanca-2\/\" \/>\n<meta property=\"og:site_name\" content=\"RE\/MAX Drac\" \/>\n<meta property=\"article:modified_time\" content=\"2026-05-01T06:05:24+00:00\" \/>\n<meta property=\"og:image\" content=\"https:\/\/www.santanyi.net\/wp-content\/uploads\/anaconda_property_media\/26139174-194678\/6-1.jpg\" \/>\n\t<meta property=\"og:image:width\" content=\"1920\" \/>\n\t<meta property=\"og:image:height\" content=\"643\" \/>\n\t<meta property=\"og:image:type\" content=\"image\/jpeg\" \/>\n<meta name=\"twitter:card\" content=\"summary_large_image\" \/>\n<meta name=\"twitter:label1\" content=\"Temps estimat de lectura\" \/>\n\t<meta name=\"twitter:data1\" content=\"2 minuts\" \/>\n<script type=\"application\/ld+json\" class=\"yoast-schema-graph\">{\"@context\":\"https:\\\/\\\/schema.org\",\"@graph\":[{\"@type\":\"WebPage\",\"@id\":\"https:\\\/\\\/www.santanyi.net\\\/ca\\\/property\\\/oportunitat-unica-terreny-amb-projecte-a-salqueria-blanca-2\\\/\",\"url\":\"https:\\\/\\\/www.santanyi.net\\\/ca\\\/property\\\/oportunitat-unica-terreny-amb-projecte-a-salqueria-blanca-2\\\/\",\"name\":\"Oportunitat \u00danica: Terreny amb Projecte a S'Alqueria Blanca - RE\\\/MAX Drac\",\"isPartOf\":{\"@id\":\"https:\\\/\\\/www.santanyi.net\\\/ca\\\/#website\"},\"primaryImageOfPage\":{\"@id\":\"https:\\\/\\\/www.santanyi.net\\\/ca\\\/property\\\/oportunitat-unica-terreny-amb-projecte-a-salqueria-blanca-2\\\/#primaryimage\"},\"image\":{\"@id\":\"https:\\\/\\\/www.santanyi.net\\\/ca\\\/property\\\/oportunitat-unica-terreny-amb-projecte-a-salqueria-blanca-2\\\/#primaryimage\"},\"thumbnailUrl\":\"https:\\\/\\\/www.santanyi.net\\\/wp-content\\\/uploads\\\/anaconda_property_media\\\/26139174-194678\\\/6-1.jpg\",\"datePublished\":\"2026-04-30T15:04:20+00:00\",\"dateModified\":\"2026-05-01T06:05:24+00:00\",\"breadcrumb\":{\"@id\":\"https:\\\/\\\/www.santanyi.net\\\/ca\\\/property\\\/oportunitat-unica-terreny-amb-projecte-a-salqueria-blanca-2\\\/#breadcrumb\"},\"inLanguage\":\"ca\",\"potentialAction\":[{\"@type\":\"ReadAction\",\"target\":[\"https:\\\/\\\/www.santanyi.net\\\/ca\\\/property\\\/oportunitat-unica-terreny-amb-projecte-a-salqueria-blanca-2\\\/\"]}]},{\"@type\":\"ImageObject\",\"inLanguage\":\"ca\",\"@id\":\"https:\\\/\\\/www.santanyi.net\\\/ca\\\/property\\\/oportunitat-unica-terreny-amb-projecte-a-salqueria-blanca-2\\\/#primaryimage\",\"url\":\"https:\\\/\\\/www.santanyi.net\\\/wp-content\\\/uploads\\\/anaconda_property_media\\\/26139174-194678\\\/6-1.jpg\",\"contentUrl\":\"https:\\\/\\\/www.santanyi.net\\\/wp-content\\\/uploads\\\/anaconda_property_media\\\/26139174-194678\\\/6-1.jpg\",\"width\":1920,\"height\":643},{\"@type\":\"BreadcrumbList\",\"@id\":\"https:\\\/\\\/www.santanyi.net\\\/ca\\\/property\\\/oportunitat-unica-terreny-amb-projecte-a-salqueria-blanca-2\\\/#breadcrumb\",\"itemListElement\":[{\"@type\":\"ListItem\",\"position\":1,\"name\":\"Home\",\"item\":\"https:\\\/\\\/www.santanyi.net\\\/ca\\\/\"},{\"@type\":\"ListItem\",\"position\":2,\"name\":\"Properties\",\"item\":\"https:\\\/\\\/www.santanyi.net\\\/ca\\\/property\\\/\"},{\"@type\":\"ListItem\",\"position\":3,\"name\":\"Oportunitat \u00danica: Terreny amb Projecte a S&#8217;Alqueria Blanca\"}]},{\"@type\":\"WebSite\",\"@id\":\"https:\\\/\\\/www.santanyi.net\\\/ca\\\/#website\",\"url\":\"https:\\\/\\\/www.santanyi.net\\\/ca\\\/\",\"name\":\"RE\\\/MAX Drac\",\"description\":\"\",\"publisher\":{\"@id\":\"https:\\\/\\\/www.santanyi.net\\\/ca\\\/#organization\"},\"potentialAction\":[{\"@type\":\"SearchAction\",\"target\":{\"@type\":\"EntryPoint\",\"urlTemplate\":\"https:\\\/\\\/www.santanyi.net\\\/ca\\\/?s={search_term_string}\"},\"query-input\":{\"@type\":\"PropertyValueSpecification\",\"valueRequired\":true,\"valueName\":\"search_term_string\"}}],\"inLanguage\":\"ca\"},{\"@type\":\"Organization\",\"@id\":\"https:\\\/\\\/www.santanyi.net\\\/ca\\\/#organization\",\"name\":\"RE\\\/MAX Drac\",\"url\":\"https:\\\/\\\/www.santanyi.net\\\/ca\\\/\",\"logo\":{\"@type\":\"ImageObject\",\"inLanguage\":\"ca\",\"@id\":\"https:\\\/\\\/www.santanyi.net\\\/ca\\\/#\\\/schema\\\/logo\\\/image\\\/\",\"url\":\"https:\\\/\\\/www.santanyi.net\\\/wp-content\\\/uploads\\\/2025\\\/07\\\/logo-nuevo.png\",\"contentUrl\":\"https:\\\/\\\/www.santanyi.net\\\/wp-content\\\/uploads\\\/2025\\\/07\\\/logo-nuevo.png\",\"width\":295,\"height\":165,\"caption\":\"RE\\\/MAX Drac\"},\"image\":{\"@id\":\"https:\\\/\\\/www.santanyi.net\\\/ca\\\/#\\\/schema\\\/logo\\\/image\\\/\"}}]}<\/script>\n<!-- \/ Yoast SEO plugin. -->","yoast_head_json":{"title":"Oportunitat \u00danica: Terreny amb Projecte a S'Alqueria Blanca - RE\/MAX Drac","robots":{"index":"index","follow":"follow","max-snippet":"max-snippet:-1","max-image-preview":"max-image-preview:large","max-video-preview":"max-video-preview:-1"},"canonical":"https:\/\/www.santanyi.net\/ca\/property\/oportunitat-unica-terreny-amb-projecte-a-salqueria-blanca-2\/","og_locale":"ca_ES","og_type":"article","og_title":"Oportunitat \u00danica: Terreny amb Projecte a S'Alqueria Blanca - RE\/MAX Drac","og_description":"Oportunitat \u00danica: Terreny amb Projecte a S&#8217;Alqueria BlancaDescobriu l&#8217;ess\u00e8ncia de Mallorca en aquest espectacular terreny de 20.132 m\u00b2, estrat\u00e8gicament ubicat entre S&#8217;Alqueria Blanca i Portopetro. Aquest enclavament privilegiat us ofereix la tranquil\u00b7litat d&#8217;un paisatge mallorqu\u00ed aut\u00e8ntic, amb la comoditat de tenir el vibrant Portopetro i els seus serveis n\u00e0utics a pocs minuts, aix\u00ed com el [&hellip;]","og_url":"https:\/\/www.santanyi.net\/ca\/property\/oportunitat-unica-terreny-amb-projecte-a-salqueria-blanca-2\/","og_site_name":"RE\/MAX Drac","article_modified_time":"2026-05-01T06:05:24+00:00","og_image":[{"width":1920,"height":643,"url":"https:\/\/www.santanyi.net\/wp-content\/uploads\/anaconda_property_media\/26139174-194678\/6-1.jpg","type":"image\/jpeg"}],"twitter_card":"summary_large_image","twitter_misc":{"Temps estimat de lectura":"2 minuts"},"schema":{"@context":"https:\/\/schema.org","@graph":[{"@type":"WebPage","@id":"https:\/\/www.santanyi.net\/ca\/property\/oportunitat-unica-terreny-amb-projecte-a-salqueria-blanca-2\/","url":"https:\/\/www.santanyi.net\/ca\/property\/oportunitat-unica-terreny-amb-projecte-a-salqueria-blanca-2\/","name":"Oportunitat \u00danica: Terreny amb Projecte a S'Alqueria Blanca - RE\/MAX Drac","isPartOf":{"@id":"https:\/\/www.santanyi.net\/ca\/#website"},"primaryImageOfPage":{"@id":"https:\/\/www.santanyi.net\/ca\/property\/oportunitat-unica-terreny-amb-projecte-a-salqueria-blanca-2\/#primaryimage"},"image":{"@id":"https:\/\/www.santanyi.net\/ca\/property\/oportunitat-unica-terreny-amb-projecte-a-salqueria-blanca-2\/#primaryimage"},"thumbnailUrl":"https:\/\/www.santanyi.net\/wp-content\/uploads\/anaconda_property_media\/26139174-194678\/6-1.jpg","datePublished":"2026-04-30T15:04:20+00:00","dateModified":"2026-05-01T06:05:24+00:00","breadcrumb":{"@id":"https:\/\/www.santanyi.net\/ca\/property\/oportunitat-unica-terreny-amb-projecte-a-salqueria-blanca-2\/#breadcrumb"},"inLanguage":"ca","potentialAction":[{"@type":"ReadAction","target":["https:\/\/www.santanyi.net\/ca\/property\/oportunitat-unica-terreny-amb-projecte-a-salqueria-blanca-2\/"]}]},{"@type":"ImageObject","inLanguage":"ca","@id":"https:\/\/www.santanyi.net\/ca\/property\/oportunitat-unica-terreny-amb-projecte-a-salqueria-blanca-2\/#primaryimage","url":"https:\/\/www.santanyi.net\/wp-content\/uploads\/anaconda_property_media\/26139174-194678\/6-1.jpg","contentUrl":"https:\/\/www.santanyi.net\/wp-content\/uploads\/anaconda_property_media\/26139174-194678\/6-1.jpg","width":1920,"height":643},{"@type":"BreadcrumbList","@id":"https:\/\/www.santanyi.net\/ca\/property\/oportunitat-unica-terreny-amb-projecte-a-salqueria-blanca-2\/#breadcrumb","itemListElement":[{"@type":"ListItem","position":1,"name":"Home","item":"https:\/\/www.santanyi.net\/ca\/"},{"@type":"ListItem","position":2,"name":"Properties","item":"https:\/\/www.santanyi.net\/ca\/property\/"},{"@type":"ListItem","position":3,"name":"Oportunitat \u00danica: Terreny amb Projecte a S&#8217;Alqueria Blanca"}]},{"@type":"WebSite","@id":"https:\/\/www.santanyi.net\/ca\/#website","url":"https:\/\/www.santanyi.net\/ca\/","name":"RE\/MAX Drac","description":"","publisher":{"@id":"https:\/\/www.santanyi.net\/ca\/#organization"},"potentialAction":[{"@type":"SearchAction","target":{"@type":"EntryPoint","urlTemplate":"https:\/\/www.santanyi.net\/ca\/?s={search_term_string}"},"query-input":{"@type":"PropertyValueSpecification","valueRequired":true,"valueName":"search_term_string"}}],"inLanguage":"ca"},{"@type":"Organization","@id":"https:\/\/www.santanyi.net\/ca\/#organization","name":"RE\/MAX Drac","url":"https:\/\/www.santanyi.net\/ca\/","logo":{"@type":"ImageObject","inLanguage":"ca","@id":"https:\/\/www.santanyi.net\/ca\/#\/schema\/logo\/image\/","url":"https:\/\/www.santanyi.net\/wp-content\/uploads\/2025\/07\/logo-nuevo.png","contentUrl":"https:\/\/www.santanyi.net\/wp-content\/uploads\/2025\/07\/logo-nuevo.png","width":295,"height":165,"caption":"RE\/MAX Drac"},"image":{"@id":"https:\/\/www.santanyi.net\/ca\/#\/schema\/logo\/image\/"}}]}},"_links":{"self":[{"href":"https:\/\/www.santanyi.net\/ca\/wp-json\/wp\/v2\/properties\/194684","targetHints":{"allow":["GET"]}}],"collection":[{"href":"https:\/\/www.santanyi.net\/ca\/wp-json\/wp\/v2\/properties"}],"about":[{"href":"https:\/\/www.santanyi.net\/ca\/wp-json\/wp\/v2\/types\/property"}],"author":[{"embeddable":true,"href":"https:\/\/www.santanyi.net\/ca\/wp-json\/wp\/v2\/users\/1"}],"version-history":[{"count":2,"href":"https:\/\/www.santanyi.net\/ca\/wp-json\/wp\/v2\/properties\/194684\/revisions"}],"predecessor-version":[{"id":195944,"href":"https:\/\/www.santanyi.net\/ca\/wp-json\/wp\/v2\/properties\/194684\/revisions\/195944"}],"wp:featuredmedia":[{"embeddable":true,"href":"https:\/\/www.santanyi.net\/ca\/wp-json\/wp\/v2\/media\/194679"}],"wp:attachment":[{"href":"https:\/\/www.santanyi.net\/ca\/wp-json\/wp\/v2\/media?parent=194684"}],"wp:term":[{"taxonomy":"property_type","embeddable":true,"href":"https:\/\/www.santanyi.net\/ca\/wp-json\/wp\/v2\/property_type?post=194684"},{"taxonomy":"property_status","embeddable":true,"href":"https:\/\/www.santanyi.net\/ca\/wp-json\/wp\/v2\/property_status?post=194684"},{"taxonomy":"property_feature","embeddable":true,"href":"https:\/\/www.santanyi.net\/ca\/wp-json\/wp\/v2\/property_feature?post=194684"},{"taxonomy":"property_label","embeddable":true,"href":"https:\/\/www.santanyi.net\/ca\/wp-json\/wp\/v2\/property_label?post=194684"},{"taxonomy":"property_country","embeddable":true,"href":"https:\/\/www.santanyi.net\/ca\/wp-json\/wp\/v2\/property_country?post=194684"},{"taxonomy":"property_state","embeddable":true,"href":"https:\/\/www.santanyi.net\/ca\/wp-json\/wp\/v2\/property_state?post=194684"},{"taxonomy":"property_city","embeddable":true,"href":"https:\/\/www.santanyi.net\/ca\/wp-json\/wp\/v2\/property_city?post=194684"},{"taxonomy":"property_area","embeddable":true,"href":"https:\/\/www.santanyi.net\/ca\/wp-json\/wp\/v2\/property_area?post=194684"}],"curies":[{"name":"wp","href":"https:\/\/api.w.org\/{rel}","templated":true}]}}