
{"id":194660,"date":"2026-04-30T15:04:09","date_gmt":"2026-04-30T15:04:09","guid":{"rendered":"https:\/\/www.santanyi.net\/property\/finca-rustica-en-campos-con-proyecto\/"},"modified":"2026-05-01T06:05:19","modified_gmt":"2026-05-01T06:05:19","slug":"finca-rustica-en-campos-con-proyecto","status":"publish","type":"property","link":"https:\/\/www.santanyi.net\/ca\/property\/finca-rustica-en-campos-con-proyecto\/","title":{"rendered":"Finca R\u00fastica en Campos con Proyecto"},"content":{"rendered":"<p>Al cor de la Mallorca rural, aquesta finca de 14.400 m\u00b2 ofereix l&#8217;oportunitat de construir una elegant casa de 275 m\u00b2 amb un projecte aprovat que combina tradici\u00f3 i modernitat. Dissenyada per aprofitar al m\u00e0xim l&#8217;entorn, la casa comptar\u00e0 amb tres espaioses habitacions, cadascuna amb el seu propi bany en suite, distribu\u00efdes en dues plantes. La planta baixa acollir\u00e0 un ampli sal\u00f3-menjador, connectat a una moderna cuina oberta, tot amb acc\u00e9s directe a una gran terrassa que envolta una piscina de 35 m\u00b2. Aquest espai exterior, amb una acollidora p\u00e8rgola, \u00e9s perfecte per gaudir del clima mediterrani i de les vistes obertes.La distribuci\u00f3 est\u00e0 pensada per oferir comoditat i funcionalitat, amb una habitaci\u00f3 a la planta baixa ideal per a convidats, i les altres dues al primer pis, on l&#8217;habitaci\u00f3 principal disposa d&#8217;un balc\u00f3 privat amb vistes panor\u00e0miques.Connexi\u00f3 amb Campos i els seus ServeisLa ubicaci\u00f3 de la finca permet gaudir de la tranquil\u00b7litat del camp sense renunciar a la proximitat als serveis essencials. A pocs minuts amb bicicleta o a peu, el centre de Campos ofereix tot el necessari per al dia a dia: supermercats, farm\u00e0cies, botigues i una varietat de restaurants i cafeteries on es pot degustar la cuina local. A m\u00e9s, Campos disposa de modernes instal\u00b7lacions esportives i d&#8217;oci, incloent pistes de tennis, pistes de p\u00e0del i un gimn\u00e0s municipal, el que el converteix en un lloc ideal per a aquells que busquen mantenir un estil de vida actiu.Entorn Natural i ProximitatsM\u00e9s enll\u00e0 dels serveis urbans, la finca est\u00e0 situada en un entorn natural de gran bellesa. Una de les principals atraccions d&#8217;aquesta propietat \u00e9s la seva proximitat a la famosa platja d&#8217;Es Trenc, un veritable parad\u00eds natural amb aig\u00fces turqueses i sorres blanques, ideal per a aquells que gaudeixen de la platja i la natura en el seu estat m\u00e9s pur. A m\u00e9s, la finca es troba a nom\u00e9s 30 minuts amb cotxe de Palma, la capital de l&#8217;illa, cosa que facilita l&#8217;acc\u00e9s a l&#8217;aeroport i a tot el que ofereix la vibrant ciutat, des de cultura i gastronomia fins a compres i entreteniment.Aquesta finca r\u00fastica representa una oportunitat \u00fanica per viure en un entorn privilegiat, on la modernitat i l&#8217;estil de vida mediterrani s&#8217;uneixen per oferir una llar excepcional a Mallorca.<\/p>\n","protected":false},"excerpt":{"rendered":"<p>Al cor de la Mallorca rural, aquesta finca de 14.400 m\u00b2 ofereix l&#8217;oportunitat de construir una elegant casa de 275 m\u00b2 amb un projecte aprovat que combina tradici\u00f3 i modernitat. Dissenyada per aprofitar al m\u00e0xim l&#8217;entorn, la casa comptar\u00e0 amb tres espaioses habitacions, cadascuna amb el seu propi bany en suite, distribu\u00efdes en dues plantes. [&hellip;]<\/p>\n","protected":false},"author":1,"featured_media":194655,"parent":0,"menu_order":0,"template":"","property_type":[],"property_status":[2103,2096],"property_feature":[],"property_label":[],"property_country":[],"property_state":[],"property_city":[642],"property_area":[643],"class_list":["post-194660","property","type-property","status-publish","has-post-thumbnail","hentry","property_status-venta-ca","property_status-venta","property_city-campos","property_area-campos"],"acf":[],"property_meta":{"_apg_property_user_edited":["1"],"fave_property_id":["DRAC-RU1196GE"],"fave_property_location":["39.44429619,2.99898066,15"],"houzez_geolocation_lat":["39.44429619"],"houzez_geolocation_long":["2.99898066"],"fave_property_price":["490000"],"fave_property_rent_or_sale":["sale"],"fave_property_year":[null],"fave_property_size_prefix":["m2"],"fave_property_land_postfix":["m2"],"fave_property_land":["14400"],"fave_property_size":["14400"],"fave_property_map_address":["Campos, 07639 Campos"],"fave_property_address":[" , Campos 07639"],"fave_property_zip":["07639"],"fave_property_postal_code":["07639"],"fave_property_map":["1"],"apg_is_using_remote_image_url":["1"],"apg_using_remote_image_urls":["[{\"multimedia_type\":\"Picture\",\"picture_url\":\"https:\/\/fotos15.inmovilla.com\/12732\/24621042\/19-1.jpg\",\"position\":1,\"picture_id\":1,\"media_id\":144239,\"post_id\":194654,\"id\":1,\"attachment_id\":0,\"url\":\"https:\/\/fotos15.inmovilla.com\/12732\/24621042\/19-1.jpg\",\"basename\":\"19-1.jpg\",\"created_date\":\"2026-04-30 15:04:09\",\"is_downloaded\":0,\"is_using_remote\":0},{\"multimedia_type\":\"Picture\",\"picture_url\":\"https:\/\/fotos15.inmovilla.com\/12732\/24621042\/19-2.jpg\",\"position\":2,\"picture_id\":2,\"media_id\":144240,\"post_id\":194654,\"id\":2,\"attachment_id\":0,\"url\":\"https:\/\/fotos15.inmovilla.com\/12732\/24621042\/19-2.jpg\",\"basename\":\"19-2.jpg\",\"created_date\":\"2026-04-30 15:04:09\",\"is_downloaded\":0,\"is_using_remote\":1},{\"multimedia_type\":\"Picture\",\"picture_url\":\"https:\/\/fotos15.inmovilla.com\/12732\/24621042\/19-3.jpg\",\"position\":3,\"picture_id\":3,\"media_id\":144241,\"post_id\":194654,\"id\":3,\"attachment_id\":0,\"url\":\"https:\/\/fotos15.inmovilla.com\/12732\/24621042\/19-3.jpg\",\"basename\":\"19-3.jpg\",\"created_date\":\"2026-04-30 15:04:09\",\"is_downloaded\":0,\"is_using_remote\":1},{\"multimedia_type\":\"Picture\",\"picture_url\":\"https:\/\/fotos15.inmovilla.com\/12732\/24621042\/19-4.jpg\",\"position\":4,\"picture_id\":4,\"media_id\":144242,\"post_id\":194654,\"id\":4,\"attachment_id\":0,\"url\":\"https:\/\/fotos15.inmovilla.com\/12732\/24621042\/19-4.jpg\",\"basename\":\"19-4.jpg\",\"created_date\":\"2026-04-30 15:04:09\",\"is_downloaded\":0,\"is_using_remote\":1},{\"multimedia_type\":\"Picture\",\"picture_url\":\"https:\/\/fotos15.inmovilla.com\/12732\/24621042\/19-5.jpg\",\"position\":5,\"picture_id\":5,\"media_id\":144243,\"post_id\":194654,\"id\":5,\"attachment_id\":0,\"url\":\"https:\/\/fotos15.inmovilla.com\/12732\/24621042\/19-5.jpg\",\"basename\":\"19-5.jpg\",\"created_date\":\"2026-04-30 15:04:09\",\"is_downloaded\":0,\"is_using_remote\":1},{\"multimedia_type\":\"Picture\",\"picture_url\":\"https:\/\/fotos15.inmovilla.com\/12732\/24621042\/19-6.jpg\",\"position\":6,\"picture_id\":6,\"media_id\":144244,\"post_id\":194654,\"id\":6,\"attachment_id\":0,\"url\":\"https:\/\/fotos15.inmovilla.com\/12732\/24621042\/19-6.jpg\",\"basename\":\"19-6.jpg\",\"created_date\":\"2026-04-30 15:04:09\",\"is_downloaded\":0,\"is_using_remote\":1},{\"multimedia_type\":\"Picture\",\"picture_url\":\"https:\/\/fotos15.inmovilla.com\/12732\/24621042\/19-7.jpg\",\"position\":7,\"picture_id\":7,\"media_id\":144245,\"post_id\":194654,\"id\":7,\"attachment_id\":0,\"url\":\"https:\/\/fotos15.inmovilla.com\/12732\/24621042\/19-7.jpg\",\"basename\":\"19-7.jpg\",\"created_date\":\"2026-04-30 15:04:09\",\"is_downloaded\":0,\"is_using_remote\":1},{\"multimedia_type\":\"Picture\",\"picture_url\":\"https:\/\/fotos15.inmovilla.com\/12732\/24621042\/19-8.jpg\",\"position\":8,\"picture_id\":8,\"media_id\":144246,\"post_id\":194654,\"id\":8,\"attachment_id\":0,\"url\":\"https:\/\/fotos15.inmovilla.com\/12732\/24621042\/19-8.jpg\",\"basename\":\"19-8.jpg\",\"created_date\":\"2026-04-30 15:04:09\",\"is_downloaded\":0,\"is_using_remote\":1},{\"multimedia_type\":\"Picture\",\"picture_url\":\"https:\/\/fotos15.inmovilla.com\/12732\/24621042\/19-9.jpg\",\"position\":9,\"picture_id\":9,\"media_id\":144247,\"post_id\":194654,\"id\":9,\"attachment_id\":0,\"url\":\"https:\/\/fotos15.inmovilla.com\/12732\/24621042\/19-9.jpg\",\"basename\":\"19-9.jpg\",\"created_date\":\"2026-04-30 15:04:09\",\"is_downloaded\":0,\"is_using_remote\":1},{\"multimedia_type\":\"Picture\",\"picture_url\":\"https:\/\/fotos15.inmovilla.com\/12732\/24621042\/19-10.jpg\",\"position\":10,\"picture_id\":10,\"media_id\":144248,\"post_id\":194654,\"id\":10,\"attachment_id\":0,\"url\":\"https:\/\/fotos15.inmovilla.com\/12732\/24621042\/19-10.jpg\",\"basename\":\"19-10.jpg\",\"created_date\":\"2026-04-30 15:04:09\",\"is_downloaded\":0,\"is_using_remote\":1},{\"multimedia_type\":\"Picture\",\"picture_url\":\"https:\/\/fotos15.inmovilla.com\/12732\/24621042\/19-11.jpg\",\"position\":11,\"picture_id\":11,\"media_id\":144249,\"post_id\":194654,\"id\":11,\"attachment_id\":0,\"url\":\"https:\/\/fotos15.inmovilla.com\/12732\/24621042\/19-11.jpg\",\"basename\":\"19-11.jpg\",\"created_date\":\"2026-04-30 15:04:09\",\"is_downloaded\":0,\"is_using_remote\":1},{\"multimedia_type\":\"Picture\",\"picture_url\":\"https:\/\/fotos15.inmovilla.com\/12732\/24621042\/19-12.jpg\",\"position\":12,\"picture_id\":12,\"media_id\":144250,\"post_id\":194654,\"id\":12,\"attachment_id\":0,\"url\":\"https:\/\/fotos15.inmovilla.com\/12732\/24621042\/19-12.jpg\",\"basename\":\"19-12.jpg\",\"created_date\":\"2026-04-30 15:04:09\",\"is_downloaded\":0,\"is_using_remote\":1},{\"multimedia_type\":\"Picture\",\"picture_url\":\"https:\/\/fotos15.inmovilla.com\/12732\/24621042\/19-13.jpg\",\"position\":13,\"picture_id\":13,\"media_id\":144251,\"post_id\":194654,\"id\":13,\"attachment_id\":0,\"url\":\"https:\/\/fotos15.inmovilla.com\/12732\/24621042\/19-13.jpg\",\"basename\":\"19-13.jpg\",\"created_date\":\"2026-04-30 15:04:09\",\"is_downloaded\":0,\"is_using_remote\":1}]"],"_thumbnail_id":["194655"],"fave_property_images":["194655"],"apg_property_id":["24621042"],"_wpml_word_count":["388"],"_eael_post_view_count":["5"],"houzez_recently_viewed":["2026-05-01 07:24:26"],"houzez_total_property_views":["5"],"houzez_views_by_date":["a:2:{s:10:\"04-30-2026\";i:2;s:10:\"05-01-2026\";i:3;}"],"_elementor_page_assets":["a:0:{}"]},"yoast_head":"<!-- This site is optimized with the Yoast SEO plugin v27.5 - https:\/\/yoast.com\/product\/yoast-seo-wordpress\/ -->\n<title>Finca R\u00fastica en Campos con Proyecto - RE\/MAX Drac<\/title>\n<meta name=\"robots\" content=\"index, follow, max-snippet:-1, max-image-preview:large, max-video-preview:-1\" \/>\n<link rel=\"canonical\" href=\"https:\/\/www.santanyi.net\/ca\/property\/finca-rustica-en-campos-con-proyecto\/\" \/>\n<meta property=\"og:locale\" content=\"ca_ES\" \/>\n<meta property=\"og:type\" content=\"article\" \/>\n<meta property=\"og:title\" content=\"Finca R\u00fastica en Campos con Proyecto - RE\/MAX Drac\" \/>\n<meta property=\"og:description\" content=\"Al cor de la Mallorca rural, aquesta finca de 14.400 m\u00b2 ofereix l&#8217;oportunitat de construir una elegant casa de 275 m\u00b2 amb un projecte aprovat que combina tradici\u00f3 i modernitat. Dissenyada per aprofitar al m\u00e0xim l&#8217;entorn, la casa comptar\u00e0 amb tres espaioses habitacions, cadascuna amb el seu propi bany en suite, distribu\u00efdes en dues plantes. [&hellip;]\" \/>\n<meta property=\"og:url\" content=\"https:\/\/www.santanyi.net\/ca\/property\/finca-rustica-en-campos-con-proyecto\/\" \/>\n<meta property=\"og:site_name\" content=\"RE\/MAX Drac\" \/>\n<meta property=\"article:modified_time\" content=\"2026-05-01T06:05:19+00:00\" \/>\n<meta property=\"og:image\" content=\"https:\/\/www.santanyi.net\/wp-content\/uploads\/anaconda_property_media\/24621042-194654\/19-1.jpg\" \/>\n\t<meta property=\"og:image:width\" content=\"1920\" \/>\n\t<meta property=\"og:image:height\" content=\"1440\" \/>\n\t<meta property=\"og:image:type\" content=\"image\/jpeg\" \/>\n<meta name=\"twitter:card\" content=\"summary_large_image\" \/>\n<meta name=\"twitter:label1\" content=\"Temps estimat de lectura\" \/>\n\t<meta name=\"twitter:data1\" content=\"2 minuts\" \/>\n<script type=\"application\/ld+json\" class=\"yoast-schema-graph\">{\"@context\":\"https:\\\/\\\/schema.org\",\"@graph\":[{\"@type\":\"WebPage\",\"@id\":\"https:\\\/\\\/www.santanyi.net\\\/ca\\\/property\\\/finca-rustica-en-campos-con-proyecto\\\/\",\"url\":\"https:\\\/\\\/www.santanyi.net\\\/ca\\\/property\\\/finca-rustica-en-campos-con-proyecto\\\/\",\"name\":\"Finca R\u00fastica en Campos con Proyecto - RE\\\/MAX Drac\",\"isPartOf\":{\"@id\":\"https:\\\/\\\/www.santanyi.net\\\/ca\\\/#website\"},\"primaryImageOfPage\":{\"@id\":\"https:\\\/\\\/www.santanyi.net\\\/ca\\\/property\\\/finca-rustica-en-campos-con-proyecto\\\/#primaryimage\"},\"image\":{\"@id\":\"https:\\\/\\\/www.santanyi.net\\\/ca\\\/property\\\/finca-rustica-en-campos-con-proyecto\\\/#primaryimage\"},\"thumbnailUrl\":\"https:\\\/\\\/www.santanyi.net\\\/wp-content\\\/uploads\\\/anaconda_property_media\\\/24621042-194654\\\/19-1.jpg\",\"datePublished\":\"2026-04-30T15:04:09+00:00\",\"dateModified\":\"2026-05-01T06:05:19+00:00\",\"breadcrumb\":{\"@id\":\"https:\\\/\\\/www.santanyi.net\\\/ca\\\/property\\\/finca-rustica-en-campos-con-proyecto\\\/#breadcrumb\"},\"inLanguage\":\"ca\",\"potentialAction\":[{\"@type\":\"ReadAction\",\"target\":[\"https:\\\/\\\/www.santanyi.net\\\/ca\\\/property\\\/finca-rustica-en-campos-con-proyecto\\\/\"]}]},{\"@type\":\"ImageObject\",\"inLanguage\":\"ca\",\"@id\":\"https:\\\/\\\/www.santanyi.net\\\/ca\\\/property\\\/finca-rustica-en-campos-con-proyecto\\\/#primaryimage\",\"url\":\"https:\\\/\\\/www.santanyi.net\\\/wp-content\\\/uploads\\\/anaconda_property_media\\\/24621042-194654\\\/19-1.jpg\",\"contentUrl\":\"https:\\\/\\\/www.santanyi.net\\\/wp-content\\\/uploads\\\/anaconda_property_media\\\/24621042-194654\\\/19-1.jpg\",\"width\":1920,\"height\":1440},{\"@type\":\"BreadcrumbList\",\"@id\":\"https:\\\/\\\/www.santanyi.net\\\/ca\\\/property\\\/finca-rustica-en-campos-con-proyecto\\\/#breadcrumb\",\"itemListElement\":[{\"@type\":\"ListItem\",\"position\":1,\"name\":\"Home\",\"item\":\"https:\\\/\\\/www.santanyi.net\\\/ca\\\/\"},{\"@type\":\"ListItem\",\"position\":2,\"name\":\"Properties\",\"item\":\"https:\\\/\\\/www.santanyi.net\\\/ca\\\/property\\\/\"},{\"@type\":\"ListItem\",\"position\":3,\"name\":\"Finca R\u00fastica en Campos con Proyecto\"}]},{\"@type\":\"WebSite\",\"@id\":\"https:\\\/\\\/www.santanyi.net\\\/ca\\\/#website\",\"url\":\"https:\\\/\\\/www.santanyi.net\\\/ca\\\/\",\"name\":\"RE\\\/MAX Drac\",\"description\":\"\",\"publisher\":{\"@id\":\"https:\\\/\\\/www.santanyi.net\\\/ca\\\/#organization\"},\"potentialAction\":[{\"@type\":\"SearchAction\",\"target\":{\"@type\":\"EntryPoint\",\"urlTemplate\":\"https:\\\/\\\/www.santanyi.net\\\/ca\\\/?s={search_term_string}\"},\"query-input\":{\"@type\":\"PropertyValueSpecification\",\"valueRequired\":true,\"valueName\":\"search_term_string\"}}],\"inLanguage\":\"ca\"},{\"@type\":\"Organization\",\"@id\":\"https:\\\/\\\/www.santanyi.net\\\/ca\\\/#organization\",\"name\":\"RE\\\/MAX Drac\",\"url\":\"https:\\\/\\\/www.santanyi.net\\\/ca\\\/\",\"logo\":{\"@type\":\"ImageObject\",\"inLanguage\":\"ca\",\"@id\":\"https:\\\/\\\/www.santanyi.net\\\/ca\\\/#\\\/schema\\\/logo\\\/image\\\/\",\"url\":\"https:\\\/\\\/www.santanyi.net\\\/wp-content\\\/uploads\\\/2025\\\/07\\\/logo-nuevo.png\",\"contentUrl\":\"https:\\\/\\\/www.santanyi.net\\\/wp-content\\\/uploads\\\/2025\\\/07\\\/logo-nuevo.png\",\"width\":295,\"height\":165,\"caption\":\"RE\\\/MAX Drac\"},\"image\":{\"@id\":\"https:\\\/\\\/www.santanyi.net\\\/ca\\\/#\\\/schema\\\/logo\\\/image\\\/\"}}]}<\/script>\n<!-- \/ Yoast SEO plugin. -->","yoast_head_json":{"title":"Finca R\u00fastica en Campos con Proyecto - RE\/MAX Drac","robots":{"index":"index","follow":"follow","max-snippet":"max-snippet:-1","max-image-preview":"max-image-preview:large","max-video-preview":"max-video-preview:-1"},"canonical":"https:\/\/www.santanyi.net\/ca\/property\/finca-rustica-en-campos-con-proyecto\/","og_locale":"ca_ES","og_type":"article","og_title":"Finca R\u00fastica en Campos con Proyecto - RE\/MAX Drac","og_description":"Al cor de la Mallorca rural, aquesta finca de 14.400 m\u00b2 ofereix l&#8217;oportunitat de construir una elegant casa de 275 m\u00b2 amb un projecte aprovat que combina tradici\u00f3 i modernitat. Dissenyada per aprofitar al m\u00e0xim l&#8217;entorn, la casa comptar\u00e0 amb tres espaioses habitacions, cadascuna amb el seu propi bany en suite, distribu\u00efdes en dues plantes. [&hellip;]","og_url":"https:\/\/www.santanyi.net\/ca\/property\/finca-rustica-en-campos-con-proyecto\/","og_site_name":"RE\/MAX Drac","article_modified_time":"2026-05-01T06:05:19+00:00","og_image":[{"width":1920,"height":1440,"url":"https:\/\/www.santanyi.net\/wp-content\/uploads\/anaconda_property_media\/24621042-194654\/19-1.jpg","type":"image\/jpeg"}],"twitter_card":"summary_large_image","twitter_misc":{"Temps estimat de lectura":"2 minuts"},"schema":{"@context":"https:\/\/schema.org","@graph":[{"@type":"WebPage","@id":"https:\/\/www.santanyi.net\/ca\/property\/finca-rustica-en-campos-con-proyecto\/","url":"https:\/\/www.santanyi.net\/ca\/property\/finca-rustica-en-campos-con-proyecto\/","name":"Finca R\u00fastica en Campos con Proyecto - RE\/MAX Drac","isPartOf":{"@id":"https:\/\/www.santanyi.net\/ca\/#website"},"primaryImageOfPage":{"@id":"https:\/\/www.santanyi.net\/ca\/property\/finca-rustica-en-campos-con-proyecto\/#primaryimage"},"image":{"@id":"https:\/\/www.santanyi.net\/ca\/property\/finca-rustica-en-campos-con-proyecto\/#primaryimage"},"thumbnailUrl":"https:\/\/www.santanyi.net\/wp-content\/uploads\/anaconda_property_media\/24621042-194654\/19-1.jpg","datePublished":"2026-04-30T15:04:09+00:00","dateModified":"2026-05-01T06:05:19+00:00","breadcrumb":{"@id":"https:\/\/www.santanyi.net\/ca\/property\/finca-rustica-en-campos-con-proyecto\/#breadcrumb"},"inLanguage":"ca","potentialAction":[{"@type":"ReadAction","target":["https:\/\/www.santanyi.net\/ca\/property\/finca-rustica-en-campos-con-proyecto\/"]}]},{"@type":"ImageObject","inLanguage":"ca","@id":"https:\/\/www.santanyi.net\/ca\/property\/finca-rustica-en-campos-con-proyecto\/#primaryimage","url":"https:\/\/www.santanyi.net\/wp-content\/uploads\/anaconda_property_media\/24621042-194654\/19-1.jpg","contentUrl":"https:\/\/www.santanyi.net\/wp-content\/uploads\/anaconda_property_media\/24621042-194654\/19-1.jpg","width":1920,"height":1440},{"@type":"BreadcrumbList","@id":"https:\/\/www.santanyi.net\/ca\/property\/finca-rustica-en-campos-con-proyecto\/#breadcrumb","itemListElement":[{"@type":"ListItem","position":1,"name":"Home","item":"https:\/\/www.santanyi.net\/ca\/"},{"@type":"ListItem","position":2,"name":"Properties","item":"https:\/\/www.santanyi.net\/ca\/property\/"},{"@type":"ListItem","position":3,"name":"Finca R\u00fastica en Campos con Proyecto"}]},{"@type":"WebSite","@id":"https:\/\/www.santanyi.net\/ca\/#website","url":"https:\/\/www.santanyi.net\/ca\/","name":"RE\/MAX Drac","description":"","publisher":{"@id":"https:\/\/www.santanyi.net\/ca\/#organization"},"potentialAction":[{"@type":"SearchAction","target":{"@type":"EntryPoint","urlTemplate":"https:\/\/www.santanyi.net\/ca\/?s={search_term_string}"},"query-input":{"@type":"PropertyValueSpecification","valueRequired":true,"valueName":"search_term_string"}}],"inLanguage":"ca"},{"@type":"Organization","@id":"https:\/\/www.santanyi.net\/ca\/#organization","name":"RE\/MAX Drac","url":"https:\/\/www.santanyi.net\/ca\/","logo":{"@type":"ImageObject","inLanguage":"ca","@id":"https:\/\/www.santanyi.net\/ca\/#\/schema\/logo\/image\/","url":"https:\/\/www.santanyi.net\/wp-content\/uploads\/2025\/07\/logo-nuevo.png","contentUrl":"https:\/\/www.santanyi.net\/wp-content\/uploads\/2025\/07\/logo-nuevo.png","width":295,"height":165,"caption":"RE\/MAX Drac"},"image":{"@id":"https:\/\/www.santanyi.net\/ca\/#\/schema\/logo\/image\/"}}]}},"_links":{"self":[{"href":"https:\/\/www.santanyi.net\/ca\/wp-json\/wp\/v2\/properties\/194660","targetHints":{"allow":["GET"]}}],"collection":[{"href":"https:\/\/www.santanyi.net\/ca\/wp-json\/wp\/v2\/properties"}],"about":[{"href":"https:\/\/www.santanyi.net\/ca\/wp-json\/wp\/v2\/types\/property"}],"author":[{"embeddable":true,"href":"https:\/\/www.santanyi.net\/ca\/wp-json\/wp\/v2\/users\/1"}],"version-history":[{"count":1,"href":"https:\/\/www.santanyi.net\/ca\/wp-json\/wp\/v2\/properties\/194660\/revisions"}],"predecessor-version":[{"id":195456,"href":"https:\/\/www.santanyi.net\/ca\/wp-json\/wp\/v2\/properties\/194660\/revisions\/195456"}],"wp:featuredmedia":[{"embeddable":true,"href":"https:\/\/www.santanyi.net\/ca\/wp-json\/wp\/v2\/media\/194655"}],"wp:attachment":[{"href":"https:\/\/www.santanyi.net\/ca\/wp-json\/wp\/v2\/media?parent=194660"}],"wp:term":[{"taxonomy":"property_type","embeddable":true,"href":"https:\/\/www.santanyi.net\/ca\/wp-json\/wp\/v2\/property_type?post=194660"},{"taxonomy":"property_status","embeddable":true,"href":"https:\/\/www.santanyi.net\/ca\/wp-json\/wp\/v2\/property_status?post=194660"},{"taxonomy":"property_feature","embeddable":true,"href":"https:\/\/www.santanyi.net\/ca\/wp-json\/wp\/v2\/property_feature?post=194660"},{"taxonomy":"property_label","embeddable":true,"href":"https:\/\/www.santanyi.net\/ca\/wp-json\/wp\/v2\/property_label?post=194660"},{"taxonomy":"property_country","embeddable":true,"href":"https:\/\/www.santanyi.net\/ca\/wp-json\/wp\/v2\/property_country?post=194660"},{"taxonomy":"property_state","embeddable":true,"href":"https:\/\/www.santanyi.net\/ca\/wp-json\/wp\/v2\/property_state?post=194660"},{"taxonomy":"property_city","embeddable":true,"href":"https:\/\/www.santanyi.net\/ca\/wp-json\/wp\/v2\/property_city?post=194660"},{"taxonomy":"property_area","embeddable":true,"href":"https:\/\/www.santanyi.net\/ca\/wp-json\/wp\/v2\/property_area?post=194660"}],"curies":[{"name":"wp","href":"https:\/\/api.w.org\/{rel}","templated":true}]}}