
{"id":194636,"date":"2026-04-30T15:03:58","date_gmt":"2026-04-30T15:03:58","guid":{"rendered":"https:\/\/www.santanyi.net\/property\/precios-terreny-de-59-000m2-a-prop-de-santanyi\/"},"modified":"2026-05-01T06:05:13","modified_gmt":"2026-05-01T06:05:13","slug":"precios-terreny-de-59-000m2-a-prop-de-santanyi","status":"publish","type":"property","link":"https:\/\/www.santanyi.net\/ca\/property\/precios-terreny-de-59-000m2-a-prop-de-santanyi\/","title":{"rendered":"Preci\u00f3s terreny de 59.000m2 a prop de Santany\u00ed"},"content":{"rendered":"<p>Presentem un terreny excepcional de 59.235 m\u00b2 a una de les zones m\u00e9s demandades del sud-est de Mallorca.<br \/>El que fa \u00fanica aquesta finca no \u00e9s nom\u00e9s la seva mida, sin\u00f3 comptar amb un Projecte aprovat i la Llic\u00e8ncia per construir.<\/p>\n<p>Ubicaci\u00f3 Estrat\u00e8gica<br \/>Situada al triangle d&#8217;or del sud-est:<br \/>Privadesa absoluta: Al tranquil entorn rural de Ses Salines.<br \/>Connectivitat: A nom\u00e9s 5 minuts de l&#8217;\u00e0nima de Santany\u00ed (mercats, art i gastronomia).<\/p>\n<p>Mar: A un pas de les aig\u00fces cristal\u00b7lines des Trenc, Platges de Santanyi, Col\u00f2nia de Sant Jordi i el pintoresc port de Cala Figuera.<\/p>\n<p>El Projecte: Arquitectura, Luxe i Funcionalitat<br \/>La llic\u00e8ncia permet la construcci\u00f3 d&#8217;un imponent habitatge de 482 m\u00b2 distribu\u00efts amb eleg\u00e0ncia i sentit pr\u00e0ctic:<\/p>\n<p>Planta Noble (Zona Social i Descans):<\/p>\n<p>Espai Open-Concept (120 m\u00b2): Sal\u00f3, menjador i cuina de disseny integrats en una \u00e0rea banyada per la llum natural gr\u00e0cies als grans finestrals.<br \/>Suites de Convidats: 2 amplis dormitoris amb bany privat (en suite).<br \/>Extres: Elegant distribu\u00efdor, lavabo de cortesia, rebost i zona de servei.<\/p>\n<p>Planta Superior (El Refugi Mestre):<\/p>\n<p>Master Suite de 57 m\u00b2: Un santuari privat amb vestidor, bany de luxe i acc\u00e9s directe a una terrassa privada de 39 m\u00b2 amb vistes panor\u00e0miques al paisatge mallorqu\u00ed.<\/p>\n<p>Soterrani i Garatge:<br \/>Soterrani de 120 m\u00b2 dissenyat per a la vida moderna: celler, bugaderia, sala t\u00e8cnica i traster.<br \/>Garatge tancat amb capacitat per a 2 cotxes, motos i equipament esportiu.<\/p>\n<p>Exteriors Dissenyats per al &#8220;Lifestyle&#8221; Mallorqu\u00ed<br \/>El projecte exterior \u00e9s un oasi de conviv\u00e8ncia i relaxaci\u00f3:<\/p>\n<p>Piscina de disseny (35 m\u00b2): Envoltada d&#8217;\u00e0mplies zones de sol\u00e0rium.<\/p>\n<p>Un parad\u00eds de terrasses: Gaireb\u00e9 600 m\u00b2 de terrasses, porxos i p\u00e8rgoles que creen microambients de sol i ombra per a sopars a l&#8217;aire lliure i barbacoes.<\/p>\n<p>Hi ha la possibilitat d&#8217;adquirir aquest terreny amb el projecte de luxe totalment finalitzat.<br \/>Una propietat \u00fanica dissenyada per als que busquen exc&#8230;<\/p>\n","protected":false},"excerpt":{"rendered":"<p>Presentem un terreny excepcional de 59.235 m\u00b2 a una de les zones m\u00e9s demandades del sud-est de Mallorca.El que fa \u00fanica aquesta finca no \u00e9s nom\u00e9s la seva mida, sin\u00f3 comptar amb un Projecte aprovat i la Llic\u00e8ncia per construir. Ubicaci\u00f3 Estrat\u00e8gicaSituada al triangle d&#8217;or del sud-est:Privadesa absoluta: Al tranquil entorn rural de Ses Salines.Connectivitat: [&hellip;]<\/p>\n","protected":false},"author":1,"featured_media":194631,"parent":0,"menu_order":0,"template":"","property_type":[],"property_status":[2096,2103],"property_feature":[],"property_label":[],"property_country":[],"property_state":[],"property_city":[635],"property_area":[636],"class_list":["post-194636","property","type-property","status-publish","has-post-thumbnail","hentry","property_status-venta","property_status-venta-ca","property_city-santanyi","property_area-santanyi"],"acf":[],"property_meta":{"_apg_property_user_edited":["1"],"fave_property_id":["DRAC-RU1174DB"],"fave_property_location":["39.362892759912,3.0992887637169,15"],"houzez_geolocation_lat":["39.362892759912"],"houzez_geolocation_long":["3.0992887637169"],"fave_property_price":["920000"],"fave_property_rent_or_sale":["sale"],"fave_property_year":[null],"fave_property_size_prefix":["m2"],"fave_property_land_postfix":["m2"],"fave_property_size":["308"],"fave_property_land":["59000"],"fave_property_map_address":["Santany\u00ed, 07650 Santany\u00ed"],"fave_property_address":[" , Santany\u00ed 07650"],"fave_property_zip":["07650"],"fave_property_postal_code":["07650"],"fave_property_map":["1"],"apg_is_using_remote_image_url":["1"],"apg_using_remote_image_urls":["[{\"multimedia_type\":\"Picture\",\"picture_url\":\"https:\/\/fotos15.inmovilla.com\/12732\/24620889\/4-1.jpg\",\"position\":1,\"picture_id\":1,\"media_id\":144207,\"post_id\":194630,\"id\":1,\"attachment_id\":0,\"url\":\"https:\/\/fotos15.inmovilla.com\/12732\/24620889\/4-1.jpg\",\"basename\":\"4-1.jpg\",\"created_date\":\"2026-04-30 15:03:58\",\"is_downloaded\":0,\"is_using_remote\":0},{\"multimedia_type\":\"Picture\",\"picture_url\":\"https:\/\/fotos15.inmovilla.com\/12732\/24620889\/4-2.jpg\",\"position\":2,\"picture_id\":2,\"media_id\":144208,\"post_id\":194630,\"id\":2,\"attachment_id\":0,\"url\":\"https:\/\/fotos15.inmovilla.com\/12732\/24620889\/4-2.jpg\",\"basename\":\"4-2.jpg\",\"created_date\":\"2026-04-30 15:03:58\",\"is_downloaded\":0,\"is_using_remote\":1},{\"multimedia_type\":\"Picture\",\"picture_url\":\"https:\/\/fotos15.inmovilla.com\/12732\/24620889\/4-3.jpg\",\"position\":3,\"picture_id\":3,\"media_id\":144209,\"post_id\":194630,\"id\":3,\"attachment_id\":0,\"url\":\"https:\/\/fotos15.inmovilla.com\/12732\/24620889\/4-3.jpg\",\"basename\":\"4-3.jpg\",\"created_date\":\"2026-04-30 15:03:58\",\"is_downloaded\":0,\"is_using_remote\":1},{\"multimedia_type\":\"Picture\",\"picture_url\":\"https:\/\/fotos15.inmovilla.com\/12732\/24620889\/4-4.jpg\",\"position\":4,\"picture_id\":4,\"media_id\":144210,\"post_id\":194630,\"id\":4,\"attachment_id\":0,\"url\":\"https:\/\/fotos15.inmovilla.com\/12732\/24620889\/4-4.jpg\",\"basename\":\"4-4.jpg\",\"created_date\":\"2026-04-30 15:03:58\",\"is_downloaded\":0,\"is_using_remote\":1},{\"multimedia_type\":\"Picture\",\"picture_url\":\"https:\/\/fotos15.inmovilla.com\/12732\/24620889\/4-5.jpg\",\"position\":5,\"picture_id\":5,\"media_id\":144211,\"post_id\":194630,\"id\":5,\"attachment_id\":0,\"url\":\"https:\/\/fotos15.inmovilla.com\/12732\/24620889\/4-5.jpg\",\"basename\":\"4-5.jpg\",\"created_date\":\"2026-04-30 15:03:58\",\"is_downloaded\":0,\"is_using_remote\":1},{\"multimedia_type\":\"Picture\",\"picture_url\":\"https:\/\/fotos15.inmovilla.com\/12732\/24620889\/4-6.jpg\",\"position\":6,\"picture_id\":6,\"media_id\":144212,\"post_id\":194630,\"id\":6,\"attachment_id\":0,\"url\":\"https:\/\/fotos15.inmovilla.com\/12732\/24620889\/4-6.jpg\",\"basename\":\"4-6.jpg\",\"created_date\":\"2026-04-30 15:03:58\",\"is_downloaded\":0,\"is_using_remote\":1}]"],"_thumbnail_id":["194631"],"fave_property_images":["194631"],"fave_property_sec_price":["950000"],"apg_property_id":["24620889"],"_wpml_word_count":["334"],"_eael_post_view_count":["5"],"houzez_recently_viewed":["2026-05-01 14:55:21"],"houzez_total_property_views":["5"],"houzez_views_by_date":["a:2:{s:10:\"04-30-2026\";i:1;s:10:\"05-01-2026\";i:4;}"],"_elementor_page_assets":["a:0:{}"]},"yoast_head":"<!-- This site is optimized with the Yoast SEO plugin v27.5 - https:\/\/yoast.com\/product\/yoast-seo-wordpress\/ -->\n<title>Preci\u00f3s terreny de 59.000m2 a prop de Santany\u00ed - RE\/MAX Drac<\/title>\n<meta name=\"robots\" content=\"index, follow, max-snippet:-1, max-image-preview:large, max-video-preview:-1\" \/>\n<link rel=\"canonical\" href=\"https:\/\/www.santanyi.net\/ca\/property\/precios-terreny-de-59-000m2-a-prop-de-santanyi\/\" \/>\n<meta property=\"og:locale\" content=\"ca_ES\" \/>\n<meta property=\"og:type\" content=\"article\" \/>\n<meta property=\"og:title\" content=\"Preci\u00f3s terreny de 59.000m2 a prop de Santany\u00ed - RE\/MAX Drac\" \/>\n<meta property=\"og:description\" content=\"Presentem un terreny excepcional de 59.235 m\u00b2 a una de les zones m\u00e9s demandades del sud-est de Mallorca.El que fa \u00fanica aquesta finca no \u00e9s nom\u00e9s la seva mida, sin\u00f3 comptar amb un Projecte aprovat i la Llic\u00e8ncia per construir. Ubicaci\u00f3 Estrat\u00e8gicaSituada al triangle d&#8217;or del sud-est:Privadesa absoluta: Al tranquil entorn rural de Ses Salines.Connectivitat: [&hellip;]\" \/>\n<meta property=\"og:url\" content=\"https:\/\/www.santanyi.net\/ca\/property\/precios-terreny-de-59-000m2-a-prop-de-santanyi\/\" \/>\n<meta property=\"og:site_name\" content=\"RE\/MAX Drac\" \/>\n<meta property=\"article:modified_time\" content=\"2026-05-01T06:05:13+00:00\" \/>\n<meta property=\"og:image\" content=\"https:\/\/www.santanyi.net\/wp-content\/uploads\/anaconda_property_media\/24620889-194630\/4-1.jpg\" \/>\n\t<meta property=\"og:image:width\" content=\"1920\" \/>\n\t<meta property=\"og:image:height\" content=\"1445\" \/>\n\t<meta property=\"og:image:type\" content=\"image\/jpeg\" \/>\n<meta name=\"twitter:card\" content=\"summary_large_image\" \/>\n<meta name=\"twitter:label1\" content=\"Temps estimat de lectura\" \/>\n\t<meta name=\"twitter:data1\" content=\"2 minuts\" \/>\n<script type=\"application\/ld+json\" class=\"yoast-schema-graph\">{\"@context\":\"https:\\\/\\\/schema.org\",\"@graph\":[{\"@type\":\"WebPage\",\"@id\":\"https:\\\/\\\/www.santanyi.net\\\/ca\\\/property\\\/precios-terreny-de-59-000m2-a-prop-de-santanyi\\\/\",\"url\":\"https:\\\/\\\/www.santanyi.net\\\/ca\\\/property\\\/precios-terreny-de-59-000m2-a-prop-de-santanyi\\\/\",\"name\":\"Preci\u00f3s terreny de 59.000m2 a prop de Santany\u00ed - RE\\\/MAX Drac\",\"isPartOf\":{\"@id\":\"https:\\\/\\\/www.santanyi.net\\\/ca\\\/#website\"},\"primaryImageOfPage\":{\"@id\":\"https:\\\/\\\/www.santanyi.net\\\/ca\\\/property\\\/precios-terreny-de-59-000m2-a-prop-de-santanyi\\\/#primaryimage\"},\"image\":{\"@id\":\"https:\\\/\\\/www.santanyi.net\\\/ca\\\/property\\\/precios-terreny-de-59-000m2-a-prop-de-santanyi\\\/#primaryimage\"},\"thumbnailUrl\":\"https:\\\/\\\/www.santanyi.net\\\/wp-content\\\/uploads\\\/anaconda_property_media\\\/24620889-194630\\\/4-1.jpg\",\"datePublished\":\"2026-04-30T15:03:58+00:00\",\"dateModified\":\"2026-05-01T06:05:13+00:00\",\"breadcrumb\":{\"@id\":\"https:\\\/\\\/www.santanyi.net\\\/ca\\\/property\\\/precios-terreny-de-59-000m2-a-prop-de-santanyi\\\/#breadcrumb\"},\"inLanguage\":\"ca\",\"potentialAction\":[{\"@type\":\"ReadAction\",\"target\":[\"https:\\\/\\\/www.santanyi.net\\\/ca\\\/property\\\/precios-terreny-de-59-000m2-a-prop-de-santanyi\\\/\"]}]},{\"@type\":\"ImageObject\",\"inLanguage\":\"ca\",\"@id\":\"https:\\\/\\\/www.santanyi.net\\\/ca\\\/property\\\/precios-terreny-de-59-000m2-a-prop-de-santanyi\\\/#primaryimage\",\"url\":\"https:\\\/\\\/www.santanyi.net\\\/wp-content\\\/uploads\\\/anaconda_property_media\\\/24620889-194630\\\/4-1.jpg\",\"contentUrl\":\"https:\\\/\\\/www.santanyi.net\\\/wp-content\\\/uploads\\\/anaconda_property_media\\\/24620889-194630\\\/4-1.jpg\",\"width\":1920,\"height\":1445},{\"@type\":\"BreadcrumbList\",\"@id\":\"https:\\\/\\\/www.santanyi.net\\\/ca\\\/property\\\/precios-terreny-de-59-000m2-a-prop-de-santanyi\\\/#breadcrumb\",\"itemListElement\":[{\"@type\":\"ListItem\",\"position\":1,\"name\":\"Home\",\"item\":\"https:\\\/\\\/www.santanyi.net\\\/ca\\\/\"},{\"@type\":\"ListItem\",\"position\":2,\"name\":\"Properties\",\"item\":\"https:\\\/\\\/www.santanyi.net\\\/ca\\\/property\\\/\"},{\"@type\":\"ListItem\",\"position\":3,\"name\":\"Preci\u00f3s terreny de 59.000m2 a prop de Santany\u00ed\"}]},{\"@type\":\"WebSite\",\"@id\":\"https:\\\/\\\/www.santanyi.net\\\/ca\\\/#website\",\"url\":\"https:\\\/\\\/www.santanyi.net\\\/ca\\\/\",\"name\":\"RE\\\/MAX Drac\",\"description\":\"\",\"publisher\":{\"@id\":\"https:\\\/\\\/www.santanyi.net\\\/ca\\\/#organization\"},\"potentialAction\":[{\"@type\":\"SearchAction\",\"target\":{\"@type\":\"EntryPoint\",\"urlTemplate\":\"https:\\\/\\\/www.santanyi.net\\\/ca\\\/?s={search_term_string}\"},\"query-input\":{\"@type\":\"PropertyValueSpecification\",\"valueRequired\":true,\"valueName\":\"search_term_string\"}}],\"inLanguage\":\"ca\"},{\"@type\":\"Organization\",\"@id\":\"https:\\\/\\\/www.santanyi.net\\\/ca\\\/#organization\",\"name\":\"RE\\\/MAX Drac\",\"url\":\"https:\\\/\\\/www.santanyi.net\\\/ca\\\/\",\"logo\":{\"@type\":\"ImageObject\",\"inLanguage\":\"ca\",\"@id\":\"https:\\\/\\\/www.santanyi.net\\\/ca\\\/#\\\/schema\\\/logo\\\/image\\\/\",\"url\":\"https:\\\/\\\/www.santanyi.net\\\/wp-content\\\/uploads\\\/2025\\\/07\\\/logo-nuevo.png\",\"contentUrl\":\"https:\\\/\\\/www.santanyi.net\\\/wp-content\\\/uploads\\\/2025\\\/07\\\/logo-nuevo.png\",\"width\":295,\"height\":165,\"caption\":\"RE\\\/MAX Drac\"},\"image\":{\"@id\":\"https:\\\/\\\/www.santanyi.net\\\/ca\\\/#\\\/schema\\\/logo\\\/image\\\/\"}}]}<\/script>\n<!-- \/ Yoast SEO plugin. -->","yoast_head_json":{"title":"Preci\u00f3s terreny de 59.000m2 a prop de Santany\u00ed - RE\/MAX Drac","robots":{"index":"index","follow":"follow","max-snippet":"max-snippet:-1","max-image-preview":"max-image-preview:large","max-video-preview":"max-video-preview:-1"},"canonical":"https:\/\/www.santanyi.net\/ca\/property\/precios-terreny-de-59-000m2-a-prop-de-santanyi\/","og_locale":"ca_ES","og_type":"article","og_title":"Preci\u00f3s terreny de 59.000m2 a prop de Santany\u00ed - RE\/MAX Drac","og_description":"Presentem un terreny excepcional de 59.235 m\u00b2 a una de les zones m\u00e9s demandades del sud-est de Mallorca.El que fa \u00fanica aquesta finca no \u00e9s nom\u00e9s la seva mida, sin\u00f3 comptar amb un Projecte aprovat i la Llic\u00e8ncia per construir. Ubicaci\u00f3 Estrat\u00e8gicaSituada al triangle d&#8217;or del sud-est:Privadesa absoluta: Al tranquil entorn rural de Ses Salines.Connectivitat: [&hellip;]","og_url":"https:\/\/www.santanyi.net\/ca\/property\/precios-terreny-de-59-000m2-a-prop-de-santanyi\/","og_site_name":"RE\/MAX Drac","article_modified_time":"2026-05-01T06:05:13+00:00","og_image":[{"width":1920,"height":1445,"url":"https:\/\/www.santanyi.net\/wp-content\/uploads\/anaconda_property_media\/24620889-194630\/4-1.jpg","type":"image\/jpeg"}],"twitter_card":"summary_large_image","twitter_misc":{"Temps estimat de lectura":"2 minuts"},"schema":{"@context":"https:\/\/schema.org","@graph":[{"@type":"WebPage","@id":"https:\/\/www.santanyi.net\/ca\/property\/precios-terreny-de-59-000m2-a-prop-de-santanyi\/","url":"https:\/\/www.santanyi.net\/ca\/property\/precios-terreny-de-59-000m2-a-prop-de-santanyi\/","name":"Preci\u00f3s terreny de 59.000m2 a prop de Santany\u00ed - RE\/MAX Drac","isPartOf":{"@id":"https:\/\/www.santanyi.net\/ca\/#website"},"primaryImageOfPage":{"@id":"https:\/\/www.santanyi.net\/ca\/property\/precios-terreny-de-59-000m2-a-prop-de-santanyi\/#primaryimage"},"image":{"@id":"https:\/\/www.santanyi.net\/ca\/property\/precios-terreny-de-59-000m2-a-prop-de-santanyi\/#primaryimage"},"thumbnailUrl":"https:\/\/www.santanyi.net\/wp-content\/uploads\/anaconda_property_media\/24620889-194630\/4-1.jpg","datePublished":"2026-04-30T15:03:58+00:00","dateModified":"2026-05-01T06:05:13+00:00","breadcrumb":{"@id":"https:\/\/www.santanyi.net\/ca\/property\/precios-terreny-de-59-000m2-a-prop-de-santanyi\/#breadcrumb"},"inLanguage":"ca","potentialAction":[{"@type":"ReadAction","target":["https:\/\/www.santanyi.net\/ca\/property\/precios-terreny-de-59-000m2-a-prop-de-santanyi\/"]}]},{"@type":"ImageObject","inLanguage":"ca","@id":"https:\/\/www.santanyi.net\/ca\/property\/precios-terreny-de-59-000m2-a-prop-de-santanyi\/#primaryimage","url":"https:\/\/www.santanyi.net\/wp-content\/uploads\/anaconda_property_media\/24620889-194630\/4-1.jpg","contentUrl":"https:\/\/www.santanyi.net\/wp-content\/uploads\/anaconda_property_media\/24620889-194630\/4-1.jpg","width":1920,"height":1445},{"@type":"BreadcrumbList","@id":"https:\/\/www.santanyi.net\/ca\/property\/precios-terreny-de-59-000m2-a-prop-de-santanyi\/#breadcrumb","itemListElement":[{"@type":"ListItem","position":1,"name":"Home","item":"https:\/\/www.santanyi.net\/ca\/"},{"@type":"ListItem","position":2,"name":"Properties","item":"https:\/\/www.santanyi.net\/ca\/property\/"},{"@type":"ListItem","position":3,"name":"Preci\u00f3s terreny de 59.000m2 a prop de Santany\u00ed"}]},{"@type":"WebSite","@id":"https:\/\/www.santanyi.net\/ca\/#website","url":"https:\/\/www.santanyi.net\/ca\/","name":"RE\/MAX Drac","description":"","publisher":{"@id":"https:\/\/www.santanyi.net\/ca\/#organization"},"potentialAction":[{"@type":"SearchAction","target":{"@type":"EntryPoint","urlTemplate":"https:\/\/www.santanyi.net\/ca\/?s={search_term_string}"},"query-input":{"@type":"PropertyValueSpecification","valueRequired":true,"valueName":"search_term_string"}}],"inLanguage":"ca"},{"@type":"Organization","@id":"https:\/\/www.santanyi.net\/ca\/#organization","name":"RE\/MAX Drac","url":"https:\/\/www.santanyi.net\/ca\/","logo":{"@type":"ImageObject","inLanguage":"ca","@id":"https:\/\/www.santanyi.net\/ca\/#\/schema\/logo\/image\/","url":"https:\/\/www.santanyi.net\/wp-content\/uploads\/2025\/07\/logo-nuevo.png","contentUrl":"https:\/\/www.santanyi.net\/wp-content\/uploads\/2025\/07\/logo-nuevo.png","width":295,"height":165,"caption":"RE\/MAX Drac"},"image":{"@id":"https:\/\/www.santanyi.net\/ca\/#\/schema\/logo\/image\/"}}]}},"_links":{"self":[{"href":"https:\/\/www.santanyi.net\/ca\/wp-json\/wp\/v2\/properties\/194636","targetHints":{"allow":["GET"]}}],"collection":[{"href":"https:\/\/www.santanyi.net\/ca\/wp-json\/wp\/v2\/properties"}],"about":[{"href":"https:\/\/www.santanyi.net\/ca\/wp-json\/wp\/v2\/types\/property"}],"author":[{"embeddable":true,"href":"https:\/\/www.santanyi.net\/ca\/wp-json\/wp\/v2\/users\/1"}],"version-history":[{"count":2,"href":"https:\/\/www.santanyi.net\/ca\/wp-json\/wp\/v2\/properties\/194636\/revisions"}],"predecessor-version":[{"id":195907,"href":"https:\/\/www.santanyi.net\/ca\/wp-json\/wp\/v2\/properties\/194636\/revisions\/195907"}],"wp:featuredmedia":[{"embeddable":true,"href":"https:\/\/www.santanyi.net\/ca\/wp-json\/wp\/v2\/media\/194631"}],"wp:attachment":[{"href":"https:\/\/www.santanyi.net\/ca\/wp-json\/wp\/v2\/media?parent=194636"}],"wp:term":[{"taxonomy":"property_type","embeddable":true,"href":"https:\/\/www.santanyi.net\/ca\/wp-json\/wp\/v2\/property_type?post=194636"},{"taxonomy":"property_status","embeddable":true,"href":"https:\/\/www.santanyi.net\/ca\/wp-json\/wp\/v2\/property_status?post=194636"},{"taxonomy":"property_feature","embeddable":true,"href":"https:\/\/www.santanyi.net\/ca\/wp-json\/wp\/v2\/property_feature?post=194636"},{"taxonomy":"property_label","embeddable":true,"href":"https:\/\/www.santanyi.net\/ca\/wp-json\/wp\/v2\/property_label?post=194636"},{"taxonomy":"property_country","embeddable":true,"href":"https:\/\/www.santanyi.net\/ca\/wp-json\/wp\/v2\/property_country?post=194636"},{"taxonomy":"property_state","embeddable":true,"href":"https:\/\/www.santanyi.net\/ca\/wp-json\/wp\/v2\/property_state?post=194636"},{"taxonomy":"property_city","embeddable":true,"href":"https:\/\/www.santanyi.net\/ca\/wp-json\/wp\/v2\/property_city?post=194636"},{"taxonomy":"property_area","embeddable":true,"href":"https:\/\/www.santanyi.net\/ca\/wp-json\/wp\/v2\/property_area?post=194636"}],"curies":[{"name":"wp","href":"https:\/\/api.w.org\/{rel}","templated":true}]}}