
{"id":194612,"date":"2026-04-30T15:03:52","date_gmt":"2026-04-30T15:03:52","guid":{"rendered":"https:\/\/www.santanyi.net\/property\/sol-rustic-amb-projecte-per-a-la-construccio-duna-finca-rustica-a-santanyi\/"},"modified":"2026-05-01T06:05:07","modified_gmt":"2026-05-01T06:05:07","slug":"sol-rustic-amb-projecte-per-a-la-construccio-duna-finca-rustica-a-santanyi-2","status":"publish","type":"property","link":"https:\/\/www.santanyi.net\/ca\/property\/sol-rustic-amb-projecte-per-a-la-construccio-duna-finca-rustica-a-santanyi-2\/","title":{"rendered":"S\u00f2l r\u00fastic amb projecte per a la construcci\u00f3 d&#8217;una finca r\u00fastica a Santany\u00ed"},"content":{"rendered":"<p>Es presenta una oportunitat d&#8217;inversi\u00f3 excel\u00b7lent a Mallorca a trav\u00e9s de l&#8217;adquisici\u00f3 d&#8217;un terreny amb projecte arquitect\u00f2nic al municipi de Santany\u00ed, una de les zones m\u00e9s exclusives i demandades del sud de l&#8217;illa.<\/p>\n<p>L&#8217;actiu i la ubicaci\u00f3<br \/>Terreny R\u00fastic: 21.999 m2 amb acc\u00e9s definit, topografia suau i una privilegiada orientaci\u00f3 Sud-Sud-oest.<br \/>Entorn: Ubicat en un entorn natural d&#8217;alt valor paisatg\u00edstic.<br \/>Projecte: Projecte b\u00e0sic dhabitatge unifamiliar contempor\u00e0nia ja dissenyat.<\/p>\n<p>Avantatges Immediats i Administratius:<br \/>Aquest \u00e9s un projecte amb la Fase de Tramitaci\u00f3 Avan\u00e7ada, cosa que redueix temps i incertesa administrativa:<br \/>Llic\u00e8ncia Pr\u00f2xima: Projecte b\u00e0sic presentat i llic\u00e8ncia en fase final de concessi\u00f3, cosa que permet iniciar les obres de forma immediata a partir de Gener 2026.<\/p>\n<p>Potencial de Revaloraci\u00f3:<br \/>La recent modificaci\u00f3 de la normativa urban\u00edstica maximitza el valor de la parcel\u00b7la:<br \/>M\u00e0xima Edificabilitat: La nova normativa permet duplicar pr\u00e0cticament la superf\u00edcie edificable, oferint al comprador la possibilitat dadaptar i maximitzar el projecte conforme a la normativa vigent.<\/p>\n<p>Rendibilitat Comprovada:<br \/>Zona d&#8217;alta demanda residencial i tur\u00edstica, amb un potencial fort de revaloraci\u00f3. S&#8217;estimen valors de venda entre 4 i 6 milions d&#8217;euros per a viles acabades. Ideal per a: Inversi\u00f3 en rendibilitat o desenvolupament per a venda.<\/p>\n<p>Opcions de Desenvolupament del Projecte:<br \/>Opci\u00f3 A: Projecte Actual, Projecte b\u00e0sic ja presentat. (420 m2 de Superf\u00edcie Constru\u00efda)<br \/>Habitatge principal de dues plantes amb piscina, barbacoa, porxos i p\u00e8rgoles.<\/p>\n<p>Opci\u00f3 B: M\u00e0xima Edificabilitat (865 m2 de Superf\u00edcie Constru\u00eft)<br \/>Inclou planta baixa, planta pis, garatge, soterrani, annex convidats-gimn\u00e0s, piscina i barbacoa.<\/p>\n<p>Per a m\u00e9s informaci\u00f3 no dubteu a contactar-nos.<\/p>\n","protected":false},"excerpt":{"rendered":"<p>Es presenta una oportunitat d&#8217;inversi\u00f3 excel\u00b7lent a Mallorca a trav\u00e9s de l&#8217;adquisici\u00f3 d&#8217;un terreny amb projecte arquitect\u00f2nic al municipi de Santany\u00ed, una de les zones m\u00e9s exclusives i demandades del sud de l&#8217;illa. L&#8217;actiu i la ubicaci\u00f3Terreny R\u00fastic: 21.999 m2 amb acc\u00e9s definit, topografia suau i una privilegiada orientaci\u00f3 Sud-Sud-oest.Entorn: Ubicat en un entorn natural [&hellip;]<\/p>\n","protected":false},"author":1,"featured_media":194607,"parent":0,"menu_order":0,"template":"","property_type":[],"property_status":[2096,2103],"property_feature":[],"property_label":[],"property_country":[],"property_state":[],"property_city":[635],"property_area":[649],"class_list":["post-194612","property","type-property","status-publish","has-post-thumbnail","hentry","property_status-venta","property_status-venta-ca","property_city-santanyi","property_area-area-de-santanyi"],"acf":[],"property_meta":{"_apg_property_user_edited":["1"],"fave_property_id":["DRAC-RU1205SB"],"fave_property_location":["39.363274275407,3.1525000405945,15"],"houzez_geolocation_lat":["39.363274275407"],"houzez_geolocation_long":["3.1525000405945"],"fave_property_price":["825000"],"fave_property_rent_or_sale":["sale"],"fave_property_year":[null],"fave_property_size_prefix":["m2"],"fave_property_land_postfix":["m2"],"fave_property_land":["21999"],"fave_property_size":["21999"],"fave_property_bedrooms":["3"],"fave_property_bathrooms":["3"],"fave_property_map_address":["\u00c1rea de Santanyi, 07690 Santany\u00ed"],"fave_property_address":[" , Santany\u00ed 07690"],"fave_property_zip":["07690"],"fave_property_postal_code":["07690"],"fave_property_map":["1"],"apg_is_using_remote_image_url":["1"],"apg_using_remote_image_urls":["[{\"multimedia_type\":\"Picture\",\"picture_url\":\"https:\/\/fotos15.inmovilla.com\/12732\/26019284\/6-1.jpg\",\"position\":1,\"picture_id\":1,\"media_id\":144169,\"post_id\":194606,\"id\":1,\"attachment_id\":0,\"url\":\"https:\/\/fotos15.inmovilla.com\/12732\/26019284\/6-1.jpg\",\"basename\":\"6-1.jpg\",\"created_date\":\"2026-04-30 15:03:53\",\"is_downloaded\":0,\"is_using_remote\":0},{\"multimedia_type\":\"Picture\",\"picture_url\":\"https:\/\/fotos15.inmovilla.com\/12732\/26019284\/6-2.jpg\",\"position\":2,\"picture_id\":2,\"media_id\":144170,\"post_id\":194606,\"id\":2,\"attachment_id\":0,\"url\":\"https:\/\/fotos15.inmovilla.com\/12732\/26019284\/6-2.jpg\",\"basename\":\"6-2.jpg\",\"created_date\":\"2026-04-30 15:03:53\",\"is_downloaded\":0,\"is_using_remote\":1},{\"multimedia_type\":\"Picture\",\"picture_url\":\"https:\/\/fotos15.inmovilla.com\/12732\/26019284\/6-3.jpg\",\"position\":3,\"picture_id\":3,\"media_id\":144171,\"post_id\":194606,\"id\":3,\"attachment_id\":0,\"url\":\"https:\/\/fotos15.inmovilla.com\/12732\/26019284\/6-3.jpg\",\"basename\":\"6-3.jpg\",\"created_date\":\"2026-04-30 15:03:53\",\"is_downloaded\":0,\"is_using_remote\":1},{\"multimedia_type\":\"Picture\",\"picture_url\":\"https:\/\/fotos15.inmovilla.com\/12732\/26019284\/6-4.jpg\",\"position\":4,\"picture_id\":4,\"media_id\":144172,\"post_id\":194606,\"id\":4,\"attachment_id\":0,\"url\":\"https:\/\/fotos15.inmovilla.com\/12732\/26019284\/6-4.jpg\",\"basename\":\"6-4.jpg\",\"created_date\":\"2026-04-30 15:03:53\",\"is_downloaded\":0,\"is_using_remote\":1},{\"multimedia_type\":\"Picture\",\"picture_url\":\"https:\/\/fotos15.inmovilla.com\/12732\/26019284\/6-5.jpg\",\"position\":5,\"picture_id\":5,\"media_id\":144173,\"post_id\":194606,\"id\":5,\"attachment_id\":0,\"url\":\"https:\/\/fotos15.inmovilla.com\/12732\/26019284\/6-5.jpg\",\"basename\":\"6-5.jpg\",\"created_date\":\"2026-04-30 15:03:53\",\"is_downloaded\":0,\"is_using_remote\":1},{\"multimedia_type\":\"Picture\",\"picture_url\":\"https:\/\/fotos15.inmovilla.com\/12732\/26019284\/6-6.jpg\",\"position\":6,\"picture_id\":6,\"media_id\":144174,\"post_id\":194606,\"id\":6,\"attachment_id\":0,\"url\":\"https:\/\/fotos15.inmovilla.com\/12732\/26019284\/6-6.jpg\",\"basename\":\"6-6.jpg\",\"created_date\":\"2026-04-30 15:03:53\",\"is_downloaded\":0,\"is_using_remote\":1},{\"multimedia_type\":\"Picture\",\"picture_url\":\"https:\/\/fotos15.inmovilla.com\/12732\/26019284\/6-7.jpg\",\"position\":7,\"picture_id\":7,\"media_id\":144175,\"post_id\":194606,\"id\":7,\"attachment_id\":0,\"url\":\"https:\/\/fotos15.inmovilla.com\/12732\/26019284\/6-7.jpg\",\"basename\":\"6-7.jpg\",\"created_date\":\"2026-04-30 15:03:53\",\"is_downloaded\":0,\"is_using_remote\":1},{\"multimedia_type\":\"Picture\",\"picture_url\":\"https:\/\/fotos15.inmovilla.com\/12732\/26019284\/6-8.jpg\",\"position\":8,\"picture_id\":8,\"media_id\":144176,\"post_id\":194606,\"id\":8,\"attachment_id\":0,\"url\":\"https:\/\/fotos15.inmovilla.com\/12732\/26019284\/6-8.jpg\",\"basename\":\"6-8.jpg\",\"created_date\":\"2026-04-30 15:03:53\",\"is_downloaded\":0,\"is_using_remote\":1},{\"multimedia_type\":\"Picture\",\"picture_url\":\"https:\/\/fotos15.inmovilla.com\/12732\/26019284\/6-9.jpg\",\"position\":9,\"picture_id\":9,\"media_id\":144177,\"post_id\":194606,\"id\":9,\"attachment_id\":0,\"url\":\"https:\/\/fotos15.inmovilla.com\/12732\/26019284\/6-9.jpg\",\"basename\":\"6-9.jpg\",\"created_date\":\"2026-04-30 15:03:53\",\"is_downloaded\":0,\"is_using_remote\":1}]"],"_thumbnail_id":["194607"],"fave_property_images":["194607"],"apg_property_id":["26019284"],"_wpml_word_count":["322"],"houzez_recently_viewed":["2026-05-01 12:59:26"],"houzez_total_property_views":["3"],"houzez_views_by_date":["a:1:{s:10:\"05-01-2026\";i:3;}"],"_eael_post_view_count":["3"],"_elementor_page_assets":["a:0:{}"]},"yoast_head":"<!-- This site is optimized with the Yoast SEO plugin v27.5 - https:\/\/yoast.com\/product\/yoast-seo-wordpress\/ -->\n<title>S\u00f2l r\u00fastic amb projecte per a la construcci\u00f3 d&#039;una finca r\u00fastica a Santany\u00ed - RE\/MAX Drac<\/title>\n<meta name=\"robots\" content=\"index, follow, max-snippet:-1, max-image-preview:large, max-video-preview:-1\" \/>\n<link rel=\"canonical\" href=\"https:\/\/www.santanyi.net\/ca\/property\/sol-rustic-amb-projecte-per-a-la-construccio-duna-finca-rustica-a-santanyi-2\/\" \/>\n<meta property=\"og:locale\" content=\"ca_ES\" \/>\n<meta property=\"og:type\" content=\"article\" \/>\n<meta property=\"og:title\" content=\"S\u00f2l r\u00fastic amb projecte per a la construcci\u00f3 d&#039;una finca r\u00fastica a Santany\u00ed - RE\/MAX Drac\" \/>\n<meta property=\"og:description\" content=\"Es presenta una oportunitat d&#8217;inversi\u00f3 excel\u00b7lent a Mallorca a trav\u00e9s de l&#8217;adquisici\u00f3 d&#8217;un terreny amb projecte arquitect\u00f2nic al municipi de Santany\u00ed, una de les zones m\u00e9s exclusives i demandades del sud de l&#8217;illa. L&#8217;actiu i la ubicaci\u00f3Terreny R\u00fastic: 21.999 m2 amb acc\u00e9s definit, topografia suau i una privilegiada orientaci\u00f3 Sud-Sud-oest.Entorn: Ubicat en un entorn natural [&hellip;]\" \/>\n<meta property=\"og:url\" content=\"https:\/\/www.santanyi.net\/ca\/property\/sol-rustic-amb-projecte-per-a-la-construccio-duna-finca-rustica-a-santanyi-2\/\" \/>\n<meta property=\"og:site_name\" content=\"RE\/MAX Drac\" \/>\n<meta property=\"article:modified_time\" content=\"2026-05-01T06:05:07+00:00\" \/>\n<meta property=\"og:image\" content=\"https:\/\/www.santanyi.net\/wp-content\/uploads\/anaconda_property_media\/26019284-194606\/6-1.jpg\" \/>\n\t<meta property=\"og:image:width\" content=\"1024\" \/>\n\t<meta property=\"og:image:height\" content=\"683\" \/>\n\t<meta property=\"og:image:type\" content=\"image\/jpeg\" \/>\n<meta name=\"twitter:card\" content=\"summary_large_image\" \/>\n<meta name=\"twitter:label1\" content=\"Temps estimat de lectura\" \/>\n\t<meta name=\"twitter:data1\" content=\"1 minut\" \/>\n<script type=\"application\/ld+json\" class=\"yoast-schema-graph\">{\"@context\":\"https:\\\/\\\/schema.org\",\"@graph\":[{\"@type\":\"WebPage\",\"@id\":\"https:\\\/\\\/www.santanyi.net\\\/ca\\\/property\\\/sol-rustic-amb-projecte-per-a-la-construccio-duna-finca-rustica-a-santanyi-2\\\/\",\"url\":\"https:\\\/\\\/www.santanyi.net\\\/ca\\\/property\\\/sol-rustic-amb-projecte-per-a-la-construccio-duna-finca-rustica-a-santanyi-2\\\/\",\"name\":\"S\u00f2l r\u00fastic amb projecte per a la construcci\u00f3 d'una finca r\u00fastica a Santany\u00ed - RE\\\/MAX Drac\",\"isPartOf\":{\"@id\":\"https:\\\/\\\/www.santanyi.net\\\/ca\\\/#website\"},\"primaryImageOfPage\":{\"@id\":\"https:\\\/\\\/www.santanyi.net\\\/ca\\\/property\\\/sol-rustic-amb-projecte-per-a-la-construccio-duna-finca-rustica-a-santanyi-2\\\/#primaryimage\"},\"image\":{\"@id\":\"https:\\\/\\\/www.santanyi.net\\\/ca\\\/property\\\/sol-rustic-amb-projecte-per-a-la-construccio-duna-finca-rustica-a-santanyi-2\\\/#primaryimage\"},\"thumbnailUrl\":\"https:\\\/\\\/www.santanyi.net\\\/wp-content\\\/uploads\\\/anaconda_property_media\\\/26019284-194606\\\/6-1.jpg\",\"datePublished\":\"2026-04-30T15:03:52+00:00\",\"dateModified\":\"2026-05-01T06:05:07+00:00\",\"breadcrumb\":{\"@id\":\"https:\\\/\\\/www.santanyi.net\\\/ca\\\/property\\\/sol-rustic-amb-projecte-per-a-la-construccio-duna-finca-rustica-a-santanyi-2\\\/#breadcrumb\"},\"inLanguage\":\"ca\",\"potentialAction\":[{\"@type\":\"ReadAction\",\"target\":[\"https:\\\/\\\/www.santanyi.net\\\/ca\\\/property\\\/sol-rustic-amb-projecte-per-a-la-construccio-duna-finca-rustica-a-santanyi-2\\\/\"]}]},{\"@type\":\"ImageObject\",\"inLanguage\":\"ca\",\"@id\":\"https:\\\/\\\/www.santanyi.net\\\/ca\\\/property\\\/sol-rustic-amb-projecte-per-a-la-construccio-duna-finca-rustica-a-santanyi-2\\\/#primaryimage\",\"url\":\"https:\\\/\\\/www.santanyi.net\\\/wp-content\\\/uploads\\\/anaconda_property_media\\\/26019284-194606\\\/6-1.jpg\",\"contentUrl\":\"https:\\\/\\\/www.santanyi.net\\\/wp-content\\\/uploads\\\/anaconda_property_media\\\/26019284-194606\\\/6-1.jpg\",\"width\":1024,\"height\":683},{\"@type\":\"BreadcrumbList\",\"@id\":\"https:\\\/\\\/www.santanyi.net\\\/ca\\\/property\\\/sol-rustic-amb-projecte-per-a-la-construccio-duna-finca-rustica-a-santanyi-2\\\/#breadcrumb\",\"itemListElement\":[{\"@type\":\"ListItem\",\"position\":1,\"name\":\"Home\",\"item\":\"https:\\\/\\\/www.santanyi.net\\\/ca\\\/\"},{\"@type\":\"ListItem\",\"position\":2,\"name\":\"Properties\",\"item\":\"https:\\\/\\\/www.santanyi.net\\\/ca\\\/property\\\/\"},{\"@type\":\"ListItem\",\"position\":3,\"name\":\"S\u00f2l r\u00fastic amb projecte per a la construcci\u00f3 d&#8217;una finca r\u00fastica a Santany\u00ed\"}]},{\"@type\":\"WebSite\",\"@id\":\"https:\\\/\\\/www.santanyi.net\\\/ca\\\/#website\",\"url\":\"https:\\\/\\\/www.santanyi.net\\\/ca\\\/\",\"name\":\"RE\\\/MAX Drac\",\"description\":\"\",\"publisher\":{\"@id\":\"https:\\\/\\\/www.santanyi.net\\\/ca\\\/#organization\"},\"potentialAction\":[{\"@type\":\"SearchAction\",\"target\":{\"@type\":\"EntryPoint\",\"urlTemplate\":\"https:\\\/\\\/www.santanyi.net\\\/ca\\\/?s={search_term_string}\"},\"query-input\":{\"@type\":\"PropertyValueSpecification\",\"valueRequired\":true,\"valueName\":\"search_term_string\"}}],\"inLanguage\":\"ca\"},{\"@type\":\"Organization\",\"@id\":\"https:\\\/\\\/www.santanyi.net\\\/ca\\\/#organization\",\"name\":\"RE\\\/MAX Drac\",\"url\":\"https:\\\/\\\/www.santanyi.net\\\/ca\\\/\",\"logo\":{\"@type\":\"ImageObject\",\"inLanguage\":\"ca\",\"@id\":\"https:\\\/\\\/www.santanyi.net\\\/ca\\\/#\\\/schema\\\/logo\\\/image\\\/\",\"url\":\"https:\\\/\\\/www.santanyi.net\\\/wp-content\\\/uploads\\\/2025\\\/07\\\/logo-nuevo.png\",\"contentUrl\":\"https:\\\/\\\/www.santanyi.net\\\/wp-content\\\/uploads\\\/2025\\\/07\\\/logo-nuevo.png\",\"width\":295,\"height\":165,\"caption\":\"RE\\\/MAX Drac\"},\"image\":{\"@id\":\"https:\\\/\\\/www.santanyi.net\\\/ca\\\/#\\\/schema\\\/logo\\\/image\\\/\"}}]}<\/script>\n<!-- \/ Yoast SEO plugin. -->","yoast_head_json":{"title":"S\u00f2l r\u00fastic amb projecte per a la construcci\u00f3 d'una finca r\u00fastica a Santany\u00ed - RE\/MAX Drac","robots":{"index":"index","follow":"follow","max-snippet":"max-snippet:-1","max-image-preview":"max-image-preview:large","max-video-preview":"max-video-preview:-1"},"canonical":"https:\/\/www.santanyi.net\/ca\/property\/sol-rustic-amb-projecte-per-a-la-construccio-duna-finca-rustica-a-santanyi-2\/","og_locale":"ca_ES","og_type":"article","og_title":"S\u00f2l r\u00fastic amb projecte per a la construcci\u00f3 d'una finca r\u00fastica a Santany\u00ed - RE\/MAX Drac","og_description":"Es presenta una oportunitat d&#8217;inversi\u00f3 excel\u00b7lent a Mallorca a trav\u00e9s de l&#8217;adquisici\u00f3 d&#8217;un terreny amb projecte arquitect\u00f2nic al municipi de Santany\u00ed, una de les zones m\u00e9s exclusives i demandades del sud de l&#8217;illa. L&#8217;actiu i la ubicaci\u00f3Terreny R\u00fastic: 21.999 m2 amb acc\u00e9s definit, topografia suau i una privilegiada orientaci\u00f3 Sud-Sud-oest.Entorn: Ubicat en un entorn natural [&hellip;]","og_url":"https:\/\/www.santanyi.net\/ca\/property\/sol-rustic-amb-projecte-per-a-la-construccio-duna-finca-rustica-a-santanyi-2\/","og_site_name":"RE\/MAX Drac","article_modified_time":"2026-05-01T06:05:07+00:00","og_image":[{"width":1024,"height":683,"url":"https:\/\/www.santanyi.net\/wp-content\/uploads\/anaconda_property_media\/26019284-194606\/6-1.jpg","type":"image\/jpeg"}],"twitter_card":"summary_large_image","twitter_misc":{"Temps estimat de lectura":"1 minut"},"schema":{"@context":"https:\/\/schema.org","@graph":[{"@type":"WebPage","@id":"https:\/\/www.santanyi.net\/ca\/property\/sol-rustic-amb-projecte-per-a-la-construccio-duna-finca-rustica-a-santanyi-2\/","url":"https:\/\/www.santanyi.net\/ca\/property\/sol-rustic-amb-projecte-per-a-la-construccio-duna-finca-rustica-a-santanyi-2\/","name":"S\u00f2l r\u00fastic amb projecte per a la construcci\u00f3 d'una finca r\u00fastica a Santany\u00ed - RE\/MAX Drac","isPartOf":{"@id":"https:\/\/www.santanyi.net\/ca\/#website"},"primaryImageOfPage":{"@id":"https:\/\/www.santanyi.net\/ca\/property\/sol-rustic-amb-projecte-per-a-la-construccio-duna-finca-rustica-a-santanyi-2\/#primaryimage"},"image":{"@id":"https:\/\/www.santanyi.net\/ca\/property\/sol-rustic-amb-projecte-per-a-la-construccio-duna-finca-rustica-a-santanyi-2\/#primaryimage"},"thumbnailUrl":"https:\/\/www.santanyi.net\/wp-content\/uploads\/anaconda_property_media\/26019284-194606\/6-1.jpg","datePublished":"2026-04-30T15:03:52+00:00","dateModified":"2026-05-01T06:05:07+00:00","breadcrumb":{"@id":"https:\/\/www.santanyi.net\/ca\/property\/sol-rustic-amb-projecte-per-a-la-construccio-duna-finca-rustica-a-santanyi-2\/#breadcrumb"},"inLanguage":"ca","potentialAction":[{"@type":"ReadAction","target":["https:\/\/www.santanyi.net\/ca\/property\/sol-rustic-amb-projecte-per-a-la-construccio-duna-finca-rustica-a-santanyi-2\/"]}]},{"@type":"ImageObject","inLanguage":"ca","@id":"https:\/\/www.santanyi.net\/ca\/property\/sol-rustic-amb-projecte-per-a-la-construccio-duna-finca-rustica-a-santanyi-2\/#primaryimage","url":"https:\/\/www.santanyi.net\/wp-content\/uploads\/anaconda_property_media\/26019284-194606\/6-1.jpg","contentUrl":"https:\/\/www.santanyi.net\/wp-content\/uploads\/anaconda_property_media\/26019284-194606\/6-1.jpg","width":1024,"height":683},{"@type":"BreadcrumbList","@id":"https:\/\/www.santanyi.net\/ca\/property\/sol-rustic-amb-projecte-per-a-la-construccio-duna-finca-rustica-a-santanyi-2\/#breadcrumb","itemListElement":[{"@type":"ListItem","position":1,"name":"Home","item":"https:\/\/www.santanyi.net\/ca\/"},{"@type":"ListItem","position":2,"name":"Properties","item":"https:\/\/www.santanyi.net\/ca\/property\/"},{"@type":"ListItem","position":3,"name":"S\u00f2l r\u00fastic amb projecte per a la construcci\u00f3 d&#8217;una finca r\u00fastica a Santany\u00ed"}]},{"@type":"WebSite","@id":"https:\/\/www.santanyi.net\/ca\/#website","url":"https:\/\/www.santanyi.net\/ca\/","name":"RE\/MAX Drac","description":"","publisher":{"@id":"https:\/\/www.santanyi.net\/ca\/#organization"},"potentialAction":[{"@type":"SearchAction","target":{"@type":"EntryPoint","urlTemplate":"https:\/\/www.santanyi.net\/ca\/?s={search_term_string}"},"query-input":{"@type":"PropertyValueSpecification","valueRequired":true,"valueName":"search_term_string"}}],"inLanguage":"ca"},{"@type":"Organization","@id":"https:\/\/www.santanyi.net\/ca\/#organization","name":"RE\/MAX Drac","url":"https:\/\/www.santanyi.net\/ca\/","logo":{"@type":"ImageObject","inLanguage":"ca","@id":"https:\/\/www.santanyi.net\/ca\/#\/schema\/logo\/image\/","url":"https:\/\/www.santanyi.net\/wp-content\/uploads\/2025\/07\/logo-nuevo.png","contentUrl":"https:\/\/www.santanyi.net\/wp-content\/uploads\/2025\/07\/logo-nuevo.png","width":295,"height":165,"caption":"RE\/MAX Drac"},"image":{"@id":"https:\/\/www.santanyi.net\/ca\/#\/schema\/logo\/image\/"}}]}},"_links":{"self":[{"href":"https:\/\/www.santanyi.net\/ca\/wp-json\/wp\/v2\/properties\/194612","targetHints":{"allow":["GET"]}}],"collection":[{"href":"https:\/\/www.santanyi.net\/ca\/wp-json\/wp\/v2\/properties"}],"about":[{"href":"https:\/\/www.santanyi.net\/ca\/wp-json\/wp\/v2\/types\/property"}],"author":[{"embeddable":true,"href":"https:\/\/www.santanyi.net\/ca\/wp-json\/wp\/v2\/users\/1"}],"version-history":[{"count":2,"href":"https:\/\/www.santanyi.net\/ca\/wp-json\/wp\/v2\/properties\/194612\/revisions"}],"predecessor-version":[{"id":195885,"href":"https:\/\/www.santanyi.net\/ca\/wp-json\/wp\/v2\/properties\/194612\/revisions\/195885"}],"wp:featuredmedia":[{"embeddable":true,"href":"https:\/\/www.santanyi.net\/ca\/wp-json\/wp\/v2\/media\/194607"}],"wp:attachment":[{"href":"https:\/\/www.santanyi.net\/ca\/wp-json\/wp\/v2\/media?parent=194612"}],"wp:term":[{"taxonomy":"property_type","embeddable":true,"href":"https:\/\/www.santanyi.net\/ca\/wp-json\/wp\/v2\/property_type?post=194612"},{"taxonomy":"property_status","embeddable":true,"href":"https:\/\/www.santanyi.net\/ca\/wp-json\/wp\/v2\/property_status?post=194612"},{"taxonomy":"property_feature","embeddable":true,"href":"https:\/\/www.santanyi.net\/ca\/wp-json\/wp\/v2\/property_feature?post=194612"},{"taxonomy":"property_label","embeddable":true,"href":"https:\/\/www.santanyi.net\/ca\/wp-json\/wp\/v2\/property_label?post=194612"},{"taxonomy":"property_country","embeddable":true,"href":"https:\/\/www.santanyi.net\/ca\/wp-json\/wp\/v2\/property_country?post=194612"},{"taxonomy":"property_state","embeddable":true,"href":"https:\/\/www.santanyi.net\/ca\/wp-json\/wp\/v2\/property_state?post=194612"},{"taxonomy":"property_city","embeddable":true,"href":"https:\/\/www.santanyi.net\/ca\/wp-json\/wp\/v2\/property_city?post=194612"},{"taxonomy":"property_area","embeddable":true,"href":"https:\/\/www.santanyi.net\/ca\/wp-json\/wp\/v2\/property_area?post=194612"}],"curies":[{"name":"wp","href":"https:\/\/api.w.org\/{rel}","templated":true}]}}