
{"id":194572,"date":"2026-04-30T15:03:41","date_gmt":"2026-04-30T15:03:41","guid":{"rendered":"https:\/\/www.santanyi.net\/property\/lluminos-acollidor-i-moblat-apartament-al-segon-pis-amb-aire-condicionat-i-radiadors-electrics-a-santanyi\/"},"modified":"2026-04-30T16:49:53","modified_gmt":"2026-04-30T16:49:53","slug":"lluminos-acollidor-i-moblat-apartament-al-segon-pis-amb-aire-condicionat-i-radiadors-electrics-a-santanyi-3","status":"publish","type":"property","link":"https:\/\/www.santanyi.net\/ca\/property\/lluminos-acollidor-i-moblat-apartament-al-segon-pis-amb-aire-condicionat-i-radiadors-electrics-a-santanyi-3\/","title":{"rendered":"Llumin\u00f3s, acollidor i moblat apartament al segon pis amb aire condicionat i radiadors el\u00e8ctrics a Santany\u00ed."},"content":{"rendered":"<p>CONSULTES NOM\u00c9S PER CORREU ELECTR\u00d2NIC! Aquest bonic i llumin\u00f3s apartament est\u00e0 situat al cor de Santany\u00ed, en un carrer tranquil per\u00f2 c\u00e8ntric. Disposa de tres dormitoris que ofereixen comoditat i privacitat. Amb dos banys amb dutxes, \u00e9s ideal per a parelles o fam\u00edlies. La cuina est\u00e0 totalment equipada amb electrodom\u00e8stics moderns, com ara rentaplats, forn i microones. Tamb\u00e9 hi ha un petit safareig amb rentadora i assecadora. Els dormitoris i la sala d&#8217;estar tenen aire condicionat, cosa que garanteix la comoditat durant tot l&#8217;any. Aquest encantador apartament tamb\u00e9 ofereix acc\u00e9s a una terrassa compartida a la terrassa. Parades d&#8217;autob\u00fas, botigues, escoles i instal\u00b7lacions esportives es troben a poca dist\u00e0ncia a peu. Nom\u00e9s lloguer de segona resid\u00e8ncia! Es requereix una fian\u00e7a de dos mesos de lloguer. Calen garanties i refer\u00e8ncies de pagament.<\/p>\n","protected":false},"excerpt":{"rendered":"<p>CONSULTES NOM\u00c9S PER CORREU ELECTR\u00d2NIC! Aquest bonic i llumin\u00f3s apartament est\u00e0 situat al cor de Santany\u00ed, en un carrer tranquil per\u00f2 c\u00e8ntric. Disposa de tres dormitoris que ofereixen comoditat i privacitat. Amb dos banys amb dutxes, \u00e9s ideal per a parelles o fam\u00edlies. La cuina est\u00e0 totalment equipada amb electrodom\u00e8stics moderns, com ara rentaplats, forn [&hellip;]<\/p>\n","protected":false},"author":1,"featured_media":194567,"parent":0,"menu_order":0,"template":"","property_type":[2173],"property_status":[2135,2140],"property_feature":[1799,1765,1867,1851,1869,1975,1982,1964,1871,1872,1805,1807,1809],"property_label":[],"property_country":[],"property_state":[],"property_city":[635],"property_area":[636],"class_list":["post-194572","property","type-property","status-publish","has-post-thumbnail","hentry","property_type-piso-ca","property_status-alquilar","property_status-alquilar-ca","property_feature-aire_con-ca","property_feature-aire_con","property_feature-arma_empo-ca","property_feature-arma_empo","property_feature-autobuses-ca","property_feature-bombafriocalor","property_feature-bombafriocalor-ca","property_feature-centros_comerciales-ca","property_feature-cocina_inde-ca","property_feature-colegios-ca","property_feature-electro-ca","property_feature-lavanderia-ca","property_feature-muebles-ca","property_city-santanyi","property_area-santanyi"],"acf":[],"property_meta":{"_apg_property_user_edited":["1"],"fave_property_id":["DRAC-AA1532-YK"],"fave_property_location":["39.351221056702,3.1247194003238,15"],"houzez_geolocation_lat":["39.351221056702"],"houzez_geolocation_long":["3.1247194003238"],"fave_property_price":["1300"],"fave_property_rent_or_sale":["rent"],"fave_property_year":[null],"fave_property_size_prefix":["m2"],"fave_property_land_postfix":["m2"],"fave_property_size":["98"],"fave_property_bedrooms":["3"],"fave_property_bathrooms":["2"],"fave_property_map_address":["Santany\u00ed, 07650 Santany\u00ed"],"fave_property_address":[" , Santany\u00ed 07650"],"fave_property_zip":["07650"],"fave_property_postal_code":["07650"],"fave_property_map":["1"],"apg_is_using_remote_image_url":["1"],"apg_using_remote_image_urls":["[{\"multimedia_type\":\"Picture\",\"picture_url\":\"https:\/\/fotos15.inmovilla.com\/12732\/28346825\/12-1.jpg\",\"position\":1,\"picture_id\":1,\"media_id\":144122,\"post_id\":194566,\"id\":1,\"attachment_id\":0,\"url\":\"https:\/\/fotos15.inmovilla.com\/12732\/28346825\/12-1.jpg\",\"basename\":\"12-1.jpg\",\"created_date\":\"2026-04-30 15:03:41\",\"is_downloaded\":0,\"is_using_remote\":0},{\"multimedia_type\":\"Picture\",\"picture_url\":\"https:\/\/fotos15.inmovilla.com\/12732\/28346825\/12-2.jpg\",\"position\":2,\"picture_id\":2,\"media_id\":144123,\"post_id\":194566,\"id\":2,\"attachment_id\":0,\"url\":\"https:\/\/fotos15.inmovilla.com\/12732\/28346825\/12-2.jpg\",\"basename\":\"12-2.jpg\",\"created_date\":\"2026-04-30 15:03:41\",\"is_downloaded\":0,\"is_using_remote\":1},{\"multimedia_type\":\"Picture\",\"picture_url\":\"https:\/\/fotos15.inmovilla.com\/12732\/28346825\/12-3.jpg\",\"position\":3,\"picture_id\":3,\"media_id\":144124,\"post_id\":194566,\"id\":3,\"attachment_id\":0,\"url\":\"https:\/\/fotos15.inmovilla.com\/12732\/28346825\/12-3.jpg\",\"basename\":\"12-3.jpg\",\"created_date\":\"2026-04-30 15:03:41\",\"is_downloaded\":0,\"is_using_remote\":1},{\"multimedia_type\":\"Picture\",\"picture_url\":\"https:\/\/fotos15.inmovilla.com\/12732\/28346825\/12-4.jpg\",\"position\":4,\"picture_id\":4,\"media_id\":144125,\"post_id\":194566,\"id\":4,\"attachment_id\":0,\"url\":\"https:\/\/fotos15.inmovilla.com\/12732\/28346825\/12-4.jpg\",\"basename\":\"12-4.jpg\",\"created_date\":\"2026-04-30 15:03:41\",\"is_downloaded\":0,\"is_using_remote\":1},{\"multimedia_type\":\"Picture\",\"picture_url\":\"https:\/\/fotos15.inmovilla.com\/12732\/28346825\/12-5.jpg\",\"position\":5,\"picture_id\":5,\"media_id\":144126,\"post_id\":194566,\"id\":5,\"attachment_id\":0,\"url\":\"https:\/\/fotos15.inmovilla.com\/12732\/28346825\/12-5.jpg\",\"basename\":\"12-5.jpg\",\"created_date\":\"2026-04-30 15:03:41\",\"is_downloaded\":0,\"is_using_remote\":1},{\"multimedia_type\":\"Picture\",\"picture_url\":\"https:\/\/fotos15.inmovilla.com\/12732\/28346825\/12-6.jpg\",\"position\":6,\"picture_id\":6,\"media_id\":144127,\"post_id\":194566,\"id\":6,\"attachment_id\":0,\"url\":\"https:\/\/fotos15.inmovilla.com\/12732\/28346825\/12-6.jpg\",\"basename\":\"12-6.jpg\",\"created_date\":\"2026-04-30 15:03:41\",\"is_downloaded\":0,\"is_using_remote\":1},{\"multimedia_type\":\"Picture\",\"picture_url\":\"https:\/\/fotos15.inmovilla.com\/12732\/28346825\/12-7.jpg\",\"position\":7,\"picture_id\":7,\"media_id\":144128,\"post_id\":194566,\"id\":7,\"attachment_id\":0,\"url\":\"https:\/\/fotos15.inmovilla.com\/12732\/28346825\/12-7.jpg\",\"basename\":\"12-7.jpg\",\"created_date\":\"2026-04-30 15:03:41\",\"is_downloaded\":0,\"is_using_remote\":1},{\"multimedia_type\":\"Picture\",\"picture_url\":\"https:\/\/fotos15.inmovilla.com\/12732\/28346825\/12-8.jpg\",\"position\":8,\"picture_id\":8,\"media_id\":144129,\"post_id\":194566,\"id\":8,\"attachment_id\":0,\"url\":\"https:\/\/fotos15.inmovilla.com\/12732\/28346825\/12-8.jpg\",\"basename\":\"12-8.jpg\",\"created_date\":\"2026-04-30 15:03:41\",\"is_downloaded\":0,\"is_using_remote\":1},{\"multimedia_type\":\"Picture\",\"picture_url\":\"https:\/\/fotos15.inmovilla.com\/12732\/28346825\/12-9.jpg\",\"position\":9,\"picture_id\":9,\"media_id\":144130,\"post_id\":194566,\"id\":9,\"attachment_id\":0,\"url\":\"https:\/\/fotos15.inmovilla.com\/12732\/28346825\/12-9.jpg\",\"basename\":\"12-9.jpg\",\"created_date\":\"2026-04-30 15:03:41\",\"is_downloaded\":0,\"is_using_remote\":1},{\"multimedia_type\":\"Picture\",\"picture_url\":\"https:\/\/fotos15.inmovilla.com\/12732\/28346825\/12-10.jpg\",\"position\":10,\"picture_id\":10,\"media_id\":144131,\"post_id\":194566,\"id\":10,\"attachment_id\":0,\"url\":\"https:\/\/fotos15.inmovilla.com\/12732\/28346825\/12-10.jpg\",\"basename\":\"12-10.jpg\",\"created_date\":\"2026-04-30 15:03:41\",\"is_downloaded\":0,\"is_using_remote\":1},{\"multimedia_type\":\"Picture\",\"picture_url\":\"https:\/\/fotos15.inmovilla.com\/12732\/28346825\/12-11.jpg\",\"position\":11,\"picture_id\":11,\"media_id\":144132,\"post_id\":194566,\"id\":11,\"attachment_id\":0,\"url\":\"https:\/\/fotos15.inmovilla.com\/12732\/28346825\/12-11.jpg\",\"basename\":\"12-11.jpg\",\"created_date\":\"2026-04-30 15:03:41\",\"is_downloaded\":0,\"is_using_remote\":1},{\"multimedia_type\":\"Picture\",\"picture_url\":\"https:\/\/fotos15.inmovilla.com\/12732\/28346825\/12-12.jpg\",\"position\":12,\"picture_id\":12,\"media_id\":144133,\"post_id\":194566,\"id\":12,\"attachment_id\":0,\"url\":\"https:\/\/fotos15.inmovilla.com\/12732\/28346825\/12-12.jpg\",\"basename\":\"12-12.jpg\",\"created_date\":\"2026-04-30 15:03:41\",\"is_downloaded\":0,\"is_using_remote\":1},{\"multimedia_type\":\"Picture\",\"picture_url\":\"https:\/\/fotos15.inmovilla.com\/12732\/28346825\/12-13.jpg\",\"position\":13,\"picture_id\":13,\"media_id\":144134,\"post_id\":194566,\"id\":13,\"attachment_id\":0,\"url\":\"https:\/\/fotos15.inmovilla.com\/12732\/28346825\/12-13.jpg\",\"basename\":\"12-13.jpg\",\"created_date\":\"2026-04-30 15:03:41\",\"is_downloaded\":0,\"is_using_remote\":1},{\"multimedia_type\":\"Picture\",\"picture_url\":\"https:\/\/fotos15.inmovilla.com\/12732\/28346825\/12-14.jpg\",\"position\":14,\"picture_id\":14,\"media_id\":144135,\"post_id\":194566,\"id\":14,\"attachment_id\":0,\"url\":\"https:\/\/fotos15.inmovilla.com\/12732\/28346825\/12-14.jpg\",\"basename\":\"12-14.jpg\",\"created_date\":\"2026-04-30 15:03:41\",\"is_downloaded\":0,\"is_using_remote\":1},{\"multimedia_type\":\"Picture\",\"picture_url\":\"https:\/\/fotos15.inmovilla.com\/12732\/28346825\/12-15.jpg\",\"position\":15,\"picture_id\":15,\"media_id\":144136,\"post_id\":194566,\"id\":15,\"attachment_id\":0,\"url\":\"https:\/\/fotos15.inmovilla.com\/12732\/28346825\/12-15.jpg\",\"basename\":\"12-15.jpg\",\"created_date\":\"2026-04-30 15:03:41\",\"is_downloaded\":0,\"is_using_remote\":1},{\"multimedia_type\":\"Picture\",\"picture_url\":\"https:\/\/fotos15.inmovilla.com\/12732\/28346825\/12-16.jpg\",\"position\":16,\"picture_id\":16,\"media_id\":144137,\"post_id\":194566,\"id\":16,\"attachment_id\":0,\"url\":\"https:\/\/fotos15.inmovilla.com\/12732\/28346825\/12-16.jpg\",\"basename\":\"12-16.jpg\",\"created_date\":\"2026-04-30 15:03:41\",\"is_downloaded\":0,\"is_using_remote\":1},{\"multimedia_type\":\"Picture\",\"picture_url\":\"https:\/\/fotos15.inmovilla.com\/12732\/28346825\/12-17.jpg\",\"position\":17,\"picture_id\":17,\"media_id\":144138,\"post_id\":194566,\"id\":17,\"attachment_id\":0,\"url\":\"https:\/\/fotos15.inmovilla.com\/12732\/28346825\/12-17.jpg\",\"basename\":\"12-17.jpg\",\"created_date\":\"2026-04-30 15:03:41\",\"is_downloaded\":0,\"is_using_remote\":1},{\"multimedia_type\":\"Picture\",\"picture_url\":\"https:\/\/fotos15.inmovilla.com\/12732\/28346825\/12-18.jpg\",\"position\":18,\"picture_id\":18,\"media_id\":144139,\"post_id\":194566,\"id\":18,\"attachment_id\":0,\"url\":\"https:\/\/fotos15.inmovilla.com\/12732\/28346825\/12-18.jpg\",\"basename\":\"12-18.jpg\",\"created_date\":\"2026-04-30 15:03:41\",\"is_downloaded\":0,\"is_using_remote\":1},{\"multimedia_type\":\"Picture\",\"picture_url\":\"https:\/\/fotos15.inmovilla.com\/12732\/28346825\/12-19.jpg\",\"position\":19,\"picture_id\":19,\"media_id\":144140,\"post_id\":194566,\"id\":19,\"attachment_id\":0,\"url\":\"https:\/\/fotos15.inmovilla.com\/12732\/28346825\/12-19.jpg\",\"basename\":\"12-19.jpg\",\"created_date\":\"2026-04-30 15:03:41\",\"is_downloaded\":0,\"is_using_remote\":1},{\"multimedia_type\":\"Picture\",\"picture_url\":\"https:\/\/fotos15.inmovilla.com\/12732\/28346825\/12-20.jpg\",\"position\":20,\"picture_id\":20,\"media_id\":144141,\"post_id\":194566,\"id\":20,\"attachment_id\":0,\"url\":\"https:\/\/fotos15.inmovilla.com\/12732\/28346825\/12-20.jpg\",\"basename\":\"12-20.jpg\",\"created_date\":\"2026-04-30 15:03:41\",\"is_downloaded\":0,\"is_using_remote\":1},{\"multimedia_type\":\"Picture\",\"picture_url\":\"https:\/\/fotos15.inmovilla.com\/12732\/28346825\/12-21.jpg\",\"position\":21,\"picture_id\":21,\"media_id\":144142,\"post_id\":194566,\"id\":21,\"attachment_id\":0,\"url\":\"https:\/\/fotos15.inmovilla.com\/12732\/28346825\/12-21.jpg\",\"basename\":\"12-21.jpg\",\"created_date\":\"2026-04-30 15:03:41\",\"is_downloaded\":0,\"is_using_remote\":1},{\"multimedia_type\":\"Picture\",\"picture_url\":\"https:\/\/fotos15.inmovilla.com\/12732\/28346825\/12-22.jpg\",\"position\":22,\"picture_id\":22,\"media_id\":144143,\"post_id\":194566,\"id\":22,\"attachment_id\":0,\"url\":\"https:\/\/fotos15.inmovilla.com\/12732\/28346825\/12-22.jpg\",\"basename\":\"12-22.jpg\",\"created_date\":\"2026-04-30 15:03:41\",\"is_downloaded\":0,\"is_using_remote\":1},{\"multimedia_type\":\"Picture\",\"picture_url\":\"https:\/\/fotos15.inmovilla.com\/12732\/28346825\/12-23.jpg\",\"position\":23,\"picture_id\":23,\"media_id\":144144,\"post_id\":194566,\"id\":23,\"attachment_id\":0,\"url\":\"https:\/\/fotos15.inmovilla.com\/12732\/28346825\/12-23.jpg\",\"basename\":\"12-23.jpg\",\"created_date\":\"2026-04-30 15:03:41\",\"is_downloaded\":0,\"is_using_remote\":1},{\"multimedia_type\":\"Picture\",\"picture_url\":\"https:\/\/fotos15.inmovilla.com\/12732\/28346825\/12-24.jpg\",\"position\":24,\"picture_id\":24,\"media_id\":144145,\"post_id\":194566,\"id\":24,\"attachment_id\":0,\"url\":\"https:\/\/fotos15.inmovilla.com\/12732\/28346825\/12-24.jpg\",\"basename\":\"12-24.jpg\",\"created_date\":\"2026-04-30 15:03:41\",\"is_downloaded\":0,\"is_using_remote\":1},{\"multimedia_type\":\"Picture\",\"picture_url\":\"https:\/\/fotos15.inmovilla.com\/12732\/28346825\/12-25.jpg\",\"position\":25,\"picture_id\":25,\"media_id\":144146,\"post_id\":194566,\"id\":25,\"attachment_id\":0,\"url\":\"https:\/\/fotos15.inmovilla.com\/12732\/28346825\/12-25.jpg\",\"basename\":\"12-25.jpg\",\"created_date\":\"2026-04-30 15:03:41\",\"is_downloaded\":0,\"is_using_remote\":1},{\"multimedia_type\":\"Picture\",\"picture_url\":\"https:\/\/fotos15.inmovilla.com\/12732\/28346825\/12-26.jpg\",\"position\":26,\"picture_id\":26,\"media_id\":144147,\"post_id\":194566,\"id\":26,\"attachment_id\":0,\"url\":\"https:\/\/fotos15.inmovilla.com\/12732\/28346825\/12-26.jpg\",\"basename\":\"12-26.jpg\",\"created_date\":\"2026-04-30 15:03:41\",\"is_downloaded\":0,\"is_using_remote\":1},{\"multimedia_type\":\"Picture\",\"picture_url\":\"https:\/\/fotos15.inmovilla.com\/12732\/28346825\/12-27.jpg\",\"position\":27,\"picture_id\":27,\"media_id\":144148,\"post_id\":194566,\"id\":27,\"attachment_id\":0,\"url\":\"https:\/\/fotos15.inmovilla.com\/12732\/28346825\/12-27.jpg\",\"basename\":\"12-27.jpg\",\"created_date\":\"2026-04-30 15:03:41\",\"is_downloaded\":0,\"is_using_remote\":1},{\"multimedia_type\":\"Picture\",\"picture_url\":\"https:\/\/fotos15.inmovilla.com\/12732\/28346825\/12-28.jpg\",\"position\":28,\"picture_id\":28,\"media_id\":144149,\"post_id\":194566,\"id\":28,\"attachment_id\":0,\"url\":\"https:\/\/fotos15.inmovilla.com\/12732\/28346825\/12-28.jpg\",\"basename\":\"12-28.jpg\",\"created_date\":\"2026-04-30 15:03:41\",\"is_downloaded\":0,\"is_using_remote\":1},{\"multimedia_type\":\"Picture\",\"picture_url\":\"https:\/\/fotos15.inmovilla.com\/12732\/28346825\/12-29.jpg\",\"position\":29,\"picture_id\":29,\"media_id\":144150,\"post_id\":194566,\"id\":29,\"attachment_id\":0,\"url\":\"https:\/\/fotos15.inmovilla.com\/12732\/28346825\/12-29.jpg\",\"basename\":\"12-29.jpg\",\"created_date\":\"2026-04-30 15:03:41\",\"is_downloaded\":0,\"is_using_remote\":1},{\"multimedia_type\":\"Picture\",\"picture_url\":\"https:\/\/fotos15.inmovilla.com\/12732\/28346825\/12-30.jpg\",\"position\":30,\"picture_id\":30,\"media_id\":144151,\"post_id\":194566,\"id\":30,\"attachment_id\":0,\"url\":\"https:\/\/fotos15.inmovilla.com\/12732\/28346825\/12-30.jpg\",\"basename\":\"12-30.jpg\",\"created_date\":\"2026-04-30 15:03:41\",\"is_downloaded\":0,\"is_using_remote\":1},{\"multimedia_type\":\"Picture\",\"picture_url\":\"https:\/\/fotos15.inmovilla.com\/12732\/28346825\/12-31.jpg\",\"position\":31,\"picture_id\":31,\"media_id\":144152,\"post_id\":194566,\"id\":31,\"attachment_id\":0,\"url\":\"https:\/\/fotos15.inmovilla.com\/12732\/28346825\/12-31.jpg\",\"basename\":\"12-31.jpg\",\"created_date\":\"2026-04-30 15:03:41\",\"is_downloaded\":0,\"is_using_remote\":1},{\"multimedia_type\":\"Picture\",\"picture_url\":\"https:\/\/fotos15.inmovilla.com\/12732\/28346825\/12-32.jpg\",\"position\":32,\"picture_id\":32,\"media_id\":144153,\"post_id\":194566,\"id\":32,\"attachment_id\":0,\"url\":\"https:\/\/fotos15.inmovilla.com\/12732\/28346825\/12-32.jpg\",\"basename\":\"12-32.jpg\",\"created_date\":\"2026-04-30 15:03:41\",\"is_downloaded\":0,\"is_using_remote\":1},{\"multimedia_type\":\"Picture\",\"picture_url\":\"https:\/\/fotos15.inmovilla.com\/12732\/28346825\/12-33.jpg\",\"position\":33,\"picture_id\":33,\"media_id\":144154,\"post_id\":194566,\"id\":33,\"attachment_id\":0,\"url\":\"https:\/\/fotos15.inmovilla.com\/12732\/28346825\/12-33.jpg\",\"basename\":\"12-33.jpg\",\"created_date\":\"2026-04-30 15:03:42\",\"is_downloaded\":0,\"is_using_remote\":1},{\"multimedia_type\":\"Picture\",\"picture_url\":\"https:\/\/fotos15.inmovilla.com\/12732\/28346825\/12-34.jpg\",\"position\":34,\"picture_id\":34,\"media_id\":144155,\"post_id\":194566,\"id\":34,\"attachment_id\":0,\"url\":\"https:\/\/fotos15.inmovilla.com\/12732\/28346825\/12-34.jpg\",\"basename\":\"12-34.jpg\",\"created_date\":\"2026-04-30 15:03:42\",\"is_downloaded\":0,\"is_using_remote\":1}]"],"_thumbnail_id":["194567"],"fave_property_images":["194567"],"apg_property_id":["28346825"],"_wpml_word_count":["167"],"houzez_recently_viewed":["2026-04-30 21:22:13"],"houzez_total_property_views":["2"],"houzez_views_by_date":["a:1:{s:10:\"04-30-2026\";i:2;}"],"_eael_post_view_count":["2"],"_elementor_page_assets":["a:0:{}"]},"yoast_head":"<!-- This site is optimized with the Yoast SEO plugin v27.5 - https:\/\/yoast.com\/product\/yoast-seo-wordpress\/ -->\n<title>Llumin\u00f3s, acollidor i moblat apartament al segon pis amb aire condicionat i radiadors el\u00e8ctrics a Santany\u00ed. - RE\/MAX Drac<\/title>\n<meta name=\"robots\" content=\"index, follow, max-snippet:-1, max-image-preview:large, max-video-preview:-1\" \/>\n<link rel=\"canonical\" href=\"https:\/\/www.santanyi.net\/ca\/property\/lluminos-acollidor-i-moblat-apartament-al-segon-pis-amb-aire-condicionat-i-radiadors-electrics-a-santanyi-3\/\" \/>\n<meta property=\"og:locale\" content=\"ca_ES\" \/>\n<meta property=\"og:type\" content=\"article\" \/>\n<meta property=\"og:title\" content=\"Llumin\u00f3s, acollidor i moblat apartament al segon pis amb aire condicionat i radiadors el\u00e8ctrics a Santany\u00ed. - RE\/MAX Drac\" \/>\n<meta property=\"og:description\" content=\"CONSULTES NOM\u00c9S PER CORREU ELECTR\u00d2NIC! Aquest bonic i llumin\u00f3s apartament est\u00e0 situat al cor de Santany\u00ed, en un carrer tranquil per\u00f2 c\u00e8ntric. Disposa de tres dormitoris que ofereixen comoditat i privacitat. Amb dos banys amb dutxes, \u00e9s ideal per a parelles o fam\u00edlies. La cuina est\u00e0 totalment equipada amb electrodom\u00e8stics moderns, com ara rentaplats, forn [&hellip;]\" \/>\n<meta property=\"og:url\" content=\"https:\/\/www.santanyi.net\/ca\/property\/lluminos-acollidor-i-moblat-apartament-al-segon-pis-amb-aire-condicionat-i-radiadors-electrics-a-santanyi-3\/\" \/>\n<meta property=\"og:site_name\" content=\"RE\/MAX Drac\" \/>\n<meta property=\"article:modified_time\" content=\"2026-04-30T16:49:53+00:00\" \/>\n<meta property=\"og:image\" content=\"https:\/\/www.santanyi.net\/wp-content\/uploads\/anaconda_property_media\/28346825-194566\/12-1.jpg\" \/>\n\t<meta property=\"og:image:width\" content=\"1920\" \/>\n\t<meta property=\"og:image:height\" content=\"1440\" \/>\n\t<meta property=\"og:image:type\" content=\"image\/jpeg\" \/>\n<meta name=\"twitter:card\" content=\"summary_large_image\" \/>\n<meta name=\"twitter:label1\" content=\"Temps estimat de lectura\" \/>\n\t<meta name=\"twitter:data1\" content=\"1 minut\" \/>\n<script type=\"application\/ld+json\" class=\"yoast-schema-graph\">{\"@context\":\"https:\\\/\\\/schema.org\",\"@graph\":[{\"@type\":\"WebPage\",\"@id\":\"https:\\\/\\\/www.santanyi.net\\\/ca\\\/property\\\/lluminos-acollidor-i-moblat-apartament-al-segon-pis-amb-aire-condicionat-i-radiadors-electrics-a-santanyi-3\\\/\",\"url\":\"https:\\\/\\\/www.santanyi.net\\\/ca\\\/property\\\/lluminos-acollidor-i-moblat-apartament-al-segon-pis-amb-aire-condicionat-i-radiadors-electrics-a-santanyi-3\\\/\",\"name\":\"Llumin\u00f3s, acollidor i moblat apartament al segon pis amb aire condicionat i radiadors el\u00e8ctrics a Santany\u00ed. - RE\\\/MAX Drac\",\"isPartOf\":{\"@id\":\"https:\\\/\\\/www.santanyi.net\\\/ca\\\/#website\"},\"primaryImageOfPage\":{\"@id\":\"https:\\\/\\\/www.santanyi.net\\\/ca\\\/property\\\/lluminos-acollidor-i-moblat-apartament-al-segon-pis-amb-aire-condicionat-i-radiadors-electrics-a-santanyi-3\\\/#primaryimage\"},\"image\":{\"@id\":\"https:\\\/\\\/www.santanyi.net\\\/ca\\\/property\\\/lluminos-acollidor-i-moblat-apartament-al-segon-pis-amb-aire-condicionat-i-radiadors-electrics-a-santanyi-3\\\/#primaryimage\"},\"thumbnailUrl\":\"https:\\\/\\\/www.santanyi.net\\\/wp-content\\\/uploads\\\/anaconda_property_media\\\/28346825-194566\\\/12-1.jpg\",\"datePublished\":\"2026-04-30T15:03:41+00:00\",\"dateModified\":\"2026-04-30T16:49:53+00:00\",\"breadcrumb\":{\"@id\":\"https:\\\/\\\/www.santanyi.net\\\/ca\\\/property\\\/lluminos-acollidor-i-moblat-apartament-al-segon-pis-amb-aire-condicionat-i-radiadors-electrics-a-santanyi-3\\\/#breadcrumb\"},\"inLanguage\":\"ca\",\"potentialAction\":[{\"@type\":\"ReadAction\",\"target\":[\"https:\\\/\\\/www.santanyi.net\\\/ca\\\/property\\\/lluminos-acollidor-i-moblat-apartament-al-segon-pis-amb-aire-condicionat-i-radiadors-electrics-a-santanyi-3\\\/\"]}]},{\"@type\":\"ImageObject\",\"inLanguage\":\"ca\",\"@id\":\"https:\\\/\\\/www.santanyi.net\\\/ca\\\/property\\\/lluminos-acollidor-i-moblat-apartament-al-segon-pis-amb-aire-condicionat-i-radiadors-electrics-a-santanyi-3\\\/#primaryimage\",\"url\":\"https:\\\/\\\/www.santanyi.net\\\/wp-content\\\/uploads\\\/anaconda_property_media\\\/28346825-194566\\\/12-1.jpg\",\"contentUrl\":\"https:\\\/\\\/www.santanyi.net\\\/wp-content\\\/uploads\\\/anaconda_property_media\\\/28346825-194566\\\/12-1.jpg\",\"width\":1920,\"height\":1440},{\"@type\":\"BreadcrumbList\",\"@id\":\"https:\\\/\\\/www.santanyi.net\\\/ca\\\/property\\\/lluminos-acollidor-i-moblat-apartament-al-segon-pis-amb-aire-condicionat-i-radiadors-electrics-a-santanyi-3\\\/#breadcrumb\",\"itemListElement\":[{\"@type\":\"ListItem\",\"position\":1,\"name\":\"Home\",\"item\":\"https:\\\/\\\/www.santanyi.net\\\/ca\\\/\"},{\"@type\":\"ListItem\",\"position\":2,\"name\":\"Properties\",\"item\":\"https:\\\/\\\/www.santanyi.net\\\/ca\\\/property\\\/\"},{\"@type\":\"ListItem\",\"position\":3,\"name\":\"Llumin\u00f3s, acollidor i moblat apartament al segon pis amb aire condicionat i radiadors el\u00e8ctrics a Santany\u00ed.\"}]},{\"@type\":\"WebSite\",\"@id\":\"https:\\\/\\\/www.santanyi.net\\\/ca\\\/#website\",\"url\":\"https:\\\/\\\/www.santanyi.net\\\/ca\\\/\",\"name\":\"RE\\\/MAX Drac\",\"description\":\"\",\"publisher\":{\"@id\":\"https:\\\/\\\/www.santanyi.net\\\/ca\\\/#organization\"},\"potentialAction\":[{\"@type\":\"SearchAction\",\"target\":{\"@type\":\"EntryPoint\",\"urlTemplate\":\"https:\\\/\\\/www.santanyi.net\\\/ca\\\/?s={search_term_string}\"},\"query-input\":{\"@type\":\"PropertyValueSpecification\",\"valueRequired\":true,\"valueName\":\"search_term_string\"}}],\"inLanguage\":\"ca\"},{\"@type\":\"Organization\",\"@id\":\"https:\\\/\\\/www.santanyi.net\\\/ca\\\/#organization\",\"name\":\"RE\\\/MAX Drac\",\"url\":\"https:\\\/\\\/www.santanyi.net\\\/ca\\\/\",\"logo\":{\"@type\":\"ImageObject\",\"inLanguage\":\"ca\",\"@id\":\"https:\\\/\\\/www.santanyi.net\\\/ca\\\/#\\\/schema\\\/logo\\\/image\\\/\",\"url\":\"https:\\\/\\\/www.santanyi.net\\\/wp-content\\\/uploads\\\/2025\\\/07\\\/logo-nuevo.png\",\"contentUrl\":\"https:\\\/\\\/www.santanyi.net\\\/wp-content\\\/uploads\\\/2025\\\/07\\\/logo-nuevo.png\",\"width\":295,\"height\":165,\"caption\":\"RE\\\/MAX Drac\"},\"image\":{\"@id\":\"https:\\\/\\\/www.santanyi.net\\\/ca\\\/#\\\/schema\\\/logo\\\/image\\\/\"}}]}<\/script>\n<!-- \/ Yoast SEO plugin. -->","yoast_head_json":{"title":"Llumin\u00f3s, acollidor i moblat apartament al segon pis amb aire condicionat i radiadors el\u00e8ctrics a Santany\u00ed. - RE\/MAX Drac","robots":{"index":"index","follow":"follow","max-snippet":"max-snippet:-1","max-image-preview":"max-image-preview:large","max-video-preview":"max-video-preview:-1"},"canonical":"https:\/\/www.santanyi.net\/ca\/property\/lluminos-acollidor-i-moblat-apartament-al-segon-pis-amb-aire-condicionat-i-radiadors-electrics-a-santanyi-3\/","og_locale":"ca_ES","og_type":"article","og_title":"Llumin\u00f3s, acollidor i moblat apartament al segon pis amb aire condicionat i radiadors el\u00e8ctrics a Santany\u00ed. - RE\/MAX Drac","og_description":"CONSULTES NOM\u00c9S PER CORREU ELECTR\u00d2NIC! Aquest bonic i llumin\u00f3s apartament est\u00e0 situat al cor de Santany\u00ed, en un carrer tranquil per\u00f2 c\u00e8ntric. Disposa de tres dormitoris que ofereixen comoditat i privacitat. Amb dos banys amb dutxes, \u00e9s ideal per a parelles o fam\u00edlies. La cuina est\u00e0 totalment equipada amb electrodom\u00e8stics moderns, com ara rentaplats, forn [&hellip;]","og_url":"https:\/\/www.santanyi.net\/ca\/property\/lluminos-acollidor-i-moblat-apartament-al-segon-pis-amb-aire-condicionat-i-radiadors-electrics-a-santanyi-3\/","og_site_name":"RE\/MAX Drac","article_modified_time":"2026-04-30T16:49:53+00:00","og_image":[{"width":1920,"height":1440,"url":"https:\/\/www.santanyi.net\/wp-content\/uploads\/anaconda_property_media\/28346825-194566\/12-1.jpg","type":"image\/jpeg"}],"twitter_card":"summary_large_image","twitter_misc":{"Temps estimat de lectura":"1 minut"},"schema":{"@context":"https:\/\/schema.org","@graph":[{"@type":"WebPage","@id":"https:\/\/www.santanyi.net\/ca\/property\/lluminos-acollidor-i-moblat-apartament-al-segon-pis-amb-aire-condicionat-i-radiadors-electrics-a-santanyi-3\/","url":"https:\/\/www.santanyi.net\/ca\/property\/lluminos-acollidor-i-moblat-apartament-al-segon-pis-amb-aire-condicionat-i-radiadors-electrics-a-santanyi-3\/","name":"Llumin\u00f3s, acollidor i moblat apartament al segon pis amb aire condicionat i radiadors el\u00e8ctrics a Santany\u00ed. - RE\/MAX Drac","isPartOf":{"@id":"https:\/\/www.santanyi.net\/ca\/#website"},"primaryImageOfPage":{"@id":"https:\/\/www.santanyi.net\/ca\/property\/lluminos-acollidor-i-moblat-apartament-al-segon-pis-amb-aire-condicionat-i-radiadors-electrics-a-santanyi-3\/#primaryimage"},"image":{"@id":"https:\/\/www.santanyi.net\/ca\/property\/lluminos-acollidor-i-moblat-apartament-al-segon-pis-amb-aire-condicionat-i-radiadors-electrics-a-santanyi-3\/#primaryimage"},"thumbnailUrl":"https:\/\/www.santanyi.net\/wp-content\/uploads\/anaconda_property_media\/28346825-194566\/12-1.jpg","datePublished":"2026-04-30T15:03:41+00:00","dateModified":"2026-04-30T16:49:53+00:00","breadcrumb":{"@id":"https:\/\/www.santanyi.net\/ca\/property\/lluminos-acollidor-i-moblat-apartament-al-segon-pis-amb-aire-condicionat-i-radiadors-electrics-a-santanyi-3\/#breadcrumb"},"inLanguage":"ca","potentialAction":[{"@type":"ReadAction","target":["https:\/\/www.santanyi.net\/ca\/property\/lluminos-acollidor-i-moblat-apartament-al-segon-pis-amb-aire-condicionat-i-radiadors-electrics-a-santanyi-3\/"]}]},{"@type":"ImageObject","inLanguage":"ca","@id":"https:\/\/www.santanyi.net\/ca\/property\/lluminos-acollidor-i-moblat-apartament-al-segon-pis-amb-aire-condicionat-i-radiadors-electrics-a-santanyi-3\/#primaryimage","url":"https:\/\/www.santanyi.net\/wp-content\/uploads\/anaconda_property_media\/28346825-194566\/12-1.jpg","contentUrl":"https:\/\/www.santanyi.net\/wp-content\/uploads\/anaconda_property_media\/28346825-194566\/12-1.jpg","width":1920,"height":1440},{"@type":"BreadcrumbList","@id":"https:\/\/www.santanyi.net\/ca\/property\/lluminos-acollidor-i-moblat-apartament-al-segon-pis-amb-aire-condicionat-i-radiadors-electrics-a-santanyi-3\/#breadcrumb","itemListElement":[{"@type":"ListItem","position":1,"name":"Home","item":"https:\/\/www.santanyi.net\/ca\/"},{"@type":"ListItem","position":2,"name":"Properties","item":"https:\/\/www.santanyi.net\/ca\/property\/"},{"@type":"ListItem","position":3,"name":"Llumin\u00f3s, acollidor i moblat apartament al segon pis amb aire condicionat i radiadors el\u00e8ctrics a Santany\u00ed."}]},{"@type":"WebSite","@id":"https:\/\/www.santanyi.net\/ca\/#website","url":"https:\/\/www.santanyi.net\/ca\/","name":"RE\/MAX Drac","description":"","publisher":{"@id":"https:\/\/www.santanyi.net\/ca\/#organization"},"potentialAction":[{"@type":"SearchAction","target":{"@type":"EntryPoint","urlTemplate":"https:\/\/www.santanyi.net\/ca\/?s={search_term_string}"},"query-input":{"@type":"PropertyValueSpecification","valueRequired":true,"valueName":"search_term_string"}}],"inLanguage":"ca"},{"@type":"Organization","@id":"https:\/\/www.santanyi.net\/ca\/#organization","name":"RE\/MAX Drac","url":"https:\/\/www.santanyi.net\/ca\/","logo":{"@type":"ImageObject","inLanguage":"ca","@id":"https:\/\/www.santanyi.net\/ca\/#\/schema\/logo\/image\/","url":"https:\/\/www.santanyi.net\/wp-content\/uploads\/2025\/07\/logo-nuevo.png","contentUrl":"https:\/\/www.santanyi.net\/wp-content\/uploads\/2025\/07\/logo-nuevo.png","width":295,"height":165,"caption":"RE\/MAX Drac"},"image":{"@id":"https:\/\/www.santanyi.net\/ca\/#\/schema\/logo\/image\/"}}]}},"_links":{"self":[{"href":"https:\/\/www.santanyi.net\/ca\/wp-json\/wp\/v2\/properties\/194572","targetHints":{"allow":["GET"]}}],"collection":[{"href":"https:\/\/www.santanyi.net\/ca\/wp-json\/wp\/v2\/properties"}],"about":[{"href":"https:\/\/www.santanyi.net\/ca\/wp-json\/wp\/v2\/types\/property"}],"author":[{"embeddable":true,"href":"https:\/\/www.santanyi.net\/ca\/wp-json\/wp\/v2\/users\/1"}],"version-history":[{"count":1,"href":"https:\/\/www.santanyi.net\/ca\/wp-json\/wp\/v2\/properties\/194572\/revisions"}],"predecessor-version":[{"id":195412,"href":"https:\/\/www.santanyi.net\/ca\/wp-json\/wp\/v2\/properties\/194572\/revisions\/195412"}],"wp:featuredmedia":[{"embeddable":true,"href":"https:\/\/www.santanyi.net\/ca\/wp-json\/wp\/v2\/media\/194567"}],"wp:attachment":[{"href":"https:\/\/www.santanyi.net\/ca\/wp-json\/wp\/v2\/media?parent=194572"}],"wp:term":[{"taxonomy":"property_type","embeddable":true,"href":"https:\/\/www.santanyi.net\/ca\/wp-json\/wp\/v2\/property_type?post=194572"},{"taxonomy":"property_status","embeddable":true,"href":"https:\/\/www.santanyi.net\/ca\/wp-json\/wp\/v2\/property_status?post=194572"},{"taxonomy":"property_feature","embeddable":true,"href":"https:\/\/www.santanyi.net\/ca\/wp-json\/wp\/v2\/property_feature?post=194572"},{"taxonomy":"property_label","embeddable":true,"href":"https:\/\/www.santanyi.net\/ca\/wp-json\/wp\/v2\/property_label?post=194572"},{"taxonomy":"property_country","embeddable":true,"href":"https:\/\/www.santanyi.net\/ca\/wp-json\/wp\/v2\/property_country?post=194572"},{"taxonomy":"property_state","embeddable":true,"href":"https:\/\/www.santanyi.net\/ca\/wp-json\/wp\/v2\/property_state?post=194572"},{"taxonomy":"property_city","embeddable":true,"href":"https:\/\/www.santanyi.net\/ca\/wp-json\/wp\/v2\/property_city?post=194572"},{"taxonomy":"property_area","embeddable":true,"href":"https:\/\/www.santanyi.net\/ca\/wp-json\/wp\/v2\/property_area?post=194572"}],"curies":[{"name":"wp","href":"https:\/\/api.w.org\/{rel}","templated":true}]}}