
{"id":194564,"date":"2026-04-30T15:03:33","date_gmt":"2026-04-30T15:03:33","guid":{"rendered":"https:\/\/www.santanyi.net\/property\/espectacular-duplex-de-2-plantes-amb-ascensor-per-estrenar-a-la-placa-del-mercat-de-santanyi\/"},"modified":"2026-05-01T06:05:27","modified_gmt":"2026-05-01T06:05:27","slug":"espectacular-duplex-de-2-plantes-amb-ascensor-per-estrenar-a-la-placa-del-mercat-de-santanyi","status":"publish","type":"property","link":"https:\/\/www.santanyi.net\/ca\/property\/espectacular-duplex-de-2-plantes-amb-ascensor-per-estrenar-a-la-placa-del-mercat-de-santanyi\/","title":{"rendered":"Espectacular d\u00faplex de 2 plantes amb ascensor per estrenar a la pla\u00e7a del mercat de Santanyi."},"content":{"rendered":"<p>Habitatge de nova construcci\u00f3 amb la possibilitat de combinar amb un petit local situat en una zona privilegiada a la Pla\u00e7a Major de Santany\u00ed.La propietat es distribueix en dues plantes. A la primera planta hi ha una sala d&#8217;estar \u00e0mplia i lluminosa amb sortida al balc\u00f3, oferint les millors vistes de la pla\u00e7a i de l&#8217;esgl\u00e9sia. Tamb\u00e9 hi ha un lavabo de cortesia i una habitaci\u00f3 amb bany en suite i dutxa, que t\u00e9 acc\u00e9s a una terrassa que comunica amb la cuina.A la segona planta hi ha dues habitacions amb bany en suite. Una d&#8217;elles est\u00e0 orientada cap a la pla\u00e7a i disposa d&#8217;un balc\u00f3 amb vistes precioses sobre la Pla\u00e7a Major. L&#8217;altra habitaci\u00f3 t\u00e9 acc\u00e9s a una terrassa gran i protegida.L&#8217;habitatge est\u00e0 equipat amb aire condicionat (fred\/calor) en totes les habitacions i t\u00e9 ascensor per a m\u00e9s comoditat.L&#8217;obra est\u00e0 a punt de finalitzar, la qual cosa permetr\u00e0 gaudir d&#8217;aquest habitatge especial molt aviat.Preu a consultar!<\/p>\n","protected":false},"excerpt":{"rendered":"<p>Habitatge de nova construcci\u00f3 amb la possibilitat de combinar amb un petit local situat en una zona privilegiada a la Pla\u00e7a Major de Santany\u00ed.La propietat es distribueix en dues plantes. A la primera planta hi ha una sala d&#8217;estar \u00e0mplia i lluminosa amb sortida al balc\u00f3, oferint les millors vistes de la pla\u00e7a i de [&hellip;]<\/p>\n","protected":false},"author":1,"featured_media":194559,"parent":0,"menu_order":0,"template":"","property_type":[2131],"property_status":[],"property_feature":[],"property_label":[],"property_country":[],"property_state":[],"property_city":[635],"property_area":[636],"class_list":["post-194564","property","type-property","status-publish","has-post-thumbnail","hentry","property_type-casa-ca","property_city-santanyi","property_area-santanyi"],"acf":[],"property_meta":{"_apg_property_user_edited":["1"],"fave_property_id":["DRAC-AA1481YK"],"fave_property_location":["39.35396315,3.12859857,15"],"houzez_geolocation_lat":["39.35396315"],"houzez_geolocation_long":["3.12859857"],"fave_property_year":[null],"fave_property_size_prefix":["m2"],"fave_property_land_postfix":["m2"],"fave_property_size":["165"],"fave_property_bedrooms":["3"],"fave_property_bathrooms":["4"],"fave_property_map_address":["Santany\u00ed, 07650 Santany\u00ed"],"fave_property_address":[" , Santany\u00ed 07650"],"fave_property_zip":["07650"],"fave_property_postal_code":["07650"],"fave_property_map":["1"],"apg_is_using_remote_image_url":["1"],"apg_using_remote_image_urls":["[{\"multimedia_type\":\"Picture\",\"picture_url\":\"https:\/\/fotos15.inmovilla.com\/12732\/24621034\/2-1.jpg\",\"position\":1,\"picture_id\":1,\"media_id\":144092,\"post_id\":194558,\"id\":1,\"attachment_id\":0,\"url\":\"https:\/\/fotos15.inmovilla.com\/12732\/24621034\/2-1.jpg\",\"basename\":\"2-1.jpg\",\"created_date\":\"2026-04-30 15:03:33\",\"is_downloaded\":0,\"is_using_remote\":0},{\"multimedia_type\":\"Picture\",\"picture_url\":\"https:\/\/fotos15.inmovilla.com\/12732\/24621034\/2-2.jpg\",\"position\":2,\"picture_id\":2,\"media_id\":144093,\"post_id\":194558,\"id\":2,\"attachment_id\":0,\"url\":\"https:\/\/fotos15.inmovilla.com\/12732\/24621034\/2-2.jpg\",\"basename\":\"2-2.jpg\",\"created_date\":\"2026-04-30 15:03:33\",\"is_downloaded\":0,\"is_using_remote\":1},{\"multimedia_type\":\"Picture\",\"picture_url\":\"https:\/\/fotos15.inmovilla.com\/12732\/24621034\/2-3.jpg\",\"position\":3,\"picture_id\":3,\"media_id\":144094,\"post_id\":194558,\"id\":3,\"attachment_id\":0,\"url\":\"https:\/\/fotos15.inmovilla.com\/12732\/24621034\/2-3.jpg\",\"basename\":\"2-3.jpg\",\"created_date\":\"2026-04-30 15:03:33\",\"is_downloaded\":0,\"is_using_remote\":1},{\"multimedia_type\":\"Picture\",\"picture_url\":\"https:\/\/fotos15.inmovilla.com\/12732\/24621034\/2-4.jpg\",\"position\":4,\"picture_id\":4,\"media_id\":144095,\"post_id\":194558,\"id\":4,\"attachment_id\":0,\"url\":\"https:\/\/fotos15.inmovilla.com\/12732\/24621034\/2-4.jpg\",\"basename\":\"2-4.jpg\",\"created_date\":\"2026-04-30 15:03:33\",\"is_downloaded\":0,\"is_using_remote\":1},{\"multimedia_type\":\"Picture\",\"picture_url\":\"https:\/\/fotos15.inmovilla.com\/12732\/24621034\/2-5.jpg\",\"position\":5,\"picture_id\":5,\"media_id\":144096,\"post_id\":194558,\"id\":5,\"attachment_id\":0,\"url\":\"https:\/\/fotos15.inmovilla.com\/12732\/24621034\/2-5.jpg\",\"basename\":\"2-5.jpg\",\"created_date\":\"2026-04-30 15:03:33\",\"is_downloaded\":0,\"is_using_remote\":1},{\"multimedia_type\":\"Picture\",\"picture_url\":\"https:\/\/fotos15.inmovilla.com\/12732\/24621034\/2-6.jpg\",\"position\":6,\"picture_id\":6,\"media_id\":144097,\"post_id\":194558,\"id\":6,\"attachment_id\":0,\"url\":\"https:\/\/fotos15.inmovilla.com\/12732\/24621034\/2-6.jpg\",\"basename\":\"2-6.jpg\",\"created_date\":\"2026-04-30 15:03:33\",\"is_downloaded\":0,\"is_using_remote\":1},{\"multimedia_type\":\"Picture\",\"picture_url\":\"https:\/\/fotos15.inmovilla.com\/12732\/24621034\/2-7.jpg\",\"position\":7,\"picture_id\":7,\"media_id\":144098,\"post_id\":194558,\"id\":7,\"attachment_id\":0,\"url\":\"https:\/\/fotos15.inmovilla.com\/12732\/24621034\/2-7.jpg\",\"basename\":\"2-7.jpg\",\"created_date\":\"2026-04-30 15:03:33\",\"is_downloaded\":0,\"is_using_remote\":1},{\"multimedia_type\":\"Picture\",\"picture_url\":\"https:\/\/fotos15.inmovilla.com\/12732\/24621034\/2-8.jpg\",\"position\":8,\"picture_id\":8,\"media_id\":144099,\"post_id\":194558,\"id\":8,\"attachment_id\":0,\"url\":\"https:\/\/fotos15.inmovilla.com\/12732\/24621034\/2-8.jpg\",\"basename\":\"2-8.jpg\",\"created_date\":\"2026-04-30 15:03:33\",\"is_downloaded\":0,\"is_using_remote\":1},{\"multimedia_type\":\"Picture\",\"picture_url\":\"https:\/\/fotos15.inmovilla.com\/12732\/24621034\/2-9.jpg\",\"position\":9,\"picture_id\":9,\"media_id\":144100,\"post_id\":194558,\"id\":9,\"attachment_id\":0,\"url\":\"https:\/\/fotos15.inmovilla.com\/12732\/24621034\/2-9.jpg\",\"basename\":\"2-9.jpg\",\"created_date\":\"2026-04-30 15:03:33\",\"is_downloaded\":0,\"is_using_remote\":1},{\"multimedia_type\":\"Picture\",\"picture_url\":\"https:\/\/fotos15.inmovilla.com\/12732\/24621034\/2-10.jpg\",\"position\":10,\"picture_id\":10,\"media_id\":144101,\"post_id\":194558,\"id\":10,\"attachment_id\":0,\"url\":\"https:\/\/fotos15.inmovilla.com\/12732\/24621034\/2-10.jpg\",\"basename\":\"2-10.jpg\",\"created_date\":\"2026-04-30 15:03:33\",\"is_downloaded\":0,\"is_using_remote\":1},{\"multimedia_type\":\"Picture\",\"picture_url\":\"https:\/\/fotos15.inmovilla.com\/12732\/24621034\/2-11.jpg\",\"position\":11,\"picture_id\":11,\"media_id\":144102,\"post_id\":194558,\"id\":11,\"attachment_id\":0,\"url\":\"https:\/\/fotos15.inmovilla.com\/12732\/24621034\/2-11.jpg\",\"basename\":\"2-11.jpg\",\"created_date\":\"2026-04-30 15:03:33\",\"is_downloaded\":0,\"is_using_remote\":1},{\"multimedia_type\":\"Picture\",\"picture_url\":\"https:\/\/fotos15.inmovilla.com\/12732\/24621034\/2-12.jpg\",\"position\":12,\"picture_id\":12,\"media_id\":144103,\"post_id\":194558,\"id\":12,\"attachment_id\":0,\"url\":\"https:\/\/fotos15.inmovilla.com\/12732\/24621034\/2-12.jpg\",\"basename\":\"2-12.jpg\",\"created_date\":\"2026-04-30 15:03:33\",\"is_downloaded\":0,\"is_using_remote\":1},{\"multimedia_type\":\"Picture\",\"picture_url\":\"https:\/\/fotos15.inmovilla.com\/12732\/24621034\/2-13.jpg\",\"position\":13,\"picture_id\":13,\"media_id\":144104,\"post_id\":194558,\"id\":13,\"attachment_id\":0,\"url\":\"https:\/\/fotos15.inmovilla.com\/12732\/24621034\/2-13.jpg\",\"basename\":\"2-13.jpg\",\"created_date\":\"2026-04-30 15:03:33\",\"is_downloaded\":0,\"is_using_remote\":1},{\"multimedia_type\":\"Picture\",\"picture_url\":\"https:\/\/fotos15.inmovilla.com\/12732\/24621034\/2-14.jpg\",\"position\":14,\"picture_id\":14,\"media_id\":144105,\"post_id\":194558,\"id\":14,\"attachment_id\":0,\"url\":\"https:\/\/fotos15.inmovilla.com\/12732\/24621034\/2-14.jpg\",\"basename\":\"2-14.jpg\",\"created_date\":\"2026-04-30 15:03:33\",\"is_downloaded\":0,\"is_using_remote\":1},{\"multimedia_type\":\"Picture\",\"picture_url\":\"https:\/\/fotos15.inmovilla.com\/12732\/24621034\/2-15.jpg\",\"position\":15,\"picture_id\":15,\"media_id\":144106,\"post_id\":194558,\"id\":15,\"attachment_id\":0,\"url\":\"https:\/\/fotos15.inmovilla.com\/12732\/24621034\/2-15.jpg\",\"basename\":\"2-15.jpg\",\"created_date\":\"2026-04-30 15:03:33\",\"is_downloaded\":0,\"is_using_remote\":1},{\"multimedia_type\":\"Picture\",\"picture_url\":\"https:\/\/fotos15.inmovilla.com\/12732\/24621034\/2-16.jpg\",\"position\":16,\"picture_id\":16,\"media_id\":144107,\"post_id\":194558,\"id\":16,\"attachment_id\":0,\"url\":\"https:\/\/fotos15.inmovilla.com\/12732\/24621034\/2-16.jpg\",\"basename\":\"2-16.jpg\",\"created_date\":\"2026-04-30 15:03:33\",\"is_downloaded\":0,\"is_using_remote\":1},{\"multimedia_type\":\"Picture\",\"picture_url\":\"https:\/\/fotos15.inmovilla.com\/12732\/24621034\/2-17.jpg\",\"position\":17,\"picture_id\":17,\"media_id\":144108,\"post_id\":194558,\"id\":17,\"attachment_id\":0,\"url\":\"https:\/\/fotos15.inmovilla.com\/12732\/24621034\/2-17.jpg\",\"basename\":\"2-17.jpg\",\"created_date\":\"2026-04-30 15:03:33\",\"is_downloaded\":0,\"is_using_remote\":1},{\"multimedia_type\":\"Picture\",\"picture_url\":\"https:\/\/fotos15.inmovilla.com\/12732\/24621034\/2-18.jpg\",\"position\":18,\"picture_id\":18,\"media_id\":144109,\"post_id\":194558,\"id\":18,\"attachment_id\":0,\"url\":\"https:\/\/fotos15.inmovilla.com\/12732\/24621034\/2-18.jpg\",\"basename\":\"2-18.jpg\",\"created_date\":\"2026-04-30 15:03:33\",\"is_downloaded\":0,\"is_using_remote\":1},{\"multimedia_type\":\"Picture\",\"picture_url\":\"https:\/\/fotos15.inmovilla.com\/12732\/24621034\/2-19.jpg\",\"position\":19,\"picture_id\":19,\"media_id\":144110,\"post_id\":194558,\"id\":19,\"attachment_id\":0,\"url\":\"https:\/\/fotos15.inmovilla.com\/12732\/24621034\/2-19.jpg\",\"basename\":\"2-19.jpg\",\"created_date\":\"2026-04-30 15:03:33\",\"is_downloaded\":0,\"is_using_remote\":1},{\"multimedia_type\":\"Picture\",\"picture_url\":\"https:\/\/fotos15.inmovilla.com\/12732\/24621034\/2-20.jpg\",\"position\":20,\"picture_id\":20,\"media_id\":144111,\"post_id\":194558,\"id\":20,\"attachment_id\":0,\"url\":\"https:\/\/fotos15.inmovilla.com\/12732\/24621034\/2-20.jpg\",\"basename\":\"2-20.jpg\",\"created_date\":\"2026-04-30 15:03:33\",\"is_downloaded\":0,\"is_using_remote\":1},{\"multimedia_type\":\"Picture\",\"picture_url\":\"https:\/\/fotos15.inmovilla.com\/12732\/24621034\/2-21.jpg\",\"position\":21,\"picture_id\":21,\"media_id\":144112,\"post_id\":194558,\"id\":21,\"attachment_id\":0,\"url\":\"https:\/\/fotos15.inmovilla.com\/12732\/24621034\/2-21.jpg\",\"basename\":\"2-21.jpg\",\"created_date\":\"2026-04-30 15:03:33\",\"is_downloaded\":0,\"is_using_remote\":1},{\"multimedia_type\":\"Picture\",\"picture_url\":\"https:\/\/fotos15.inmovilla.com\/12732\/24621034\/2-22.jpg\",\"position\":22,\"picture_id\":22,\"media_id\":144113,\"post_id\":194558,\"id\":22,\"attachment_id\":0,\"url\":\"https:\/\/fotos15.inmovilla.com\/12732\/24621034\/2-22.jpg\",\"basename\":\"2-22.jpg\",\"created_date\":\"2026-04-30 15:03:33\",\"is_downloaded\":0,\"is_using_remote\":1},{\"multimedia_type\":\"Picture\",\"picture_url\":\"https:\/\/fotos15.inmovilla.com\/12732\/24621034\/2-23.jpg\",\"position\":23,\"picture_id\":23,\"media_id\":144114,\"post_id\":194558,\"id\":23,\"attachment_id\":0,\"url\":\"https:\/\/fotos15.inmovilla.com\/12732\/24621034\/2-23.jpg\",\"basename\":\"2-23.jpg\",\"created_date\":\"2026-04-30 15:03:33\",\"is_downloaded\":0,\"is_using_remote\":1},{\"multimedia_type\":\"Picture\",\"picture_url\":\"https:\/\/fotos15.inmovilla.com\/12732\/24621034\/2-24.jpg\",\"position\":24,\"picture_id\":24,\"media_id\":144115,\"post_id\":194558,\"id\":24,\"attachment_id\":0,\"url\":\"https:\/\/fotos15.inmovilla.com\/12732\/24621034\/2-24.jpg\",\"basename\":\"2-24.jpg\",\"created_date\":\"2026-04-30 15:03:33\",\"is_downloaded\":0,\"is_using_remote\":1},{\"multimedia_type\":\"Picture\",\"picture_url\":\"https:\/\/fotos15.inmovilla.com\/12732\/24621034\/2-25.jpg\",\"position\":25,\"picture_id\":25,\"media_id\":144116,\"post_id\":194558,\"id\":25,\"attachment_id\":0,\"url\":\"https:\/\/fotos15.inmovilla.com\/12732\/24621034\/2-25.jpg\",\"basename\":\"2-25.jpg\",\"created_date\":\"2026-04-30 15:03:33\",\"is_downloaded\":0,\"is_using_remote\":1},{\"multimedia_type\":\"Picture\",\"picture_url\":\"https:\/\/fotos15.inmovilla.com\/12732\/24621034\/2-26.jpg\",\"position\":26,\"picture_id\":26,\"media_id\":144117,\"post_id\":194558,\"id\":26,\"attachment_id\":0,\"url\":\"https:\/\/fotos15.inmovilla.com\/12732\/24621034\/2-26.jpg\",\"basename\":\"2-26.jpg\",\"created_date\":\"2026-04-30 15:03:33\",\"is_downloaded\":0,\"is_using_remote\":1},{\"multimedia_type\":\"Picture\",\"picture_url\":\"https:\/\/fotos15.inmovilla.com\/12732\/24621034\/2-27.jpg\",\"position\":27,\"picture_id\":27,\"media_id\":144118,\"post_id\":194558,\"id\":27,\"attachment_id\":0,\"url\":\"https:\/\/fotos15.inmovilla.com\/12732\/24621034\/2-27.jpg\",\"basename\":\"2-27.jpg\",\"created_date\":\"2026-04-30 15:03:33\",\"is_downloaded\":0,\"is_using_remote\":1},{\"multimedia_type\":\"Picture\",\"picture_url\":\"https:\/\/fotos15.inmovilla.com\/12732\/24621034\/2-28.jpg\",\"position\":28,\"picture_id\":28,\"media_id\":144119,\"post_id\":194558,\"id\":28,\"attachment_id\":0,\"url\":\"https:\/\/fotos15.inmovilla.com\/12732\/24621034\/2-28.jpg\",\"basename\":\"2-28.jpg\",\"created_date\":\"2026-04-30 15:03:33\",\"is_downloaded\":0,\"is_using_remote\":1},{\"multimedia_type\":\"Picture\",\"picture_url\":\"https:\/\/fotos15.inmovilla.com\/12732\/24621034\/2-29.jpg\",\"position\":29,\"picture_id\":29,\"media_id\":144120,\"post_id\":194558,\"id\":29,\"attachment_id\":0,\"url\":\"https:\/\/fotos15.inmovilla.com\/12732\/24621034\/2-29.jpg\",\"basename\":\"2-29.jpg\",\"created_date\":\"2026-04-30 15:03:33\",\"is_downloaded\":0,\"is_using_remote\":1},{\"multimedia_type\":\"Picture\",\"picture_url\":\"https:\/\/fotos15.inmovilla.com\/12732\/24621034\/2-30.jpg\",\"position\":30,\"picture_id\":30,\"media_id\":144121,\"post_id\":194558,\"id\":30,\"attachment_id\":0,\"url\":\"https:\/\/fotos15.inmovilla.com\/12732\/24621034\/2-30.jpg\",\"basename\":\"2-30.jpg\",\"created_date\":\"2026-04-30 15:03:33\",\"is_downloaded\":0,\"is_using_remote\":1}]"],"_thumbnail_id":["194559"],"fave_property_images":["194559"],"apg_property_id":["24621034"],"_wpml_word_count":["173"],"houzez_recently_viewed":["2026-05-01 07:55:04"],"houzez_total_property_views":["2"],"houzez_views_by_date":["a:1:{s:10:\"05-01-2026\";i:2;}"],"_eael_post_view_count":["2"],"_elementor_page_assets":["a:0:{}"]},"yoast_head":"<!-- This site is optimized with the Yoast SEO plugin v27.5 - https:\/\/yoast.com\/product\/yoast-seo-wordpress\/ -->\n<title>Espectacular d\u00faplex de 2 plantes amb ascensor per estrenar a la pla\u00e7a del mercat de Santanyi. - RE\/MAX Drac<\/title>\n<meta name=\"robots\" content=\"index, follow, max-snippet:-1, max-image-preview:large, max-video-preview:-1\" \/>\n<link rel=\"canonical\" href=\"https:\/\/www.santanyi.net\/ca\/property\/espectacular-duplex-de-2-plantes-amb-ascensor-per-estrenar-a-la-placa-del-mercat-de-santanyi\/\" \/>\n<meta property=\"og:locale\" content=\"ca_ES\" \/>\n<meta property=\"og:type\" content=\"article\" \/>\n<meta property=\"og:title\" content=\"Espectacular d\u00faplex de 2 plantes amb ascensor per estrenar a la pla\u00e7a del mercat de Santanyi. - RE\/MAX Drac\" \/>\n<meta property=\"og:description\" content=\"Habitatge de nova construcci\u00f3 amb la possibilitat de combinar amb un petit local situat en una zona privilegiada a la Pla\u00e7a Major de Santany\u00ed.La propietat es distribueix en dues plantes. A la primera planta hi ha una sala d&#8217;estar \u00e0mplia i lluminosa amb sortida al balc\u00f3, oferint les millors vistes de la pla\u00e7a i de [&hellip;]\" \/>\n<meta property=\"og:url\" content=\"https:\/\/www.santanyi.net\/ca\/property\/espectacular-duplex-de-2-plantes-amb-ascensor-per-estrenar-a-la-placa-del-mercat-de-santanyi\/\" \/>\n<meta property=\"og:site_name\" content=\"RE\/MAX Drac\" \/>\n<meta property=\"article:modified_time\" content=\"2026-05-01T06:05:27+00:00\" \/>\n<meta property=\"og:image\" content=\"https:\/\/www.santanyi.net\/wp-content\/uploads\/anaconda_property_media\/24621034-194558\/2-1.jpg\" \/>\n\t<meta property=\"og:image:width\" content=\"800\" \/>\n\t<meta property=\"og:image:height\" content=\"600\" \/>\n\t<meta property=\"og:image:type\" content=\"image\/jpeg\" \/>\n<meta name=\"twitter:card\" content=\"summary_large_image\" \/>\n<meta name=\"twitter:label1\" content=\"Temps estimat de lectura\" \/>\n\t<meta name=\"twitter:data1\" content=\"1 minut\" \/>\n<script type=\"application\/ld+json\" class=\"yoast-schema-graph\">{\"@context\":\"https:\\\/\\\/schema.org\",\"@graph\":[{\"@type\":\"WebPage\",\"@id\":\"https:\\\/\\\/www.santanyi.net\\\/ca\\\/property\\\/espectacular-duplex-de-2-plantes-amb-ascensor-per-estrenar-a-la-placa-del-mercat-de-santanyi\\\/\",\"url\":\"https:\\\/\\\/www.santanyi.net\\\/ca\\\/property\\\/espectacular-duplex-de-2-plantes-amb-ascensor-per-estrenar-a-la-placa-del-mercat-de-santanyi\\\/\",\"name\":\"Espectacular d\u00faplex de 2 plantes amb ascensor per estrenar a la pla\u00e7a del mercat de Santanyi. - RE\\\/MAX Drac\",\"isPartOf\":{\"@id\":\"https:\\\/\\\/www.santanyi.net\\\/ca\\\/#website\"},\"primaryImageOfPage\":{\"@id\":\"https:\\\/\\\/www.santanyi.net\\\/ca\\\/property\\\/espectacular-duplex-de-2-plantes-amb-ascensor-per-estrenar-a-la-placa-del-mercat-de-santanyi\\\/#primaryimage\"},\"image\":{\"@id\":\"https:\\\/\\\/www.santanyi.net\\\/ca\\\/property\\\/espectacular-duplex-de-2-plantes-amb-ascensor-per-estrenar-a-la-placa-del-mercat-de-santanyi\\\/#primaryimage\"},\"thumbnailUrl\":\"https:\\\/\\\/www.santanyi.net\\\/wp-content\\\/uploads\\\/anaconda_property_media\\\/24621034-194558\\\/2-1.jpg\",\"datePublished\":\"2026-04-30T15:03:33+00:00\",\"dateModified\":\"2026-05-01T06:05:27+00:00\",\"breadcrumb\":{\"@id\":\"https:\\\/\\\/www.santanyi.net\\\/ca\\\/property\\\/espectacular-duplex-de-2-plantes-amb-ascensor-per-estrenar-a-la-placa-del-mercat-de-santanyi\\\/#breadcrumb\"},\"inLanguage\":\"ca\",\"potentialAction\":[{\"@type\":\"ReadAction\",\"target\":[\"https:\\\/\\\/www.santanyi.net\\\/ca\\\/property\\\/espectacular-duplex-de-2-plantes-amb-ascensor-per-estrenar-a-la-placa-del-mercat-de-santanyi\\\/\"]}]},{\"@type\":\"ImageObject\",\"inLanguage\":\"ca\",\"@id\":\"https:\\\/\\\/www.santanyi.net\\\/ca\\\/property\\\/espectacular-duplex-de-2-plantes-amb-ascensor-per-estrenar-a-la-placa-del-mercat-de-santanyi\\\/#primaryimage\",\"url\":\"https:\\\/\\\/www.santanyi.net\\\/wp-content\\\/uploads\\\/anaconda_property_media\\\/24621034-194558\\\/2-1.jpg\",\"contentUrl\":\"https:\\\/\\\/www.santanyi.net\\\/wp-content\\\/uploads\\\/anaconda_property_media\\\/24621034-194558\\\/2-1.jpg\",\"width\":800,\"height\":600},{\"@type\":\"BreadcrumbList\",\"@id\":\"https:\\\/\\\/www.santanyi.net\\\/ca\\\/property\\\/espectacular-duplex-de-2-plantes-amb-ascensor-per-estrenar-a-la-placa-del-mercat-de-santanyi\\\/#breadcrumb\",\"itemListElement\":[{\"@type\":\"ListItem\",\"position\":1,\"name\":\"Home\",\"item\":\"https:\\\/\\\/www.santanyi.net\\\/ca\\\/\"},{\"@type\":\"ListItem\",\"position\":2,\"name\":\"Properties\",\"item\":\"https:\\\/\\\/www.santanyi.net\\\/ca\\\/property\\\/\"},{\"@type\":\"ListItem\",\"position\":3,\"name\":\"Espectacular d\u00faplex de 2 plantes amb ascensor per estrenar a la pla\u00e7a del mercat de Santanyi.\"}]},{\"@type\":\"WebSite\",\"@id\":\"https:\\\/\\\/www.santanyi.net\\\/ca\\\/#website\",\"url\":\"https:\\\/\\\/www.santanyi.net\\\/ca\\\/\",\"name\":\"RE\\\/MAX Drac\",\"description\":\"\",\"publisher\":{\"@id\":\"https:\\\/\\\/www.santanyi.net\\\/ca\\\/#organization\"},\"potentialAction\":[{\"@type\":\"SearchAction\",\"target\":{\"@type\":\"EntryPoint\",\"urlTemplate\":\"https:\\\/\\\/www.santanyi.net\\\/ca\\\/?s={search_term_string}\"},\"query-input\":{\"@type\":\"PropertyValueSpecification\",\"valueRequired\":true,\"valueName\":\"search_term_string\"}}],\"inLanguage\":\"ca\"},{\"@type\":\"Organization\",\"@id\":\"https:\\\/\\\/www.santanyi.net\\\/ca\\\/#organization\",\"name\":\"RE\\\/MAX Drac\",\"url\":\"https:\\\/\\\/www.santanyi.net\\\/ca\\\/\",\"logo\":{\"@type\":\"ImageObject\",\"inLanguage\":\"ca\",\"@id\":\"https:\\\/\\\/www.santanyi.net\\\/ca\\\/#\\\/schema\\\/logo\\\/image\\\/\",\"url\":\"https:\\\/\\\/www.santanyi.net\\\/wp-content\\\/uploads\\\/2025\\\/07\\\/logo-nuevo.png\",\"contentUrl\":\"https:\\\/\\\/www.santanyi.net\\\/wp-content\\\/uploads\\\/2025\\\/07\\\/logo-nuevo.png\",\"width\":295,\"height\":165,\"caption\":\"RE\\\/MAX Drac\"},\"image\":{\"@id\":\"https:\\\/\\\/www.santanyi.net\\\/ca\\\/#\\\/schema\\\/logo\\\/image\\\/\"}}]}<\/script>\n<!-- \/ Yoast SEO plugin. -->","yoast_head_json":{"title":"Espectacular d\u00faplex de 2 plantes amb ascensor per estrenar a la pla\u00e7a del mercat de Santanyi. - RE\/MAX Drac","robots":{"index":"index","follow":"follow","max-snippet":"max-snippet:-1","max-image-preview":"max-image-preview:large","max-video-preview":"max-video-preview:-1"},"canonical":"https:\/\/www.santanyi.net\/ca\/property\/espectacular-duplex-de-2-plantes-amb-ascensor-per-estrenar-a-la-placa-del-mercat-de-santanyi\/","og_locale":"ca_ES","og_type":"article","og_title":"Espectacular d\u00faplex de 2 plantes amb ascensor per estrenar a la pla\u00e7a del mercat de Santanyi. - RE\/MAX Drac","og_description":"Habitatge de nova construcci\u00f3 amb la possibilitat de combinar amb un petit local situat en una zona privilegiada a la Pla\u00e7a Major de Santany\u00ed.La propietat es distribueix en dues plantes. A la primera planta hi ha una sala d&#8217;estar \u00e0mplia i lluminosa amb sortida al balc\u00f3, oferint les millors vistes de la pla\u00e7a i de [&hellip;]","og_url":"https:\/\/www.santanyi.net\/ca\/property\/espectacular-duplex-de-2-plantes-amb-ascensor-per-estrenar-a-la-placa-del-mercat-de-santanyi\/","og_site_name":"RE\/MAX Drac","article_modified_time":"2026-05-01T06:05:27+00:00","og_image":[{"width":800,"height":600,"url":"https:\/\/www.santanyi.net\/wp-content\/uploads\/anaconda_property_media\/24621034-194558\/2-1.jpg","type":"image\/jpeg"}],"twitter_card":"summary_large_image","twitter_misc":{"Temps estimat de lectura":"1 minut"},"schema":{"@context":"https:\/\/schema.org","@graph":[{"@type":"WebPage","@id":"https:\/\/www.santanyi.net\/ca\/property\/espectacular-duplex-de-2-plantes-amb-ascensor-per-estrenar-a-la-placa-del-mercat-de-santanyi\/","url":"https:\/\/www.santanyi.net\/ca\/property\/espectacular-duplex-de-2-plantes-amb-ascensor-per-estrenar-a-la-placa-del-mercat-de-santanyi\/","name":"Espectacular d\u00faplex de 2 plantes amb ascensor per estrenar a la pla\u00e7a del mercat de Santanyi. - RE\/MAX Drac","isPartOf":{"@id":"https:\/\/www.santanyi.net\/ca\/#website"},"primaryImageOfPage":{"@id":"https:\/\/www.santanyi.net\/ca\/property\/espectacular-duplex-de-2-plantes-amb-ascensor-per-estrenar-a-la-placa-del-mercat-de-santanyi\/#primaryimage"},"image":{"@id":"https:\/\/www.santanyi.net\/ca\/property\/espectacular-duplex-de-2-plantes-amb-ascensor-per-estrenar-a-la-placa-del-mercat-de-santanyi\/#primaryimage"},"thumbnailUrl":"https:\/\/www.santanyi.net\/wp-content\/uploads\/anaconda_property_media\/24621034-194558\/2-1.jpg","datePublished":"2026-04-30T15:03:33+00:00","dateModified":"2026-05-01T06:05:27+00:00","breadcrumb":{"@id":"https:\/\/www.santanyi.net\/ca\/property\/espectacular-duplex-de-2-plantes-amb-ascensor-per-estrenar-a-la-placa-del-mercat-de-santanyi\/#breadcrumb"},"inLanguage":"ca","potentialAction":[{"@type":"ReadAction","target":["https:\/\/www.santanyi.net\/ca\/property\/espectacular-duplex-de-2-plantes-amb-ascensor-per-estrenar-a-la-placa-del-mercat-de-santanyi\/"]}]},{"@type":"ImageObject","inLanguage":"ca","@id":"https:\/\/www.santanyi.net\/ca\/property\/espectacular-duplex-de-2-plantes-amb-ascensor-per-estrenar-a-la-placa-del-mercat-de-santanyi\/#primaryimage","url":"https:\/\/www.santanyi.net\/wp-content\/uploads\/anaconda_property_media\/24621034-194558\/2-1.jpg","contentUrl":"https:\/\/www.santanyi.net\/wp-content\/uploads\/anaconda_property_media\/24621034-194558\/2-1.jpg","width":800,"height":600},{"@type":"BreadcrumbList","@id":"https:\/\/www.santanyi.net\/ca\/property\/espectacular-duplex-de-2-plantes-amb-ascensor-per-estrenar-a-la-placa-del-mercat-de-santanyi\/#breadcrumb","itemListElement":[{"@type":"ListItem","position":1,"name":"Home","item":"https:\/\/www.santanyi.net\/ca\/"},{"@type":"ListItem","position":2,"name":"Properties","item":"https:\/\/www.santanyi.net\/ca\/property\/"},{"@type":"ListItem","position":3,"name":"Espectacular d\u00faplex de 2 plantes amb ascensor per estrenar a la pla\u00e7a del mercat de Santanyi."}]},{"@type":"WebSite","@id":"https:\/\/www.santanyi.net\/ca\/#website","url":"https:\/\/www.santanyi.net\/ca\/","name":"RE\/MAX Drac","description":"","publisher":{"@id":"https:\/\/www.santanyi.net\/ca\/#organization"},"potentialAction":[{"@type":"SearchAction","target":{"@type":"EntryPoint","urlTemplate":"https:\/\/www.santanyi.net\/ca\/?s={search_term_string}"},"query-input":{"@type":"PropertyValueSpecification","valueRequired":true,"valueName":"search_term_string"}}],"inLanguage":"ca"},{"@type":"Organization","@id":"https:\/\/www.santanyi.net\/ca\/#organization","name":"RE\/MAX Drac","url":"https:\/\/www.santanyi.net\/ca\/","logo":{"@type":"ImageObject","inLanguage":"ca","@id":"https:\/\/www.santanyi.net\/ca\/#\/schema\/logo\/image\/","url":"https:\/\/www.santanyi.net\/wp-content\/uploads\/2025\/07\/logo-nuevo.png","contentUrl":"https:\/\/www.santanyi.net\/wp-content\/uploads\/2025\/07\/logo-nuevo.png","width":295,"height":165,"caption":"RE\/MAX Drac"},"image":{"@id":"https:\/\/www.santanyi.net\/ca\/#\/schema\/logo\/image\/"}}]}},"_links":{"self":[{"href":"https:\/\/www.santanyi.net\/ca\/wp-json\/wp\/v2\/properties\/194564","targetHints":{"allow":["GET"]}}],"collection":[{"href":"https:\/\/www.santanyi.net\/ca\/wp-json\/wp\/v2\/properties"}],"about":[{"href":"https:\/\/www.santanyi.net\/ca\/wp-json\/wp\/v2\/types\/property"}],"author":[{"embeddable":true,"href":"https:\/\/www.santanyi.net\/ca\/wp-json\/wp\/v2\/users\/1"}],"version-history":[{"count":1,"href":"https:\/\/www.santanyi.net\/ca\/wp-json\/wp\/v2\/properties\/194564\/revisions"}],"predecessor-version":[{"id":195408,"href":"https:\/\/www.santanyi.net\/ca\/wp-json\/wp\/v2\/properties\/194564\/revisions\/195408"}],"wp:featuredmedia":[{"embeddable":true,"href":"https:\/\/www.santanyi.net\/ca\/wp-json\/wp\/v2\/media\/194559"}],"wp:attachment":[{"href":"https:\/\/www.santanyi.net\/ca\/wp-json\/wp\/v2\/media?parent=194564"}],"wp:term":[{"taxonomy":"property_type","embeddable":true,"href":"https:\/\/www.santanyi.net\/ca\/wp-json\/wp\/v2\/property_type?post=194564"},{"taxonomy":"property_status","embeddable":true,"href":"https:\/\/www.santanyi.net\/ca\/wp-json\/wp\/v2\/property_status?post=194564"},{"taxonomy":"property_feature","embeddable":true,"href":"https:\/\/www.santanyi.net\/ca\/wp-json\/wp\/v2\/property_feature?post=194564"},{"taxonomy":"property_label","embeddable":true,"href":"https:\/\/www.santanyi.net\/ca\/wp-json\/wp\/v2\/property_label?post=194564"},{"taxonomy":"property_country","embeddable":true,"href":"https:\/\/www.santanyi.net\/ca\/wp-json\/wp\/v2\/property_country?post=194564"},{"taxonomy":"property_state","embeddable":true,"href":"https:\/\/www.santanyi.net\/ca\/wp-json\/wp\/v2\/property_state?post=194564"},{"taxonomy":"property_city","embeddable":true,"href":"https:\/\/www.santanyi.net\/ca\/wp-json\/wp\/v2\/property_city?post=194564"},{"taxonomy":"property_area","embeddable":true,"href":"https:\/\/www.santanyi.net\/ca\/wp-json\/wp\/v2\/property_area?post=194564"}],"curies":[{"name":"wp","href":"https:\/\/api.w.org\/{rel}","templated":true}]}}