
{"id":194540,"date":"2026-04-30T15:03:25","date_gmt":"2026-04-30T15:03:25","guid":{"rendered":"https:\/\/www.santanyi.net\/property\/espectacular-villa-amb-piscina-a-prop-cala-samarador\/"},"modified":"2026-05-01T06:05:20","modified_gmt":"2026-05-01T06:05:20","slug":"espectacular-villa-amb-piscina-a-prop-cala-samarador-2","status":"publish","type":"property","link":"https:\/\/www.santanyi.net\/ca\/property\/espectacular-villa-amb-piscina-a-prop-cala-samarador-2\/","title":{"rendered":"Espectacular Villa amb piscina a prop Cala s&#8217;Amarador"},"content":{"rendered":"<p>El preu de venda \u00e9s amb l&#8217;habitatge acabat amb 3 dormitoris, 3 banys,  i piscina.S\u2019ofereix a la venda una promoci\u00f3 exclusiva per construir un habitatge de luxe, situat en una ubicaci\u00f3 excepcional dins del Parc Natural de Mondrag\u00f3, a nom\u00e9s 5 minuts a peu de la platja verge de S\u2019Amarador.Una oportunitat \u00fanica per desenvolupar una propietat d&#8217;alt standing en un entorn natural protegit, amb possibilitat de disseny personalitzat i acabats de primera qualitat.Caracter\u00edstiques destacades:Projecte en parcel\u00b7la amb ubicaci\u00f3 privilegiadaEntorn natural, tranquil\u00b7litat i privacitatA pocs metres del marIdeal com a inversi\u00f3 o resid\u00e8ncia exclusivaAlta demanda a la zonaInverteix en qualitat de vida en un dels llocs m\u00e9s bells i verges de Mallorca.Xalet.<\/p>\n","protected":false},"excerpt":{"rendered":"<p>El preu de venda \u00e9s amb l&#8217;habitatge acabat amb 3 dormitoris, 3 banys, i piscina.S\u2019ofereix a la venda una promoci\u00f3 exclusiva per construir un habitatge de luxe, situat en una ubicaci\u00f3 excepcional dins del Parc Natural de Mondrag\u00f3, a nom\u00e9s 5 minuts a peu de la platja verge de S\u2019Amarador.Una oportunitat \u00fanica per desenvolupar una [&hellip;]<\/p>\n","protected":false},"author":1,"featured_media":194535,"parent":0,"menu_order":0,"template":"","property_type":[2161],"property_status":[2096,2103],"property_feature":[1799,1927,1911,1867,1803,1929,1918,1804,1810,1811,1913,1931,1813],"property_label":[],"property_country":[],"property_state":[],"property_city":[635],"property_area":[637],"class_list":["post-194540","property","type-property","status-publish","has-post-thumbnail","hentry","property_type-chalet-ca","property_status-venta","property_status-venta-ca","property_feature-aire_con-ca","property_feature-airecentral-ca","property_feature-airecentral","property_feature-arma_empo-ca","property_feature-calefaccion-ca","property_feature-costa-ca","property_feature-costa","property_feature-descalcificador-ca","property_feature-parking-ca","property_feature-piscina_prop-ca","property_feature-puerta_blin","property_feature-puerta_blin-ca","property_feature-vallado-ca","property_city-santanyi","property_area-cala-figuera"],"acf":[],"property_meta":{"_apg_property_user_edited":["1"],"fave_property_id":["DRAC-CV1542VT"],"fave_property_location":["39.342670828375,3.1853583652461,15"],"houzez_geolocation_lat":["39.342670828375"],"houzez_geolocation_long":["3.1853583652461"],"fave_property_price":["1650000"],"fave_property_rent_or_sale":["sale"],"fave_property_year":[null],"fave_property_size_prefix":["m2"],"fave_property_land_postfix":["m2"],"fave_property_size":["150"],"fave_property_land":["378"],"fave_property_bedrooms":["3"],"fave_property_bathrooms":["3"],"fave_property_map_address":["Cala Figuera, 07690 Santany\u00ed"],"fave_property_address":[" , Santany\u00ed 07690"],"fave_property_zip":["07690"],"fave_property_postal_code":["07690"],"fave_property_map":["1"],"apg_is_using_remote_image_url":["1"],"apg_using_remote_image_urls":["[{\"multimedia_type\":\"Picture\",\"picture_url\":\"https:\/\/fotos15.inmovilla.com\/12732\/24621099\/4-1.jpg\",\"position\":1,\"picture_id\":1,\"media_id\":144072,\"post_id\":194534,\"id\":1,\"attachment_id\":0,\"url\":\"https:\/\/fotos15.inmovilla.com\/12732\/24621099\/4-1.jpg\",\"basename\":\"4-1.jpg\",\"created_date\":\"2026-04-30 15:03:25\",\"is_downloaded\":0,\"is_using_remote\":0},{\"multimedia_type\":\"Picture\",\"picture_url\":\"https:\/\/fotos15.inmovilla.com\/12732\/24621099\/4-2.jpg\",\"position\":2,\"picture_id\":2,\"media_id\":144073,\"post_id\":194534,\"id\":2,\"attachment_id\":0,\"url\":\"https:\/\/fotos15.inmovilla.com\/12732\/24621099\/4-2.jpg\",\"basename\":\"4-2.jpg\",\"created_date\":\"2026-04-30 15:03:25\",\"is_downloaded\":0,\"is_using_remote\":1},{\"multimedia_type\":\"Picture\",\"picture_url\":\"https:\/\/fotos15.inmovilla.com\/12732\/24621099\/4-3.jpg\",\"position\":3,\"picture_id\":3,\"media_id\":144074,\"post_id\":194534,\"id\":3,\"attachment_id\":0,\"url\":\"https:\/\/fotos15.inmovilla.com\/12732\/24621099\/4-3.jpg\",\"basename\":\"4-3.jpg\",\"created_date\":\"2026-04-30 15:03:25\",\"is_downloaded\":0,\"is_using_remote\":1},{\"multimedia_type\":\"Picture\",\"picture_url\":\"https:\/\/fotos15.inmovilla.com\/12732\/24621099\/4-4.jpg\",\"position\":4,\"picture_id\":4,\"media_id\":144075,\"post_id\":194534,\"id\":4,\"attachment_id\":0,\"url\":\"https:\/\/fotos15.inmovilla.com\/12732\/24621099\/4-4.jpg\",\"basename\":\"4-4.jpg\",\"created_date\":\"2026-04-30 15:03:25\",\"is_downloaded\":0,\"is_using_remote\":1},{\"multimedia_type\":\"Picture\",\"picture_url\":\"https:\/\/fotos15.inmovilla.com\/12732\/24621099\/4-5.jpg\",\"position\":5,\"picture_id\":5,\"media_id\":144076,\"post_id\":194534,\"id\":5,\"attachment_id\":0,\"url\":\"https:\/\/fotos15.inmovilla.com\/12732\/24621099\/4-5.jpg\",\"basename\":\"4-5.jpg\",\"created_date\":\"2026-04-30 15:03:25\",\"is_downloaded\":0,\"is_using_remote\":1},{\"multimedia_type\":\"Picture\",\"picture_url\":\"https:\/\/fotos15.inmovilla.com\/12732\/24621099\/4-6.jpg\",\"position\":6,\"picture_id\":6,\"media_id\":144077,\"post_id\":194534,\"id\":6,\"attachment_id\":0,\"url\":\"https:\/\/fotos15.inmovilla.com\/12732\/24621099\/4-6.jpg\",\"basename\":\"4-6.jpg\",\"created_date\":\"2026-04-30 15:03:25\",\"is_downloaded\":0,\"is_using_remote\":1}]"],"_thumbnail_id":["194535"],"fave_property_images":["194535"],"fave_property_sec_price":["1650000"],"apg_property_id":["24621099"],"_wpml_word_count":["139"],"_eael_post_view_count":["2"],"houzez_total_property_views":["2"],"houzez_views_by_date":["a:2:{s:10:\"04-30-2026\";i:1;s:10:\"05-01-2026\";i:1;}"],"houzez_recently_viewed":["2026-05-01 14:54:31"],"_elementor_page_assets":["a:0:{}"]},"yoast_head":"<!-- This site is optimized with the Yoast SEO plugin v27.5 - https:\/\/yoast.com\/product\/yoast-seo-wordpress\/ -->\n<title>Espectacular Villa amb piscina a prop Cala s&#039;Amarador - RE\/MAX Drac<\/title>\n<meta name=\"robots\" content=\"index, follow, max-snippet:-1, max-image-preview:large, max-video-preview:-1\" \/>\n<link rel=\"canonical\" href=\"https:\/\/www.santanyi.net\/ca\/property\/espectacular-villa-amb-piscina-a-prop-cala-samarador-2\/\" \/>\n<meta property=\"og:locale\" content=\"ca_ES\" \/>\n<meta property=\"og:type\" content=\"article\" \/>\n<meta property=\"og:title\" content=\"Espectacular Villa amb piscina a prop Cala s&#039;Amarador - RE\/MAX Drac\" \/>\n<meta property=\"og:description\" content=\"El preu de venda \u00e9s amb l&#8217;habitatge acabat amb 3 dormitoris, 3 banys, i piscina.S\u2019ofereix a la venda una promoci\u00f3 exclusiva per construir un habitatge de luxe, situat en una ubicaci\u00f3 excepcional dins del Parc Natural de Mondrag\u00f3, a nom\u00e9s 5 minuts a peu de la platja verge de S\u2019Amarador.Una oportunitat \u00fanica per desenvolupar una [&hellip;]\" \/>\n<meta property=\"og:url\" content=\"https:\/\/www.santanyi.net\/ca\/property\/espectacular-villa-amb-piscina-a-prop-cala-samarador-2\/\" \/>\n<meta property=\"og:site_name\" content=\"RE\/MAX Drac\" \/>\n<meta property=\"article:modified_time\" content=\"2026-05-01T06:05:20+00:00\" \/>\n<meta property=\"og:image\" content=\"https:\/\/www.santanyi.net\/wp-content\/uploads\/anaconda_property_media\/24621099-194534\/4-1.jpg\" \/>\n\t<meta property=\"og:image:width\" content=\"828\" \/>\n\t<meta property=\"og:image:height\" content=\"409\" \/>\n\t<meta property=\"og:image:type\" content=\"image\/jpeg\" \/>\n<meta name=\"twitter:card\" content=\"summary_large_image\" \/>\n<meta name=\"twitter:label1\" content=\"Temps estimat de lectura\" \/>\n\t<meta name=\"twitter:data1\" content=\"1 minut\" \/>\n<script type=\"application\/ld+json\" class=\"yoast-schema-graph\">{\"@context\":\"https:\\\/\\\/schema.org\",\"@graph\":[{\"@type\":\"WebPage\",\"@id\":\"https:\\\/\\\/www.santanyi.net\\\/ca\\\/property\\\/espectacular-villa-amb-piscina-a-prop-cala-samarador-2\\\/\",\"url\":\"https:\\\/\\\/www.santanyi.net\\\/ca\\\/property\\\/espectacular-villa-amb-piscina-a-prop-cala-samarador-2\\\/\",\"name\":\"Espectacular Villa amb piscina a prop Cala s'Amarador - RE\\\/MAX Drac\",\"isPartOf\":{\"@id\":\"https:\\\/\\\/www.santanyi.net\\\/ca\\\/#website\"},\"primaryImageOfPage\":{\"@id\":\"https:\\\/\\\/www.santanyi.net\\\/ca\\\/property\\\/espectacular-villa-amb-piscina-a-prop-cala-samarador-2\\\/#primaryimage\"},\"image\":{\"@id\":\"https:\\\/\\\/www.santanyi.net\\\/ca\\\/property\\\/espectacular-villa-amb-piscina-a-prop-cala-samarador-2\\\/#primaryimage\"},\"thumbnailUrl\":\"https:\\\/\\\/www.santanyi.net\\\/wp-content\\\/uploads\\\/anaconda_property_media\\\/24621099-194534\\\/4-1.jpg\",\"datePublished\":\"2026-04-30T15:03:25+00:00\",\"dateModified\":\"2026-05-01T06:05:20+00:00\",\"breadcrumb\":{\"@id\":\"https:\\\/\\\/www.santanyi.net\\\/ca\\\/property\\\/espectacular-villa-amb-piscina-a-prop-cala-samarador-2\\\/#breadcrumb\"},\"inLanguage\":\"ca\",\"potentialAction\":[{\"@type\":\"ReadAction\",\"target\":[\"https:\\\/\\\/www.santanyi.net\\\/ca\\\/property\\\/espectacular-villa-amb-piscina-a-prop-cala-samarador-2\\\/\"]}]},{\"@type\":\"ImageObject\",\"inLanguage\":\"ca\",\"@id\":\"https:\\\/\\\/www.santanyi.net\\\/ca\\\/property\\\/espectacular-villa-amb-piscina-a-prop-cala-samarador-2\\\/#primaryimage\",\"url\":\"https:\\\/\\\/www.santanyi.net\\\/wp-content\\\/uploads\\\/anaconda_property_media\\\/24621099-194534\\\/4-1.jpg\",\"contentUrl\":\"https:\\\/\\\/www.santanyi.net\\\/wp-content\\\/uploads\\\/anaconda_property_media\\\/24621099-194534\\\/4-1.jpg\",\"width\":828,\"height\":409},{\"@type\":\"BreadcrumbList\",\"@id\":\"https:\\\/\\\/www.santanyi.net\\\/ca\\\/property\\\/espectacular-villa-amb-piscina-a-prop-cala-samarador-2\\\/#breadcrumb\",\"itemListElement\":[{\"@type\":\"ListItem\",\"position\":1,\"name\":\"Home\",\"item\":\"https:\\\/\\\/www.santanyi.net\\\/ca\\\/\"},{\"@type\":\"ListItem\",\"position\":2,\"name\":\"Properties\",\"item\":\"https:\\\/\\\/www.santanyi.net\\\/ca\\\/property\\\/\"},{\"@type\":\"ListItem\",\"position\":3,\"name\":\"Espectacular Villa amb piscina a prop Cala s&#8217;Amarador\"}]},{\"@type\":\"WebSite\",\"@id\":\"https:\\\/\\\/www.santanyi.net\\\/ca\\\/#website\",\"url\":\"https:\\\/\\\/www.santanyi.net\\\/ca\\\/\",\"name\":\"RE\\\/MAX Drac\",\"description\":\"\",\"publisher\":{\"@id\":\"https:\\\/\\\/www.santanyi.net\\\/ca\\\/#organization\"},\"potentialAction\":[{\"@type\":\"SearchAction\",\"target\":{\"@type\":\"EntryPoint\",\"urlTemplate\":\"https:\\\/\\\/www.santanyi.net\\\/ca\\\/?s={search_term_string}\"},\"query-input\":{\"@type\":\"PropertyValueSpecification\",\"valueRequired\":true,\"valueName\":\"search_term_string\"}}],\"inLanguage\":\"ca\"},{\"@type\":\"Organization\",\"@id\":\"https:\\\/\\\/www.santanyi.net\\\/ca\\\/#organization\",\"name\":\"RE\\\/MAX Drac\",\"url\":\"https:\\\/\\\/www.santanyi.net\\\/ca\\\/\",\"logo\":{\"@type\":\"ImageObject\",\"inLanguage\":\"ca\",\"@id\":\"https:\\\/\\\/www.santanyi.net\\\/ca\\\/#\\\/schema\\\/logo\\\/image\\\/\",\"url\":\"https:\\\/\\\/www.santanyi.net\\\/wp-content\\\/uploads\\\/2025\\\/07\\\/logo-nuevo.png\",\"contentUrl\":\"https:\\\/\\\/www.santanyi.net\\\/wp-content\\\/uploads\\\/2025\\\/07\\\/logo-nuevo.png\",\"width\":295,\"height\":165,\"caption\":\"RE\\\/MAX Drac\"},\"image\":{\"@id\":\"https:\\\/\\\/www.santanyi.net\\\/ca\\\/#\\\/schema\\\/logo\\\/image\\\/\"}}]}<\/script>\n<!-- \/ Yoast SEO plugin. -->","yoast_head_json":{"title":"Espectacular Villa amb piscina a prop Cala s'Amarador - RE\/MAX Drac","robots":{"index":"index","follow":"follow","max-snippet":"max-snippet:-1","max-image-preview":"max-image-preview:large","max-video-preview":"max-video-preview:-1"},"canonical":"https:\/\/www.santanyi.net\/ca\/property\/espectacular-villa-amb-piscina-a-prop-cala-samarador-2\/","og_locale":"ca_ES","og_type":"article","og_title":"Espectacular Villa amb piscina a prop Cala s'Amarador - RE\/MAX Drac","og_description":"El preu de venda \u00e9s amb l&#8217;habitatge acabat amb 3 dormitoris, 3 banys, i piscina.S\u2019ofereix a la venda una promoci\u00f3 exclusiva per construir un habitatge de luxe, situat en una ubicaci\u00f3 excepcional dins del Parc Natural de Mondrag\u00f3, a nom\u00e9s 5 minuts a peu de la platja verge de S\u2019Amarador.Una oportunitat \u00fanica per desenvolupar una [&hellip;]","og_url":"https:\/\/www.santanyi.net\/ca\/property\/espectacular-villa-amb-piscina-a-prop-cala-samarador-2\/","og_site_name":"RE\/MAX Drac","article_modified_time":"2026-05-01T06:05:20+00:00","og_image":[{"width":828,"height":409,"url":"https:\/\/www.santanyi.net\/wp-content\/uploads\/anaconda_property_media\/24621099-194534\/4-1.jpg","type":"image\/jpeg"}],"twitter_card":"summary_large_image","twitter_misc":{"Temps estimat de lectura":"1 minut"},"schema":{"@context":"https:\/\/schema.org","@graph":[{"@type":"WebPage","@id":"https:\/\/www.santanyi.net\/ca\/property\/espectacular-villa-amb-piscina-a-prop-cala-samarador-2\/","url":"https:\/\/www.santanyi.net\/ca\/property\/espectacular-villa-amb-piscina-a-prop-cala-samarador-2\/","name":"Espectacular Villa amb piscina a prop Cala s'Amarador - RE\/MAX Drac","isPartOf":{"@id":"https:\/\/www.santanyi.net\/ca\/#website"},"primaryImageOfPage":{"@id":"https:\/\/www.santanyi.net\/ca\/property\/espectacular-villa-amb-piscina-a-prop-cala-samarador-2\/#primaryimage"},"image":{"@id":"https:\/\/www.santanyi.net\/ca\/property\/espectacular-villa-amb-piscina-a-prop-cala-samarador-2\/#primaryimage"},"thumbnailUrl":"https:\/\/www.santanyi.net\/wp-content\/uploads\/anaconda_property_media\/24621099-194534\/4-1.jpg","datePublished":"2026-04-30T15:03:25+00:00","dateModified":"2026-05-01T06:05:20+00:00","breadcrumb":{"@id":"https:\/\/www.santanyi.net\/ca\/property\/espectacular-villa-amb-piscina-a-prop-cala-samarador-2\/#breadcrumb"},"inLanguage":"ca","potentialAction":[{"@type":"ReadAction","target":["https:\/\/www.santanyi.net\/ca\/property\/espectacular-villa-amb-piscina-a-prop-cala-samarador-2\/"]}]},{"@type":"ImageObject","inLanguage":"ca","@id":"https:\/\/www.santanyi.net\/ca\/property\/espectacular-villa-amb-piscina-a-prop-cala-samarador-2\/#primaryimage","url":"https:\/\/www.santanyi.net\/wp-content\/uploads\/anaconda_property_media\/24621099-194534\/4-1.jpg","contentUrl":"https:\/\/www.santanyi.net\/wp-content\/uploads\/anaconda_property_media\/24621099-194534\/4-1.jpg","width":828,"height":409},{"@type":"BreadcrumbList","@id":"https:\/\/www.santanyi.net\/ca\/property\/espectacular-villa-amb-piscina-a-prop-cala-samarador-2\/#breadcrumb","itemListElement":[{"@type":"ListItem","position":1,"name":"Home","item":"https:\/\/www.santanyi.net\/ca\/"},{"@type":"ListItem","position":2,"name":"Properties","item":"https:\/\/www.santanyi.net\/ca\/property\/"},{"@type":"ListItem","position":3,"name":"Espectacular Villa amb piscina a prop Cala s&#8217;Amarador"}]},{"@type":"WebSite","@id":"https:\/\/www.santanyi.net\/ca\/#website","url":"https:\/\/www.santanyi.net\/ca\/","name":"RE\/MAX Drac","description":"","publisher":{"@id":"https:\/\/www.santanyi.net\/ca\/#organization"},"potentialAction":[{"@type":"SearchAction","target":{"@type":"EntryPoint","urlTemplate":"https:\/\/www.santanyi.net\/ca\/?s={search_term_string}"},"query-input":{"@type":"PropertyValueSpecification","valueRequired":true,"valueName":"search_term_string"}}],"inLanguage":"ca"},{"@type":"Organization","@id":"https:\/\/www.santanyi.net\/ca\/#organization","name":"RE\/MAX Drac","url":"https:\/\/www.santanyi.net\/ca\/","logo":{"@type":"ImageObject","inLanguage":"ca","@id":"https:\/\/www.santanyi.net\/ca\/#\/schema\/logo\/image\/","url":"https:\/\/www.santanyi.net\/wp-content\/uploads\/2025\/07\/logo-nuevo.png","contentUrl":"https:\/\/www.santanyi.net\/wp-content\/uploads\/2025\/07\/logo-nuevo.png","width":295,"height":165,"caption":"RE\/MAX Drac"},"image":{"@id":"https:\/\/www.santanyi.net\/ca\/#\/schema\/logo\/image\/"}}]}},"_links":{"self":[{"href":"https:\/\/www.santanyi.net\/ca\/wp-json\/wp\/v2\/properties\/194540","targetHints":{"allow":["GET"]}}],"collection":[{"href":"https:\/\/www.santanyi.net\/ca\/wp-json\/wp\/v2\/properties"}],"about":[{"href":"https:\/\/www.santanyi.net\/ca\/wp-json\/wp\/v2\/types\/property"}],"author":[{"embeddable":true,"href":"https:\/\/www.santanyi.net\/ca\/wp-json\/wp\/v2\/users\/1"}],"version-history":[{"count":1,"href":"https:\/\/www.santanyi.net\/ca\/wp-json\/wp\/v2\/properties\/194540\/revisions"}],"predecessor-version":[{"id":195396,"href":"https:\/\/www.santanyi.net\/ca\/wp-json\/wp\/v2\/properties\/194540\/revisions\/195396"}],"wp:featuredmedia":[{"embeddable":true,"href":"https:\/\/www.santanyi.net\/ca\/wp-json\/wp\/v2\/media\/194535"}],"wp:attachment":[{"href":"https:\/\/www.santanyi.net\/ca\/wp-json\/wp\/v2\/media?parent=194540"}],"wp:term":[{"taxonomy":"property_type","embeddable":true,"href":"https:\/\/www.santanyi.net\/ca\/wp-json\/wp\/v2\/property_type?post=194540"},{"taxonomy":"property_status","embeddable":true,"href":"https:\/\/www.santanyi.net\/ca\/wp-json\/wp\/v2\/property_status?post=194540"},{"taxonomy":"property_feature","embeddable":true,"href":"https:\/\/www.santanyi.net\/ca\/wp-json\/wp\/v2\/property_feature?post=194540"},{"taxonomy":"property_label","embeddable":true,"href":"https:\/\/www.santanyi.net\/ca\/wp-json\/wp\/v2\/property_label?post=194540"},{"taxonomy":"property_country","embeddable":true,"href":"https:\/\/www.santanyi.net\/ca\/wp-json\/wp\/v2\/property_country?post=194540"},{"taxonomy":"property_state","embeddable":true,"href":"https:\/\/www.santanyi.net\/ca\/wp-json\/wp\/v2\/property_state?post=194540"},{"taxonomy":"property_city","embeddable":true,"href":"https:\/\/www.santanyi.net\/ca\/wp-json\/wp\/v2\/property_city?post=194540"},{"taxonomy":"property_area","embeddable":true,"href":"https:\/\/www.santanyi.net\/ca\/wp-json\/wp\/v2\/property_area?post=194540"}],"curies":[{"name":"wp","href":"https:\/\/api.w.org\/{rel}","templated":true}]}}