
{"id":194492,"date":"2026-04-30T15:03:04","date_gmt":"2026-04-30T15:03:04","guid":{"rendered":"https:\/\/www.santanyi.net\/property\/casa-per-reformar-en-un-entorn-natural-unic-parc-natural-de-mondrago\/"},"modified":"2026-05-01T06:05:06","modified_gmt":"2026-05-01T06:05:06","slug":"casa-per-reformar-en-un-entorn-natural-unic-parc-natural-de-mondrago","status":"publish","type":"property","link":"https:\/\/www.santanyi.net\/ca\/property\/casa-per-reformar-en-un-entorn-natural-unic-parc-natural-de-mondrago\/","title":{"rendered":"Casa per reformar en un entorn natural \u00fanic \u2013 Parc Natural de Mondrag\u00f3"},"content":{"rendered":"<p>Una oportunitat \u00fanica d\u2019adquirir una propietat per reformar situada en un enclavament privilegiat dins del Parc Natural de Mondrag\u00f3, un dels entorns m\u00e9s bells i protegits de Mallorca.<\/p>\n<p>L\u2019habitatge disposa de c\u00e8dula d\u2019habitabilitat i certificat energ\u00e8tic, fet que facilita el proc\u00e9s de reforma. Es troba a nom\u00e9s 5 minuts amb cotxe d\u2019algunes de les platges m\u00e9s espectaculars de l\u2019illa, com S&#8217;Amarador i Cala Mondrag\u00f3.<\/p>\n<p>La finca compta amb una parcel\u00b7la d\u2019aproximadament 863 m\u00b2, oferint amplitud, privacitat i m\u00faltiples possibilitats de disseny. La distribuci\u00f3 actual inclou sala d\u2019estar-menjador, cuina, bany i tres dormitoris amplis, constituint una base ideal per a una reforma integral.<\/p>\n<p>Una propietat perfecta per a aquells que busquen crear una llar a mida en plena natura, combinant tranquil\u00b7litat, privacitat i proximitat al mar en una de les zones m\u00e9s desitjades del sud-est de Mallorca.<\/p>\n","protected":false},"excerpt":{"rendered":"<p>Una oportunitat \u00fanica d\u2019adquirir una propietat per reformar situada en un enclavament privilegiat dins del Parc Natural de Mondrag\u00f3, un dels entorns m\u00e9s bells i protegits de Mallorca. L\u2019habitatge disposa de c\u00e8dula d\u2019habitabilitat i certificat energ\u00e8tic, fet que facilita el proc\u00e9s de reforma. Es troba a nom\u00e9s 5 minuts amb cotxe d\u2019algunes de les platges [&hellip;]<\/p>\n","protected":false},"author":1,"featured_media":194487,"parent":0,"menu_order":0,"template":"","property_type":[2131],"property_status":[2103,2096],"property_feature":[1799,1765,1766,1800,1801,1802,1768,1803,1769,1871,1929,1805,1771,1767,1806,1774,1810,1889,1897,1946,1954],"property_label":[],"property_country":[],"property_state":[],"property_city":[635],"property_area":[637],"class_list":["post-194492","property","type-property","status-publish","has-post-thumbnail","hentry","property_type-casa-ca","property_status-venta-ca","property_status-venta","property_feature-aire_con-ca","property_feature-aire_con","property_feature-alarmarobo","property_feature-alarmarobo-ca","property_feature-arboles-ca","property_feature-barbacoa-ca","property_feature-barbacoa","property_feature-calefaccion-ca","property_feature-calefaccion","property_feature-cocina_inde-ca","property_feature-costa-ca","property_feature-electro-ca","property_feature-electro","property_feature-jardin","property_feature-jardin-ca","property_feature-parking","property_feature-parking-ca","property_feature-terraza","property_feature-terraza-ca","property_feature-trastero","property_feature-trastero-ca","property_city-santanyi","property_area-cala-figuera"],"acf":[],"property_meta":{"_apg_property_user_edited":["1"],"fave_property_id":["DRAC-CV1549AD"],"fave_property_location":["39.33925358753089,3.1683592619361036,15"],"houzez_geolocation_lat":["39.33925358753089"],"houzez_geolocation_long":["3.1683592619361036"],"fave_property_price":["636300"],"fave_property_rent_or_sale":["sale"],"fave_property_year":[null],"fave_property_size_prefix":["m2"],"fave_property_land_postfix":["m2"],"fave_property_size":["81"],"fave_property_land":["863"],"fave_property_bedrooms":["3"],"fave_property_bathrooms":["1"],"fave_property_map_address":["Cala Figuera, 07659 Santany\u00ed"],"fave_property_address":[" , Santany\u00ed 07659"],"fave_property_zip":["07659"],"fave_property_postal_code":["07659"],"fave_property_map":["1"],"apg_is_using_remote_image_url":["1"],"apg_using_remote_image_urls":["[{\"multimedia_type\":\"Picture\",\"picture_url\":\"https:\/\/fotos15.inmovilla.com\/12732\/25818793\/27-1.jpg\",\"position\":1,\"picture_id\":1,\"media_id\":143980,\"post_id\":194486,\"id\":1,\"attachment_id\":0,\"url\":\"https:\/\/fotos15.inmovilla.com\/12732\/25818793\/27-1.jpg\",\"basename\":\"27-1.jpg\",\"created_date\":\"2026-04-30 15:03:04\",\"is_downloaded\":0,\"is_using_remote\":0},{\"multimedia_type\":\"Picture\",\"picture_url\":\"https:\/\/fotos15.inmovilla.com\/12732\/25818793\/27-2.jpg\",\"position\":2,\"picture_id\":2,\"media_id\":143981,\"post_id\":194486,\"id\":2,\"attachment_id\":0,\"url\":\"https:\/\/fotos15.inmovilla.com\/12732\/25818793\/27-2.jpg\",\"basename\":\"27-2.jpg\",\"created_date\":\"2026-04-30 15:03:04\",\"is_downloaded\":0,\"is_using_remote\":1},{\"multimedia_type\":\"Picture\",\"picture_url\":\"https:\/\/fotos15.inmovilla.com\/12732\/25818793\/27-3.jpg\",\"position\":3,\"picture_id\":3,\"media_id\":143982,\"post_id\":194486,\"id\":3,\"attachment_id\":0,\"url\":\"https:\/\/fotos15.inmovilla.com\/12732\/25818793\/27-3.jpg\",\"basename\":\"27-3.jpg\",\"created_date\":\"2026-04-30 15:03:04\",\"is_downloaded\":0,\"is_using_remote\":1},{\"multimedia_type\":\"Picture\",\"picture_url\":\"https:\/\/fotos15.inmovilla.com\/12732\/25818793\/27-4.jpg\",\"position\":4,\"picture_id\":4,\"media_id\":143983,\"post_id\":194486,\"id\":4,\"attachment_id\":0,\"url\":\"https:\/\/fotos15.inmovilla.com\/12732\/25818793\/27-4.jpg\",\"basename\":\"27-4.jpg\",\"created_date\":\"2026-04-30 15:03:04\",\"is_downloaded\":0,\"is_using_remote\":1},{\"multimedia_type\":\"Picture\",\"picture_url\":\"https:\/\/fotos15.inmovilla.com\/12732\/25818793\/27-5.jpg\",\"position\":5,\"picture_id\":5,\"media_id\":143984,\"post_id\":194486,\"id\":5,\"attachment_id\":0,\"url\":\"https:\/\/fotos15.inmovilla.com\/12732\/25818793\/27-5.jpg\",\"basename\":\"27-5.jpg\",\"created_date\":\"2026-04-30 15:03:04\",\"is_downloaded\":0,\"is_using_remote\":1},{\"multimedia_type\":\"Picture\",\"picture_url\":\"https:\/\/fotos15.inmovilla.com\/12732\/25818793\/27-6.jpg\",\"position\":6,\"picture_id\":6,\"media_id\":143985,\"post_id\":194486,\"id\":6,\"attachment_id\":0,\"url\":\"https:\/\/fotos15.inmovilla.com\/12732\/25818793\/27-6.jpg\",\"basename\":\"27-6.jpg\",\"created_date\":\"2026-04-30 15:03:04\",\"is_downloaded\":0,\"is_using_remote\":1},{\"multimedia_type\":\"Picture\",\"picture_url\":\"https:\/\/fotos15.inmovilla.com\/12732\/25818793\/27-7.jpg\",\"position\":7,\"picture_id\":7,\"media_id\":143986,\"post_id\":194486,\"id\":7,\"attachment_id\":0,\"url\":\"https:\/\/fotos15.inmovilla.com\/12732\/25818793\/27-7.jpg\",\"basename\":\"27-7.jpg\",\"created_date\":\"2026-04-30 15:03:04\",\"is_downloaded\":0,\"is_using_remote\":1}]"],"_thumbnail_id":["194487"],"fave_property_images":["194487"],"fave_featured":["1"],"apg_property_id":["25818793"],"_wpml_word_count":["168"],"_eael_post_view_count":["2"],"houzez_recently_viewed":["2026-05-01 03:35:40"],"houzez_total_property_views":["2"],"houzez_views_by_date":["a:2:{s:10:\"04-30-2026\";i:1;s:10:\"05-01-2026\";i:1;}"],"houzez_featured_listing_date":["2026-05-01 06:05:06"]},"yoast_head":"<!-- This site is optimized with the Yoast SEO plugin v27.5 - https:\/\/yoast.com\/product\/yoast-seo-wordpress\/ -->\n<title>Casa per reformar en un entorn natural \u00fanic \u2013 Parc Natural de Mondrag\u00f3 - RE\/MAX Drac<\/title>\n<meta name=\"robots\" content=\"index, follow, max-snippet:-1, max-image-preview:large, max-video-preview:-1\" \/>\n<link rel=\"canonical\" href=\"https:\/\/www.santanyi.net\/ca\/property\/casa-per-reformar-en-un-entorn-natural-unic-parc-natural-de-mondrago\/\" \/>\n<meta property=\"og:locale\" content=\"ca_ES\" \/>\n<meta property=\"og:type\" content=\"article\" \/>\n<meta property=\"og:title\" content=\"Casa per reformar en un entorn natural \u00fanic \u2013 Parc Natural de Mondrag\u00f3 - RE\/MAX Drac\" \/>\n<meta property=\"og:description\" content=\"Una oportunitat \u00fanica d\u2019adquirir una propietat per reformar situada en un enclavament privilegiat dins del Parc Natural de Mondrag\u00f3, un dels entorns m\u00e9s bells i protegits de Mallorca. L\u2019habitatge disposa de c\u00e8dula d\u2019habitabilitat i certificat energ\u00e8tic, fet que facilita el proc\u00e9s de reforma. Es troba a nom\u00e9s 5 minuts amb cotxe d\u2019algunes de les platges [&hellip;]\" \/>\n<meta property=\"og:url\" content=\"https:\/\/www.santanyi.net\/ca\/property\/casa-per-reformar-en-un-entorn-natural-unic-parc-natural-de-mondrago\/\" \/>\n<meta property=\"og:site_name\" content=\"RE\/MAX Drac\" \/>\n<meta property=\"article:modified_time\" content=\"2026-05-01T06:05:06+00:00\" \/>\n<meta property=\"og:image\" content=\"https:\/\/www.santanyi.net\/wp-content\/uploads\/anaconda_property_media\/25818793-194486\/27-1.jpg\" \/>\n\t<meta property=\"og:image:width\" content=\"1920\" \/>\n\t<meta property=\"og:image:height\" content=\"1080\" \/>\n\t<meta property=\"og:image:type\" content=\"image\/jpeg\" \/>\n<meta name=\"twitter:card\" content=\"summary_large_image\" \/>\n<meta name=\"twitter:label1\" content=\"Temps estimat de lectura\" \/>\n\t<meta name=\"twitter:data1\" content=\"1 minut\" \/>\n<script type=\"application\/ld+json\" class=\"yoast-schema-graph\">{\"@context\":\"https:\\\/\\\/schema.org\",\"@graph\":[{\"@type\":\"WebPage\",\"@id\":\"https:\\\/\\\/www.santanyi.net\\\/ca\\\/property\\\/casa-per-reformar-en-un-entorn-natural-unic-parc-natural-de-mondrago\\\/\",\"url\":\"https:\\\/\\\/www.santanyi.net\\\/ca\\\/property\\\/casa-per-reformar-en-un-entorn-natural-unic-parc-natural-de-mondrago\\\/\",\"name\":\"Casa per reformar en un entorn natural \u00fanic \u2013 Parc Natural de Mondrag\u00f3 - RE\\\/MAX Drac\",\"isPartOf\":{\"@id\":\"https:\\\/\\\/www.santanyi.net\\\/ca\\\/#website\"},\"primaryImageOfPage\":{\"@id\":\"https:\\\/\\\/www.santanyi.net\\\/ca\\\/property\\\/casa-per-reformar-en-un-entorn-natural-unic-parc-natural-de-mondrago\\\/#primaryimage\"},\"image\":{\"@id\":\"https:\\\/\\\/www.santanyi.net\\\/ca\\\/property\\\/casa-per-reformar-en-un-entorn-natural-unic-parc-natural-de-mondrago\\\/#primaryimage\"},\"thumbnailUrl\":\"https:\\\/\\\/www.santanyi.net\\\/wp-content\\\/uploads\\\/anaconda_property_media\\\/25818793-194486\\\/27-1.jpg\",\"datePublished\":\"2026-04-30T15:03:04+00:00\",\"dateModified\":\"2026-05-01T06:05:06+00:00\",\"breadcrumb\":{\"@id\":\"https:\\\/\\\/www.santanyi.net\\\/ca\\\/property\\\/casa-per-reformar-en-un-entorn-natural-unic-parc-natural-de-mondrago\\\/#breadcrumb\"},\"inLanguage\":\"ca\",\"potentialAction\":[{\"@type\":\"ReadAction\",\"target\":[\"https:\\\/\\\/www.santanyi.net\\\/ca\\\/property\\\/casa-per-reformar-en-un-entorn-natural-unic-parc-natural-de-mondrago\\\/\"]}]},{\"@type\":\"ImageObject\",\"inLanguage\":\"ca\",\"@id\":\"https:\\\/\\\/www.santanyi.net\\\/ca\\\/property\\\/casa-per-reformar-en-un-entorn-natural-unic-parc-natural-de-mondrago\\\/#primaryimage\",\"url\":\"https:\\\/\\\/www.santanyi.net\\\/wp-content\\\/uploads\\\/anaconda_property_media\\\/25818793-194486\\\/27-1.jpg\",\"contentUrl\":\"https:\\\/\\\/www.santanyi.net\\\/wp-content\\\/uploads\\\/anaconda_property_media\\\/25818793-194486\\\/27-1.jpg\",\"width\":1920,\"height\":1080},{\"@type\":\"BreadcrumbList\",\"@id\":\"https:\\\/\\\/www.santanyi.net\\\/ca\\\/property\\\/casa-per-reformar-en-un-entorn-natural-unic-parc-natural-de-mondrago\\\/#breadcrumb\",\"itemListElement\":[{\"@type\":\"ListItem\",\"position\":1,\"name\":\"Home\",\"item\":\"https:\\\/\\\/www.santanyi.net\\\/ca\\\/\"},{\"@type\":\"ListItem\",\"position\":2,\"name\":\"Properties\",\"item\":\"https:\\\/\\\/www.santanyi.net\\\/ca\\\/property\\\/\"},{\"@type\":\"ListItem\",\"position\":3,\"name\":\"Casa per reformar en un entorn natural \u00fanic \u2013 Parc Natural de Mondrag\u00f3\"}]},{\"@type\":\"WebSite\",\"@id\":\"https:\\\/\\\/www.santanyi.net\\\/ca\\\/#website\",\"url\":\"https:\\\/\\\/www.santanyi.net\\\/ca\\\/\",\"name\":\"RE\\\/MAX Drac\",\"description\":\"\",\"publisher\":{\"@id\":\"https:\\\/\\\/www.santanyi.net\\\/ca\\\/#organization\"},\"potentialAction\":[{\"@type\":\"SearchAction\",\"target\":{\"@type\":\"EntryPoint\",\"urlTemplate\":\"https:\\\/\\\/www.santanyi.net\\\/ca\\\/?s={search_term_string}\"},\"query-input\":{\"@type\":\"PropertyValueSpecification\",\"valueRequired\":true,\"valueName\":\"search_term_string\"}}],\"inLanguage\":\"ca\"},{\"@type\":\"Organization\",\"@id\":\"https:\\\/\\\/www.santanyi.net\\\/ca\\\/#organization\",\"name\":\"RE\\\/MAX Drac\",\"url\":\"https:\\\/\\\/www.santanyi.net\\\/ca\\\/\",\"logo\":{\"@type\":\"ImageObject\",\"inLanguage\":\"ca\",\"@id\":\"https:\\\/\\\/www.santanyi.net\\\/ca\\\/#\\\/schema\\\/logo\\\/image\\\/\",\"url\":\"https:\\\/\\\/www.santanyi.net\\\/wp-content\\\/uploads\\\/2025\\\/07\\\/logo-nuevo.png\",\"contentUrl\":\"https:\\\/\\\/www.santanyi.net\\\/wp-content\\\/uploads\\\/2025\\\/07\\\/logo-nuevo.png\",\"width\":295,\"height\":165,\"caption\":\"RE\\\/MAX Drac\"},\"image\":{\"@id\":\"https:\\\/\\\/www.santanyi.net\\\/ca\\\/#\\\/schema\\\/logo\\\/image\\\/\"}}]}<\/script>\n<!-- \/ Yoast SEO plugin. -->","yoast_head_json":{"title":"Casa per reformar en un entorn natural \u00fanic \u2013 Parc Natural de Mondrag\u00f3 - RE\/MAX Drac","robots":{"index":"index","follow":"follow","max-snippet":"max-snippet:-1","max-image-preview":"max-image-preview:large","max-video-preview":"max-video-preview:-1"},"canonical":"https:\/\/www.santanyi.net\/ca\/property\/casa-per-reformar-en-un-entorn-natural-unic-parc-natural-de-mondrago\/","og_locale":"ca_ES","og_type":"article","og_title":"Casa per reformar en un entorn natural \u00fanic \u2013 Parc Natural de Mondrag\u00f3 - RE\/MAX Drac","og_description":"Una oportunitat \u00fanica d\u2019adquirir una propietat per reformar situada en un enclavament privilegiat dins del Parc Natural de Mondrag\u00f3, un dels entorns m\u00e9s bells i protegits de Mallorca. L\u2019habitatge disposa de c\u00e8dula d\u2019habitabilitat i certificat energ\u00e8tic, fet que facilita el proc\u00e9s de reforma. Es troba a nom\u00e9s 5 minuts amb cotxe d\u2019algunes de les platges [&hellip;]","og_url":"https:\/\/www.santanyi.net\/ca\/property\/casa-per-reformar-en-un-entorn-natural-unic-parc-natural-de-mondrago\/","og_site_name":"RE\/MAX Drac","article_modified_time":"2026-05-01T06:05:06+00:00","og_image":[{"width":1920,"height":1080,"url":"https:\/\/www.santanyi.net\/wp-content\/uploads\/anaconda_property_media\/25818793-194486\/27-1.jpg","type":"image\/jpeg"}],"twitter_card":"summary_large_image","twitter_misc":{"Temps estimat de lectura":"1 minut"},"schema":{"@context":"https:\/\/schema.org","@graph":[{"@type":"WebPage","@id":"https:\/\/www.santanyi.net\/ca\/property\/casa-per-reformar-en-un-entorn-natural-unic-parc-natural-de-mondrago\/","url":"https:\/\/www.santanyi.net\/ca\/property\/casa-per-reformar-en-un-entorn-natural-unic-parc-natural-de-mondrago\/","name":"Casa per reformar en un entorn natural \u00fanic \u2013 Parc Natural de Mondrag\u00f3 - RE\/MAX Drac","isPartOf":{"@id":"https:\/\/www.santanyi.net\/ca\/#website"},"primaryImageOfPage":{"@id":"https:\/\/www.santanyi.net\/ca\/property\/casa-per-reformar-en-un-entorn-natural-unic-parc-natural-de-mondrago\/#primaryimage"},"image":{"@id":"https:\/\/www.santanyi.net\/ca\/property\/casa-per-reformar-en-un-entorn-natural-unic-parc-natural-de-mondrago\/#primaryimage"},"thumbnailUrl":"https:\/\/www.santanyi.net\/wp-content\/uploads\/anaconda_property_media\/25818793-194486\/27-1.jpg","datePublished":"2026-04-30T15:03:04+00:00","dateModified":"2026-05-01T06:05:06+00:00","breadcrumb":{"@id":"https:\/\/www.santanyi.net\/ca\/property\/casa-per-reformar-en-un-entorn-natural-unic-parc-natural-de-mondrago\/#breadcrumb"},"inLanguage":"ca","potentialAction":[{"@type":"ReadAction","target":["https:\/\/www.santanyi.net\/ca\/property\/casa-per-reformar-en-un-entorn-natural-unic-parc-natural-de-mondrago\/"]}]},{"@type":"ImageObject","inLanguage":"ca","@id":"https:\/\/www.santanyi.net\/ca\/property\/casa-per-reformar-en-un-entorn-natural-unic-parc-natural-de-mondrago\/#primaryimage","url":"https:\/\/www.santanyi.net\/wp-content\/uploads\/anaconda_property_media\/25818793-194486\/27-1.jpg","contentUrl":"https:\/\/www.santanyi.net\/wp-content\/uploads\/anaconda_property_media\/25818793-194486\/27-1.jpg","width":1920,"height":1080},{"@type":"BreadcrumbList","@id":"https:\/\/www.santanyi.net\/ca\/property\/casa-per-reformar-en-un-entorn-natural-unic-parc-natural-de-mondrago\/#breadcrumb","itemListElement":[{"@type":"ListItem","position":1,"name":"Home","item":"https:\/\/www.santanyi.net\/ca\/"},{"@type":"ListItem","position":2,"name":"Properties","item":"https:\/\/www.santanyi.net\/ca\/property\/"},{"@type":"ListItem","position":3,"name":"Casa per reformar en un entorn natural \u00fanic \u2013 Parc Natural de Mondrag\u00f3"}]},{"@type":"WebSite","@id":"https:\/\/www.santanyi.net\/ca\/#website","url":"https:\/\/www.santanyi.net\/ca\/","name":"RE\/MAX Drac","description":"","publisher":{"@id":"https:\/\/www.santanyi.net\/ca\/#organization"},"potentialAction":[{"@type":"SearchAction","target":{"@type":"EntryPoint","urlTemplate":"https:\/\/www.santanyi.net\/ca\/?s={search_term_string}"},"query-input":{"@type":"PropertyValueSpecification","valueRequired":true,"valueName":"search_term_string"}}],"inLanguage":"ca"},{"@type":"Organization","@id":"https:\/\/www.santanyi.net\/ca\/#organization","name":"RE\/MAX Drac","url":"https:\/\/www.santanyi.net\/ca\/","logo":{"@type":"ImageObject","inLanguage":"ca","@id":"https:\/\/www.santanyi.net\/ca\/#\/schema\/logo\/image\/","url":"https:\/\/www.santanyi.net\/wp-content\/uploads\/2025\/07\/logo-nuevo.png","contentUrl":"https:\/\/www.santanyi.net\/wp-content\/uploads\/2025\/07\/logo-nuevo.png","width":295,"height":165,"caption":"RE\/MAX Drac"},"image":{"@id":"https:\/\/www.santanyi.net\/ca\/#\/schema\/logo\/image\/"}}]}},"_links":{"self":[{"href":"https:\/\/www.santanyi.net\/ca\/wp-json\/wp\/v2\/properties\/194492","targetHints":{"allow":["GET"]}}],"collection":[{"href":"https:\/\/www.santanyi.net\/ca\/wp-json\/wp\/v2\/properties"}],"about":[{"href":"https:\/\/www.santanyi.net\/ca\/wp-json\/wp\/v2\/types\/property"}],"author":[{"embeddable":true,"href":"https:\/\/www.santanyi.net\/ca\/wp-json\/wp\/v2\/users\/1"}],"version-history":[{"count":2,"href":"https:\/\/www.santanyi.net\/ca\/wp-json\/wp\/v2\/properties\/194492\/revisions"}],"predecessor-version":[{"id":195884,"href":"https:\/\/www.santanyi.net\/ca\/wp-json\/wp\/v2\/properties\/194492\/revisions\/195884"}],"wp:featuredmedia":[{"embeddable":true,"href":"https:\/\/www.santanyi.net\/ca\/wp-json\/wp\/v2\/media\/194487"}],"wp:attachment":[{"href":"https:\/\/www.santanyi.net\/ca\/wp-json\/wp\/v2\/media?parent=194492"}],"wp:term":[{"taxonomy":"property_type","embeddable":true,"href":"https:\/\/www.santanyi.net\/ca\/wp-json\/wp\/v2\/property_type?post=194492"},{"taxonomy":"property_status","embeddable":true,"href":"https:\/\/www.santanyi.net\/ca\/wp-json\/wp\/v2\/property_status?post=194492"},{"taxonomy":"property_feature","embeddable":true,"href":"https:\/\/www.santanyi.net\/ca\/wp-json\/wp\/v2\/property_feature?post=194492"},{"taxonomy":"property_label","embeddable":true,"href":"https:\/\/www.santanyi.net\/ca\/wp-json\/wp\/v2\/property_label?post=194492"},{"taxonomy":"property_country","embeddable":true,"href":"https:\/\/www.santanyi.net\/ca\/wp-json\/wp\/v2\/property_country?post=194492"},{"taxonomy":"property_state","embeddable":true,"href":"https:\/\/www.santanyi.net\/ca\/wp-json\/wp\/v2\/property_state?post=194492"},{"taxonomy":"property_city","embeddable":true,"href":"https:\/\/www.santanyi.net\/ca\/wp-json\/wp\/v2\/property_city?post=194492"},{"taxonomy":"property_area","embeddable":true,"href":"https:\/\/www.santanyi.net\/ca\/wp-json\/wp\/v2\/property_area?post=194492"}],"curies":[{"name":"wp","href":"https:\/\/api.w.org\/{rel}","templated":true}]}}