
{"id":194476,"date":"2026-04-30T15:02:57","date_gmt":"2026-04-30T15:02:57","guid":{"rendered":"https:\/\/www.santanyi.net\/property\/casa-preciosa-amb-calefaccio-i-aire-condicionat-piscina-terrassa-coberta-a-5-minuts-de-la-platja-de-samarador\/"},"modified":"2026-05-01T06:05:01","modified_gmt":"2026-05-01T06:05:01","slug":"casa-preciosa-amb-calefaccio-i-aire-condicionat-piscina-terrassa-coberta-a-5-minuts-de-la-platja-de-samarador-2","status":"publish","type":"property","link":"https:\/\/www.santanyi.net\/ca\/property\/casa-preciosa-amb-calefaccio-i-aire-condicionat-piscina-terrassa-coberta-a-5-minuts-de-la-platja-de-samarador-2\/","title":{"rendered":"Casa preciosa amb calefacci\u00f3 i aire condicionat, piscina, terrassa coberta, a 5 minuts de la platja de S&#8217;Amarador"},"content":{"rendered":"<p>A PARTIR D&#8217;OCTUBRE!!! Aquesta encantadora casa est\u00e0 situada en una zona residencial tranquil\u00b7la, a nom\u00e9s 5 minuts de la platja. Recentment decorada i amb mobiliari de bon gust, est\u00e0 equipada amb calefacci\u00f3 central de gasoil i aire condicionat, fet que la fa habitable durant tot l&#8217;any. A la planta baixa, hi ha tres dormitoris, cadascun amb el seu propi bany, una cuina oberta totalment equipada amb una barra al espai\u00f3s i llumin\u00f3s menjador, i un sal\u00f3 amb una gran llar de foc de vidre. La terrassa parcialment coberta convida a relaxar-se, igual que la piscina amb vistes al bosc. Les condicions inclouen una fian\u00e7a equivalent a dos mesos de lloguer, el lloguer del mes en curs, aix\u00ed com aigua, electricitat, internet, recollida d&#8217;escombraries i manteniment de la piscina, que es pagaran per separat.<\/p>\n","protected":false},"excerpt":{"rendered":"<p>A PARTIR D&#8217;OCTUBRE!!! Aquesta encantadora casa est\u00e0 situada en una zona residencial tranquil\u00b7la, a nom\u00e9s 5 minuts de la platja. Recentment decorada i amb mobiliari de bon gust, est\u00e0 equipada amb calefacci\u00f3 central de gasoil i aire condicionat, fet que la fa habitable durant tot l&#8217;any. A la planta baixa, hi ha tres dormitoris, cadascun [&hellip;]<\/p>\n","protected":false},"author":1,"featured_media":194471,"parent":0,"menu_order":0,"template":"","property_type":[2131],"property_status":[2135,2140],"property_feature":[1765,1799,1801,1851,1867,1802,1803,1912,1928,1983,1972,1871,1805,1806,1807,1953,1809,1895,1930,1811,1932,1985,1973,1897,1934],"property_label":[],"property_country":[],"property_state":[],"property_city":[635],"property_area":[637],"class_list":["post-194476","property","type-property","status-publish","has-post-thumbnail","hentry","property_type-casa-ca","property_status-alquilar","property_status-alquilar-ca","property_feature-aire_con","property_feature-aire_con-ca","property_feature-arboles-ca","property_feature-arma_empo","property_feature-arma_empo-ca","property_feature-barbacoa-ca","property_feature-calefaccion-ca","property_feature-calefacentral","property_feature-calefacentral-ca","property_feature-chimenea-ca","property_feature-chimenea","property_feature-cocina_inde-ca","property_feature-electro-ca","property_feature-jardin-ca","property_feature-lavanderia-ca","property_feature-linea_tlf-ca","property_feature-muebles-ca","property_feature-patio-ca","property_feature-pergola-ca","property_feature-piscina_prop-ca","property_feature-satelite-ca","property_feature-solarium-ca","property_feature-solarium","property_feature-terraza-ca","property_feature-urbanizacion-ca","property_city-santanyi","property_area-cala-figuera"],"acf":[],"property_meta":{"_apg_property_user_edited":["1"],"fave_property_id":["DRAC-AA1465YK"],"fave_property_location":["39.343231967144,3.1853021525294,15"],"houzez_geolocation_lat":["39.343231967144"],"houzez_geolocation_long":["3.1853021525294"],"fave_property_price":["3900"],"fave_property_rent_or_sale":["rent"],"fave_property_year":[null],"fave_property_size_prefix":["m2"],"fave_property_land_postfix":["m2"],"fave_property_size":["185"],"fave_property_land":["689"],"fave_property_bedrooms":["3"],"fave_property_bathrooms":["3"],"fave_property_garage":["2"],"fave_property_map_address":["Cala Figuera, 07690 Santany\u00ed"],"fave_property_address":[" , Santany\u00ed 07690"],"fave_property_zip":["07690"],"fave_property_postal_code":["07690"],"fave_property_map":["1"],"apg_is_using_remote_image_url":["1"],"apg_using_remote_image_urls":["[{\"multimedia_type\":\"Picture\",\"picture_url\":\"https:\/\/fotos15.inmovilla.com\/12732\/24621013\/1-1.jpg\",\"position\":1,\"picture_id\":1,\"media_id\":143933,\"post_id\":194470,\"id\":1,\"attachment_id\":0,\"url\":\"https:\/\/fotos15.inmovilla.com\/12732\/24621013\/1-1.jpg\",\"basename\":\"1-1.jpg\",\"created_date\":\"2026-04-30 15:02:57\",\"is_downloaded\":0,\"is_using_remote\":0},{\"multimedia_type\":\"Picture\",\"picture_url\":\"https:\/\/fotos15.inmovilla.com\/12732\/24621013\/1-2.jpg\",\"position\":2,\"picture_id\":2,\"media_id\":143934,\"post_id\":194470,\"id\":2,\"attachment_id\":0,\"url\":\"https:\/\/fotos15.inmovilla.com\/12732\/24621013\/1-2.jpg\",\"basename\":\"1-2.jpg\",\"created_date\":\"2026-04-30 15:02:57\",\"is_downloaded\":0,\"is_using_remote\":1},{\"multimedia_type\":\"Picture\",\"picture_url\":\"https:\/\/fotos15.inmovilla.com\/12732\/24621013\/1-3.jpg\",\"position\":3,\"picture_id\":3,\"media_id\":143935,\"post_id\":194470,\"id\":3,\"attachment_id\":0,\"url\":\"https:\/\/fotos15.inmovilla.com\/12732\/24621013\/1-3.jpg\",\"basename\":\"1-3.jpg\",\"created_date\":\"2026-04-30 15:02:57\",\"is_downloaded\":0,\"is_using_remote\":1},{\"multimedia_type\":\"Picture\",\"picture_url\":\"https:\/\/fotos15.inmovilla.com\/12732\/24621013\/1-4.jpg\",\"position\":4,\"picture_id\":4,\"media_id\":143936,\"post_id\":194470,\"id\":4,\"attachment_id\":0,\"url\":\"https:\/\/fotos15.inmovilla.com\/12732\/24621013\/1-4.jpg\",\"basename\":\"1-4.jpg\",\"created_date\":\"2026-04-30 15:02:57\",\"is_downloaded\":0,\"is_using_remote\":1},{\"multimedia_type\":\"Picture\",\"picture_url\":\"https:\/\/fotos15.inmovilla.com\/12732\/24621013\/1-5.jpg\",\"position\":5,\"picture_id\":5,\"media_id\":143937,\"post_id\":194470,\"id\":5,\"attachment_id\":0,\"url\":\"https:\/\/fotos15.inmovilla.com\/12732\/24621013\/1-5.jpg\",\"basename\":\"1-5.jpg\",\"created_date\":\"2026-04-30 15:02:57\",\"is_downloaded\":0,\"is_using_remote\":1},{\"multimedia_type\":\"Picture\",\"picture_url\":\"https:\/\/fotos15.inmovilla.com\/12732\/24621013\/1-6.jpg\",\"position\":6,\"picture_id\":6,\"media_id\":143938,\"post_id\":194470,\"id\":6,\"attachment_id\":0,\"url\":\"https:\/\/fotos15.inmovilla.com\/12732\/24621013\/1-6.jpg\",\"basename\":\"1-6.jpg\",\"created_date\":\"2026-04-30 15:02:57\",\"is_downloaded\":0,\"is_using_remote\":1},{\"multimedia_type\":\"Picture\",\"picture_url\":\"https:\/\/fotos15.inmovilla.com\/12732\/24621013\/1-7.jpg\",\"position\":7,\"picture_id\":7,\"media_id\":143939,\"post_id\":194470,\"id\":7,\"attachment_id\":0,\"url\":\"https:\/\/fotos15.inmovilla.com\/12732\/24621013\/1-7.jpg\",\"basename\":\"1-7.jpg\",\"created_date\":\"2026-04-30 15:02:57\",\"is_downloaded\":0,\"is_using_remote\":1},{\"multimedia_type\":\"Picture\",\"picture_url\":\"https:\/\/fotos15.inmovilla.com\/12732\/24621013\/1-8.jpg\",\"position\":8,\"picture_id\":8,\"media_id\":143940,\"post_id\":194470,\"id\":8,\"attachment_id\":0,\"url\":\"https:\/\/fotos15.inmovilla.com\/12732\/24621013\/1-8.jpg\",\"basename\":\"1-8.jpg\",\"created_date\":\"2026-04-30 15:02:57\",\"is_downloaded\":0,\"is_using_remote\":1},{\"multimedia_type\":\"Picture\",\"picture_url\":\"https:\/\/fotos15.inmovilla.com\/12732\/24621013\/1-9.jpg\",\"position\":9,\"picture_id\":9,\"media_id\":143941,\"post_id\":194470,\"id\":9,\"attachment_id\":0,\"url\":\"https:\/\/fotos15.inmovilla.com\/12732\/24621013\/1-9.jpg\",\"basename\":\"1-9.jpg\",\"created_date\":\"2026-04-30 15:02:57\",\"is_downloaded\":0,\"is_using_remote\":1},{\"multimedia_type\":\"Picture\",\"picture_url\":\"https:\/\/fotos15.inmovilla.com\/12732\/24621013\/1-10.jpg\",\"position\":10,\"picture_id\":10,\"media_id\":143942,\"post_id\":194470,\"id\":10,\"attachment_id\":0,\"url\":\"https:\/\/fotos15.inmovilla.com\/12732\/24621013\/1-10.jpg\",\"basename\":\"1-10.jpg\",\"created_date\":\"2026-04-30 15:02:57\",\"is_downloaded\":0,\"is_using_remote\":1},{\"multimedia_type\":\"Picture\",\"picture_url\":\"https:\/\/fotos15.inmovilla.com\/12732\/24621013\/1-11.jpg\",\"position\":11,\"picture_id\":11,\"media_id\":143943,\"post_id\":194470,\"id\":11,\"attachment_id\":0,\"url\":\"https:\/\/fotos15.inmovilla.com\/12732\/24621013\/1-11.jpg\",\"basename\":\"1-11.jpg\",\"created_date\":\"2026-04-30 15:02:57\",\"is_downloaded\":0,\"is_using_remote\":1},{\"multimedia_type\":\"Picture\",\"picture_url\":\"https:\/\/fotos15.inmovilla.com\/12732\/24621013\/1-12.jpg\",\"position\":12,\"picture_id\":12,\"media_id\":143944,\"post_id\":194470,\"id\":12,\"attachment_id\":0,\"url\":\"https:\/\/fotos15.inmovilla.com\/12732\/24621013\/1-12.jpg\",\"basename\":\"1-12.jpg\",\"created_date\":\"2026-04-30 15:02:57\",\"is_downloaded\":0,\"is_using_remote\":1},{\"multimedia_type\":\"Picture\",\"picture_url\":\"https:\/\/fotos15.inmovilla.com\/12732\/24621013\/1-13.jpg\",\"position\":13,\"picture_id\":13,\"media_id\":143945,\"post_id\":194470,\"id\":13,\"attachment_id\":0,\"url\":\"https:\/\/fotos15.inmovilla.com\/12732\/24621013\/1-13.jpg\",\"basename\":\"1-13.jpg\",\"created_date\":\"2026-04-30 15:02:57\",\"is_downloaded\":0,\"is_using_remote\":1},{\"multimedia_type\":\"Picture\",\"picture_url\":\"https:\/\/fotos15.inmovilla.com\/12732\/24621013\/1-14.jpg\",\"position\":14,\"picture_id\":14,\"media_id\":143946,\"post_id\":194470,\"id\":14,\"attachment_id\":0,\"url\":\"https:\/\/fotos15.inmovilla.com\/12732\/24621013\/1-14.jpg\",\"basename\":\"1-14.jpg\",\"created_date\":\"2026-04-30 15:02:57\",\"is_downloaded\":0,\"is_using_remote\":1},{\"multimedia_type\":\"Picture\",\"picture_url\":\"https:\/\/fotos15.inmovilla.com\/12732\/24621013\/1-15.jpg\",\"position\":15,\"picture_id\":15,\"media_id\":143947,\"post_id\":194470,\"id\":15,\"attachment_id\":0,\"url\":\"https:\/\/fotos15.inmovilla.com\/12732\/24621013\/1-15.jpg\",\"basename\":\"1-15.jpg\",\"created_date\":\"2026-04-30 15:02:57\",\"is_downloaded\":0,\"is_using_remote\":1},{\"multimedia_type\":\"Picture\",\"picture_url\":\"https:\/\/fotos15.inmovilla.com\/12732\/24621013\/1-16.jpg\",\"position\":16,\"picture_id\":16,\"media_id\":143948,\"post_id\":194470,\"id\":16,\"attachment_id\":0,\"url\":\"https:\/\/fotos15.inmovilla.com\/12732\/24621013\/1-16.jpg\",\"basename\":\"1-16.jpg\",\"created_date\":\"2026-04-30 15:02:57\",\"is_downloaded\":0,\"is_using_remote\":1},{\"multimedia_type\":\"Picture\",\"picture_url\":\"https:\/\/fotos15.inmovilla.com\/12732\/24621013\/1-17.jpg\",\"position\":17,\"picture_id\":17,\"media_id\":143949,\"post_id\":194470,\"id\":17,\"attachment_id\":0,\"url\":\"https:\/\/fotos15.inmovilla.com\/12732\/24621013\/1-17.jpg\",\"basename\":\"1-17.jpg\",\"created_date\":\"2026-04-30 15:02:57\",\"is_downloaded\":0,\"is_using_remote\":1},{\"multimedia_type\":\"Picture\",\"picture_url\":\"https:\/\/fotos15.inmovilla.com\/12732\/24621013\/1-18.jpg\",\"position\":18,\"picture_id\":18,\"media_id\":143950,\"post_id\":194470,\"id\":18,\"attachment_id\":0,\"url\":\"https:\/\/fotos15.inmovilla.com\/12732\/24621013\/1-18.jpg\",\"basename\":\"1-18.jpg\",\"created_date\":\"2026-04-30 15:02:57\",\"is_downloaded\":0,\"is_using_remote\":1},{\"multimedia_type\":\"Picture\",\"picture_url\":\"https:\/\/fotos15.inmovilla.com\/12732\/24621013\/1-19.jpg\",\"position\":19,\"picture_id\":19,\"media_id\":143951,\"post_id\":194470,\"id\":19,\"attachment_id\":0,\"url\":\"https:\/\/fotos15.inmovilla.com\/12732\/24621013\/1-19.jpg\",\"basename\":\"1-19.jpg\",\"created_date\":\"2026-04-30 15:02:57\",\"is_downloaded\":0,\"is_using_remote\":1},{\"multimedia_type\":\"Picture\",\"picture_url\":\"https:\/\/fotos15.inmovilla.com\/12732\/24621013\/1-20.jpg\",\"position\":20,\"picture_id\":20,\"media_id\":143952,\"post_id\":194470,\"id\":20,\"attachment_id\":0,\"url\":\"https:\/\/fotos15.inmovilla.com\/12732\/24621013\/1-20.jpg\",\"basename\":\"1-20.jpg\",\"created_date\":\"2026-04-30 15:02:57\",\"is_downloaded\":0,\"is_using_remote\":1},{\"multimedia_type\":\"Picture\",\"picture_url\":\"https:\/\/fotos15.inmovilla.com\/12732\/24621013\/1-21.jpg\",\"position\":21,\"picture_id\":21,\"media_id\":143953,\"post_id\":194470,\"id\":21,\"attachment_id\":0,\"url\":\"https:\/\/fotos15.inmovilla.com\/12732\/24621013\/1-21.jpg\",\"basename\":\"1-21.jpg\",\"created_date\":\"2026-04-30 15:02:57\",\"is_downloaded\":0,\"is_using_remote\":1},{\"multimedia_type\":\"Picture\",\"picture_url\":\"https:\/\/fotos15.inmovilla.com\/12732\/24621013\/1-22.jpg\",\"position\":22,\"picture_id\":22,\"media_id\":143954,\"post_id\":194470,\"id\":22,\"attachment_id\":0,\"url\":\"https:\/\/fotos15.inmovilla.com\/12732\/24621013\/1-22.jpg\",\"basename\":\"1-22.jpg\",\"created_date\":\"2026-04-30 15:02:57\",\"is_downloaded\":0,\"is_using_remote\":1},{\"multimedia_type\":\"Picture\",\"picture_url\":\"https:\/\/fotos15.inmovilla.com\/12732\/24621013\/1-23.jpg\",\"position\":23,\"picture_id\":23,\"media_id\":143955,\"post_id\":194470,\"id\":23,\"attachment_id\":0,\"url\":\"https:\/\/fotos15.inmovilla.com\/12732\/24621013\/1-23.jpg\",\"basename\":\"1-23.jpg\",\"created_date\":\"2026-04-30 15:02:57\",\"is_downloaded\":0,\"is_using_remote\":1},{\"multimedia_type\":\"Picture\",\"picture_url\":\"https:\/\/fotos15.inmovilla.com\/12732\/24621013\/1-24.jpg\",\"position\":24,\"picture_id\":24,\"media_id\":143956,\"post_id\":194470,\"id\":24,\"attachment_id\":0,\"url\":\"https:\/\/fotos15.inmovilla.com\/12732\/24621013\/1-24.jpg\",\"basename\":\"1-24.jpg\",\"created_date\":\"2026-04-30 15:02:57\",\"is_downloaded\":0,\"is_using_remote\":1},{\"multimedia_type\":\"Picture\",\"picture_url\":\"https:\/\/fotos15.inmovilla.com\/12732\/24621013\/1-25.jpg\",\"position\":25,\"picture_id\":25,\"media_id\":143957,\"post_id\":194470,\"id\":25,\"attachment_id\":0,\"url\":\"https:\/\/fotos15.inmovilla.com\/12732\/24621013\/1-25.jpg\",\"basename\":\"1-25.jpg\",\"created_date\":\"2026-04-30 15:02:57\",\"is_downloaded\":0,\"is_using_remote\":1},{\"multimedia_type\":\"Picture\",\"picture_url\":\"https:\/\/fotos15.inmovilla.com\/12732\/24621013\/1-26.jpg\",\"position\":26,\"picture_id\":26,\"media_id\":143958,\"post_id\":194470,\"id\":26,\"attachment_id\":0,\"url\":\"https:\/\/fotos15.inmovilla.com\/12732\/24621013\/1-26.jpg\",\"basename\":\"1-26.jpg\",\"created_date\":\"2026-04-30 15:02:57\",\"is_downloaded\":0,\"is_using_remote\":1},{\"multimedia_type\":\"Picture\",\"picture_url\":\"https:\/\/fotos15.inmovilla.com\/12732\/24621013\/1-27.jpg\",\"position\":27,\"picture_id\":27,\"media_id\":143959,\"post_id\":194470,\"id\":27,\"attachment_id\":0,\"url\":\"https:\/\/fotos15.inmovilla.com\/12732\/24621013\/1-27.jpg\",\"basename\":\"1-27.jpg\",\"created_date\":\"2026-04-30 15:02:57\",\"is_downloaded\":0,\"is_using_remote\":1},{\"multimedia_type\":\"Picture\",\"picture_url\":\"https:\/\/fotos15.inmovilla.com\/12732\/24621013\/1-28.jpg\",\"position\":28,\"picture_id\":28,\"media_id\":143960,\"post_id\":194470,\"id\":28,\"attachment_id\":0,\"url\":\"https:\/\/fotos15.inmovilla.com\/12732\/24621013\/1-28.jpg\",\"basename\":\"1-28.jpg\",\"created_date\":\"2026-04-30 15:02:57\",\"is_downloaded\":0,\"is_using_remote\":1},{\"multimedia_type\":\"Picture\",\"picture_url\":\"https:\/\/fotos15.inmovilla.com\/12732\/24621013\/1-29.jpg\",\"position\":29,\"picture_id\":29,\"media_id\":143961,\"post_id\":194470,\"id\":29,\"attachment_id\":0,\"url\":\"https:\/\/fotos15.inmovilla.com\/12732\/24621013\/1-29.jpg\",\"basename\":\"1-29.jpg\",\"created_date\":\"2026-04-30 15:02:57\",\"is_downloaded\":0,\"is_using_remote\":1}]"],"_thumbnail_id":["194471"],"fave_property_images":["194471"],"apg_property_id":["24621013"],"_wpml_word_count":["155"],"_eael_post_view_count":["6"],"houzez_recently_viewed":["2026-05-01 14:08:38"],"houzez_total_property_views":["6"],"houzez_views_by_date":["a:2:{s:10:\"04-30-2026\";i:3;s:10:\"05-01-2026\";i:3;}"],"_elementor_page_assets":["a:0:{}"]},"yoast_head":"<!-- This site is optimized with the Yoast SEO plugin v27.5 - https:\/\/yoast.com\/product\/yoast-seo-wordpress\/ -->\n<title>Casa preciosa amb calefacci\u00f3 i aire condicionat, piscina, terrassa coberta, a 5 minuts de la platja de S&#039;Amarador - RE\/MAX Drac<\/title>\n<meta name=\"robots\" content=\"index, follow, max-snippet:-1, max-image-preview:large, max-video-preview:-1\" \/>\n<link rel=\"canonical\" href=\"https:\/\/www.santanyi.net\/ca\/property\/casa-preciosa-amb-calefaccio-i-aire-condicionat-piscina-terrassa-coberta-a-5-minuts-de-la-platja-de-samarador-2\/\" \/>\n<meta property=\"og:locale\" content=\"ca_ES\" \/>\n<meta property=\"og:type\" content=\"article\" \/>\n<meta property=\"og:title\" content=\"Casa preciosa amb calefacci\u00f3 i aire condicionat, piscina, terrassa coberta, a 5 minuts de la platja de S&#039;Amarador - RE\/MAX Drac\" \/>\n<meta property=\"og:description\" content=\"A PARTIR D&#8217;OCTUBRE!!! Aquesta encantadora casa est\u00e0 situada en una zona residencial tranquil\u00b7la, a nom\u00e9s 5 minuts de la platja. Recentment decorada i amb mobiliari de bon gust, est\u00e0 equipada amb calefacci\u00f3 central de gasoil i aire condicionat, fet que la fa habitable durant tot l&#8217;any. A la planta baixa, hi ha tres dormitoris, cadascun [&hellip;]\" \/>\n<meta property=\"og:url\" content=\"https:\/\/www.santanyi.net\/ca\/property\/casa-preciosa-amb-calefaccio-i-aire-condicionat-piscina-terrassa-coberta-a-5-minuts-de-la-platja-de-samarador-2\/\" \/>\n<meta property=\"og:site_name\" content=\"RE\/MAX Drac\" \/>\n<meta property=\"article:modified_time\" content=\"2026-05-01T06:05:01+00:00\" \/>\n<meta property=\"og:image\" content=\"https:\/\/www.santanyi.net\/wp-content\/uploads\/anaconda_property_media\/24621013-194470\/1-1.jpg\" \/>\n\t<meta property=\"og:image:width\" content=\"800\" \/>\n\t<meta property=\"og:image:height\" content=\"600\" \/>\n\t<meta property=\"og:image:type\" content=\"image\/jpeg\" \/>\n<meta name=\"twitter:card\" content=\"summary_large_image\" \/>\n<meta name=\"twitter:label1\" content=\"Temps estimat de lectura\" \/>\n\t<meta name=\"twitter:data1\" content=\"1 minut\" \/>\n<script type=\"application\/ld+json\" class=\"yoast-schema-graph\">{\"@context\":\"https:\\\/\\\/schema.org\",\"@graph\":[{\"@type\":\"WebPage\",\"@id\":\"https:\\\/\\\/www.santanyi.net\\\/ca\\\/property\\\/casa-preciosa-amb-calefaccio-i-aire-condicionat-piscina-terrassa-coberta-a-5-minuts-de-la-platja-de-samarador-2\\\/\",\"url\":\"https:\\\/\\\/www.santanyi.net\\\/ca\\\/property\\\/casa-preciosa-amb-calefaccio-i-aire-condicionat-piscina-terrassa-coberta-a-5-minuts-de-la-platja-de-samarador-2\\\/\",\"name\":\"Casa preciosa amb calefacci\u00f3 i aire condicionat, piscina, terrassa coberta, a 5 minuts de la platja de S'Amarador - RE\\\/MAX Drac\",\"isPartOf\":{\"@id\":\"https:\\\/\\\/www.santanyi.net\\\/ca\\\/#website\"},\"primaryImageOfPage\":{\"@id\":\"https:\\\/\\\/www.santanyi.net\\\/ca\\\/property\\\/casa-preciosa-amb-calefaccio-i-aire-condicionat-piscina-terrassa-coberta-a-5-minuts-de-la-platja-de-samarador-2\\\/#primaryimage\"},\"image\":{\"@id\":\"https:\\\/\\\/www.santanyi.net\\\/ca\\\/property\\\/casa-preciosa-amb-calefaccio-i-aire-condicionat-piscina-terrassa-coberta-a-5-minuts-de-la-platja-de-samarador-2\\\/#primaryimage\"},\"thumbnailUrl\":\"https:\\\/\\\/www.santanyi.net\\\/wp-content\\\/uploads\\\/anaconda_property_media\\\/24621013-194470\\\/1-1.jpg\",\"datePublished\":\"2026-04-30T15:02:57+00:00\",\"dateModified\":\"2026-05-01T06:05:01+00:00\",\"breadcrumb\":{\"@id\":\"https:\\\/\\\/www.santanyi.net\\\/ca\\\/property\\\/casa-preciosa-amb-calefaccio-i-aire-condicionat-piscina-terrassa-coberta-a-5-minuts-de-la-platja-de-samarador-2\\\/#breadcrumb\"},\"inLanguage\":\"ca\",\"potentialAction\":[{\"@type\":\"ReadAction\",\"target\":[\"https:\\\/\\\/www.santanyi.net\\\/ca\\\/property\\\/casa-preciosa-amb-calefaccio-i-aire-condicionat-piscina-terrassa-coberta-a-5-minuts-de-la-platja-de-samarador-2\\\/\"]}]},{\"@type\":\"ImageObject\",\"inLanguage\":\"ca\",\"@id\":\"https:\\\/\\\/www.santanyi.net\\\/ca\\\/property\\\/casa-preciosa-amb-calefaccio-i-aire-condicionat-piscina-terrassa-coberta-a-5-minuts-de-la-platja-de-samarador-2\\\/#primaryimage\",\"url\":\"https:\\\/\\\/www.santanyi.net\\\/wp-content\\\/uploads\\\/anaconda_property_media\\\/24621013-194470\\\/1-1.jpg\",\"contentUrl\":\"https:\\\/\\\/www.santanyi.net\\\/wp-content\\\/uploads\\\/anaconda_property_media\\\/24621013-194470\\\/1-1.jpg\",\"width\":800,\"height\":600},{\"@type\":\"BreadcrumbList\",\"@id\":\"https:\\\/\\\/www.santanyi.net\\\/ca\\\/property\\\/casa-preciosa-amb-calefaccio-i-aire-condicionat-piscina-terrassa-coberta-a-5-minuts-de-la-platja-de-samarador-2\\\/#breadcrumb\",\"itemListElement\":[{\"@type\":\"ListItem\",\"position\":1,\"name\":\"Home\",\"item\":\"https:\\\/\\\/www.santanyi.net\\\/ca\\\/\"},{\"@type\":\"ListItem\",\"position\":2,\"name\":\"Properties\",\"item\":\"https:\\\/\\\/www.santanyi.net\\\/ca\\\/property\\\/\"},{\"@type\":\"ListItem\",\"position\":3,\"name\":\"Casa preciosa amb calefacci\u00f3 i aire condicionat, piscina, terrassa coberta, a 5 minuts de la platja de S&#8217;Amarador\"}]},{\"@type\":\"WebSite\",\"@id\":\"https:\\\/\\\/www.santanyi.net\\\/ca\\\/#website\",\"url\":\"https:\\\/\\\/www.santanyi.net\\\/ca\\\/\",\"name\":\"RE\\\/MAX Drac\",\"description\":\"\",\"publisher\":{\"@id\":\"https:\\\/\\\/www.santanyi.net\\\/ca\\\/#organization\"},\"potentialAction\":[{\"@type\":\"SearchAction\",\"target\":{\"@type\":\"EntryPoint\",\"urlTemplate\":\"https:\\\/\\\/www.santanyi.net\\\/ca\\\/?s={search_term_string}\"},\"query-input\":{\"@type\":\"PropertyValueSpecification\",\"valueRequired\":true,\"valueName\":\"search_term_string\"}}],\"inLanguage\":\"ca\"},{\"@type\":\"Organization\",\"@id\":\"https:\\\/\\\/www.santanyi.net\\\/ca\\\/#organization\",\"name\":\"RE\\\/MAX Drac\",\"url\":\"https:\\\/\\\/www.santanyi.net\\\/ca\\\/\",\"logo\":{\"@type\":\"ImageObject\",\"inLanguage\":\"ca\",\"@id\":\"https:\\\/\\\/www.santanyi.net\\\/ca\\\/#\\\/schema\\\/logo\\\/image\\\/\",\"url\":\"https:\\\/\\\/www.santanyi.net\\\/wp-content\\\/uploads\\\/2025\\\/07\\\/logo-nuevo.png\",\"contentUrl\":\"https:\\\/\\\/www.santanyi.net\\\/wp-content\\\/uploads\\\/2025\\\/07\\\/logo-nuevo.png\",\"width\":295,\"height\":165,\"caption\":\"RE\\\/MAX Drac\"},\"image\":{\"@id\":\"https:\\\/\\\/www.santanyi.net\\\/ca\\\/#\\\/schema\\\/logo\\\/image\\\/\"}}]}<\/script>\n<!-- \/ Yoast SEO plugin. -->","yoast_head_json":{"title":"Casa preciosa amb calefacci\u00f3 i aire condicionat, piscina, terrassa coberta, a 5 minuts de la platja de S'Amarador - RE\/MAX Drac","robots":{"index":"index","follow":"follow","max-snippet":"max-snippet:-1","max-image-preview":"max-image-preview:large","max-video-preview":"max-video-preview:-1"},"canonical":"https:\/\/www.santanyi.net\/ca\/property\/casa-preciosa-amb-calefaccio-i-aire-condicionat-piscina-terrassa-coberta-a-5-minuts-de-la-platja-de-samarador-2\/","og_locale":"ca_ES","og_type":"article","og_title":"Casa preciosa amb calefacci\u00f3 i aire condicionat, piscina, terrassa coberta, a 5 minuts de la platja de S'Amarador - RE\/MAX Drac","og_description":"A PARTIR D&#8217;OCTUBRE!!! Aquesta encantadora casa est\u00e0 situada en una zona residencial tranquil\u00b7la, a nom\u00e9s 5 minuts de la platja. Recentment decorada i amb mobiliari de bon gust, est\u00e0 equipada amb calefacci\u00f3 central de gasoil i aire condicionat, fet que la fa habitable durant tot l&#8217;any. A la planta baixa, hi ha tres dormitoris, cadascun [&hellip;]","og_url":"https:\/\/www.santanyi.net\/ca\/property\/casa-preciosa-amb-calefaccio-i-aire-condicionat-piscina-terrassa-coberta-a-5-minuts-de-la-platja-de-samarador-2\/","og_site_name":"RE\/MAX Drac","article_modified_time":"2026-05-01T06:05:01+00:00","og_image":[{"width":800,"height":600,"url":"https:\/\/www.santanyi.net\/wp-content\/uploads\/anaconda_property_media\/24621013-194470\/1-1.jpg","type":"image\/jpeg"}],"twitter_card":"summary_large_image","twitter_misc":{"Temps estimat de lectura":"1 minut"},"schema":{"@context":"https:\/\/schema.org","@graph":[{"@type":"WebPage","@id":"https:\/\/www.santanyi.net\/ca\/property\/casa-preciosa-amb-calefaccio-i-aire-condicionat-piscina-terrassa-coberta-a-5-minuts-de-la-platja-de-samarador-2\/","url":"https:\/\/www.santanyi.net\/ca\/property\/casa-preciosa-amb-calefaccio-i-aire-condicionat-piscina-terrassa-coberta-a-5-minuts-de-la-platja-de-samarador-2\/","name":"Casa preciosa amb calefacci\u00f3 i aire condicionat, piscina, terrassa coberta, a 5 minuts de la platja de S'Amarador - RE\/MAX Drac","isPartOf":{"@id":"https:\/\/www.santanyi.net\/ca\/#website"},"primaryImageOfPage":{"@id":"https:\/\/www.santanyi.net\/ca\/property\/casa-preciosa-amb-calefaccio-i-aire-condicionat-piscina-terrassa-coberta-a-5-minuts-de-la-platja-de-samarador-2\/#primaryimage"},"image":{"@id":"https:\/\/www.santanyi.net\/ca\/property\/casa-preciosa-amb-calefaccio-i-aire-condicionat-piscina-terrassa-coberta-a-5-minuts-de-la-platja-de-samarador-2\/#primaryimage"},"thumbnailUrl":"https:\/\/www.santanyi.net\/wp-content\/uploads\/anaconda_property_media\/24621013-194470\/1-1.jpg","datePublished":"2026-04-30T15:02:57+00:00","dateModified":"2026-05-01T06:05:01+00:00","breadcrumb":{"@id":"https:\/\/www.santanyi.net\/ca\/property\/casa-preciosa-amb-calefaccio-i-aire-condicionat-piscina-terrassa-coberta-a-5-minuts-de-la-platja-de-samarador-2\/#breadcrumb"},"inLanguage":"ca","potentialAction":[{"@type":"ReadAction","target":["https:\/\/www.santanyi.net\/ca\/property\/casa-preciosa-amb-calefaccio-i-aire-condicionat-piscina-terrassa-coberta-a-5-minuts-de-la-platja-de-samarador-2\/"]}]},{"@type":"ImageObject","inLanguage":"ca","@id":"https:\/\/www.santanyi.net\/ca\/property\/casa-preciosa-amb-calefaccio-i-aire-condicionat-piscina-terrassa-coberta-a-5-minuts-de-la-platja-de-samarador-2\/#primaryimage","url":"https:\/\/www.santanyi.net\/wp-content\/uploads\/anaconda_property_media\/24621013-194470\/1-1.jpg","contentUrl":"https:\/\/www.santanyi.net\/wp-content\/uploads\/anaconda_property_media\/24621013-194470\/1-1.jpg","width":800,"height":600},{"@type":"BreadcrumbList","@id":"https:\/\/www.santanyi.net\/ca\/property\/casa-preciosa-amb-calefaccio-i-aire-condicionat-piscina-terrassa-coberta-a-5-minuts-de-la-platja-de-samarador-2\/#breadcrumb","itemListElement":[{"@type":"ListItem","position":1,"name":"Home","item":"https:\/\/www.santanyi.net\/ca\/"},{"@type":"ListItem","position":2,"name":"Properties","item":"https:\/\/www.santanyi.net\/ca\/property\/"},{"@type":"ListItem","position":3,"name":"Casa preciosa amb calefacci\u00f3 i aire condicionat, piscina, terrassa coberta, a 5 minuts de la platja de S&#8217;Amarador"}]},{"@type":"WebSite","@id":"https:\/\/www.santanyi.net\/ca\/#website","url":"https:\/\/www.santanyi.net\/ca\/","name":"RE\/MAX Drac","description":"","publisher":{"@id":"https:\/\/www.santanyi.net\/ca\/#organization"},"potentialAction":[{"@type":"SearchAction","target":{"@type":"EntryPoint","urlTemplate":"https:\/\/www.santanyi.net\/ca\/?s={search_term_string}"},"query-input":{"@type":"PropertyValueSpecification","valueRequired":true,"valueName":"search_term_string"}}],"inLanguage":"ca"},{"@type":"Organization","@id":"https:\/\/www.santanyi.net\/ca\/#organization","name":"RE\/MAX Drac","url":"https:\/\/www.santanyi.net\/ca\/","logo":{"@type":"ImageObject","inLanguage":"ca","@id":"https:\/\/www.santanyi.net\/ca\/#\/schema\/logo\/image\/","url":"https:\/\/www.santanyi.net\/wp-content\/uploads\/2025\/07\/logo-nuevo.png","contentUrl":"https:\/\/www.santanyi.net\/wp-content\/uploads\/2025\/07\/logo-nuevo.png","width":295,"height":165,"caption":"RE\/MAX Drac"},"image":{"@id":"https:\/\/www.santanyi.net\/ca\/#\/schema\/logo\/image\/"}}]}},"_links":{"self":[{"href":"https:\/\/www.santanyi.net\/ca\/wp-json\/wp\/v2\/properties\/194476","targetHints":{"allow":["GET"]}}],"collection":[{"href":"https:\/\/www.santanyi.net\/ca\/wp-json\/wp\/v2\/properties"}],"about":[{"href":"https:\/\/www.santanyi.net\/ca\/wp-json\/wp\/v2\/types\/property"}],"author":[{"embeddable":true,"href":"https:\/\/www.santanyi.net\/ca\/wp-json\/wp\/v2\/users\/1"}],"version-history":[{"count":1,"href":"https:\/\/www.santanyi.net\/ca\/wp-json\/wp\/v2\/properties\/194476\/revisions"}],"predecessor-version":[{"id":195364,"href":"https:\/\/www.santanyi.net\/ca\/wp-json\/wp\/v2\/properties\/194476\/revisions\/195364"}],"wp:featuredmedia":[{"embeddable":true,"href":"https:\/\/www.santanyi.net\/ca\/wp-json\/wp\/v2\/media\/194471"}],"wp:attachment":[{"href":"https:\/\/www.santanyi.net\/ca\/wp-json\/wp\/v2\/media?parent=194476"}],"wp:term":[{"taxonomy":"property_type","embeddable":true,"href":"https:\/\/www.santanyi.net\/ca\/wp-json\/wp\/v2\/property_type?post=194476"},{"taxonomy":"property_status","embeddable":true,"href":"https:\/\/www.santanyi.net\/ca\/wp-json\/wp\/v2\/property_status?post=194476"},{"taxonomy":"property_feature","embeddable":true,"href":"https:\/\/www.santanyi.net\/ca\/wp-json\/wp\/v2\/property_feature?post=194476"},{"taxonomy":"property_label","embeddable":true,"href":"https:\/\/www.santanyi.net\/ca\/wp-json\/wp\/v2\/property_label?post=194476"},{"taxonomy":"property_country","embeddable":true,"href":"https:\/\/www.santanyi.net\/ca\/wp-json\/wp\/v2\/property_country?post=194476"},{"taxonomy":"property_state","embeddable":true,"href":"https:\/\/www.santanyi.net\/ca\/wp-json\/wp\/v2\/property_state?post=194476"},{"taxonomy":"property_city","embeddable":true,"href":"https:\/\/www.santanyi.net\/ca\/wp-json\/wp\/v2\/property_city?post=194476"},{"taxonomy":"property_area","embeddable":true,"href":"https:\/\/www.santanyi.net\/ca\/wp-json\/wp\/v2\/property_area?post=194476"}],"curies":[{"name":"wp","href":"https:\/\/api.w.org\/{rel}","templated":true}]}}