
{"id":194468,"date":"2026-04-30T15:02:54","date_gmt":"2026-04-30T15:02:54","guid":{"rendered":"https:\/\/www.santanyi.net\/property\/espectacular-finca-moderna-dobra-nova-en-un-entorn-natural-amb-piscina-a-15-minuts-de-santanyi\/"},"modified":"2026-05-01T06:04:59","modified_gmt":"2026-05-01T06:04:59","slug":"espectacular-finca-moderna-dobra-nova-en-un-entorn-natural-amb-piscina-a-15-minuts-de-santanyi-3","status":"publish","type":"property","link":"https:\/\/www.santanyi.net\/ca\/property\/espectacular-finca-moderna-dobra-nova-en-un-entorn-natural-amb-piscina-a-15-minuts-de-santanyi-3\/","title":{"rendered":"Espectacular Finca moderna d\u00b4obra nova en un entorn natural amb piscina a 15 minuts de Santanyi."},"content":{"rendered":"<p>Descobreix aquesta impressionant vila de luxe ubicada entre Santanyi i Campos, espec\u00edficament a la tranquil\u00b7la zona de Son Negre. Aquesta propietat contempor\u00e0nia destaca per la construcci\u00f3 recent i ofereix una \u00e0mplia superf\u00edcie constru\u00efda de 295 m\u00b2 sobre una generosa parcel\u00b7la de 167,000 m\u00b2. Amb quatre habitacions dobles i quatre banys complets, aquesta llar \u00e9s ideal per gaudir del confort modern envoltat per la natura. El sal\u00f3 llumin\u00f3s est\u00e0 dissenyat amb grans finestrals que ofereixen vistes directes a l&#8217;espectacular \u00e0rea de la piscina. A m\u00e9s, compta amb espais addicionals com una caseta per a barbacoa i instal\u00b7lacions sanit\u00e0ries pr\u00f2pies (cond\u00edcia i dutxa). La cuina oberta al sal\u00f3 facilita l\u00b4aprofitament \u00f2ptim de l\u00b4espai mentre gaudeix cuinant entre amics o familiars. Per a m\u00e9s comoditat durant tot l&#8217;any, s&#8217;inclou calefacci\u00f3 mitjan\u00e7ant terra radiant i aire condicionat eficient a totes les estances; aix\u00f2 garanteix un baix consum energ\u00e8tic sense sacrificar el benestar personal ni familiar. Un estacionament permet protegir fins a dos vehicles c\u00f2modament dins del terreny tancat que abasta aproximadament 4.000 mil metres, la qual cosa tamb\u00e9 brinda possibilitats futures per a ampliacions fins a 220.000 metres si desitgen. Animals dom\u00e8stics per consultar. Tingueu present: lloguer m\u00ednim requerit \u00e9s per un per\u00edode anual acompanyat per dos mesos equivalent a fian\u00e7a.<\/p>\n","protected":false},"excerpt":{"rendered":"<p>Descobreix aquesta impressionant vila de luxe ubicada entre Santanyi i Campos, espec\u00edficament a la tranquil\u00b7la zona de Son Negre. Aquesta propietat contempor\u00e0nia destaca per la construcci\u00f3 recent i ofereix una \u00e0mplia superf\u00edcie constru\u00efda de 295 m\u00b2 sobre una generosa parcel\u00b7la de 167,000 m\u00b2. Amb quatre habitacions dobles i quatre banys complets, aquesta llar \u00e9s ideal [&hellip;]<\/p>\n","protected":false},"author":1,"featured_media":194463,"parent":0,"menu_order":0,"template":"","property_type":[],"property_status":[2135,2140],"property_feature":[1774,1810],"property_label":[],"property_country":[],"property_state":[],"property_city":[653],"property_area":[2235],"class_list":["post-194468","property","type-property","status-publish","has-post-thumbnail","hentry","property_status-alquilar","property_status-alquilar-ca","property_feature-parking","property_feature-parking-ca","property_city-felanitx","property_area-son-negre"],"acf":[],"property_meta":{"_apg_property_user_edited":["1"],"fave_property_id":["DRAC-AA1515YK"],"fave_property_location":["39.412031480752,3.0986926751049,15"],"houzez_geolocation_lat":["39.412031480752"],"houzez_geolocation_long":["3.0986926751049"],"fave_property_price":["6500"],"fave_property_rent_or_sale":["rent"],"fave_property_year":[null],"fave_property_size_prefix":["m2"],"fave_property_land_postfix":["m2"],"fave_property_size":["295"],"fave_property_land":["167000"],"fave_property_bedrooms":["4"],"fave_property_bathrooms":["4"],"fave_property_garage":["2"],"fave_property_map_address":["Son negre, 07650 Felanitx"],"fave_property_address":[" , Felanitx 07650"],"fave_property_zip":["07650"],"fave_property_postal_code":["07650"],"fave_property_map":["1"],"apg_is_using_remote_image_url":["1"],"apg_using_remote_image_urls":["[{\"multimedia_type\":\"Picture\",\"picture_url\":\"https:\/\/fotos15.inmovilla.com\/12732\/26756412\/29-1.jpg\",\"position\":1,\"picture_id\":1,\"media_id\":143903,\"post_id\":194462,\"id\":1,\"attachment_id\":0,\"url\":\"https:\/\/fotos15.inmovilla.com\/12732\/26756412\/29-1.jpg\",\"basename\":\"29-1.jpg\",\"created_date\":\"2026-04-30 15:02:54\",\"is_downloaded\":0,\"is_using_remote\":0},{\"multimedia_type\":\"Picture\",\"picture_url\":\"https:\/\/fotos15.inmovilla.com\/12732\/26756412\/29-2.jpg\",\"position\":2,\"picture_id\":2,\"media_id\":143904,\"post_id\":194462,\"id\":2,\"attachment_id\":0,\"url\":\"https:\/\/fotos15.inmovilla.com\/12732\/26756412\/29-2.jpg\",\"basename\":\"29-2.jpg\",\"created_date\":\"2026-04-30 15:02:54\",\"is_downloaded\":0,\"is_using_remote\":1},{\"multimedia_type\":\"Picture\",\"picture_url\":\"https:\/\/fotos15.inmovilla.com\/12732\/26756412\/29-3.jpg\",\"position\":3,\"picture_id\":3,\"media_id\":143905,\"post_id\":194462,\"id\":3,\"attachment_id\":0,\"url\":\"https:\/\/fotos15.inmovilla.com\/12732\/26756412\/29-3.jpg\",\"basename\":\"29-3.jpg\",\"created_date\":\"2026-04-30 15:02:54\",\"is_downloaded\":0,\"is_using_remote\":1},{\"multimedia_type\":\"Picture\",\"picture_url\":\"https:\/\/fotos15.inmovilla.com\/12732\/26756412\/29-4.jpg\",\"position\":4,\"picture_id\":4,\"media_id\":143906,\"post_id\":194462,\"id\":4,\"attachment_id\":0,\"url\":\"https:\/\/fotos15.inmovilla.com\/12732\/26756412\/29-4.jpg\",\"basename\":\"29-4.jpg\",\"created_date\":\"2026-04-30 15:02:54\",\"is_downloaded\":0,\"is_using_remote\":1},{\"multimedia_type\":\"Picture\",\"picture_url\":\"https:\/\/fotos15.inmovilla.com\/12732\/26756412\/29-5.jpg\",\"position\":5,\"picture_id\":5,\"media_id\":143907,\"post_id\":194462,\"id\":5,\"attachment_id\":0,\"url\":\"https:\/\/fotos15.inmovilla.com\/12732\/26756412\/29-5.jpg\",\"basename\":\"29-5.jpg\",\"created_date\":\"2026-04-30 15:02:54\",\"is_downloaded\":0,\"is_using_remote\":1},{\"multimedia_type\":\"Picture\",\"picture_url\":\"https:\/\/fotos15.inmovilla.com\/12732\/26756412\/29-6.jpg\",\"position\":6,\"picture_id\":6,\"media_id\":143908,\"post_id\":194462,\"id\":6,\"attachment_id\":0,\"url\":\"https:\/\/fotos15.inmovilla.com\/12732\/26756412\/29-6.jpg\",\"basename\":\"29-6.jpg\",\"created_date\":\"2026-04-30 15:02:54\",\"is_downloaded\":0,\"is_using_remote\":1},{\"multimedia_type\":\"Picture\",\"picture_url\":\"https:\/\/fotos15.inmovilla.com\/12732\/26756412\/29-7.jpg\",\"position\":7,\"picture_id\":7,\"media_id\":143909,\"post_id\":194462,\"id\":7,\"attachment_id\":0,\"url\":\"https:\/\/fotos15.inmovilla.com\/12732\/26756412\/29-7.jpg\",\"basename\":\"29-7.jpg\",\"created_date\":\"2026-04-30 15:02:54\",\"is_downloaded\":0,\"is_using_remote\":1},{\"multimedia_type\":\"Picture\",\"picture_url\":\"https:\/\/fotos15.inmovilla.com\/12732\/26756412\/29-8.jpg\",\"position\":8,\"picture_id\":8,\"media_id\":143910,\"post_id\":194462,\"id\":8,\"attachment_id\":0,\"url\":\"https:\/\/fotos15.inmovilla.com\/12732\/26756412\/29-8.jpg\",\"basename\":\"29-8.jpg\",\"created_date\":\"2026-04-30 15:02:54\",\"is_downloaded\":0,\"is_using_remote\":1},{\"multimedia_type\":\"Picture\",\"picture_url\":\"https:\/\/fotos15.inmovilla.com\/12732\/26756412\/29-9.jpg\",\"position\":9,\"picture_id\":9,\"media_id\":143911,\"post_id\":194462,\"id\":9,\"attachment_id\":0,\"url\":\"https:\/\/fotos15.inmovilla.com\/12732\/26756412\/29-9.jpg\",\"basename\":\"29-9.jpg\",\"created_date\":\"2026-04-30 15:02:54\",\"is_downloaded\":0,\"is_using_remote\":1},{\"multimedia_type\":\"Picture\",\"picture_url\":\"https:\/\/fotos15.inmovilla.com\/12732\/26756412\/29-10.jpg\",\"position\":10,\"picture_id\":10,\"media_id\":143912,\"post_id\":194462,\"id\":10,\"attachment_id\":0,\"url\":\"https:\/\/fotos15.inmovilla.com\/12732\/26756412\/29-10.jpg\",\"basename\":\"29-10.jpg\",\"created_date\":\"2026-04-30 15:02:54\",\"is_downloaded\":0,\"is_using_remote\":1},{\"multimedia_type\":\"Picture\",\"picture_url\":\"https:\/\/fotos15.inmovilla.com\/12732\/26756412\/29-11.jpg\",\"position\":11,\"picture_id\":11,\"media_id\":143913,\"post_id\":194462,\"id\":11,\"attachment_id\":0,\"url\":\"https:\/\/fotos15.inmovilla.com\/12732\/26756412\/29-11.jpg\",\"basename\":\"29-11.jpg\",\"created_date\":\"2026-04-30 15:02:54\",\"is_downloaded\":0,\"is_using_remote\":1},{\"multimedia_type\":\"Picture\",\"picture_url\":\"https:\/\/fotos15.inmovilla.com\/12732\/26756412\/29-12.jpg\",\"position\":12,\"picture_id\":12,\"media_id\":143914,\"post_id\":194462,\"id\":12,\"attachment_id\":0,\"url\":\"https:\/\/fotos15.inmovilla.com\/12732\/26756412\/29-12.jpg\",\"basename\":\"29-12.jpg\",\"created_date\":\"2026-04-30 15:02:54\",\"is_downloaded\":0,\"is_using_remote\":1},{\"multimedia_type\":\"Picture\",\"picture_url\":\"https:\/\/fotos15.inmovilla.com\/12732\/26756412\/29-13.jpg\",\"position\":13,\"picture_id\":13,\"media_id\":143915,\"post_id\":194462,\"id\":13,\"attachment_id\":0,\"url\":\"https:\/\/fotos15.inmovilla.com\/12732\/26756412\/29-13.jpg\",\"basename\":\"29-13.jpg\",\"created_date\":\"2026-04-30 15:02:54\",\"is_downloaded\":0,\"is_using_remote\":1},{\"multimedia_type\":\"Picture\",\"picture_url\":\"https:\/\/fotos15.inmovilla.com\/12732\/26756412\/29-14.jpg\",\"position\":14,\"picture_id\":14,\"media_id\":143916,\"post_id\":194462,\"id\":14,\"attachment_id\":0,\"url\":\"https:\/\/fotos15.inmovilla.com\/12732\/26756412\/29-14.jpg\",\"basename\":\"29-14.jpg\",\"created_date\":\"2026-04-30 15:02:54\",\"is_downloaded\":0,\"is_using_remote\":1},{\"multimedia_type\":\"Picture\",\"picture_url\":\"https:\/\/fotos15.inmovilla.com\/12732\/26756412\/29-15.jpg\",\"position\":15,\"picture_id\":15,\"media_id\":143917,\"post_id\":194462,\"id\":15,\"attachment_id\":0,\"url\":\"https:\/\/fotos15.inmovilla.com\/12732\/26756412\/29-15.jpg\",\"basename\":\"29-15.jpg\",\"created_date\":\"2026-04-30 15:02:54\",\"is_downloaded\":0,\"is_using_remote\":1},{\"multimedia_type\":\"Picture\",\"picture_url\":\"https:\/\/fotos15.inmovilla.com\/12732\/26756412\/29-16.jpg\",\"position\":16,\"picture_id\":16,\"media_id\":143918,\"post_id\":194462,\"id\":16,\"attachment_id\":0,\"url\":\"https:\/\/fotos15.inmovilla.com\/12732\/26756412\/29-16.jpg\",\"basename\":\"29-16.jpg\",\"created_date\":\"2026-04-30 15:02:54\",\"is_downloaded\":0,\"is_using_remote\":1},{\"multimedia_type\":\"Picture\",\"picture_url\":\"https:\/\/fotos15.inmovilla.com\/12732\/26756412\/29-17.jpg\",\"position\":17,\"picture_id\":17,\"media_id\":143919,\"post_id\":194462,\"id\":17,\"attachment_id\":0,\"url\":\"https:\/\/fotos15.inmovilla.com\/12732\/26756412\/29-17.jpg\",\"basename\":\"29-17.jpg\",\"created_date\":\"2026-04-30 15:02:54\",\"is_downloaded\":0,\"is_using_remote\":1},{\"multimedia_type\":\"Picture\",\"picture_url\":\"https:\/\/fotos15.inmovilla.com\/12732\/26756412\/29-18.jpg\",\"position\":18,\"picture_id\":18,\"media_id\":143920,\"post_id\":194462,\"id\":18,\"attachment_id\":0,\"url\":\"https:\/\/fotos15.inmovilla.com\/12732\/26756412\/29-18.jpg\",\"basename\":\"29-18.jpg\",\"created_date\":\"2026-04-30 15:02:54\",\"is_downloaded\":0,\"is_using_remote\":1},{\"multimedia_type\":\"Picture\",\"picture_url\":\"https:\/\/fotos15.inmovilla.com\/12732\/26756412\/29-19.jpg\",\"position\":19,\"picture_id\":19,\"media_id\":143921,\"post_id\":194462,\"id\":19,\"attachment_id\":0,\"url\":\"https:\/\/fotos15.inmovilla.com\/12732\/26756412\/29-19.jpg\",\"basename\":\"29-19.jpg\",\"created_date\":\"2026-04-30 15:02:54\",\"is_downloaded\":0,\"is_using_remote\":1},{\"multimedia_type\":\"Picture\",\"picture_url\":\"https:\/\/fotos15.inmovilla.com\/12732\/26756412\/29-20.jpg\",\"position\":20,\"picture_id\":20,\"media_id\":143922,\"post_id\":194462,\"id\":20,\"attachment_id\":0,\"url\":\"https:\/\/fotos15.inmovilla.com\/12732\/26756412\/29-20.jpg\",\"basename\":\"29-20.jpg\",\"created_date\":\"2026-04-30 15:02:54\",\"is_downloaded\":0,\"is_using_remote\":1},{\"multimedia_type\":\"Picture\",\"picture_url\":\"https:\/\/fotos15.inmovilla.com\/12732\/26756412\/29-21.jpg\",\"position\":21,\"picture_id\":21,\"media_id\":143923,\"post_id\":194462,\"id\":21,\"attachment_id\":0,\"url\":\"https:\/\/fotos15.inmovilla.com\/12732\/26756412\/29-21.jpg\",\"basename\":\"29-21.jpg\",\"created_date\":\"2026-04-30 15:02:54\",\"is_downloaded\":0,\"is_using_remote\":1},{\"multimedia_type\":\"Picture\",\"picture_url\":\"https:\/\/fotos15.inmovilla.com\/12732\/26756412\/29-22.jpg\",\"position\":22,\"picture_id\":22,\"media_id\":143924,\"post_id\":194462,\"id\":22,\"attachment_id\":0,\"url\":\"https:\/\/fotos15.inmovilla.com\/12732\/26756412\/29-22.jpg\",\"basename\":\"29-22.jpg\",\"created_date\":\"2026-04-30 15:02:54\",\"is_downloaded\":0,\"is_using_remote\":1},{\"multimedia_type\":\"Picture\",\"picture_url\":\"https:\/\/fotos15.inmovilla.com\/12732\/26756412\/29-23.jpg\",\"position\":23,\"picture_id\":23,\"media_id\":143925,\"post_id\":194462,\"id\":23,\"attachment_id\":0,\"url\":\"https:\/\/fotos15.inmovilla.com\/12732\/26756412\/29-23.jpg\",\"basename\":\"29-23.jpg\",\"created_date\":\"2026-04-30 15:02:54\",\"is_downloaded\":0,\"is_using_remote\":1},{\"multimedia_type\":\"Picture\",\"picture_url\":\"https:\/\/fotos15.inmovilla.com\/12732\/26756412\/29-24.jpg\",\"position\":24,\"picture_id\":24,\"media_id\":143926,\"post_id\":194462,\"id\":24,\"attachment_id\":0,\"url\":\"https:\/\/fotos15.inmovilla.com\/12732\/26756412\/29-24.jpg\",\"basename\":\"29-24.jpg\",\"created_date\":\"2026-04-30 15:02:54\",\"is_downloaded\":0,\"is_using_remote\":1},{\"multimedia_type\":\"Picture\",\"picture_url\":\"https:\/\/fotos15.inmovilla.com\/12732\/26756412\/29-25.jpg\",\"position\":25,\"picture_id\":25,\"media_id\":143927,\"post_id\":194462,\"id\":25,\"attachment_id\":0,\"url\":\"https:\/\/fotos15.inmovilla.com\/12732\/26756412\/29-25.jpg\",\"basename\":\"29-25.jpg\",\"created_date\":\"2026-04-30 15:02:54\",\"is_downloaded\":0,\"is_using_remote\":1},{\"multimedia_type\":\"Picture\",\"picture_url\":\"https:\/\/fotos15.inmovilla.com\/12732\/26756412\/29-26.jpg\",\"position\":26,\"picture_id\":26,\"media_id\":143928,\"post_id\":194462,\"id\":26,\"attachment_id\":0,\"url\":\"https:\/\/fotos15.inmovilla.com\/12732\/26756412\/29-26.jpg\",\"basename\":\"29-26.jpg\",\"created_date\":\"2026-04-30 15:02:54\",\"is_downloaded\":0,\"is_using_remote\":1},{\"multimedia_type\":\"Picture\",\"picture_url\":\"https:\/\/fotos15.inmovilla.com\/12732\/26756412\/29-27.jpg\",\"position\":27,\"picture_id\":27,\"media_id\":143929,\"post_id\":194462,\"id\":27,\"attachment_id\":0,\"url\":\"https:\/\/fotos15.inmovilla.com\/12732\/26756412\/29-27.jpg\",\"basename\":\"29-27.jpg\",\"created_date\":\"2026-04-30 15:02:54\",\"is_downloaded\":0,\"is_using_remote\":1},{\"multimedia_type\":\"Picture\",\"picture_url\":\"https:\/\/fotos15.inmovilla.com\/12732\/26756412\/29-28.jpg\",\"position\":28,\"picture_id\":28,\"media_id\":143930,\"post_id\":194462,\"id\":28,\"attachment_id\":0,\"url\":\"https:\/\/fotos15.inmovilla.com\/12732\/26756412\/29-28.jpg\",\"basename\":\"29-28.jpg\",\"created_date\":\"2026-04-30 15:02:54\",\"is_downloaded\":0,\"is_using_remote\":1},{\"multimedia_type\":\"Picture\",\"picture_url\":\"https:\/\/fotos15.inmovilla.com\/12732\/26756412\/29-29.jpg\",\"position\":29,\"picture_id\":29,\"media_id\":143931,\"post_id\":194462,\"id\":29,\"attachment_id\":0,\"url\":\"https:\/\/fotos15.inmovilla.com\/12732\/26756412\/29-29.jpg\",\"basename\":\"29-29.jpg\",\"created_date\":\"2026-04-30 15:02:54\",\"is_downloaded\":0,\"is_using_remote\":1},{\"multimedia_type\":\"Picture\",\"picture_url\":\"https:\/\/fotos15.inmovilla.com\/12732\/26756412\/29-30.jpg\",\"position\":30,\"picture_id\":30,\"media_id\":143932,\"post_id\":194462,\"id\":30,\"attachment_id\":0,\"url\":\"https:\/\/fotos15.inmovilla.com\/12732\/26756412\/29-30.jpg\",\"basename\":\"29-30.jpg\",\"created_date\":\"2026-04-30 15:02:54\",\"is_downloaded\":0,\"is_using_remote\":1}]"],"_thumbnail_id":["194463"],"fave_property_images":["194463"],"apg_property_id":["26756412"],"_wpml_word_count":["254"],"_eael_post_view_count":["3"],"houzez_recently_viewed":["2026-05-01 09:26:21"],"houzez_total_property_views":["3"],"houzez_views_by_date":["a:2:{s:10:\"04-30-2026\";i:1;s:10:\"05-01-2026\";i:2;}"],"_elementor_page_assets":["a:0:{}"]},"yoast_head":"<!-- This site is optimized with the Yoast SEO plugin v27.5 - https:\/\/yoast.com\/product\/yoast-seo-wordpress\/ -->\n<title>Espectacular Finca moderna d\u00b4obra nova en un entorn natural amb piscina a 15 minuts de Santanyi. - RE\/MAX Drac<\/title>\n<meta name=\"robots\" content=\"index, follow, max-snippet:-1, max-image-preview:large, max-video-preview:-1\" \/>\n<link rel=\"canonical\" href=\"https:\/\/www.santanyi.net\/ca\/property\/espectacular-finca-moderna-dobra-nova-en-un-entorn-natural-amb-piscina-a-15-minuts-de-santanyi-3\/\" \/>\n<meta property=\"og:locale\" content=\"ca_ES\" \/>\n<meta property=\"og:type\" content=\"article\" \/>\n<meta property=\"og:title\" content=\"Espectacular Finca moderna d\u00b4obra nova en un entorn natural amb piscina a 15 minuts de Santanyi. - RE\/MAX Drac\" \/>\n<meta property=\"og:description\" content=\"Descobreix aquesta impressionant vila de luxe ubicada entre Santanyi i Campos, espec\u00edficament a la tranquil\u00b7la zona de Son Negre. Aquesta propietat contempor\u00e0nia destaca per la construcci\u00f3 recent i ofereix una \u00e0mplia superf\u00edcie constru\u00efda de 295 m\u00b2 sobre una generosa parcel\u00b7la de 167,000 m\u00b2. Amb quatre habitacions dobles i quatre banys complets, aquesta llar \u00e9s ideal [&hellip;]\" \/>\n<meta property=\"og:url\" content=\"https:\/\/www.santanyi.net\/ca\/property\/espectacular-finca-moderna-dobra-nova-en-un-entorn-natural-amb-piscina-a-15-minuts-de-santanyi-3\/\" \/>\n<meta property=\"og:site_name\" content=\"RE\/MAX Drac\" \/>\n<meta property=\"article:modified_time\" content=\"2026-05-01T06:04:59+00:00\" \/>\n<meta property=\"og:image\" content=\"https:\/\/www.santanyi.net\/wp-content\/uploads\/anaconda_property_media\/26756412-194462\/29-1.jpg\" \/>\n\t<meta property=\"og:image:width\" content=\"1920\" \/>\n\t<meta property=\"og:image:height\" content=\"1440\" \/>\n\t<meta property=\"og:image:type\" content=\"image\/jpeg\" \/>\n<meta name=\"twitter:card\" content=\"summary_large_image\" \/>\n<meta name=\"twitter:label1\" content=\"Temps estimat de lectura\" \/>\n\t<meta name=\"twitter:data1\" content=\"1 minut\" \/>\n<script type=\"application\/ld+json\" class=\"yoast-schema-graph\">{\"@context\":\"https:\\\/\\\/schema.org\",\"@graph\":[{\"@type\":\"WebPage\",\"@id\":\"https:\\\/\\\/www.santanyi.net\\\/ca\\\/property\\\/espectacular-finca-moderna-dobra-nova-en-un-entorn-natural-amb-piscina-a-15-minuts-de-santanyi-3\\\/\",\"url\":\"https:\\\/\\\/www.santanyi.net\\\/ca\\\/property\\\/espectacular-finca-moderna-dobra-nova-en-un-entorn-natural-amb-piscina-a-15-minuts-de-santanyi-3\\\/\",\"name\":\"Espectacular Finca moderna d\u00b4obra nova en un entorn natural amb piscina a 15 minuts de Santanyi. - RE\\\/MAX Drac\",\"isPartOf\":{\"@id\":\"https:\\\/\\\/www.santanyi.net\\\/ca\\\/#website\"},\"primaryImageOfPage\":{\"@id\":\"https:\\\/\\\/www.santanyi.net\\\/ca\\\/property\\\/espectacular-finca-moderna-dobra-nova-en-un-entorn-natural-amb-piscina-a-15-minuts-de-santanyi-3\\\/#primaryimage\"},\"image\":{\"@id\":\"https:\\\/\\\/www.santanyi.net\\\/ca\\\/property\\\/espectacular-finca-moderna-dobra-nova-en-un-entorn-natural-amb-piscina-a-15-minuts-de-santanyi-3\\\/#primaryimage\"},\"thumbnailUrl\":\"https:\\\/\\\/www.santanyi.net\\\/wp-content\\\/uploads\\\/anaconda_property_media\\\/26756412-194462\\\/29-1.jpg\",\"datePublished\":\"2026-04-30T15:02:54+00:00\",\"dateModified\":\"2026-05-01T06:04:59+00:00\",\"breadcrumb\":{\"@id\":\"https:\\\/\\\/www.santanyi.net\\\/ca\\\/property\\\/espectacular-finca-moderna-dobra-nova-en-un-entorn-natural-amb-piscina-a-15-minuts-de-santanyi-3\\\/#breadcrumb\"},\"inLanguage\":\"ca\",\"potentialAction\":[{\"@type\":\"ReadAction\",\"target\":[\"https:\\\/\\\/www.santanyi.net\\\/ca\\\/property\\\/espectacular-finca-moderna-dobra-nova-en-un-entorn-natural-amb-piscina-a-15-minuts-de-santanyi-3\\\/\"]}]},{\"@type\":\"ImageObject\",\"inLanguage\":\"ca\",\"@id\":\"https:\\\/\\\/www.santanyi.net\\\/ca\\\/property\\\/espectacular-finca-moderna-dobra-nova-en-un-entorn-natural-amb-piscina-a-15-minuts-de-santanyi-3\\\/#primaryimage\",\"url\":\"https:\\\/\\\/www.santanyi.net\\\/wp-content\\\/uploads\\\/anaconda_property_media\\\/26756412-194462\\\/29-1.jpg\",\"contentUrl\":\"https:\\\/\\\/www.santanyi.net\\\/wp-content\\\/uploads\\\/anaconda_property_media\\\/26756412-194462\\\/29-1.jpg\",\"width\":1920,\"height\":1440},{\"@type\":\"BreadcrumbList\",\"@id\":\"https:\\\/\\\/www.santanyi.net\\\/ca\\\/property\\\/espectacular-finca-moderna-dobra-nova-en-un-entorn-natural-amb-piscina-a-15-minuts-de-santanyi-3\\\/#breadcrumb\",\"itemListElement\":[{\"@type\":\"ListItem\",\"position\":1,\"name\":\"Home\",\"item\":\"https:\\\/\\\/www.santanyi.net\\\/ca\\\/\"},{\"@type\":\"ListItem\",\"position\":2,\"name\":\"Properties\",\"item\":\"https:\\\/\\\/www.santanyi.net\\\/ca\\\/property\\\/\"},{\"@type\":\"ListItem\",\"position\":3,\"name\":\"Espectacular Finca moderna d\u00b4obra nova en un entorn natural amb piscina a 15 minuts de Santanyi.\"}]},{\"@type\":\"WebSite\",\"@id\":\"https:\\\/\\\/www.santanyi.net\\\/ca\\\/#website\",\"url\":\"https:\\\/\\\/www.santanyi.net\\\/ca\\\/\",\"name\":\"RE\\\/MAX Drac\",\"description\":\"\",\"publisher\":{\"@id\":\"https:\\\/\\\/www.santanyi.net\\\/ca\\\/#organization\"},\"potentialAction\":[{\"@type\":\"SearchAction\",\"target\":{\"@type\":\"EntryPoint\",\"urlTemplate\":\"https:\\\/\\\/www.santanyi.net\\\/ca\\\/?s={search_term_string}\"},\"query-input\":{\"@type\":\"PropertyValueSpecification\",\"valueRequired\":true,\"valueName\":\"search_term_string\"}}],\"inLanguage\":\"ca\"},{\"@type\":\"Organization\",\"@id\":\"https:\\\/\\\/www.santanyi.net\\\/ca\\\/#organization\",\"name\":\"RE\\\/MAX Drac\",\"url\":\"https:\\\/\\\/www.santanyi.net\\\/ca\\\/\",\"logo\":{\"@type\":\"ImageObject\",\"inLanguage\":\"ca\",\"@id\":\"https:\\\/\\\/www.santanyi.net\\\/ca\\\/#\\\/schema\\\/logo\\\/image\\\/\",\"url\":\"https:\\\/\\\/www.santanyi.net\\\/wp-content\\\/uploads\\\/2025\\\/07\\\/logo-nuevo.png\",\"contentUrl\":\"https:\\\/\\\/www.santanyi.net\\\/wp-content\\\/uploads\\\/2025\\\/07\\\/logo-nuevo.png\",\"width\":295,\"height\":165,\"caption\":\"RE\\\/MAX Drac\"},\"image\":{\"@id\":\"https:\\\/\\\/www.santanyi.net\\\/ca\\\/#\\\/schema\\\/logo\\\/image\\\/\"}}]}<\/script>\n<!-- \/ Yoast SEO plugin. -->","yoast_head_json":{"title":"Espectacular Finca moderna d\u00b4obra nova en un entorn natural amb piscina a 15 minuts de Santanyi. - RE\/MAX Drac","robots":{"index":"index","follow":"follow","max-snippet":"max-snippet:-1","max-image-preview":"max-image-preview:large","max-video-preview":"max-video-preview:-1"},"canonical":"https:\/\/www.santanyi.net\/ca\/property\/espectacular-finca-moderna-dobra-nova-en-un-entorn-natural-amb-piscina-a-15-minuts-de-santanyi-3\/","og_locale":"ca_ES","og_type":"article","og_title":"Espectacular Finca moderna d\u00b4obra nova en un entorn natural amb piscina a 15 minuts de Santanyi. - RE\/MAX Drac","og_description":"Descobreix aquesta impressionant vila de luxe ubicada entre Santanyi i Campos, espec\u00edficament a la tranquil\u00b7la zona de Son Negre. Aquesta propietat contempor\u00e0nia destaca per la construcci\u00f3 recent i ofereix una \u00e0mplia superf\u00edcie constru\u00efda de 295 m\u00b2 sobre una generosa parcel\u00b7la de 167,000 m\u00b2. Amb quatre habitacions dobles i quatre banys complets, aquesta llar \u00e9s ideal [&hellip;]","og_url":"https:\/\/www.santanyi.net\/ca\/property\/espectacular-finca-moderna-dobra-nova-en-un-entorn-natural-amb-piscina-a-15-minuts-de-santanyi-3\/","og_site_name":"RE\/MAX Drac","article_modified_time":"2026-05-01T06:04:59+00:00","og_image":[{"width":1920,"height":1440,"url":"https:\/\/www.santanyi.net\/wp-content\/uploads\/anaconda_property_media\/26756412-194462\/29-1.jpg","type":"image\/jpeg"}],"twitter_card":"summary_large_image","twitter_misc":{"Temps estimat de lectura":"1 minut"},"schema":{"@context":"https:\/\/schema.org","@graph":[{"@type":"WebPage","@id":"https:\/\/www.santanyi.net\/ca\/property\/espectacular-finca-moderna-dobra-nova-en-un-entorn-natural-amb-piscina-a-15-minuts-de-santanyi-3\/","url":"https:\/\/www.santanyi.net\/ca\/property\/espectacular-finca-moderna-dobra-nova-en-un-entorn-natural-amb-piscina-a-15-minuts-de-santanyi-3\/","name":"Espectacular Finca moderna d\u00b4obra nova en un entorn natural amb piscina a 15 minuts de Santanyi. - RE\/MAX Drac","isPartOf":{"@id":"https:\/\/www.santanyi.net\/ca\/#website"},"primaryImageOfPage":{"@id":"https:\/\/www.santanyi.net\/ca\/property\/espectacular-finca-moderna-dobra-nova-en-un-entorn-natural-amb-piscina-a-15-minuts-de-santanyi-3\/#primaryimage"},"image":{"@id":"https:\/\/www.santanyi.net\/ca\/property\/espectacular-finca-moderna-dobra-nova-en-un-entorn-natural-amb-piscina-a-15-minuts-de-santanyi-3\/#primaryimage"},"thumbnailUrl":"https:\/\/www.santanyi.net\/wp-content\/uploads\/anaconda_property_media\/26756412-194462\/29-1.jpg","datePublished":"2026-04-30T15:02:54+00:00","dateModified":"2026-05-01T06:04:59+00:00","breadcrumb":{"@id":"https:\/\/www.santanyi.net\/ca\/property\/espectacular-finca-moderna-dobra-nova-en-un-entorn-natural-amb-piscina-a-15-minuts-de-santanyi-3\/#breadcrumb"},"inLanguage":"ca","potentialAction":[{"@type":"ReadAction","target":["https:\/\/www.santanyi.net\/ca\/property\/espectacular-finca-moderna-dobra-nova-en-un-entorn-natural-amb-piscina-a-15-minuts-de-santanyi-3\/"]}]},{"@type":"ImageObject","inLanguage":"ca","@id":"https:\/\/www.santanyi.net\/ca\/property\/espectacular-finca-moderna-dobra-nova-en-un-entorn-natural-amb-piscina-a-15-minuts-de-santanyi-3\/#primaryimage","url":"https:\/\/www.santanyi.net\/wp-content\/uploads\/anaconda_property_media\/26756412-194462\/29-1.jpg","contentUrl":"https:\/\/www.santanyi.net\/wp-content\/uploads\/anaconda_property_media\/26756412-194462\/29-1.jpg","width":1920,"height":1440},{"@type":"BreadcrumbList","@id":"https:\/\/www.santanyi.net\/ca\/property\/espectacular-finca-moderna-dobra-nova-en-un-entorn-natural-amb-piscina-a-15-minuts-de-santanyi-3\/#breadcrumb","itemListElement":[{"@type":"ListItem","position":1,"name":"Home","item":"https:\/\/www.santanyi.net\/ca\/"},{"@type":"ListItem","position":2,"name":"Properties","item":"https:\/\/www.santanyi.net\/ca\/property\/"},{"@type":"ListItem","position":3,"name":"Espectacular Finca moderna d\u00b4obra nova en un entorn natural amb piscina a 15 minuts de Santanyi."}]},{"@type":"WebSite","@id":"https:\/\/www.santanyi.net\/ca\/#website","url":"https:\/\/www.santanyi.net\/ca\/","name":"RE\/MAX Drac","description":"","publisher":{"@id":"https:\/\/www.santanyi.net\/ca\/#organization"},"potentialAction":[{"@type":"SearchAction","target":{"@type":"EntryPoint","urlTemplate":"https:\/\/www.santanyi.net\/ca\/?s={search_term_string}"},"query-input":{"@type":"PropertyValueSpecification","valueRequired":true,"valueName":"search_term_string"}}],"inLanguage":"ca"},{"@type":"Organization","@id":"https:\/\/www.santanyi.net\/ca\/#organization","name":"RE\/MAX Drac","url":"https:\/\/www.santanyi.net\/ca\/","logo":{"@type":"ImageObject","inLanguage":"ca","@id":"https:\/\/www.santanyi.net\/ca\/#\/schema\/logo\/image\/","url":"https:\/\/www.santanyi.net\/wp-content\/uploads\/2025\/07\/logo-nuevo.png","contentUrl":"https:\/\/www.santanyi.net\/wp-content\/uploads\/2025\/07\/logo-nuevo.png","width":295,"height":165,"caption":"RE\/MAX Drac"},"image":{"@id":"https:\/\/www.santanyi.net\/ca\/#\/schema\/logo\/image\/"}}]}},"_links":{"self":[{"href":"https:\/\/www.santanyi.net\/ca\/wp-json\/wp\/v2\/properties\/194468","targetHints":{"allow":["GET"]}}],"collection":[{"href":"https:\/\/www.santanyi.net\/ca\/wp-json\/wp\/v2\/properties"}],"about":[{"href":"https:\/\/www.santanyi.net\/ca\/wp-json\/wp\/v2\/types\/property"}],"author":[{"embeddable":true,"href":"https:\/\/www.santanyi.net\/ca\/wp-json\/wp\/v2\/users\/1"}],"version-history":[{"count":1,"href":"https:\/\/www.santanyi.net\/ca\/wp-json\/wp\/v2\/properties\/194468\/revisions"}],"predecessor-version":[{"id":195360,"href":"https:\/\/www.santanyi.net\/ca\/wp-json\/wp\/v2\/properties\/194468\/revisions\/195360"}],"wp:featuredmedia":[{"embeddable":true,"href":"https:\/\/www.santanyi.net\/ca\/wp-json\/wp\/v2\/media\/194463"}],"wp:attachment":[{"href":"https:\/\/www.santanyi.net\/ca\/wp-json\/wp\/v2\/media?parent=194468"}],"wp:term":[{"taxonomy":"property_type","embeddable":true,"href":"https:\/\/www.santanyi.net\/ca\/wp-json\/wp\/v2\/property_type?post=194468"},{"taxonomy":"property_status","embeddable":true,"href":"https:\/\/www.santanyi.net\/ca\/wp-json\/wp\/v2\/property_status?post=194468"},{"taxonomy":"property_feature","embeddable":true,"href":"https:\/\/www.santanyi.net\/ca\/wp-json\/wp\/v2\/property_feature?post=194468"},{"taxonomy":"property_label","embeddable":true,"href":"https:\/\/www.santanyi.net\/ca\/wp-json\/wp\/v2\/property_label?post=194468"},{"taxonomy":"property_country","embeddable":true,"href":"https:\/\/www.santanyi.net\/ca\/wp-json\/wp\/v2\/property_country?post=194468"},{"taxonomy":"property_state","embeddable":true,"href":"https:\/\/www.santanyi.net\/ca\/wp-json\/wp\/v2\/property_state?post=194468"},{"taxonomy":"property_city","embeddable":true,"href":"https:\/\/www.santanyi.net\/ca\/wp-json\/wp\/v2\/property_city?post=194468"},{"taxonomy":"property_area","embeddable":true,"href":"https:\/\/www.santanyi.net\/ca\/wp-json\/wp\/v2\/property_area?post=194468"}],"curies":[{"name":"wp","href":"https:\/\/api.w.org\/{rel}","templated":true}]}}