
{"id":194460,"date":"2026-04-30T15:02:51","date_gmt":"2026-04-30T15:02:51","guid":{"rendered":"https:\/\/www.santanyi.net\/property\/casa-excepcional-a-primera-linia-de-mar-a-sa-rapita\/"},"modified":"2026-04-30T16:49:12","modified_gmt":"2026-04-30T16:49:12","slug":"casa-excepcional-a-primera-linia-de-mar-a-sa-rapita-2","status":"publish","type":"property","link":"https:\/\/www.santanyi.net\/ca\/property\/casa-excepcional-a-primera-linia-de-mar-a-sa-rapita-2\/","title":{"rendered":"Casa Excepcional a Primera L\u00ednia de Mar a Sa R\u00e0pita"},"content":{"rendered":"<p>Situada a la desitjada localitat de Sa R\u00e0pita, aquesta casa a primera l\u00ednia de mar representa una oportunitat \u00fanica. Constru\u00efda el 1954, la propietat s&#8217;assenta sobre un solar de 227m\u00b2 i compta amb una superf\u00edcie constru\u00efda de 164m\u00b2. La seva privilegiada situaci\u00f3 li permet lindar amb dos carrers, assegurant una excel\u00b7lent accessibilitat i lluminositat natural.<\/p>\n<p>L&#8217;habitatge ofereix una distribuci\u00f3 pr\u00e0ctica amb 3 dormitoris, 2 banys complets i un lavabo. L&#8217;ampli sal\u00f3-menjador i la cuina, tots dos equipats amb xemeneia, proporcionen un ambient acollidor. A m\u00e9s, la casa compta amb preinstal\u00b7laci\u00f3 per a calefacci\u00f3, cosa que contribueix al confort en qualsevol \u00e8poca de l&#8217;any.<\/p>\n<p>Entre les seves caracter\u00edstiques destacades s&#8217;inclou una terrassa frontal amb vistes directes al mar, ideal per gaudir a l&#8217;aire lliure. La propietat tamb\u00e9 disposa d&#8217;un pati interior i un garatge, afegint funcionalitat i valor.<\/p>\n<p>Un aspecte rellevant d&#8217;aquesta propietat \u00e9s la possibilitat de construir una planta addicional, cosa que permetria ampliar significativament l&#8217;espai habitable o adaptar l&#8217;estructura a necessitats futures, aprofitant al m\u00e0xim la seva ubicaci\u00f3.<\/p>\n<p>Aquesta casa \u00e9s una excel\u00b7lent inversi\u00f3 per a aquells que busquen una propietat amb potencial en una de les zones m\u00e9s atractives de Mallorca. Per obtenir m\u00e9s informaci\u00f3 i concertar una visita, no dubti a consultar-nos.<\/p>\n","protected":false},"excerpt":{"rendered":"<p>Situada a la desitjada localitat de Sa R\u00e0pita, aquesta casa a primera l\u00ednia de mar representa una oportunitat \u00fanica. Constru\u00efda el 1954, la propietat s&#8217;assenta sobre un solar de 227m\u00b2 i compta amb una superf\u00edcie constru\u00efda de 164m\u00b2. La seva privilegiada situaci\u00f3 li permet lindar amb dos carrers, assegurant una excel\u00b7lent accessibilitat i lluminositat natural. [&hellip;]<\/p>\n","protected":false},"author":1,"featured_media":194455,"parent":0,"menu_order":0,"template":"","property_type":[2131],"property_status":[2096,2103],"property_feature":[1851,1867,1869,1871,1805,1810,1887,1895,1896,1888,1897,1889,1813,1890,1898],"property_label":[],"property_country":[],"property_state":[],"property_city":[642],"property_area":[646],"class_list":["post-194460","property","type-property","status-publish","has-post-thumbnail","hentry","property_type-casa-ca","property_status-venta","property_status-venta-ca","property_feature-arma_empo","property_feature-arma_empo-ca","property_feature-autobuses-ca","property_feature-cocina_inde-ca","property_feature-electro-ca","property_feature-parking-ca","property_feature-patio","property_feature-patio-ca","property_feature-primera_line-ca","property_feature-primera_line","property_feature-terraza-ca","property_feature-terraza","property_feature-vallado-ca","property_feature-vistasalmar","property_feature-vistasalmar-ca","property_city-campos","property_area-sa-rapita"],"acf":[],"property_meta":{"_apg_property_user_edited":["1"],"fave_property_id":["DRAC-CV1505GE"],"fave_property_location":["39.364644298743,2.9324940745965,15"],"houzez_geolocation_lat":["39.364644298743"],"houzez_geolocation_long":["2.9324940745965"],"fave_property_price":["1050000"],"fave_property_rent_or_sale":["sale"],"fave_property_year":[null],"fave_property_size_prefix":["m2"],"fave_property_land_postfix":["m2"],"fave_property_size":["164"],"fave_property_land":["227"],"fave_property_bedrooms":["3"],"fave_property_bathrooms":["2"],"fave_property_garage":["2"],"fave_property_map_address":["Sa R\u00e0pita, 07639 Campos"],"fave_property_address":[" , Campos 07639"],"fave_property_zip":["07639"],"fave_property_postal_code":["07639"],"fave_property_map":["1"],"apg_is_using_remote_image_url":["1"],"apg_using_remote_image_urls":["[{\"multimedia_type\":\"Picture\",\"picture_url\":\"https:\/\/fotos15.inmovilla.com\/12732\/24620885\/1-1.jpg\",\"position\":1,\"picture_id\":1,\"media_id\":143892,\"post_id\":194454,\"id\":1,\"attachment_id\":0,\"url\":\"https:\/\/fotos15.inmovilla.com\/12732\/24620885\/1-1.jpg\",\"basename\":\"1-1.jpg\",\"created_date\":\"2026-04-30 15:02:51\",\"is_downloaded\":0,\"is_using_remote\":0},{\"multimedia_type\":\"Picture\",\"picture_url\":\"https:\/\/fotos15.inmovilla.com\/12732\/24620885\/1-2.jpg\",\"position\":2,\"picture_id\":2,\"media_id\":143893,\"post_id\":194454,\"id\":2,\"attachment_id\":0,\"url\":\"https:\/\/fotos15.inmovilla.com\/12732\/24620885\/1-2.jpg\",\"basename\":\"1-2.jpg\",\"created_date\":\"2026-04-30 15:02:51\",\"is_downloaded\":0,\"is_using_remote\":1},{\"multimedia_type\":\"Picture\",\"picture_url\":\"https:\/\/fotos15.inmovilla.com\/12732\/24620885\/1-3.jpg\",\"position\":3,\"picture_id\":3,\"media_id\":143894,\"post_id\":194454,\"id\":3,\"attachment_id\":0,\"url\":\"https:\/\/fotos15.inmovilla.com\/12732\/24620885\/1-3.jpg\",\"basename\":\"1-3.jpg\",\"created_date\":\"2026-04-30 15:02:51\",\"is_downloaded\":0,\"is_using_remote\":1},{\"multimedia_type\":\"Picture\",\"picture_url\":\"https:\/\/fotos15.inmovilla.com\/12732\/24620885\/1-4.jpg\",\"position\":4,\"picture_id\":4,\"media_id\":143895,\"post_id\":194454,\"id\":4,\"attachment_id\":0,\"url\":\"https:\/\/fotos15.inmovilla.com\/12732\/24620885\/1-4.jpg\",\"basename\":\"1-4.jpg\",\"created_date\":\"2026-04-30 15:02:51\",\"is_downloaded\":0,\"is_using_remote\":1},{\"multimedia_type\":\"Picture\",\"picture_url\":\"https:\/\/fotos15.inmovilla.com\/12732\/24620885\/1-5.jpg\",\"position\":5,\"picture_id\":5,\"media_id\":143896,\"post_id\":194454,\"id\":5,\"attachment_id\":0,\"url\":\"https:\/\/fotos15.inmovilla.com\/12732\/24620885\/1-5.jpg\",\"basename\":\"1-5.jpg\",\"created_date\":\"2026-04-30 15:02:51\",\"is_downloaded\":0,\"is_using_remote\":1},{\"multimedia_type\":\"Picture\",\"picture_url\":\"https:\/\/fotos15.inmovilla.com\/12732\/24620885\/1-6.jpg\",\"position\":6,\"picture_id\":6,\"media_id\":143897,\"post_id\":194454,\"id\":6,\"attachment_id\":0,\"url\":\"https:\/\/fotos15.inmovilla.com\/12732\/24620885\/1-6.jpg\",\"basename\":\"1-6.jpg\",\"created_date\":\"2026-04-30 15:02:51\",\"is_downloaded\":0,\"is_using_remote\":1},{\"multimedia_type\":\"Picture\",\"picture_url\":\"https:\/\/fotos15.inmovilla.com\/12732\/24620885\/1-7.jpg\",\"position\":7,\"picture_id\":7,\"media_id\":143898,\"post_id\":194454,\"id\":7,\"attachment_id\":0,\"url\":\"https:\/\/fotos15.inmovilla.com\/12732\/24620885\/1-7.jpg\",\"basename\":\"1-7.jpg\",\"created_date\":\"2026-04-30 15:02:51\",\"is_downloaded\":0,\"is_using_remote\":1},{\"multimedia_type\":\"Picture\",\"picture_url\":\"https:\/\/fotos15.inmovilla.com\/12732\/24620885\/1-8.jpg\",\"position\":8,\"picture_id\":8,\"media_id\":143899,\"post_id\":194454,\"id\":8,\"attachment_id\":0,\"url\":\"https:\/\/fotos15.inmovilla.com\/12732\/24620885\/1-8.jpg\",\"basename\":\"1-8.jpg\",\"created_date\":\"2026-04-30 15:02:51\",\"is_downloaded\":0,\"is_using_remote\":1},{\"multimedia_type\":\"Picture\",\"picture_url\":\"https:\/\/fotos15.inmovilla.com\/12732\/24620885\/1-9.jpg\",\"position\":9,\"picture_id\":9,\"media_id\":143900,\"post_id\":194454,\"id\":9,\"attachment_id\":0,\"url\":\"https:\/\/fotos15.inmovilla.com\/12732\/24620885\/1-9.jpg\",\"basename\":\"1-9.jpg\",\"created_date\":\"2026-04-30 15:02:51\",\"is_downloaded\":0,\"is_using_remote\":1},{\"multimedia_type\":\"Picture\",\"picture_url\":\"https:\/\/fotos15.inmovilla.com\/12732\/24620885\/1-10.jpg\",\"position\":10,\"picture_id\":10,\"media_id\":143901,\"post_id\":194454,\"id\":10,\"attachment_id\":0,\"url\":\"https:\/\/fotos15.inmovilla.com\/12732\/24620885\/1-10.jpg\",\"basename\":\"1-10.jpg\",\"created_date\":\"2026-04-30 15:02:51\",\"is_downloaded\":0,\"is_using_remote\":1},{\"multimedia_type\":\"Picture\",\"picture_url\":\"https:\/\/fotos15.inmovilla.com\/12732\/24620885\/1-11.jpg\",\"position\":11,\"picture_id\":11,\"media_id\":143902,\"post_id\":194454,\"id\":11,\"attachment_id\":0,\"url\":\"https:\/\/fotos15.inmovilla.com\/12732\/24620885\/1-11.jpg\",\"basename\":\"1-11.jpg\",\"created_date\":\"2026-04-30 15:02:51\",\"is_downloaded\":0,\"is_using_remote\":1}]"],"_thumbnail_id":["194455"],"fave_property_images":["194455"],"fave_property_sec_price":["1100000"],"apg_property_id":["24620885"],"_wpml_word_count":["244"],"_eael_post_view_count":["1"],"houzez_total_property_views":["1"],"houzez_views_by_date":["a:1:{s:10:\"04-30-2026\";i:1;}"],"houzez_recently_viewed":["2026-04-30 20:35:51"],"_elementor_page_assets":["a:0:{}"]},"yoast_head":"<!-- This site is optimized with the Yoast SEO plugin v27.5 - https:\/\/yoast.com\/product\/yoast-seo-wordpress\/ -->\n<title>Casa Excepcional a Primera L\u00ednia de Mar a Sa R\u00e0pita - RE\/MAX Drac<\/title>\n<meta name=\"robots\" content=\"index, follow, max-snippet:-1, max-image-preview:large, max-video-preview:-1\" \/>\n<link rel=\"canonical\" href=\"https:\/\/www.santanyi.net\/ca\/property\/casa-excepcional-a-primera-linia-de-mar-a-sa-rapita-2\/\" \/>\n<meta property=\"og:locale\" content=\"ca_ES\" \/>\n<meta property=\"og:type\" content=\"article\" \/>\n<meta property=\"og:title\" content=\"Casa Excepcional a Primera L\u00ednia de Mar a Sa R\u00e0pita - RE\/MAX Drac\" \/>\n<meta property=\"og:description\" content=\"Situada a la desitjada localitat de Sa R\u00e0pita, aquesta casa a primera l\u00ednia de mar representa una oportunitat \u00fanica. Constru\u00efda el 1954, la propietat s&#8217;assenta sobre un solar de 227m\u00b2 i compta amb una superf\u00edcie constru\u00efda de 164m\u00b2. La seva privilegiada situaci\u00f3 li permet lindar amb dos carrers, assegurant una excel\u00b7lent accessibilitat i lluminositat natural. [&hellip;]\" \/>\n<meta property=\"og:url\" content=\"https:\/\/www.santanyi.net\/ca\/property\/casa-excepcional-a-primera-linia-de-mar-a-sa-rapita-2\/\" \/>\n<meta property=\"og:site_name\" content=\"RE\/MAX Drac\" \/>\n<meta property=\"article:modified_time\" content=\"2026-04-30T16:49:12+00:00\" \/>\n<meta property=\"og:image\" content=\"https:\/\/www.santanyi.net\/wp-content\/uploads\/anaconda_property_media\/24620885-194454\/1-1.jpg\" \/>\n\t<meta property=\"og:image:width\" content=\"1920\" \/>\n\t<meta property=\"og:image:height\" content=\"933\" \/>\n\t<meta property=\"og:image:type\" content=\"image\/jpeg\" \/>\n<meta name=\"twitter:card\" content=\"summary_large_image\" \/>\n<meta name=\"twitter:label1\" content=\"Temps estimat de lectura\" \/>\n\t<meta name=\"twitter:data1\" content=\"1 minut\" \/>\n<script type=\"application\/ld+json\" class=\"yoast-schema-graph\">{\"@context\":\"https:\\\/\\\/schema.org\",\"@graph\":[{\"@type\":\"WebPage\",\"@id\":\"https:\\\/\\\/www.santanyi.net\\\/ca\\\/property\\\/casa-excepcional-a-primera-linia-de-mar-a-sa-rapita-2\\\/\",\"url\":\"https:\\\/\\\/www.santanyi.net\\\/ca\\\/property\\\/casa-excepcional-a-primera-linia-de-mar-a-sa-rapita-2\\\/\",\"name\":\"Casa Excepcional a Primera L\u00ednia de Mar a Sa R\u00e0pita - RE\\\/MAX Drac\",\"isPartOf\":{\"@id\":\"https:\\\/\\\/www.santanyi.net\\\/ca\\\/#website\"},\"primaryImageOfPage\":{\"@id\":\"https:\\\/\\\/www.santanyi.net\\\/ca\\\/property\\\/casa-excepcional-a-primera-linia-de-mar-a-sa-rapita-2\\\/#primaryimage\"},\"image\":{\"@id\":\"https:\\\/\\\/www.santanyi.net\\\/ca\\\/property\\\/casa-excepcional-a-primera-linia-de-mar-a-sa-rapita-2\\\/#primaryimage\"},\"thumbnailUrl\":\"https:\\\/\\\/www.santanyi.net\\\/wp-content\\\/uploads\\\/anaconda_property_media\\\/24620885-194454\\\/1-1.jpg\",\"datePublished\":\"2026-04-30T15:02:51+00:00\",\"dateModified\":\"2026-04-30T16:49:12+00:00\",\"breadcrumb\":{\"@id\":\"https:\\\/\\\/www.santanyi.net\\\/ca\\\/property\\\/casa-excepcional-a-primera-linia-de-mar-a-sa-rapita-2\\\/#breadcrumb\"},\"inLanguage\":\"ca\",\"potentialAction\":[{\"@type\":\"ReadAction\",\"target\":[\"https:\\\/\\\/www.santanyi.net\\\/ca\\\/property\\\/casa-excepcional-a-primera-linia-de-mar-a-sa-rapita-2\\\/\"]}]},{\"@type\":\"ImageObject\",\"inLanguage\":\"ca\",\"@id\":\"https:\\\/\\\/www.santanyi.net\\\/ca\\\/property\\\/casa-excepcional-a-primera-linia-de-mar-a-sa-rapita-2\\\/#primaryimage\",\"url\":\"https:\\\/\\\/www.santanyi.net\\\/wp-content\\\/uploads\\\/anaconda_property_media\\\/24620885-194454\\\/1-1.jpg\",\"contentUrl\":\"https:\\\/\\\/www.santanyi.net\\\/wp-content\\\/uploads\\\/anaconda_property_media\\\/24620885-194454\\\/1-1.jpg\",\"width\":1920,\"height\":933},{\"@type\":\"BreadcrumbList\",\"@id\":\"https:\\\/\\\/www.santanyi.net\\\/ca\\\/property\\\/casa-excepcional-a-primera-linia-de-mar-a-sa-rapita-2\\\/#breadcrumb\",\"itemListElement\":[{\"@type\":\"ListItem\",\"position\":1,\"name\":\"Home\",\"item\":\"https:\\\/\\\/www.santanyi.net\\\/ca\\\/\"},{\"@type\":\"ListItem\",\"position\":2,\"name\":\"Properties\",\"item\":\"https:\\\/\\\/www.santanyi.net\\\/ca\\\/property\\\/\"},{\"@type\":\"ListItem\",\"position\":3,\"name\":\"Casa Excepcional a Primera L\u00ednia de Mar a Sa R\u00e0pita\"}]},{\"@type\":\"WebSite\",\"@id\":\"https:\\\/\\\/www.santanyi.net\\\/ca\\\/#website\",\"url\":\"https:\\\/\\\/www.santanyi.net\\\/ca\\\/\",\"name\":\"RE\\\/MAX Drac\",\"description\":\"\",\"publisher\":{\"@id\":\"https:\\\/\\\/www.santanyi.net\\\/ca\\\/#organization\"},\"potentialAction\":[{\"@type\":\"SearchAction\",\"target\":{\"@type\":\"EntryPoint\",\"urlTemplate\":\"https:\\\/\\\/www.santanyi.net\\\/ca\\\/?s={search_term_string}\"},\"query-input\":{\"@type\":\"PropertyValueSpecification\",\"valueRequired\":true,\"valueName\":\"search_term_string\"}}],\"inLanguage\":\"ca\"},{\"@type\":\"Organization\",\"@id\":\"https:\\\/\\\/www.santanyi.net\\\/ca\\\/#organization\",\"name\":\"RE\\\/MAX Drac\",\"url\":\"https:\\\/\\\/www.santanyi.net\\\/ca\\\/\",\"logo\":{\"@type\":\"ImageObject\",\"inLanguage\":\"ca\",\"@id\":\"https:\\\/\\\/www.santanyi.net\\\/ca\\\/#\\\/schema\\\/logo\\\/image\\\/\",\"url\":\"https:\\\/\\\/www.santanyi.net\\\/wp-content\\\/uploads\\\/2025\\\/07\\\/logo-nuevo.png\",\"contentUrl\":\"https:\\\/\\\/www.santanyi.net\\\/wp-content\\\/uploads\\\/2025\\\/07\\\/logo-nuevo.png\",\"width\":295,\"height\":165,\"caption\":\"RE\\\/MAX Drac\"},\"image\":{\"@id\":\"https:\\\/\\\/www.santanyi.net\\\/ca\\\/#\\\/schema\\\/logo\\\/image\\\/\"}}]}<\/script>\n<!-- \/ Yoast SEO plugin. -->","yoast_head_json":{"title":"Casa Excepcional a Primera L\u00ednia de Mar a Sa R\u00e0pita - RE\/MAX Drac","robots":{"index":"index","follow":"follow","max-snippet":"max-snippet:-1","max-image-preview":"max-image-preview:large","max-video-preview":"max-video-preview:-1"},"canonical":"https:\/\/www.santanyi.net\/ca\/property\/casa-excepcional-a-primera-linia-de-mar-a-sa-rapita-2\/","og_locale":"ca_ES","og_type":"article","og_title":"Casa Excepcional a Primera L\u00ednia de Mar a Sa R\u00e0pita - RE\/MAX Drac","og_description":"Situada a la desitjada localitat de Sa R\u00e0pita, aquesta casa a primera l\u00ednia de mar representa una oportunitat \u00fanica. Constru\u00efda el 1954, la propietat s&#8217;assenta sobre un solar de 227m\u00b2 i compta amb una superf\u00edcie constru\u00efda de 164m\u00b2. La seva privilegiada situaci\u00f3 li permet lindar amb dos carrers, assegurant una excel\u00b7lent accessibilitat i lluminositat natural. [&hellip;]","og_url":"https:\/\/www.santanyi.net\/ca\/property\/casa-excepcional-a-primera-linia-de-mar-a-sa-rapita-2\/","og_site_name":"RE\/MAX Drac","article_modified_time":"2026-04-30T16:49:12+00:00","og_image":[{"width":1920,"height":933,"url":"https:\/\/www.santanyi.net\/wp-content\/uploads\/anaconda_property_media\/24620885-194454\/1-1.jpg","type":"image\/jpeg"}],"twitter_card":"summary_large_image","twitter_misc":{"Temps estimat de lectura":"1 minut"},"schema":{"@context":"https:\/\/schema.org","@graph":[{"@type":"WebPage","@id":"https:\/\/www.santanyi.net\/ca\/property\/casa-excepcional-a-primera-linia-de-mar-a-sa-rapita-2\/","url":"https:\/\/www.santanyi.net\/ca\/property\/casa-excepcional-a-primera-linia-de-mar-a-sa-rapita-2\/","name":"Casa Excepcional a Primera L\u00ednia de Mar a Sa R\u00e0pita - RE\/MAX Drac","isPartOf":{"@id":"https:\/\/www.santanyi.net\/ca\/#website"},"primaryImageOfPage":{"@id":"https:\/\/www.santanyi.net\/ca\/property\/casa-excepcional-a-primera-linia-de-mar-a-sa-rapita-2\/#primaryimage"},"image":{"@id":"https:\/\/www.santanyi.net\/ca\/property\/casa-excepcional-a-primera-linia-de-mar-a-sa-rapita-2\/#primaryimage"},"thumbnailUrl":"https:\/\/www.santanyi.net\/wp-content\/uploads\/anaconda_property_media\/24620885-194454\/1-1.jpg","datePublished":"2026-04-30T15:02:51+00:00","dateModified":"2026-04-30T16:49:12+00:00","breadcrumb":{"@id":"https:\/\/www.santanyi.net\/ca\/property\/casa-excepcional-a-primera-linia-de-mar-a-sa-rapita-2\/#breadcrumb"},"inLanguage":"ca","potentialAction":[{"@type":"ReadAction","target":["https:\/\/www.santanyi.net\/ca\/property\/casa-excepcional-a-primera-linia-de-mar-a-sa-rapita-2\/"]}]},{"@type":"ImageObject","inLanguage":"ca","@id":"https:\/\/www.santanyi.net\/ca\/property\/casa-excepcional-a-primera-linia-de-mar-a-sa-rapita-2\/#primaryimage","url":"https:\/\/www.santanyi.net\/wp-content\/uploads\/anaconda_property_media\/24620885-194454\/1-1.jpg","contentUrl":"https:\/\/www.santanyi.net\/wp-content\/uploads\/anaconda_property_media\/24620885-194454\/1-1.jpg","width":1920,"height":933},{"@type":"BreadcrumbList","@id":"https:\/\/www.santanyi.net\/ca\/property\/casa-excepcional-a-primera-linia-de-mar-a-sa-rapita-2\/#breadcrumb","itemListElement":[{"@type":"ListItem","position":1,"name":"Home","item":"https:\/\/www.santanyi.net\/ca\/"},{"@type":"ListItem","position":2,"name":"Properties","item":"https:\/\/www.santanyi.net\/ca\/property\/"},{"@type":"ListItem","position":3,"name":"Casa Excepcional a Primera L\u00ednia de Mar a Sa R\u00e0pita"}]},{"@type":"WebSite","@id":"https:\/\/www.santanyi.net\/ca\/#website","url":"https:\/\/www.santanyi.net\/ca\/","name":"RE\/MAX Drac","description":"","publisher":{"@id":"https:\/\/www.santanyi.net\/ca\/#organization"},"potentialAction":[{"@type":"SearchAction","target":{"@type":"EntryPoint","urlTemplate":"https:\/\/www.santanyi.net\/ca\/?s={search_term_string}"},"query-input":{"@type":"PropertyValueSpecification","valueRequired":true,"valueName":"search_term_string"}}],"inLanguage":"ca"},{"@type":"Organization","@id":"https:\/\/www.santanyi.net\/ca\/#organization","name":"RE\/MAX Drac","url":"https:\/\/www.santanyi.net\/ca\/","logo":{"@type":"ImageObject","inLanguage":"ca","@id":"https:\/\/www.santanyi.net\/ca\/#\/schema\/logo\/image\/","url":"https:\/\/www.santanyi.net\/wp-content\/uploads\/2025\/07\/logo-nuevo.png","contentUrl":"https:\/\/www.santanyi.net\/wp-content\/uploads\/2025\/07\/logo-nuevo.png","width":295,"height":165,"caption":"RE\/MAX Drac"},"image":{"@id":"https:\/\/www.santanyi.net\/ca\/#\/schema\/logo\/image\/"}}]}},"_links":{"self":[{"href":"https:\/\/www.santanyi.net\/ca\/wp-json\/wp\/v2\/properties\/194460","targetHints":{"allow":["GET"]}}],"collection":[{"href":"https:\/\/www.santanyi.net\/ca\/wp-json\/wp\/v2\/properties"}],"about":[{"href":"https:\/\/www.santanyi.net\/ca\/wp-json\/wp\/v2\/types\/property"}],"author":[{"embeddable":true,"href":"https:\/\/www.santanyi.net\/ca\/wp-json\/wp\/v2\/users\/1"}],"version-history":[{"count":1,"href":"https:\/\/www.santanyi.net\/ca\/wp-json\/wp\/v2\/properties\/194460\/revisions"}],"predecessor-version":[{"id":195356,"href":"https:\/\/www.santanyi.net\/ca\/wp-json\/wp\/v2\/properties\/194460\/revisions\/195356"}],"wp:featuredmedia":[{"embeddable":true,"href":"https:\/\/www.santanyi.net\/ca\/wp-json\/wp\/v2\/media\/194455"}],"wp:attachment":[{"href":"https:\/\/www.santanyi.net\/ca\/wp-json\/wp\/v2\/media?parent=194460"}],"wp:term":[{"taxonomy":"property_type","embeddable":true,"href":"https:\/\/www.santanyi.net\/ca\/wp-json\/wp\/v2\/property_type?post=194460"},{"taxonomy":"property_status","embeddable":true,"href":"https:\/\/www.santanyi.net\/ca\/wp-json\/wp\/v2\/property_status?post=194460"},{"taxonomy":"property_feature","embeddable":true,"href":"https:\/\/www.santanyi.net\/ca\/wp-json\/wp\/v2\/property_feature?post=194460"},{"taxonomy":"property_label","embeddable":true,"href":"https:\/\/www.santanyi.net\/ca\/wp-json\/wp\/v2\/property_label?post=194460"},{"taxonomy":"property_country","embeddable":true,"href":"https:\/\/www.santanyi.net\/ca\/wp-json\/wp\/v2\/property_country?post=194460"},{"taxonomy":"property_state","embeddable":true,"href":"https:\/\/www.santanyi.net\/ca\/wp-json\/wp\/v2\/property_state?post=194460"},{"taxonomy":"property_city","embeddable":true,"href":"https:\/\/www.santanyi.net\/ca\/wp-json\/wp\/v2\/property_city?post=194460"},{"taxonomy":"property_area","embeddable":true,"href":"https:\/\/www.santanyi.net\/ca\/wp-json\/wp\/v2\/property_area?post=194460"}],"curies":[{"name":"wp","href":"https:\/\/api.w.org\/{rel}","templated":true}]}}